{"id":9699,"date":"2025-09-10T10:24:23","date_gmt":"2025-09-10T08:24:23","guid":{"rendered":"https:\/\/www.szabadszinhaz.hu\/?post_type=tribe_events&#038;p=9699"},"modified":"2025-09-10T10:24:23","modified_gmt":"2025-09-10T08:24:23","slug":"molnar-ferenc-uvegcipo-vigjatek-a-papai-s-k-tarsulat-eloadasa-2025-09-20-19-00-ora","status":"publish","type":"tribe_events","link":"https:\/\/www.szabadszinhaz.hu\/en\/esemenyek\/molnar-ferenc-uvegcipo-vigjatek-a-papai-s-k-tarsulat-eloadasa-2025-09-20-19-00-ora\/","title":{"rendered":"Moln\u00e1r Ferenc: \u00dcvegcip\u0151 \u2013 v\u00edgj\u00e1t\u00e9k -A p\u00e1pai S.K. T\u00e1rsulat el\u0151ad\u00e1sa. 2025.09.20 &#8211; 19.00 \u00f3ra"},"content":{"rendered":"<p><a href=\"https:\/\/www.facebook.com\/events\/1450430842666371\">(2) Moln\u00e1r Ferenc: \u00dcvegcip\u0151 \u2013 v\u00edgj\u00e1t\u00e9k | Facebook<\/a><\/p>\n<p>A v\u00e1gynak \u00e9s a val\u00f3s\u00e1gnak ritka tal\u00e1lkoz\u00e1sa ez a darab, amely ennek az \u00fcvegcip\u0151s kis csel\u00e9dnek a sz\u00edv\u00e9r\u0151l sz\u00f3l. Megvan benne az \u00e1lmok kom\u00e9di\u00e1ja, az \u00e1lmok trag\u00e9di\u00e1ja, s az \u00e1lmok megv\u00e1lt\u00f3 sz\u00e9ps\u00e9ge. Mik\u00f6zben megnevettet, egy-egy pillanatra meg is hat, mik\u00f6zben felh\u0151tlen\u00fcl sz\u00f3rakoztat, rendre el is gondolkodtat. Ez a Hamupip\u0151ke-mese sz\u00edvhez sz\u00f3l\u00f3, meg\u00e9rinti a lelket, k\u00f6lt\u0151i, l\u00edrai, sokszor k\u00f6nnyed, sz\u00f3rakoztat\u00f3, m\u00e1skor meghat\u00f3, sz\u00edvszor\u00edt\u00f3, szellemes \u00e9s elgondolkodtat\u00f3. Val\u00f3ban nem d\u00fcb\u00f6r\u00f6gnek benne forradalmi v\u00e1ltoz\u00e1sok, sem \u00e9les, korszakos t\u00e1rsadalomkritika, nem feszeget politikai \u00f6sszef\u00fcgg\u00e9seket, viszont annyira emberi, kedves \u00e9s megind\u00edt\u00f3. Szeretet, \u00e1lmodoz\u00e1s, pil\u00f3tarep\u00fcl\u00e9s \u00e9s \u0151szintes\u00e9g n\u00e9lk\u00fcl unalmasabb az \u00e9let, szeg\u00e9nyebbek lenn\u00e9nk, s mindezt id\u0151nk\u00e9nt nem \u00e1rt elmondani, felmutatni f\u0151leg a sz\u00ednh\u00e1zban, ahov\u00e1 sokan \u00e9ppen ez\u00e9rt j\u00e1runk.<br class=\"html-br\" \/>A p\u00e1pai S.K. T\u00e1rsulat el\u0151ad\u00e1sa.<br class=\"html-br\" \/>Koml\u00f3i Amat\u0151r Sz\u00ednh\u00e1zi Tal\u00e1lkoz\u00f3 (KASZT) legjobb n\u0151i alak\u00edt\u00e1s\u00e9rt j\u00e1r\u00f3 elismer\u00e9st Rem\u00e9nyi R\u00e9ka vehette \u00e1t, a p\u00e1pai S.K. T\u00e1rsulat Moln\u00e1r Ferenc Az \u00fcvegcip\u0151 c\u00edm\u0171 el\u0151ad\u00e1s\u00e1ban ny\u00fajtott teljes\u00edtm\u00e9ny\u00e9\u00e9rt.<br class=\"html-br\" \/>Cast of characters<br class=\"html-br\" \/>S\u00edpos &#8211; Szab\u00f3 Szil\u00e1rd<br class=\"html-br\" \/>Ad\u00e9l \u2013 Szab\u00f3 Erika<br class=\"html-br\" \/>Irma \u2013 Rem\u00e9nyi R\u00e9ka<br class=\"html-br\" \/>Cs\u00e1sz\u00e1r P\u00e1l \u2013 Nagy Imre<br class=\"html-br\" \/>Roticsn\u00e9 \u2013 L\u00e1szl\u00f3 Katalin<br class=\"html-br\" \/>H\u00e1zmestern\u00e9 Kati \u2013 Sz. Juh\u00e1sz Kl\u00e1ra<br class=\"html-br\" \/>Viola \u2013 Bolla Kata<br class=\"html-br\" \/>Keczeli Ilona \u2013 Lind Bernadett<br class=\"html-br\" \/>Tan\u00e1csos \u00far \u2013 Pozsgai Bal\u00e1zs\/Fritz P\u00e9ter<br class=\"html-br\" \/>\u0150rmester \u2013 Rem\u00e9nyi Tam\u00e1s<br class=\"html-br\" \/>Lilike\/J\u00e1noska &#8211; Solymos \u00c1d\u00e1m<br class=\"html-br\" \/>Technika<br class=\"html-br\" \/>Szalai Bianka<br class=\"html-br\" \/>Rendez\u0151<br class=\"html-br\" \/>Szab\u00f3 Szil\u00e1rd<br class=\"html-br\" \/>Bel\u00e9p\u0151: 3000 Ft.<br class=\"html-br\" \/>A korl\u00e1tozott helyek miatt el\u0151zetes regisztr\u00e1ci\u00f3 &#8211; hely foglal\u00e1s er\u0151sen aj\u00e1nlott!!<br class=\"html-br\" \/>Az Ig\u00e9z\u0151 facebook oldal\u00e1n &#8211; messenger \u00fczenetben, a 06-30-6960526-s telefonsz\u00e1mon, illetve az igezo2014@gmail.com e-mail c\u00edmen.<\/p>\n<p><img loading=\"lazy\" decoding=\"async\" class=\"aligncenter\" src=\"https:\/\/scontent.fbud4-1.fna.fbcdn.net\/v\/t39.30808-6\/539113952_1196442878952905_4262097027720606368_n.jpg?stp=dst-jpg_s960x960_tt6&amp;_nc_cat=103&amp;ccb=1-7&amp;_nc_sid=75d36f&amp;_nc_ohc=iwNoqvcSMx0Q7kNvwETrNJE&amp;_nc_oc=AdkrQcT_nGZoCfzClN7FrgyOTvMmaxyAvbXB_hpX3VV_T4g8NDT3pKUDKVqBt7X5XyM2FuwKBlDA3cAmOykEA-Bk&amp;_nc_zt=23&amp;_nc_ht=scontent.fbud4-1.fna&amp;_nc_gid=GbaW3S_tEetG7ezCw7yTnw&amp;oh=00_AfZPZ-OYl-u-iaz6lURUA04hxV4GpJ9x03soddyOIEVhuw&amp;oe=68C714CE\" width=\"619\" height=\"325\" \/><\/p>\n<p>&nbsp;<\/p>","protected":false},"excerpt":{"rendered":"<p>(2) Moln\u00e1r Ferenc: \u00dcvegcip\u0151 \u2013 v\u00edgj\u00e1t\u00e9k | Facebook A v\u00e1gynak \u00e9s a val\u00f3s\u00e1gnak ritka tal\u00e1lkoz\u00e1sa ez a darab, amely ennek az \u00fcvegcip\u0151s kis csel\u00e9dnek a sz\u00edv\u00e9r\u0151l sz\u00f3l. Megvan benne az [&hellip;]<\/p>\n","protected":false},"author":4,"featured_media":0,"template":"","meta":{"_et_pb_use_builder":"","_et_pb_old_content":"","_et_gb_content_width":"","_price":"","_stock":"","_tribe_ticket_header":"","_tribe_default_ticket_provider":"TEC\\Tickets\\Commerce\\Module","_ticket_start_date":"","_ticket_end_date":"","_tribe_ticket_show_description":"","_tribe_ticket_show_not_going":false,"_tribe_ticket_use_global_stock":"","_tribe_ticket_global_stock_level":"","_global_stock_mode":"","_global_stock_cap":"","_tribe_rsvp_for_event":"","_tribe_ticket_going_count":"","_tribe_ticket_not_going_count":"","_tribe_tickets_list":"[]","_tribe_ticket_has_attendee_info_fields":false,"_tribe_events_status":"","_tribe_events_status_reason":"","footnotes":"","_tec_slr_enabled":"","_tec_slr_layout":""},"tags":[],"tribe_events_cat":[],"class_list":["post-9699","tribe_events","type-tribe_events","status-publish","hentry"],"yoast_head":"<!-- This site is optimized with the Yoast SEO plugin v25.0 - https:\/\/yoast.com\/wordpress\/plugins\/seo\/ -->\n<title>Moln\u00e1r Ferenc: \u00dcvegcip\u0151 \u2013 v\u00edgj\u00e1t\u00e9k -A p\u00e1pai S.K. T\u00e1rsulat el\u0151ad\u00e1sa. 2025.09.20 - 19.00 \u00f3ra - Szabad Sz\u00ednh\u00e1z<\/title>\n<meta name=\"robots\" content=\"index, follow, max-snippet:-1, max-image-preview:large, max-video-preview:-1\" \/>\n<link rel=\"canonical\" href=\"https:\/\/www.szabadszinhaz.hu\/en\/esemenyek\/molnar-ferenc-uvegcipo-vigjatek-a-papai-s-k-tarsulat-eloadasa-2025-09-20-19-00-ora\/\" \/>\n<meta property=\"og:locale\" content=\"en_US\" \/>\n<meta property=\"og:type\" content=\"article\" \/>\n<meta property=\"og:title\" content=\"Moln\u00e1r Ferenc: \u00dcvegcip\u0151 \u2013 v\u00edgj\u00e1t\u00e9k -A p\u00e1pai S.K. T\u00e1rsulat el\u0151ad\u00e1sa. 2025.09.20 - 19.00 \u00f3ra - Szabad Sz\u00ednh\u00e1z\" \/>\n<meta property=\"og:description\" content=\"(2) Moln\u00e1r Ferenc: \u00dcvegcip\u0151 \u2013 v\u00edgj\u00e1t\u00e9k | Facebook A v\u00e1gynak \u00e9s a val\u00f3s\u00e1gnak ritka tal\u00e1lkoz\u00e1sa ez a darab, amely ennek az \u00fcvegcip\u0151s kis csel\u00e9dnek a sz\u00edv\u00e9r\u0151l sz\u00f3l. Megvan benne az [&hellip;]\" \/>\n<meta property=\"og:url\" content=\"https:\/\/www.szabadszinhaz.hu\/en\/esemenyek\/molnar-ferenc-uvegcipo-vigjatek-a-papai-s-k-tarsulat-eloadasa-2025-09-20-19-00-ora\/\" \/>\n<meta property=\"og:site_name\" content=\"Szabad Sz\u00ednh\u00e1z\" \/>\n<meta property=\"article:publisher\" content=\"https:\/\/www.facebook.com\/szabadszinhaz\" \/>\n<meta property=\"og:image\" content=\"https:\/\/scontent.fbud4-1.fna.fbcdn.net\/v\/t39.30808-6\/539113952_1196442878952905_4262097027720606368_n.jpg?stp=dst-jpg_s960x960_tt6&amp;_nc_cat=103&amp;ccb=1-7&amp;_nc_sid=75d36f&amp;_nc_ohc=iwNoqvcSMx0Q7kNvwETrNJE&amp;_nc_oc=AdkrQcT_nGZoCfzClN7FrgyOTvMmaxyAvbXB_hpX3VV_T4g8NDT3pKUDKVqBt7X5XyM2FuwKBlDA3cAmOykEA-Bk&amp;_nc_zt=23&amp;_nc_ht=scontent.fbud4-1.fna&amp;_nc_gid=GbaW3S_tEetG7ezCw7yTnw&amp;oh=00_AfZPZ-OYl-u-iaz6lURUA04hxV4GpJ9x03soddyOIEVhuw&amp;oe=68C714CE\" \/>\n<meta name=\"twitter:card\" content=\"summary_large_image\" \/>\n<meta name=\"twitter:label1\" content=\"Est. reading time\" \/>\n\t<meta name=\"twitter:data1\" content=\"2 minutes\" \/>\n<script type=\"application\/ld+json\" class=\"yoast-schema-graph\">{\"@context\":\"https:\/\/schema.org\",\"@graph\":[{\"@type\":\"WebPage\",\"@id\":\"https:\/\/www.szabadszinhaz.hu\/esemenyek\/molnar-ferenc-uvegcipo-vigjatek-a-papai-s-k-tarsulat-eloadasa-2025-09-20-19-00-ora\/\",\"url\":\"https:\/\/www.szabadszinhaz.hu\/esemenyek\/molnar-ferenc-uvegcipo-vigjatek-a-papai-s-k-tarsulat-eloadasa-2025-09-20-19-00-ora\/\",\"name\":\"Moln\u00e1r Ferenc: \u00dcvegcip\u0151 \u2013 v\u00edgj\u00e1t\u00e9k -A p\u00e1pai S.K. T\u00e1rsulat el\u0151ad\u00e1sa. 2025.09.20 - 19.00 \u00f3ra - Szabad Sz\u00ednh\u00e1z\",\"isPartOf\":{\"@id\":\"https:\/\/www.szabadszinhaz.hu\/#website\"},\"primaryImageOfPage\":{\"@id\":\"https:\/\/www.szabadszinhaz.hu\/esemenyek\/molnar-ferenc-uvegcipo-vigjatek-a-papai-s-k-tarsulat-eloadasa-2025-09-20-19-00-ora\/#primaryimage\"},\"image\":{\"@id\":\"https:\/\/www.szabadszinhaz.hu\/esemenyek\/molnar-ferenc-uvegcipo-vigjatek-a-papai-s-k-tarsulat-eloadasa-2025-09-20-19-00-ora\/#primaryimage\"},\"thumbnailUrl\":\"https:\/\/scontent.fbud4-1.fna.fbcdn.net\/v\/t39.30808-6\/539113952_1196442878952905_4262097027720606368_n.jpg?stp=dst-jpg_s960x960_tt6&amp;_nc_cat=103&amp;ccb=1-7&amp;_nc_sid=75d36f&amp;_nc_ohc=iwNoqvcSMx0Q7kNvwETrNJE&amp;_nc_oc=AdkrQcT_nGZoCfzClN7FrgyOTvMmaxyAvbXB_hpX3VV_T4g8NDT3pKUDKVqBt7X5XyM2FuwKBlDA3cAmOykEA-Bk&amp;_nc_zt=23&amp;_nc_ht=scontent.fbud4-1.fna&amp;_nc_gid=GbaW3S_tEetG7ezCw7yTnw&amp;oh=00_AfZPZ-OYl-u-iaz6lURUA04hxV4GpJ9x03soddyOIEVhuw&amp;oe=68C714CE\",\"datePublished\":\"2025-09-10T08:24:23+00:00\",\"breadcrumb\":{\"@id\":\"https:\/\/www.szabadszinhaz.hu\/esemenyek\/molnar-ferenc-uvegcipo-vigjatek-a-papai-s-k-tarsulat-eloadasa-2025-09-20-19-00-ora\/#breadcrumb\"},\"inLanguage\":\"en-US\",\"potentialAction\":[{\"@type\":\"ReadAction\",\"target\":[\"https:\/\/www.szabadszinhaz.hu\/esemenyek\/molnar-ferenc-uvegcipo-vigjatek-a-papai-s-k-tarsulat-eloadasa-2025-09-20-19-00-ora\/\"]}]},{\"@type\":\"ImageObject\",\"inLanguage\":\"en-US\",\"@id\":\"https:\/\/www.szabadszinhaz.hu\/esemenyek\/molnar-ferenc-uvegcipo-vigjatek-a-papai-s-k-tarsulat-eloadasa-2025-09-20-19-00-ora\/#primaryimage\",\"url\":\"https:\/\/scontent.fbud4-1.fna.fbcdn.net\/v\/t39.30808-6\/539113952_1196442878952905_4262097027720606368_n.jpg?stp=dst-jpg_s960x960_tt6&amp;_nc_cat=103&amp;ccb=1-7&amp;_nc_sid=75d36f&amp;_nc_ohc=iwNoqvcSMx0Q7kNvwETrNJE&amp;_nc_oc=AdkrQcT_nGZoCfzClN7FrgyOTvMmaxyAvbXB_hpX3VV_T4g8NDT3pKUDKVqBt7X5XyM2FuwKBlDA3cAmOykEA-Bk&amp;_nc_zt=23&amp;_nc_ht=scontent.fbud4-1.fna&amp;_nc_gid=GbaW3S_tEetG7ezCw7yTnw&amp;oh=00_AfZPZ-OYl-u-iaz6lURUA04hxV4GpJ9x03soddyOIEVhuw&amp;oe=68C714CE\",\"contentUrl\":\"https:\/\/scontent.fbud4-1.fna.fbcdn.net\/v\/t39.30808-6\/539113952_1196442878952905_4262097027720606368_n.jpg?stp=dst-jpg_s960x960_tt6&amp;_nc_cat=103&amp;ccb=1-7&amp;_nc_sid=75d36f&amp;_nc_ohc=iwNoqvcSMx0Q7kNvwETrNJE&amp;_nc_oc=AdkrQcT_nGZoCfzClN7FrgyOTvMmaxyAvbXB_hpX3VV_T4g8NDT3pKUDKVqBt7X5XyM2FuwKBlDA3cAmOykEA-Bk&amp;_nc_zt=23&amp;_nc_ht=scontent.fbud4-1.fna&amp;_nc_gid=GbaW3S_tEetG7ezCw7yTnw&amp;oh=00_AfZPZ-OYl-u-iaz6lURUA04hxV4GpJ9x03soddyOIEVhuw&amp;oe=68C714CE\"},{\"@type\":\"BreadcrumbList\",\"@id\":\"https:\/\/www.szabadszinhaz.hu\/esemenyek\/molnar-ferenc-uvegcipo-vigjatek-a-papai-s-k-tarsulat-eloadasa-2025-09-20-19-00-ora\/#breadcrumb\",\"itemListElement\":[{\"@type\":\"ListItem\",\"position\":1,\"name\":\"Kezd\u0151lap\",\"item\":\"https:\/\/www.szabadszinhaz.hu\/\"},{\"@type\":\"ListItem\",\"position\":2,\"name\":\"Events\",\"item\":\"https:\/\/www.szabadszinhaz.hu\/en\/esemenyek\/\"},{\"@type\":\"ListItem\",\"position\":3,\"name\":\"Moln\u00e1r Ferenc: \u00dcvegcip\u0151 \u2013 v\u00edgj\u00e1t\u00e9k -A p\u00e1pai S.K. T\u00e1rsulat el\u0151ad\u00e1sa. 2025.09.20 &#8211; 19.00 \u00f3ra\"}]},{\"@type\":\"WebSite\",\"@id\":\"https:\/\/www.szabadszinhaz.hu\/#website\",\"url\":\"https:\/\/www.szabadszinhaz.hu\/\",\"name\":\"Szabad Sz\u00ednh\u00e1z\",\"description\":\"Szabad Sz\u00ednh\u00e1z\",\"publisher\":{\"@id\":\"https:\/\/www.szabadszinhaz.hu\/#organization\"},\"potentialAction\":[{\"@type\":\"SearchAction\",\"target\":{\"@type\":\"EntryPoint\",\"urlTemplate\":\"https:\/\/www.szabadszinhaz.hu\/?s={search_term_string}\"},\"query-input\":{\"@type\":\"PropertyValueSpecification\",\"valueRequired\":true,\"valueName\":\"search_term_string\"}}],\"inLanguage\":\"en-US\"},{\"@type\":\"Organization\",\"@id\":\"https:\/\/www.szabadszinhaz.hu\/#organization\",\"name\":\"Szabad Sz\u00ednh\u00e1z SZ\u00cdN-T\u00c9R Egyes\u00fclet\",\"url\":\"https:\/\/www.szabadszinhaz.hu\/\",\"logo\":{\"@type\":\"ImageObject\",\"inLanguage\":\"en-US\",\"@id\":\"https:\/\/www.szabadszinhaz.hu\/#\/schema\/logo\/image\/\",\"url\":\"https:\/\/www.szabadszinhaz.hu\/wp-content\/uploads\/2025\/01\/images.jpg\",\"contentUrl\":\"https:\/\/www.szabadszinhaz.hu\/wp-content\/uploads\/2025\/01\/images.jpg\",\"width\":178,\"height\":284,\"caption\":\"Szabad Sz\u00ednh\u00e1z SZ\u00cdN-T\u00c9R Egyes\u00fclet\"},\"image\":{\"@id\":\"https:\/\/www.szabadszinhaz.hu\/#\/schema\/logo\/image\/\"},\"sameAs\":[\"https:\/\/www.facebook.com\/szabadszinhaz\"]}]}<\/script>\n<!-- \/ Yoast SEO plugin. -->","yoast_head_json":{"title":"Moln\u00e1r Ferenc: \u00dcvegcip\u0151 \u2013 v\u00edgj\u00e1t\u00e9k -A p\u00e1pai S.K. T\u00e1rsulat el\u0151ad\u00e1sa. 2025.09.20 - 19.00 \u00f3ra - Szabad Sz\u00ednh\u00e1z","robots":{"index":"index","follow":"follow","max-snippet":"max-snippet:-1","max-image-preview":"max-image-preview:large","max-video-preview":"max-video-preview:-1"},"canonical":"https:\/\/www.szabadszinhaz.hu\/en\/esemenyek\/molnar-ferenc-uvegcipo-vigjatek-a-papai-s-k-tarsulat-eloadasa-2025-09-20-19-00-ora\/","og_locale":"en_US","og_type":"article","og_title":"Moln\u00e1r Ferenc: \u00dcvegcip\u0151 \u2013 v\u00edgj\u00e1t\u00e9k -A p\u00e1pai S.K. T\u00e1rsulat el\u0151ad\u00e1sa. 2025.09.20 - 19.00 \u00f3ra - Szabad Sz\u00ednh\u00e1z","og_description":"(2) Moln\u00e1r Ferenc: \u00dcvegcip\u0151 \u2013 v\u00edgj\u00e1t\u00e9k | Facebook A v\u00e1gynak \u00e9s a val\u00f3s\u00e1gnak ritka tal\u00e1lkoz\u00e1sa ez a darab, amely ennek az \u00fcvegcip\u0151s kis csel\u00e9dnek a sz\u00edv\u00e9r\u0151l sz\u00f3l. Megvan benne az [&hellip;]","og_url":"https:\/\/www.szabadszinhaz.hu\/en\/esemenyek\/molnar-ferenc-uvegcipo-vigjatek-a-papai-s-k-tarsulat-eloadasa-2025-09-20-19-00-ora\/","og_site_name":"Szabad Sz\u00ednh\u00e1z","article_publisher":"https:\/\/www.facebook.com\/szabadszinhaz","og_image":[{"url":"https:\/\/scontent.fbud4-1.fna.fbcdn.net\/v\/t39.30808-6\/539113952_1196442878952905_4262097027720606368_n.jpg?stp=dst-jpg_s960x960_tt6&amp;_nc_cat=103&amp;ccb=1-7&amp;_nc_sid=75d36f&amp;_nc_ohc=iwNoqvcSMx0Q7kNvwETrNJE&amp;_nc_oc=AdkrQcT_nGZoCfzClN7FrgyOTvMmaxyAvbXB_hpX3VV_T4g8NDT3pKUDKVqBt7X5XyM2FuwKBlDA3cAmOykEA-Bk&amp;_nc_zt=23&amp;_nc_ht=scontent.fbud4-1.fna&amp;_nc_gid=GbaW3S_tEetG7ezCw7yTnw&amp;oh=00_AfZPZ-OYl-u-iaz6lURUA04hxV4GpJ9x03soddyOIEVhuw&amp;oe=68C714CE","type":"","width":"","height":""}],"twitter_card":"summary_large_image","twitter_misc":{"Est. reading time":"2 minutes"},"schema":{"@context":"https:\/\/schema.org","@graph":[{"@type":"WebPage","@id":"https:\/\/www.szabadszinhaz.hu\/esemenyek\/molnar-ferenc-uvegcipo-vigjatek-a-papai-s-k-tarsulat-eloadasa-2025-09-20-19-00-ora\/","url":"https:\/\/www.szabadszinhaz.hu\/esemenyek\/molnar-ferenc-uvegcipo-vigjatek-a-papai-s-k-tarsulat-eloadasa-2025-09-20-19-00-ora\/","name":"Moln\u00e1r Ferenc: \u00dcvegcip\u0151 \u2013 v\u00edgj\u00e1t\u00e9k -A p\u00e1pai S.K. T\u00e1rsulat el\u0151ad\u00e1sa. 2025.09.20 - 19.00 \u00f3ra - Szabad Sz\u00ednh\u00e1z","isPartOf":{"@id":"https:\/\/www.szabadszinhaz.hu\/#website"},"primaryImageOfPage":{"@id":"https:\/\/www.szabadszinhaz.hu\/esemenyek\/molnar-ferenc-uvegcipo-vigjatek-a-papai-s-k-tarsulat-eloadasa-2025-09-20-19-00-ora\/#primaryimage"},"image":{"@id":"https:\/\/www.szabadszinhaz.hu\/esemenyek\/molnar-ferenc-uvegcipo-vigjatek-a-papai-s-k-tarsulat-eloadasa-2025-09-20-19-00-ora\/#primaryimage"},"thumbnailUrl":"https:\/\/scontent.fbud4-1.fna.fbcdn.net\/v\/t39.30808-6\/539113952_1196442878952905_4262097027720606368_n.jpg?stp=dst-jpg_s960x960_tt6&amp;_nc_cat=103&amp;ccb=1-7&amp;_nc_sid=75d36f&amp;_nc_ohc=iwNoqvcSMx0Q7kNvwETrNJE&amp;_nc_oc=AdkrQcT_nGZoCfzClN7FrgyOTvMmaxyAvbXB_hpX3VV_T4g8NDT3pKUDKVqBt7X5XyM2FuwKBlDA3cAmOykEA-Bk&amp;_nc_zt=23&amp;_nc_ht=scontent.fbud4-1.fna&amp;_nc_gid=GbaW3S_tEetG7ezCw7yTnw&amp;oh=00_AfZPZ-OYl-u-iaz6lURUA04hxV4GpJ9x03soddyOIEVhuw&amp;oe=68C714CE","datePublished":"2025-09-10T08:24:23+00:00","breadcrumb":{"@id":"https:\/\/www.szabadszinhaz.hu\/esemenyek\/molnar-ferenc-uvegcipo-vigjatek-a-papai-s-k-tarsulat-eloadasa-2025-09-20-19-00-ora\/#breadcrumb"},"inLanguage":"en-US","potentialAction":[{"@type":"ReadAction","target":["https:\/\/www.szabadszinhaz.hu\/esemenyek\/molnar-ferenc-uvegcipo-vigjatek-a-papai-s-k-tarsulat-eloadasa-2025-09-20-19-00-ora\/"]}]},{"@type":"ImageObject","inLanguage":"en-US","@id":"https:\/\/www.szabadszinhaz.hu\/esemenyek\/molnar-ferenc-uvegcipo-vigjatek-a-papai-s-k-tarsulat-eloadasa-2025-09-20-19-00-ora\/#primaryimage","url":"https:\/\/scontent.fbud4-1.fna.fbcdn.net\/v\/t39.30808-6\/539113952_1196442878952905_4262097027720606368_n.jpg?stp=dst-jpg_s960x960_tt6&amp;_nc_cat=103&amp;ccb=1-7&amp;_nc_sid=75d36f&amp;_nc_ohc=iwNoqvcSMx0Q7kNvwETrNJE&amp;_nc_oc=AdkrQcT_nGZoCfzClN7FrgyOTvMmaxyAvbXB_hpX3VV_T4g8NDT3pKUDKVqBt7X5XyM2FuwKBlDA3cAmOykEA-Bk&amp;_nc_zt=23&amp;_nc_ht=scontent.fbud4-1.fna&amp;_nc_gid=GbaW3S_tEetG7ezCw7yTnw&amp;oh=00_AfZPZ-OYl-u-iaz6lURUA04hxV4GpJ9x03soddyOIEVhuw&amp;oe=68C714CE","contentUrl":"https:\/\/scontent.fbud4-1.fna.fbcdn.net\/v\/t39.30808-6\/539113952_1196442878952905_4262097027720606368_n.jpg?stp=dst-jpg_s960x960_tt6&amp;_nc_cat=103&amp;ccb=1-7&amp;_nc_sid=75d36f&amp;_nc_ohc=iwNoqvcSMx0Q7kNvwETrNJE&amp;_nc_oc=AdkrQcT_nGZoCfzClN7FrgyOTvMmaxyAvbXB_hpX3VV_T4g8NDT3pKUDKVqBt7X5XyM2FuwKBlDA3cAmOykEA-Bk&amp;_nc_zt=23&amp;_nc_ht=scontent.fbud4-1.fna&amp;_nc_gid=GbaW3S_tEetG7ezCw7yTnw&amp;oh=00_AfZPZ-OYl-u-iaz6lURUA04hxV4GpJ9x03soddyOIEVhuw&amp;oe=68C714CE"},{"@type":"BreadcrumbList","@id":"https:\/\/www.szabadszinhaz.hu\/esemenyek\/molnar-ferenc-uvegcipo-vigjatek-a-papai-s-k-tarsulat-eloadasa-2025-09-20-19-00-ora\/#breadcrumb","itemListElement":[{"@type":"ListItem","position":1,"name":"Kezd\u0151lap","item":"https:\/\/www.szabadszinhaz.hu\/"},{"@type":"ListItem","position":2,"name":"Events","item":"https:\/\/www.szabadszinhaz.hu\/en\/esemenyek\/"},{"@type":"ListItem","position":3,"name":"Moln\u00e1r Ferenc: \u00dcvegcip\u0151 \u2013 v\u00edgj\u00e1t\u00e9k -A p\u00e1pai S.K. T\u00e1rsulat el\u0151ad\u00e1sa. 2025.09.20 &#8211; 19.00 \u00f3ra"}]},{"@type":"WebSite","@id":"https:\/\/www.szabadszinhaz.hu\/#website","url":"https:\/\/www.szabadszinhaz.hu\/","name":"Free Theatre - Szabad Sz\u00ednh\u00e1z","description":"Free Theatre - Szabad Sz\u00ednh\u00e1z","publisher":{"@id":"https:\/\/www.szabadszinhaz.hu\/#organization"},"potentialAction":[{"@type":"SearchAction","target":{"@type":"EntryPoint","urlTemplate":"https:\/\/www.szabadszinhaz.hu\/?s={search_term_string}"},"query-input":{"@type":"PropertyValueSpecification","valueRequired":true,"valueName":"search_term_string"}}],"inLanguage":"en-US"},{"@type":"Organization","@id":"https:\/\/www.szabadszinhaz.hu\/#organization","name":"Szabad Sz\u00ednh\u00e1z SZ\u00cdN-T\u00c9R Egyes\u00fclet","url":"https:\/\/www.szabadszinhaz.hu\/","logo":{"@type":"ImageObject","inLanguage":"en-US","@id":"https:\/\/www.szabadszinhaz.hu\/#\/schema\/logo\/image\/","url":"https:\/\/www.szabadszinhaz.hu\/wp-content\/uploads\/2025\/01\/images.jpg","contentUrl":"https:\/\/www.szabadszinhaz.hu\/wp-content\/uploads\/2025\/01\/images.jpg","width":178,"height":284,"caption":"Szabad Sz\u00ednh\u00e1z SZ\u00cdN-T\u00c9R Egyes\u00fclet"},"image":{"@id":"https:\/\/www.szabadszinhaz.hu\/#\/schema\/logo\/image\/"},"sameAs":["https:\/\/www.facebook.com\/szabadszinhaz"]}]}},"ticketed":false,"_links":{"self":[{"href":"https:\/\/www.szabadszinhaz.hu\/en\/wp-json\/wp\/v2\/tribe_events\/9699","targetHints":{"allow":["GET"]}}],"collection":[{"href":"https:\/\/www.szabadszinhaz.hu\/en\/wp-json\/wp\/v2\/tribe_events"}],"about":[{"href":"https:\/\/www.szabadszinhaz.hu\/en\/wp-json\/wp\/v2\/types\/tribe_events"}],"author":[{"embeddable":true,"href":"https:\/\/www.szabadszinhaz.hu\/en\/wp-json\/wp\/v2\/users\/4"}],"version-history":[{"count":1,"href":"https:\/\/www.szabadszinhaz.hu\/en\/wp-json\/wp\/v2\/tribe_events\/9699\/revisions"}],"predecessor-version":[{"id":9700,"href":"https:\/\/www.szabadszinhaz.hu\/en\/wp-json\/wp\/v2\/tribe_events\/9699\/revisions\/9700"}],"wp:attachment":[{"href":"https:\/\/www.szabadszinhaz.hu\/en\/wp-json\/wp\/v2\/media?parent=9699"}],"wp:term":[{"taxonomy":"post_tag","embeddable":true,"href":"https:\/\/www.szabadszinhaz.hu\/en\/wp-json\/wp\/v2\/tags?post=9699"},{"taxonomy":"tribe_events_cat","embeddable":true,"href":"https:\/\/www.szabadszinhaz.hu\/en\/wp-json\/wp\/v2\/tribe_events_cat?post=9699"}],"curies":[{"name":"wp","href":"https:\/\/api.w.org\/{rel}","templated":true}]}}