{"id":9697,"date":"2025-09-10T10:20:20","date_gmt":"2025-09-10T08:20:20","guid":{"rendered":"https:\/\/www.szabadszinhaz.hu\/?post_type=tribe_events&#038;p=9697"},"modified":"2025-09-10T10:20:20","modified_gmt":"2025-09-10T08:20:20","slug":"panik-ferfiak-az-idegosszeomlas-szelen-2025-09-19-en-19-00-ora","status":"publish","type":"tribe_events","link":"https:\/\/www.szabadszinhaz.hu\/en\/esemenyek\/panik-ferfiak-az-idegosszeomlas-szelen-2025-09-19-en-19-00-ora\/","title":{"rendered":"P\u00e1nik, f\u00e9rfiak az ideg\u00f6sszeoml\u00e1s sz\u00e9l\u00e9n &#8211; 2025.09.19-\u00e9n 19.00 \u00f3ra"},"content":{"rendered":"<p><a href=\"https:\/\/www.facebook.com\/events\/665346989243696\">(2) P\u00e1nik, f\u00e9rfiak az ideg\u00f6sszeoml\u00e1s sz\u00e9l\u00e9n &#8211; a Szabad Sz\u00ednh\u00e1z el\u0151ad\u00e1sa | Facebook<\/a><\/p>\n<p>F\u00e9rfiak az ideg\u00f6sszeoml\u00e1s sz\u00e9l\u00e9n<br class=\"html-br\" \/>T\u00f6rt\u00e9nik egy jelenkori nagyv\u00e1rosban<br class=\"html-br\" \/>Ha l\u00e1tt\u00e1tok m\u00e1r, hogyan \u00e9lik meg teljes k\u00e1oszk\u00e9nt agyonstresszelt h\u00e9tk\u00f6znapjaikat a n\u0151k, akkor most n\u00e9zz\u00e9tek meg, hogyan reag\u00e1lnak az er\u0151s f\u00e9rfiak a h\u00e9tk\u00f6znapok kih\u00edv\u00e1saira&#8230; A P\u00e1nik, avagy a f\u00e9rfiak az ideg\u00f6sszeoml\u00e1s sz\u00e9l\u00e9n c\u00edm\u0171 fekete kom\u00e9di\u00e1t a Kort\u00e1rs M\u0171v\u00e9szeti Fesztiv\u00e1lon mutattuk be!! A K\u00e1osz c\u00edm\u0171 el\u0151ad\u00e1shoz hasonl\u00f3an ezt is 18 \u00e9ven fel\u00fclieknek. El\u0151re sz\u00f3lunk : Els\u0151 randira NEM AJ\u00c1NLJUK!!!<br class=\"html-br\" \/>Szerepl\u0151k<br class=\"html-br\" \/>Max, tervez\u0151grafikus: Balogh Mih\u00e1ly<br class=\"html-br\" \/>Le\u00f3, m\u00e9rn\u00f6k: Kov\u00e1cs M\u00e1t\u00e9<br class=\"html-br\" \/>Joni, telev\u00edzi\u00f3s m\u0171sorvezet\u0151 : Szab\u00f3 Mikl\u00f3s Bence<br class=\"html-br\" \/>Koruk 35-40 \u00e9v k\u00f6z\u00f6tt.<br class=\"html-br\" \/>Rendezte: Nagy Judit<br class=\"html-br\" \/>Az Ig\u00e9z\u0151ben: Sz\u00e9kesfeh\u00e9rv\u00e1r, Basa u.1.<br class=\"html-br\" \/>2025.szeptember 19-\u00e9n, p\u00e9nteken, 19:00-kor<br class=\"html-br\" \/>Bel\u00e9p\u0151:3000 Ft<br class=\"html-br\" \/>A korl\u00e1tozott helyek miatt az el\u0151zetes regisztr\u00e1ci\u00f3 er\u0151sen aj\u00e1nlott!<br class=\"html-br\" \/>El\u00e9rhet\u0151s\u00e9geink:\u00a0<a class=\"x1i10hfl xjbqb8w x1ejq31n x18oe1m7 x1sy0etr xstzfhl x972fbf x10w94by x1qhh985 x14e42zd x9f619 x1ypdohk xt0psk2 x3ct3a4 xdj266r x14z9mp xat24cr x1lziwak xexx8yu xyri2b x18d9i69 x1c1uobl x16tdsg8 x1hl2dhg xggy1nq x1a2a7pz xkrqix3 x1sur9pj xzsf02u x1s688f\" tabindex=\"0\" role=\"link\" href=\"https:\/\/www.facebook.com\/igezo?__cft__[0]=AZVOr92dcA30Hc-bvPvDHTeyjnLWhVFtuhfD89PriAgUhYcJQkvlcCDwNR9Jvx8X-q7-ExS0u534mt30t_eyYdM_fuUTR-Anjk509iPchr1HbWYU6PUtcEpWUAA7MmJ8Tp9S6NnmtzUNvfaRs5-Pw2KF&amp;__tn__=q\"><span class=\"xt0psk2\"><span class=\"xjp7ctv\">www.facebook.com\/igezo<\/span><\/span><\/a>,<br class=\"html-br\" \/>Telefon: 22\/790-758; e-mail: igezo2014@gmail.com<\/p>\n<p><img loading=\"lazy\" decoding=\"async\" class=\"aligncenter\" src=\"https:\/\/scontent.fbud4-1.fna.fbcdn.net\/v\/t39.30808-6\/537627849_1193228405941019_2717454840902691312_n.jpg?_nc_cat=109&amp;ccb=1-7&amp;_nc_sid=75d36f&amp;_nc_ohc=bDJtWS49H8sQ7kNvwHeOXRh&amp;_nc_oc=AdlGO-X6SjeJ1kdF1T654oURX2buBSKGdrfg-6YwBc5H5TFInuXAkAqPmh0-4ZAX45wPz5mdisCohTimHyuF7YMI&amp;_nc_zt=23&amp;_nc_ht=scontent.fbud4-1.fna&amp;_nc_gid=UNTRsva2OXbQ7YVOFTQaHA&amp;oh=00_AfaEJ_oYmqAcnVKZx2C_PLB1noRyEMntdmJeclETAoTYJA&amp;oe=68C6FD9D\" width=\"341\" height=\"227\" \/><\/p>\n<p>&nbsp;<\/p>\n","protected":false},"excerpt":{"rendered":"<p>(2) P\u00e1nik, f\u00e9rfiak az ideg\u00f6sszeoml\u00e1s sz\u00e9l\u00e9n &#8211; a Szabad Sz\u00ednh\u00e1z el\u0151ad\u00e1sa | Facebook F\u00e9rfiak az ideg\u00f6sszeoml\u00e1s sz\u00e9l\u00e9nT\u00f6rt\u00e9nik egy jelenkori nagyv\u00e1rosbanHa l\u00e1tt\u00e1tok m\u00e1r, hogyan \u00e9lik meg teljes k\u00e1oszk\u00e9nt agyonstresszelt h\u00e9tk\u00f6znapjaikat a [&hellip;]<\/p>\n","protected":false},"author":4,"featured_media":0,"template":"","meta":{"_et_pb_use_builder":"","_et_pb_old_content":"","_et_gb_content_width":"","_price":"","_stock":"","_tribe_ticket_header":"","_tribe_default_ticket_provider":"TEC\\Tickets\\Commerce\\Module","_ticket_start_date":"","_ticket_end_date":"","_tribe_ticket_show_description":"","_tribe_ticket_show_not_going":false,"_tribe_ticket_use_global_stock":"","_tribe_ticket_global_stock_level":"","_global_stock_mode":"","_global_stock_cap":"","_tribe_rsvp_for_event":"","_tribe_ticket_going_count":"","_tribe_ticket_not_going_count":"","_tribe_tickets_list":"[]","_tribe_ticket_has_attendee_info_fields":false,"_tribe_events_status":"","_tribe_events_status_reason":"","footnotes":"","_tec_slr_enabled":"","_tec_slr_layout":""},"tags":[],"tribe_events_cat":[],"class_list":["post-9697","tribe_events","type-tribe_events","status-publish","hentry"],"yoast_head":"<!-- This site is optimized with the Yoast SEO plugin v25.0 - https:\/\/yoast.com\/wordpress\/plugins\/seo\/ -->\n<title>P\u00e1nik, f\u00e9rfiak az ideg\u00f6sszeoml\u00e1s sz\u00e9l\u00e9n - 2025.09.19-\u00e9n 19.00 \u00f3ra - Szabad Sz\u00ednh\u00e1z<\/title>\n<meta name=\"robots\" content=\"index, follow, max-snippet:-1, max-image-preview:large, max-video-preview:-1\" \/>\n<link rel=\"canonical\" href=\"https:\/\/www.szabadszinhaz.hu\/en\/esemenyek\/panik-ferfiak-az-idegosszeomlas-szelen-2025-09-19-en-19-00-ora\/\" \/>\n<meta property=\"og:locale\" content=\"en_US\" \/>\n<meta property=\"og:type\" content=\"article\" \/>\n<meta property=\"og:title\" content=\"P\u00e1nik, f\u00e9rfiak az ideg\u00f6sszeoml\u00e1s sz\u00e9l\u00e9n - 2025.09.19-\u00e9n 19.00 \u00f3ra - Szabad Sz\u00ednh\u00e1z\" \/>\n<meta property=\"og:description\" content=\"(2) P\u00e1nik, f\u00e9rfiak az ideg\u00f6sszeoml\u00e1s sz\u00e9l\u00e9n &#8211; a Szabad Sz\u00ednh\u00e1z el\u0151ad\u00e1sa | Facebook F\u00e9rfiak az ideg\u00f6sszeoml\u00e1s sz\u00e9l\u00e9nT\u00f6rt\u00e9nik egy jelenkori nagyv\u00e1rosbanHa l\u00e1tt\u00e1tok m\u00e1r, hogyan \u00e9lik meg teljes k\u00e1oszk\u00e9nt agyonstresszelt h\u00e9tk\u00f6znapjaikat a [&hellip;]\" \/>\n<meta property=\"og:url\" content=\"https:\/\/www.szabadszinhaz.hu\/en\/esemenyek\/panik-ferfiak-az-idegosszeomlas-szelen-2025-09-19-en-19-00-ora\/\" \/>\n<meta property=\"og:site_name\" content=\"Szabad Sz\u00ednh\u00e1z\" \/>\n<meta property=\"article:publisher\" content=\"https:\/\/www.facebook.com\/szabadszinhaz\" \/>\n<meta property=\"og:image\" content=\"https:\/\/scontent.fbud4-1.fna.fbcdn.net\/v\/t39.30808-6\/537627849_1193228405941019_2717454840902691312_n.jpg?_nc_cat=109&amp;ccb=1-7&amp;_nc_sid=75d36f&amp;_nc_ohc=bDJtWS49H8sQ7kNvwHeOXRh&amp;_nc_oc=AdlGO-X6SjeJ1kdF1T654oURX2buBSKGdrfg-6YwBc5H5TFInuXAkAqPmh0-4ZAX45wPz5mdisCohTimHyuF7YMI&amp;_nc_zt=23&amp;_nc_ht=scontent.fbud4-1.fna&amp;_nc_gid=UNTRsva2OXbQ7YVOFTQaHA&amp;oh=00_AfaEJ_oYmqAcnVKZx2C_PLB1noRyEMntdmJeclETAoTYJA&amp;oe=68C6FD9D\" \/>\n<meta name=\"twitter:card\" content=\"summary_large_image\" \/>\n<meta name=\"twitter:label1\" content=\"Est. reading time\" \/>\n\t<meta name=\"twitter:data1\" content=\"1 minute\" \/>\n<script type=\"application\/ld+json\" class=\"yoast-schema-graph\">{\"@context\":\"https:\/\/schema.org\",\"@graph\":[{\"@type\":\"WebPage\",\"@id\":\"https:\/\/www.szabadszinhaz.hu\/esemenyek\/panik-ferfiak-az-idegosszeomlas-szelen-2025-09-19-en-19-00-ora\/\",\"url\":\"https:\/\/www.szabadszinhaz.hu\/esemenyek\/panik-ferfiak-az-idegosszeomlas-szelen-2025-09-19-en-19-00-ora\/\",\"name\":\"P\u00e1nik, f\u00e9rfiak az ideg\u00f6sszeoml\u00e1s sz\u00e9l\u00e9n - 2025.09.19-\u00e9n 19.00 \u00f3ra - Szabad Sz\u00ednh\u00e1z\",\"isPartOf\":{\"@id\":\"https:\/\/www.szabadszinhaz.hu\/#website\"},\"primaryImageOfPage\":{\"@id\":\"https:\/\/www.szabadszinhaz.hu\/esemenyek\/panik-ferfiak-az-idegosszeomlas-szelen-2025-09-19-en-19-00-ora\/#primaryimage\"},\"image\":{\"@id\":\"https:\/\/www.szabadszinhaz.hu\/esemenyek\/panik-ferfiak-az-idegosszeomlas-szelen-2025-09-19-en-19-00-ora\/#primaryimage\"},\"thumbnailUrl\":\"https:\/\/scontent.fbud4-1.fna.fbcdn.net\/v\/t39.30808-6\/537627849_1193228405941019_2717454840902691312_n.jpg?_nc_cat=109&amp;ccb=1-7&amp;_nc_sid=75d36f&amp;_nc_ohc=bDJtWS49H8sQ7kNvwHeOXRh&amp;_nc_oc=AdlGO-X6SjeJ1kdF1T654oURX2buBSKGdrfg-6YwBc5H5TFInuXAkAqPmh0-4ZAX45wPz5mdisCohTimHyuF7YMI&amp;_nc_zt=23&amp;_nc_ht=scontent.fbud4-1.fna&amp;_nc_gid=UNTRsva2OXbQ7YVOFTQaHA&amp;oh=00_AfaEJ_oYmqAcnVKZx2C_PLB1noRyEMntdmJeclETAoTYJA&amp;oe=68C6FD9D\",\"datePublished\":\"2025-09-10T08:20:20+00:00\",\"breadcrumb\":{\"@id\":\"https:\/\/www.szabadszinhaz.hu\/esemenyek\/panik-ferfiak-az-idegosszeomlas-szelen-2025-09-19-en-19-00-ora\/#breadcrumb\"},\"inLanguage\":\"en-US\",\"potentialAction\":[{\"@type\":\"ReadAction\",\"target\":[\"https:\/\/www.szabadszinhaz.hu\/esemenyek\/panik-ferfiak-az-idegosszeomlas-szelen-2025-09-19-en-19-00-ora\/\"]}]},{\"@type\":\"ImageObject\",\"inLanguage\":\"en-US\",\"@id\":\"https:\/\/www.szabadszinhaz.hu\/esemenyek\/panik-ferfiak-az-idegosszeomlas-szelen-2025-09-19-en-19-00-ora\/#primaryimage\",\"url\":\"https:\/\/scontent.fbud4-1.fna.fbcdn.net\/v\/t39.30808-6\/537627849_1193228405941019_2717454840902691312_n.jpg?_nc_cat=109&amp;ccb=1-7&amp;_nc_sid=75d36f&amp;_nc_ohc=bDJtWS49H8sQ7kNvwHeOXRh&amp;_nc_oc=AdlGO-X6SjeJ1kdF1T654oURX2buBSKGdrfg-6YwBc5H5TFInuXAkAqPmh0-4ZAX45wPz5mdisCohTimHyuF7YMI&amp;_nc_zt=23&amp;_nc_ht=scontent.fbud4-1.fna&amp;_nc_gid=UNTRsva2OXbQ7YVOFTQaHA&amp;oh=00_AfaEJ_oYmqAcnVKZx2C_PLB1noRyEMntdmJeclETAoTYJA&amp;oe=68C6FD9D\",\"contentUrl\":\"https:\/\/scontent.fbud4-1.fna.fbcdn.net\/v\/t39.30808-6\/537627849_1193228405941019_2717454840902691312_n.jpg?_nc_cat=109&amp;ccb=1-7&amp;_nc_sid=75d36f&amp;_nc_ohc=bDJtWS49H8sQ7kNvwHeOXRh&amp;_nc_oc=AdlGO-X6SjeJ1kdF1T654oURX2buBSKGdrfg-6YwBc5H5TFInuXAkAqPmh0-4ZAX45wPz5mdisCohTimHyuF7YMI&amp;_nc_zt=23&amp;_nc_ht=scontent.fbud4-1.fna&amp;_nc_gid=UNTRsva2OXbQ7YVOFTQaHA&amp;oh=00_AfaEJ_oYmqAcnVKZx2C_PLB1noRyEMntdmJeclETAoTYJA&amp;oe=68C6FD9D\"},{\"@type\":\"BreadcrumbList\",\"@id\":\"https:\/\/www.szabadszinhaz.hu\/esemenyek\/panik-ferfiak-az-idegosszeomlas-szelen-2025-09-19-en-19-00-ora\/#breadcrumb\",\"itemListElement\":[{\"@type\":\"ListItem\",\"position\":1,\"name\":\"Kezd\u0151lap\",\"item\":\"https:\/\/www.szabadszinhaz.hu\/\"},{\"@type\":\"ListItem\",\"position\":2,\"name\":\"Events\",\"item\":\"https:\/\/www.szabadszinhaz.hu\/en\/esemenyek\/\"},{\"@type\":\"ListItem\",\"position\":3,\"name\":\"P\u00e1nik, f\u00e9rfiak az ideg\u00f6sszeoml\u00e1s sz\u00e9l\u00e9n &#8211; 2025.09.19-\u00e9n 19.00 \u00f3ra\"}]},{\"@type\":\"WebSite\",\"@id\":\"https:\/\/www.szabadszinhaz.hu\/#website\",\"url\":\"https:\/\/www.szabadszinhaz.hu\/\",\"name\":\"Szabad Sz\u00ednh\u00e1z\",\"description\":\"Szabad Sz\u00ednh\u00e1z\",\"publisher\":{\"@id\":\"https:\/\/www.szabadszinhaz.hu\/#organization\"},\"potentialAction\":[{\"@type\":\"SearchAction\",\"target\":{\"@type\":\"EntryPoint\",\"urlTemplate\":\"https:\/\/www.szabadszinhaz.hu\/?s={search_term_string}\"},\"query-input\":{\"@type\":\"PropertyValueSpecification\",\"valueRequired\":true,\"valueName\":\"search_term_string\"}}],\"inLanguage\":\"en-US\"},{\"@type\":\"Organization\",\"@id\":\"https:\/\/www.szabadszinhaz.hu\/#organization\",\"name\":\"Szabad Sz\u00ednh\u00e1z SZ\u00cdN-T\u00c9R Egyes\u00fclet\",\"url\":\"https:\/\/www.szabadszinhaz.hu\/\",\"logo\":{\"@type\":\"ImageObject\",\"inLanguage\":\"en-US\",\"@id\":\"https:\/\/www.szabadszinhaz.hu\/#\/schema\/logo\/image\/\",\"url\":\"https:\/\/www.szabadszinhaz.hu\/wp-content\/uploads\/2025\/01\/images.jpg\",\"contentUrl\":\"https:\/\/www.szabadszinhaz.hu\/wp-content\/uploads\/2025\/01\/images.jpg\",\"width\":178,\"height\":284,\"caption\":\"Szabad Sz\u00ednh\u00e1z SZ\u00cdN-T\u00c9R Egyes\u00fclet\"},\"image\":{\"@id\":\"https:\/\/www.szabadszinhaz.hu\/#\/schema\/logo\/image\/\"},\"sameAs\":[\"https:\/\/www.facebook.com\/szabadszinhaz\"]}]}<\/script>\n<!-- \/ Yoast SEO plugin. -->","yoast_head_json":{"title":"P\u00e1nik, f\u00e9rfiak az ideg\u00f6sszeoml\u00e1s sz\u00e9l\u00e9n - 2025.09.19-\u00e9n 19.00 \u00f3ra - Szabad Sz\u00ednh\u00e1z","robots":{"index":"index","follow":"follow","max-snippet":"max-snippet:-1","max-image-preview":"max-image-preview:large","max-video-preview":"max-video-preview:-1"},"canonical":"https:\/\/www.szabadszinhaz.hu\/en\/esemenyek\/panik-ferfiak-az-idegosszeomlas-szelen-2025-09-19-en-19-00-ora\/","og_locale":"en_US","og_type":"article","og_title":"P\u00e1nik, f\u00e9rfiak az ideg\u00f6sszeoml\u00e1s sz\u00e9l\u00e9n - 2025.09.19-\u00e9n 19.00 \u00f3ra - Szabad Sz\u00ednh\u00e1z","og_description":"(2) P\u00e1nik, f\u00e9rfiak az ideg\u00f6sszeoml\u00e1s sz\u00e9l\u00e9n &#8211; a Szabad Sz\u00ednh\u00e1z el\u0151ad\u00e1sa | Facebook F\u00e9rfiak az ideg\u00f6sszeoml\u00e1s sz\u00e9l\u00e9nT\u00f6rt\u00e9nik egy jelenkori nagyv\u00e1rosbanHa l\u00e1tt\u00e1tok m\u00e1r, hogyan \u00e9lik meg teljes k\u00e1oszk\u00e9nt agyonstresszelt h\u00e9tk\u00f6znapjaikat a [&hellip;]","og_url":"https:\/\/www.szabadszinhaz.hu\/en\/esemenyek\/panik-ferfiak-az-idegosszeomlas-szelen-2025-09-19-en-19-00-ora\/","og_site_name":"Szabad Sz\u00ednh\u00e1z","article_publisher":"https:\/\/www.facebook.com\/szabadszinhaz","og_image":[{"url":"https:\/\/scontent.fbud4-1.fna.fbcdn.net\/v\/t39.30808-6\/537627849_1193228405941019_2717454840902691312_n.jpg?_nc_cat=109&amp;ccb=1-7&amp;_nc_sid=75d36f&amp;_nc_ohc=bDJtWS49H8sQ7kNvwHeOXRh&amp;_nc_oc=AdlGO-X6SjeJ1kdF1T654oURX2buBSKGdrfg-6YwBc5H5TFInuXAkAqPmh0-4ZAX45wPz5mdisCohTimHyuF7YMI&amp;_nc_zt=23&amp;_nc_ht=scontent.fbud4-1.fna&amp;_nc_gid=UNTRsva2OXbQ7YVOFTQaHA&amp;oh=00_AfaEJ_oYmqAcnVKZx2C_PLB1noRyEMntdmJeclETAoTYJA&amp;oe=68C6FD9D","type":"","width":"","height":""}],"twitter_card":"summary_large_image","twitter_misc":{"Est. reading time":"1 minute"},"schema":{"@context":"https:\/\/schema.org","@graph":[{"@type":"WebPage","@id":"https:\/\/www.szabadszinhaz.hu\/esemenyek\/panik-ferfiak-az-idegosszeomlas-szelen-2025-09-19-en-19-00-ora\/","url":"https:\/\/www.szabadszinhaz.hu\/esemenyek\/panik-ferfiak-az-idegosszeomlas-szelen-2025-09-19-en-19-00-ora\/","name":"P\u00e1nik, f\u00e9rfiak az ideg\u00f6sszeoml\u00e1s sz\u00e9l\u00e9n - 2025.09.19-\u00e9n 19.00 \u00f3ra - Szabad Sz\u00ednh\u00e1z","isPartOf":{"@id":"https:\/\/www.szabadszinhaz.hu\/#website"},"primaryImageOfPage":{"@id":"https:\/\/www.szabadszinhaz.hu\/esemenyek\/panik-ferfiak-az-idegosszeomlas-szelen-2025-09-19-en-19-00-ora\/#primaryimage"},"image":{"@id":"https:\/\/www.szabadszinhaz.hu\/esemenyek\/panik-ferfiak-az-idegosszeomlas-szelen-2025-09-19-en-19-00-ora\/#primaryimage"},"thumbnailUrl":"https:\/\/scontent.fbud4-1.fna.fbcdn.net\/v\/t39.30808-6\/537627849_1193228405941019_2717454840902691312_n.jpg?_nc_cat=109&amp;ccb=1-7&amp;_nc_sid=75d36f&amp;_nc_ohc=bDJtWS49H8sQ7kNvwHeOXRh&amp;_nc_oc=AdlGO-X6SjeJ1kdF1T654oURX2buBSKGdrfg-6YwBc5H5TFInuXAkAqPmh0-4ZAX45wPz5mdisCohTimHyuF7YMI&amp;_nc_zt=23&amp;_nc_ht=scontent.fbud4-1.fna&amp;_nc_gid=UNTRsva2OXbQ7YVOFTQaHA&amp;oh=00_AfaEJ_oYmqAcnVKZx2C_PLB1noRyEMntdmJeclETAoTYJA&amp;oe=68C6FD9D","datePublished":"2025-09-10T08:20:20+00:00","breadcrumb":{"@id":"https:\/\/www.szabadszinhaz.hu\/esemenyek\/panik-ferfiak-az-idegosszeomlas-szelen-2025-09-19-en-19-00-ora\/#breadcrumb"},"inLanguage":"en-US","potentialAction":[{"@type":"ReadAction","target":["https:\/\/www.szabadszinhaz.hu\/esemenyek\/panik-ferfiak-az-idegosszeomlas-szelen-2025-09-19-en-19-00-ora\/"]}]},{"@type":"ImageObject","inLanguage":"en-US","@id":"https:\/\/www.szabadszinhaz.hu\/esemenyek\/panik-ferfiak-az-idegosszeomlas-szelen-2025-09-19-en-19-00-ora\/#primaryimage","url":"https:\/\/scontent.fbud4-1.fna.fbcdn.net\/v\/t39.30808-6\/537627849_1193228405941019_2717454840902691312_n.jpg?_nc_cat=109&amp;ccb=1-7&amp;_nc_sid=75d36f&amp;_nc_ohc=bDJtWS49H8sQ7kNvwHeOXRh&amp;_nc_oc=AdlGO-X6SjeJ1kdF1T654oURX2buBSKGdrfg-6YwBc5H5TFInuXAkAqPmh0-4ZAX45wPz5mdisCohTimHyuF7YMI&amp;_nc_zt=23&amp;_nc_ht=scontent.fbud4-1.fna&amp;_nc_gid=UNTRsva2OXbQ7YVOFTQaHA&amp;oh=00_AfaEJ_oYmqAcnVKZx2C_PLB1noRyEMntdmJeclETAoTYJA&amp;oe=68C6FD9D","contentUrl":"https:\/\/scontent.fbud4-1.fna.fbcdn.net\/v\/t39.30808-6\/537627849_1193228405941019_2717454840902691312_n.jpg?_nc_cat=109&amp;ccb=1-7&amp;_nc_sid=75d36f&amp;_nc_ohc=bDJtWS49H8sQ7kNvwHeOXRh&amp;_nc_oc=AdlGO-X6SjeJ1kdF1T654oURX2buBSKGdrfg-6YwBc5H5TFInuXAkAqPmh0-4ZAX45wPz5mdisCohTimHyuF7YMI&amp;_nc_zt=23&amp;_nc_ht=scontent.fbud4-1.fna&amp;_nc_gid=UNTRsva2OXbQ7YVOFTQaHA&amp;oh=00_AfaEJ_oYmqAcnVKZx2C_PLB1noRyEMntdmJeclETAoTYJA&amp;oe=68C6FD9D"},{"@type":"BreadcrumbList","@id":"https:\/\/www.szabadszinhaz.hu\/esemenyek\/panik-ferfiak-az-idegosszeomlas-szelen-2025-09-19-en-19-00-ora\/#breadcrumb","itemListElement":[{"@type":"ListItem","position":1,"name":"Kezd\u0151lap","item":"https:\/\/www.szabadszinhaz.hu\/"},{"@type":"ListItem","position":2,"name":"Events","item":"https:\/\/www.szabadszinhaz.hu\/en\/esemenyek\/"},{"@type":"ListItem","position":3,"name":"P\u00e1nik, f\u00e9rfiak az ideg\u00f6sszeoml\u00e1s sz\u00e9l\u00e9n &#8211; 2025.09.19-\u00e9n 19.00 \u00f3ra"}]},{"@type":"WebSite","@id":"https:\/\/www.szabadszinhaz.hu\/#website","url":"https:\/\/www.szabadszinhaz.hu\/","name":"Free Theatre - Szabad Sz\u00ednh\u00e1z","description":"Free Theatre - Szabad Sz\u00ednh\u00e1z","publisher":{"@id":"https:\/\/www.szabadszinhaz.hu\/#organization"},"potentialAction":[{"@type":"SearchAction","target":{"@type":"EntryPoint","urlTemplate":"https:\/\/www.szabadszinhaz.hu\/?s={search_term_string}"},"query-input":{"@type":"PropertyValueSpecification","valueRequired":true,"valueName":"search_term_string"}}],"inLanguage":"en-US"},{"@type":"Organization","@id":"https:\/\/www.szabadszinhaz.hu\/#organization","name":"Szabad Sz\u00ednh\u00e1z SZ\u00cdN-T\u00c9R Egyes\u00fclet","url":"https:\/\/www.szabadszinhaz.hu\/","logo":{"@type":"ImageObject","inLanguage":"en-US","@id":"https:\/\/www.szabadszinhaz.hu\/#\/schema\/logo\/image\/","url":"https:\/\/www.szabadszinhaz.hu\/wp-content\/uploads\/2025\/01\/images.jpg","contentUrl":"https:\/\/www.szabadszinhaz.hu\/wp-content\/uploads\/2025\/01\/images.jpg","width":178,"height":284,"caption":"Szabad Sz\u00ednh\u00e1z SZ\u00cdN-T\u00c9R Egyes\u00fclet"},"image":{"@id":"https:\/\/www.szabadszinhaz.hu\/#\/schema\/logo\/image\/"},"sameAs":["https:\/\/www.facebook.com\/szabadszinhaz"]}]}},"ticketed":false,"_links":{"self":[{"href":"https:\/\/www.szabadszinhaz.hu\/en\/wp-json\/wp\/v2\/tribe_events\/9697","targetHints":{"allow":["GET"]}}],"collection":[{"href":"https:\/\/www.szabadszinhaz.hu\/en\/wp-json\/wp\/v2\/tribe_events"}],"about":[{"href":"https:\/\/www.szabadszinhaz.hu\/en\/wp-json\/wp\/v2\/types\/tribe_events"}],"author":[{"embeddable":true,"href":"https:\/\/www.szabadszinhaz.hu\/en\/wp-json\/wp\/v2\/users\/4"}],"version-history":[{"count":1,"href":"https:\/\/www.szabadszinhaz.hu\/en\/wp-json\/wp\/v2\/tribe_events\/9697\/revisions"}],"predecessor-version":[{"id":9698,"href":"https:\/\/www.szabadszinhaz.hu\/en\/wp-json\/wp\/v2\/tribe_events\/9697\/revisions\/9698"}],"wp:attachment":[{"href":"https:\/\/www.szabadszinhaz.hu\/en\/wp-json\/wp\/v2\/media?parent=9697"}],"wp:term":[{"taxonomy":"post_tag","embeddable":true,"href":"https:\/\/www.szabadszinhaz.hu\/en\/wp-json\/wp\/v2\/tags?post=9697"},{"taxonomy":"tribe_events_cat","embeddable":true,"href":"https:\/\/www.szabadszinhaz.hu\/en\/wp-json\/wp\/v2\/tribe_events_cat?post=9697"}],"curies":[{"name":"wp","href":"https:\/\/api.w.org\/{rel}","templated":true}]}}