{"id":8913,"date":"2025-03-19T18:15:18","date_gmt":"2025-03-19T17:15:18","guid":{"rendered":"https:\/\/www.szabadszinhaz.hu\/?post_type=tribe_events&#038;p=8913"},"modified":"2025-03-19T18:15:18","modified_gmt":"2025-03-19T17:15:18","slug":"borbely-laszlo-nagy-judit-az-atok-kikotoi-legenda-a-ponogei-fesztivalon","status":"publish","type":"tribe_events","link":"https:\/\/www.szabadszinhaz.hu\/en\/esemenyek\/borbely-laszlo-nagy-judit-az-atok-kikotoi-legenda-a-ponogei-fesztivalon\/","title":{"rendered":"Borb\u00e9ly L\u00e1szl\u00f3 &#8211; Nagy Judit: Az \u00e1tok &#8211; kik\u00f6t\u0151i legenda a P\u00f6n\u00f6gei Fesztiv\u00e1lon"},"content":{"rendered":"<div class=\"xdj266r x11i5rnm xat24cr x1mh8g0r x1vvkbs\">Biztosan sokan \u00e9reztek m\u00e1r valami furcsa, megmagyar\u00e1zhatatlan, \u00e9s m\u00e9gis ismer\u0151s szorong\u00e1skelt\u0151 \u00e9rz\u00e9st egy-egy h\u00e9tk\u00f6znapjainkat \u00e9rint\u0151, -ak\u00e1r ism\u00e9tl\u0151d\u0151en is megjelen\u0151 &#8211; negat\u00edv t\u00f6rt\u00e9n\u00e9s mi\u00e9rtj\u00e9t kutatva\u2026<br class=\"html-br\" \/>Ha az eset t\u00f6bbsz\u00f6r is ism\u00e9tl\u0151dik, el\u0151 is b\u00e1ny\u00e1szunk a tudatunk legm\u00e9ly\u00e9r\u0151l egy r\u00e9gi-r\u00e9gi sz\u00f3t: \u00c1TOK.<br class=\"html-br\" \/>A magyar kult\u00fart\u00f6rt\u00e9netben k\u00fcl\u00f6n\u00f6sen sokszor bukkan el\u0151 az \u00e1tok fogalma, mint valamely eredend\u0151 b\u0171n\u00f6ss\u00e9g, vagy tal\u00e1n \u00f6r\u00f6k\u00f6lt sors (?) k\u00f6vetkezm\u00e9nye&#8230;<br class=\"html-br\" \/>Az est\u00e9n l\u00e1that\u00f3 sz\u00ednh\u00e1zi el\u0151ad\u00e1s f\u0151szerepl\u0151j\u00e9nek sorsa \u00e9ppen ilyen&#8230; Egy n\u00e9gy gener\u00e1ci\u00f3t \u00e1t\u00f6lel\u0151 \u00edzig-v\u00e9rig magyar t\u00f6rt\u00e9netet l\u00e1tunk, h\u00e1rom v\u00e1ros,- Budapest-Fiume \u00e9s a mai New York-korszakait \u00e9rintve. Borb\u00e9ly L\u00e1szl\u00f3 azonos c\u00edmet visel\u0151 novell\u00e1j\u00e1t az NKA t\u00e1mogat\u00e1s\u00e1nak seg\u00edts\u00e9g\u00e9vel \u00e1lmodhatta sz\u00ednpadra a Szabad Sz\u00ednh\u00e1z.<br class=\"html-br\" \/>A t\u00e1rsulat ez\u00fattal egy Amerik\u00e1ba, a nagy \u00e1lmok \u00e9s a kimer\u00edthetetlen boldogs\u00e1g haz\u00e1j\u00e1ba tart\u00f3, fiumei haj\u00f3ra invit\u00e1lja az 1900-as \u00e9vek elej\u00e9n indul\u00f3 t\u00f6rt\u00e9netre k\u00edv\u00e1ncsi k\u00f6z\u00f6ns\u00e9get\u2026.haj\u00f3zzanak vel\u00fcnk!<\/div>\n<div class=\"x11i5rnm xat24cr x1mh8g0r x1vvkbs xtlvy1s\">Szerepl\u0151k:<br class=\"html-br\" \/>Moln\u00e1r Andr\u00e1s (er\u0151m\u0171v\u00e9sz) \/Joe Molnar (pankr\u00e1tor, Moln\u00e1r Andr\u00e1s d\u00e9dunok\u00e1ja): Szab\u00f3 Mikl\u00f3s Bence<br class=\"html-br\" \/>Id. Moln\u00e1r Andr\u00e1s, az apja: Szab\u00f3 Mikl\u00f3s<br class=\"html-br\" \/>Moln\u00e1rn\u00e9\/ Susan ( Joe Moln\u00e1r feles\u00e9ge): Szab\u00f3-Tak\u00e1cs Mona<br class=\"html-br\" \/>Fotogr\u00e1fus (1907-ben Fium\u00e9ban)\/ Riporter (2007-ben Rijek\u00e1ban): Balogh Mih\u00e1ly<br class=\"html-br\" \/>Haj\u00f3orvos\/ Noah Gold: Magony Imre<br class=\"html-br\" \/>Matr\u00f3z\/recepci\u00f3s: Torma Tam\u00e1s<br class=\"html-br\" \/>Marina (\u00e1rva l\u00e1ny, Moln\u00e1r Andr\u00e1s, majd R\u00f3zsa K\u00e1lm\u00e1n kedvese): Haaag Lilla Blanka<br class=\"html-br\" \/>R\u00f3zsa K\u00e1lm\u00e1n v\u00e1ndorsz\u00edn\u00e9sz\/ \u00c1rb\u00f3cmester: Kov\u00e1cs M\u00e1t\u00e9<br class=\"html-br\" \/>Csel\u00e9dek\/ Utcan\u0151k: Parrag D\u00f3ra, K\u00f6vesi T\u00fcnde<br class=\"html-br\" \/>Borkeresked\u0151 sv\u00e1b feles\u00e9ge\/ csaposn\u0151 Fium\u00e9ban\/n\u00e9met turista n\u0151 : Nagy Judit<br class=\"html-br\" \/>Masam\u00f3d\/ szomsz\u00e9d\/ n\u00e9met n\u0151: Kov\u00e1cs R\u00e9ka<br class=\"html-br\" \/>Vagonkov\u00e1cs: Major G\u00e1bor<\/div>\n<div class=\"x11i5rnm xat24cr x1mh8g0r x1vvkbs xtlvy1s\">Rendez\u0151: Nagy Judit<br class=\"html-br\" \/>Az el\u0151ad\u00e1s a fesztiv\u00e1l keret\u00e9ben ingyenes, de regisztr\u00e1ci\u00f3t k\u00e9r\u00fcnk az igezo2014@gmail.com c\u00edmre!<\/div>","protected":false},"excerpt":{"rendered":"<p>Biztosan sokan \u00e9reztek m\u00e1r valami furcsa, megmagyar\u00e1zhatatlan, \u00e9s m\u00e9gis ismer\u0151s szorong\u00e1skelt\u0151 \u00e9rz\u00e9st egy-egy h\u00e9tk\u00f6znapjainkat \u00e9rint\u0151, -ak\u00e1r ism\u00e9tl\u0151d\u0151en is megjelen\u0151 &#8211; negat\u00edv t\u00f6rt\u00e9n\u00e9s mi\u00e9rtj\u00e9t kutatva\u2026Ha az eset t\u00f6bbsz\u00f6r is ism\u00e9tl\u0151dik, el\u0151 [&hellip;]<\/p>\n","protected":false},"author":4,"featured_media":7724,"template":"","meta":{"_et_pb_use_builder":"","_et_pb_old_content":"","_et_gb_content_width":"","_price":"","_stock":"","_tribe_ticket_header":"","_tribe_default_ticket_provider":"TEC\\Tickets\\Commerce\\Module","_ticket_start_date":"","_ticket_end_date":"","_tribe_ticket_show_description":"","_tribe_ticket_show_not_going":false,"_tribe_ticket_use_global_stock":"","_tribe_ticket_global_stock_level":"","_global_stock_mode":"","_global_stock_cap":"","_tribe_rsvp_for_event":"","_tribe_ticket_going_count":"","_tribe_ticket_not_going_count":"","_tribe_tickets_list":"[]","_tribe_ticket_has_attendee_info_fields":false,"_tribe_events_status":"","_tribe_events_status_reason":"","footnotes":"","_tec_slr_enabled":"","_tec_slr_layout":""},"tags":[],"tribe_events_cat":[],"class_list":["post-8913","tribe_events","type-tribe_events","status-publish","has-post-thumbnail","hentry"],"yoast_head":"<!-- This site is optimized with the Yoast SEO plugin v25.0 - https:\/\/yoast.com\/wordpress\/plugins\/seo\/ -->\n<title>Borb\u00e9ly L\u00e1szl\u00f3 - Nagy Judit: Az \u00e1tok - kik\u00f6t\u0151i legenda a P\u00f6n\u00f6gei Fesztiv\u00e1lon - Szabad Sz\u00ednh\u00e1z<\/title>\n<meta name=\"robots\" content=\"index, follow, max-snippet:-1, max-image-preview:large, max-video-preview:-1\" \/>\n<link rel=\"canonical\" href=\"https:\/\/www.szabadszinhaz.hu\/en\/esemenyek\/borbely-laszlo-nagy-judit-az-atok-kikotoi-legenda-a-ponogei-fesztivalon\/\" \/>\n<meta property=\"og:locale\" content=\"en_US\" \/>\n<meta property=\"og:type\" content=\"article\" \/>\n<meta property=\"og:title\" content=\"Borb\u00e9ly L\u00e1szl\u00f3 - Nagy Judit: Az \u00e1tok - kik\u00f6t\u0151i legenda a P\u00f6n\u00f6gei Fesztiv\u00e1lon - Szabad Sz\u00ednh\u00e1z\" \/>\n<meta property=\"og:description\" content=\"Biztosan sokan \u00e9reztek m\u00e1r valami furcsa, megmagyar\u00e1zhatatlan, \u00e9s m\u00e9gis ismer\u0151s szorong\u00e1skelt\u0151 \u00e9rz\u00e9st egy-egy h\u00e9tk\u00f6znapjainkat \u00e9rint\u0151, -ak\u00e1r ism\u00e9tl\u0151d\u0151en is megjelen\u0151 &#8211; negat\u00edv t\u00f6rt\u00e9n\u00e9s mi\u00e9rtj\u00e9t kutatva\u2026Ha az eset t\u00f6bbsz\u00f6r is ism\u00e9tl\u0151dik, el\u0151 [&hellip;]\" \/>\n<meta property=\"og:url\" content=\"https:\/\/www.szabadszinhaz.hu\/en\/esemenyek\/borbely-laszlo-nagy-judit-az-atok-kikotoi-legenda-a-ponogei-fesztivalon\/\" \/>\n<meta property=\"og:site_name\" content=\"Szabad Sz\u00ednh\u00e1z\" \/>\n<meta property=\"article:publisher\" content=\"https:\/\/www.facebook.com\/szabadszinhaz\" \/>\n<meta property=\"og:image\" content=\"https:\/\/www.szabadszinhaz.hu\/wp-content\/uploads\/2023\/12\/kikoto.jpg\" \/>\n\t<meta property=\"og:image:width\" content=\"1280\" \/>\n\t<meta property=\"og:image:height\" content=\"720\" \/>\n\t<meta property=\"og:image:type\" content=\"image\/jpeg\" \/>\n<meta name=\"twitter:card\" content=\"summary_large_image\" \/>\n<meta name=\"twitter:label1\" content=\"Est. reading time\" \/>\n\t<meta name=\"twitter:data1\" content=\"2 minutes\" \/>\n<script type=\"application\/ld+json\" class=\"yoast-schema-graph\">{\"@context\":\"https:\/\/schema.org\",\"@graph\":[{\"@type\":\"WebPage\",\"@id\":\"https:\/\/www.szabadszinhaz.hu\/esemenyek\/borbely-laszlo-nagy-judit-az-atok-kikotoi-legenda-a-ponogei-fesztivalon\/\",\"url\":\"https:\/\/www.szabadszinhaz.hu\/esemenyek\/borbely-laszlo-nagy-judit-az-atok-kikotoi-legenda-a-ponogei-fesztivalon\/\",\"name\":\"Borb\u00e9ly L\u00e1szl\u00f3 - Nagy Judit: Az \u00e1tok - kik\u00f6t\u0151i legenda a P\u00f6n\u00f6gei Fesztiv\u00e1lon - Szabad Sz\u00ednh\u00e1z\",\"isPartOf\":{\"@id\":\"https:\/\/www.szabadszinhaz.hu\/#website\"},\"primaryImageOfPage\":{\"@id\":\"https:\/\/www.szabadszinhaz.hu\/esemenyek\/borbely-laszlo-nagy-judit-az-atok-kikotoi-legenda-a-ponogei-fesztivalon\/#primaryimage\"},\"image\":{\"@id\":\"https:\/\/www.szabadszinhaz.hu\/esemenyek\/borbely-laszlo-nagy-judit-az-atok-kikotoi-legenda-a-ponogei-fesztivalon\/#primaryimage\"},\"thumbnailUrl\":\"https:\/\/www.szabadszinhaz.hu\/wp-content\/uploads\/2023\/12\/kikoto.jpg\",\"datePublished\":\"2025-03-19T17:15:18+00:00\",\"breadcrumb\":{\"@id\":\"https:\/\/www.szabadszinhaz.hu\/esemenyek\/borbely-laszlo-nagy-judit-az-atok-kikotoi-legenda-a-ponogei-fesztivalon\/#breadcrumb\"},\"inLanguage\":\"en-US\",\"potentialAction\":[{\"@type\":\"ReadAction\",\"target\":[\"https:\/\/www.szabadszinhaz.hu\/esemenyek\/borbely-laszlo-nagy-judit-az-atok-kikotoi-legenda-a-ponogei-fesztivalon\/\"]}]},{\"@type\":\"ImageObject\",\"inLanguage\":\"en-US\",\"@id\":\"https:\/\/www.szabadszinhaz.hu\/esemenyek\/borbely-laszlo-nagy-judit-az-atok-kikotoi-legenda-a-ponogei-fesztivalon\/#primaryimage\",\"url\":\"https:\/\/www.szabadszinhaz.hu\/wp-content\/uploads\/2023\/12\/kikoto.jpg\",\"contentUrl\":\"https:\/\/www.szabadszinhaz.hu\/wp-content\/uploads\/2023\/12\/kikoto.jpg\",\"width\":1280,\"height\":720},{\"@type\":\"BreadcrumbList\",\"@id\":\"https:\/\/www.szabadszinhaz.hu\/esemenyek\/borbely-laszlo-nagy-judit-az-atok-kikotoi-legenda-a-ponogei-fesztivalon\/#breadcrumb\",\"itemListElement\":[{\"@type\":\"ListItem\",\"position\":1,\"name\":\"Kezd\u0151lap\",\"item\":\"https:\/\/www.szabadszinhaz.hu\/\"},{\"@type\":\"ListItem\",\"position\":2,\"name\":\"Events\",\"item\":\"https:\/\/www.szabadszinhaz.hu\/en\/esemenyek\/\"},{\"@type\":\"ListItem\",\"position\":3,\"name\":\"Borb\u00e9ly L\u00e1szl\u00f3 &#8211; Nagy Judit: Az \u00e1tok &#8211; kik\u00f6t\u0151i legenda a P\u00f6n\u00f6gei Fesztiv\u00e1lon\"}]},{\"@type\":\"WebSite\",\"@id\":\"https:\/\/www.szabadszinhaz.hu\/#website\",\"url\":\"https:\/\/www.szabadszinhaz.hu\/\",\"name\":\"Szabad Sz\u00ednh\u00e1z\",\"description\":\"Szabad Sz\u00ednh\u00e1z\",\"publisher\":{\"@id\":\"https:\/\/www.szabadszinhaz.hu\/#organization\"},\"potentialAction\":[{\"@type\":\"SearchAction\",\"target\":{\"@type\":\"EntryPoint\",\"urlTemplate\":\"https:\/\/www.szabadszinhaz.hu\/?s={search_term_string}\"},\"query-input\":{\"@type\":\"PropertyValueSpecification\",\"valueRequired\":true,\"valueName\":\"search_term_string\"}}],\"inLanguage\":\"en-US\"},{\"@type\":\"Organization\",\"@id\":\"https:\/\/www.szabadszinhaz.hu\/#organization\",\"name\":\"Szabad Sz\u00ednh\u00e1z SZ\u00cdN-T\u00c9R Egyes\u00fclet\",\"url\":\"https:\/\/www.szabadszinhaz.hu\/\",\"logo\":{\"@type\":\"ImageObject\",\"inLanguage\":\"en-US\",\"@id\":\"https:\/\/www.szabadszinhaz.hu\/#\/schema\/logo\/image\/\",\"url\":\"https:\/\/www.szabadszinhaz.hu\/wp-content\/uploads\/2025\/01\/images.jpg\",\"contentUrl\":\"https:\/\/www.szabadszinhaz.hu\/wp-content\/uploads\/2025\/01\/images.jpg\",\"width\":178,\"height\":284,\"caption\":\"Szabad Sz\u00ednh\u00e1z SZ\u00cdN-T\u00c9R Egyes\u00fclet\"},\"image\":{\"@id\":\"https:\/\/www.szabadszinhaz.hu\/#\/schema\/logo\/image\/\"},\"sameAs\":[\"https:\/\/www.facebook.com\/szabadszinhaz\"]}]}<\/script>\n<!-- \/ Yoast SEO plugin. -->","yoast_head_json":{"title":"Borb\u00e9ly L\u00e1szl\u00f3 - Nagy Judit: Az \u00e1tok - kik\u00f6t\u0151i legenda a P\u00f6n\u00f6gei Fesztiv\u00e1lon - Szabad Sz\u00ednh\u00e1z","robots":{"index":"index","follow":"follow","max-snippet":"max-snippet:-1","max-image-preview":"max-image-preview:large","max-video-preview":"max-video-preview:-1"},"canonical":"https:\/\/www.szabadszinhaz.hu\/en\/esemenyek\/borbely-laszlo-nagy-judit-az-atok-kikotoi-legenda-a-ponogei-fesztivalon\/","og_locale":"en_US","og_type":"article","og_title":"Borb\u00e9ly L\u00e1szl\u00f3 - Nagy Judit: Az \u00e1tok - kik\u00f6t\u0151i legenda a P\u00f6n\u00f6gei Fesztiv\u00e1lon - Szabad Sz\u00ednh\u00e1z","og_description":"Biztosan sokan \u00e9reztek m\u00e1r valami furcsa, megmagyar\u00e1zhatatlan, \u00e9s m\u00e9gis ismer\u0151s szorong\u00e1skelt\u0151 \u00e9rz\u00e9st egy-egy h\u00e9tk\u00f6znapjainkat \u00e9rint\u0151, -ak\u00e1r ism\u00e9tl\u0151d\u0151en is megjelen\u0151 &#8211; negat\u00edv t\u00f6rt\u00e9n\u00e9s mi\u00e9rtj\u00e9t kutatva\u2026Ha az eset t\u00f6bbsz\u00f6r is ism\u00e9tl\u0151dik, el\u0151 [&hellip;]","og_url":"https:\/\/www.szabadszinhaz.hu\/en\/esemenyek\/borbely-laszlo-nagy-judit-az-atok-kikotoi-legenda-a-ponogei-fesztivalon\/","og_site_name":"Szabad Sz\u00ednh\u00e1z","article_publisher":"https:\/\/www.facebook.com\/szabadszinhaz","og_image":[{"width":1280,"height":720,"url":"https:\/\/www.szabadszinhaz.hu\/wp-content\/uploads\/2023\/12\/kikoto.jpg","type":"image\/jpeg"}],"twitter_card":"summary_large_image","twitter_misc":{"Est. reading time":"2 minutes"},"schema":{"@context":"https:\/\/schema.org","@graph":[{"@type":"WebPage","@id":"https:\/\/www.szabadszinhaz.hu\/esemenyek\/borbely-laszlo-nagy-judit-az-atok-kikotoi-legenda-a-ponogei-fesztivalon\/","url":"https:\/\/www.szabadszinhaz.hu\/esemenyek\/borbely-laszlo-nagy-judit-az-atok-kikotoi-legenda-a-ponogei-fesztivalon\/","name":"Borb\u00e9ly L\u00e1szl\u00f3 - Nagy Judit: Az \u00e1tok - kik\u00f6t\u0151i legenda a P\u00f6n\u00f6gei Fesztiv\u00e1lon - Szabad Sz\u00ednh\u00e1z","isPartOf":{"@id":"https:\/\/www.szabadszinhaz.hu\/#website"},"primaryImageOfPage":{"@id":"https:\/\/www.szabadszinhaz.hu\/esemenyek\/borbely-laszlo-nagy-judit-az-atok-kikotoi-legenda-a-ponogei-fesztivalon\/#primaryimage"},"image":{"@id":"https:\/\/www.szabadszinhaz.hu\/esemenyek\/borbely-laszlo-nagy-judit-az-atok-kikotoi-legenda-a-ponogei-fesztivalon\/#primaryimage"},"thumbnailUrl":"https:\/\/www.szabadszinhaz.hu\/wp-content\/uploads\/2023\/12\/kikoto.jpg","datePublished":"2025-03-19T17:15:18+00:00","breadcrumb":{"@id":"https:\/\/www.szabadszinhaz.hu\/esemenyek\/borbely-laszlo-nagy-judit-az-atok-kikotoi-legenda-a-ponogei-fesztivalon\/#breadcrumb"},"inLanguage":"en-US","potentialAction":[{"@type":"ReadAction","target":["https:\/\/www.szabadszinhaz.hu\/esemenyek\/borbely-laszlo-nagy-judit-az-atok-kikotoi-legenda-a-ponogei-fesztivalon\/"]}]},{"@type":"ImageObject","inLanguage":"en-US","@id":"https:\/\/www.szabadszinhaz.hu\/esemenyek\/borbely-laszlo-nagy-judit-az-atok-kikotoi-legenda-a-ponogei-fesztivalon\/#primaryimage","url":"https:\/\/www.szabadszinhaz.hu\/wp-content\/uploads\/2023\/12\/kikoto.jpg","contentUrl":"https:\/\/www.szabadszinhaz.hu\/wp-content\/uploads\/2023\/12\/kikoto.jpg","width":1280,"height":720},{"@type":"BreadcrumbList","@id":"https:\/\/www.szabadszinhaz.hu\/esemenyek\/borbely-laszlo-nagy-judit-az-atok-kikotoi-legenda-a-ponogei-fesztivalon\/#breadcrumb","itemListElement":[{"@type":"ListItem","position":1,"name":"Kezd\u0151lap","item":"https:\/\/www.szabadszinhaz.hu\/"},{"@type":"ListItem","position":2,"name":"Events","item":"https:\/\/www.szabadszinhaz.hu\/en\/esemenyek\/"},{"@type":"ListItem","position":3,"name":"Borb\u00e9ly L\u00e1szl\u00f3 &#8211; Nagy Judit: Az \u00e1tok &#8211; kik\u00f6t\u0151i legenda a P\u00f6n\u00f6gei Fesztiv\u00e1lon"}]},{"@type":"WebSite","@id":"https:\/\/www.szabadszinhaz.hu\/#website","url":"https:\/\/www.szabadszinhaz.hu\/","name":"Free Theatre - Szabad Sz\u00ednh\u00e1z","description":"Free Theatre - Szabad Sz\u00ednh\u00e1z","publisher":{"@id":"https:\/\/www.szabadszinhaz.hu\/#organization"},"potentialAction":[{"@type":"SearchAction","target":{"@type":"EntryPoint","urlTemplate":"https:\/\/www.szabadszinhaz.hu\/?s={search_term_string}"},"query-input":{"@type":"PropertyValueSpecification","valueRequired":true,"valueName":"search_term_string"}}],"inLanguage":"en-US"},{"@type":"Organization","@id":"https:\/\/www.szabadszinhaz.hu\/#organization","name":"Szabad Sz\u00ednh\u00e1z SZ\u00cdN-T\u00c9R Egyes\u00fclet","url":"https:\/\/www.szabadszinhaz.hu\/","logo":{"@type":"ImageObject","inLanguage":"en-US","@id":"https:\/\/www.szabadszinhaz.hu\/#\/schema\/logo\/image\/","url":"https:\/\/www.szabadszinhaz.hu\/wp-content\/uploads\/2025\/01\/images.jpg","contentUrl":"https:\/\/www.szabadszinhaz.hu\/wp-content\/uploads\/2025\/01\/images.jpg","width":178,"height":284,"caption":"Szabad Sz\u00ednh\u00e1z SZ\u00cdN-T\u00c9R Egyes\u00fclet"},"image":{"@id":"https:\/\/www.szabadszinhaz.hu\/#\/schema\/logo\/image\/"},"sameAs":["https:\/\/www.facebook.com\/szabadszinhaz"]}]}},"ticketed":false,"_links":{"self":[{"href":"https:\/\/www.szabadszinhaz.hu\/en\/wp-json\/wp\/v2\/tribe_events\/8913","targetHints":{"allow":["GET"]}}],"collection":[{"href":"https:\/\/www.szabadszinhaz.hu\/en\/wp-json\/wp\/v2\/tribe_events"}],"about":[{"href":"https:\/\/www.szabadszinhaz.hu\/en\/wp-json\/wp\/v2\/types\/tribe_events"}],"author":[{"embeddable":true,"href":"https:\/\/www.szabadszinhaz.hu\/en\/wp-json\/wp\/v2\/users\/4"}],"version-history":[{"count":1,"href":"https:\/\/www.szabadszinhaz.hu\/en\/wp-json\/wp\/v2\/tribe_events\/8913\/revisions"}],"predecessor-version":[{"id":8914,"href":"https:\/\/www.szabadszinhaz.hu\/en\/wp-json\/wp\/v2\/tribe_events\/8913\/revisions\/8914"}],"wp:featuredmedia":[{"embeddable":true,"href":"https:\/\/www.szabadszinhaz.hu\/en\/wp-json\/wp\/v2\/media\/7724"}],"wp:attachment":[{"href":"https:\/\/www.szabadszinhaz.hu\/en\/wp-json\/wp\/v2\/media?parent=8913"}],"wp:term":[{"taxonomy":"post_tag","embeddable":true,"href":"https:\/\/www.szabadszinhaz.hu\/en\/wp-json\/wp\/v2\/tags?post=8913"},{"taxonomy":"tribe_events_cat","embeddable":true,"href":"https:\/\/www.szabadszinhaz.hu\/en\/wp-json\/wp\/v2\/tribe_events_cat?post=8913"}],"curies":[{"name":"wp","href":"https:\/\/api.w.org\/{rel}","templated":true}]}}