{"id":8910,"date":"2025-03-19T18:03:57","date_gmt":"2025-03-19T17:03:57","guid":{"rendered":"https:\/\/www.szabadszinhaz.hu\/?post_type=tribe_events&#038;p=8910"},"modified":"2025-03-19T18:08:47","modified_gmt":"2025-03-19T17:08:47","slug":"vagyok-noemo-akusztikus-koncert-a-ponogei-fesztivalon","status":"publish","type":"tribe_events","link":"https:\/\/www.szabadszinhaz.hu\/en\/esemenyek\/vagyok-noemo-akusztikus-koncert-a-ponogei-fesztivalon\/","title":{"rendered":"Vagyok &#8211; No\u00e9mo akusztikus koncert a P\u00f6n\u00f6gei Fesztiv\u00e1lon"},"content":{"rendered":"<p>Modern indie-folk, magyar nyelv\u0171 versek, \u00e9s versszer\u0171 dalsz\u00f6vegek az \u00e9let nagy dolgair\u00f3l. Tak\u00e1cs No\u00e9mi &#8216;No\u00e9mo&#8217; k\u00f6lt\u00e9szet\u00e9t valahogy \u00edgy lehetne jellemezni. Kimondja azt, amit mindenki \u00e9rez, csak \u00e9pp nem mindenki tud megfogalmazni. Teszi mindezt \u00e9teri hangon, finom dallamokkal, \u00f6nironikus dalsz\u00f6vegekkel f\u0171szerezve. Igazi akusztikus szellemi t\u00e1pl\u00e1l\u00e9k a megf\u00e1radt f\u00fcleknek.<\/p>","protected":false},"excerpt":{"rendered":"<p>Modern indie-folk, magyar nyelv\u0171 versek, \u00e9s versszer\u0171 dalsz\u00f6vegek az \u00e9let nagy dolgair\u00f3l. Tak\u00e1cs No\u00e9mi &#8216;No\u00e9mo&#8217; k\u00f6lt\u00e9szet\u00e9t valahogy \u00edgy lehetne jellemezni. Kimondja azt, amit mindenki \u00e9rez, csak \u00e9pp nem mindenki tud [&hellip;]<\/p>\n","protected":false},"author":4,"featured_media":8911,"template":"","meta":{"_et_pb_use_builder":"","_et_pb_old_content":"","_et_gb_content_width":"","_price":"","_stock":"","_tribe_ticket_header":"","_tribe_default_ticket_provider":"TEC\\Tickets\\Commerce\\Module","_ticket_start_date":"","_ticket_end_date":"","_tribe_ticket_show_description":"","_tribe_ticket_show_not_going":false,"_tribe_ticket_use_global_stock":"","_tribe_ticket_global_stock_level":"","_global_stock_mode":"","_global_stock_cap":"","_tribe_rsvp_for_event":"","_tribe_ticket_going_count":"","_tribe_ticket_not_going_count":"","_tribe_tickets_list":"[]","_tribe_ticket_has_attendee_info_fields":false,"_tribe_events_status":"","_tribe_events_status_reason":"","footnotes":"","_tec_slr_enabled":"","_tec_slr_layout":""},"tags":[],"tribe_events_cat":[],"class_list":["post-8910","tribe_events","type-tribe_events","status-publish","has-post-thumbnail","hentry"],"yoast_head":"<!-- This site is optimized with the Yoast SEO plugin v25.0 - https:\/\/yoast.com\/wordpress\/plugins\/seo\/ -->\n<title>Vagyok - No\u00e9mo akusztikus koncert a P\u00f6n\u00f6gei Fesztiv\u00e1lon - Szabad Sz\u00ednh\u00e1z<\/title>\n<meta name=\"robots\" content=\"index, follow, max-snippet:-1, max-image-preview:large, max-video-preview:-1\" \/>\n<link rel=\"canonical\" href=\"https:\/\/www.szabadszinhaz.hu\/en\/esemenyek\/vagyok-noemo-akusztikus-koncert-a-ponogei-fesztivalon\/\" \/>\n<meta property=\"og:locale\" content=\"en_US\" \/>\n<meta property=\"og:type\" content=\"article\" \/>\n<meta property=\"og:title\" content=\"Vagyok - No\u00e9mo akusztikus koncert a P\u00f6n\u00f6gei Fesztiv\u00e1lon - Szabad Sz\u00ednh\u00e1z\" \/>\n<meta property=\"og:description\" content=\"Modern indie-folk, magyar nyelv\u0171 versek, \u00e9s versszer\u0171 dalsz\u00f6vegek az \u00e9let nagy dolgair\u00f3l. Tak\u00e1cs No\u00e9mi &#8216;No\u00e9mo&#8217; k\u00f6lt\u00e9szet\u00e9t valahogy \u00edgy lehetne jellemezni. Kimondja azt, amit mindenki \u00e9rez, csak \u00e9pp nem mindenki tud [&hellip;]\" \/>\n<meta property=\"og:url\" content=\"https:\/\/www.szabadszinhaz.hu\/en\/esemenyek\/vagyok-noemo-akusztikus-koncert-a-ponogei-fesztivalon\/\" \/>\n<meta property=\"og:site_name\" content=\"Szabad Sz\u00ednh\u00e1z\" \/>\n<meta property=\"article:publisher\" content=\"https:\/\/www.facebook.com\/szabadszinhaz\" \/>\n<meta property=\"article:modified_time\" content=\"2025-03-19T17:08:47+00:00\" \/>\n<meta property=\"og:image\" content=\"https:\/\/www.szabadszinhaz.hu\/wp-content\/uploads\/2025\/03\/Noemo.jpg\" \/>\n\t<meta property=\"og:image:width\" content=\"960\" \/>\n\t<meta property=\"og:image:height\" content=\"640\" \/>\n\t<meta property=\"og:image:type\" content=\"image\/jpeg\" \/>\n<meta name=\"twitter:card\" content=\"summary_large_image\" \/>\n<meta name=\"twitter:label1\" content=\"Est. reading time\" \/>\n\t<meta name=\"twitter:data1\" content=\"1 minute\" \/>\n<script type=\"application\/ld+json\" class=\"yoast-schema-graph\">{\"@context\":\"https:\/\/schema.org\",\"@graph\":[{\"@type\":\"WebPage\",\"@id\":\"https:\/\/www.szabadszinhaz.hu\/esemenyek\/vagyok-noemo-akusztikus-koncert-a-ponogei-fesztivalon\/\",\"url\":\"https:\/\/www.szabadszinhaz.hu\/esemenyek\/vagyok-noemo-akusztikus-koncert-a-ponogei-fesztivalon\/\",\"name\":\"Vagyok - No\u00e9mo akusztikus koncert a P\u00f6n\u00f6gei Fesztiv\u00e1lon - Szabad Sz\u00ednh\u00e1z\",\"isPartOf\":{\"@id\":\"https:\/\/www.szabadszinhaz.hu\/#website\"},\"primaryImageOfPage\":{\"@id\":\"https:\/\/www.szabadszinhaz.hu\/esemenyek\/vagyok-noemo-akusztikus-koncert-a-ponogei-fesztivalon\/#primaryimage\"},\"image\":{\"@id\":\"https:\/\/www.szabadszinhaz.hu\/esemenyek\/vagyok-noemo-akusztikus-koncert-a-ponogei-fesztivalon\/#primaryimage\"},\"thumbnailUrl\":\"https:\/\/www.szabadszinhaz.hu\/wp-content\/uploads\/2025\/03\/Noemo.jpg\",\"datePublished\":\"2025-03-19T17:03:57+00:00\",\"dateModified\":\"2025-03-19T17:08:47+00:00\",\"breadcrumb\":{\"@id\":\"https:\/\/www.szabadszinhaz.hu\/esemenyek\/vagyok-noemo-akusztikus-koncert-a-ponogei-fesztivalon\/#breadcrumb\"},\"inLanguage\":\"en-US\",\"potentialAction\":[{\"@type\":\"ReadAction\",\"target\":[\"https:\/\/www.szabadszinhaz.hu\/esemenyek\/vagyok-noemo-akusztikus-koncert-a-ponogei-fesztivalon\/\"]}]},{\"@type\":\"ImageObject\",\"inLanguage\":\"en-US\",\"@id\":\"https:\/\/www.szabadszinhaz.hu\/esemenyek\/vagyok-noemo-akusztikus-koncert-a-ponogei-fesztivalon\/#primaryimage\",\"url\":\"https:\/\/www.szabadszinhaz.hu\/wp-content\/uploads\/2025\/03\/Noemo.jpg\",\"contentUrl\":\"https:\/\/www.szabadszinhaz.hu\/wp-content\/uploads\/2025\/03\/Noemo.jpg\",\"width\":960,\"height\":640},{\"@type\":\"BreadcrumbList\",\"@id\":\"https:\/\/www.szabadszinhaz.hu\/esemenyek\/vagyok-noemo-akusztikus-koncert-a-ponogei-fesztivalon\/#breadcrumb\",\"itemListElement\":[{\"@type\":\"ListItem\",\"position\":1,\"name\":\"Kezd\u0151lap\",\"item\":\"https:\/\/www.szabadszinhaz.hu\/\"},{\"@type\":\"ListItem\",\"position\":2,\"name\":\"Events\",\"item\":\"https:\/\/www.szabadszinhaz.hu\/en\/esemenyek\/\"},{\"@type\":\"ListItem\",\"position\":3,\"name\":\"Vagyok &#8211; No\u00e9mo akusztikus koncert a P\u00f6n\u00f6gei Fesztiv\u00e1lon\"}]},{\"@type\":\"WebSite\",\"@id\":\"https:\/\/www.szabadszinhaz.hu\/#website\",\"url\":\"https:\/\/www.szabadszinhaz.hu\/\",\"name\":\"Szabad Sz\u00ednh\u00e1z\",\"description\":\"Szabad Sz\u00ednh\u00e1z\",\"publisher\":{\"@id\":\"https:\/\/www.szabadszinhaz.hu\/#organization\"},\"potentialAction\":[{\"@type\":\"SearchAction\",\"target\":{\"@type\":\"EntryPoint\",\"urlTemplate\":\"https:\/\/www.szabadszinhaz.hu\/?s={search_term_string}\"},\"query-input\":{\"@type\":\"PropertyValueSpecification\",\"valueRequired\":true,\"valueName\":\"search_term_string\"}}],\"inLanguage\":\"en-US\"},{\"@type\":\"Organization\",\"@id\":\"https:\/\/www.szabadszinhaz.hu\/#organization\",\"name\":\"Szabad Sz\u00ednh\u00e1z SZ\u00cdN-T\u00c9R Egyes\u00fclet\",\"url\":\"https:\/\/www.szabadszinhaz.hu\/\",\"logo\":{\"@type\":\"ImageObject\",\"inLanguage\":\"en-US\",\"@id\":\"https:\/\/www.szabadszinhaz.hu\/#\/schema\/logo\/image\/\",\"url\":\"https:\/\/www.szabadszinhaz.hu\/wp-content\/uploads\/2025\/01\/images.jpg\",\"contentUrl\":\"https:\/\/www.szabadszinhaz.hu\/wp-content\/uploads\/2025\/01\/images.jpg\",\"width\":178,\"height\":284,\"caption\":\"Szabad Sz\u00ednh\u00e1z SZ\u00cdN-T\u00c9R Egyes\u00fclet\"},\"image\":{\"@id\":\"https:\/\/www.szabadszinhaz.hu\/#\/schema\/logo\/image\/\"},\"sameAs\":[\"https:\/\/www.facebook.com\/szabadszinhaz\"]}]}<\/script>\n<!-- \/ Yoast SEO plugin. -->","yoast_head_json":{"title":"Vagyok - No\u00e9mo akusztikus koncert a P\u00f6n\u00f6gei Fesztiv\u00e1lon - Szabad Sz\u00ednh\u00e1z","robots":{"index":"index","follow":"follow","max-snippet":"max-snippet:-1","max-image-preview":"max-image-preview:large","max-video-preview":"max-video-preview:-1"},"canonical":"https:\/\/www.szabadszinhaz.hu\/en\/esemenyek\/vagyok-noemo-akusztikus-koncert-a-ponogei-fesztivalon\/","og_locale":"en_US","og_type":"article","og_title":"Vagyok - No\u00e9mo akusztikus koncert a P\u00f6n\u00f6gei Fesztiv\u00e1lon - Szabad Sz\u00ednh\u00e1z","og_description":"Modern indie-folk, magyar nyelv\u0171 versek, \u00e9s versszer\u0171 dalsz\u00f6vegek az \u00e9let nagy dolgair\u00f3l. Tak\u00e1cs No\u00e9mi &#8216;No\u00e9mo&#8217; k\u00f6lt\u00e9szet\u00e9t valahogy \u00edgy lehetne jellemezni. Kimondja azt, amit mindenki \u00e9rez, csak \u00e9pp nem mindenki tud [&hellip;]","og_url":"https:\/\/www.szabadszinhaz.hu\/en\/esemenyek\/vagyok-noemo-akusztikus-koncert-a-ponogei-fesztivalon\/","og_site_name":"Szabad Sz\u00ednh\u00e1z","article_publisher":"https:\/\/www.facebook.com\/szabadszinhaz","article_modified_time":"2025-03-19T17:08:47+00:00","og_image":[{"width":960,"height":640,"url":"https:\/\/www.szabadszinhaz.hu\/wp-content\/uploads\/2025\/03\/Noemo.jpg","type":"image\/jpeg"}],"twitter_card":"summary_large_image","twitter_misc":{"Est. reading time":"1 minute"},"schema":{"@context":"https:\/\/schema.org","@graph":[{"@type":"WebPage","@id":"https:\/\/www.szabadszinhaz.hu\/esemenyek\/vagyok-noemo-akusztikus-koncert-a-ponogei-fesztivalon\/","url":"https:\/\/www.szabadszinhaz.hu\/esemenyek\/vagyok-noemo-akusztikus-koncert-a-ponogei-fesztivalon\/","name":"Vagyok - No\u00e9mo akusztikus koncert a P\u00f6n\u00f6gei Fesztiv\u00e1lon - Szabad Sz\u00ednh\u00e1z","isPartOf":{"@id":"https:\/\/www.szabadszinhaz.hu\/#website"},"primaryImageOfPage":{"@id":"https:\/\/www.szabadszinhaz.hu\/esemenyek\/vagyok-noemo-akusztikus-koncert-a-ponogei-fesztivalon\/#primaryimage"},"image":{"@id":"https:\/\/www.szabadszinhaz.hu\/esemenyek\/vagyok-noemo-akusztikus-koncert-a-ponogei-fesztivalon\/#primaryimage"},"thumbnailUrl":"https:\/\/www.szabadszinhaz.hu\/wp-content\/uploads\/2025\/03\/Noemo.jpg","datePublished":"2025-03-19T17:03:57+00:00","dateModified":"2025-03-19T17:08:47+00:00","breadcrumb":{"@id":"https:\/\/www.szabadszinhaz.hu\/esemenyek\/vagyok-noemo-akusztikus-koncert-a-ponogei-fesztivalon\/#breadcrumb"},"inLanguage":"en-US","potentialAction":[{"@type":"ReadAction","target":["https:\/\/www.szabadszinhaz.hu\/esemenyek\/vagyok-noemo-akusztikus-koncert-a-ponogei-fesztivalon\/"]}]},{"@type":"ImageObject","inLanguage":"en-US","@id":"https:\/\/www.szabadszinhaz.hu\/esemenyek\/vagyok-noemo-akusztikus-koncert-a-ponogei-fesztivalon\/#primaryimage","url":"https:\/\/www.szabadszinhaz.hu\/wp-content\/uploads\/2025\/03\/Noemo.jpg","contentUrl":"https:\/\/www.szabadszinhaz.hu\/wp-content\/uploads\/2025\/03\/Noemo.jpg","width":960,"height":640},{"@type":"BreadcrumbList","@id":"https:\/\/www.szabadszinhaz.hu\/esemenyek\/vagyok-noemo-akusztikus-koncert-a-ponogei-fesztivalon\/#breadcrumb","itemListElement":[{"@type":"ListItem","position":1,"name":"Kezd\u0151lap","item":"https:\/\/www.szabadszinhaz.hu\/"},{"@type":"ListItem","position":2,"name":"Events","item":"https:\/\/www.szabadszinhaz.hu\/en\/esemenyek\/"},{"@type":"ListItem","position":3,"name":"Vagyok &#8211; No\u00e9mo akusztikus koncert a P\u00f6n\u00f6gei Fesztiv\u00e1lon"}]},{"@type":"WebSite","@id":"https:\/\/www.szabadszinhaz.hu\/#website","url":"https:\/\/www.szabadszinhaz.hu\/","name":"Free Theatre - Szabad Sz\u00ednh\u00e1z","description":"Free Theatre - Szabad Sz\u00ednh\u00e1z","publisher":{"@id":"https:\/\/www.szabadszinhaz.hu\/#organization"},"potentialAction":[{"@type":"SearchAction","target":{"@type":"EntryPoint","urlTemplate":"https:\/\/www.szabadszinhaz.hu\/?s={search_term_string}"},"query-input":{"@type":"PropertyValueSpecification","valueRequired":true,"valueName":"search_term_string"}}],"inLanguage":"en-US"},{"@type":"Organization","@id":"https:\/\/www.szabadszinhaz.hu\/#organization","name":"Szabad Sz\u00ednh\u00e1z SZ\u00cdN-T\u00c9R Egyes\u00fclet","url":"https:\/\/www.szabadszinhaz.hu\/","logo":{"@type":"ImageObject","inLanguage":"en-US","@id":"https:\/\/www.szabadszinhaz.hu\/#\/schema\/logo\/image\/","url":"https:\/\/www.szabadszinhaz.hu\/wp-content\/uploads\/2025\/01\/images.jpg","contentUrl":"https:\/\/www.szabadszinhaz.hu\/wp-content\/uploads\/2025\/01\/images.jpg","width":178,"height":284,"caption":"Szabad Sz\u00ednh\u00e1z SZ\u00cdN-T\u00c9R Egyes\u00fclet"},"image":{"@id":"https:\/\/www.szabadszinhaz.hu\/#\/schema\/logo\/image\/"},"sameAs":["https:\/\/www.facebook.com\/szabadszinhaz"]}]}},"ticketed":false,"_links":{"self":[{"href":"https:\/\/www.szabadszinhaz.hu\/en\/wp-json\/wp\/v2\/tribe_events\/8910","targetHints":{"allow":["GET"]}}],"collection":[{"href":"https:\/\/www.szabadszinhaz.hu\/en\/wp-json\/wp\/v2\/tribe_events"}],"about":[{"href":"https:\/\/www.szabadszinhaz.hu\/en\/wp-json\/wp\/v2\/types\/tribe_events"}],"author":[{"embeddable":true,"href":"https:\/\/www.szabadszinhaz.hu\/en\/wp-json\/wp\/v2\/users\/4"}],"version-history":[{"count":1,"href":"https:\/\/www.szabadszinhaz.hu\/en\/wp-json\/wp\/v2\/tribe_events\/8910\/revisions"}],"predecessor-version":[{"id":8912,"href":"https:\/\/www.szabadszinhaz.hu\/en\/wp-json\/wp\/v2\/tribe_events\/8910\/revisions\/8912"}],"wp:featuredmedia":[{"embeddable":true,"href":"https:\/\/www.szabadszinhaz.hu\/en\/wp-json\/wp\/v2\/media\/8911"}],"wp:attachment":[{"href":"https:\/\/www.szabadszinhaz.hu\/en\/wp-json\/wp\/v2\/media?parent=8910"}],"wp:term":[{"taxonomy":"post_tag","embeddable":true,"href":"https:\/\/www.szabadszinhaz.hu\/en\/wp-json\/wp\/v2\/tags?post=8910"},{"taxonomy":"tribe_events_cat","embeddable":true,"href":"https:\/\/www.szabadszinhaz.hu\/en\/wp-json\/wp\/v2\/tribe_events_cat?post=8910"}],"curies":[{"name":"wp","href":"https:\/\/api.w.org\/{rel}","templated":true}]}}