{"id":8901,"date":"2025-03-19T15:01:50","date_gmt":"2025-03-19T14:01:50","guid":{"rendered":"https:\/\/www.szabadszinhaz.hu\/?post_type=tribe_events&#038;p=8901"},"modified":"2025-03-19T15:01:50","modified_gmt":"2025-03-19T14:01:50","slug":"ismerjetek-meg-kepek-petofi-sandor-eletebol-a-ponogei-fesztivalon-vass-gyorgy-eloadasaban","status":"publish","type":"tribe_events","link":"https:\/\/www.szabadszinhaz.hu\/en\/esemenyek\/ismerjetek-meg-kepek-petofi-sandor-eletebol-a-ponogei-fesztivalon-vass-gyorgy-eloadasaban\/","title":{"rendered":"Ismerjetek meg! &#8211; k\u00e9pek Pet\u0151fi S\u00e1ndor \u00e9let\u00e9b\u0151l a P\u00f6n\u00f6gei Fesztiv\u00e1lon Vass Gy\u00f6rgy el\u0151ad\u00e1s\u00e1ban"},"content":{"rendered":"<div class=\"xdj266r x11i5rnm xat24cr x1mh8g0r x1vvkbs\">Petrovics Alexander, Borostty\u00e1n, \u00d6r\u00f6mfi Vidor, P\u00f6n\u00f6gei Kiss P\u00e1l, avagy Pet\u0151fi a kimer\u00edthetetlen bordalos \u00e9s szerelmes, depressz\u00edv \u00e9s vil\u00e1gf\u00f6lgy\u00fajt\u00f3, dermedt \u00e9s l\u00e1ngol\u00f3, f\u00f6ld\u00f6nfut\u00f3, haz\u00e1tlan, otthontalan senki, ki olykor hitelbe lakott \u00e9s j\u00f3 emberek adom\u00e1ny\u00e1b\u00f3l teng\u0151d\u00f6tt, betegen, \u00e9hesen kutyagolva be majd eg\u00e9sz Magyarorsz\u00e1got. Tentanyal\u00f3 baka, h\u00e1zitan\u00edt\u00f3, deber\u00e1k v\u00e1ndorsz\u00edn\u00e9sz, kosztos di\u00e1k, sz\u00ednh\u00e1zi szolga, s\u00fag\u00f3, kell\u00e9kes, sz\u00ednlap m\u00e1sol\u00f3, szak\u00e1cs, k\u00f6nyvt\u00e1ros, balkezes, f\u00e9rj \u00e9s szerelmes, sz\u00edn\u00e9sz \u00e9s seg\u00e9dszerkeszt\u0151, \u0151rnagy \u00e9s k\u00f6lt\u0151 \u00e9s m\u00e9g mi minden lehetett volna\u2026 \u00e9s lett, ami lett nemzeti h\u0151s.<br class=\"html-br\" \/>Noh\u00e1t, akkor uzsgyi, l\u00e1ssuk csak!!<\/div>\n<div class=\"x11i5rnm xat24cr x1mh8g0r x1vvkbs xtlvy1s\">El\u0151adja: Vass Gy\u00f6rgy<br class=\"html-br\" \/>Hang: Kolesz\u00e1r Bazil P\u00e9ter<br class=\"html-br\" \/>F\u00e9ny: Cs\u00e1ki Rita<br class=\"html-br\" \/>D\u00edszlet: Vad\u00e1sz Istv\u00e1n<br class=\"html-br\" \/>Rendez\u0151: Kolesz\u00e1r Bazil P\u00e9ter<br class=\"html-br\" \/>Az el\u0151ad\u00e1s ingyenesen megtekinthet\u0151, de a f\u00e9r\u0151helyek korl\u00e1tos sz\u00e1ma miatt regisztr\u00e1ci\u00f3t k\u00e9r\u00fcnk ide. igezo2014@gmail.com<\/div>","protected":false},"excerpt":{"rendered":"<p>Petrovics Alexander, Borostty\u00e1n, \u00d6r\u00f6mfi Vidor, P\u00f6n\u00f6gei Kiss P\u00e1l, avagy Pet\u0151fi a kimer\u00edthetetlen bordalos \u00e9s szerelmes, depressz\u00edv \u00e9s vil\u00e1gf\u00f6lgy\u00fajt\u00f3, dermedt \u00e9s l\u00e1ngol\u00f3, f\u00f6ld\u00f6nfut\u00f3, haz\u00e1tlan, otthontalan senki, ki olykor hitelbe lakott \u00e9s [&hellip;]<\/p>\n","protected":false},"author":4,"featured_media":8902,"template":"","meta":{"_et_pb_use_builder":"","_et_pb_old_content":"","_et_gb_content_width":"","_price":"","_stock":"","_tribe_ticket_header":"","_tribe_default_ticket_provider":"TEC\\Tickets\\Commerce\\Module","_ticket_start_date":"","_ticket_end_date":"","_tribe_ticket_show_description":"","_tribe_ticket_show_not_going":false,"_tribe_ticket_use_global_stock":"","_tribe_ticket_global_stock_level":"","_global_stock_mode":"","_global_stock_cap":"","_tribe_rsvp_for_event":"","_tribe_ticket_going_count":"","_tribe_ticket_not_going_count":"","_tribe_tickets_list":"[]","_tribe_ticket_has_attendee_info_fields":false,"_tribe_events_status":"","_tribe_events_status_reason":"","footnotes":"","_tec_slr_enabled":"","_tec_slr_layout":""},"tags":[],"tribe_events_cat":[],"class_list":["post-8901","tribe_events","type-tribe_events","status-publish","has-post-thumbnail","hentry"],"yoast_head":"<!-- This site is optimized with the Yoast SEO plugin v25.0 - https:\/\/yoast.com\/wordpress\/plugins\/seo\/ -->\n<title>Ismerjetek meg! - k\u00e9pek Pet\u0151fi S\u00e1ndor \u00e9let\u00e9b\u0151l a P\u00f6n\u00f6gei Fesztiv\u00e1lon Vass Gy\u00f6rgy el\u0151ad\u00e1s\u00e1ban - Szabad Sz\u00ednh\u00e1z<\/title>\n<meta name=\"robots\" content=\"index, follow, max-snippet:-1, max-image-preview:large, max-video-preview:-1\" \/>\n<link rel=\"canonical\" href=\"https:\/\/www.szabadszinhaz.hu\/en\/esemenyek\/ismerjetek-meg-kepek-petofi-sandor-eletebol-a-ponogei-fesztivalon-vass-gyorgy-eloadasaban\/\" \/>\n<meta property=\"og:locale\" content=\"en_US\" \/>\n<meta property=\"og:type\" content=\"article\" \/>\n<meta property=\"og:title\" content=\"Ismerjetek meg! - k\u00e9pek Pet\u0151fi S\u00e1ndor \u00e9let\u00e9b\u0151l a P\u00f6n\u00f6gei Fesztiv\u00e1lon Vass Gy\u00f6rgy el\u0151ad\u00e1s\u00e1ban - Szabad Sz\u00ednh\u00e1z\" \/>\n<meta property=\"og:description\" content=\"Petrovics Alexander, Borostty\u00e1n, \u00d6r\u00f6mfi Vidor, P\u00f6n\u00f6gei Kiss P\u00e1l, avagy Pet\u0151fi a kimer\u00edthetetlen bordalos \u00e9s szerelmes, depressz\u00edv \u00e9s vil\u00e1gf\u00f6lgy\u00fajt\u00f3, dermedt \u00e9s l\u00e1ngol\u00f3, f\u00f6ld\u00f6nfut\u00f3, haz\u00e1tlan, otthontalan senki, ki olykor hitelbe lakott \u00e9s [&hellip;]\" \/>\n<meta property=\"og:url\" content=\"https:\/\/www.szabadszinhaz.hu\/en\/esemenyek\/ismerjetek-meg-kepek-petofi-sandor-eletebol-a-ponogei-fesztivalon-vass-gyorgy-eloadasaban\/\" \/>\n<meta property=\"og:site_name\" content=\"Szabad Sz\u00ednh\u00e1z\" \/>\n<meta property=\"article:publisher\" content=\"https:\/\/www.facebook.com\/szabadszinhaz\" \/>\n<meta property=\"og:image\" content=\"https:\/\/www.szabadszinhaz.hu\/wp-content\/uploads\/2025\/03\/Ismerjetek-meg-plakat.jpg\" \/>\n\t<meta property=\"og:image:width\" content=\"687\" \/>\n\t<meta property=\"og:image:height\" content=\"960\" \/>\n\t<meta property=\"og:image:type\" content=\"image\/jpeg\" \/>\n<meta name=\"twitter:card\" content=\"summary_large_image\" \/>\n<meta name=\"twitter:label1\" content=\"Est. reading time\" \/>\n\t<meta name=\"twitter:data1\" content=\"1 minute\" \/>\n<script type=\"application\/ld+json\" class=\"yoast-schema-graph\">{\"@context\":\"https:\/\/schema.org\",\"@graph\":[{\"@type\":\"WebPage\",\"@id\":\"https:\/\/www.szabadszinhaz.hu\/esemenyek\/ismerjetek-meg-kepek-petofi-sandor-eletebol-a-ponogei-fesztivalon-vass-gyorgy-eloadasaban\/\",\"url\":\"https:\/\/www.szabadszinhaz.hu\/esemenyek\/ismerjetek-meg-kepek-petofi-sandor-eletebol-a-ponogei-fesztivalon-vass-gyorgy-eloadasaban\/\",\"name\":\"Ismerjetek meg! - k\u00e9pek Pet\u0151fi S\u00e1ndor \u00e9let\u00e9b\u0151l a P\u00f6n\u00f6gei Fesztiv\u00e1lon Vass Gy\u00f6rgy el\u0151ad\u00e1s\u00e1ban - Szabad Sz\u00ednh\u00e1z\",\"isPartOf\":{\"@id\":\"https:\/\/www.szabadszinhaz.hu\/#website\"},\"primaryImageOfPage\":{\"@id\":\"https:\/\/www.szabadszinhaz.hu\/esemenyek\/ismerjetek-meg-kepek-petofi-sandor-eletebol-a-ponogei-fesztivalon-vass-gyorgy-eloadasaban\/#primaryimage\"},\"image\":{\"@id\":\"https:\/\/www.szabadszinhaz.hu\/esemenyek\/ismerjetek-meg-kepek-petofi-sandor-eletebol-a-ponogei-fesztivalon-vass-gyorgy-eloadasaban\/#primaryimage\"},\"thumbnailUrl\":\"https:\/\/www.szabadszinhaz.hu\/wp-content\/uploads\/2025\/03\/Ismerjetek-meg-plakat.jpg\",\"datePublished\":\"2025-03-19T14:01:50+00:00\",\"breadcrumb\":{\"@id\":\"https:\/\/www.szabadszinhaz.hu\/esemenyek\/ismerjetek-meg-kepek-petofi-sandor-eletebol-a-ponogei-fesztivalon-vass-gyorgy-eloadasaban\/#breadcrumb\"},\"inLanguage\":\"en-US\",\"potentialAction\":[{\"@type\":\"ReadAction\",\"target\":[\"https:\/\/www.szabadszinhaz.hu\/esemenyek\/ismerjetek-meg-kepek-petofi-sandor-eletebol-a-ponogei-fesztivalon-vass-gyorgy-eloadasaban\/\"]}]},{\"@type\":\"ImageObject\",\"inLanguage\":\"en-US\",\"@id\":\"https:\/\/www.szabadszinhaz.hu\/esemenyek\/ismerjetek-meg-kepek-petofi-sandor-eletebol-a-ponogei-fesztivalon-vass-gyorgy-eloadasaban\/#primaryimage\",\"url\":\"https:\/\/www.szabadszinhaz.hu\/wp-content\/uploads\/2025\/03\/Ismerjetek-meg-plakat.jpg\",\"contentUrl\":\"https:\/\/www.szabadszinhaz.hu\/wp-content\/uploads\/2025\/03\/Ismerjetek-meg-plakat.jpg\",\"width\":687,\"height\":960},{\"@type\":\"BreadcrumbList\",\"@id\":\"https:\/\/www.szabadszinhaz.hu\/esemenyek\/ismerjetek-meg-kepek-petofi-sandor-eletebol-a-ponogei-fesztivalon-vass-gyorgy-eloadasaban\/#breadcrumb\",\"itemListElement\":[{\"@type\":\"ListItem\",\"position\":1,\"name\":\"Kezd\u0151lap\",\"item\":\"https:\/\/www.szabadszinhaz.hu\/\"},{\"@type\":\"ListItem\",\"position\":2,\"name\":\"Events\",\"item\":\"https:\/\/www.szabadszinhaz.hu\/en\/esemenyek\/\"},{\"@type\":\"ListItem\",\"position\":3,\"name\":\"Ismerjetek meg! &#8211; k\u00e9pek Pet\u0151fi S\u00e1ndor \u00e9let\u00e9b\u0151l a P\u00f6n\u00f6gei Fesztiv\u00e1lon Vass Gy\u00f6rgy el\u0151ad\u00e1s\u00e1ban\"}]},{\"@type\":\"WebSite\",\"@id\":\"https:\/\/www.szabadszinhaz.hu\/#website\",\"url\":\"https:\/\/www.szabadszinhaz.hu\/\",\"name\":\"Szabad Sz\u00ednh\u00e1z\",\"description\":\"Szabad Sz\u00ednh\u00e1z\",\"publisher\":{\"@id\":\"https:\/\/www.szabadszinhaz.hu\/#organization\"},\"potentialAction\":[{\"@type\":\"SearchAction\",\"target\":{\"@type\":\"EntryPoint\",\"urlTemplate\":\"https:\/\/www.szabadszinhaz.hu\/?s={search_term_string}\"},\"query-input\":{\"@type\":\"PropertyValueSpecification\",\"valueRequired\":true,\"valueName\":\"search_term_string\"}}],\"inLanguage\":\"en-US\"},{\"@type\":\"Organization\",\"@id\":\"https:\/\/www.szabadszinhaz.hu\/#organization\",\"name\":\"Szabad Sz\u00ednh\u00e1z SZ\u00cdN-T\u00c9R Egyes\u00fclet\",\"url\":\"https:\/\/www.szabadszinhaz.hu\/\",\"logo\":{\"@type\":\"ImageObject\",\"inLanguage\":\"en-US\",\"@id\":\"https:\/\/www.szabadszinhaz.hu\/#\/schema\/logo\/image\/\",\"url\":\"https:\/\/www.szabadszinhaz.hu\/wp-content\/uploads\/2025\/01\/images.jpg\",\"contentUrl\":\"https:\/\/www.szabadszinhaz.hu\/wp-content\/uploads\/2025\/01\/images.jpg\",\"width\":178,\"height\":284,\"caption\":\"Szabad Sz\u00ednh\u00e1z SZ\u00cdN-T\u00c9R Egyes\u00fclet\"},\"image\":{\"@id\":\"https:\/\/www.szabadszinhaz.hu\/#\/schema\/logo\/image\/\"},\"sameAs\":[\"https:\/\/www.facebook.com\/szabadszinhaz\"]}]}<\/script>\n<!-- \/ Yoast SEO plugin. -->","yoast_head_json":{"title":"Ismerjetek meg! - k\u00e9pek Pet\u0151fi S\u00e1ndor \u00e9let\u00e9b\u0151l a P\u00f6n\u00f6gei Fesztiv\u00e1lon Vass Gy\u00f6rgy el\u0151ad\u00e1s\u00e1ban - Szabad Sz\u00ednh\u00e1z","robots":{"index":"index","follow":"follow","max-snippet":"max-snippet:-1","max-image-preview":"max-image-preview:large","max-video-preview":"max-video-preview:-1"},"canonical":"https:\/\/www.szabadszinhaz.hu\/en\/esemenyek\/ismerjetek-meg-kepek-petofi-sandor-eletebol-a-ponogei-fesztivalon-vass-gyorgy-eloadasaban\/","og_locale":"en_US","og_type":"article","og_title":"Ismerjetek meg! - k\u00e9pek Pet\u0151fi S\u00e1ndor \u00e9let\u00e9b\u0151l a P\u00f6n\u00f6gei Fesztiv\u00e1lon Vass Gy\u00f6rgy el\u0151ad\u00e1s\u00e1ban - Szabad Sz\u00ednh\u00e1z","og_description":"Petrovics Alexander, Borostty\u00e1n, \u00d6r\u00f6mfi Vidor, P\u00f6n\u00f6gei Kiss P\u00e1l, avagy Pet\u0151fi a kimer\u00edthetetlen bordalos \u00e9s szerelmes, depressz\u00edv \u00e9s vil\u00e1gf\u00f6lgy\u00fajt\u00f3, dermedt \u00e9s l\u00e1ngol\u00f3, f\u00f6ld\u00f6nfut\u00f3, haz\u00e1tlan, otthontalan senki, ki olykor hitelbe lakott \u00e9s [&hellip;]","og_url":"https:\/\/www.szabadszinhaz.hu\/en\/esemenyek\/ismerjetek-meg-kepek-petofi-sandor-eletebol-a-ponogei-fesztivalon-vass-gyorgy-eloadasaban\/","og_site_name":"Szabad Sz\u00ednh\u00e1z","article_publisher":"https:\/\/www.facebook.com\/szabadszinhaz","og_image":[{"width":687,"height":960,"url":"https:\/\/www.szabadszinhaz.hu\/wp-content\/uploads\/2025\/03\/Ismerjetek-meg-plakat.jpg","type":"image\/jpeg"}],"twitter_card":"summary_large_image","twitter_misc":{"Est. reading time":"1 minute"},"schema":{"@context":"https:\/\/schema.org","@graph":[{"@type":"WebPage","@id":"https:\/\/www.szabadszinhaz.hu\/esemenyek\/ismerjetek-meg-kepek-petofi-sandor-eletebol-a-ponogei-fesztivalon-vass-gyorgy-eloadasaban\/","url":"https:\/\/www.szabadszinhaz.hu\/esemenyek\/ismerjetek-meg-kepek-petofi-sandor-eletebol-a-ponogei-fesztivalon-vass-gyorgy-eloadasaban\/","name":"Ismerjetek meg! - k\u00e9pek Pet\u0151fi S\u00e1ndor \u00e9let\u00e9b\u0151l a P\u00f6n\u00f6gei Fesztiv\u00e1lon Vass Gy\u00f6rgy el\u0151ad\u00e1s\u00e1ban - Szabad Sz\u00ednh\u00e1z","isPartOf":{"@id":"https:\/\/www.szabadszinhaz.hu\/#website"},"primaryImageOfPage":{"@id":"https:\/\/www.szabadszinhaz.hu\/esemenyek\/ismerjetek-meg-kepek-petofi-sandor-eletebol-a-ponogei-fesztivalon-vass-gyorgy-eloadasaban\/#primaryimage"},"image":{"@id":"https:\/\/www.szabadszinhaz.hu\/esemenyek\/ismerjetek-meg-kepek-petofi-sandor-eletebol-a-ponogei-fesztivalon-vass-gyorgy-eloadasaban\/#primaryimage"},"thumbnailUrl":"https:\/\/www.szabadszinhaz.hu\/wp-content\/uploads\/2025\/03\/Ismerjetek-meg-plakat.jpg","datePublished":"2025-03-19T14:01:50+00:00","breadcrumb":{"@id":"https:\/\/www.szabadszinhaz.hu\/esemenyek\/ismerjetek-meg-kepek-petofi-sandor-eletebol-a-ponogei-fesztivalon-vass-gyorgy-eloadasaban\/#breadcrumb"},"inLanguage":"en-US","potentialAction":[{"@type":"ReadAction","target":["https:\/\/www.szabadszinhaz.hu\/esemenyek\/ismerjetek-meg-kepek-petofi-sandor-eletebol-a-ponogei-fesztivalon-vass-gyorgy-eloadasaban\/"]}]},{"@type":"ImageObject","inLanguage":"en-US","@id":"https:\/\/www.szabadszinhaz.hu\/esemenyek\/ismerjetek-meg-kepek-petofi-sandor-eletebol-a-ponogei-fesztivalon-vass-gyorgy-eloadasaban\/#primaryimage","url":"https:\/\/www.szabadszinhaz.hu\/wp-content\/uploads\/2025\/03\/Ismerjetek-meg-plakat.jpg","contentUrl":"https:\/\/www.szabadszinhaz.hu\/wp-content\/uploads\/2025\/03\/Ismerjetek-meg-plakat.jpg","width":687,"height":960},{"@type":"BreadcrumbList","@id":"https:\/\/www.szabadszinhaz.hu\/esemenyek\/ismerjetek-meg-kepek-petofi-sandor-eletebol-a-ponogei-fesztivalon-vass-gyorgy-eloadasaban\/#breadcrumb","itemListElement":[{"@type":"ListItem","position":1,"name":"Kezd\u0151lap","item":"https:\/\/www.szabadszinhaz.hu\/"},{"@type":"ListItem","position":2,"name":"Events","item":"https:\/\/www.szabadszinhaz.hu\/en\/esemenyek\/"},{"@type":"ListItem","position":3,"name":"Ismerjetek meg! &#8211; k\u00e9pek Pet\u0151fi S\u00e1ndor \u00e9let\u00e9b\u0151l a P\u00f6n\u00f6gei Fesztiv\u00e1lon Vass Gy\u00f6rgy el\u0151ad\u00e1s\u00e1ban"}]},{"@type":"WebSite","@id":"https:\/\/www.szabadszinhaz.hu\/#website","url":"https:\/\/www.szabadszinhaz.hu\/","name":"Free Theatre - Szabad Sz\u00ednh\u00e1z","description":"Free Theatre - Szabad Sz\u00ednh\u00e1z","publisher":{"@id":"https:\/\/www.szabadszinhaz.hu\/#organization"},"potentialAction":[{"@type":"SearchAction","target":{"@type":"EntryPoint","urlTemplate":"https:\/\/www.szabadszinhaz.hu\/?s={search_term_string}"},"query-input":{"@type":"PropertyValueSpecification","valueRequired":true,"valueName":"search_term_string"}}],"inLanguage":"en-US"},{"@type":"Organization","@id":"https:\/\/www.szabadszinhaz.hu\/#organization","name":"Szabad Sz\u00ednh\u00e1z SZ\u00cdN-T\u00c9R Egyes\u00fclet","url":"https:\/\/www.szabadszinhaz.hu\/","logo":{"@type":"ImageObject","inLanguage":"en-US","@id":"https:\/\/www.szabadszinhaz.hu\/#\/schema\/logo\/image\/","url":"https:\/\/www.szabadszinhaz.hu\/wp-content\/uploads\/2025\/01\/images.jpg","contentUrl":"https:\/\/www.szabadszinhaz.hu\/wp-content\/uploads\/2025\/01\/images.jpg","width":178,"height":284,"caption":"Szabad Sz\u00ednh\u00e1z SZ\u00cdN-T\u00c9R Egyes\u00fclet"},"image":{"@id":"https:\/\/www.szabadszinhaz.hu\/#\/schema\/logo\/image\/"},"sameAs":["https:\/\/www.facebook.com\/szabadszinhaz"]}]}},"ticketed":false,"_links":{"self":[{"href":"https:\/\/www.szabadszinhaz.hu\/en\/wp-json\/wp\/v2\/tribe_events\/8901","targetHints":{"allow":["GET"]}}],"collection":[{"href":"https:\/\/www.szabadszinhaz.hu\/en\/wp-json\/wp\/v2\/tribe_events"}],"about":[{"href":"https:\/\/www.szabadszinhaz.hu\/en\/wp-json\/wp\/v2\/types\/tribe_events"}],"author":[{"embeddable":true,"href":"https:\/\/www.szabadszinhaz.hu\/en\/wp-json\/wp\/v2\/users\/4"}],"version-history":[{"count":1,"href":"https:\/\/www.szabadszinhaz.hu\/en\/wp-json\/wp\/v2\/tribe_events\/8901\/revisions"}],"predecessor-version":[{"id":8903,"href":"https:\/\/www.szabadszinhaz.hu\/en\/wp-json\/wp\/v2\/tribe_events\/8901\/revisions\/8903"}],"wp:featuredmedia":[{"embeddable":true,"href":"https:\/\/www.szabadszinhaz.hu\/en\/wp-json\/wp\/v2\/media\/8902"}],"wp:attachment":[{"href":"https:\/\/www.szabadszinhaz.hu\/en\/wp-json\/wp\/v2\/media?parent=8901"}],"wp:term":[{"taxonomy":"post_tag","embeddable":true,"href":"https:\/\/www.szabadszinhaz.hu\/en\/wp-json\/wp\/v2\/tags?post=8901"},{"taxonomy":"tribe_events_cat","embeddable":true,"href":"https:\/\/www.szabadszinhaz.hu\/en\/wp-json\/wp\/v2\/tribe_events_cat?post=8901"}],"curies":[{"name":"wp","href":"https:\/\/api.w.org\/{rel}","templated":true}]}}