{"id":8898,"date":"2025-03-19T14:56:14","date_gmt":"2025-03-19T13:56:14","guid":{"rendered":"https:\/\/www.szabadszinhaz.hu\/?post_type=tribe_events&#038;p=8898"},"modified":"2025-03-19T14:56:14","modified_gmt":"2025-03-19T13:56:14","slug":"zselenszky-tamas-nap-a-ponogei-kis-pal-vandorszinjatszo-fesztival-lelekoltozteto-teraszan","status":"publish","type":"tribe_events","link":"https:\/\/www.szabadszinhaz.hu\/en\/esemenyek\/zselenszky-tamas-nap-a-ponogei-kis-pal-vandorszinjatszo-fesztival-lelekoltozteto-teraszan\/","title":{"rendered":"Zselenszky Tam\u00e1s-Nap- a P\u00f6n\u00f6gei Kis P\u00e1l V\u00e1ndorsz\u00ednj\u00e1tsz\u00f3 Fesztiv\u00e1l L\u00e9lek\u00f6lt\u00f6ztet\u0151 terasz\u00e1n"},"content":{"rendered":"<p>Zselenszky Tam\u00e1st az 1998-ban alakult Eleven Hold zenekar frontemberek\u00e9nt ismerhette meg a magyar k\u00f6z\u00f6ns\u00e9g. Tam\u00e1s dalai ill. dalsz\u00f6vegei ebben az id\u00f6szakban (2000-07) h\u00e1rom nagylemezen \u00e9s \u00f6t kislemezen jelentek meg. 2006-ban alap\u00edtotta meg csendes-\u00fcl\u00f6s hangszerel\u00e9s\u0171 sz\u00f3l\u00f3form\u00e1ci\u00f3j\u00e1t, amelynek dalaib\u00f3l a P\u00f6n\u00f6gei Fesztiv\u00e1l L\u00e9lek\u00f6lt\u00f6ztet\u0151 terasz\u00e1n v\u00e1logat, \u00e9s ad el\u0151 csak nek\u00fcnk. ..\u00e9s hol m\u00e1shol, mint pont M\u00e1ty\u00e1s kir\u00e1ly holl\u00f3ja alatt&#8230;.<span class=\"html-span xexx8yu x4uap5 x18d9i69 xkhd6sd x1hl2dhg x16tdsg8 x1vvkbs x3nfvp2 x1j61x8r x1fcty0u xdj266r xat24cr xgzva0m xhhsvwb xxymvpz xlup9mm x1kky2od\"><img loading=\"lazy\" decoding=\"async\" class=\"xz74otr x168nmei x13lgxp2 x5pf9jr xo71vjh\" src=\"https:\/\/static.xx.fbcdn.net\/images\/emoji.php\/v9\/t4c\/1\/16\/1f642.png\" alt=\"\ud83d\ude42\" width=\"16\" height=\"16\" \/><\/span><\/p>","protected":false},"excerpt":{"rendered":"<p>Zselenszky Tam\u00e1st az 1998-ban alakult Eleven Hold zenekar frontemberek\u00e9nt ismerhette meg a magyar k\u00f6z\u00f6ns\u00e9g. Tam\u00e1s dalai ill. dalsz\u00f6vegei ebben az id\u00f6szakban (2000-07) h\u00e1rom nagylemezen \u00e9s \u00f6t kislemezen jelentek meg. 2006-ban [&hellip;]<\/p>\n","protected":false},"author":4,"featured_media":8899,"template":"","meta":{"_et_pb_use_builder":"","_et_pb_old_content":"","_et_gb_content_width":"","_price":"","_stock":"","_tribe_ticket_header":"","_tribe_default_ticket_provider":"TEC\\Tickets\\Commerce\\Module","_ticket_start_date":"","_ticket_end_date":"","_tribe_ticket_show_description":"","_tribe_ticket_show_not_going":false,"_tribe_ticket_use_global_stock":"","_tribe_ticket_global_stock_level":"","_global_stock_mode":"","_global_stock_cap":"","_tribe_rsvp_for_event":"","_tribe_ticket_going_count":"","_tribe_ticket_not_going_count":"","_tribe_tickets_list":"[]","_tribe_ticket_has_attendee_info_fields":false,"_tribe_events_status":"","_tribe_events_status_reason":"","footnotes":"","_tec_slr_enabled":"","_tec_slr_layout":""},"tags":[],"tribe_events_cat":[],"class_list":["post-8898","tribe_events","type-tribe_events","status-publish","has-post-thumbnail","hentry"],"yoast_head":"<!-- This site is optimized with the Yoast SEO plugin v25.0 - https:\/\/yoast.com\/wordpress\/plugins\/seo\/ -->\n<title>Zselenszky Tam\u00e1s-Nap- a P\u00f6n\u00f6gei Kis P\u00e1l V\u00e1ndorsz\u00ednj\u00e1tsz\u00f3 Fesztiv\u00e1l L\u00e9lek\u00f6lt\u00f6ztet\u0151 terasz\u00e1n - Szabad Sz\u00ednh\u00e1z<\/title>\n<meta name=\"robots\" content=\"index, follow, max-snippet:-1, max-image-preview:large, max-video-preview:-1\" \/>\n<link rel=\"canonical\" href=\"https:\/\/www.szabadszinhaz.hu\/en\/esemenyek\/zselenszky-tamas-nap-a-ponogei-kis-pal-vandorszinjatszo-fesztival-lelekoltozteto-teraszan\/\" \/>\n<meta property=\"og:locale\" content=\"en_US\" \/>\n<meta property=\"og:type\" content=\"article\" \/>\n<meta property=\"og:title\" content=\"Zselenszky Tam\u00e1s-Nap- a P\u00f6n\u00f6gei Kis P\u00e1l V\u00e1ndorsz\u00ednj\u00e1tsz\u00f3 Fesztiv\u00e1l L\u00e9lek\u00f6lt\u00f6ztet\u0151 terasz\u00e1n - Szabad Sz\u00ednh\u00e1z\" \/>\n<meta property=\"og:description\" content=\"Zselenszky Tam\u00e1st az 1998-ban alakult Eleven Hold zenekar frontemberek\u00e9nt ismerhette meg a magyar k\u00f6z\u00f6ns\u00e9g. Tam\u00e1s dalai ill. dalsz\u00f6vegei ebben az id\u00f6szakban (2000-07) h\u00e1rom nagylemezen \u00e9s \u00f6t kislemezen jelentek meg. 2006-ban [&hellip;]\" \/>\n<meta property=\"og:url\" content=\"https:\/\/www.szabadszinhaz.hu\/en\/esemenyek\/zselenszky-tamas-nap-a-ponogei-kis-pal-vandorszinjatszo-fesztival-lelekoltozteto-teraszan\/\" \/>\n<meta property=\"og:site_name\" content=\"Szabad Sz\u00ednh\u00e1z\" \/>\n<meta property=\"article:publisher\" content=\"https:\/\/www.facebook.com\/szabadszinhaz\" \/>\n<meta property=\"og:image\" content=\"https:\/\/www.szabadszinhaz.hu\/wp-content\/uploads\/2025\/03\/Zselenszky.jpg\" \/>\n\t<meta property=\"og:image:width\" content=\"960\" \/>\n\t<meta property=\"og:image:height\" content=\"640\" \/>\n\t<meta property=\"og:image:type\" content=\"image\/jpeg\" \/>\n<meta name=\"twitter:card\" content=\"summary_large_image\" \/>\n<meta name=\"twitter:label1\" content=\"Est. reading time\" \/>\n\t<meta name=\"twitter:data1\" content=\"1 minute\" \/>\n<script type=\"application\/ld+json\" class=\"yoast-schema-graph\">{\"@context\":\"https:\/\/schema.org\",\"@graph\":[{\"@type\":\"WebPage\",\"@id\":\"https:\/\/www.szabadszinhaz.hu\/en\/esemenyek\/zselenszky-tamas-nap-a-ponogei-kis-pal-vandorszinjatszo-fesztival-lelekoltozteto-teraszan\/\",\"url\":\"https:\/\/www.szabadszinhaz.hu\/en\/esemenyek\/zselenszky-tamas-nap-a-ponogei-kis-pal-vandorszinjatszo-fesztival-lelekoltozteto-teraszan\/\",\"name\":\"Zselenszky Tam\u00e1s-Nap- a P\u00f6n\u00f6gei Kis P\u00e1l V\u00e1ndorsz\u00ednj\u00e1tsz\u00f3 Fesztiv\u00e1l L\u00e9lek\u00f6lt\u00f6ztet\u0151 terasz\u00e1n - Szabad Sz\u00ednh\u00e1z\",\"isPartOf\":{\"@id\":\"https:\/\/www.szabadszinhaz.hu\/#website\"},\"primaryImageOfPage\":{\"@id\":\"https:\/\/www.szabadszinhaz.hu\/en\/esemenyek\/zselenszky-tamas-nap-a-ponogei-kis-pal-vandorszinjatszo-fesztival-lelekoltozteto-teraszan\/#primaryimage\"},\"image\":{\"@id\":\"https:\/\/www.szabadszinhaz.hu\/en\/esemenyek\/zselenszky-tamas-nap-a-ponogei-kis-pal-vandorszinjatszo-fesztival-lelekoltozteto-teraszan\/#primaryimage\"},\"thumbnailUrl\":\"https:\/\/www.szabadszinhaz.hu\/wp-content\/uploads\/2025\/03\/Zselenszky.jpg\",\"datePublished\":\"2025-03-19T13:56:14+00:00\",\"breadcrumb\":{\"@id\":\"https:\/\/www.szabadszinhaz.hu\/en\/esemenyek\/zselenszky-tamas-nap-a-ponogei-kis-pal-vandorszinjatszo-fesztival-lelekoltozteto-teraszan\/#breadcrumb\"},\"inLanguage\":\"en-US\",\"potentialAction\":[{\"@type\":\"ReadAction\",\"target\":[\"https:\/\/www.szabadszinhaz.hu\/en\/esemenyek\/zselenszky-tamas-nap-a-ponogei-kis-pal-vandorszinjatszo-fesztival-lelekoltozteto-teraszan\/\"]}]},{\"@type\":\"ImageObject\",\"inLanguage\":\"en-US\",\"@id\":\"https:\/\/www.szabadszinhaz.hu\/en\/esemenyek\/zselenszky-tamas-nap-a-ponogei-kis-pal-vandorszinjatszo-fesztival-lelekoltozteto-teraszan\/#primaryimage\",\"url\":\"https:\/\/www.szabadszinhaz.hu\/wp-content\/uploads\/2025\/03\/Zselenszky.jpg\",\"contentUrl\":\"https:\/\/www.szabadszinhaz.hu\/wp-content\/uploads\/2025\/03\/Zselenszky.jpg\",\"width\":960,\"height\":640},{\"@type\":\"BreadcrumbList\",\"@id\":\"https:\/\/www.szabadszinhaz.hu\/en\/esemenyek\/zselenszky-tamas-nap-a-ponogei-kis-pal-vandorszinjatszo-fesztival-lelekoltozteto-teraszan\/#breadcrumb\",\"itemListElement\":[{\"@type\":\"ListItem\",\"position\":1,\"name\":\"Kezd\u0151lap\",\"item\":\"https:\/\/www.szabadszinhaz.hu\/\"},{\"@type\":\"ListItem\",\"position\":2,\"name\":\"Events\",\"item\":\"https:\/\/www.szabadszinhaz.hu\/en\/esemenyek\/\"},{\"@type\":\"ListItem\",\"position\":3,\"name\":\"Zselenszky Tam\u00e1s-Nap- a P\u00f6n\u00f6gei Kis P\u00e1l V\u00e1ndorsz\u00ednj\u00e1tsz\u00f3 Fesztiv\u00e1l L\u00e9lek\u00f6lt\u00f6ztet\u0151 terasz\u00e1n\"}]},{\"@type\":\"WebSite\",\"@id\":\"https:\/\/www.szabadszinhaz.hu\/#website\",\"url\":\"https:\/\/www.szabadszinhaz.hu\/\",\"name\":\"Szabad Sz\u00ednh\u00e1z\",\"description\":\"Szabad Sz\u00ednh\u00e1z\",\"publisher\":{\"@id\":\"https:\/\/www.szabadszinhaz.hu\/#organization\"},\"potentialAction\":[{\"@type\":\"SearchAction\",\"target\":{\"@type\":\"EntryPoint\",\"urlTemplate\":\"https:\/\/www.szabadszinhaz.hu\/?s={search_term_string}\"},\"query-input\":{\"@type\":\"PropertyValueSpecification\",\"valueRequired\":true,\"valueName\":\"search_term_string\"}}],\"inLanguage\":\"en-US\"},{\"@type\":\"Organization\",\"@id\":\"https:\/\/www.szabadszinhaz.hu\/#organization\",\"name\":\"Szabad Sz\u00ednh\u00e1z SZ\u00cdN-T\u00c9R Egyes\u00fclet\",\"url\":\"https:\/\/www.szabadszinhaz.hu\/\",\"logo\":{\"@type\":\"ImageObject\",\"inLanguage\":\"en-US\",\"@id\":\"https:\/\/www.szabadszinhaz.hu\/#\/schema\/logo\/image\/\",\"url\":\"https:\/\/www.szabadszinhaz.hu\/wp-content\/uploads\/2025\/01\/images.jpg\",\"contentUrl\":\"https:\/\/www.szabadszinhaz.hu\/wp-content\/uploads\/2025\/01\/images.jpg\",\"width\":178,\"height\":284,\"caption\":\"Szabad Sz\u00ednh\u00e1z SZ\u00cdN-T\u00c9R Egyes\u00fclet\"},\"image\":{\"@id\":\"https:\/\/www.szabadszinhaz.hu\/#\/schema\/logo\/image\/\"},\"sameAs\":[\"https:\/\/www.facebook.com\/szabadszinhaz\"]}]}<\/script>\n<!-- \/ Yoast SEO plugin. -->","yoast_head_json":{"title":"Zselenszky Tam\u00e1s-Nap- a P\u00f6n\u00f6gei Kis P\u00e1l V\u00e1ndorsz\u00ednj\u00e1tsz\u00f3 Fesztiv\u00e1l L\u00e9lek\u00f6lt\u00f6ztet\u0151 terasz\u00e1n - Szabad Sz\u00ednh\u00e1z","robots":{"index":"index","follow":"follow","max-snippet":"max-snippet:-1","max-image-preview":"max-image-preview:large","max-video-preview":"max-video-preview:-1"},"canonical":"https:\/\/www.szabadszinhaz.hu\/en\/esemenyek\/zselenszky-tamas-nap-a-ponogei-kis-pal-vandorszinjatszo-fesztival-lelekoltozteto-teraszan\/","og_locale":"en_US","og_type":"article","og_title":"Zselenszky Tam\u00e1s-Nap- a P\u00f6n\u00f6gei Kis P\u00e1l V\u00e1ndorsz\u00ednj\u00e1tsz\u00f3 Fesztiv\u00e1l L\u00e9lek\u00f6lt\u00f6ztet\u0151 terasz\u00e1n - Szabad Sz\u00ednh\u00e1z","og_description":"Zselenszky Tam\u00e1st az 1998-ban alakult Eleven Hold zenekar frontemberek\u00e9nt ismerhette meg a magyar k\u00f6z\u00f6ns\u00e9g. Tam\u00e1s dalai ill. dalsz\u00f6vegei ebben az id\u00f6szakban (2000-07) h\u00e1rom nagylemezen \u00e9s \u00f6t kislemezen jelentek meg. 2006-ban [&hellip;]","og_url":"https:\/\/www.szabadszinhaz.hu\/en\/esemenyek\/zselenszky-tamas-nap-a-ponogei-kis-pal-vandorszinjatszo-fesztival-lelekoltozteto-teraszan\/","og_site_name":"Szabad Sz\u00ednh\u00e1z","article_publisher":"https:\/\/www.facebook.com\/szabadszinhaz","og_image":[{"width":960,"height":640,"url":"https:\/\/www.szabadszinhaz.hu\/wp-content\/uploads\/2025\/03\/Zselenszky.jpg","type":"image\/jpeg"}],"twitter_card":"summary_large_image","twitter_misc":{"Est. reading time":"1 minute"},"schema":{"@context":"https:\/\/schema.org","@graph":[{"@type":"WebPage","@id":"https:\/\/www.szabadszinhaz.hu\/en\/esemenyek\/zselenszky-tamas-nap-a-ponogei-kis-pal-vandorszinjatszo-fesztival-lelekoltozteto-teraszan\/","url":"https:\/\/www.szabadszinhaz.hu\/en\/esemenyek\/zselenszky-tamas-nap-a-ponogei-kis-pal-vandorszinjatszo-fesztival-lelekoltozteto-teraszan\/","name":"Zselenszky Tam\u00e1s-Nap- a P\u00f6n\u00f6gei Kis P\u00e1l V\u00e1ndorsz\u00ednj\u00e1tsz\u00f3 Fesztiv\u00e1l L\u00e9lek\u00f6lt\u00f6ztet\u0151 terasz\u00e1n - Szabad Sz\u00ednh\u00e1z","isPartOf":{"@id":"https:\/\/www.szabadszinhaz.hu\/#website"},"primaryImageOfPage":{"@id":"https:\/\/www.szabadszinhaz.hu\/en\/esemenyek\/zselenszky-tamas-nap-a-ponogei-kis-pal-vandorszinjatszo-fesztival-lelekoltozteto-teraszan\/#primaryimage"},"image":{"@id":"https:\/\/www.szabadszinhaz.hu\/en\/esemenyek\/zselenszky-tamas-nap-a-ponogei-kis-pal-vandorszinjatszo-fesztival-lelekoltozteto-teraszan\/#primaryimage"},"thumbnailUrl":"https:\/\/www.szabadszinhaz.hu\/wp-content\/uploads\/2025\/03\/Zselenszky.jpg","datePublished":"2025-03-19T13:56:14+00:00","breadcrumb":{"@id":"https:\/\/www.szabadszinhaz.hu\/en\/esemenyek\/zselenszky-tamas-nap-a-ponogei-kis-pal-vandorszinjatszo-fesztival-lelekoltozteto-teraszan\/#breadcrumb"},"inLanguage":"en-US","potentialAction":[{"@type":"ReadAction","target":["https:\/\/www.szabadszinhaz.hu\/en\/esemenyek\/zselenszky-tamas-nap-a-ponogei-kis-pal-vandorszinjatszo-fesztival-lelekoltozteto-teraszan\/"]}]},{"@type":"ImageObject","inLanguage":"en-US","@id":"https:\/\/www.szabadszinhaz.hu\/en\/esemenyek\/zselenszky-tamas-nap-a-ponogei-kis-pal-vandorszinjatszo-fesztival-lelekoltozteto-teraszan\/#primaryimage","url":"https:\/\/www.szabadszinhaz.hu\/wp-content\/uploads\/2025\/03\/Zselenszky.jpg","contentUrl":"https:\/\/www.szabadszinhaz.hu\/wp-content\/uploads\/2025\/03\/Zselenszky.jpg","width":960,"height":640},{"@type":"BreadcrumbList","@id":"https:\/\/www.szabadszinhaz.hu\/en\/esemenyek\/zselenszky-tamas-nap-a-ponogei-kis-pal-vandorszinjatszo-fesztival-lelekoltozteto-teraszan\/#breadcrumb","itemListElement":[{"@type":"ListItem","position":1,"name":"Kezd\u0151lap","item":"https:\/\/www.szabadszinhaz.hu\/"},{"@type":"ListItem","position":2,"name":"Events","item":"https:\/\/www.szabadszinhaz.hu\/en\/esemenyek\/"},{"@type":"ListItem","position":3,"name":"Zselenszky Tam\u00e1s-Nap- a P\u00f6n\u00f6gei Kis P\u00e1l V\u00e1ndorsz\u00ednj\u00e1tsz\u00f3 Fesztiv\u00e1l L\u00e9lek\u00f6lt\u00f6ztet\u0151 terasz\u00e1n"}]},{"@type":"WebSite","@id":"https:\/\/www.szabadszinhaz.hu\/#website","url":"https:\/\/www.szabadszinhaz.hu\/","name":"Free Theatre - Szabad Sz\u00ednh\u00e1z","description":"Free Theatre - Szabad Sz\u00ednh\u00e1z","publisher":{"@id":"https:\/\/www.szabadszinhaz.hu\/#organization"},"potentialAction":[{"@type":"SearchAction","target":{"@type":"EntryPoint","urlTemplate":"https:\/\/www.szabadszinhaz.hu\/?s={search_term_string}"},"query-input":{"@type":"PropertyValueSpecification","valueRequired":true,"valueName":"search_term_string"}}],"inLanguage":"en-US"},{"@type":"Organization","@id":"https:\/\/www.szabadszinhaz.hu\/#organization","name":"Szabad Sz\u00ednh\u00e1z SZ\u00cdN-T\u00c9R Egyes\u00fclet","url":"https:\/\/www.szabadszinhaz.hu\/","logo":{"@type":"ImageObject","inLanguage":"en-US","@id":"https:\/\/www.szabadszinhaz.hu\/#\/schema\/logo\/image\/","url":"https:\/\/www.szabadszinhaz.hu\/wp-content\/uploads\/2025\/01\/images.jpg","contentUrl":"https:\/\/www.szabadszinhaz.hu\/wp-content\/uploads\/2025\/01\/images.jpg","width":178,"height":284,"caption":"Szabad Sz\u00ednh\u00e1z SZ\u00cdN-T\u00c9R Egyes\u00fclet"},"image":{"@id":"https:\/\/www.szabadszinhaz.hu\/#\/schema\/logo\/image\/"},"sameAs":["https:\/\/www.facebook.com\/szabadszinhaz"]}]}},"ticketed":false,"_links":{"self":[{"href":"https:\/\/www.szabadszinhaz.hu\/en\/wp-json\/wp\/v2\/tribe_events\/8898","targetHints":{"allow":["GET"]}}],"collection":[{"href":"https:\/\/www.szabadszinhaz.hu\/en\/wp-json\/wp\/v2\/tribe_events"}],"about":[{"href":"https:\/\/www.szabadszinhaz.hu\/en\/wp-json\/wp\/v2\/types\/tribe_events"}],"author":[{"embeddable":true,"href":"https:\/\/www.szabadszinhaz.hu\/en\/wp-json\/wp\/v2\/users\/4"}],"version-history":[{"count":1,"href":"https:\/\/www.szabadszinhaz.hu\/en\/wp-json\/wp\/v2\/tribe_events\/8898\/revisions"}],"predecessor-version":[{"id":8900,"href":"https:\/\/www.szabadszinhaz.hu\/en\/wp-json\/wp\/v2\/tribe_events\/8898\/revisions\/8900"}],"wp:featuredmedia":[{"embeddable":true,"href":"https:\/\/www.szabadszinhaz.hu\/en\/wp-json\/wp\/v2\/media\/8899"}],"wp:attachment":[{"href":"https:\/\/www.szabadszinhaz.hu\/en\/wp-json\/wp\/v2\/media?parent=8898"}],"wp:term":[{"taxonomy":"post_tag","embeddable":true,"href":"https:\/\/www.szabadszinhaz.hu\/en\/wp-json\/wp\/v2\/tags?post=8898"},{"taxonomy":"tribe_events_cat","embeddable":true,"href":"https:\/\/www.szabadszinhaz.hu\/en\/wp-json\/wp\/v2\/tribe_events_cat?post=8898"}],"curies":[{"name":"wp","href":"https:\/\/api.w.org\/{rel}","templated":true}]}}