{"id":8895,"date":"2025-03-19T14:50:51","date_gmt":"2025-03-19T13:50:51","guid":{"rendered":"https:\/\/www.szabadszinhaz.hu\/?post_type=tribe_events&#038;p=8895"},"modified":"2025-03-19T14:50:51","modified_gmt":"2025-03-19T13:50:51","slug":"vitez-laszloval-nyitjuk-meg-a-2024-es-ponogei-kis-pal-fesztivalt-az-igezo-elotti-kis-teren-hozzatok-a-gyerekeket","status":"publish","type":"tribe_events","link":"https:\/\/www.szabadszinhaz.hu\/en\/esemenyek\/vitez-laszloval-nyitjuk-meg-a-2024-es-ponogei-kis-pal-fesztivalt-az-igezo-elotti-kis-teren-hozzatok-a-gyerekeket\/","title":{"rendered":"Vit\u00e9z L\u00e1szl\u00f3val nyitjuk meg a 2024-es P\u00f6n\u00f6gei Kis P\u00e1l Fesztiv\u00e1lt, az Ig\u00e9z\u0151 el\u0151tti kis t\u00e9ren! Hozz\u00e1tok a gyerekeket!"},"content":{"rendered":"<div class=\"xdj266r x11i5rnm xat24cr x1mh8g0r x1vvkbs\">Vit\u00e9z L\u00e1szl\u00f3val nyitjuk meg a 2024-es P\u00f6n\u00f6gei Kis P\u00e1l Fesztiv\u00e1lt, az Ig\u00e9z\u0151 el\u0151tti kis t\u00e9ren! Hozz\u00e1tok a gyerekeket!<br class=\"html-br\" \/>A hagyom\u00e1nyos v\u00e1s\u00e1ri b\u00e1bj\u00e1t\u00e9kban a<br class=\"html-br\" \/>pirossipk\u00e1s, vid\u00e1m fick\u00f3 palacsintas\u00fct\u0151j\u00e9vel<br class=\"html-br\" \/>tan\u00edtja m\u00f3resre az \u00f6rd\u00f6g\u00f6ket \u00e9s mag\u00e1t a<br class=\"html-br\" \/>hal\u00e1lt is. Szipork\u00e1z\u00f3, \u00e9letvid\u00e1m keszty\u0171s<br class=\"html-br\" \/>b\u00e1bj\u00e1t\u00e9k ez, melyet v\u00e1s\u00e1ri mutatv\u00e1nyok<br class=\"html-br\" \/>el\u0151znek meg.<br class=\"html-br\" \/>A moln\u00e1r mester malm\u00e1t megsz\u00e1llj\u00e1k az<br class=\"html-br\" \/>\u00f6rd\u00f6g\u00f6k \u00e9s a szellemek. Nem engedik meg\u0151r\u00f6lni az emberek b\u00faz\u00e1j\u00e1t. Liszt n\u00e9lk\u00fcl nincs<br class=\"html-br\" \/>keny\u00e9r \u00e9s akkor oda az \u00e9let.<br class=\"html-br\" \/>A Molin\u00e1ri b\u00e1csi megk\u00e9ri Vit\u00e9z L\u00e1szl\u00f3t, zavarja el<br class=\"html-br\" \/>az \u00f6rd\u00f6g\u00f6ket \u00e9s a szellemeket a malomb\u00f3l, aki<br class=\"html-br\" \/>n\u00e9mi gondolkod\u00e1s ut\u00e1n r\u00e1\u00e1ll. Kap egy zs\u00e1k<br class=\"html-br\" \/>b\u00faz\u00e1t, hogy \u0151r\u00f6lje meg a malomban. Vit\u00e9z<br class=\"html-br\" \/>L\u00e1szl\u00f3 megpr\u00f3b\u00e1lja bevinni a zs\u00e1kot a<br class=\"html-br\" \/>\u201emajomba\u201d, de sorra \u00fatj\u00e1t \u00e1llj\u00e1k az \u00f6rd\u00f6g\u00f6k.<br class=\"html-br\" \/>Utolj\u00e1ra a hal\u00e1llal is szembe kell n\u00e9znie. V\u00e9g\u00fcl is<br class=\"html-br\" \/>a malom \u00fajra \u0151r\u00f6lni kezd, \u00e9s zs\u00e1k b\u00faz\u00e1b\u00f3l egy<br class=\"html-br\" \/>zs\u00e1k liszt lesz. De a moln\u00e1r m\u00e9gsem akarja<br class=\"html-br\" \/>kifizetni a jutalmat. \u0150t is m\u00f3resre tan\u00edtja<br class=\"html-br\" \/>h\u0151s\u00fcnk. V\u00e9g\u00fcl az igazi jutalom a k\u00f6z\u00f6ns\u00e9g tapsa<br class=\"html-br\" \/>lesz.<\/div>\n<div class=\"x11i5rnm xat24cr x1mh8g0r x1vvkbs xtlvy1s\">Rendezte: Kov\u00e1cs Ildik\u00f3<br class=\"html-br\" \/>Tervezte: Majoros Gyula<br class=\"html-br\" \/>J\u00e1tssza: P\u00e1lyi J\u00e1nos<\/div>","protected":false},"excerpt":{"rendered":"<p>Vit\u00e9z L\u00e1szl\u00f3val nyitjuk meg a 2024-es P\u00f6n\u00f6gei Kis P\u00e1l Fesztiv\u00e1lt, az Ig\u00e9z\u0151 el\u0151tti kis t\u00e9ren! Hozz\u00e1tok a gyerekeket!A hagyom\u00e1nyos v\u00e1s\u00e1ri b\u00e1bj\u00e1t\u00e9kban apirossipk\u00e1s, vid\u00e1m fick\u00f3 palacsintas\u00fct\u0151j\u00e9veltan\u00edtja m\u00f3resre az \u00f6rd\u00f6g\u00f6ket \u00e9s mag\u00e1t [&hellip;]<\/p>\n","protected":false},"author":4,"featured_media":8896,"template":"","meta":{"_et_pb_use_builder":"","_et_pb_old_content":"","_et_gb_content_width":"","_price":"","_stock":"","_tribe_ticket_header":"","_tribe_default_ticket_provider":"TEC\\Tickets\\Commerce\\Module","_ticket_start_date":"","_ticket_end_date":"","_tribe_ticket_show_description":"","_tribe_ticket_show_not_going":false,"_tribe_ticket_use_global_stock":"","_tribe_ticket_global_stock_level":"","_global_stock_mode":"","_global_stock_cap":"","_tribe_rsvp_for_event":"","_tribe_ticket_going_count":"","_tribe_ticket_not_going_count":"","_tribe_tickets_list":"[]","_tribe_ticket_has_attendee_info_fields":false,"_tribe_events_status":"","_tribe_events_status_reason":"","footnotes":"","_tec_slr_enabled":"","_tec_slr_layout":""},"tags":[],"tribe_events_cat":[],"class_list":["post-8895","tribe_events","type-tribe_events","status-publish","has-post-thumbnail","hentry"],"yoast_head":"<!-- This site is optimized with the Yoast SEO plugin v25.0 - https:\/\/yoast.com\/wordpress\/plugins\/seo\/ -->\n<title>Vit\u00e9z L\u00e1szl\u00f3val nyitjuk meg a 2024-es P\u00f6n\u00f6gei Kis P\u00e1l Fesztiv\u00e1lt, az Ig\u00e9z\u0151 el\u0151tti kis t\u00e9ren! Hozz\u00e1tok a gyerekeket! - Szabad Sz\u00ednh\u00e1z<\/title>\n<meta name=\"robots\" content=\"index, follow, max-snippet:-1, max-image-preview:large, max-video-preview:-1\" \/>\n<link rel=\"canonical\" href=\"https:\/\/www.szabadszinhaz.hu\/en\/esemenyek\/vitez-laszloval-nyitjuk-meg-a-2024-es-ponogei-kis-pal-fesztivalt-az-igezo-elotti-kis-teren-hozzatok-a-gyerekeket\/\" \/>\n<meta property=\"og:locale\" content=\"en_US\" \/>\n<meta property=\"og:type\" content=\"article\" \/>\n<meta property=\"og:title\" content=\"Vit\u00e9z L\u00e1szl\u00f3val nyitjuk meg a 2024-es P\u00f6n\u00f6gei Kis P\u00e1l Fesztiv\u00e1lt, az Ig\u00e9z\u0151 el\u0151tti kis t\u00e9ren! Hozz\u00e1tok a gyerekeket! - Szabad Sz\u00ednh\u00e1z\" \/>\n<meta property=\"og:description\" content=\"Vit\u00e9z L\u00e1szl\u00f3val nyitjuk meg a 2024-es P\u00f6n\u00f6gei Kis P\u00e1l Fesztiv\u00e1lt, az Ig\u00e9z\u0151 el\u0151tti kis t\u00e9ren! Hozz\u00e1tok a gyerekeket!A hagyom\u00e1nyos v\u00e1s\u00e1ri b\u00e1bj\u00e1t\u00e9kban apirossipk\u00e1s, vid\u00e1m fick\u00f3 palacsintas\u00fct\u0151j\u00e9veltan\u00edtja m\u00f3resre az \u00f6rd\u00f6g\u00f6ket \u00e9s mag\u00e1t [&hellip;]\" \/>\n<meta property=\"og:url\" content=\"https:\/\/www.szabadszinhaz.hu\/en\/esemenyek\/vitez-laszloval-nyitjuk-meg-a-2024-es-ponogei-kis-pal-fesztivalt-az-igezo-elotti-kis-teren-hozzatok-a-gyerekeket\/\" \/>\n<meta property=\"og:site_name\" content=\"Szabad Sz\u00ednh\u00e1z\" \/>\n<meta property=\"article:publisher\" content=\"https:\/\/www.facebook.com\/szabadszinhaz\" \/>\n<meta property=\"og:image\" content=\"https:\/\/www.szabadszinhaz.hu\/wp-content\/uploads\/2025\/03\/vitez.jpg\" \/>\n\t<meta property=\"og:image:width\" content=\"960\" \/>\n\t<meta property=\"og:image:height\" content=\"640\" \/>\n\t<meta property=\"og:image:type\" content=\"image\/jpeg\" \/>\n<meta name=\"twitter:card\" content=\"summary_large_image\" \/>\n<meta name=\"twitter:label1\" content=\"Est. reading time\" \/>\n\t<meta name=\"twitter:data1\" content=\"2 minutes\" \/>\n<script type=\"application\/ld+json\" class=\"yoast-schema-graph\">{\"@context\":\"https:\/\/schema.org\",\"@graph\":[{\"@type\":\"WebPage\",\"@id\":\"https:\/\/www.szabadszinhaz.hu\/esemenyek\/vitez-laszloval-nyitjuk-meg-a-2024-es-ponogei-kis-pal-fesztivalt-az-igezo-elotti-kis-teren-hozzatok-a-gyerekeket\/\",\"url\":\"https:\/\/www.szabadszinhaz.hu\/esemenyek\/vitez-laszloval-nyitjuk-meg-a-2024-es-ponogei-kis-pal-fesztivalt-az-igezo-elotti-kis-teren-hozzatok-a-gyerekeket\/\",\"name\":\"Vit\u00e9z L\u00e1szl\u00f3val nyitjuk meg a 2024-es P\u00f6n\u00f6gei Kis P\u00e1l Fesztiv\u00e1lt, az Ig\u00e9z\u0151 el\u0151tti kis t\u00e9ren! Hozz\u00e1tok a gyerekeket! - Szabad Sz\u00ednh\u00e1z\",\"isPartOf\":{\"@id\":\"https:\/\/www.szabadszinhaz.hu\/#website\"},\"primaryImageOfPage\":{\"@id\":\"https:\/\/www.szabadszinhaz.hu\/esemenyek\/vitez-laszloval-nyitjuk-meg-a-2024-es-ponogei-kis-pal-fesztivalt-az-igezo-elotti-kis-teren-hozzatok-a-gyerekeket\/#primaryimage\"},\"image\":{\"@id\":\"https:\/\/www.szabadszinhaz.hu\/esemenyek\/vitez-laszloval-nyitjuk-meg-a-2024-es-ponogei-kis-pal-fesztivalt-az-igezo-elotti-kis-teren-hozzatok-a-gyerekeket\/#primaryimage\"},\"thumbnailUrl\":\"https:\/\/www.szabadszinhaz.hu\/wp-content\/uploads\/2025\/03\/vitez.jpg\",\"datePublished\":\"2025-03-19T13:50:51+00:00\",\"breadcrumb\":{\"@id\":\"https:\/\/www.szabadszinhaz.hu\/esemenyek\/vitez-laszloval-nyitjuk-meg-a-2024-es-ponogei-kis-pal-fesztivalt-az-igezo-elotti-kis-teren-hozzatok-a-gyerekeket\/#breadcrumb\"},\"inLanguage\":\"en-US\",\"potentialAction\":[{\"@type\":\"ReadAction\",\"target\":[\"https:\/\/www.szabadszinhaz.hu\/esemenyek\/vitez-laszloval-nyitjuk-meg-a-2024-es-ponogei-kis-pal-fesztivalt-az-igezo-elotti-kis-teren-hozzatok-a-gyerekeket\/\"]}]},{\"@type\":\"ImageObject\",\"inLanguage\":\"en-US\",\"@id\":\"https:\/\/www.szabadszinhaz.hu\/esemenyek\/vitez-laszloval-nyitjuk-meg-a-2024-es-ponogei-kis-pal-fesztivalt-az-igezo-elotti-kis-teren-hozzatok-a-gyerekeket\/#primaryimage\",\"url\":\"https:\/\/www.szabadszinhaz.hu\/wp-content\/uploads\/2025\/03\/vitez.jpg\",\"contentUrl\":\"https:\/\/www.szabadszinhaz.hu\/wp-content\/uploads\/2025\/03\/vitez.jpg\",\"width\":960,\"height\":640},{\"@type\":\"BreadcrumbList\",\"@id\":\"https:\/\/www.szabadszinhaz.hu\/esemenyek\/vitez-laszloval-nyitjuk-meg-a-2024-es-ponogei-kis-pal-fesztivalt-az-igezo-elotti-kis-teren-hozzatok-a-gyerekeket\/#breadcrumb\",\"itemListElement\":[{\"@type\":\"ListItem\",\"position\":1,\"name\":\"Kezd\u0151lap\",\"item\":\"https:\/\/www.szabadszinhaz.hu\/\"},{\"@type\":\"ListItem\",\"position\":2,\"name\":\"Events\",\"item\":\"https:\/\/www.szabadszinhaz.hu\/en\/esemenyek\/\"},{\"@type\":\"ListItem\",\"position\":3,\"name\":\"Vit\u00e9z L\u00e1szl\u00f3val nyitjuk meg a 2024-es P\u00f6n\u00f6gei Kis P\u00e1l Fesztiv\u00e1lt, az Ig\u00e9z\u0151 el\u0151tti kis t\u00e9ren! Hozz\u00e1tok a gyerekeket!\"}]},{\"@type\":\"WebSite\",\"@id\":\"https:\/\/www.szabadszinhaz.hu\/#website\",\"url\":\"https:\/\/www.szabadszinhaz.hu\/\",\"name\":\"Szabad Sz\u00ednh\u00e1z\",\"description\":\"Szabad Sz\u00ednh\u00e1z\",\"publisher\":{\"@id\":\"https:\/\/www.szabadszinhaz.hu\/#organization\"},\"potentialAction\":[{\"@type\":\"SearchAction\",\"target\":{\"@type\":\"EntryPoint\",\"urlTemplate\":\"https:\/\/www.szabadszinhaz.hu\/?s={search_term_string}\"},\"query-input\":{\"@type\":\"PropertyValueSpecification\",\"valueRequired\":true,\"valueName\":\"search_term_string\"}}],\"inLanguage\":\"en-US\"},{\"@type\":\"Organization\",\"@id\":\"https:\/\/www.szabadszinhaz.hu\/#organization\",\"name\":\"Szabad Sz\u00ednh\u00e1z SZ\u00cdN-T\u00c9R Egyes\u00fclet\",\"url\":\"https:\/\/www.szabadszinhaz.hu\/\",\"logo\":{\"@type\":\"ImageObject\",\"inLanguage\":\"en-US\",\"@id\":\"https:\/\/www.szabadszinhaz.hu\/#\/schema\/logo\/image\/\",\"url\":\"https:\/\/www.szabadszinhaz.hu\/wp-content\/uploads\/2025\/01\/images.jpg\",\"contentUrl\":\"https:\/\/www.szabadszinhaz.hu\/wp-content\/uploads\/2025\/01\/images.jpg\",\"width\":178,\"height\":284,\"caption\":\"Szabad Sz\u00ednh\u00e1z SZ\u00cdN-T\u00c9R Egyes\u00fclet\"},\"image\":{\"@id\":\"https:\/\/www.szabadszinhaz.hu\/#\/schema\/logo\/image\/\"},\"sameAs\":[\"https:\/\/www.facebook.com\/szabadszinhaz\"]}]}<\/script>\n<!-- \/ Yoast SEO plugin. -->","yoast_head_json":{"title":"Vit\u00e9z L\u00e1szl\u00f3val nyitjuk meg a 2024-es P\u00f6n\u00f6gei Kis P\u00e1l Fesztiv\u00e1lt, az Ig\u00e9z\u0151 el\u0151tti kis t\u00e9ren! Hozz\u00e1tok a gyerekeket! - Szabad Sz\u00ednh\u00e1z","robots":{"index":"index","follow":"follow","max-snippet":"max-snippet:-1","max-image-preview":"max-image-preview:large","max-video-preview":"max-video-preview:-1"},"canonical":"https:\/\/www.szabadszinhaz.hu\/en\/esemenyek\/vitez-laszloval-nyitjuk-meg-a-2024-es-ponogei-kis-pal-fesztivalt-az-igezo-elotti-kis-teren-hozzatok-a-gyerekeket\/","og_locale":"en_US","og_type":"article","og_title":"Vit\u00e9z L\u00e1szl\u00f3val nyitjuk meg a 2024-es P\u00f6n\u00f6gei Kis P\u00e1l Fesztiv\u00e1lt, az Ig\u00e9z\u0151 el\u0151tti kis t\u00e9ren! Hozz\u00e1tok a gyerekeket! - Szabad Sz\u00ednh\u00e1z","og_description":"Vit\u00e9z L\u00e1szl\u00f3val nyitjuk meg a 2024-es P\u00f6n\u00f6gei Kis P\u00e1l Fesztiv\u00e1lt, az Ig\u00e9z\u0151 el\u0151tti kis t\u00e9ren! Hozz\u00e1tok a gyerekeket!A hagyom\u00e1nyos v\u00e1s\u00e1ri b\u00e1bj\u00e1t\u00e9kban apirossipk\u00e1s, vid\u00e1m fick\u00f3 palacsintas\u00fct\u0151j\u00e9veltan\u00edtja m\u00f3resre az \u00f6rd\u00f6g\u00f6ket \u00e9s mag\u00e1t [&hellip;]","og_url":"https:\/\/www.szabadszinhaz.hu\/en\/esemenyek\/vitez-laszloval-nyitjuk-meg-a-2024-es-ponogei-kis-pal-fesztivalt-az-igezo-elotti-kis-teren-hozzatok-a-gyerekeket\/","og_site_name":"Szabad Sz\u00ednh\u00e1z","article_publisher":"https:\/\/www.facebook.com\/szabadszinhaz","og_image":[{"width":960,"height":640,"url":"https:\/\/www.szabadszinhaz.hu\/wp-content\/uploads\/2025\/03\/vitez.jpg","type":"image\/jpeg"}],"twitter_card":"summary_large_image","twitter_misc":{"Est. reading time":"2 minutes"},"schema":{"@context":"https:\/\/schema.org","@graph":[{"@type":"WebPage","@id":"https:\/\/www.szabadszinhaz.hu\/esemenyek\/vitez-laszloval-nyitjuk-meg-a-2024-es-ponogei-kis-pal-fesztivalt-az-igezo-elotti-kis-teren-hozzatok-a-gyerekeket\/","url":"https:\/\/www.szabadszinhaz.hu\/esemenyek\/vitez-laszloval-nyitjuk-meg-a-2024-es-ponogei-kis-pal-fesztivalt-az-igezo-elotti-kis-teren-hozzatok-a-gyerekeket\/","name":"Vit\u00e9z L\u00e1szl\u00f3val nyitjuk meg a 2024-es P\u00f6n\u00f6gei Kis P\u00e1l Fesztiv\u00e1lt, az Ig\u00e9z\u0151 el\u0151tti kis t\u00e9ren! Hozz\u00e1tok a gyerekeket! - Szabad Sz\u00ednh\u00e1z","isPartOf":{"@id":"https:\/\/www.szabadszinhaz.hu\/#website"},"primaryImageOfPage":{"@id":"https:\/\/www.szabadszinhaz.hu\/esemenyek\/vitez-laszloval-nyitjuk-meg-a-2024-es-ponogei-kis-pal-fesztivalt-az-igezo-elotti-kis-teren-hozzatok-a-gyerekeket\/#primaryimage"},"image":{"@id":"https:\/\/www.szabadszinhaz.hu\/esemenyek\/vitez-laszloval-nyitjuk-meg-a-2024-es-ponogei-kis-pal-fesztivalt-az-igezo-elotti-kis-teren-hozzatok-a-gyerekeket\/#primaryimage"},"thumbnailUrl":"https:\/\/www.szabadszinhaz.hu\/wp-content\/uploads\/2025\/03\/vitez.jpg","datePublished":"2025-03-19T13:50:51+00:00","breadcrumb":{"@id":"https:\/\/www.szabadszinhaz.hu\/esemenyek\/vitez-laszloval-nyitjuk-meg-a-2024-es-ponogei-kis-pal-fesztivalt-az-igezo-elotti-kis-teren-hozzatok-a-gyerekeket\/#breadcrumb"},"inLanguage":"en-US","potentialAction":[{"@type":"ReadAction","target":["https:\/\/www.szabadszinhaz.hu\/esemenyek\/vitez-laszloval-nyitjuk-meg-a-2024-es-ponogei-kis-pal-fesztivalt-az-igezo-elotti-kis-teren-hozzatok-a-gyerekeket\/"]}]},{"@type":"ImageObject","inLanguage":"en-US","@id":"https:\/\/www.szabadszinhaz.hu\/esemenyek\/vitez-laszloval-nyitjuk-meg-a-2024-es-ponogei-kis-pal-fesztivalt-az-igezo-elotti-kis-teren-hozzatok-a-gyerekeket\/#primaryimage","url":"https:\/\/www.szabadszinhaz.hu\/wp-content\/uploads\/2025\/03\/vitez.jpg","contentUrl":"https:\/\/www.szabadszinhaz.hu\/wp-content\/uploads\/2025\/03\/vitez.jpg","width":960,"height":640},{"@type":"BreadcrumbList","@id":"https:\/\/www.szabadszinhaz.hu\/esemenyek\/vitez-laszloval-nyitjuk-meg-a-2024-es-ponogei-kis-pal-fesztivalt-az-igezo-elotti-kis-teren-hozzatok-a-gyerekeket\/#breadcrumb","itemListElement":[{"@type":"ListItem","position":1,"name":"Kezd\u0151lap","item":"https:\/\/www.szabadszinhaz.hu\/"},{"@type":"ListItem","position":2,"name":"Events","item":"https:\/\/www.szabadszinhaz.hu\/en\/esemenyek\/"},{"@type":"ListItem","position":3,"name":"Vit\u00e9z L\u00e1szl\u00f3val nyitjuk meg a 2024-es P\u00f6n\u00f6gei Kis P\u00e1l Fesztiv\u00e1lt, az Ig\u00e9z\u0151 el\u0151tti kis t\u00e9ren! Hozz\u00e1tok a gyerekeket!"}]},{"@type":"WebSite","@id":"https:\/\/www.szabadszinhaz.hu\/#website","url":"https:\/\/www.szabadszinhaz.hu\/","name":"Free Theatre - Szabad Sz\u00ednh\u00e1z","description":"Free Theatre - Szabad Sz\u00ednh\u00e1z","publisher":{"@id":"https:\/\/www.szabadszinhaz.hu\/#organization"},"potentialAction":[{"@type":"SearchAction","target":{"@type":"EntryPoint","urlTemplate":"https:\/\/www.szabadszinhaz.hu\/?s={search_term_string}"},"query-input":{"@type":"PropertyValueSpecification","valueRequired":true,"valueName":"search_term_string"}}],"inLanguage":"en-US"},{"@type":"Organization","@id":"https:\/\/www.szabadszinhaz.hu\/#organization","name":"Szabad Sz\u00ednh\u00e1z SZ\u00cdN-T\u00c9R Egyes\u00fclet","url":"https:\/\/www.szabadszinhaz.hu\/","logo":{"@type":"ImageObject","inLanguage":"en-US","@id":"https:\/\/www.szabadszinhaz.hu\/#\/schema\/logo\/image\/","url":"https:\/\/www.szabadszinhaz.hu\/wp-content\/uploads\/2025\/01\/images.jpg","contentUrl":"https:\/\/www.szabadszinhaz.hu\/wp-content\/uploads\/2025\/01\/images.jpg","width":178,"height":284,"caption":"Szabad Sz\u00ednh\u00e1z SZ\u00cdN-T\u00c9R Egyes\u00fclet"},"image":{"@id":"https:\/\/www.szabadszinhaz.hu\/#\/schema\/logo\/image\/"},"sameAs":["https:\/\/www.facebook.com\/szabadszinhaz"]}]}},"ticketed":false,"_links":{"self":[{"href":"https:\/\/www.szabadszinhaz.hu\/en\/wp-json\/wp\/v2\/tribe_events\/8895","targetHints":{"allow":["GET"]}}],"collection":[{"href":"https:\/\/www.szabadszinhaz.hu\/en\/wp-json\/wp\/v2\/tribe_events"}],"about":[{"href":"https:\/\/www.szabadszinhaz.hu\/en\/wp-json\/wp\/v2\/types\/tribe_events"}],"author":[{"embeddable":true,"href":"https:\/\/www.szabadszinhaz.hu\/en\/wp-json\/wp\/v2\/users\/4"}],"version-history":[{"count":1,"href":"https:\/\/www.szabadszinhaz.hu\/en\/wp-json\/wp\/v2\/tribe_events\/8895\/revisions"}],"predecessor-version":[{"id":8897,"href":"https:\/\/www.szabadszinhaz.hu\/en\/wp-json\/wp\/v2\/tribe_events\/8895\/revisions\/8897"}],"wp:featuredmedia":[{"embeddable":true,"href":"https:\/\/www.szabadszinhaz.hu\/en\/wp-json\/wp\/v2\/media\/8896"}],"wp:attachment":[{"href":"https:\/\/www.szabadszinhaz.hu\/en\/wp-json\/wp\/v2\/media?parent=8895"}],"wp:term":[{"taxonomy":"post_tag","embeddable":true,"href":"https:\/\/www.szabadszinhaz.hu\/en\/wp-json\/wp\/v2\/tags?post=8895"},{"taxonomy":"tribe_events_cat","embeddable":true,"href":"https:\/\/www.szabadszinhaz.hu\/en\/wp-json\/wp\/v2\/tribe_events_cat?post=8895"}],"curies":[{"name":"wp","href":"https:\/\/api.w.org\/{rel}","templated":true}]}}