{"id":8893,"date":"2025-03-19T14:45:35","date_gmt":"2025-03-19T13:45:35","guid":{"rendered":"https:\/\/www.szabadszinhaz.hu\/?post_type=tribe_events&#038;p=8893"},"modified":"2025-03-19T14:45:35","modified_gmt":"2025-03-19T13:45:35","slug":"ponogei-kis-pal-vandorszinjatszo-fesztival-2024","status":"publish","type":"tribe_events","link":"https:\/\/www.szabadszinhaz.hu\/en\/esemenyek\/ponogei-kis-pal-vandorszinjatszo-fesztival-2024\/","title":{"rendered":"P\u00f6n\u00f6gei Kis P\u00e1l V\u00e1ndorsz\u00ednj\u00e1tsz\u00f3 Fesztiv\u00e1l 2024"},"content":{"rendered":"<div class=\"xdj266r x11i5rnm xat24cr x1mh8g0r x1vvkbs\">A P\u00f6n\u00f6gei Kis P\u00e1l V\u00e1ndorsz\u00ednj\u00e1tsz\u00f3 Fesztiv\u00e1l c\u00e9lja Pet\u0151fi S\u00e1ndor v\u00e1ndorsz\u00ednj\u00e1tsz\u00f3 kultusz\u00e1nak meg\u0151rz\u00e9se fiatal szerz\u0151k bevon\u00e1s\u00e1val Sz\u00e9kesfeh\u00e9rv\u00e1ron, \u00e9s t\u00e9rs\u00e9g\u00e9ben. A kultur\u00e1lis minifesztiv\u00e1l m\u0171faji k\u00edn\u00e1lat\u00e1ban minden olyasmit igyeksz\u00fcnk felvonultatni, amiben a reformkori szerz\u0151k illetve k\u00e9sei ut\u00f3daik alkottak, alkotnak.<br class=\"html-br\" \/>A k\u00e9tnapos mini fesztiv\u00e1l programjai ingyenesen l\u00e1togathat\u00f3k. A belt\u00e9ri programokra a f\u00e9r\u0151helyek korl\u00e1tozott sz\u00e1ma miatt regisztr\u00e1ci\u00f3 sz\u00fcks\u00e9ges az igezo2014@gmail.com c\u00edmen<\/div>\n<div class=\"x11i5rnm xat24cr x1mh8g0r x1vvkbs xtlvy1s\">PROGRAM 2024.06.07. P\u00c9NTEK:<br class=\"html-br\" \/>17.00 \u00f3ra \u2013 Fesztiv\u00e1lnyit\u00f3 \u00fcnneps\u00e9g &#8211;<br class=\"html-br\" \/>A 2024. \u00e9vi fesztiv\u00e1lt megnyitja: Lehrner Zsolt Sz\u00e9kesfeh\u00e9rv\u00e1r MJV Alpolg\u00e1rmestere<br class=\"html-br\" \/>K\u00f6zrem\u0171k\u00f6dik: Cserta G\u00e1bor<br class=\"html-br\" \/>L\u00e9lek \u00f6lt\u00f6ztet\u0151 Terasz Rendezv\u00e9ny<br class=\"html-br\" \/>17.10 \u00f3ra\u2013 Vit\u00e9z L\u00e1szl\u00f3 -b\u00e1bel\u0151ad\u00e1s-a kaposv\u00e1ri B\u00e1b-Sz\u00edn-T\u00e9r el\u0151ad\u00e1sa<br class=\"html-br\" \/>18.00 \u00f3ra \u2013 Friss &#8211; fiatal szerz\u0151k versei, pr\u00f3z\u00e1i<br class=\"html-br\" \/>18.30 \u2013 Zselenszky Tam\u00e1s m\u0171sora<br class=\"html-br\" \/>19.30 \u00f3ra \u2013Ismerjetek meg! -K\u00e9pek Pet\u0151fi S\u00e1ndor \u00e9let\u00e9b\u0151l az Ig\u00e9z\u0151ben.<br class=\"html-br\" \/>El\u0151adja: Vass Gy\u00f6rgy sz\u00ednm\u0171v\u00e9sz<br class=\"html-br\" \/>21.00 \u00f3ra \u2013 Slam Poetry- Fell\u00e9p\u0151k : Szvoren Eszter \u00e9s N\u00e9meth \u00c1d\u00e1m- \u201c Bambusz\u201d<br class=\"html-br\" \/>21.00 \u00f3ra\u2013 Architektur\u00e1lis vet\u00edt\u00e9s-M\u00e9hkasaula Egyes\u00fclet<\/div>\n<div class=\"x11i5rnm xat24cr x1mh8g0r x1vvkbs xtlvy1s\">PROGRAM 2024.06.08. SZOMBAT:<br class=\"html-br\" \/>15.00 \u2013 L\u00fadas Matyi- Kerepl\u0151 B\u00e1bsz\u00ednh\u00e1z m\u0171sora<br class=\"html-br\" \/>15.50 \u2013 Legy\u00e9l te is v\u00e1ndorsz\u00edn\u00e9sz! -utcai szaval\u00f3verseny<br class=\"html-br\" \/>16.00 \u2013 Gyereksz\u00ednh\u00e1zak m\u0171sora, D\u00f6r\u00f6mb Sz\u00ednpad-Esz\u00e9k, Prikulicsok- Sz\u00e9kesfeh\u00e9rv\u00e1r<br class=\"html-br\" \/>16.50 \u2013 Fiatal szerz\u0151k mini dr\u00e1m\u00e1i- Okul\u00e1r\u00e9 Projekt a Fiatal Dr\u00e1ma\u00edr\u00f3k H\u00e1z\u00e1nak szerz\u0151ivel<br class=\"html-br\" \/>18.00 \u2013 Sz\u00f3-K\u00e9p Hang Sz\u00ednpad P\u00e1pa<br class=\"html-br\" \/>19.00 \u2013 \u201dVagyok\u201d- No\u00e9mo akusztikus koncert<br class=\"html-br\" \/>20.00\u2013 Borb\u00e9ly L\u00e1szl\u00f3: Az \u00c1tok &#8211; a Szabad Sz\u00ednh\u00e1z kamara el\u0151ad\u00e1sa az Ig\u00e9z\u0151ben<br class=\"html-br\" \/>21. 15 \u2013 Irodalmi kv\u00edz T\u00f3th Em\u0151k\u00e9vel-feln\u0151tteknek- m\u00fazs\u00e1k \u00edr\u00f3n\u0151k, szerepl\u0151k, k\u00f6lt\u0151 feles\u00e9gek a magyar irodalomb\u00f3l.<br class=\"html-br\" \/>21.00\u2013 Architektur\u00e1lis f\u00e9nyfest\u00e9s-M\u00e9hkasaula Egyes\u00fclet<br class=\"html-br\" \/>A k\u00fcls\u0151 helysz\u00ednes programok ingyenesek, a bentiekre regisztr\u00e1ci\u00f3 sz\u00fcks\u00e9ges az igezo2014@gmail.com c\u00edmre k\u00fcldve.<br class=\"html-br\" \/>Tov\u00e1bbi inform\u00e1ci\u00f3:<br class=\"html-br\" \/>SZ\u00cdN-T\u00c9R Egyes\u00fclet, Sz\u00e9kesfeh\u00e9rv\u00e1r, Ig\u00e9z\u0151, Basa u. 1<br class=\"html-br\" \/>Telefonon: 0630969-0526<br class=\"html-br\" \/>e-mailben: igezo2014@gmail.com<br class=\"html-br\" \/>A szervez\u0151k a programv\u00e1ltoztat\u00e1s jog\u00e1t fenntartj\u00e1k.<\/div>","protected":false},"excerpt":{"rendered":"<p>A P\u00f6n\u00f6gei Kis P\u00e1l V\u00e1ndorsz\u00ednj\u00e1tsz\u00f3 Fesztiv\u00e1l c\u00e9lja Pet\u0151fi S\u00e1ndor v\u00e1ndorsz\u00ednj\u00e1tsz\u00f3 kultusz\u00e1nak meg\u0151rz\u00e9se fiatal szerz\u0151k bevon\u00e1s\u00e1val Sz\u00e9kesfeh\u00e9rv\u00e1ron, \u00e9s t\u00e9rs\u00e9g\u00e9ben. A kultur\u00e1lis minifesztiv\u00e1l m\u0171faji k\u00edn\u00e1lat\u00e1ban minden olyasmit igyeksz\u00fcnk felvonultatni, amiben a reformkori [&hellip;]<\/p>\n","protected":false},"author":4,"featured_media":6986,"template":"","meta":{"_et_pb_use_builder":"","_et_pb_old_content":"","_et_gb_content_width":"","_price":"","_stock":"","_tribe_ticket_header":"","_tribe_default_ticket_provider":"TEC\\Tickets\\Commerce\\Module","_ticket_start_date":"","_ticket_end_date":"","_tribe_ticket_show_description":"","_tribe_ticket_show_not_going":false,"_tribe_ticket_use_global_stock":"","_tribe_ticket_global_stock_level":"","_global_stock_mode":"","_global_stock_cap":"","_tribe_rsvp_for_event":"","_tribe_ticket_going_count":"","_tribe_ticket_not_going_count":"","_tribe_tickets_list":"[]","_tribe_ticket_has_attendee_info_fields":false,"_tribe_events_status":"","_tribe_events_status_reason":"","footnotes":"","_tec_slr_enabled":"","_tec_slr_layout":""},"tags":[],"tribe_events_cat":[],"class_list":["post-8893","tribe_events","type-tribe_events","status-publish","has-post-thumbnail","hentry"],"yoast_head":"<!-- This site is optimized with the Yoast SEO plugin v25.0 - https:\/\/yoast.com\/wordpress\/plugins\/seo\/ -->\n<title>P\u00f6n\u00f6gei Kis P\u00e1l V\u00e1ndorsz\u00ednj\u00e1tsz\u00f3 Fesztiv\u00e1l 2024 - Szabad Sz\u00ednh\u00e1z<\/title>\n<meta name=\"robots\" content=\"index, follow, max-snippet:-1, max-image-preview:large, max-video-preview:-1\" \/>\n<link rel=\"canonical\" href=\"https:\/\/www.szabadszinhaz.hu\/en\/esemenyek\/ponogei-kis-pal-vandorszinjatszo-fesztival-2024\/\" \/>\n<meta property=\"og:locale\" content=\"en_US\" \/>\n<meta property=\"og:type\" content=\"article\" \/>\n<meta property=\"og:title\" content=\"P\u00f6n\u00f6gei Kis P\u00e1l V\u00e1ndorsz\u00ednj\u00e1tsz\u00f3 Fesztiv\u00e1l 2024 - Szabad Sz\u00ednh\u00e1z\" \/>\n<meta property=\"og:description\" content=\"A P\u00f6n\u00f6gei Kis P\u00e1l V\u00e1ndorsz\u00ednj\u00e1tsz\u00f3 Fesztiv\u00e1l c\u00e9lja Pet\u0151fi S\u00e1ndor v\u00e1ndorsz\u00ednj\u00e1tsz\u00f3 kultusz\u00e1nak meg\u0151rz\u00e9se fiatal szerz\u0151k bevon\u00e1s\u00e1val Sz\u00e9kesfeh\u00e9rv\u00e1ron, \u00e9s t\u00e9rs\u00e9g\u00e9ben. A kultur\u00e1lis minifesztiv\u00e1l m\u0171faji k\u00edn\u00e1lat\u00e1ban minden olyasmit igyeksz\u00fcnk felvonultatni, amiben a reformkori [&hellip;]\" \/>\n<meta property=\"og:url\" content=\"https:\/\/www.szabadszinhaz.hu\/en\/esemenyek\/ponogei-kis-pal-vandorszinjatszo-fesztival-2024\/\" \/>\n<meta property=\"og:site_name\" content=\"Szabad Sz\u00ednh\u00e1z\" \/>\n<meta property=\"article:publisher\" content=\"https:\/\/www.facebook.com\/szabadszinhaz\" \/>\n<meta property=\"og:image\" content=\"https:\/\/www.szabadszinhaz.hu\/wp-content\/uploads\/2023\/05\/Ponogei_jav_plaka-scaled.jpg\" \/>\n\t<meta property=\"og:image:width\" content=\"1702\" \/>\n\t<meta property=\"og:image:height\" content=\"2560\" \/>\n\t<meta property=\"og:image:type\" content=\"image\/jpeg\" \/>\n<meta name=\"twitter:card\" content=\"summary_large_image\" \/>\n<meta name=\"twitter:label1\" content=\"Est. reading time\" \/>\n\t<meta name=\"twitter:data1\" content=\"2 minutes\" \/>\n<script type=\"application\/ld+json\" class=\"yoast-schema-graph\">{\"@context\":\"https:\/\/schema.org\",\"@graph\":[{\"@type\":\"WebPage\",\"@id\":\"https:\/\/www.szabadszinhaz.hu\/esemenyek\/ponogei-kis-pal-vandorszinjatszo-fesztival-2024\/\",\"url\":\"https:\/\/www.szabadszinhaz.hu\/esemenyek\/ponogei-kis-pal-vandorszinjatszo-fesztival-2024\/\",\"name\":\"P\u00f6n\u00f6gei Kis P\u00e1l V\u00e1ndorsz\u00ednj\u00e1tsz\u00f3 Fesztiv\u00e1l 2024 - Szabad Sz\u00ednh\u00e1z\",\"isPartOf\":{\"@id\":\"https:\/\/www.szabadszinhaz.hu\/#website\"},\"primaryImageOfPage\":{\"@id\":\"https:\/\/www.szabadszinhaz.hu\/esemenyek\/ponogei-kis-pal-vandorszinjatszo-fesztival-2024\/#primaryimage\"},\"image\":{\"@id\":\"https:\/\/www.szabadszinhaz.hu\/esemenyek\/ponogei-kis-pal-vandorszinjatszo-fesztival-2024\/#primaryimage\"},\"thumbnailUrl\":\"https:\/\/www.szabadszinhaz.hu\/wp-content\/uploads\/2023\/05\/Ponogei_jav_plaka-scaled.jpg\",\"datePublished\":\"2025-03-19T13:45:35+00:00\",\"breadcrumb\":{\"@id\":\"https:\/\/www.szabadszinhaz.hu\/esemenyek\/ponogei-kis-pal-vandorszinjatszo-fesztival-2024\/#breadcrumb\"},\"inLanguage\":\"en-US\",\"potentialAction\":[{\"@type\":\"ReadAction\",\"target\":[\"https:\/\/www.szabadszinhaz.hu\/esemenyek\/ponogei-kis-pal-vandorszinjatszo-fesztival-2024\/\"]}]},{\"@type\":\"ImageObject\",\"inLanguage\":\"en-US\",\"@id\":\"https:\/\/www.szabadszinhaz.hu\/esemenyek\/ponogei-kis-pal-vandorszinjatszo-fesztival-2024\/#primaryimage\",\"url\":\"https:\/\/www.szabadszinhaz.hu\/wp-content\/uploads\/2023\/05\/Ponogei_jav_plaka-scaled.jpg\",\"contentUrl\":\"https:\/\/www.szabadszinhaz.hu\/wp-content\/uploads\/2023\/05\/Ponogei_jav_plaka-scaled.jpg\",\"width\":1702,\"height\":2560},{\"@type\":\"BreadcrumbList\",\"@id\":\"https:\/\/www.szabadszinhaz.hu\/esemenyek\/ponogei-kis-pal-vandorszinjatszo-fesztival-2024\/#breadcrumb\",\"itemListElement\":[{\"@type\":\"ListItem\",\"position\":1,\"name\":\"Kezd\u0151lap\",\"item\":\"https:\/\/www.szabadszinhaz.hu\/\"},{\"@type\":\"ListItem\",\"position\":2,\"name\":\"Events\",\"item\":\"https:\/\/www.szabadszinhaz.hu\/en\/esemenyek\/\"},{\"@type\":\"ListItem\",\"position\":3,\"name\":\"P\u00f6n\u00f6gei Kis P\u00e1l V\u00e1ndorsz\u00ednj\u00e1tsz\u00f3 Fesztiv\u00e1l 2024\"}]},{\"@type\":\"WebSite\",\"@id\":\"https:\/\/www.szabadszinhaz.hu\/#website\",\"url\":\"https:\/\/www.szabadszinhaz.hu\/\",\"name\":\"Szabad Sz\u00ednh\u00e1z\",\"description\":\"Szabad Sz\u00ednh\u00e1z\",\"publisher\":{\"@id\":\"https:\/\/www.szabadszinhaz.hu\/#organization\"},\"potentialAction\":[{\"@type\":\"SearchAction\",\"target\":{\"@type\":\"EntryPoint\",\"urlTemplate\":\"https:\/\/www.szabadszinhaz.hu\/?s={search_term_string}\"},\"query-input\":{\"@type\":\"PropertyValueSpecification\",\"valueRequired\":true,\"valueName\":\"search_term_string\"}}],\"inLanguage\":\"en-US\"},{\"@type\":\"Organization\",\"@id\":\"https:\/\/www.szabadszinhaz.hu\/#organization\",\"name\":\"Szabad Sz\u00ednh\u00e1z SZ\u00cdN-T\u00c9R Egyes\u00fclet\",\"url\":\"https:\/\/www.szabadszinhaz.hu\/\",\"logo\":{\"@type\":\"ImageObject\",\"inLanguage\":\"en-US\",\"@id\":\"https:\/\/www.szabadszinhaz.hu\/#\/schema\/logo\/image\/\",\"url\":\"https:\/\/www.szabadszinhaz.hu\/wp-content\/uploads\/2025\/01\/images.jpg\",\"contentUrl\":\"https:\/\/www.szabadszinhaz.hu\/wp-content\/uploads\/2025\/01\/images.jpg\",\"width\":178,\"height\":284,\"caption\":\"Szabad Sz\u00ednh\u00e1z SZ\u00cdN-T\u00c9R Egyes\u00fclet\"},\"image\":{\"@id\":\"https:\/\/www.szabadszinhaz.hu\/#\/schema\/logo\/image\/\"},\"sameAs\":[\"https:\/\/www.facebook.com\/szabadszinhaz\"]}]}<\/script>\n<!-- \/ Yoast SEO plugin. -->","yoast_head_json":{"title":"P\u00f6n\u00f6gei Kis P\u00e1l V\u00e1ndorsz\u00ednj\u00e1tsz\u00f3 Fesztiv\u00e1l 2024 - Szabad Sz\u00ednh\u00e1z","robots":{"index":"index","follow":"follow","max-snippet":"max-snippet:-1","max-image-preview":"max-image-preview:large","max-video-preview":"max-video-preview:-1"},"canonical":"https:\/\/www.szabadszinhaz.hu\/en\/esemenyek\/ponogei-kis-pal-vandorszinjatszo-fesztival-2024\/","og_locale":"en_US","og_type":"article","og_title":"P\u00f6n\u00f6gei Kis P\u00e1l V\u00e1ndorsz\u00ednj\u00e1tsz\u00f3 Fesztiv\u00e1l 2024 - Szabad Sz\u00ednh\u00e1z","og_description":"A P\u00f6n\u00f6gei Kis P\u00e1l V\u00e1ndorsz\u00ednj\u00e1tsz\u00f3 Fesztiv\u00e1l c\u00e9lja Pet\u0151fi S\u00e1ndor v\u00e1ndorsz\u00ednj\u00e1tsz\u00f3 kultusz\u00e1nak meg\u0151rz\u00e9se fiatal szerz\u0151k bevon\u00e1s\u00e1val Sz\u00e9kesfeh\u00e9rv\u00e1ron, \u00e9s t\u00e9rs\u00e9g\u00e9ben. A kultur\u00e1lis minifesztiv\u00e1l m\u0171faji k\u00edn\u00e1lat\u00e1ban minden olyasmit igyeksz\u00fcnk felvonultatni, amiben a reformkori [&hellip;]","og_url":"https:\/\/www.szabadszinhaz.hu\/en\/esemenyek\/ponogei-kis-pal-vandorszinjatszo-fesztival-2024\/","og_site_name":"Szabad Sz\u00ednh\u00e1z","article_publisher":"https:\/\/www.facebook.com\/szabadszinhaz","og_image":[{"width":1702,"height":2560,"url":"https:\/\/www.szabadszinhaz.hu\/wp-content\/uploads\/2023\/05\/Ponogei_jav_plaka-scaled.jpg","type":"image\/jpeg"}],"twitter_card":"summary_large_image","twitter_misc":{"Est. reading time":"2 minutes"},"schema":{"@context":"https:\/\/schema.org","@graph":[{"@type":"WebPage","@id":"https:\/\/www.szabadszinhaz.hu\/esemenyek\/ponogei-kis-pal-vandorszinjatszo-fesztival-2024\/","url":"https:\/\/www.szabadszinhaz.hu\/esemenyek\/ponogei-kis-pal-vandorszinjatszo-fesztival-2024\/","name":"P\u00f6n\u00f6gei Kis P\u00e1l V\u00e1ndorsz\u00ednj\u00e1tsz\u00f3 Fesztiv\u00e1l 2024 - Szabad Sz\u00ednh\u00e1z","isPartOf":{"@id":"https:\/\/www.szabadszinhaz.hu\/#website"},"primaryImageOfPage":{"@id":"https:\/\/www.szabadszinhaz.hu\/esemenyek\/ponogei-kis-pal-vandorszinjatszo-fesztival-2024\/#primaryimage"},"image":{"@id":"https:\/\/www.szabadszinhaz.hu\/esemenyek\/ponogei-kis-pal-vandorszinjatszo-fesztival-2024\/#primaryimage"},"thumbnailUrl":"https:\/\/www.szabadszinhaz.hu\/wp-content\/uploads\/2023\/05\/Ponogei_jav_plaka-scaled.jpg","datePublished":"2025-03-19T13:45:35+00:00","breadcrumb":{"@id":"https:\/\/www.szabadszinhaz.hu\/esemenyek\/ponogei-kis-pal-vandorszinjatszo-fesztival-2024\/#breadcrumb"},"inLanguage":"en-US","potentialAction":[{"@type":"ReadAction","target":["https:\/\/www.szabadszinhaz.hu\/esemenyek\/ponogei-kis-pal-vandorszinjatszo-fesztival-2024\/"]}]},{"@type":"ImageObject","inLanguage":"en-US","@id":"https:\/\/www.szabadszinhaz.hu\/esemenyek\/ponogei-kis-pal-vandorszinjatszo-fesztival-2024\/#primaryimage","url":"https:\/\/www.szabadszinhaz.hu\/wp-content\/uploads\/2023\/05\/Ponogei_jav_plaka-scaled.jpg","contentUrl":"https:\/\/www.szabadszinhaz.hu\/wp-content\/uploads\/2023\/05\/Ponogei_jav_plaka-scaled.jpg","width":1702,"height":2560},{"@type":"BreadcrumbList","@id":"https:\/\/www.szabadszinhaz.hu\/esemenyek\/ponogei-kis-pal-vandorszinjatszo-fesztival-2024\/#breadcrumb","itemListElement":[{"@type":"ListItem","position":1,"name":"Kezd\u0151lap","item":"https:\/\/www.szabadszinhaz.hu\/"},{"@type":"ListItem","position":2,"name":"Events","item":"https:\/\/www.szabadszinhaz.hu\/en\/esemenyek\/"},{"@type":"ListItem","position":3,"name":"P\u00f6n\u00f6gei Kis P\u00e1l V\u00e1ndorsz\u00ednj\u00e1tsz\u00f3 Fesztiv\u00e1l 2024"}]},{"@type":"WebSite","@id":"https:\/\/www.szabadszinhaz.hu\/#website","url":"https:\/\/www.szabadszinhaz.hu\/","name":"Free Theatre - Szabad Sz\u00ednh\u00e1z","description":"Free Theatre - Szabad Sz\u00ednh\u00e1z","publisher":{"@id":"https:\/\/www.szabadszinhaz.hu\/#organization"},"potentialAction":[{"@type":"SearchAction","target":{"@type":"EntryPoint","urlTemplate":"https:\/\/www.szabadszinhaz.hu\/?s={search_term_string}"},"query-input":{"@type":"PropertyValueSpecification","valueRequired":true,"valueName":"search_term_string"}}],"inLanguage":"en-US"},{"@type":"Organization","@id":"https:\/\/www.szabadszinhaz.hu\/#organization","name":"Szabad Sz\u00ednh\u00e1z SZ\u00cdN-T\u00c9R Egyes\u00fclet","url":"https:\/\/www.szabadszinhaz.hu\/","logo":{"@type":"ImageObject","inLanguage":"en-US","@id":"https:\/\/www.szabadszinhaz.hu\/#\/schema\/logo\/image\/","url":"https:\/\/www.szabadszinhaz.hu\/wp-content\/uploads\/2025\/01\/images.jpg","contentUrl":"https:\/\/www.szabadszinhaz.hu\/wp-content\/uploads\/2025\/01\/images.jpg","width":178,"height":284,"caption":"Szabad Sz\u00ednh\u00e1z SZ\u00cdN-T\u00c9R Egyes\u00fclet"},"image":{"@id":"https:\/\/www.szabadszinhaz.hu\/#\/schema\/logo\/image\/"},"sameAs":["https:\/\/www.facebook.com\/szabadszinhaz"]}]}},"ticketed":false,"_links":{"self":[{"href":"https:\/\/www.szabadszinhaz.hu\/en\/wp-json\/wp\/v2\/tribe_events\/8893","targetHints":{"allow":["GET"]}}],"collection":[{"href":"https:\/\/www.szabadszinhaz.hu\/en\/wp-json\/wp\/v2\/tribe_events"}],"about":[{"href":"https:\/\/www.szabadszinhaz.hu\/en\/wp-json\/wp\/v2\/types\/tribe_events"}],"author":[{"embeddable":true,"href":"https:\/\/www.szabadszinhaz.hu\/en\/wp-json\/wp\/v2\/users\/4"}],"version-history":[{"count":1,"href":"https:\/\/www.szabadszinhaz.hu\/en\/wp-json\/wp\/v2\/tribe_events\/8893\/revisions"}],"predecessor-version":[{"id":8894,"href":"https:\/\/www.szabadszinhaz.hu\/en\/wp-json\/wp\/v2\/tribe_events\/8893\/revisions\/8894"}],"wp:featuredmedia":[{"embeddable":true,"href":"https:\/\/www.szabadszinhaz.hu\/en\/wp-json\/wp\/v2\/media\/6986"}],"wp:attachment":[{"href":"https:\/\/www.szabadszinhaz.hu\/en\/wp-json\/wp\/v2\/media?parent=8893"}],"wp:term":[{"taxonomy":"post_tag","embeddable":true,"href":"https:\/\/www.szabadszinhaz.hu\/en\/wp-json\/wp\/v2\/tags?post=8893"},{"taxonomy":"tribe_events_cat","embeddable":true,"href":"https:\/\/www.szabadszinhaz.hu\/en\/wp-json\/wp\/v2\/tribe_events_cat?post=8893"}],"curies":[{"name":"wp","href":"https:\/\/api.w.org\/{rel}","templated":true}]}}