{"id":8547,"date":"2024-11-14T15:28:15","date_gmt":"2024-11-14T14:28:15","guid":{"rendered":"http:\/\/www.szabadszinhaz.hu\/?post_type=tribe_events&#038;p=8547"},"modified":"2025-10-13T15:43:35","modified_gmt":"2025-10-13T13:43:35","slug":"a-bubajos-lakat-a-szabad-szinhaz-interaktiv-gyermekeloadasa","status":"publish","type":"tribe_events","link":"https:\/\/www.szabadszinhaz.hu\/en\/esemenyek\/a-bubajos-lakat-a-szabad-szinhaz-interaktiv-gyermekeloadasa\/","title":{"rendered":"A b\u0171b\u00e1jos lakat &#8211; A Szabad Sz\u00ednh\u00e1z interakt\u00edv gyermekel\u0151ad\u00e1sa"},"content":{"rendered":"<p><span class=\"x193iq5w xeuugli x13faqbe x1vvkbs x1xmvt09 x1lliihq x1s928wv xhkezso x1gmr53x x1cpjm7i x1fgarty x1943h6x xudqn12 x3x7a5m x6prxxf xvq8zen xo1l8bm xzsf02u\" dir=\"auto\">A Bajusz mes\u00e9k leg\u00fajabb el\u0151ad\u00e1sa!<br class=\"html-br\" \/>\u00c9lt egyszer egy szeg\u00e9ny asszony, aki olyan szeg\u00e9ny volt, hogy m\u00e9g az egerei is a szomsz\u00e9dba j\u00e1rtak k\u00e9regetni. Ennek az asszonynak volt egy fia. Ez a fi\u00fa olyan okos volt, hogy t\u00falj\u00e1rt m\u00e9g az \u00f6rd\u00f6g esz\u00e9n is: elcsente legf\u00e9ltettebb kincs\u00e9t, a b\u0171b\u00e1jos lakatot. <br class=\"html-br\" \/>A szeg\u00e9nyasszony fia az \u00f6rd\u00f6g\u00f6kt\u0151l elcsent b\u0171b\u00e1jos lakat seg\u00edts\u00e9g\u00e9vel teljes\u00edti a kir\u00e1ly k\u00edv\u00e1ns\u00e1gait, \u00e9s megszerzi a kir\u00e1lykisasszony kez\u00e9t.<br class=\"html-br\" \/><br \/>\n<\/span><\/p>","protected":false},"excerpt":{"rendered":"<p>A Bajusz mes\u00e9k leg\u00fajabb el\u0151ad\u00e1sa!\u00c9lt egyszer egy szeg\u00e9ny asszony, aki olyan szeg\u00e9ny volt, hogy m\u00e9g az egerei is a szomsz\u00e9dba j\u00e1rtak k\u00e9regetni. Ennek az asszonynak volt egy fia. Ez a [&hellip;]<\/p>\n","protected":false},"author":4,"featured_media":8548,"template":"","meta":{"_et_pb_use_builder":"","_et_pb_old_content":"","_et_gb_content_width":"","_price":"","_stock":"","_tribe_ticket_header":"","_tribe_default_ticket_provider":"TEC\\Tickets\\Commerce\\Module","_ticket_start_date":"","_ticket_end_date":"","_tribe_ticket_show_description":"","_tribe_ticket_show_not_going":false,"_tribe_ticket_use_global_stock":"","_tribe_ticket_global_stock_level":"","_global_stock_mode":"","_global_stock_cap":"","_tribe_rsvp_for_event":"","_tribe_ticket_going_count":"","_tribe_ticket_not_going_count":"","_tribe_tickets_list":"[]","_tribe_ticket_has_attendee_info_fields":false,"_tribe_events_status":"","_tribe_events_status_reason":"","footnotes":"","_tec_slr_enabled":"","_tec_slr_layout":""},"tags":[],"tribe_events_cat":[],"class_list":["post-8547","tribe_events","type-tribe_events","status-publish","has-post-thumbnail","hentry"],"yoast_head":"<!-- This site is optimized with the Yoast SEO plugin v25.0 - https:\/\/yoast.com\/wordpress\/plugins\/seo\/ -->\n<title>A b\u0171b\u00e1jos lakat - A Szabad Sz\u00ednh\u00e1z interakt\u00edv gyermekel\u0151ad\u00e1sa - Szabad Sz\u00ednh\u00e1z<\/title>\n<meta name=\"robots\" content=\"index, follow, max-snippet:-1, max-image-preview:large, max-video-preview:-1\" \/>\n<link rel=\"canonical\" href=\"https:\/\/www.szabadszinhaz.hu\/en\/esemenyek\/a-bubajos-lakat-a-szabad-szinhaz-interaktiv-gyermekeloadasa\/\" \/>\n<meta property=\"og:locale\" content=\"en_US\" \/>\n<meta property=\"og:type\" content=\"article\" \/>\n<meta property=\"og:title\" content=\"A b\u0171b\u00e1jos lakat - A Szabad Sz\u00ednh\u00e1z interakt\u00edv gyermekel\u0151ad\u00e1sa - Szabad Sz\u00ednh\u00e1z\" \/>\n<meta property=\"og:description\" content=\"A Bajusz mes\u00e9k leg\u00fajabb el\u0151ad\u00e1sa!\u00c9lt egyszer egy szeg\u00e9ny asszony, aki olyan szeg\u00e9ny volt, hogy m\u00e9g az egerei is a szomsz\u00e9dba j\u00e1rtak k\u00e9regetni. Ennek az asszonynak volt egy fia. Ez a [&hellip;]\" \/>\n<meta property=\"og:url\" content=\"https:\/\/www.szabadszinhaz.hu\/en\/esemenyek\/a-bubajos-lakat-a-szabad-szinhaz-interaktiv-gyermekeloadasa\/\" \/>\n<meta property=\"og:site_name\" content=\"Szabad Sz\u00ednh\u00e1z\" \/>\n<meta property=\"article:publisher\" content=\"https:\/\/www.facebook.com\/szabadszinhaz\" \/>\n<meta property=\"article:modified_time\" content=\"2025-10-13T13:43:35+00:00\" \/>\n<meta property=\"og:image\" content=\"https:\/\/www.szabadszinhaz.hu\/wp-content\/uploads\/2024\/11\/A-babajos-lakat.jpg\" \/>\n\t<meta property=\"og:image:width\" content=\"960\" \/>\n\t<meta property=\"og:image:height\" content=\"960\" \/>\n\t<meta property=\"og:image:type\" content=\"image\/jpeg\" \/>\n<meta name=\"twitter:card\" content=\"summary_large_image\" \/>\n<meta name=\"twitter:label1\" content=\"Est. reading time\" \/>\n\t<meta name=\"twitter:data1\" content=\"1 minute\" \/>\n<script type=\"application\/ld+json\" class=\"yoast-schema-graph\">{\"@context\":\"https:\/\/schema.org\",\"@graph\":[{\"@type\":\"WebPage\",\"@id\":\"https:\/\/www.szabadszinhaz.hu\/esemenyek\/a-bubajos-lakat-a-szabad-szinhaz-interaktiv-gyermekeloadasa\/\",\"url\":\"https:\/\/www.szabadszinhaz.hu\/esemenyek\/a-bubajos-lakat-a-szabad-szinhaz-interaktiv-gyermekeloadasa\/\",\"name\":\"A b\u0171b\u00e1jos lakat - A Szabad Sz\u00ednh\u00e1z interakt\u00edv gyermekel\u0151ad\u00e1sa - Szabad Sz\u00ednh\u00e1z\",\"isPartOf\":{\"@id\":\"https:\/\/www.szabadszinhaz.hu\/#website\"},\"primaryImageOfPage\":{\"@id\":\"https:\/\/www.szabadszinhaz.hu\/esemenyek\/a-bubajos-lakat-a-szabad-szinhaz-interaktiv-gyermekeloadasa\/#primaryimage\"},\"image\":{\"@id\":\"https:\/\/www.szabadszinhaz.hu\/esemenyek\/a-bubajos-lakat-a-szabad-szinhaz-interaktiv-gyermekeloadasa\/#primaryimage\"},\"thumbnailUrl\":\"https:\/\/www.szabadszinhaz.hu\/wp-content\/uploads\/2024\/11\/A-babajos-lakat.jpg\",\"datePublished\":\"2024-11-14T14:28:15+00:00\",\"dateModified\":\"2025-10-13T13:43:35+00:00\",\"breadcrumb\":{\"@id\":\"https:\/\/www.szabadszinhaz.hu\/esemenyek\/a-bubajos-lakat-a-szabad-szinhaz-interaktiv-gyermekeloadasa\/#breadcrumb\"},\"inLanguage\":\"en-US\",\"potentialAction\":[{\"@type\":\"ReadAction\",\"target\":[\"https:\/\/www.szabadszinhaz.hu\/esemenyek\/a-bubajos-lakat-a-szabad-szinhaz-interaktiv-gyermekeloadasa\/\"]}]},{\"@type\":\"ImageObject\",\"inLanguage\":\"en-US\",\"@id\":\"https:\/\/www.szabadszinhaz.hu\/esemenyek\/a-bubajos-lakat-a-szabad-szinhaz-interaktiv-gyermekeloadasa\/#primaryimage\",\"url\":\"https:\/\/www.szabadszinhaz.hu\/wp-content\/uploads\/2024\/11\/A-babajos-lakat.jpg\",\"contentUrl\":\"https:\/\/www.szabadszinhaz.hu\/wp-content\/uploads\/2024\/11\/A-babajos-lakat.jpg\",\"width\":960,\"height\":960},{\"@type\":\"BreadcrumbList\",\"@id\":\"https:\/\/www.szabadszinhaz.hu\/esemenyek\/a-bubajos-lakat-a-szabad-szinhaz-interaktiv-gyermekeloadasa\/#breadcrumb\",\"itemListElement\":[{\"@type\":\"ListItem\",\"position\":1,\"name\":\"Kezd\u0151lap\",\"item\":\"https:\/\/www.szabadszinhaz.hu\/\"},{\"@type\":\"ListItem\",\"position\":2,\"name\":\"Events\",\"item\":\"https:\/\/www.szabadszinhaz.hu\/en\/esemenyek\/\"},{\"@type\":\"ListItem\",\"position\":3,\"name\":\"A b\u0171b\u00e1jos lakat &#8211; A Szabad Sz\u00ednh\u00e1z interakt\u00edv gyermekel\u0151ad\u00e1sa\"}]},{\"@type\":\"WebSite\",\"@id\":\"https:\/\/www.szabadszinhaz.hu\/#website\",\"url\":\"https:\/\/www.szabadszinhaz.hu\/\",\"name\":\"Szabad Sz\u00ednh\u00e1z\",\"description\":\"Szabad Sz\u00ednh\u00e1z\",\"publisher\":{\"@id\":\"https:\/\/www.szabadszinhaz.hu\/#organization\"},\"potentialAction\":[{\"@type\":\"SearchAction\",\"target\":{\"@type\":\"EntryPoint\",\"urlTemplate\":\"https:\/\/www.szabadszinhaz.hu\/?s={search_term_string}\"},\"query-input\":{\"@type\":\"PropertyValueSpecification\",\"valueRequired\":true,\"valueName\":\"search_term_string\"}}],\"inLanguage\":\"en-US\"},{\"@type\":\"Organization\",\"@id\":\"https:\/\/www.szabadszinhaz.hu\/#organization\",\"name\":\"Szabad Sz\u00ednh\u00e1z SZ\u00cdN-T\u00c9R Egyes\u00fclet\",\"url\":\"https:\/\/www.szabadszinhaz.hu\/\",\"logo\":{\"@type\":\"ImageObject\",\"inLanguage\":\"en-US\",\"@id\":\"https:\/\/www.szabadszinhaz.hu\/#\/schema\/logo\/image\/\",\"url\":\"https:\/\/www.szabadszinhaz.hu\/wp-content\/uploads\/2025\/01\/images.jpg\",\"contentUrl\":\"https:\/\/www.szabadszinhaz.hu\/wp-content\/uploads\/2025\/01\/images.jpg\",\"width\":178,\"height\":284,\"caption\":\"Szabad Sz\u00ednh\u00e1z SZ\u00cdN-T\u00c9R Egyes\u00fclet\"},\"image\":{\"@id\":\"https:\/\/www.szabadszinhaz.hu\/#\/schema\/logo\/image\/\"},\"sameAs\":[\"https:\/\/www.facebook.com\/szabadszinhaz\"]}]}<\/script>\n<!-- \/ Yoast SEO plugin. -->","yoast_head_json":{"title":"A b\u0171b\u00e1jos lakat - A Szabad Sz\u00ednh\u00e1z interakt\u00edv gyermekel\u0151ad\u00e1sa - Szabad Sz\u00ednh\u00e1z","robots":{"index":"index","follow":"follow","max-snippet":"max-snippet:-1","max-image-preview":"max-image-preview:large","max-video-preview":"max-video-preview:-1"},"canonical":"https:\/\/www.szabadszinhaz.hu\/en\/esemenyek\/a-bubajos-lakat-a-szabad-szinhaz-interaktiv-gyermekeloadasa\/","og_locale":"en_US","og_type":"article","og_title":"A b\u0171b\u00e1jos lakat - A Szabad Sz\u00ednh\u00e1z interakt\u00edv gyermekel\u0151ad\u00e1sa - Szabad Sz\u00ednh\u00e1z","og_description":"A Bajusz mes\u00e9k leg\u00fajabb el\u0151ad\u00e1sa!\u00c9lt egyszer egy szeg\u00e9ny asszony, aki olyan szeg\u00e9ny volt, hogy m\u00e9g az egerei is a szomsz\u00e9dba j\u00e1rtak k\u00e9regetni. Ennek az asszonynak volt egy fia. Ez a [&hellip;]","og_url":"https:\/\/www.szabadszinhaz.hu\/en\/esemenyek\/a-bubajos-lakat-a-szabad-szinhaz-interaktiv-gyermekeloadasa\/","og_site_name":"Szabad Sz\u00ednh\u00e1z","article_publisher":"https:\/\/www.facebook.com\/szabadszinhaz","article_modified_time":"2025-10-13T13:43:35+00:00","og_image":[{"width":960,"height":960,"url":"https:\/\/www.szabadszinhaz.hu\/wp-content\/uploads\/2024\/11\/A-babajos-lakat.jpg","type":"image\/jpeg"}],"twitter_card":"summary_large_image","twitter_misc":{"Est. reading time":"1 minute"},"schema":{"@context":"https:\/\/schema.org","@graph":[{"@type":"WebPage","@id":"https:\/\/www.szabadszinhaz.hu\/esemenyek\/a-bubajos-lakat-a-szabad-szinhaz-interaktiv-gyermekeloadasa\/","url":"https:\/\/www.szabadszinhaz.hu\/esemenyek\/a-bubajos-lakat-a-szabad-szinhaz-interaktiv-gyermekeloadasa\/","name":"A b\u0171b\u00e1jos lakat - A Szabad Sz\u00ednh\u00e1z interakt\u00edv gyermekel\u0151ad\u00e1sa - Szabad Sz\u00ednh\u00e1z","isPartOf":{"@id":"https:\/\/www.szabadszinhaz.hu\/#website"},"primaryImageOfPage":{"@id":"https:\/\/www.szabadszinhaz.hu\/esemenyek\/a-bubajos-lakat-a-szabad-szinhaz-interaktiv-gyermekeloadasa\/#primaryimage"},"image":{"@id":"https:\/\/www.szabadszinhaz.hu\/esemenyek\/a-bubajos-lakat-a-szabad-szinhaz-interaktiv-gyermekeloadasa\/#primaryimage"},"thumbnailUrl":"https:\/\/www.szabadszinhaz.hu\/wp-content\/uploads\/2024\/11\/A-babajos-lakat.jpg","datePublished":"2024-11-14T14:28:15+00:00","dateModified":"2025-10-13T13:43:35+00:00","breadcrumb":{"@id":"https:\/\/www.szabadszinhaz.hu\/esemenyek\/a-bubajos-lakat-a-szabad-szinhaz-interaktiv-gyermekeloadasa\/#breadcrumb"},"inLanguage":"en-US","potentialAction":[{"@type":"ReadAction","target":["https:\/\/www.szabadszinhaz.hu\/esemenyek\/a-bubajos-lakat-a-szabad-szinhaz-interaktiv-gyermekeloadasa\/"]}]},{"@type":"ImageObject","inLanguage":"en-US","@id":"https:\/\/www.szabadszinhaz.hu\/esemenyek\/a-bubajos-lakat-a-szabad-szinhaz-interaktiv-gyermekeloadasa\/#primaryimage","url":"https:\/\/www.szabadszinhaz.hu\/wp-content\/uploads\/2024\/11\/A-babajos-lakat.jpg","contentUrl":"https:\/\/www.szabadszinhaz.hu\/wp-content\/uploads\/2024\/11\/A-babajos-lakat.jpg","width":960,"height":960},{"@type":"BreadcrumbList","@id":"https:\/\/www.szabadszinhaz.hu\/esemenyek\/a-bubajos-lakat-a-szabad-szinhaz-interaktiv-gyermekeloadasa\/#breadcrumb","itemListElement":[{"@type":"ListItem","position":1,"name":"Kezd\u0151lap","item":"https:\/\/www.szabadszinhaz.hu\/"},{"@type":"ListItem","position":2,"name":"Events","item":"https:\/\/www.szabadszinhaz.hu\/en\/esemenyek\/"},{"@type":"ListItem","position":3,"name":"A b\u0171b\u00e1jos lakat &#8211; A Szabad Sz\u00ednh\u00e1z interakt\u00edv gyermekel\u0151ad\u00e1sa"}]},{"@type":"WebSite","@id":"https:\/\/www.szabadszinhaz.hu\/#website","url":"https:\/\/www.szabadszinhaz.hu\/","name":"Free Theatre - Szabad Sz\u00ednh\u00e1z","description":"Free Theatre - Szabad Sz\u00ednh\u00e1z","publisher":{"@id":"https:\/\/www.szabadszinhaz.hu\/#organization"},"potentialAction":[{"@type":"SearchAction","target":{"@type":"EntryPoint","urlTemplate":"https:\/\/www.szabadszinhaz.hu\/?s={search_term_string}"},"query-input":{"@type":"PropertyValueSpecification","valueRequired":true,"valueName":"search_term_string"}}],"inLanguage":"en-US"},{"@type":"Organization","@id":"https:\/\/www.szabadszinhaz.hu\/#organization","name":"Szabad Sz\u00ednh\u00e1z SZ\u00cdN-T\u00c9R Egyes\u00fclet","url":"https:\/\/www.szabadszinhaz.hu\/","logo":{"@type":"ImageObject","inLanguage":"en-US","@id":"https:\/\/www.szabadszinhaz.hu\/#\/schema\/logo\/image\/","url":"https:\/\/www.szabadszinhaz.hu\/wp-content\/uploads\/2025\/01\/images.jpg","contentUrl":"https:\/\/www.szabadszinhaz.hu\/wp-content\/uploads\/2025\/01\/images.jpg","width":178,"height":284,"caption":"Szabad Sz\u00ednh\u00e1z SZ\u00cdN-T\u00c9R Egyes\u00fclet"},"image":{"@id":"https:\/\/www.szabadszinhaz.hu\/#\/schema\/logo\/image\/"},"sameAs":["https:\/\/www.facebook.com\/szabadszinhaz"]}]}},"ticketed":false,"_links":{"self":[{"href":"https:\/\/www.szabadszinhaz.hu\/en\/wp-json\/wp\/v2\/tribe_events\/8547","targetHints":{"allow":["GET"]}}],"collection":[{"href":"https:\/\/www.szabadszinhaz.hu\/en\/wp-json\/wp\/v2\/tribe_events"}],"about":[{"href":"https:\/\/www.szabadszinhaz.hu\/en\/wp-json\/wp\/v2\/types\/tribe_events"}],"author":[{"embeddable":true,"href":"https:\/\/www.szabadszinhaz.hu\/en\/wp-json\/wp\/v2\/users\/4"}],"version-history":[{"count":2,"href":"https:\/\/www.szabadszinhaz.hu\/en\/wp-json\/wp\/v2\/tribe_events\/8547\/revisions"}],"predecessor-version":[{"id":9789,"href":"https:\/\/www.szabadszinhaz.hu\/en\/wp-json\/wp\/v2\/tribe_events\/8547\/revisions\/9789"}],"wp:featuredmedia":[{"embeddable":true,"href":"https:\/\/www.szabadszinhaz.hu\/en\/wp-json\/wp\/v2\/media\/8548"}],"wp:attachment":[{"href":"https:\/\/www.szabadszinhaz.hu\/en\/wp-json\/wp\/v2\/media?parent=8547"}],"wp:term":[{"taxonomy":"post_tag","embeddable":true,"href":"https:\/\/www.szabadszinhaz.hu\/en\/wp-json\/wp\/v2\/tags?post=8547"},{"taxonomy":"tribe_events_cat","embeddable":true,"href":"https:\/\/www.szabadszinhaz.hu\/en\/wp-json\/wp\/v2\/tribe_events_cat?post=8547"}],"curies":[{"name":"wp","href":"https:\/\/api.w.org\/{rel}","templated":true}]}}