{"id":8410,"date":"2024-10-03T13:27:04","date_gmt":"2024-10-03T11:27:04","guid":{"rendered":"http:\/\/www.szabadszinhaz.hu\/?post_type=tribe_events&#038;p=8410"},"modified":"2024-10-03T13:27:04","modified_gmt":"2024-10-03T11:27:04","slug":"szabad-szinhaz-varro-daniel-a-leprikonok-atka-elozenes-bab-mesejatek-eloadja-acs-tamas-es-bergics-andras","status":"publish","type":"tribe_events","link":"https:\/\/www.szabadszinhaz.hu\/en\/esemenyek\/szabad-szinhaz-varro-daniel-a-leprikonok-atka-elozenes-bab-mesejatek-eloadja-acs-tamas-es-bergics-andras\/","title":{"rendered":"Szabad Sz\u00ednh\u00e1z &#8211; Varr\u00f3 D\u00e1niel &#8211; A leprik\u00f3nok \u00e1tka &#8211; \u00e9l\u0151zen\u00e9s b\u00e1b- mesej\u00e1t\u00e9k. El\u0151adja: \u00c1cs Tam\u00e1s \u00e9s Bergics Andr\u00e1s"},"content":{"rendered":"<div class=\"xdj266r x11i5rnm xat24cr x1mh8g0r x1vvkbs\">A leprik\u00f3nok \u00e1tka a nagyobbacsk\u00e1k sz\u00e1m\u00e1ra is \u00e9lvezhet\u0151 izgalmas, der\u0171s, \u00e9s zen\u00e9s kalandj\u00e1t\u00e9k minden kis viking sz\u00e1m\u00e1ra!<\/div>\n<div class=\"x11i5rnm xat24cr x1mh8g0r x1vvkbs xtlvy1s\">Egy kis viking legenda l\u00e1that\u00f3 alant, mit mondjak, csupa j\u00e1t\u00e9k, kock\u00e1zat \u00e9s kaland, te vagy a f\u0151szerepl\u0151, ez egy olyan mese, legy\u00e9l a t\u00f6rt\u00e9netnek tev\u00e9keny r\u00e9szese!<br class=\"html-br\" \/>B\u00e9k\u00e9s viking faludban ritk\u00e1k az esem\u00e9nyek,<br class=\"html-br\" \/>csak h\u00e9be-h\u00f3ba d\u00falj\u00e1k fel \u00e1d\u00e1z mesel\u00e9nyek.<br class=\"html-br\" \/>Duzzogva \u00e9ldeg\u00e9lsz itt, te kis viking vit\u00e9z,<br class=\"html-br\" \/>a mindennapjaidb\u00f3l hi\u00e1nyzik n\u00e9mi v\u00e9sz\u2026<\/div>\n<div class=\"x11i5rnm xat24cr x1mh8g0r x1vvkbs xtlvy1s\">\u00c1m mindez egy csap\u00e1sra megv\u00e1ltozik nagyon.<br class=\"html-br\" \/>Z\u00f6ld f\u00e9ny dereng az \u00e9gen<br class=\"html-br\" \/>e v\u00e9gzetes napon!<br class=\"html-br\" \/>Kirajzol\u00f3dik ott fent egy h\u00e1rom\u00e1g\u00fa jel,<br class=\"html-br\" \/>s a feln\u0151ttek gyerekk\u00e9 var\u00e1zsol\u00f3dnak el.<\/div>\n<div class=\"x11i5rnm xat24cr x1mh8g0r x1vvkbs xtlvy1s\">A helyzet tarthatatlan. H\u00e1t nem marad m\u00e1s h\u00e1tra,<br class=\"html-br\" \/>musz\u00e1j, hogy \u00f6ssze\u00fclj\u00f6n a gyermekek tan\u00e1csa.<br class=\"html-br\" \/>T\u00e9ged jel\u00f6l ki arra Kem\u00e9nyk\u00f6t\u00e9s\u0171 Mikka,<br class=\"html-br\" \/>hogy oldd fel ezt a b\u0171b\u00e1jt, der\u00edtsd ki, mi a titka.<br class=\"html-br\" \/>Azonnal \u00fatra kelsz h\u00e1t egy percet sem aludva,<br class=\"html-br\" \/>hogy visszahozd a b\u00e9k\u00e9t kis fejre \u00e1llt faludba.<\/div>\n<div class=\"x11i5rnm xat24cr x1mh8g0r x1vvkbs xtlvy1s\">El\u0151adj\u00e1k: \u00c1cs Tam\u00e1s \u00e9s Bergics Andr\u00e1s<br class=\"html-br\" \/>Dramaturg: \u00c1cs-Gy\u0151rfi Anna<br class=\"html-br\" \/>B\u00e1bok: Horv\u00e1th M\u00e1rk<br class=\"html-br\" \/>Zene: Bergics Andr\u00e1s<br class=\"html-br\" \/>Rendezt\u0151: \u00c1cs Tam\u00e1s<br class=\"html-br\" \/>Az el\u0151ad\u00e1s id\u0151tartama: 60 perc<br class=\"html-br\" \/>Az el\u0151ad\u00e1s 6 \u00e9ves kort\u00f3l aj\u00e1nlott<\/div>\n<p>&nbsp;<\/p>\n<p>&nbsp;<\/p>","protected":false},"excerpt":{"rendered":"<p>A leprik\u00f3nok \u00e1tka a nagyobbacsk\u00e1k sz\u00e1m\u00e1ra is \u00e9lvezhet\u0151 izgalmas, der\u0171s, \u00e9s zen\u00e9s kalandj\u00e1t\u00e9k minden kis viking sz\u00e1m\u00e1ra! Egy kis viking legenda l\u00e1that\u00f3 alant, mit mondjak, csupa j\u00e1t\u00e9k, kock\u00e1zat \u00e9s kaland, [&hellip;]<\/p>\n","protected":false},"author":4,"featured_media":8411,"template":"","meta":{"_et_pb_use_builder":"","_et_pb_old_content":"","_et_gb_content_width":"","_price":"","_stock":"","_tribe_ticket_header":"","_tribe_default_ticket_provider":"TEC\\Tickets\\Commerce\\Module","_ticket_start_date":"","_ticket_end_date":"","_tribe_ticket_show_description":"","_tribe_ticket_show_not_going":false,"_tribe_ticket_use_global_stock":"","_tribe_ticket_global_stock_level":"","_global_stock_mode":"","_global_stock_cap":"","_tribe_rsvp_for_event":"","_tribe_ticket_going_count":"","_tribe_ticket_not_going_count":"","_tribe_tickets_list":"[]","_tribe_ticket_has_attendee_info_fields":false,"_tribe_events_status":"","_tribe_events_status_reason":"","footnotes":"","_tec_slr_enabled":"","_tec_slr_layout":""},"tags":[],"tribe_events_cat":[],"class_list":["post-8410","tribe_events","type-tribe_events","status-publish","has-post-thumbnail","hentry"],"yoast_head":"<!-- This site is optimized with the Yoast SEO plugin v25.0 - https:\/\/yoast.com\/wordpress\/plugins\/seo\/ -->\n<title>Szabad Sz\u00ednh\u00e1z - Varr\u00f3 D\u00e1niel - A leprik\u00f3nok \u00e1tka - \u00e9l\u0151zen\u00e9s b\u00e1b- mesej\u00e1t\u00e9k. El\u0151adja: \u00c1cs Tam\u00e1s \u00e9s Bergics Andr\u00e1s - Szabad Sz\u00ednh\u00e1z<\/title>\n<meta name=\"robots\" content=\"index, follow, max-snippet:-1, max-image-preview:large, max-video-preview:-1\" \/>\n<link rel=\"canonical\" href=\"https:\/\/www.szabadszinhaz.hu\/en\/esemenyek\/szabad-szinhaz-varro-daniel-a-leprikonok-atka-elozenes-bab-mesejatek-eloadja-acs-tamas-es-bergics-andras\/\" \/>\n<meta property=\"og:locale\" content=\"en_US\" \/>\n<meta property=\"og:type\" content=\"article\" \/>\n<meta property=\"og:title\" content=\"Szabad Sz\u00ednh\u00e1z - Varr\u00f3 D\u00e1niel - A leprik\u00f3nok \u00e1tka - \u00e9l\u0151zen\u00e9s b\u00e1b- mesej\u00e1t\u00e9k. El\u0151adja: \u00c1cs Tam\u00e1s \u00e9s Bergics Andr\u00e1s - Szabad Sz\u00ednh\u00e1z\" \/>\n<meta property=\"og:description\" content=\"A leprik\u00f3nok \u00e1tka a nagyobbacsk\u00e1k sz\u00e1m\u00e1ra is \u00e9lvezhet\u0151 izgalmas, der\u0171s, \u00e9s zen\u00e9s kalandj\u00e1t\u00e9k minden kis viking sz\u00e1m\u00e1ra! Egy kis viking legenda l\u00e1that\u00f3 alant, mit mondjak, csupa j\u00e1t\u00e9k, kock\u00e1zat \u00e9s kaland, [&hellip;]\" \/>\n<meta property=\"og:url\" content=\"https:\/\/www.szabadszinhaz.hu\/en\/esemenyek\/szabad-szinhaz-varro-daniel-a-leprikonok-atka-elozenes-bab-mesejatek-eloadja-acs-tamas-es-bergics-andras\/\" \/>\n<meta property=\"og:site_name\" content=\"Szabad Sz\u00ednh\u00e1z\" \/>\n<meta property=\"article:publisher\" content=\"https:\/\/www.facebook.com\/szabadszinhaz\" \/>\n<meta property=\"og:image\" content=\"https:\/\/www.szabadszinhaz.hu\/wp-content\/uploads\/2024\/10\/A-leprikonok-atka.jpg\" \/>\n\t<meta property=\"og:image:width\" content=\"1080\" \/>\n\t<meta property=\"og:image:height\" content=\"1528\" \/>\n\t<meta property=\"og:image:type\" content=\"image\/jpeg\" \/>\n<meta name=\"twitter:card\" content=\"summary_large_image\" \/>\n<meta name=\"twitter:label1\" content=\"Est. reading time\" \/>\n\t<meta name=\"twitter:data1\" content=\"1 minute\" \/>\n<script type=\"application\/ld+json\" class=\"yoast-schema-graph\">{\"@context\":\"https:\/\/schema.org\",\"@graph\":[{\"@type\":\"WebPage\",\"@id\":\"https:\/\/www.szabadszinhaz.hu\/en\/esemenyek\/szabad-szinhaz-varro-daniel-a-leprikonok-atka-elozenes-bab-mesejatek-eloadja-acs-tamas-es-bergics-andras\/\",\"url\":\"https:\/\/www.szabadszinhaz.hu\/en\/esemenyek\/szabad-szinhaz-varro-daniel-a-leprikonok-atka-elozenes-bab-mesejatek-eloadja-acs-tamas-es-bergics-andras\/\",\"name\":\"Szabad Sz\u00ednh\u00e1z - Varr\u00f3 D\u00e1niel - A leprik\u00f3nok \u00e1tka - \u00e9l\u0151zen\u00e9s b\u00e1b- mesej\u00e1t\u00e9k. El\u0151adja: \u00c1cs Tam\u00e1s \u00e9s Bergics Andr\u00e1s - Szabad Sz\u00ednh\u00e1z\",\"isPartOf\":{\"@id\":\"https:\/\/www.szabadszinhaz.hu\/#website\"},\"primaryImageOfPage\":{\"@id\":\"https:\/\/www.szabadszinhaz.hu\/en\/esemenyek\/szabad-szinhaz-varro-daniel-a-leprikonok-atka-elozenes-bab-mesejatek-eloadja-acs-tamas-es-bergics-andras\/#primaryimage\"},\"image\":{\"@id\":\"https:\/\/www.szabadszinhaz.hu\/en\/esemenyek\/szabad-szinhaz-varro-daniel-a-leprikonok-atka-elozenes-bab-mesejatek-eloadja-acs-tamas-es-bergics-andras\/#primaryimage\"},\"thumbnailUrl\":\"https:\/\/www.szabadszinhaz.hu\/wp-content\/uploads\/2024\/10\/A-leprikonok-atka.jpg\",\"datePublished\":\"2024-10-03T11:27:04+00:00\",\"breadcrumb\":{\"@id\":\"https:\/\/www.szabadszinhaz.hu\/en\/esemenyek\/szabad-szinhaz-varro-daniel-a-leprikonok-atka-elozenes-bab-mesejatek-eloadja-acs-tamas-es-bergics-andras\/#breadcrumb\"},\"inLanguage\":\"en-US\",\"potentialAction\":[{\"@type\":\"ReadAction\",\"target\":[\"https:\/\/www.szabadszinhaz.hu\/en\/esemenyek\/szabad-szinhaz-varro-daniel-a-leprikonok-atka-elozenes-bab-mesejatek-eloadja-acs-tamas-es-bergics-andras\/\"]}]},{\"@type\":\"ImageObject\",\"inLanguage\":\"en-US\",\"@id\":\"https:\/\/www.szabadszinhaz.hu\/en\/esemenyek\/szabad-szinhaz-varro-daniel-a-leprikonok-atka-elozenes-bab-mesejatek-eloadja-acs-tamas-es-bergics-andras\/#primaryimage\",\"url\":\"https:\/\/www.szabadszinhaz.hu\/wp-content\/uploads\/2024\/10\/A-leprikonok-atka.jpg\",\"contentUrl\":\"https:\/\/www.szabadszinhaz.hu\/wp-content\/uploads\/2024\/10\/A-leprikonok-atka.jpg\",\"width\":1080,\"height\":1528},{\"@type\":\"BreadcrumbList\",\"@id\":\"https:\/\/www.szabadszinhaz.hu\/en\/esemenyek\/szabad-szinhaz-varro-daniel-a-leprikonok-atka-elozenes-bab-mesejatek-eloadja-acs-tamas-es-bergics-andras\/#breadcrumb\",\"itemListElement\":[{\"@type\":\"ListItem\",\"position\":1,\"name\":\"Kezd\u0151lap\",\"item\":\"https:\/\/www.szabadszinhaz.hu\/\"},{\"@type\":\"ListItem\",\"position\":2,\"name\":\"Events\",\"item\":\"https:\/\/www.szabadszinhaz.hu\/en\/esemenyek\/\"},{\"@type\":\"ListItem\",\"position\":3,\"name\":\"Szabad Sz\u00ednh\u00e1z &#8211; Varr\u00f3 D\u00e1niel &#8211; A leprik\u00f3nok \u00e1tka &#8211; \u00e9l\u0151zen\u00e9s b\u00e1b- mesej\u00e1t\u00e9k. El\u0151adja: \u00c1cs Tam\u00e1s \u00e9s Bergics Andr\u00e1s\"}]},{\"@type\":\"WebSite\",\"@id\":\"https:\/\/www.szabadszinhaz.hu\/#website\",\"url\":\"https:\/\/www.szabadszinhaz.hu\/\",\"name\":\"Szabad Sz\u00ednh\u00e1z\",\"description\":\"Szabad Sz\u00ednh\u00e1z\",\"publisher\":{\"@id\":\"https:\/\/www.szabadszinhaz.hu\/#organization\"},\"potentialAction\":[{\"@type\":\"SearchAction\",\"target\":{\"@type\":\"EntryPoint\",\"urlTemplate\":\"https:\/\/www.szabadszinhaz.hu\/?s={search_term_string}\"},\"query-input\":{\"@type\":\"PropertyValueSpecification\",\"valueRequired\":true,\"valueName\":\"search_term_string\"}}],\"inLanguage\":\"en-US\"},{\"@type\":\"Organization\",\"@id\":\"https:\/\/www.szabadszinhaz.hu\/#organization\",\"name\":\"Szabad Sz\u00ednh\u00e1z SZ\u00cdN-T\u00c9R Egyes\u00fclet\",\"url\":\"https:\/\/www.szabadszinhaz.hu\/\",\"logo\":{\"@type\":\"ImageObject\",\"inLanguage\":\"en-US\",\"@id\":\"https:\/\/www.szabadszinhaz.hu\/#\/schema\/logo\/image\/\",\"url\":\"https:\/\/www.szabadszinhaz.hu\/wp-content\/uploads\/2025\/01\/images.jpg\",\"contentUrl\":\"https:\/\/www.szabadszinhaz.hu\/wp-content\/uploads\/2025\/01\/images.jpg\",\"width\":178,\"height\":284,\"caption\":\"Szabad Sz\u00ednh\u00e1z SZ\u00cdN-T\u00c9R Egyes\u00fclet\"},\"image\":{\"@id\":\"https:\/\/www.szabadszinhaz.hu\/#\/schema\/logo\/image\/\"},\"sameAs\":[\"https:\/\/www.facebook.com\/szabadszinhaz\"]}]}<\/script>\n<!-- \/ Yoast SEO plugin. -->","yoast_head_json":{"title":"Szabad Sz\u00ednh\u00e1z - Varr\u00f3 D\u00e1niel - A leprik\u00f3nok \u00e1tka - \u00e9l\u0151zen\u00e9s b\u00e1b- mesej\u00e1t\u00e9k. El\u0151adja: \u00c1cs Tam\u00e1s \u00e9s Bergics Andr\u00e1s - Szabad Sz\u00ednh\u00e1z","robots":{"index":"index","follow":"follow","max-snippet":"max-snippet:-1","max-image-preview":"max-image-preview:large","max-video-preview":"max-video-preview:-1"},"canonical":"https:\/\/www.szabadszinhaz.hu\/en\/esemenyek\/szabad-szinhaz-varro-daniel-a-leprikonok-atka-elozenes-bab-mesejatek-eloadja-acs-tamas-es-bergics-andras\/","og_locale":"en_US","og_type":"article","og_title":"Szabad Sz\u00ednh\u00e1z - Varr\u00f3 D\u00e1niel - A leprik\u00f3nok \u00e1tka - \u00e9l\u0151zen\u00e9s b\u00e1b- mesej\u00e1t\u00e9k. El\u0151adja: \u00c1cs Tam\u00e1s \u00e9s Bergics Andr\u00e1s - Szabad Sz\u00ednh\u00e1z","og_description":"A leprik\u00f3nok \u00e1tka a nagyobbacsk\u00e1k sz\u00e1m\u00e1ra is \u00e9lvezhet\u0151 izgalmas, der\u0171s, \u00e9s zen\u00e9s kalandj\u00e1t\u00e9k minden kis viking sz\u00e1m\u00e1ra! Egy kis viking legenda l\u00e1that\u00f3 alant, mit mondjak, csupa j\u00e1t\u00e9k, kock\u00e1zat \u00e9s kaland, [&hellip;]","og_url":"https:\/\/www.szabadszinhaz.hu\/en\/esemenyek\/szabad-szinhaz-varro-daniel-a-leprikonok-atka-elozenes-bab-mesejatek-eloadja-acs-tamas-es-bergics-andras\/","og_site_name":"Szabad Sz\u00ednh\u00e1z","article_publisher":"https:\/\/www.facebook.com\/szabadszinhaz","og_image":[{"width":1080,"height":1528,"url":"https:\/\/www.szabadszinhaz.hu\/wp-content\/uploads\/2024\/10\/A-leprikonok-atka.jpg","type":"image\/jpeg"}],"twitter_card":"summary_large_image","twitter_misc":{"Est. reading time":"1 minute"},"schema":{"@context":"https:\/\/schema.org","@graph":[{"@type":"WebPage","@id":"https:\/\/www.szabadszinhaz.hu\/en\/esemenyek\/szabad-szinhaz-varro-daniel-a-leprikonok-atka-elozenes-bab-mesejatek-eloadja-acs-tamas-es-bergics-andras\/","url":"https:\/\/www.szabadszinhaz.hu\/en\/esemenyek\/szabad-szinhaz-varro-daniel-a-leprikonok-atka-elozenes-bab-mesejatek-eloadja-acs-tamas-es-bergics-andras\/","name":"Szabad Sz\u00ednh\u00e1z - Varr\u00f3 D\u00e1niel - A leprik\u00f3nok \u00e1tka - \u00e9l\u0151zen\u00e9s b\u00e1b- mesej\u00e1t\u00e9k. El\u0151adja: \u00c1cs Tam\u00e1s \u00e9s Bergics Andr\u00e1s - Szabad Sz\u00ednh\u00e1z","isPartOf":{"@id":"https:\/\/www.szabadszinhaz.hu\/#website"},"primaryImageOfPage":{"@id":"https:\/\/www.szabadszinhaz.hu\/en\/esemenyek\/szabad-szinhaz-varro-daniel-a-leprikonok-atka-elozenes-bab-mesejatek-eloadja-acs-tamas-es-bergics-andras\/#primaryimage"},"image":{"@id":"https:\/\/www.szabadszinhaz.hu\/en\/esemenyek\/szabad-szinhaz-varro-daniel-a-leprikonok-atka-elozenes-bab-mesejatek-eloadja-acs-tamas-es-bergics-andras\/#primaryimage"},"thumbnailUrl":"https:\/\/www.szabadszinhaz.hu\/wp-content\/uploads\/2024\/10\/A-leprikonok-atka.jpg","datePublished":"2024-10-03T11:27:04+00:00","breadcrumb":{"@id":"https:\/\/www.szabadszinhaz.hu\/en\/esemenyek\/szabad-szinhaz-varro-daniel-a-leprikonok-atka-elozenes-bab-mesejatek-eloadja-acs-tamas-es-bergics-andras\/#breadcrumb"},"inLanguage":"en-US","potentialAction":[{"@type":"ReadAction","target":["https:\/\/www.szabadszinhaz.hu\/en\/esemenyek\/szabad-szinhaz-varro-daniel-a-leprikonok-atka-elozenes-bab-mesejatek-eloadja-acs-tamas-es-bergics-andras\/"]}]},{"@type":"ImageObject","inLanguage":"en-US","@id":"https:\/\/www.szabadszinhaz.hu\/en\/esemenyek\/szabad-szinhaz-varro-daniel-a-leprikonok-atka-elozenes-bab-mesejatek-eloadja-acs-tamas-es-bergics-andras\/#primaryimage","url":"https:\/\/www.szabadszinhaz.hu\/wp-content\/uploads\/2024\/10\/A-leprikonok-atka.jpg","contentUrl":"https:\/\/www.szabadszinhaz.hu\/wp-content\/uploads\/2024\/10\/A-leprikonok-atka.jpg","width":1080,"height":1528},{"@type":"BreadcrumbList","@id":"https:\/\/www.szabadszinhaz.hu\/en\/esemenyek\/szabad-szinhaz-varro-daniel-a-leprikonok-atka-elozenes-bab-mesejatek-eloadja-acs-tamas-es-bergics-andras\/#breadcrumb","itemListElement":[{"@type":"ListItem","position":1,"name":"Kezd\u0151lap","item":"https:\/\/www.szabadszinhaz.hu\/"},{"@type":"ListItem","position":2,"name":"Events","item":"https:\/\/www.szabadszinhaz.hu\/en\/esemenyek\/"},{"@type":"ListItem","position":3,"name":"Szabad Sz\u00ednh\u00e1z &#8211; Varr\u00f3 D\u00e1niel &#8211; A leprik\u00f3nok \u00e1tka &#8211; \u00e9l\u0151zen\u00e9s b\u00e1b- mesej\u00e1t\u00e9k. El\u0151adja: \u00c1cs Tam\u00e1s \u00e9s Bergics Andr\u00e1s"}]},{"@type":"WebSite","@id":"https:\/\/www.szabadszinhaz.hu\/#website","url":"https:\/\/www.szabadszinhaz.hu\/","name":"Free Theatre - Szabad Sz\u00ednh\u00e1z","description":"Free Theatre - Szabad Sz\u00ednh\u00e1z","publisher":{"@id":"https:\/\/www.szabadszinhaz.hu\/#organization"},"potentialAction":[{"@type":"SearchAction","target":{"@type":"EntryPoint","urlTemplate":"https:\/\/www.szabadszinhaz.hu\/?s={search_term_string}"},"query-input":{"@type":"PropertyValueSpecification","valueRequired":true,"valueName":"search_term_string"}}],"inLanguage":"en-US"},{"@type":"Organization","@id":"https:\/\/www.szabadszinhaz.hu\/#organization","name":"Szabad Sz\u00ednh\u00e1z SZ\u00cdN-T\u00c9R Egyes\u00fclet","url":"https:\/\/www.szabadszinhaz.hu\/","logo":{"@type":"ImageObject","inLanguage":"en-US","@id":"https:\/\/www.szabadszinhaz.hu\/#\/schema\/logo\/image\/","url":"https:\/\/www.szabadszinhaz.hu\/wp-content\/uploads\/2025\/01\/images.jpg","contentUrl":"https:\/\/www.szabadszinhaz.hu\/wp-content\/uploads\/2025\/01\/images.jpg","width":178,"height":284,"caption":"Szabad Sz\u00ednh\u00e1z SZ\u00cdN-T\u00c9R Egyes\u00fclet"},"image":{"@id":"https:\/\/www.szabadszinhaz.hu\/#\/schema\/logo\/image\/"},"sameAs":["https:\/\/www.facebook.com\/szabadszinhaz"]}]}},"ticketed":false,"_links":{"self":[{"href":"https:\/\/www.szabadszinhaz.hu\/en\/wp-json\/wp\/v2\/tribe_events\/8410","targetHints":{"allow":["GET"]}}],"collection":[{"href":"https:\/\/www.szabadszinhaz.hu\/en\/wp-json\/wp\/v2\/tribe_events"}],"about":[{"href":"https:\/\/www.szabadszinhaz.hu\/en\/wp-json\/wp\/v2\/types\/tribe_events"}],"author":[{"embeddable":true,"href":"https:\/\/www.szabadszinhaz.hu\/en\/wp-json\/wp\/v2\/users\/4"}],"version-history":[{"count":1,"href":"https:\/\/www.szabadszinhaz.hu\/en\/wp-json\/wp\/v2\/tribe_events\/8410\/revisions"}],"predecessor-version":[{"id":8412,"href":"https:\/\/www.szabadszinhaz.hu\/en\/wp-json\/wp\/v2\/tribe_events\/8410\/revisions\/8412"}],"wp:featuredmedia":[{"embeddable":true,"href":"https:\/\/www.szabadszinhaz.hu\/en\/wp-json\/wp\/v2\/media\/8411"}],"wp:attachment":[{"href":"https:\/\/www.szabadszinhaz.hu\/en\/wp-json\/wp\/v2\/media?parent=8410"}],"wp:term":[{"taxonomy":"post_tag","embeddable":true,"href":"https:\/\/www.szabadszinhaz.hu\/en\/wp-json\/wp\/v2\/tags?post=8410"},{"taxonomy":"tribe_events_cat","embeddable":true,"href":"https:\/\/www.szabadszinhaz.hu\/en\/wp-json\/wp\/v2\/tribe_events_cat?post=8410"}],"curies":[{"name":"wp","href":"https:\/\/api.w.org\/{rel}","templated":true}]}}