{"id":8308,"date":"2024-08-16T11:32:50","date_gmt":"2024-08-16T09:32:50","guid":{"rendered":"http:\/\/www.szabadszinhaz.hu\/?post_type=tribe_events&#038;p=8308"},"modified":"2024-08-16T11:32:50","modified_gmt":"2024-08-16T09:32:50","slug":"elias-tobias-babjatek-eloadasa-a-szepen-szolo-pelikanmadar","status":"publish","type":"tribe_events","link":"https:\/\/www.szabadszinhaz.hu\/en\/esemenyek\/elias-tobias-babjatek-eloadasa-a-szepen-szolo-pelikanmadar\/","title":{"rendered":"\u00c9li\u00e1s T\u00f3bi\u00e1s b\u00e1bj\u00e1t\u00e9k el\u0151ad\u00e1sa &#8211; A sz\u00e9pen sz\u00f3l\u00f3 pelik\u00e1nmad\u00e1r"},"content":{"rendered":"<p><span class=\"x193iq5w xeuugli x13faqbe x1vvkbs x1xmvt09 x1lliihq x1s928wv xhkezso x1gmr53x x1cpjm7i x1fgarty x1943h6x xudqn12 x3x7a5m x6prxxf xvq8zen xo1l8bm xzsf02u\" dir=\"auto\">A sz\u00e9pen sz\u00f3l\u00f3 pelik\u00e1nmad\u00e1r az Ig\u00e9z\u0151ben. <br class=\"html-br\" \/>Veletek is el\u0151fordult, hogy elvesztettetek valamit? Meseorsz\u00e1g kir\u00e1lya a pelik\u00e1nmadar\u00e1t vesztette el. Most az egyik szeme s\u00edr, a m\u00e1sik nevet. De hogy mi\u00e9rt is? Azt n\u00e9zz\u00fck meg egy\u00fctt! <br class=\"html-br\" \/>A b\u00e1bel\u0151ad\u00e1s id\u0151tartama 45 perc. <br class=\"html-br\" \/>\u00d3vod\u00e1soknak \u00e9s kisiskol\u00e1soknak aj\u00e1nljuk.<br class=\"html-br\" \/>Bel\u00e9p\u0151jegy: 2000 Ft.<\/span><\/p>","protected":false},"excerpt":{"rendered":"<p>A sz\u00e9pen sz\u00f3l\u00f3 pelik\u00e1nmad\u00e1r az Ig\u00e9z\u0151ben. Veletek is el\u0151fordult, hogy elvesztettetek valamit? Meseorsz\u00e1g kir\u00e1lya a pelik\u00e1nmadar\u00e1t vesztette el. Most az egyik szeme s\u00edr, a m\u00e1sik nevet. De hogy mi\u00e9rt is? [&hellip;]<\/p>\n","protected":false},"author":4,"featured_media":8309,"template":"","meta":{"_et_pb_use_builder":"","_et_pb_old_content":"","_et_gb_content_width":"","_price":"","_stock":"","_tribe_ticket_header":"","_tribe_default_ticket_provider":"TEC\\Tickets\\Commerce\\Module","_ticket_start_date":"","_ticket_end_date":"","_tribe_ticket_show_description":"","_tribe_ticket_show_not_going":false,"_tribe_ticket_use_global_stock":"","_tribe_ticket_global_stock_level":"","_global_stock_mode":"","_global_stock_cap":"","_tribe_rsvp_for_event":"","_tribe_ticket_going_count":"","_tribe_ticket_not_going_count":"","_tribe_tickets_list":"[]","_tribe_ticket_has_attendee_info_fields":false,"_tribe_events_status":"","_tribe_events_status_reason":"","footnotes":"","_tec_slr_enabled":"","_tec_slr_layout":""},"tags":[],"tribe_events_cat":[],"class_list":["post-8308","tribe_events","type-tribe_events","status-publish","has-post-thumbnail","hentry"],"yoast_head":"<!-- This site is optimized with the Yoast SEO plugin v25.0 - https:\/\/yoast.com\/wordpress\/plugins\/seo\/ -->\n<title>\u00c9li\u00e1s T\u00f3bi\u00e1s b\u00e1bj\u00e1t\u00e9k el\u0151ad\u00e1sa - A sz\u00e9pen sz\u00f3l\u00f3 pelik\u00e1nmad\u00e1r - Szabad Sz\u00ednh\u00e1z<\/title>\n<meta name=\"robots\" content=\"index, follow, max-snippet:-1, max-image-preview:large, max-video-preview:-1\" \/>\n<link rel=\"canonical\" href=\"https:\/\/www.szabadszinhaz.hu\/en\/esemenyek\/elias-tobias-babjatek-eloadasa-a-szepen-szolo-pelikanmadar\/\" \/>\n<meta property=\"og:locale\" content=\"en_US\" \/>\n<meta property=\"og:type\" content=\"article\" \/>\n<meta property=\"og:title\" content=\"\u00c9li\u00e1s T\u00f3bi\u00e1s b\u00e1bj\u00e1t\u00e9k el\u0151ad\u00e1sa - A sz\u00e9pen sz\u00f3l\u00f3 pelik\u00e1nmad\u00e1r - Szabad Sz\u00ednh\u00e1z\" \/>\n<meta property=\"og:description\" content=\"A sz\u00e9pen sz\u00f3l\u00f3 pelik\u00e1nmad\u00e1r az Ig\u00e9z\u0151ben. Veletek is el\u0151fordult, hogy elvesztettetek valamit? Meseorsz\u00e1g kir\u00e1lya a pelik\u00e1nmadar\u00e1t vesztette el. Most az egyik szeme s\u00edr, a m\u00e1sik nevet. De hogy mi\u00e9rt is? [&hellip;]\" \/>\n<meta property=\"og:url\" content=\"https:\/\/www.szabadszinhaz.hu\/en\/esemenyek\/elias-tobias-babjatek-eloadasa-a-szepen-szolo-pelikanmadar\/\" \/>\n<meta property=\"og:site_name\" content=\"Szabad Sz\u00ednh\u00e1z\" \/>\n<meta property=\"article:publisher\" content=\"https:\/\/www.facebook.com\/szabadszinhaz\" \/>\n<meta property=\"og:image\" content=\"https:\/\/www.szabadszinhaz.hu\/wp-content\/uploads\/2024\/08\/Pelikan.09.29.jpg\" \/>\n\t<meta property=\"og:image:width\" content=\"714\" \/>\n\t<meta property=\"og:image:height\" content=\"521\" \/>\n\t<meta property=\"og:image:type\" content=\"image\/jpeg\" \/>\n<meta name=\"twitter:card\" content=\"summary_large_image\" \/>\n<script type=\"application\/ld+json\" class=\"yoast-schema-graph\">{\"@context\":\"https:\/\/schema.org\",\"@graph\":[{\"@type\":\"WebPage\",\"@id\":\"https:\/\/www.szabadszinhaz.hu\/esemenyek\/elias-tobias-babjatek-eloadasa-a-szepen-szolo-pelikanmadar\/\",\"url\":\"https:\/\/www.szabadszinhaz.hu\/esemenyek\/elias-tobias-babjatek-eloadasa-a-szepen-szolo-pelikanmadar\/\",\"name\":\"\u00c9li\u00e1s T\u00f3bi\u00e1s b\u00e1bj\u00e1t\u00e9k el\u0151ad\u00e1sa - A sz\u00e9pen sz\u00f3l\u00f3 pelik\u00e1nmad\u00e1r - Szabad Sz\u00ednh\u00e1z\",\"isPartOf\":{\"@id\":\"https:\/\/www.szabadszinhaz.hu\/#website\"},\"primaryImageOfPage\":{\"@id\":\"https:\/\/www.szabadszinhaz.hu\/esemenyek\/elias-tobias-babjatek-eloadasa-a-szepen-szolo-pelikanmadar\/#primaryimage\"},\"image\":{\"@id\":\"https:\/\/www.szabadszinhaz.hu\/esemenyek\/elias-tobias-babjatek-eloadasa-a-szepen-szolo-pelikanmadar\/#primaryimage\"},\"thumbnailUrl\":\"https:\/\/www.szabadszinhaz.hu\/wp-content\/uploads\/2024\/08\/Pelikan.09.29.jpg\",\"datePublished\":\"2024-08-16T09:32:50+00:00\",\"breadcrumb\":{\"@id\":\"https:\/\/www.szabadszinhaz.hu\/esemenyek\/elias-tobias-babjatek-eloadasa-a-szepen-szolo-pelikanmadar\/#breadcrumb\"},\"inLanguage\":\"en-US\",\"potentialAction\":[{\"@type\":\"ReadAction\",\"target\":[\"https:\/\/www.szabadszinhaz.hu\/esemenyek\/elias-tobias-babjatek-eloadasa-a-szepen-szolo-pelikanmadar\/\"]}]},{\"@type\":\"ImageObject\",\"inLanguage\":\"en-US\",\"@id\":\"https:\/\/www.szabadszinhaz.hu\/esemenyek\/elias-tobias-babjatek-eloadasa-a-szepen-szolo-pelikanmadar\/#primaryimage\",\"url\":\"https:\/\/www.szabadszinhaz.hu\/wp-content\/uploads\/2024\/08\/Pelikan.09.29.jpg\",\"contentUrl\":\"https:\/\/www.szabadszinhaz.hu\/wp-content\/uploads\/2024\/08\/Pelikan.09.29.jpg\",\"width\":714,\"height\":521},{\"@type\":\"BreadcrumbList\",\"@id\":\"https:\/\/www.szabadszinhaz.hu\/esemenyek\/elias-tobias-babjatek-eloadasa-a-szepen-szolo-pelikanmadar\/#breadcrumb\",\"itemListElement\":[{\"@type\":\"ListItem\",\"position\":1,\"name\":\"Kezd\u0151lap\",\"item\":\"https:\/\/www.szabadszinhaz.hu\/\"},{\"@type\":\"ListItem\",\"position\":2,\"name\":\"Events\",\"item\":\"https:\/\/www.szabadszinhaz.hu\/en\/esemenyek\/\"},{\"@type\":\"ListItem\",\"position\":3,\"name\":\"\u00c9li\u00e1s T\u00f3bi\u00e1s b\u00e1bj\u00e1t\u00e9k el\u0151ad\u00e1sa &#8211; A sz\u00e9pen sz\u00f3l\u00f3 pelik\u00e1nmad\u00e1r\"}]},{\"@type\":\"WebSite\",\"@id\":\"https:\/\/www.szabadszinhaz.hu\/#website\",\"url\":\"https:\/\/www.szabadszinhaz.hu\/\",\"name\":\"Szabad Sz\u00ednh\u00e1z\",\"description\":\"Szabad Sz\u00ednh\u00e1z\",\"publisher\":{\"@id\":\"https:\/\/www.szabadszinhaz.hu\/#organization\"},\"potentialAction\":[{\"@type\":\"SearchAction\",\"target\":{\"@type\":\"EntryPoint\",\"urlTemplate\":\"https:\/\/www.szabadszinhaz.hu\/?s={search_term_string}\"},\"query-input\":{\"@type\":\"PropertyValueSpecification\",\"valueRequired\":true,\"valueName\":\"search_term_string\"}}],\"inLanguage\":\"en-US\"},{\"@type\":\"Organization\",\"@id\":\"https:\/\/www.szabadszinhaz.hu\/#organization\",\"name\":\"Szabad Sz\u00ednh\u00e1z SZ\u00cdN-T\u00c9R Egyes\u00fclet\",\"url\":\"https:\/\/www.szabadszinhaz.hu\/\",\"logo\":{\"@type\":\"ImageObject\",\"inLanguage\":\"en-US\",\"@id\":\"https:\/\/www.szabadszinhaz.hu\/#\/schema\/logo\/image\/\",\"url\":\"https:\/\/www.szabadszinhaz.hu\/wp-content\/uploads\/2025\/01\/images.jpg\",\"contentUrl\":\"https:\/\/www.szabadszinhaz.hu\/wp-content\/uploads\/2025\/01\/images.jpg\",\"width\":178,\"height\":284,\"caption\":\"Szabad Sz\u00ednh\u00e1z SZ\u00cdN-T\u00c9R Egyes\u00fclet\"},\"image\":{\"@id\":\"https:\/\/www.szabadszinhaz.hu\/#\/schema\/logo\/image\/\"},\"sameAs\":[\"https:\/\/www.facebook.com\/szabadszinhaz\"]}]}<\/script>\n<!-- \/ Yoast SEO plugin. -->","yoast_head_json":{"title":"\u00c9li\u00e1s T\u00f3bi\u00e1s b\u00e1bj\u00e1t\u00e9k el\u0151ad\u00e1sa - A sz\u00e9pen sz\u00f3l\u00f3 pelik\u00e1nmad\u00e1r - Szabad Sz\u00ednh\u00e1z","robots":{"index":"index","follow":"follow","max-snippet":"max-snippet:-1","max-image-preview":"max-image-preview:large","max-video-preview":"max-video-preview:-1"},"canonical":"https:\/\/www.szabadszinhaz.hu\/en\/esemenyek\/elias-tobias-babjatek-eloadasa-a-szepen-szolo-pelikanmadar\/","og_locale":"en_US","og_type":"article","og_title":"\u00c9li\u00e1s T\u00f3bi\u00e1s b\u00e1bj\u00e1t\u00e9k el\u0151ad\u00e1sa - A sz\u00e9pen sz\u00f3l\u00f3 pelik\u00e1nmad\u00e1r - Szabad Sz\u00ednh\u00e1z","og_description":"A sz\u00e9pen sz\u00f3l\u00f3 pelik\u00e1nmad\u00e1r az Ig\u00e9z\u0151ben. Veletek is el\u0151fordult, hogy elvesztettetek valamit? Meseorsz\u00e1g kir\u00e1lya a pelik\u00e1nmadar\u00e1t vesztette el. Most az egyik szeme s\u00edr, a m\u00e1sik nevet. De hogy mi\u00e9rt is? [&hellip;]","og_url":"https:\/\/www.szabadszinhaz.hu\/en\/esemenyek\/elias-tobias-babjatek-eloadasa-a-szepen-szolo-pelikanmadar\/","og_site_name":"Szabad Sz\u00ednh\u00e1z","article_publisher":"https:\/\/www.facebook.com\/szabadszinhaz","og_image":[{"width":714,"height":521,"url":"https:\/\/www.szabadszinhaz.hu\/wp-content\/uploads\/2024\/08\/Pelikan.09.29.jpg","type":"image\/jpeg"}],"twitter_card":"summary_large_image","schema":{"@context":"https:\/\/schema.org","@graph":[{"@type":"WebPage","@id":"https:\/\/www.szabadszinhaz.hu\/esemenyek\/elias-tobias-babjatek-eloadasa-a-szepen-szolo-pelikanmadar\/","url":"https:\/\/www.szabadszinhaz.hu\/esemenyek\/elias-tobias-babjatek-eloadasa-a-szepen-szolo-pelikanmadar\/","name":"\u00c9li\u00e1s T\u00f3bi\u00e1s b\u00e1bj\u00e1t\u00e9k el\u0151ad\u00e1sa - A sz\u00e9pen sz\u00f3l\u00f3 pelik\u00e1nmad\u00e1r - Szabad Sz\u00ednh\u00e1z","isPartOf":{"@id":"https:\/\/www.szabadszinhaz.hu\/#website"},"primaryImageOfPage":{"@id":"https:\/\/www.szabadszinhaz.hu\/esemenyek\/elias-tobias-babjatek-eloadasa-a-szepen-szolo-pelikanmadar\/#primaryimage"},"image":{"@id":"https:\/\/www.szabadszinhaz.hu\/esemenyek\/elias-tobias-babjatek-eloadasa-a-szepen-szolo-pelikanmadar\/#primaryimage"},"thumbnailUrl":"https:\/\/www.szabadszinhaz.hu\/wp-content\/uploads\/2024\/08\/Pelikan.09.29.jpg","datePublished":"2024-08-16T09:32:50+00:00","breadcrumb":{"@id":"https:\/\/www.szabadszinhaz.hu\/esemenyek\/elias-tobias-babjatek-eloadasa-a-szepen-szolo-pelikanmadar\/#breadcrumb"},"inLanguage":"en-US","potentialAction":[{"@type":"ReadAction","target":["https:\/\/www.szabadszinhaz.hu\/esemenyek\/elias-tobias-babjatek-eloadasa-a-szepen-szolo-pelikanmadar\/"]}]},{"@type":"ImageObject","inLanguage":"en-US","@id":"https:\/\/www.szabadszinhaz.hu\/esemenyek\/elias-tobias-babjatek-eloadasa-a-szepen-szolo-pelikanmadar\/#primaryimage","url":"https:\/\/www.szabadszinhaz.hu\/wp-content\/uploads\/2024\/08\/Pelikan.09.29.jpg","contentUrl":"https:\/\/www.szabadszinhaz.hu\/wp-content\/uploads\/2024\/08\/Pelikan.09.29.jpg","width":714,"height":521},{"@type":"BreadcrumbList","@id":"https:\/\/www.szabadszinhaz.hu\/esemenyek\/elias-tobias-babjatek-eloadasa-a-szepen-szolo-pelikanmadar\/#breadcrumb","itemListElement":[{"@type":"ListItem","position":1,"name":"Kezd\u0151lap","item":"https:\/\/www.szabadszinhaz.hu\/"},{"@type":"ListItem","position":2,"name":"Events","item":"https:\/\/www.szabadszinhaz.hu\/en\/esemenyek\/"},{"@type":"ListItem","position":3,"name":"\u00c9li\u00e1s T\u00f3bi\u00e1s b\u00e1bj\u00e1t\u00e9k el\u0151ad\u00e1sa &#8211; A sz\u00e9pen sz\u00f3l\u00f3 pelik\u00e1nmad\u00e1r"}]},{"@type":"WebSite","@id":"https:\/\/www.szabadszinhaz.hu\/#website","url":"https:\/\/www.szabadszinhaz.hu\/","name":"Free Theatre - Szabad Sz\u00ednh\u00e1z","description":"Free Theatre - Szabad Sz\u00ednh\u00e1z","publisher":{"@id":"https:\/\/www.szabadszinhaz.hu\/#organization"},"potentialAction":[{"@type":"SearchAction","target":{"@type":"EntryPoint","urlTemplate":"https:\/\/www.szabadszinhaz.hu\/?s={search_term_string}"},"query-input":{"@type":"PropertyValueSpecification","valueRequired":true,"valueName":"search_term_string"}}],"inLanguage":"en-US"},{"@type":"Organization","@id":"https:\/\/www.szabadszinhaz.hu\/#organization","name":"Szabad Sz\u00ednh\u00e1z SZ\u00cdN-T\u00c9R Egyes\u00fclet","url":"https:\/\/www.szabadszinhaz.hu\/","logo":{"@type":"ImageObject","inLanguage":"en-US","@id":"https:\/\/www.szabadszinhaz.hu\/#\/schema\/logo\/image\/","url":"https:\/\/www.szabadszinhaz.hu\/wp-content\/uploads\/2025\/01\/images.jpg","contentUrl":"https:\/\/www.szabadszinhaz.hu\/wp-content\/uploads\/2025\/01\/images.jpg","width":178,"height":284,"caption":"Szabad Sz\u00ednh\u00e1z SZ\u00cdN-T\u00c9R Egyes\u00fclet"},"image":{"@id":"https:\/\/www.szabadszinhaz.hu\/#\/schema\/logo\/image\/"},"sameAs":["https:\/\/www.facebook.com\/szabadszinhaz"]}]}},"ticketed":false,"_links":{"self":[{"href":"https:\/\/www.szabadszinhaz.hu\/en\/wp-json\/wp\/v2\/tribe_events\/8308","targetHints":{"allow":["GET"]}}],"collection":[{"href":"https:\/\/www.szabadszinhaz.hu\/en\/wp-json\/wp\/v2\/tribe_events"}],"about":[{"href":"https:\/\/www.szabadszinhaz.hu\/en\/wp-json\/wp\/v2\/types\/tribe_events"}],"author":[{"embeddable":true,"href":"https:\/\/www.szabadszinhaz.hu\/en\/wp-json\/wp\/v2\/users\/4"}],"version-history":[{"count":1,"href":"https:\/\/www.szabadszinhaz.hu\/en\/wp-json\/wp\/v2\/tribe_events\/8308\/revisions"}],"predecessor-version":[{"id":8310,"href":"https:\/\/www.szabadszinhaz.hu\/en\/wp-json\/wp\/v2\/tribe_events\/8308\/revisions\/8310"}],"wp:featuredmedia":[{"embeddable":true,"href":"https:\/\/www.szabadszinhaz.hu\/en\/wp-json\/wp\/v2\/media\/8309"}],"wp:attachment":[{"href":"https:\/\/www.szabadszinhaz.hu\/en\/wp-json\/wp\/v2\/media?parent=8308"}],"wp:term":[{"taxonomy":"post_tag","embeddable":true,"href":"https:\/\/www.szabadszinhaz.hu\/en\/wp-json\/wp\/v2\/tags?post=8308"},{"taxonomy":"tribe_events_cat","embeddable":true,"href":"https:\/\/www.szabadszinhaz.hu\/en\/wp-json\/wp\/v2\/tribe_events_cat?post=8308"}],"curies":[{"name":"wp","href":"https:\/\/api.w.org\/{rel}","templated":true}]}}