{"id":8195,"date":"2024-06-11T14:36:35","date_gmt":"2024-06-11T12:36:35","guid":{"rendered":"http:\/\/www.szabadszinhaz.hu\/?post_type=tribe_events&#038;p=8195"},"modified":"2024-06-11T14:37:13","modified_gmt":"2024-06-11T12:37:13","slug":"szabad-szinhaz-szendvicsgeneracio-beszelgeto-est-az-x-generacio-kihivasai-a-rendezveny-ingyenes-es-regisztraciohoz-kotott","status":"publish","type":"tribe_events","link":"https:\/\/www.szabadszinhaz.hu\/en\/esemenyek\/szabad-szinhaz-szendvicsgeneracio-beszelgeto-est-az-x-generacio-kihivasai-a-rendezveny-ingyenes-es-regisztraciohoz-kotott\/","title":{"rendered":"Szabad Sz\u00ednh\u00e1z &#8211; &#8222;Szendvicsgener\u00e1ci\u00f3&#8221; &#8211; besz\u00e9lget\u0151 est &#8211; Az X gener\u00e1ci\u00f3 kih\u00edv\u00e1sai &#8211; A rendezv\u00e9ny INGYENES \u00e9s REGISZTR\u00c1CI\u00d3HOZ K\u00d6T\u00d6TT"},"content":{"rendered":"<div class=\"xdj266r x11i5rnm xat24cr x1mh8g0r x1vvkbs\">Szendvicsgener\u00e1ci\u00f3s besz\u00e9lget\u0151 est &#8211; feln\u0151tteknek, de nem csak &#8222;szendvicseknek&#8221; <span class=\"html-span xexx8yu x4uap5 x18d9i69 xkhd6sd x1hl2dhg x16tdsg8 x1vvkbs x3nfvp2 x1j61x8r x1fcty0u xdj266r xat24cr xgzva0m xhhsvwb xxymvpz xlup9mm x1kky2od\"><img loading=\"lazy\" decoding=\"async\" class=\"xz74otr\" src=\"https:\/\/static.xx.fbcdn.net\/images\/emoji.php\/v9\/tfc\/1\/16\/1f96a.png\" alt=\"?\" width=\"16\" height=\"16\" \/><\/span><br class=\"html-br\" \/>Amikor a <span class=\"html-span xexx8yu x4uap5 x18d9i69 xkhd6sd x1hl2dhg x16tdsg8 x1vvkbs x3nfvp2 x1j61x8r x1fcty0u xdj266r xat24cr xgzva0m xhhsvwb xxymvpz xlup9mm x1kky2od\"><img loading=\"lazy\" decoding=\"async\" class=\"xz74otr\" src=\"https:\/\/static.xx.fbcdn.net\/images\/emoji.php\/v9\/t72\/1\/16\/1f934.png\" alt=\"?\" width=\"16\" height=\"16\" \/><\/span>kir\u00e1lyfib\u00f3l <span class=\"html-span xexx8yu x4uap5 x18d9i69 xkhd6sd x1hl2dhg x16tdsg8 x1vvkbs x3nfvp2 x1j61x8r x1fcty0u xdj266r xat24cr xgzva0m xhhsvwb xxymvpz xlup9mm x1kky2od\"><img loading=\"lazy\" decoding=\"async\" class=\"xz74otr\" src=\"https:\/\/static.xx.fbcdn.net\/images\/emoji.php\/v9\/ta9\/1\/16\/1f474.png\" alt=\"?\" width=\"16\" height=\"16\" \/><\/span>nagypapa, a <span class=\"html-span xexx8yu x4uap5 x18d9i69 xkhd6sd x1hl2dhg x16tdsg8 x1vvkbs x3nfvp2 x1j61x8r x1fcty0u xdj266r xat24cr xgzva0m xhhsvwb xxymvpz xlup9mm x1kky2od\"><img loading=\"lazy\" decoding=\"async\" class=\"xz74otr\" src=\"https:\/\/static.xx.fbcdn.net\/images\/emoji.php\/v9\/tad\/1\/16\/1f478.png\" alt=\"?\" width=\"16\" height=\"16\" \/><\/span>kir\u00e1lyl\u00e1nyb\u00f3l <span class=\"html-span xexx8yu x4uap5 x18d9i69 xkhd6sd x1hl2dhg x16tdsg8 x1vvkbs x3nfvp2 x1j61x8r x1fcty0u xdj266r xat24cr xgzva0m xhhsvwb xxymvpz xlup9mm x1kky2od\"><img loading=\"lazy\" decoding=\"async\" class=\"xz74otr\" src=\"https:\/\/static.xx.fbcdn.net\/images\/emoji.php\/v9\/t2a\/1\/16\/1f475.png\" alt=\"?\" width=\"16\" height=\"16\" \/><\/span>nagymama lesz. \u00c9s mi van a k\u00e9t korszak k\u00f6z\u00f6tt?<br class=\"html-br\" \/>H\u00e1t a szendvics legjava<span class=\"html-span xexx8yu x4uap5 x18d9i69 xkhd6sd x1hl2dhg x16tdsg8 x1vvkbs x3nfvp2 x1j61x8r x1fcty0u xdj266r xat24cr xgzva0m xhhsvwb xxymvpz xlup9mm x1kky2od\"><img loading=\"lazy\" decoding=\"async\" class=\"xz74otr\" src=\"https:\/\/static.xx.fbcdn.net\/images\/emoji.php\/v9\/t50\/1\/16\/2757.png\" alt=\"\u2757\" width=\"16\" height=\"16\" \/><\/span><br class=\"html-br\" \/><span class=\"html-span xexx8yu x4uap5 x18d9i69 xkhd6sd x1hl2dhg x16tdsg8 x1vvkbs x3nfvp2 x1j61x8r x1fcty0u xdj266r xat24cr xgzva0m xhhsvwb xxymvpz xlup9mm x1kky2od\"><img loading=\"lazy\" decoding=\"async\" class=\"xz74otr\" src=\"https:\/\/static.xx.fbcdn.net\/images\/emoji.php\/v9\/t51\/1\/16\/1f449.png\" alt=\"?\" width=\"16\" height=\"16\" \/><\/span> Minden, ami az <span class=\"html-span xexx8yu x4uap5 x18d9i69 xkhd6sd x1hl2dhg x16tdsg8 x1vvkbs x3nfvp2 x1j61x8r x1fcty0u xdj266r xat24cr xgzva0m xhhsvwb xxymvpz xlup9mm x1kky2od\"><img loading=\"lazy\" decoding=\"async\" class=\"xz74otr\" src=\"https:\/\/static.xx.fbcdn.net\/images\/emoji.php\/v9\/t53\/1\/16\/2716.png\" alt=\"\u2716\ufe0f\" width=\"16\" height=\"16\" \/><\/span> gener\u00e1ci\u00f3t \u00e9rinti:<br class=\"html-br\" \/>gyermeknevel\u00e9s k\u00f6zben id\u0151s sz\u00fcl\u0151k \u00e1pol\u00e1sa, munka \u00e9s mag\u00e1n\u00e9let egyens\u00faly, na meg a mindennapi kih\u00edv\u00e1sok \u00e9s tengernyi teend\u0151 &#8230; De k\u00f6zben hol vagyok \u00c9n <span class=\"html-span xexx8yu x4uap5 x18d9i69 xkhd6sd x1hl2dhg x16tdsg8 x1vvkbs x3nfvp2 x1j61x8r x1fcty0u xdj266r xat24cr xgzva0m xhhsvwb xxymvpz xlup9mm x1kky2od\"><img loading=\"lazy\" decoding=\"async\" class=\"xz74otr\" src=\"https:\/\/static.xx.fbcdn.net\/images\/emoji.php\/v9\/tec\/1\/16\/2049.png\" alt=\"\u2049\ufe0f\" width=\"16\" height=\"16\" \/><\/span><\/div>\n<div class=\"x11i5rnm xat24cr x1mh8g0r x1vvkbs xtlvy1s\"><span class=\"html-span xexx8yu x4uap5 x18d9i69 xkhd6sd x1hl2dhg x16tdsg8 x1vvkbs x3nfvp2 x1j61x8r x1fcty0u xdj266r xat24cr xgzva0m xhhsvwb xxymvpz xlup9mm x1kky2od\"><img loading=\"lazy\" decoding=\"async\" class=\"xz74otr\" src=\"https:\/\/static.xx.fbcdn.net\/images\/emoji.php\/v9\/tf1\/1\/16\/1f537.png\" alt=\"?\" width=\"16\" height=\"16\" \/><\/span>A besz\u00e9lget\u0151 est vend\u00e9gei : Csit\u00e1ry-Hock Tam\u00e1s <span class=\"html-span xexx8yu x4uap5 x18d9i69 xkhd6sd x1hl2dhg x16tdsg8 x1vvkbs x3nfvp2 x1j61x8r x1fcty0u xdj266r xat24cr xgzva0m xhhsvwb xxymvpz xlup9mm x1kky2od\"><img loading=\"lazy\" decoding=\"async\" class=\"xz74otr\" src=\"https:\/\/static.xx.fbcdn.net\/images\/emoji.php\/v9\/t4f\/1\/16\/2712.png\" alt=\"\u2712\ufe0f\" width=\"16\" height=\"16\" \/><\/span> \u00edr\u00f3 \u00e9s Sasv\u00e1ri Csilla <span class=\"html-span xexx8yu x4uap5 x18d9i69 xkhd6sd x1hl2dhg x16tdsg8 x1vvkbs x3nfvp2 x1j61x8r x1fcty0u xdj266r xat24cr xgzva0m xhhsvwb xxymvpz xlup9mm x1kky2od\"><img loading=\"lazy\" decoding=\"async\" class=\"xz74otr\" src=\"https:\/\/static.xx.fbcdn.net\/images\/emoji.php\/v9\/t8\/1\/16\/1f4fb.png\" alt=\"?\" width=\"16\" height=\"16\" \/><\/span> r\u00e1di\u00f3s m\u0171sorvezet\u0151. <br class=\"html-br\" \/>A nyitott besz\u00e9lget\u00e9st Egey T\u00edmea pszichol\u00f3gus \u00e9s S\u00e9llei Gy\u00f6rgyi medi\u00e1tor vezeti, k\u00fcl\u00f6nb\u00f6z\u0151 t\u00e9m\u00e1kat \u00e9rintve a szendvicsgener\u00e1ci\u00f3k neh\u00e9zs\u00e9gei kapcs\u00e1n.<\/div>\n<div class=\"x11i5rnm xat24cr x1mh8g0r x1vvkbs xtlvy1s\">L\u00e9gy r\u00e9szese te is a v\u00e1ltoz\u00e1snak \u00e9s l\u00e1sd m\u00e1s szem\u00fcveggel a vil\u00e1got! <br class=\"html-br\" \/>__________________________________________________<br class=\"html-br\" \/>Kezd\u00e9s: 18.00-kor <span class=\"html-span xexx8yu x4uap5 x18d9i69 xkhd6sd x1hl2dhg x16tdsg8 x1vvkbs x3nfvp2 x1j61x8r x1fcty0u xdj266r xat24cr xgzva0m xhhsvwb xxymvpz xlup9mm x1kky2od\"><img loading=\"lazy\" decoding=\"async\" class=\"xz74otr\" src=\"https:\/\/static.xx.fbcdn.net\/images\/emoji.php\/v9\/t2d\/1\/16\/1f555.png\" alt=\"?\" width=\"16\" height=\"16\" \/><\/span><\/div>\n<div class=\"x11i5rnm xat24cr x1mh8g0r x1vvkbs xtlvy1s\"><span class=\"html-span xexx8yu x4uap5 x18d9i69 xkhd6sd x1hl2dhg x16tdsg8 x1vvkbs x3nfvp2 x1j61x8r x1fcty0u xdj266r xat24cr xgzva0m xhhsvwb xxymvpz xlup9mm x1kky2od\"><img loading=\"lazy\" decoding=\"async\" class=\"xz74otr\" src=\"https:\/\/static.xx.fbcdn.net\/images\/emoji.php\/v9\/tdc\/1\/16\/26a0.png\" alt=\"\u26a0\ufe0f\" width=\"16\" height=\"16\" \/><\/span>A rendezv\u00e9ny INGYENES \u00e9s REGISZTR\u00c1CI\u00d3HOZ K\u00d6T\u00d6TT<\/div>\n<div class=\"x11i5rnm xat24cr x1mh8g0r x1vvkbs xtlvy1s\">Regisztr\u00e1ci\u00f3 az al\u00e1bbi linken <span class=\"html-span xexx8yu x4uap5 x18d9i69 xkhd6sd x1hl2dhg x16tdsg8 x1vvkbs x3nfvp2 x1j61x8r x1fcty0u xdj266r xat24cr xgzva0m xhhsvwb xxymvpz xlup9mm x1kky2od\"><img loading=\"lazy\" decoding=\"async\" class=\"xz74otr\" src=\"https:\/\/static.xx.fbcdn.net\/images\/emoji.php\/v9\/t51\/1\/16\/1f449.png\" alt=\"?\" width=\"16\" height=\"16\" \/><\/span><br class=\"html-br\" \/><a class=\"x1i10hfl xjbqb8w x1ejq31n xd10rxx x1sy0etr x17r0tee x972fbf xcfux6l x1qhh985 xm0m39n x9f619 x1ypdohk xt0psk2 xe8uvvx xdj266r x11i5rnm xat24cr x1mh8g0r xexx8yu x4uap5 x18d9i69 xkhd6sd x16tdsg8 x1hl2dhg xggy1nq x1a2a7pz x1sur9pj xkrqix3 x1fey0fg\" tabindex=\"0\" role=\"link\" href=\"https:\/\/forms.gle\/9hAWpcZ2cm561VNS7?fbclid=IwZXh0bgNhZW0CMTAAAR1MZnN_cDcNBRLaCKDPEZ_bDYgQ8MYEUlr0O8us0_bypamuD8-YgTI4K5g_aem_AY3l94UtopTwJUyOrzudeUjzvNQFPIysppBUYXZL0fMF6woONMADnAzGOOPkMvjT9m9CCyxUskRGVg0_maV8uMw3\" target=\"_blank\" rel=\"nofollow noopener noreferrer\">https:\/\/forms.gle\/9hAWpcZ2cm561VNS7<\/a> <br class=\"html-br\" \/>__________________________________________________<br class=\"html-br\" \/>Az esem\u00e9ny a WellOSyst Id\u0151s\u00f6d\u00e9s\u00fcgyi rendszer\u00e9p\u00edt\u00e9s Sz\u00e9kesfeh\u00e9rv\u00e1ron c\u00edm\u0171 program keret\u00e9ben val\u00f3sul meg, Sz\u00e9kesfeh\u00e9rv\u00e1r MJV \u00d6nkorm\u00e1nyzat\u00e1nak t\u00e1mogat\u00e1s\u00e1val.<\/div>","protected":false},"excerpt":{"rendered":"<p>Szendvicsgener\u00e1ci\u00f3s besz\u00e9lget\u0151 est &#8211; feln\u0151tteknek, de nem csak &#8222;szendvicseknek&#8221; Amikor a kir\u00e1lyfib\u00f3l nagypapa, a kir\u00e1lyl\u00e1nyb\u00f3l nagymama lesz. \u00c9s mi van a k\u00e9t korszak k\u00f6z\u00f6tt?H\u00e1t a szendvics legjava Minden, ami az [&hellip;]<\/p>\n","protected":false},"author":4,"featured_media":8196,"template":"","meta":{"_et_pb_use_builder":"","_et_pb_old_content":"","_et_gb_content_width":"","_price":"","_stock":"","_tribe_ticket_header":"","_tribe_default_ticket_provider":"","_ticket_start_date":"","_ticket_end_date":"","_tribe_ticket_show_description":"","_tribe_ticket_show_not_going":false,"_tribe_ticket_use_global_stock":"","_tribe_ticket_global_stock_level":"","_global_stock_mode":"","_global_stock_cap":"","_tribe_rsvp_for_event":"","_tribe_ticket_going_count":"","_tribe_ticket_not_going_count":"","_tribe_tickets_list":"[]","_tribe_ticket_has_attendee_info_fields":false,"_tribe_events_status":"","_tribe_events_status_reason":"","footnotes":"","_tec_slr_enabled":"","_tec_slr_layout":""},"tags":[],"tribe_events_cat":[],"class_list":["post-8195","tribe_events","type-tribe_events","status-publish","has-post-thumbnail","hentry"],"yoast_head":"<!-- This site is optimized with the Yoast SEO plugin v25.0 - https:\/\/yoast.com\/wordpress\/plugins\/seo\/ -->\n<title>Szabad Sz\u00ednh\u00e1z - &quot;Szendvicsgener\u00e1ci\u00f3&quot; - besz\u00e9lget\u0151 est - Az X gener\u00e1ci\u00f3 kih\u00edv\u00e1sai - A rendezv\u00e9ny INGYENES \u00e9s REGISZTR\u00c1CI\u00d3HOZ K\u00d6T\u00d6TT - Szabad Sz\u00ednh\u00e1z<\/title>\n<meta name=\"robots\" content=\"index, follow, max-snippet:-1, max-image-preview:large, max-video-preview:-1\" \/>\n<link rel=\"canonical\" href=\"https:\/\/www.szabadszinhaz.hu\/en\/esemenyek\/szabad-szinhaz-szendvicsgeneracio-beszelgeto-est-az-x-generacio-kihivasai-a-rendezveny-ingyenes-es-regisztraciohoz-kotott\/\" \/>\n<meta property=\"og:locale\" content=\"en_US\" \/>\n<meta property=\"og:type\" content=\"article\" \/>\n<meta property=\"og:title\" content=\"Szabad Sz\u00ednh\u00e1z - &quot;Szendvicsgener\u00e1ci\u00f3&quot; - besz\u00e9lget\u0151 est - Az X gener\u00e1ci\u00f3 kih\u00edv\u00e1sai - A rendezv\u00e9ny INGYENES \u00e9s REGISZTR\u00c1CI\u00d3HOZ K\u00d6T\u00d6TT - Szabad Sz\u00ednh\u00e1z\" \/>\n<meta property=\"og:description\" content=\"Szendvicsgener\u00e1ci\u00f3s besz\u00e9lget\u0151 est &#8211; feln\u0151tteknek, de nem csak &#8222;szendvicseknek&#8221; Amikor a kir\u00e1lyfib\u00f3l nagypapa, a kir\u00e1lyl\u00e1nyb\u00f3l nagymama lesz. \u00c9s mi van a k\u00e9t korszak k\u00f6z\u00f6tt?H\u00e1t a szendvics legjava Minden, ami az [&hellip;]\" \/>\n<meta property=\"og:url\" content=\"https:\/\/www.szabadszinhaz.hu\/en\/esemenyek\/szabad-szinhaz-szendvicsgeneracio-beszelgeto-est-az-x-generacio-kihivasai-a-rendezveny-ingyenes-es-regisztraciohoz-kotott\/\" \/>\n<meta property=\"og:site_name\" content=\"Szabad Sz\u00ednh\u00e1z\" \/>\n<meta property=\"article:publisher\" content=\"https:\/\/www.facebook.com\/szabadszinhaz\" \/>\n<meta property=\"article:modified_time\" content=\"2024-06-11T12:37:13+00:00\" \/>\n<meta property=\"og:image\" content=\"https:\/\/www.szabadszinhaz.hu\/wp-content\/uploads\/2024\/06\/szendvicsgeneracio.jpg\" \/>\n\t<meta property=\"og:image:width\" content=\"960\" \/>\n\t<meta property=\"og:image:height\" content=\"541\" \/>\n\t<meta property=\"og:image:type\" content=\"image\/jpeg\" \/>\n<meta name=\"twitter:card\" content=\"summary_large_image\" \/>\n<meta name=\"twitter:label1\" content=\"Est. reading time\" \/>\n\t<meta name=\"twitter:data1\" content=\"1 minute\" \/>\n<script type=\"application\/ld+json\" class=\"yoast-schema-graph\">{\"@context\":\"https:\/\/schema.org\",\"@graph\":[{\"@type\":\"WebPage\",\"@id\":\"https:\/\/www.szabadszinhaz.hu\/esemenyek\/szabad-szinhaz-szendvicsgeneracio-beszelgeto-est-az-x-generacio-kihivasai-a-rendezveny-ingyenes-es-regisztraciohoz-kotott\/\",\"url\":\"https:\/\/www.szabadszinhaz.hu\/esemenyek\/szabad-szinhaz-szendvicsgeneracio-beszelgeto-est-az-x-generacio-kihivasai-a-rendezveny-ingyenes-es-regisztraciohoz-kotott\/\",\"name\":\"Szabad Sz\u00ednh\u00e1z - \\\"Szendvicsgener\u00e1ci\u00f3\\\" - besz\u00e9lget\u0151 est - Az X gener\u00e1ci\u00f3 kih\u00edv\u00e1sai - A rendezv\u00e9ny INGYENES \u00e9s REGISZTR\u00c1CI\u00d3HOZ K\u00d6T\u00d6TT - Szabad Sz\u00ednh\u00e1z\",\"isPartOf\":{\"@id\":\"https:\/\/www.szabadszinhaz.hu\/#website\"},\"primaryImageOfPage\":{\"@id\":\"https:\/\/www.szabadszinhaz.hu\/esemenyek\/szabad-szinhaz-szendvicsgeneracio-beszelgeto-est-az-x-generacio-kihivasai-a-rendezveny-ingyenes-es-regisztraciohoz-kotott\/#primaryimage\"},\"image\":{\"@id\":\"https:\/\/www.szabadszinhaz.hu\/esemenyek\/szabad-szinhaz-szendvicsgeneracio-beszelgeto-est-az-x-generacio-kihivasai-a-rendezveny-ingyenes-es-regisztraciohoz-kotott\/#primaryimage\"},\"thumbnailUrl\":\"https:\/\/www.szabadszinhaz.hu\/wp-content\/uploads\/2024\/06\/szendvicsgeneracio.jpg\",\"datePublished\":\"2024-06-11T12:36:35+00:00\",\"dateModified\":\"2024-06-11T12:37:13+00:00\",\"breadcrumb\":{\"@id\":\"https:\/\/www.szabadszinhaz.hu\/esemenyek\/szabad-szinhaz-szendvicsgeneracio-beszelgeto-est-az-x-generacio-kihivasai-a-rendezveny-ingyenes-es-regisztraciohoz-kotott\/#breadcrumb\"},\"inLanguage\":\"en-US\",\"potentialAction\":[{\"@type\":\"ReadAction\",\"target\":[\"https:\/\/www.szabadszinhaz.hu\/esemenyek\/szabad-szinhaz-szendvicsgeneracio-beszelgeto-est-az-x-generacio-kihivasai-a-rendezveny-ingyenes-es-regisztraciohoz-kotott\/\"]}]},{\"@type\":\"ImageObject\",\"inLanguage\":\"en-US\",\"@id\":\"https:\/\/www.szabadszinhaz.hu\/esemenyek\/szabad-szinhaz-szendvicsgeneracio-beszelgeto-est-az-x-generacio-kihivasai-a-rendezveny-ingyenes-es-regisztraciohoz-kotott\/#primaryimage\",\"url\":\"https:\/\/www.szabadszinhaz.hu\/wp-content\/uploads\/2024\/06\/szendvicsgeneracio.jpg\",\"contentUrl\":\"https:\/\/www.szabadszinhaz.hu\/wp-content\/uploads\/2024\/06\/szendvicsgeneracio.jpg\",\"width\":960,\"height\":541},{\"@type\":\"BreadcrumbList\",\"@id\":\"https:\/\/www.szabadszinhaz.hu\/esemenyek\/szabad-szinhaz-szendvicsgeneracio-beszelgeto-est-az-x-generacio-kihivasai-a-rendezveny-ingyenes-es-regisztraciohoz-kotott\/#breadcrumb\",\"itemListElement\":[{\"@type\":\"ListItem\",\"position\":1,\"name\":\"Kezd\u0151lap\",\"item\":\"https:\/\/www.szabadszinhaz.hu\/\"},{\"@type\":\"ListItem\",\"position\":2,\"name\":\"Events\",\"item\":\"https:\/\/www.szabadszinhaz.hu\/en\/esemenyek\/\"},{\"@type\":\"ListItem\",\"position\":3,\"name\":\"Szabad Sz\u00ednh\u00e1z &#8211; &#8222;Szendvicsgener\u00e1ci\u00f3&#8221; &#8211; besz\u00e9lget\u0151 est &#8211; Az X gener\u00e1ci\u00f3 kih\u00edv\u00e1sai &#8211; A rendezv\u00e9ny INGYENES \u00e9s REGISZTR\u00c1CI\u00d3HOZ K\u00d6T\u00d6TT\"}]},{\"@type\":\"WebSite\",\"@id\":\"https:\/\/www.szabadszinhaz.hu\/#website\",\"url\":\"https:\/\/www.szabadszinhaz.hu\/\",\"name\":\"Szabad Sz\u00ednh\u00e1z\",\"description\":\"Szabad Sz\u00ednh\u00e1z\",\"publisher\":{\"@id\":\"https:\/\/www.szabadszinhaz.hu\/#organization\"},\"potentialAction\":[{\"@type\":\"SearchAction\",\"target\":{\"@type\":\"EntryPoint\",\"urlTemplate\":\"https:\/\/www.szabadszinhaz.hu\/?s={search_term_string}\"},\"query-input\":{\"@type\":\"PropertyValueSpecification\",\"valueRequired\":true,\"valueName\":\"search_term_string\"}}],\"inLanguage\":\"en-US\"},{\"@type\":\"Organization\",\"@id\":\"https:\/\/www.szabadszinhaz.hu\/#organization\",\"name\":\"Szabad Sz\u00ednh\u00e1z SZ\u00cdN-T\u00c9R Egyes\u00fclet\",\"url\":\"https:\/\/www.szabadszinhaz.hu\/\",\"logo\":{\"@type\":\"ImageObject\",\"inLanguage\":\"en-US\",\"@id\":\"https:\/\/www.szabadszinhaz.hu\/#\/schema\/logo\/image\/\",\"url\":\"https:\/\/www.szabadszinhaz.hu\/wp-content\/uploads\/2025\/01\/images.jpg\",\"contentUrl\":\"https:\/\/www.szabadszinhaz.hu\/wp-content\/uploads\/2025\/01\/images.jpg\",\"width\":178,\"height\":284,\"caption\":\"Szabad Sz\u00ednh\u00e1z SZ\u00cdN-T\u00c9R Egyes\u00fclet\"},\"image\":{\"@id\":\"https:\/\/www.szabadszinhaz.hu\/#\/schema\/logo\/image\/\"},\"sameAs\":[\"https:\/\/www.facebook.com\/szabadszinhaz\"]}]}<\/script>\n<!-- \/ Yoast SEO plugin. -->","yoast_head_json":{"title":"Szabad Sz\u00ednh\u00e1z - \"Szendvicsgener\u00e1ci\u00f3\" - besz\u00e9lget\u0151 est - Az X gener\u00e1ci\u00f3 kih\u00edv\u00e1sai - A rendezv\u00e9ny INGYENES \u00e9s REGISZTR\u00c1CI\u00d3HOZ K\u00d6T\u00d6TT - Szabad Sz\u00ednh\u00e1z","robots":{"index":"index","follow":"follow","max-snippet":"max-snippet:-1","max-image-preview":"max-image-preview:large","max-video-preview":"max-video-preview:-1"},"canonical":"https:\/\/www.szabadszinhaz.hu\/en\/esemenyek\/szabad-szinhaz-szendvicsgeneracio-beszelgeto-est-az-x-generacio-kihivasai-a-rendezveny-ingyenes-es-regisztraciohoz-kotott\/","og_locale":"en_US","og_type":"article","og_title":"Szabad Sz\u00ednh\u00e1z - \"Szendvicsgener\u00e1ci\u00f3\" - besz\u00e9lget\u0151 est - Az X gener\u00e1ci\u00f3 kih\u00edv\u00e1sai - A rendezv\u00e9ny INGYENES \u00e9s REGISZTR\u00c1CI\u00d3HOZ K\u00d6T\u00d6TT - Szabad Sz\u00ednh\u00e1z","og_description":"Szendvicsgener\u00e1ci\u00f3s besz\u00e9lget\u0151 est &#8211; feln\u0151tteknek, de nem csak &#8222;szendvicseknek&#8221; Amikor a kir\u00e1lyfib\u00f3l nagypapa, a kir\u00e1lyl\u00e1nyb\u00f3l nagymama lesz. \u00c9s mi van a k\u00e9t korszak k\u00f6z\u00f6tt?H\u00e1t a szendvics legjava Minden, ami az [&hellip;]","og_url":"https:\/\/www.szabadszinhaz.hu\/en\/esemenyek\/szabad-szinhaz-szendvicsgeneracio-beszelgeto-est-az-x-generacio-kihivasai-a-rendezveny-ingyenes-es-regisztraciohoz-kotott\/","og_site_name":"Szabad Sz\u00ednh\u00e1z","article_publisher":"https:\/\/www.facebook.com\/szabadszinhaz","article_modified_time":"2024-06-11T12:37:13+00:00","og_image":[{"width":960,"height":541,"url":"https:\/\/www.szabadszinhaz.hu\/wp-content\/uploads\/2024\/06\/szendvicsgeneracio.jpg","type":"image\/jpeg"}],"twitter_card":"summary_large_image","twitter_misc":{"Est. reading time":"1 minute"},"schema":{"@context":"https:\/\/schema.org","@graph":[{"@type":"WebPage","@id":"https:\/\/www.szabadszinhaz.hu\/esemenyek\/szabad-szinhaz-szendvicsgeneracio-beszelgeto-est-az-x-generacio-kihivasai-a-rendezveny-ingyenes-es-regisztraciohoz-kotott\/","url":"https:\/\/www.szabadszinhaz.hu\/esemenyek\/szabad-szinhaz-szendvicsgeneracio-beszelgeto-est-az-x-generacio-kihivasai-a-rendezveny-ingyenes-es-regisztraciohoz-kotott\/","name":"Szabad Sz\u00ednh\u00e1z - \"Szendvicsgener\u00e1ci\u00f3\" - besz\u00e9lget\u0151 est - Az X gener\u00e1ci\u00f3 kih\u00edv\u00e1sai - A rendezv\u00e9ny INGYENES \u00e9s REGISZTR\u00c1CI\u00d3HOZ K\u00d6T\u00d6TT - Szabad Sz\u00ednh\u00e1z","isPartOf":{"@id":"https:\/\/www.szabadszinhaz.hu\/#website"},"primaryImageOfPage":{"@id":"https:\/\/www.szabadszinhaz.hu\/esemenyek\/szabad-szinhaz-szendvicsgeneracio-beszelgeto-est-az-x-generacio-kihivasai-a-rendezveny-ingyenes-es-regisztraciohoz-kotott\/#primaryimage"},"image":{"@id":"https:\/\/www.szabadszinhaz.hu\/esemenyek\/szabad-szinhaz-szendvicsgeneracio-beszelgeto-est-az-x-generacio-kihivasai-a-rendezveny-ingyenes-es-regisztraciohoz-kotott\/#primaryimage"},"thumbnailUrl":"https:\/\/www.szabadszinhaz.hu\/wp-content\/uploads\/2024\/06\/szendvicsgeneracio.jpg","datePublished":"2024-06-11T12:36:35+00:00","dateModified":"2024-06-11T12:37:13+00:00","breadcrumb":{"@id":"https:\/\/www.szabadszinhaz.hu\/esemenyek\/szabad-szinhaz-szendvicsgeneracio-beszelgeto-est-az-x-generacio-kihivasai-a-rendezveny-ingyenes-es-regisztraciohoz-kotott\/#breadcrumb"},"inLanguage":"en-US","potentialAction":[{"@type":"ReadAction","target":["https:\/\/www.szabadszinhaz.hu\/esemenyek\/szabad-szinhaz-szendvicsgeneracio-beszelgeto-est-az-x-generacio-kihivasai-a-rendezveny-ingyenes-es-regisztraciohoz-kotott\/"]}]},{"@type":"ImageObject","inLanguage":"en-US","@id":"https:\/\/www.szabadszinhaz.hu\/esemenyek\/szabad-szinhaz-szendvicsgeneracio-beszelgeto-est-az-x-generacio-kihivasai-a-rendezveny-ingyenes-es-regisztraciohoz-kotott\/#primaryimage","url":"https:\/\/www.szabadszinhaz.hu\/wp-content\/uploads\/2024\/06\/szendvicsgeneracio.jpg","contentUrl":"https:\/\/www.szabadszinhaz.hu\/wp-content\/uploads\/2024\/06\/szendvicsgeneracio.jpg","width":960,"height":541},{"@type":"BreadcrumbList","@id":"https:\/\/www.szabadszinhaz.hu\/esemenyek\/szabad-szinhaz-szendvicsgeneracio-beszelgeto-est-az-x-generacio-kihivasai-a-rendezveny-ingyenes-es-regisztraciohoz-kotott\/#breadcrumb","itemListElement":[{"@type":"ListItem","position":1,"name":"Kezd\u0151lap","item":"https:\/\/www.szabadszinhaz.hu\/"},{"@type":"ListItem","position":2,"name":"Events","item":"https:\/\/www.szabadszinhaz.hu\/en\/esemenyek\/"},{"@type":"ListItem","position":3,"name":"Szabad Sz\u00ednh\u00e1z &#8211; &#8222;Szendvicsgener\u00e1ci\u00f3&#8221; &#8211; besz\u00e9lget\u0151 est &#8211; Az X gener\u00e1ci\u00f3 kih\u00edv\u00e1sai &#8211; A rendezv\u00e9ny INGYENES \u00e9s REGISZTR\u00c1CI\u00d3HOZ K\u00d6T\u00d6TT"}]},{"@type":"WebSite","@id":"https:\/\/www.szabadszinhaz.hu\/#website","url":"https:\/\/www.szabadszinhaz.hu\/","name":"Free Theatre - Szabad Sz\u00ednh\u00e1z","description":"Free Theatre - Szabad Sz\u00ednh\u00e1z","publisher":{"@id":"https:\/\/www.szabadszinhaz.hu\/#organization"},"potentialAction":[{"@type":"SearchAction","target":{"@type":"EntryPoint","urlTemplate":"https:\/\/www.szabadszinhaz.hu\/?s={search_term_string}"},"query-input":{"@type":"PropertyValueSpecification","valueRequired":true,"valueName":"search_term_string"}}],"inLanguage":"en-US"},{"@type":"Organization","@id":"https:\/\/www.szabadszinhaz.hu\/#organization","name":"Szabad Sz\u00ednh\u00e1z SZ\u00cdN-T\u00c9R Egyes\u00fclet","url":"https:\/\/www.szabadszinhaz.hu\/","logo":{"@type":"ImageObject","inLanguage":"en-US","@id":"https:\/\/www.szabadszinhaz.hu\/#\/schema\/logo\/image\/","url":"https:\/\/www.szabadszinhaz.hu\/wp-content\/uploads\/2025\/01\/images.jpg","contentUrl":"https:\/\/www.szabadszinhaz.hu\/wp-content\/uploads\/2025\/01\/images.jpg","width":178,"height":284,"caption":"Szabad Sz\u00ednh\u00e1z SZ\u00cdN-T\u00c9R Egyes\u00fclet"},"image":{"@id":"https:\/\/www.szabadszinhaz.hu\/#\/schema\/logo\/image\/"},"sameAs":["https:\/\/www.facebook.com\/szabadszinhaz"]}]}},"ticketed":false,"_links":{"self":[{"href":"https:\/\/www.szabadszinhaz.hu\/en\/wp-json\/wp\/v2\/tribe_events\/8195","targetHints":{"allow":["GET"]}}],"collection":[{"href":"https:\/\/www.szabadszinhaz.hu\/en\/wp-json\/wp\/v2\/tribe_events"}],"about":[{"href":"https:\/\/www.szabadszinhaz.hu\/en\/wp-json\/wp\/v2\/types\/tribe_events"}],"author":[{"embeddable":true,"href":"https:\/\/www.szabadszinhaz.hu\/en\/wp-json\/wp\/v2\/users\/4"}],"version-history":[{"count":1,"href":"https:\/\/www.szabadszinhaz.hu\/en\/wp-json\/wp\/v2\/tribe_events\/8195\/revisions"}],"predecessor-version":[{"id":8197,"href":"https:\/\/www.szabadszinhaz.hu\/en\/wp-json\/wp\/v2\/tribe_events\/8195\/revisions\/8197"}],"wp:featuredmedia":[{"embeddable":true,"href":"https:\/\/www.szabadszinhaz.hu\/en\/wp-json\/wp\/v2\/media\/8196"}],"wp:attachment":[{"href":"https:\/\/www.szabadszinhaz.hu\/en\/wp-json\/wp\/v2\/media?parent=8195"}],"wp:term":[{"taxonomy":"post_tag","embeddable":true,"href":"https:\/\/www.szabadszinhaz.hu\/en\/wp-json\/wp\/v2\/tags?post=8195"},{"taxonomy":"tribe_events_cat","embeddable":true,"href":"https:\/\/www.szabadszinhaz.hu\/en\/wp-json\/wp\/v2\/tribe_events_cat?post=8195"}],"curies":[{"name":"wp","href":"https:\/\/api.w.org\/{rel}","templated":true}]}}