{"id":8192,"date":"2024-06-11T14:32:43","date_gmt":"2024-06-11T12:32:43","guid":{"rendered":"http:\/\/www.szabadszinhaz.hu\/?post_type=tribe_events&#038;p=8192"},"modified":"2024-06-11T14:32:43","modified_gmt":"2024-06-11T12:32:43","slug":"szabad-szinhaz-ne-vedd-el-tolem-az-eget-lazar-zsofi-novellaskotetenek-bemutatasa-a-belepes-ingyenes","status":"publish","type":"tribe_events","link":"https:\/\/www.szabadszinhaz.hu\/en\/esemenyek\/szabad-szinhaz-ne-vedd-el-tolem-az-eget-lazar-zsofi-novellaskotetenek-bemutatasa-a-belepes-ingyenes\/","title":{"rendered":"Szabad Sz\u00ednh\u00e1z &#8211; Ne vedd el t\u0151lem az eget \u2013 L\u00e1z\u00e1r Zs\u00f3fi novell\u00e1sk\u00f6tet\u00e9nek bemutat\u00e1sa &#8211; A bel\u00e9p\u00e9s ingyenes!"},"content":{"rendered":"<p><span class=\"x193iq5w xeuugli x13faqbe x1vvkbs x1xmvt09 x1lliihq x1s928wv xhkezso x1gmr53x x1cpjm7i x1fgarty x1943h6x xudqn12 x3x7a5m x6prxxf xvq8zen xo1l8bm xzsf02u\" dir=\"auto\">Ne vedd el t\u0151lem az eget \u2013 L\u00e1z\u00e1r Zs\u00f3fi novell\u00e1sk\u00f6tete eml\u00e9kt\u00f6red\u00e9kek gy\u0171jtem\u00e9nye, ahol a kisl\u00e1ny v\u00e1gy\u00f3dik a csod\u00e1s \u00edr\u00f3 apa, a tud\u00f3s anya szeretet\u00e9re. \u00c9s persze mindenki szereti \u0151t, csak \u00e9pp nem \u00fagy, ahogy neki j\u00f3 lenne. Azt\u00e1n l\u00e1tjuk a m\u00e1r feln\u0151tt n\u0151t, aki Indon\u00e9zi\u00e1ig utazik, hogy megtal\u00e1lja a szerelmet, \u00e9s v\u00e9g\u00fcl saj\u00e1t \u00edr\u00f3i hangj\u00e1t. A hangot, melyb\u0151l kider\u00fcl, hogy a gy\u00f6kerei, a hivat\u00e1sa \u00e9s az eml\u00e9kei mindig hazah\u00fazz\u00e1k. L\u00e1z\u00e1r Zs\u00f3fi k\u00f6nyve a Gingko Kiad\u00f3 gondoz\u00e1s\u00e1ban jelent meg. <br class=\"html-br\" \/>Ne vedd el t\u0151lem az eget! &#8211; Az Indon\u00e9zi\u00e1ba k\u00f6lt\u00f6z\u00f6tt L\u00e1z\u00e1r Zs\u00f3fi \u00faj k\u00f6tettel jelentkezett, melynek a sz\u00e9kesfeh\u00e9rv\u00e1ri k\u00f6z\u00f6ns\u00e9gtal\u00e1lkoz\u00f3ja 2024. j\u00fanius 17-\u00e9n 18:00-kor tekinthet\u0151 meg az Ig\u00e9z\u0151ben!<br class=\"html-br\" \/>A bel\u00e9p\u00e9s ingyenes!<\/span><\/p>","protected":false},"excerpt":{"rendered":"<p>Ne vedd el t\u0151lem az eget \u2013 L\u00e1z\u00e1r Zs\u00f3fi novell\u00e1sk\u00f6tete eml\u00e9kt\u00f6red\u00e9kek gy\u0171jtem\u00e9nye, ahol a kisl\u00e1ny v\u00e1gy\u00f3dik a csod\u00e1s \u00edr\u00f3 apa, a tud\u00f3s anya szeretet\u00e9re. \u00c9s persze mindenki szereti \u0151t, csak [&hellip;]<\/p>\n","protected":false},"author":4,"featured_media":8193,"template":"","meta":{"_et_pb_use_builder":"","_et_pb_old_content":"","_et_gb_content_width":"","_price":"","_stock":"","_tribe_ticket_header":"","_tribe_default_ticket_provider":"","_ticket_start_date":"","_ticket_end_date":"","_tribe_ticket_show_description":"","_tribe_ticket_show_not_going":false,"_tribe_ticket_use_global_stock":"","_tribe_ticket_global_stock_level":"","_global_stock_mode":"","_global_stock_cap":"","_tribe_rsvp_for_event":"","_tribe_ticket_going_count":"","_tribe_ticket_not_going_count":"","_tribe_tickets_list":"[]","_tribe_ticket_has_attendee_info_fields":false,"_tribe_events_status":"","_tribe_events_status_reason":"","footnotes":"","_tec_slr_enabled":"","_tec_slr_layout":""},"tags":[],"tribe_events_cat":[],"class_list":["post-8192","tribe_events","type-tribe_events","status-publish","has-post-thumbnail","hentry"],"yoast_head":"<!-- This site is optimized with the Yoast SEO plugin v25.0 - https:\/\/yoast.com\/wordpress\/plugins\/seo\/ -->\n<title>Szabad Sz\u00ednh\u00e1z - Ne vedd el t\u0151lem az eget \u2013 L\u00e1z\u00e1r Zs\u00f3fi novell\u00e1sk\u00f6tet\u00e9nek bemutat\u00e1sa - A bel\u00e9p\u00e9s ingyenes! - Szabad Sz\u00ednh\u00e1z<\/title>\n<meta name=\"robots\" content=\"index, follow, max-snippet:-1, max-image-preview:large, max-video-preview:-1\" \/>\n<link rel=\"canonical\" href=\"https:\/\/www.szabadszinhaz.hu\/en\/esemenyek\/szabad-szinhaz-ne-vedd-el-tolem-az-eget-lazar-zsofi-novellaskotetenek-bemutatasa-a-belepes-ingyenes\/\" \/>\n<meta property=\"og:locale\" content=\"en_US\" \/>\n<meta property=\"og:type\" content=\"article\" \/>\n<meta property=\"og:title\" content=\"Szabad Sz\u00ednh\u00e1z - Ne vedd el t\u0151lem az eget \u2013 L\u00e1z\u00e1r Zs\u00f3fi novell\u00e1sk\u00f6tet\u00e9nek bemutat\u00e1sa - A bel\u00e9p\u00e9s ingyenes! - Szabad Sz\u00ednh\u00e1z\" \/>\n<meta property=\"og:description\" content=\"Ne vedd el t\u0151lem az eget \u2013 L\u00e1z\u00e1r Zs\u00f3fi novell\u00e1sk\u00f6tete eml\u00e9kt\u00f6red\u00e9kek gy\u0171jtem\u00e9nye, ahol a kisl\u00e1ny v\u00e1gy\u00f3dik a csod\u00e1s \u00edr\u00f3 apa, a tud\u00f3s anya szeretet\u00e9re. \u00c9s persze mindenki szereti \u0151t, csak [&hellip;]\" \/>\n<meta property=\"og:url\" content=\"https:\/\/www.szabadszinhaz.hu\/en\/esemenyek\/szabad-szinhaz-ne-vedd-el-tolem-az-eget-lazar-zsofi-novellaskotetenek-bemutatasa-a-belepes-ingyenes\/\" \/>\n<meta property=\"og:site_name\" content=\"Szabad Sz\u00ednh\u00e1z\" \/>\n<meta property=\"article:publisher\" content=\"https:\/\/www.facebook.com\/szabadszinhaz\" \/>\n<meta property=\"og:image\" content=\"https:\/\/www.szabadszinhaz.hu\/wp-content\/uploads\/2024\/06\/Lazar-Zsofi.jpg\" \/>\n\t<meta property=\"og:image:width\" content=\"960\" \/>\n\t<meta property=\"og:image:height\" content=\"540\" \/>\n\t<meta property=\"og:image:type\" content=\"image\/jpeg\" \/>\n<meta name=\"twitter:card\" content=\"summary_large_image\" \/>\n<meta name=\"twitter:label1\" content=\"Est. reading time\" \/>\n\t<meta name=\"twitter:data1\" content=\"1 minute\" \/>\n<script type=\"application\/ld+json\" class=\"yoast-schema-graph\">{\"@context\":\"https:\/\/schema.org\",\"@graph\":[{\"@type\":\"WebPage\",\"@id\":\"https:\/\/www.szabadszinhaz.hu\/en\/esemenyek\/szabad-szinhaz-ne-vedd-el-tolem-az-eget-lazar-zsofi-novellaskotetenek-bemutatasa-a-belepes-ingyenes\/\",\"url\":\"https:\/\/www.szabadszinhaz.hu\/en\/esemenyek\/szabad-szinhaz-ne-vedd-el-tolem-az-eget-lazar-zsofi-novellaskotetenek-bemutatasa-a-belepes-ingyenes\/\",\"name\":\"Szabad Sz\u00ednh\u00e1z - Ne vedd el t\u0151lem az eget \u2013 L\u00e1z\u00e1r Zs\u00f3fi novell\u00e1sk\u00f6tet\u00e9nek bemutat\u00e1sa - A bel\u00e9p\u00e9s ingyenes! - Szabad Sz\u00ednh\u00e1z\",\"isPartOf\":{\"@id\":\"https:\/\/www.szabadszinhaz.hu\/#website\"},\"primaryImageOfPage\":{\"@id\":\"https:\/\/www.szabadszinhaz.hu\/en\/esemenyek\/szabad-szinhaz-ne-vedd-el-tolem-az-eget-lazar-zsofi-novellaskotetenek-bemutatasa-a-belepes-ingyenes\/#primaryimage\"},\"image\":{\"@id\":\"https:\/\/www.szabadszinhaz.hu\/en\/esemenyek\/szabad-szinhaz-ne-vedd-el-tolem-az-eget-lazar-zsofi-novellaskotetenek-bemutatasa-a-belepes-ingyenes\/#primaryimage\"},\"thumbnailUrl\":\"https:\/\/www.szabadszinhaz.hu\/wp-content\/uploads\/2024\/06\/Lazar-Zsofi.jpg\",\"datePublished\":\"2024-06-11T12:32:43+00:00\",\"breadcrumb\":{\"@id\":\"https:\/\/www.szabadszinhaz.hu\/en\/esemenyek\/szabad-szinhaz-ne-vedd-el-tolem-az-eget-lazar-zsofi-novellaskotetenek-bemutatasa-a-belepes-ingyenes\/#breadcrumb\"},\"inLanguage\":\"en-US\",\"potentialAction\":[{\"@type\":\"ReadAction\",\"target\":[\"https:\/\/www.szabadszinhaz.hu\/en\/esemenyek\/szabad-szinhaz-ne-vedd-el-tolem-az-eget-lazar-zsofi-novellaskotetenek-bemutatasa-a-belepes-ingyenes\/\"]}]},{\"@type\":\"ImageObject\",\"inLanguage\":\"en-US\",\"@id\":\"https:\/\/www.szabadszinhaz.hu\/en\/esemenyek\/szabad-szinhaz-ne-vedd-el-tolem-az-eget-lazar-zsofi-novellaskotetenek-bemutatasa-a-belepes-ingyenes\/#primaryimage\",\"url\":\"https:\/\/www.szabadszinhaz.hu\/wp-content\/uploads\/2024\/06\/Lazar-Zsofi.jpg\",\"contentUrl\":\"https:\/\/www.szabadszinhaz.hu\/wp-content\/uploads\/2024\/06\/Lazar-Zsofi.jpg\",\"width\":960,\"height\":540},{\"@type\":\"BreadcrumbList\",\"@id\":\"https:\/\/www.szabadszinhaz.hu\/en\/esemenyek\/szabad-szinhaz-ne-vedd-el-tolem-az-eget-lazar-zsofi-novellaskotetenek-bemutatasa-a-belepes-ingyenes\/#breadcrumb\",\"itemListElement\":[{\"@type\":\"ListItem\",\"position\":1,\"name\":\"Kezd\u0151lap\",\"item\":\"https:\/\/www.szabadszinhaz.hu\/\"},{\"@type\":\"ListItem\",\"position\":2,\"name\":\"Events\",\"item\":\"https:\/\/www.szabadszinhaz.hu\/en\/esemenyek\/\"},{\"@type\":\"ListItem\",\"position\":3,\"name\":\"Szabad Sz\u00ednh\u00e1z &#8211; Ne vedd el t\u0151lem az eget \u2013 L\u00e1z\u00e1r Zs\u00f3fi novell\u00e1sk\u00f6tet\u00e9nek bemutat\u00e1sa &#8211; A bel\u00e9p\u00e9s ingyenes!\"}]},{\"@type\":\"WebSite\",\"@id\":\"https:\/\/www.szabadszinhaz.hu\/#website\",\"url\":\"https:\/\/www.szabadszinhaz.hu\/\",\"name\":\"Szabad Sz\u00ednh\u00e1z\",\"description\":\"Szabad Sz\u00ednh\u00e1z\",\"publisher\":{\"@id\":\"https:\/\/www.szabadszinhaz.hu\/#organization\"},\"potentialAction\":[{\"@type\":\"SearchAction\",\"target\":{\"@type\":\"EntryPoint\",\"urlTemplate\":\"https:\/\/www.szabadszinhaz.hu\/?s={search_term_string}\"},\"query-input\":{\"@type\":\"PropertyValueSpecification\",\"valueRequired\":true,\"valueName\":\"search_term_string\"}}],\"inLanguage\":\"en-US\"},{\"@type\":\"Organization\",\"@id\":\"https:\/\/www.szabadszinhaz.hu\/#organization\",\"name\":\"Szabad Sz\u00ednh\u00e1z SZ\u00cdN-T\u00c9R Egyes\u00fclet\",\"url\":\"https:\/\/www.szabadszinhaz.hu\/\",\"logo\":{\"@type\":\"ImageObject\",\"inLanguage\":\"en-US\",\"@id\":\"https:\/\/www.szabadszinhaz.hu\/#\/schema\/logo\/image\/\",\"url\":\"https:\/\/www.szabadszinhaz.hu\/wp-content\/uploads\/2025\/01\/images.jpg\",\"contentUrl\":\"https:\/\/www.szabadszinhaz.hu\/wp-content\/uploads\/2025\/01\/images.jpg\",\"width\":178,\"height\":284,\"caption\":\"Szabad Sz\u00ednh\u00e1z SZ\u00cdN-T\u00c9R Egyes\u00fclet\"},\"image\":{\"@id\":\"https:\/\/www.szabadszinhaz.hu\/#\/schema\/logo\/image\/\"},\"sameAs\":[\"https:\/\/www.facebook.com\/szabadszinhaz\"]}]}<\/script>\n<!-- \/ Yoast SEO plugin. -->","yoast_head_json":{"title":"Szabad Sz\u00ednh\u00e1z - Ne vedd el t\u0151lem az eget \u2013 L\u00e1z\u00e1r Zs\u00f3fi novell\u00e1sk\u00f6tet\u00e9nek bemutat\u00e1sa - A bel\u00e9p\u00e9s ingyenes! - Szabad Sz\u00ednh\u00e1z","robots":{"index":"index","follow":"follow","max-snippet":"max-snippet:-1","max-image-preview":"max-image-preview:large","max-video-preview":"max-video-preview:-1"},"canonical":"https:\/\/www.szabadszinhaz.hu\/en\/esemenyek\/szabad-szinhaz-ne-vedd-el-tolem-az-eget-lazar-zsofi-novellaskotetenek-bemutatasa-a-belepes-ingyenes\/","og_locale":"en_US","og_type":"article","og_title":"Szabad Sz\u00ednh\u00e1z - Ne vedd el t\u0151lem az eget \u2013 L\u00e1z\u00e1r Zs\u00f3fi novell\u00e1sk\u00f6tet\u00e9nek bemutat\u00e1sa - A bel\u00e9p\u00e9s ingyenes! - Szabad Sz\u00ednh\u00e1z","og_description":"Ne vedd el t\u0151lem az eget \u2013 L\u00e1z\u00e1r Zs\u00f3fi novell\u00e1sk\u00f6tete eml\u00e9kt\u00f6red\u00e9kek gy\u0171jtem\u00e9nye, ahol a kisl\u00e1ny v\u00e1gy\u00f3dik a csod\u00e1s \u00edr\u00f3 apa, a tud\u00f3s anya szeretet\u00e9re. \u00c9s persze mindenki szereti \u0151t, csak [&hellip;]","og_url":"https:\/\/www.szabadszinhaz.hu\/en\/esemenyek\/szabad-szinhaz-ne-vedd-el-tolem-az-eget-lazar-zsofi-novellaskotetenek-bemutatasa-a-belepes-ingyenes\/","og_site_name":"Szabad Sz\u00ednh\u00e1z","article_publisher":"https:\/\/www.facebook.com\/szabadszinhaz","og_image":[{"width":960,"height":540,"url":"https:\/\/www.szabadszinhaz.hu\/wp-content\/uploads\/2024\/06\/Lazar-Zsofi.jpg","type":"image\/jpeg"}],"twitter_card":"summary_large_image","twitter_misc":{"Est. reading time":"1 minute"},"schema":{"@context":"https:\/\/schema.org","@graph":[{"@type":"WebPage","@id":"https:\/\/www.szabadszinhaz.hu\/en\/esemenyek\/szabad-szinhaz-ne-vedd-el-tolem-az-eget-lazar-zsofi-novellaskotetenek-bemutatasa-a-belepes-ingyenes\/","url":"https:\/\/www.szabadszinhaz.hu\/en\/esemenyek\/szabad-szinhaz-ne-vedd-el-tolem-az-eget-lazar-zsofi-novellaskotetenek-bemutatasa-a-belepes-ingyenes\/","name":"Szabad Sz\u00ednh\u00e1z - Ne vedd el t\u0151lem az eget \u2013 L\u00e1z\u00e1r Zs\u00f3fi novell\u00e1sk\u00f6tet\u00e9nek bemutat\u00e1sa - A bel\u00e9p\u00e9s ingyenes! - Szabad Sz\u00ednh\u00e1z","isPartOf":{"@id":"https:\/\/www.szabadszinhaz.hu\/#website"},"primaryImageOfPage":{"@id":"https:\/\/www.szabadszinhaz.hu\/en\/esemenyek\/szabad-szinhaz-ne-vedd-el-tolem-az-eget-lazar-zsofi-novellaskotetenek-bemutatasa-a-belepes-ingyenes\/#primaryimage"},"image":{"@id":"https:\/\/www.szabadszinhaz.hu\/en\/esemenyek\/szabad-szinhaz-ne-vedd-el-tolem-az-eget-lazar-zsofi-novellaskotetenek-bemutatasa-a-belepes-ingyenes\/#primaryimage"},"thumbnailUrl":"https:\/\/www.szabadszinhaz.hu\/wp-content\/uploads\/2024\/06\/Lazar-Zsofi.jpg","datePublished":"2024-06-11T12:32:43+00:00","breadcrumb":{"@id":"https:\/\/www.szabadszinhaz.hu\/en\/esemenyek\/szabad-szinhaz-ne-vedd-el-tolem-az-eget-lazar-zsofi-novellaskotetenek-bemutatasa-a-belepes-ingyenes\/#breadcrumb"},"inLanguage":"en-US","potentialAction":[{"@type":"ReadAction","target":["https:\/\/www.szabadszinhaz.hu\/en\/esemenyek\/szabad-szinhaz-ne-vedd-el-tolem-az-eget-lazar-zsofi-novellaskotetenek-bemutatasa-a-belepes-ingyenes\/"]}]},{"@type":"ImageObject","inLanguage":"en-US","@id":"https:\/\/www.szabadszinhaz.hu\/en\/esemenyek\/szabad-szinhaz-ne-vedd-el-tolem-az-eget-lazar-zsofi-novellaskotetenek-bemutatasa-a-belepes-ingyenes\/#primaryimage","url":"https:\/\/www.szabadszinhaz.hu\/wp-content\/uploads\/2024\/06\/Lazar-Zsofi.jpg","contentUrl":"https:\/\/www.szabadszinhaz.hu\/wp-content\/uploads\/2024\/06\/Lazar-Zsofi.jpg","width":960,"height":540},{"@type":"BreadcrumbList","@id":"https:\/\/www.szabadszinhaz.hu\/en\/esemenyek\/szabad-szinhaz-ne-vedd-el-tolem-az-eget-lazar-zsofi-novellaskotetenek-bemutatasa-a-belepes-ingyenes\/#breadcrumb","itemListElement":[{"@type":"ListItem","position":1,"name":"Kezd\u0151lap","item":"https:\/\/www.szabadszinhaz.hu\/"},{"@type":"ListItem","position":2,"name":"Events","item":"https:\/\/www.szabadszinhaz.hu\/en\/esemenyek\/"},{"@type":"ListItem","position":3,"name":"Szabad Sz\u00ednh\u00e1z &#8211; Ne vedd el t\u0151lem az eget \u2013 L\u00e1z\u00e1r Zs\u00f3fi novell\u00e1sk\u00f6tet\u00e9nek bemutat\u00e1sa &#8211; A bel\u00e9p\u00e9s ingyenes!"}]},{"@type":"WebSite","@id":"https:\/\/www.szabadszinhaz.hu\/#website","url":"https:\/\/www.szabadszinhaz.hu\/","name":"Free Theatre - Szabad Sz\u00ednh\u00e1z","description":"Free Theatre - Szabad Sz\u00ednh\u00e1z","publisher":{"@id":"https:\/\/www.szabadszinhaz.hu\/#organization"},"potentialAction":[{"@type":"SearchAction","target":{"@type":"EntryPoint","urlTemplate":"https:\/\/www.szabadszinhaz.hu\/?s={search_term_string}"},"query-input":{"@type":"PropertyValueSpecification","valueRequired":true,"valueName":"search_term_string"}}],"inLanguage":"en-US"},{"@type":"Organization","@id":"https:\/\/www.szabadszinhaz.hu\/#organization","name":"Szabad Sz\u00ednh\u00e1z SZ\u00cdN-T\u00c9R Egyes\u00fclet","url":"https:\/\/www.szabadszinhaz.hu\/","logo":{"@type":"ImageObject","inLanguage":"en-US","@id":"https:\/\/www.szabadszinhaz.hu\/#\/schema\/logo\/image\/","url":"https:\/\/www.szabadszinhaz.hu\/wp-content\/uploads\/2025\/01\/images.jpg","contentUrl":"https:\/\/www.szabadszinhaz.hu\/wp-content\/uploads\/2025\/01\/images.jpg","width":178,"height":284,"caption":"Szabad Sz\u00ednh\u00e1z SZ\u00cdN-T\u00c9R Egyes\u00fclet"},"image":{"@id":"https:\/\/www.szabadszinhaz.hu\/#\/schema\/logo\/image\/"},"sameAs":["https:\/\/www.facebook.com\/szabadszinhaz"]}]}},"ticketed":false,"_links":{"self":[{"href":"https:\/\/www.szabadszinhaz.hu\/en\/wp-json\/wp\/v2\/tribe_events\/8192","targetHints":{"allow":["GET"]}}],"collection":[{"href":"https:\/\/www.szabadszinhaz.hu\/en\/wp-json\/wp\/v2\/tribe_events"}],"about":[{"href":"https:\/\/www.szabadszinhaz.hu\/en\/wp-json\/wp\/v2\/types\/tribe_events"}],"author":[{"embeddable":true,"href":"https:\/\/www.szabadszinhaz.hu\/en\/wp-json\/wp\/v2\/users\/4"}],"version-history":[{"count":1,"href":"https:\/\/www.szabadszinhaz.hu\/en\/wp-json\/wp\/v2\/tribe_events\/8192\/revisions"}],"predecessor-version":[{"id":8194,"href":"https:\/\/www.szabadszinhaz.hu\/en\/wp-json\/wp\/v2\/tribe_events\/8192\/revisions\/8194"}],"wp:featuredmedia":[{"embeddable":true,"href":"https:\/\/www.szabadszinhaz.hu\/en\/wp-json\/wp\/v2\/media\/8193"}],"wp:attachment":[{"href":"https:\/\/www.szabadszinhaz.hu\/en\/wp-json\/wp\/v2\/media?parent=8192"}],"wp:term":[{"taxonomy":"post_tag","embeddable":true,"href":"https:\/\/www.szabadszinhaz.hu\/en\/wp-json\/wp\/v2\/tags?post=8192"},{"taxonomy":"tribe_events_cat","embeddable":true,"href":"https:\/\/www.szabadszinhaz.hu\/en\/wp-json\/wp\/v2\/tribe_events_cat?post=8192"}],"curies":[{"name":"wp","href":"https:\/\/api.w.org\/{rel}","templated":true}]}}