{"id":8144,"date":"2024-05-13T13:02:31","date_gmt":"2024-05-13T11:02:31","guid":{"rendered":"http:\/\/www.szabadszinhaz.hu\/?post_type=tribe_events&#038;p=8144"},"modified":"2024-05-13T13:02:31","modified_gmt":"2024-05-13T11:02:31","slug":"szabad-szinhaz-hogyan-ne-ertsuk-egymast-felre-beszelgetos-est","status":"publish","type":"tribe_events","link":"https:\/\/www.szabadszinhaz.hu\/en\/esemenyek\/szabad-szinhaz-hogyan-ne-ertsuk-egymast-felre-beszelgetos-est\/","title":{"rendered":"Szabad Sz\u00ednh\u00e1z &#8211; Hogyan (Ne) \u00e9rts\u00fck egym\u00e1st f\u00e9lre &#8211; besz\u00e9lget\u0151s est"},"content":{"rendered":"<div class=\"xdj266r x11i5rnm xat24cr x1mh8g0r x1vvkbs\">&#8222;Bezzeg az \u00e9n id\u0151mben&#8221; <br class=\"html-br\" \/>&#8222;Majd \u00e9n azt megoldom&#8221; <br class=\"html-br\" \/>&#8222;Biztos, hogy nem fogom be\u00e1ldozni magam&#8221; <br class=\"html-br\" \/>&#8222;Ne legy\u00e9l m\u00e1r ennyire boomer&#8221;<br class=\"html-br\" \/>&#8230; mondatok a k\u00fcl\u00f6nb\u00f6z\u0151 gener\u00e1ci\u00f3kt\u00f3l. Te hova tartozol? <br class=\"html-br\" \/>Gyere el \u00e9s besz\u00e9lgess vel\u00fcnk a gener\u00e1ci\u00f3k k\u00f6zti f\u00e9lre\u00e9rt\u00e9sekr\u0151l tabuk n\u00e9lk\u00fcl!<\/div>\n<div class=\"x11i5rnm xat24cr x1mh8g0r x1vvkbs xtlvy1s\">A &#8222;Hogyan (ne) \u00e9rts\u00fck f\u00e9lre egym\u00e1st?&#8221; c\u00edm\u0171 besz\u00e9lget\u0151 est\u00fcnk c\u00e9lja, hogy meg\u00e9rts\u00fck a gener\u00e1ci\u00f3k k\u00f6z\u00f6tti kommunik\u00e1ci\u00f3s \u00e9s cselekv\u00e9si k\u00fcl\u00f6nbs\u00e9geket, ez\u00e1ltal seg\u00edtve a meg\u00e9rt\u00e9st \u00e9s az elfogad\u00e1st. <br class=\"html-br\" \/>A nyitott besz\u00e9lget\u00e9st Egey T\u00edmea pszichol\u00f3gus \u00e9s S\u00e9llei Gy\u00f6rgyi medi\u00e1tor vezeti, k\u00fcl\u00f6nb\u00f6z\u0151 t\u00e9m\u00e1kat \u00e9rintve a gener\u00e1ci\u00f3s k\u00fcl\u00f6nbs\u00e9gek kapcs\u00e1n. <br class=\"html-br\" \/>L\u00e9gy r\u00e9szese te is a v\u00e1ltoz\u00e1snak \u00e9s l\u00e1sd m\u00e1s szem\u00fcveggel a vil\u00e1got!<\/div>\n<div class=\"x11i5rnm xat24cr x1mh8g0r x1vvkbs xtlvy1s\">\u00d7\u00d7\u00d7\u00d7\u00d7\u00d7\u00d7\u00d7\u00d7\u00d7\u00d7\u00d7\u00d7\u00d7\u00d7\u00d7\u00d7\u00d7\u00d7\u00d7\u00d7\u00d7\u00d7\u00d7\u00d7\u00d7\u00d7\u00d7\u00d7\u00d7\u00d7\u00d7\u00d7\u00d7\u00d7\u00d7\u00d7\u00d7\u00d7\u00d7<br class=\"html-br\" \/>A rendezv\u00e9ny INGYENES \u00e9s REGISZTR\u00c1CI\u00d3HOZ K\u00d6T\u00d6TT! <br class=\"html-br\" \/>Regisztr\u00e1ci\u00f3 az al\u00e1bbi linken:<br class=\"html-br\" \/><a class=\"x1i10hfl xjbqb8w x1ejq31n xd10rxx x1sy0etr x17r0tee x972fbf xcfux6l x1qhh985 xm0m39n x9f619 x1ypdohk xt0psk2 xe8uvvx xdj266r x11i5rnm xat24cr x1mh8g0r xexx8yu x4uap5 x18d9i69 xkhd6sd x16tdsg8 xggy1nq x1a2a7pz xt0b8zv x1hl2dhg x1fey0fg\" tabindex=\"0\" role=\"link\" href=\"https:\/\/forms.gle\/Q4Z22BReE1kudzTn6?fbclid=IwZXh0bgNhZW0CMTAAAR04et0TZ6Ry6vUvgC4VcN9YGROnWVrsx2PoZRUKGaMmrgljb1ZRWU7OQ4I_aem_AYrPXsk16D6Ul9K2nCo-F5SY6RODZS-tlbKiYqsiJaqveY8wDUPit0NbSSJBpQHwDXRWX4nXsg8ce7IwbDLCA_6z\" target=\"_blank\" rel=\"nofollow noopener noreferrer\">https:\/\/forms.gle\/Q4Z22BReE1kudzTn6<\/a><\/div>\n<div class=\"x11i5rnm xat24cr x1mh8g0r x1vvkbs xtlvy1s\">\u00d7\u00d7\u00d7\u00d7\u00d7\u00d7\u00d7\u00d7\u00d7\u00d7\u00d7\u00d7\u00d7\u00d7\u00d7\u00d7\u00d7\u00d7\u00d7\u00d7\u00d7\u00d7\u00d7\u00d7\u00d7\u00d7\u00d7\u00d7\u00d7\u00d7\u00d7\u00d7\u00d7\u00d7\u00d7\u00d7\u00d7\u00d7\u00d7\u00d7<br class=\"html-br\" \/>Az esem\u00e9ny a WellOSyst Id\u0151s\u00f6d\u00e9s\u00fcgyi rendszer\u00e9p\u00edt\u00e9s Sz\u00e9kesfeh\u00e9rv\u00e1ron c\u00edm\u0171 program keret\u00e9ben val\u00f3sul meg, Sz\u00e9kesfeh\u00e9rv\u00e1r MJV \u00d6nkorm\u00e1nyzat\u00e1nak t\u00e1mogat\u00e1s\u00e1val<\/div>","protected":false},"excerpt":{"rendered":"<p>&#8222;Bezzeg az \u00e9n id\u0151mben&#8221; &#8222;Majd \u00e9n azt megoldom&#8221; &#8222;Biztos, hogy nem fogom be\u00e1ldozni magam&#8221; &#8222;Ne legy\u00e9l m\u00e1r ennyire boomer&#8221;&#8230; mondatok a k\u00fcl\u00f6nb\u00f6z\u0151 gener\u00e1ci\u00f3kt\u00f3l. Te hova tartozol? Gyere el \u00e9s besz\u00e9lgess [&hellip;]<\/p>\n","protected":false},"author":4,"featured_media":8145,"template":"","meta":{"_et_pb_use_builder":"","_et_pb_old_content":"","_et_gb_content_width":"","_price":"","_stock":"","_tribe_ticket_header":"","_tribe_default_ticket_provider":"","_ticket_start_date":"","_ticket_end_date":"","_tribe_ticket_show_description":"","_tribe_ticket_show_not_going":false,"_tribe_ticket_use_global_stock":"","_tribe_ticket_global_stock_level":"","_global_stock_mode":"","_global_stock_cap":"","_tribe_rsvp_for_event":"","_tribe_ticket_going_count":"","_tribe_ticket_not_going_count":"","_tribe_tickets_list":"[]","_tribe_ticket_has_attendee_info_fields":false,"_tribe_events_status":"","_tribe_events_status_reason":"","footnotes":"","_tec_slr_enabled":"","_tec_slr_layout":""},"tags":[],"tribe_events_cat":[],"class_list":["post-8144","tribe_events","type-tribe_events","status-publish","has-post-thumbnail","hentry"],"yoast_head":"<!-- This site is optimized with the Yoast SEO plugin v25.0 - https:\/\/yoast.com\/wordpress\/plugins\/seo\/ -->\n<title>Szabad Sz\u00ednh\u00e1z - Hogyan (Ne) \u00e9rts\u00fck egym\u00e1st f\u00e9lre - besz\u00e9lget\u0151s est - Szabad Sz\u00ednh\u00e1z<\/title>\n<meta name=\"robots\" content=\"index, follow, max-snippet:-1, max-image-preview:large, max-video-preview:-1\" \/>\n<link rel=\"canonical\" href=\"https:\/\/www.szabadszinhaz.hu\/en\/esemenyek\/szabad-szinhaz-hogyan-ne-ertsuk-egymast-felre-beszelgetos-est\/\" \/>\n<meta property=\"og:locale\" content=\"en_US\" \/>\n<meta property=\"og:type\" content=\"article\" \/>\n<meta property=\"og:title\" content=\"Szabad Sz\u00ednh\u00e1z - Hogyan (Ne) \u00e9rts\u00fck egym\u00e1st f\u00e9lre - besz\u00e9lget\u0151s est - Szabad Sz\u00ednh\u00e1z\" \/>\n<meta property=\"og:description\" content=\"&#8222;Bezzeg az \u00e9n id\u0151mben&#8221; &#8222;Majd \u00e9n azt megoldom&#8221; &#8222;Biztos, hogy nem fogom be\u00e1ldozni magam&#8221; &#8222;Ne legy\u00e9l m\u00e1r ennyire boomer&#8221;&#8230; mondatok a k\u00fcl\u00f6nb\u00f6z\u0151 gener\u00e1ci\u00f3kt\u00f3l. Te hova tartozol? Gyere el \u00e9s besz\u00e9lgess [&hellip;]\" \/>\n<meta property=\"og:url\" content=\"https:\/\/www.szabadszinhaz.hu\/en\/esemenyek\/szabad-szinhaz-hogyan-ne-ertsuk-egymast-felre-beszelgetos-est\/\" \/>\n<meta property=\"og:site_name\" content=\"Szabad Sz\u00ednh\u00e1z\" \/>\n<meta property=\"article:publisher\" content=\"https:\/\/www.facebook.com\/szabadszinhaz\" \/>\n<meta property=\"og:image\" content=\"https:\/\/www.szabadszinhaz.hu\/wp-content\/uploads\/2024\/05\/hogyan-ne.jpg\" \/>\n\t<meta property=\"og:image:width\" content=\"960\" \/>\n\t<meta property=\"og:image:height\" content=\"541\" \/>\n\t<meta property=\"og:image:type\" content=\"image\/jpeg\" \/>\n<meta name=\"twitter:card\" content=\"summary_large_image\" \/>\n<meta name=\"twitter:label1\" content=\"Est. reading time\" \/>\n\t<meta name=\"twitter:data1\" content=\"1 minute\" \/>\n<script type=\"application\/ld+json\" class=\"yoast-schema-graph\">{\"@context\":\"https:\/\/schema.org\",\"@graph\":[{\"@type\":\"WebPage\",\"@id\":\"https:\/\/www.szabadszinhaz.hu\/esemenyek\/szabad-szinhaz-hogyan-ne-ertsuk-egymast-felre-beszelgetos-est\/\",\"url\":\"https:\/\/www.szabadszinhaz.hu\/esemenyek\/szabad-szinhaz-hogyan-ne-ertsuk-egymast-felre-beszelgetos-est\/\",\"name\":\"Szabad Sz\u00ednh\u00e1z - Hogyan (Ne) \u00e9rts\u00fck egym\u00e1st f\u00e9lre - besz\u00e9lget\u0151s est - Szabad Sz\u00ednh\u00e1z\",\"isPartOf\":{\"@id\":\"https:\/\/www.szabadszinhaz.hu\/#website\"},\"primaryImageOfPage\":{\"@id\":\"https:\/\/www.szabadszinhaz.hu\/esemenyek\/szabad-szinhaz-hogyan-ne-ertsuk-egymast-felre-beszelgetos-est\/#primaryimage\"},\"image\":{\"@id\":\"https:\/\/www.szabadszinhaz.hu\/esemenyek\/szabad-szinhaz-hogyan-ne-ertsuk-egymast-felre-beszelgetos-est\/#primaryimage\"},\"thumbnailUrl\":\"https:\/\/www.szabadszinhaz.hu\/wp-content\/uploads\/2024\/05\/hogyan-ne.jpg\",\"datePublished\":\"2024-05-13T11:02:31+00:00\",\"breadcrumb\":{\"@id\":\"https:\/\/www.szabadszinhaz.hu\/esemenyek\/szabad-szinhaz-hogyan-ne-ertsuk-egymast-felre-beszelgetos-est\/#breadcrumb\"},\"inLanguage\":\"en-US\",\"potentialAction\":[{\"@type\":\"ReadAction\",\"target\":[\"https:\/\/www.szabadszinhaz.hu\/esemenyek\/szabad-szinhaz-hogyan-ne-ertsuk-egymast-felre-beszelgetos-est\/\"]}]},{\"@type\":\"ImageObject\",\"inLanguage\":\"en-US\",\"@id\":\"https:\/\/www.szabadszinhaz.hu\/esemenyek\/szabad-szinhaz-hogyan-ne-ertsuk-egymast-felre-beszelgetos-est\/#primaryimage\",\"url\":\"https:\/\/www.szabadszinhaz.hu\/wp-content\/uploads\/2024\/05\/hogyan-ne.jpg\",\"contentUrl\":\"https:\/\/www.szabadszinhaz.hu\/wp-content\/uploads\/2024\/05\/hogyan-ne.jpg\",\"width\":960,\"height\":541},{\"@type\":\"BreadcrumbList\",\"@id\":\"https:\/\/www.szabadszinhaz.hu\/esemenyek\/szabad-szinhaz-hogyan-ne-ertsuk-egymast-felre-beszelgetos-est\/#breadcrumb\",\"itemListElement\":[{\"@type\":\"ListItem\",\"position\":1,\"name\":\"Kezd\u0151lap\",\"item\":\"https:\/\/www.szabadszinhaz.hu\/\"},{\"@type\":\"ListItem\",\"position\":2,\"name\":\"Events\",\"item\":\"https:\/\/www.szabadszinhaz.hu\/en\/esemenyek\/\"},{\"@type\":\"ListItem\",\"position\":3,\"name\":\"Szabad Sz\u00ednh\u00e1z &#8211; Hogyan (Ne) \u00e9rts\u00fck egym\u00e1st f\u00e9lre &#8211; besz\u00e9lget\u0151s est\"}]},{\"@type\":\"WebSite\",\"@id\":\"https:\/\/www.szabadszinhaz.hu\/#website\",\"url\":\"https:\/\/www.szabadszinhaz.hu\/\",\"name\":\"Szabad Sz\u00ednh\u00e1z\",\"description\":\"Szabad Sz\u00ednh\u00e1z\",\"publisher\":{\"@id\":\"https:\/\/www.szabadszinhaz.hu\/#organization\"},\"potentialAction\":[{\"@type\":\"SearchAction\",\"target\":{\"@type\":\"EntryPoint\",\"urlTemplate\":\"https:\/\/www.szabadszinhaz.hu\/?s={search_term_string}\"},\"query-input\":{\"@type\":\"PropertyValueSpecification\",\"valueRequired\":true,\"valueName\":\"search_term_string\"}}],\"inLanguage\":\"en-US\"},{\"@type\":\"Organization\",\"@id\":\"https:\/\/www.szabadszinhaz.hu\/#organization\",\"name\":\"Szabad Sz\u00ednh\u00e1z SZ\u00cdN-T\u00c9R Egyes\u00fclet\",\"url\":\"https:\/\/www.szabadszinhaz.hu\/\",\"logo\":{\"@type\":\"ImageObject\",\"inLanguage\":\"en-US\",\"@id\":\"https:\/\/www.szabadszinhaz.hu\/#\/schema\/logo\/image\/\",\"url\":\"https:\/\/www.szabadszinhaz.hu\/wp-content\/uploads\/2025\/01\/images.jpg\",\"contentUrl\":\"https:\/\/www.szabadszinhaz.hu\/wp-content\/uploads\/2025\/01\/images.jpg\",\"width\":178,\"height\":284,\"caption\":\"Szabad Sz\u00ednh\u00e1z SZ\u00cdN-T\u00c9R Egyes\u00fclet\"},\"image\":{\"@id\":\"https:\/\/www.szabadszinhaz.hu\/#\/schema\/logo\/image\/\"},\"sameAs\":[\"https:\/\/www.facebook.com\/szabadszinhaz\"]}]}<\/script>\n<!-- \/ Yoast SEO plugin. -->","yoast_head_json":{"title":"Szabad Sz\u00ednh\u00e1z - Hogyan (Ne) \u00e9rts\u00fck egym\u00e1st f\u00e9lre - besz\u00e9lget\u0151s est - Szabad Sz\u00ednh\u00e1z","robots":{"index":"index","follow":"follow","max-snippet":"max-snippet:-1","max-image-preview":"max-image-preview:large","max-video-preview":"max-video-preview:-1"},"canonical":"https:\/\/www.szabadszinhaz.hu\/en\/esemenyek\/szabad-szinhaz-hogyan-ne-ertsuk-egymast-felre-beszelgetos-est\/","og_locale":"en_US","og_type":"article","og_title":"Szabad Sz\u00ednh\u00e1z - Hogyan (Ne) \u00e9rts\u00fck egym\u00e1st f\u00e9lre - besz\u00e9lget\u0151s est - Szabad Sz\u00ednh\u00e1z","og_description":"&#8222;Bezzeg az \u00e9n id\u0151mben&#8221; &#8222;Majd \u00e9n azt megoldom&#8221; &#8222;Biztos, hogy nem fogom be\u00e1ldozni magam&#8221; &#8222;Ne legy\u00e9l m\u00e1r ennyire boomer&#8221;&#8230; mondatok a k\u00fcl\u00f6nb\u00f6z\u0151 gener\u00e1ci\u00f3kt\u00f3l. Te hova tartozol? Gyere el \u00e9s besz\u00e9lgess [&hellip;]","og_url":"https:\/\/www.szabadszinhaz.hu\/en\/esemenyek\/szabad-szinhaz-hogyan-ne-ertsuk-egymast-felre-beszelgetos-est\/","og_site_name":"Szabad Sz\u00ednh\u00e1z","article_publisher":"https:\/\/www.facebook.com\/szabadszinhaz","og_image":[{"width":960,"height":541,"url":"https:\/\/www.szabadszinhaz.hu\/wp-content\/uploads\/2024\/05\/hogyan-ne.jpg","type":"image\/jpeg"}],"twitter_card":"summary_large_image","twitter_misc":{"Est. reading time":"1 minute"},"schema":{"@context":"https:\/\/schema.org","@graph":[{"@type":"WebPage","@id":"https:\/\/www.szabadszinhaz.hu\/esemenyek\/szabad-szinhaz-hogyan-ne-ertsuk-egymast-felre-beszelgetos-est\/","url":"https:\/\/www.szabadszinhaz.hu\/esemenyek\/szabad-szinhaz-hogyan-ne-ertsuk-egymast-felre-beszelgetos-est\/","name":"Szabad Sz\u00ednh\u00e1z - Hogyan (Ne) \u00e9rts\u00fck egym\u00e1st f\u00e9lre - besz\u00e9lget\u0151s est - Szabad Sz\u00ednh\u00e1z","isPartOf":{"@id":"https:\/\/www.szabadszinhaz.hu\/#website"},"primaryImageOfPage":{"@id":"https:\/\/www.szabadszinhaz.hu\/esemenyek\/szabad-szinhaz-hogyan-ne-ertsuk-egymast-felre-beszelgetos-est\/#primaryimage"},"image":{"@id":"https:\/\/www.szabadszinhaz.hu\/esemenyek\/szabad-szinhaz-hogyan-ne-ertsuk-egymast-felre-beszelgetos-est\/#primaryimage"},"thumbnailUrl":"https:\/\/www.szabadszinhaz.hu\/wp-content\/uploads\/2024\/05\/hogyan-ne.jpg","datePublished":"2024-05-13T11:02:31+00:00","breadcrumb":{"@id":"https:\/\/www.szabadszinhaz.hu\/esemenyek\/szabad-szinhaz-hogyan-ne-ertsuk-egymast-felre-beszelgetos-est\/#breadcrumb"},"inLanguage":"en-US","potentialAction":[{"@type":"ReadAction","target":["https:\/\/www.szabadszinhaz.hu\/esemenyek\/szabad-szinhaz-hogyan-ne-ertsuk-egymast-felre-beszelgetos-est\/"]}]},{"@type":"ImageObject","inLanguage":"en-US","@id":"https:\/\/www.szabadszinhaz.hu\/esemenyek\/szabad-szinhaz-hogyan-ne-ertsuk-egymast-felre-beszelgetos-est\/#primaryimage","url":"https:\/\/www.szabadszinhaz.hu\/wp-content\/uploads\/2024\/05\/hogyan-ne.jpg","contentUrl":"https:\/\/www.szabadszinhaz.hu\/wp-content\/uploads\/2024\/05\/hogyan-ne.jpg","width":960,"height":541},{"@type":"BreadcrumbList","@id":"https:\/\/www.szabadszinhaz.hu\/esemenyek\/szabad-szinhaz-hogyan-ne-ertsuk-egymast-felre-beszelgetos-est\/#breadcrumb","itemListElement":[{"@type":"ListItem","position":1,"name":"Kezd\u0151lap","item":"https:\/\/www.szabadszinhaz.hu\/"},{"@type":"ListItem","position":2,"name":"Events","item":"https:\/\/www.szabadszinhaz.hu\/en\/esemenyek\/"},{"@type":"ListItem","position":3,"name":"Szabad Sz\u00ednh\u00e1z &#8211; Hogyan (Ne) \u00e9rts\u00fck egym\u00e1st f\u00e9lre &#8211; besz\u00e9lget\u0151s est"}]},{"@type":"WebSite","@id":"https:\/\/www.szabadszinhaz.hu\/#website","url":"https:\/\/www.szabadszinhaz.hu\/","name":"Free Theatre - Szabad Sz\u00ednh\u00e1z","description":"Free Theatre - Szabad Sz\u00ednh\u00e1z","publisher":{"@id":"https:\/\/www.szabadszinhaz.hu\/#organization"},"potentialAction":[{"@type":"SearchAction","target":{"@type":"EntryPoint","urlTemplate":"https:\/\/www.szabadszinhaz.hu\/?s={search_term_string}"},"query-input":{"@type":"PropertyValueSpecification","valueRequired":true,"valueName":"search_term_string"}}],"inLanguage":"en-US"},{"@type":"Organization","@id":"https:\/\/www.szabadszinhaz.hu\/#organization","name":"Szabad Sz\u00ednh\u00e1z SZ\u00cdN-T\u00c9R Egyes\u00fclet","url":"https:\/\/www.szabadszinhaz.hu\/","logo":{"@type":"ImageObject","inLanguage":"en-US","@id":"https:\/\/www.szabadszinhaz.hu\/#\/schema\/logo\/image\/","url":"https:\/\/www.szabadszinhaz.hu\/wp-content\/uploads\/2025\/01\/images.jpg","contentUrl":"https:\/\/www.szabadszinhaz.hu\/wp-content\/uploads\/2025\/01\/images.jpg","width":178,"height":284,"caption":"Szabad Sz\u00ednh\u00e1z SZ\u00cdN-T\u00c9R Egyes\u00fclet"},"image":{"@id":"https:\/\/www.szabadszinhaz.hu\/#\/schema\/logo\/image\/"},"sameAs":["https:\/\/www.facebook.com\/szabadszinhaz"]}]}},"ticketed":false,"_links":{"self":[{"href":"https:\/\/www.szabadszinhaz.hu\/en\/wp-json\/wp\/v2\/tribe_events\/8144","targetHints":{"allow":["GET"]}}],"collection":[{"href":"https:\/\/www.szabadszinhaz.hu\/en\/wp-json\/wp\/v2\/tribe_events"}],"about":[{"href":"https:\/\/www.szabadszinhaz.hu\/en\/wp-json\/wp\/v2\/types\/tribe_events"}],"author":[{"embeddable":true,"href":"https:\/\/www.szabadszinhaz.hu\/en\/wp-json\/wp\/v2\/users\/4"}],"version-history":[{"count":1,"href":"https:\/\/www.szabadszinhaz.hu\/en\/wp-json\/wp\/v2\/tribe_events\/8144\/revisions"}],"predecessor-version":[{"id":8146,"href":"https:\/\/www.szabadszinhaz.hu\/en\/wp-json\/wp\/v2\/tribe_events\/8144\/revisions\/8146"}],"wp:featuredmedia":[{"embeddable":true,"href":"https:\/\/www.szabadszinhaz.hu\/en\/wp-json\/wp\/v2\/media\/8145"}],"wp:attachment":[{"href":"https:\/\/www.szabadszinhaz.hu\/en\/wp-json\/wp\/v2\/media?parent=8144"}],"wp:term":[{"taxonomy":"post_tag","embeddable":true,"href":"https:\/\/www.szabadszinhaz.hu\/en\/wp-json\/wp\/v2\/tags?post=8144"},{"taxonomy":"tribe_events_cat","embeddable":true,"href":"https:\/\/www.szabadszinhaz.hu\/en\/wp-json\/wp\/v2\/tribe_events_cat?post=8144"}],"curies":[{"name":"wp","href":"https:\/\/api.w.org\/{rel}","templated":true}]}}