{"id":8081,"date":"2024-04-16T18:13:43","date_gmt":"2024-04-16T16:13:43","guid":{"rendered":"http:\/\/www.szabadszinhaz.hu\/?post_type=tribe_events&#038;p=8081"},"modified":"2024-04-16T18:13:43","modified_gmt":"2024-04-16T16:13:43","slug":"igezo-a-szent-csalad-szabad-szinhaz-eloadasa-es-beszelgetes","status":"publish","type":"tribe_events","link":"https:\/\/www.szabadszinhaz.hu\/en\/esemenyek\/igezo-a-szent-csalad-szabad-szinhaz-eloadasa-es-beszelgetes\/","title":{"rendered":"Ig\u00e9z\u0151 &#8222;A Szent csal\u00e1d&#8221; Szabad sz\u00ednh\u00e1z el\u0151ad\u00e1sa \u00e9s besz\u00e9lget\u00e9s"},"content":{"rendered":"<p>&#8222;A Szent csal\u00e1d&#8221; Szabad sz\u00ednh\u00e1z el\u0151ad\u00e1sa \u00e9s besz\u00e9lget\u00e9s<\/p>\n<div class=\"xdj266r x11i5rnm xat24cr x1mh8g0r x1vvkbs\">A rendezv\u00e9ny INGYENES \u00e9s REGISZTR\u00c1CI\u00d3 K\u00d6TELES!<br class=\"html-br\" \/>Regisztr\u00e1ci\u00f3 az al\u00e1bbi linken lehets\u00e9ges:<br class=\"html-br\" \/><a class=\"x1i10hfl xjbqb8w x1ejq31n xd10rxx x1sy0etr x17r0tee x972fbf xcfux6l x1qhh985 xm0m39n x9f619 x1ypdohk xt0psk2 xe8uvvx xdj266r x11i5rnm xat24cr x1mh8g0r xexx8yu x4uap5 x18d9i69 xkhd6sd x16tdsg8 x1hl2dhg xggy1nq x1a2a7pz xt0b8zv x1fey0fg\" tabindex=\"0\" role=\"link\" href=\"https:\/\/forms.gle\/ZeYjgsPUF2wJoPnX6?fbclid=IwAR0TwUp5ZwWQwUZKElKn5YftbA_LHcBkc3woQWOW-yj6Z9Iet7IUeeBlEJE\" target=\"_blank\" rel=\"nofollow noopener noreferrer\">https:\/\/forms.gle\/ZeYjgsPUF2wJoPnX6<\/a><br class=\"html-br\" \/>\u00d7\u00d7\u00d7\u00d7\u00d7\u00d7\u00d7\u00d7\u00d7\u00d7\u00d7\u00d7\u00d7\u00d7\u00d7\u00d7\u00d7\u00d7\u00d7\u00d7\u00d7\u00d7\u00d7\u00d7\u00d7\u00d7\u00d7\u00d7\u00d7\u00d7\u00d7\u00d7\u00d7\u00d7\u00d7\u00d7\u00d7\u00d7\u00d7\u00d7\u00d7\u00d7\u00d7<\/div>\n<div class=\"x11i5rnm xat24cr x1mh8g0r x1vvkbs xtlvy1s\">Az el\u0151ad\u00e1sr\u00f3l az al\u00e1bbiakat \u00edrt\u00e1k az alkot\u00f3k:\u201eEgy csendes szuter\u00e9nben j\u00e1tsz\u00f3d\u00f3, ismer\u0151s helyzetkomikumokra \u00e9p\u00fcl\u0151 fekete kom\u00e9di\u00e1ra invit\u00e1ljuk n\u00e9z\u0151inket.Ez\u00fattal egy id\u0151s asszony apr\u00f3 szob\u00e1j\u00e1ba enged\u00fcnk betekint\u00e9st, ahol a val\u00f3s\u00e1g \u00e9s k\u00e9pzelet kerget\u0151znek az id\u0151vel, ahol az ord\u00edt\u00f3 mag\u00e1nyt a figyelemkoldul\u00e1s v\u00e1ltja, ahol \u00fctnek m\u00e9g az elnyelt szavak is, \u00e9s torkon akad m\u00e9g a szeretettel k\u00e9sz\u00edtett g\u0151zgomb\u00f3c is\u2026.A \u201emintha-\u00e9letek\u201d szerepl\u0151i a XXI. sz\u00e1zad sz\u00e9thull\u00f3 kapcsolatainak mindenki sz\u00e1m\u00e1ra ismer\u0151s, keser\u00e9des helyzeteit mutatj\u00e1k be. A Szabad Sz\u00ednh\u00e1z leg\u00fajabb el\u0151ad\u00e1s\u00e1nak f\u0151szerep\u00e9ben T\u00f6rs\u00f6k M\u00e1rta l\u00e1that\u00f3.\u201d<\/div>\n<div class=\"x11i5rnm xat24cr x1mh8g0r x1vvkbs xtlvy1s\">\u00d7\u00d7\u00d7\u00d7\u00d7\u00d7\u00d7\u00d7\u00d7\u00d7\u00d7\u00d7\u00d7\u00d7\u00d7\u00d7\u00d7\u00d7\u00d7\u00d7\u00d7\u00d7\u00d7\u00d7\u00d7\u00d7\u00d7\u00d7\u00d7\u00d7\u00d7\u00d7\u00d7\u00d7\u00d7\u00d7\u00d7\u00d7\u00d7\u00d7\u00d7\u00d7\u00d7<\/div>\n<div class=\"x11i5rnm xat24cr x1mh8g0r x1vvkbs xtlvy1s\">Helysz\u00edn: Ig\u00e9z\u0151, Sz\u00e9kesfeh\u00e9rv\u00e1r Basa u.1. ( bej\u00e1rat a F\u0151 u. fel\u0151l)<\/div>\n<div class=\"x11i5rnm xat24cr x1mh8g0r x1vvkbs xtlvy1s\">Program:<br class=\"html-br\" \/>17.30 Kapunyit\u00e1s<br class=\"html-br\" \/>18.00-19.20 El\u0151ad\u00e1s<br class=\"html-br\" \/>19.20-20.30 Besz\u00e9lget\u00e9s Egey T\u00edmea pszichol\u00f3gus \u00e9s Nagy Judit rendez\u0151 k\u00f6zrem\u0171k\u00f6d\u00e9s\u00e9vel<\/div>\n<div class=\"x11i5rnm xat24cr x1mh8g0r x1vvkbs xtlvy1s\">\u00d7\u00d7\u00d7\u00d7\u00d7\u00d7\u00d7\u00d7\u00d7\u00d7\u00d7\u00d7\u00d7\u00d7\u00d7\u00d7\u00d7\u00d7\u00d7\u00d7\u00d7\u00d7\u00d7\u00d7\u00d7\u00d7\u00d7\u00d7\u00d7\u00d7\u00d7\u00d7\u00d7\u00d7\u00d7\u00d7\u00d7\u00d7\u00d7\u00d7\u00d7\u00d7\u00d7<br class=\"html-br\" \/>Az el\u0151ad\u00e1s a WellOSyst Id\u0151s\u00f6d\u00e9s\u00fcgyi rendszer\u00e9p\u00edt\u00e9s Sz\u00e9kesfeh\u00e9rv\u00e1ron c\u00edm\u0171 program keret\u00e9ben val\u00f3sul meg, Sz\u00e9kesfeh\u00e9rv\u00e1r MJV \u00d6nkorm\u00e1nyzat\u00e1nak t\u00e1mogat\u00e1s\u00e1val. Ez\u00e9rt a r\u00e9szv\u00e9tel vend\u00e9geink sz\u00e1m\u00e1ra t\u00e9r\u00edt\u00e9smentes, ugyanakkor jelentkez\u00e9shez k\u00f6t\u00f6tt.<\/div>\n<p>&nbsp;<\/p>","protected":false},"excerpt":{"rendered":"<p>&#8222;A Szent csal\u00e1d&#8221; Szabad sz\u00ednh\u00e1z el\u0151ad\u00e1sa \u00e9s besz\u00e9lget\u00e9s A rendezv\u00e9ny INGYENES \u00e9s REGISZTR\u00c1CI\u00d3 K\u00d6TELES!Regisztr\u00e1ci\u00f3 az al\u00e1bbi linken lehets\u00e9ges:https:\/\/forms.gle\/ZeYjgsPUF2wJoPnX6\u00d7\u00d7\u00d7\u00d7\u00d7\u00d7\u00d7\u00d7\u00d7\u00d7\u00d7\u00d7\u00d7\u00d7\u00d7\u00d7\u00d7\u00d7\u00d7\u00d7\u00d7\u00d7\u00d7\u00d7\u00d7\u00d7\u00d7\u00d7\u00d7\u00d7\u00d7\u00d7\u00d7\u00d7\u00d7\u00d7\u00d7\u00d7\u00d7\u00d7\u00d7\u00d7\u00d7 Az el\u0151ad\u00e1sr\u00f3l az al\u00e1bbiakat \u00edrt\u00e1k az alkot\u00f3k:\u201eEgy csendes szuter\u00e9nben j\u00e1tsz\u00f3d\u00f3, ismer\u0151s helyzetkomikumokra [&hellip;]<\/p>\n","protected":false},"author":4,"featured_media":8082,"template":"","meta":{"_et_pb_use_builder":"","_et_pb_old_content":"","_et_gb_content_width":"","_price":"","_stock":"","_tribe_ticket_header":"","_tribe_default_ticket_provider":"","_ticket_start_date":"","_ticket_end_date":"","_tribe_ticket_show_description":"","_tribe_ticket_show_not_going":false,"_tribe_ticket_use_global_stock":"","_tribe_ticket_global_stock_level":"","_global_stock_mode":"","_global_stock_cap":"","_tribe_rsvp_for_event":"","_tribe_ticket_going_count":"","_tribe_ticket_not_going_count":"","_tribe_tickets_list":"[]","_tribe_ticket_has_attendee_info_fields":false,"_tribe_events_status":"","_tribe_events_status_reason":"","footnotes":"","_tec_slr_enabled":"","_tec_slr_layout":""},"tags":[],"tribe_events_cat":[],"class_list":["post-8081","tribe_events","type-tribe_events","status-publish","has-post-thumbnail","hentry"],"yoast_head":"<!-- This site is optimized with the Yoast SEO plugin v25.0 - https:\/\/yoast.com\/wordpress\/plugins\/seo\/ -->\n<title>Ig\u00e9z\u0151 &quot;A Szent csal\u00e1d&quot; Szabad sz\u00ednh\u00e1z el\u0151ad\u00e1sa \u00e9s besz\u00e9lget\u00e9s - Szabad Sz\u00ednh\u00e1z<\/title>\n<meta name=\"robots\" content=\"index, follow, max-snippet:-1, max-image-preview:large, max-video-preview:-1\" \/>\n<link rel=\"canonical\" href=\"https:\/\/www.szabadszinhaz.hu\/en\/esemenyek\/igezo-a-szent-csalad-szabad-szinhaz-eloadasa-es-beszelgetes\/\" \/>\n<meta property=\"og:locale\" content=\"en_US\" \/>\n<meta property=\"og:type\" content=\"article\" \/>\n<meta property=\"og:title\" content=\"Ig\u00e9z\u0151 &quot;A Szent csal\u00e1d&quot; Szabad sz\u00ednh\u00e1z el\u0151ad\u00e1sa \u00e9s besz\u00e9lget\u00e9s - Szabad Sz\u00ednh\u00e1z\" \/>\n<meta property=\"og:description\" content=\"&#8222;A Szent csal\u00e1d&#8221; Szabad sz\u00ednh\u00e1z el\u0151ad\u00e1sa \u00e9s besz\u00e9lget\u00e9s A rendezv\u00e9ny INGYENES \u00e9s REGISZTR\u00c1CI\u00d3 K\u00d6TELES!Regisztr\u00e1ci\u00f3 az al\u00e1bbi linken lehets\u00e9ges:https:\/\/forms.gle\/ZeYjgsPUF2wJoPnX6\u00d7\u00d7\u00d7\u00d7\u00d7\u00d7\u00d7\u00d7\u00d7\u00d7\u00d7\u00d7\u00d7\u00d7\u00d7\u00d7\u00d7\u00d7\u00d7\u00d7\u00d7\u00d7\u00d7\u00d7\u00d7\u00d7\u00d7\u00d7\u00d7\u00d7\u00d7\u00d7\u00d7\u00d7\u00d7\u00d7\u00d7\u00d7\u00d7\u00d7\u00d7\u00d7\u00d7 Az el\u0151ad\u00e1sr\u00f3l az al\u00e1bbiakat \u00edrt\u00e1k az alkot\u00f3k:\u201eEgy csendes szuter\u00e9nben j\u00e1tsz\u00f3d\u00f3, ismer\u0151s helyzetkomikumokra [&hellip;]\" \/>\n<meta property=\"og:url\" content=\"https:\/\/www.szabadszinhaz.hu\/en\/esemenyek\/igezo-a-szent-csalad-szabad-szinhaz-eloadasa-es-beszelgetes\/\" \/>\n<meta property=\"og:site_name\" content=\"Szabad Sz\u00ednh\u00e1z\" \/>\n<meta property=\"article:publisher\" content=\"https:\/\/www.facebook.com\/szabadszinhaz\" \/>\n<meta property=\"og:image\" content=\"https:\/\/www.szabadszinhaz.hu\/wp-content\/uploads\/2024\/04\/szent.jpg\" \/>\n\t<meta property=\"og:image:width\" content=\"980\" \/>\n\t<meta property=\"og:image:height\" content=\"552\" \/>\n\t<meta property=\"og:image:type\" content=\"image\/jpeg\" \/>\n<meta name=\"twitter:card\" content=\"summary_large_image\" \/>\n<meta name=\"twitter:label1\" content=\"Est. reading time\" \/>\n\t<meta name=\"twitter:data1\" content=\"1 minute\" \/>\n<script type=\"application\/ld+json\" class=\"yoast-schema-graph\">{\"@context\":\"https:\/\/schema.org\",\"@graph\":[{\"@type\":\"WebPage\",\"@id\":\"https:\/\/www.szabadszinhaz.hu\/esemenyek\/igezo-a-szent-csalad-szabad-szinhaz-eloadasa-es-beszelgetes\/\",\"url\":\"https:\/\/www.szabadszinhaz.hu\/esemenyek\/igezo-a-szent-csalad-szabad-szinhaz-eloadasa-es-beszelgetes\/\",\"name\":\"Ig\u00e9z\u0151 \\\"A Szent csal\u00e1d\\\" Szabad sz\u00ednh\u00e1z el\u0151ad\u00e1sa \u00e9s besz\u00e9lget\u00e9s - Szabad Sz\u00ednh\u00e1z\",\"isPartOf\":{\"@id\":\"https:\/\/www.szabadszinhaz.hu\/#website\"},\"primaryImageOfPage\":{\"@id\":\"https:\/\/www.szabadszinhaz.hu\/esemenyek\/igezo-a-szent-csalad-szabad-szinhaz-eloadasa-es-beszelgetes\/#primaryimage\"},\"image\":{\"@id\":\"https:\/\/www.szabadszinhaz.hu\/esemenyek\/igezo-a-szent-csalad-szabad-szinhaz-eloadasa-es-beszelgetes\/#primaryimage\"},\"thumbnailUrl\":\"https:\/\/www.szabadszinhaz.hu\/wp-content\/uploads\/2024\/04\/szent.jpg\",\"datePublished\":\"2024-04-16T16:13:43+00:00\",\"breadcrumb\":{\"@id\":\"https:\/\/www.szabadszinhaz.hu\/esemenyek\/igezo-a-szent-csalad-szabad-szinhaz-eloadasa-es-beszelgetes\/#breadcrumb\"},\"inLanguage\":\"en-US\",\"potentialAction\":[{\"@type\":\"ReadAction\",\"target\":[\"https:\/\/www.szabadszinhaz.hu\/esemenyek\/igezo-a-szent-csalad-szabad-szinhaz-eloadasa-es-beszelgetes\/\"]}]},{\"@type\":\"ImageObject\",\"inLanguage\":\"en-US\",\"@id\":\"https:\/\/www.szabadszinhaz.hu\/esemenyek\/igezo-a-szent-csalad-szabad-szinhaz-eloadasa-es-beszelgetes\/#primaryimage\",\"url\":\"https:\/\/www.szabadszinhaz.hu\/wp-content\/uploads\/2024\/04\/szent.jpg\",\"contentUrl\":\"https:\/\/www.szabadszinhaz.hu\/wp-content\/uploads\/2024\/04\/szent.jpg\",\"width\":980,\"height\":552},{\"@type\":\"BreadcrumbList\",\"@id\":\"https:\/\/www.szabadszinhaz.hu\/esemenyek\/igezo-a-szent-csalad-szabad-szinhaz-eloadasa-es-beszelgetes\/#breadcrumb\",\"itemListElement\":[{\"@type\":\"ListItem\",\"position\":1,\"name\":\"Kezd\u0151lap\",\"item\":\"https:\/\/www.szabadszinhaz.hu\/\"},{\"@type\":\"ListItem\",\"position\":2,\"name\":\"Events\",\"item\":\"https:\/\/www.szabadszinhaz.hu\/en\/esemenyek\/\"},{\"@type\":\"ListItem\",\"position\":3,\"name\":\"Ig\u00e9z\u0151 &#8222;A Szent csal\u00e1d&#8221; Szabad sz\u00ednh\u00e1z el\u0151ad\u00e1sa \u00e9s besz\u00e9lget\u00e9s\"}]},{\"@type\":\"WebSite\",\"@id\":\"https:\/\/www.szabadszinhaz.hu\/#website\",\"url\":\"https:\/\/www.szabadszinhaz.hu\/\",\"name\":\"Szabad Sz\u00ednh\u00e1z\",\"description\":\"Szabad Sz\u00ednh\u00e1z\",\"publisher\":{\"@id\":\"https:\/\/www.szabadszinhaz.hu\/#organization\"},\"potentialAction\":[{\"@type\":\"SearchAction\",\"target\":{\"@type\":\"EntryPoint\",\"urlTemplate\":\"https:\/\/www.szabadszinhaz.hu\/?s={search_term_string}\"},\"query-input\":{\"@type\":\"PropertyValueSpecification\",\"valueRequired\":true,\"valueName\":\"search_term_string\"}}],\"inLanguage\":\"en-US\"},{\"@type\":\"Organization\",\"@id\":\"https:\/\/www.szabadszinhaz.hu\/#organization\",\"name\":\"Szabad Sz\u00ednh\u00e1z SZ\u00cdN-T\u00c9R Egyes\u00fclet\",\"url\":\"https:\/\/www.szabadszinhaz.hu\/\",\"logo\":{\"@type\":\"ImageObject\",\"inLanguage\":\"en-US\",\"@id\":\"https:\/\/www.szabadszinhaz.hu\/#\/schema\/logo\/image\/\",\"url\":\"https:\/\/www.szabadszinhaz.hu\/wp-content\/uploads\/2025\/01\/images.jpg\",\"contentUrl\":\"https:\/\/www.szabadszinhaz.hu\/wp-content\/uploads\/2025\/01\/images.jpg\",\"width\":178,\"height\":284,\"caption\":\"Szabad Sz\u00ednh\u00e1z SZ\u00cdN-T\u00c9R Egyes\u00fclet\"},\"image\":{\"@id\":\"https:\/\/www.szabadszinhaz.hu\/#\/schema\/logo\/image\/\"},\"sameAs\":[\"https:\/\/www.facebook.com\/szabadszinhaz\"]}]}<\/script>\n<!-- \/ Yoast SEO plugin. -->","yoast_head_json":{"title":"Ig\u00e9z\u0151 \"A Szent csal\u00e1d\" Szabad sz\u00ednh\u00e1z el\u0151ad\u00e1sa \u00e9s besz\u00e9lget\u00e9s - Szabad Sz\u00ednh\u00e1z","robots":{"index":"index","follow":"follow","max-snippet":"max-snippet:-1","max-image-preview":"max-image-preview:large","max-video-preview":"max-video-preview:-1"},"canonical":"https:\/\/www.szabadszinhaz.hu\/en\/esemenyek\/igezo-a-szent-csalad-szabad-szinhaz-eloadasa-es-beszelgetes\/","og_locale":"en_US","og_type":"article","og_title":"Ig\u00e9z\u0151 \"A Szent csal\u00e1d\" Szabad sz\u00ednh\u00e1z el\u0151ad\u00e1sa \u00e9s besz\u00e9lget\u00e9s - Szabad Sz\u00ednh\u00e1z","og_description":"&#8222;A Szent csal\u00e1d&#8221; Szabad sz\u00ednh\u00e1z el\u0151ad\u00e1sa \u00e9s besz\u00e9lget\u00e9s A rendezv\u00e9ny INGYENES \u00e9s REGISZTR\u00c1CI\u00d3 K\u00d6TELES!Regisztr\u00e1ci\u00f3 az al\u00e1bbi linken lehets\u00e9ges:https:\/\/forms.gle\/ZeYjgsPUF2wJoPnX6\u00d7\u00d7\u00d7\u00d7\u00d7\u00d7\u00d7\u00d7\u00d7\u00d7\u00d7\u00d7\u00d7\u00d7\u00d7\u00d7\u00d7\u00d7\u00d7\u00d7\u00d7\u00d7\u00d7\u00d7\u00d7\u00d7\u00d7\u00d7\u00d7\u00d7\u00d7\u00d7\u00d7\u00d7\u00d7\u00d7\u00d7\u00d7\u00d7\u00d7\u00d7\u00d7\u00d7 Az el\u0151ad\u00e1sr\u00f3l az al\u00e1bbiakat \u00edrt\u00e1k az alkot\u00f3k:\u201eEgy csendes szuter\u00e9nben j\u00e1tsz\u00f3d\u00f3, ismer\u0151s helyzetkomikumokra [&hellip;]","og_url":"https:\/\/www.szabadszinhaz.hu\/en\/esemenyek\/igezo-a-szent-csalad-szabad-szinhaz-eloadasa-es-beszelgetes\/","og_site_name":"Szabad Sz\u00ednh\u00e1z","article_publisher":"https:\/\/www.facebook.com\/szabadszinhaz","og_image":[{"width":980,"height":552,"url":"https:\/\/www.szabadszinhaz.hu\/wp-content\/uploads\/2024\/04\/szent.jpg","type":"image\/jpeg"}],"twitter_card":"summary_large_image","twitter_misc":{"Est. reading time":"1 minute"},"schema":{"@context":"https:\/\/schema.org","@graph":[{"@type":"WebPage","@id":"https:\/\/www.szabadszinhaz.hu\/esemenyek\/igezo-a-szent-csalad-szabad-szinhaz-eloadasa-es-beszelgetes\/","url":"https:\/\/www.szabadszinhaz.hu\/esemenyek\/igezo-a-szent-csalad-szabad-szinhaz-eloadasa-es-beszelgetes\/","name":"Ig\u00e9z\u0151 \"A Szent csal\u00e1d\" Szabad sz\u00ednh\u00e1z el\u0151ad\u00e1sa \u00e9s besz\u00e9lget\u00e9s - Szabad Sz\u00ednh\u00e1z","isPartOf":{"@id":"https:\/\/www.szabadszinhaz.hu\/#website"},"primaryImageOfPage":{"@id":"https:\/\/www.szabadszinhaz.hu\/esemenyek\/igezo-a-szent-csalad-szabad-szinhaz-eloadasa-es-beszelgetes\/#primaryimage"},"image":{"@id":"https:\/\/www.szabadszinhaz.hu\/esemenyek\/igezo-a-szent-csalad-szabad-szinhaz-eloadasa-es-beszelgetes\/#primaryimage"},"thumbnailUrl":"https:\/\/www.szabadszinhaz.hu\/wp-content\/uploads\/2024\/04\/szent.jpg","datePublished":"2024-04-16T16:13:43+00:00","breadcrumb":{"@id":"https:\/\/www.szabadszinhaz.hu\/esemenyek\/igezo-a-szent-csalad-szabad-szinhaz-eloadasa-es-beszelgetes\/#breadcrumb"},"inLanguage":"en-US","potentialAction":[{"@type":"ReadAction","target":["https:\/\/www.szabadszinhaz.hu\/esemenyek\/igezo-a-szent-csalad-szabad-szinhaz-eloadasa-es-beszelgetes\/"]}]},{"@type":"ImageObject","inLanguage":"en-US","@id":"https:\/\/www.szabadszinhaz.hu\/esemenyek\/igezo-a-szent-csalad-szabad-szinhaz-eloadasa-es-beszelgetes\/#primaryimage","url":"https:\/\/www.szabadszinhaz.hu\/wp-content\/uploads\/2024\/04\/szent.jpg","contentUrl":"https:\/\/www.szabadszinhaz.hu\/wp-content\/uploads\/2024\/04\/szent.jpg","width":980,"height":552},{"@type":"BreadcrumbList","@id":"https:\/\/www.szabadszinhaz.hu\/esemenyek\/igezo-a-szent-csalad-szabad-szinhaz-eloadasa-es-beszelgetes\/#breadcrumb","itemListElement":[{"@type":"ListItem","position":1,"name":"Kezd\u0151lap","item":"https:\/\/www.szabadszinhaz.hu\/"},{"@type":"ListItem","position":2,"name":"Events","item":"https:\/\/www.szabadszinhaz.hu\/en\/esemenyek\/"},{"@type":"ListItem","position":3,"name":"Ig\u00e9z\u0151 &#8222;A Szent csal\u00e1d&#8221; Szabad sz\u00ednh\u00e1z el\u0151ad\u00e1sa \u00e9s besz\u00e9lget\u00e9s"}]},{"@type":"WebSite","@id":"https:\/\/www.szabadszinhaz.hu\/#website","url":"https:\/\/www.szabadszinhaz.hu\/","name":"Free Theatre - Szabad Sz\u00ednh\u00e1z","description":"Free Theatre - Szabad Sz\u00ednh\u00e1z","publisher":{"@id":"https:\/\/www.szabadszinhaz.hu\/#organization"},"potentialAction":[{"@type":"SearchAction","target":{"@type":"EntryPoint","urlTemplate":"https:\/\/www.szabadszinhaz.hu\/?s={search_term_string}"},"query-input":{"@type":"PropertyValueSpecification","valueRequired":true,"valueName":"search_term_string"}}],"inLanguage":"en-US"},{"@type":"Organization","@id":"https:\/\/www.szabadszinhaz.hu\/#organization","name":"Szabad Sz\u00ednh\u00e1z SZ\u00cdN-T\u00c9R Egyes\u00fclet","url":"https:\/\/www.szabadszinhaz.hu\/","logo":{"@type":"ImageObject","inLanguage":"en-US","@id":"https:\/\/www.szabadszinhaz.hu\/#\/schema\/logo\/image\/","url":"https:\/\/www.szabadszinhaz.hu\/wp-content\/uploads\/2025\/01\/images.jpg","contentUrl":"https:\/\/www.szabadszinhaz.hu\/wp-content\/uploads\/2025\/01\/images.jpg","width":178,"height":284,"caption":"Szabad Sz\u00ednh\u00e1z SZ\u00cdN-T\u00c9R Egyes\u00fclet"},"image":{"@id":"https:\/\/www.szabadszinhaz.hu\/#\/schema\/logo\/image\/"},"sameAs":["https:\/\/www.facebook.com\/szabadszinhaz"]}]}},"ticketed":false,"_links":{"self":[{"href":"https:\/\/www.szabadszinhaz.hu\/en\/wp-json\/wp\/v2\/tribe_events\/8081","targetHints":{"allow":["GET"]}}],"collection":[{"href":"https:\/\/www.szabadszinhaz.hu\/en\/wp-json\/wp\/v2\/tribe_events"}],"about":[{"href":"https:\/\/www.szabadszinhaz.hu\/en\/wp-json\/wp\/v2\/types\/tribe_events"}],"author":[{"embeddable":true,"href":"https:\/\/www.szabadszinhaz.hu\/en\/wp-json\/wp\/v2\/users\/4"}],"version-history":[{"count":1,"href":"https:\/\/www.szabadszinhaz.hu\/en\/wp-json\/wp\/v2\/tribe_events\/8081\/revisions"}],"predecessor-version":[{"id":8083,"href":"https:\/\/www.szabadszinhaz.hu\/en\/wp-json\/wp\/v2\/tribe_events\/8081\/revisions\/8083"}],"wp:featuredmedia":[{"embeddable":true,"href":"https:\/\/www.szabadszinhaz.hu\/en\/wp-json\/wp\/v2\/media\/8082"}],"wp:attachment":[{"href":"https:\/\/www.szabadszinhaz.hu\/en\/wp-json\/wp\/v2\/media?parent=8081"}],"wp:term":[{"taxonomy":"post_tag","embeddable":true,"href":"https:\/\/www.szabadszinhaz.hu\/en\/wp-json\/wp\/v2\/tags?post=8081"},{"taxonomy":"tribe_events_cat","embeddable":true,"href":"https:\/\/www.szabadszinhaz.hu\/en\/wp-json\/wp\/v2\/tribe_events_cat?post=8081"}],"curies":[{"name":"wp","href":"https:\/\/api.w.org\/{rel}","templated":true}]}}