{"id":8066,"date":"2024-04-10T14:27:52","date_gmt":"2024-04-10T12:27:52","guid":{"rendered":"http:\/\/www.szabadszinhaz.hu\/?post_type=tribe_events&#038;p=8066"},"modified":"2024-04-10T14:27:52","modified_gmt":"2024-04-10T12:27:52","slug":"gyerunk-a-moziba-be-cimmel-acs-tamas-filmes-kvize-lathato-a-igezoben-2024-majus-17-en-1900-kor","status":"publish","type":"tribe_events","link":"https:\/\/www.szabadszinhaz.hu\/en\/esemenyek\/gyerunk-a-moziba-be-cimmel-acs-tamas-filmes-kvize-lathato-a-igezoben-2024-majus-17-en-1900-kor\/","title":{"rendered":"&#8222;Gyer\u00fcnk a moziba be!&#8221; c\u00edmmel \u00c1cs Tam\u00e1s filmes kv\u00edze l\u00e1that\u00f3 a Ig\u00e9z\u0151ben 2024. m\u00e1jus 17-\u00e9n 19:00-kor"},"content":{"rendered":"<p><span class=\"x193iq5w xeuugli x13faqbe x1vvkbs x1xmvt09 x1lliihq x1s928wv xhkezso x1gmr53x x1cpjm7i x1fgarty x1943h6x xudqn12 x3x7a5m x6prxxf xvq8zen xo1l8bm xzsf02u\" dir=\"auto\">&#8222;Gyer\u00fcnk a moziba be!&#8221; c\u00edmmel \u00c1cs Tam\u00e1s filmes kv\u00edze l\u00e1that\u00f3 a Ig\u00e9z\u0151ben 2024. m\u00e1jus 17-\u00e9n 19:00-kor. Az esten t\u00f6bbek k\u00f6z\u00f6tt olyan filmekb\u0151l hangzanak el r\u00e9szletek, mint a Keresztapa, a Ponyvareg\u00e9ny, a Star Wars, a C\u00e1pa, a Gy\u0171r\u0171k ura, a Jurassic Park, a Bl\u00f6ff \u00e9s a M\u00e1trix. A n\u00e9z\u0151k nem csak hallgatj\u00e1k a monol\u00f3gokat, hanem k\u00f6zben kv\u00edzt t\u00f6ltenek ki az adott r\u00e9szletekhez kapcsol\u00f3d\u00f3an. Aki a legt\u00f6bb pontot gy\u0171jti, megkapja az este Oscar d\u00edj\u00e1t, \u00edgy teh\u00e1t nem \u00e1rt k\u00f6sz\u00f6n\u0151besz\u00e9ddel k\u00e9sz\u00fclni&#8230;<br \/>\nAz el\u0151ad\u00e1s hossza: 60 perc<br \/>\nSzerkesztette \u00e9s el\u0151adja: \u00c1cs Tam\u00e1s<br \/>\nInform\u00e1ci\u00f3 az el\u0151ad\u00f3r\u00f3l: <a class=\"x1i10hfl xjbqb8w x1ejq31n xd10rxx x1sy0etr x17r0tee x972fbf xcfux6l x1qhh985 xm0m39n x9f619 x1ypdohk xt0psk2 xe8uvvx xdj266r x11i5rnm xat24cr x1mh8g0r xexx8yu x4uap5 x18d9i69 xkhd6sd x16tdsg8 x1hl2dhg xggy1nq x1a2a7pz xt0b8zv x1fey0fg\" tabindex=\"0\" role=\"link\" href=\"http:\/\/www.monodrama.hu\/?fbclid=IwAR264wUNXiWFtZTxKHFS6XfYrVUrqK5ZPcisQbL8zdsvTh4DC6rFzotSFSM_aem_AUfAAv-9OSpVZz56cJ4B0qpANXktzRV0qAprvHq08_pLd-tcIpk-O3NjMa3uiI3nEBSpWHMg2JUPlbSo1RnN1NQb\" target=\"_blank\" rel=\"nofollow noopener noreferrer\">www.monodrama.hu<\/a><br \/>\nJegy\u00e1r: 2500 forint <\/span><\/p>","protected":false},"excerpt":{"rendered":"<p>&#8222;Gyer\u00fcnk a moziba be!&#8221; c\u00edmmel \u00c1cs Tam\u00e1s filmes kv\u00edze l\u00e1that\u00f3 a Ig\u00e9z\u0151ben 2024. m\u00e1jus 17-\u00e9n 19:00-kor. Az esten t\u00f6bbek k\u00f6z\u00f6tt olyan filmekb\u0151l hangzanak el r\u00e9szletek, mint a Keresztapa, a Ponyvareg\u00e9ny, [&hellip;]<\/p>\n","protected":false},"author":4,"featured_media":8067,"template":"","meta":{"_et_pb_use_builder":"","_et_pb_old_content":"","_et_gb_content_width":"","_price":"","_stock":"","_tribe_ticket_header":"","_tribe_default_ticket_provider":"","_ticket_start_date":"","_ticket_end_date":"","_tribe_ticket_show_description":"","_tribe_ticket_show_not_going":false,"_tribe_ticket_use_global_stock":"","_tribe_ticket_global_stock_level":"","_global_stock_mode":"","_global_stock_cap":"","_tribe_rsvp_for_event":"","_tribe_ticket_going_count":"","_tribe_ticket_not_going_count":"","_tribe_tickets_list":"[]","_tribe_ticket_has_attendee_info_fields":false,"_tribe_events_status":"","_tribe_events_status_reason":"","footnotes":"","_tec_slr_enabled":"","_tec_slr_layout":""},"tags":[],"tribe_events_cat":[],"class_list":["post-8066","tribe_events","type-tribe_events","status-publish","has-post-thumbnail","hentry"],"yoast_head":"<!-- This site is optimized with the Yoast SEO plugin v25.0 - https:\/\/yoast.com\/wordpress\/plugins\/seo\/ -->\n<title>&quot;Gyer\u00fcnk a moziba be!&quot; c\u00edmmel \u00c1cs Tam\u00e1s filmes kv\u00edze l\u00e1that\u00f3 a Ig\u00e9z\u0151ben 2024. m\u00e1jus 17-\u00e9n 19:00-kor - Szabad Sz\u00ednh\u00e1z<\/title>\n<meta name=\"robots\" content=\"index, follow, max-snippet:-1, max-image-preview:large, max-video-preview:-1\" \/>\n<link rel=\"canonical\" href=\"https:\/\/www.szabadszinhaz.hu\/en\/esemenyek\/gyerunk-a-moziba-be-cimmel-acs-tamas-filmes-kvize-lathato-a-igezoben-2024-majus-17-en-1900-kor\/\" \/>\n<meta property=\"og:locale\" content=\"en_US\" \/>\n<meta property=\"og:type\" content=\"article\" \/>\n<meta property=\"og:title\" content=\"&quot;Gyer\u00fcnk a moziba be!&quot; c\u00edmmel \u00c1cs Tam\u00e1s filmes kv\u00edze l\u00e1that\u00f3 a Ig\u00e9z\u0151ben 2024. m\u00e1jus 17-\u00e9n 19:00-kor - Szabad Sz\u00ednh\u00e1z\" \/>\n<meta property=\"og:description\" content=\"&#8222;Gyer\u00fcnk a moziba be!&#8221; c\u00edmmel \u00c1cs Tam\u00e1s filmes kv\u00edze l\u00e1that\u00f3 a Ig\u00e9z\u0151ben 2024. m\u00e1jus 17-\u00e9n 19:00-kor. Az esten t\u00f6bbek k\u00f6z\u00f6tt olyan filmekb\u0151l hangzanak el r\u00e9szletek, mint a Keresztapa, a Ponyvareg\u00e9ny, [&hellip;]\" \/>\n<meta property=\"og:url\" content=\"https:\/\/www.szabadszinhaz.hu\/en\/esemenyek\/gyerunk-a-moziba-be-cimmel-acs-tamas-filmes-kvize-lathato-a-igezoben-2024-majus-17-en-1900-kor\/\" \/>\n<meta property=\"og:site_name\" content=\"Szabad Sz\u00ednh\u00e1z\" \/>\n<meta property=\"article:publisher\" content=\"https:\/\/www.facebook.com\/szabadszinhaz\" \/>\n<meta property=\"og:image\" content=\"https:\/\/www.szabadszinhaz.hu\/wp-content\/uploads\/2024\/04\/acs.jpg\" \/>\n\t<meta property=\"og:image:width\" content=\"1440\" \/>\n\t<meta property=\"og:image:height\" content=\"960\" \/>\n\t<meta property=\"og:image:type\" content=\"image\/jpeg\" \/>\n<meta name=\"twitter:card\" content=\"summary_large_image\" \/>\n<meta name=\"twitter:label1\" content=\"Est. reading time\" \/>\n\t<meta name=\"twitter:data1\" content=\"1 minute\" \/>\n<script type=\"application\/ld+json\" class=\"yoast-schema-graph\">{\"@context\":\"https:\/\/schema.org\",\"@graph\":[{\"@type\":\"WebPage\",\"@id\":\"https:\/\/www.szabadszinhaz.hu\/esemenyek\/gyerunk-a-moziba-be-cimmel-acs-tamas-filmes-kvize-lathato-a-igezoben-2024-majus-17-en-1900-kor\/\",\"url\":\"https:\/\/www.szabadszinhaz.hu\/esemenyek\/gyerunk-a-moziba-be-cimmel-acs-tamas-filmes-kvize-lathato-a-igezoben-2024-majus-17-en-1900-kor\/\",\"name\":\"\\\"Gyer\u00fcnk a moziba be!\\\" c\u00edmmel \u00c1cs Tam\u00e1s filmes kv\u00edze l\u00e1that\u00f3 a Ig\u00e9z\u0151ben 2024. m\u00e1jus 17-\u00e9n 19:00-kor - Szabad Sz\u00ednh\u00e1z\",\"isPartOf\":{\"@id\":\"https:\/\/www.szabadszinhaz.hu\/#website\"},\"primaryImageOfPage\":{\"@id\":\"https:\/\/www.szabadszinhaz.hu\/esemenyek\/gyerunk-a-moziba-be-cimmel-acs-tamas-filmes-kvize-lathato-a-igezoben-2024-majus-17-en-1900-kor\/#primaryimage\"},\"image\":{\"@id\":\"https:\/\/www.szabadszinhaz.hu\/esemenyek\/gyerunk-a-moziba-be-cimmel-acs-tamas-filmes-kvize-lathato-a-igezoben-2024-majus-17-en-1900-kor\/#primaryimage\"},\"thumbnailUrl\":\"https:\/\/www.szabadszinhaz.hu\/wp-content\/uploads\/2024\/04\/acs.jpg\",\"datePublished\":\"2024-04-10T12:27:52+00:00\",\"breadcrumb\":{\"@id\":\"https:\/\/www.szabadszinhaz.hu\/esemenyek\/gyerunk-a-moziba-be-cimmel-acs-tamas-filmes-kvize-lathato-a-igezoben-2024-majus-17-en-1900-kor\/#breadcrumb\"},\"inLanguage\":\"en-US\",\"potentialAction\":[{\"@type\":\"ReadAction\",\"target\":[\"https:\/\/www.szabadszinhaz.hu\/esemenyek\/gyerunk-a-moziba-be-cimmel-acs-tamas-filmes-kvize-lathato-a-igezoben-2024-majus-17-en-1900-kor\/\"]}]},{\"@type\":\"ImageObject\",\"inLanguage\":\"en-US\",\"@id\":\"https:\/\/www.szabadszinhaz.hu\/esemenyek\/gyerunk-a-moziba-be-cimmel-acs-tamas-filmes-kvize-lathato-a-igezoben-2024-majus-17-en-1900-kor\/#primaryimage\",\"url\":\"https:\/\/www.szabadszinhaz.hu\/wp-content\/uploads\/2024\/04\/acs.jpg\",\"contentUrl\":\"https:\/\/www.szabadszinhaz.hu\/wp-content\/uploads\/2024\/04\/acs.jpg\",\"width\":1440,\"height\":960},{\"@type\":\"BreadcrumbList\",\"@id\":\"https:\/\/www.szabadszinhaz.hu\/esemenyek\/gyerunk-a-moziba-be-cimmel-acs-tamas-filmes-kvize-lathato-a-igezoben-2024-majus-17-en-1900-kor\/#breadcrumb\",\"itemListElement\":[{\"@type\":\"ListItem\",\"position\":1,\"name\":\"Kezd\u0151lap\",\"item\":\"https:\/\/www.szabadszinhaz.hu\/\"},{\"@type\":\"ListItem\",\"position\":2,\"name\":\"Events\",\"item\":\"https:\/\/www.szabadszinhaz.hu\/en\/esemenyek\/\"},{\"@type\":\"ListItem\",\"position\":3,\"name\":\"&#8222;Gyer\u00fcnk a moziba be!&#8221; c\u00edmmel \u00c1cs Tam\u00e1s filmes kv\u00edze l\u00e1that\u00f3 a Ig\u00e9z\u0151ben 2024. m\u00e1jus 17-\u00e9n 19:00-kor\"}]},{\"@type\":\"WebSite\",\"@id\":\"https:\/\/www.szabadszinhaz.hu\/#website\",\"url\":\"https:\/\/www.szabadszinhaz.hu\/\",\"name\":\"Szabad Sz\u00ednh\u00e1z\",\"description\":\"Szabad Sz\u00ednh\u00e1z\",\"publisher\":{\"@id\":\"https:\/\/www.szabadszinhaz.hu\/#organization\"},\"potentialAction\":[{\"@type\":\"SearchAction\",\"target\":{\"@type\":\"EntryPoint\",\"urlTemplate\":\"https:\/\/www.szabadszinhaz.hu\/?s={search_term_string}\"},\"query-input\":{\"@type\":\"PropertyValueSpecification\",\"valueRequired\":true,\"valueName\":\"search_term_string\"}}],\"inLanguage\":\"en-US\"},{\"@type\":\"Organization\",\"@id\":\"https:\/\/www.szabadszinhaz.hu\/#organization\",\"name\":\"Szabad Sz\u00ednh\u00e1z SZ\u00cdN-T\u00c9R Egyes\u00fclet\",\"url\":\"https:\/\/www.szabadszinhaz.hu\/\",\"logo\":{\"@type\":\"ImageObject\",\"inLanguage\":\"en-US\",\"@id\":\"https:\/\/www.szabadszinhaz.hu\/#\/schema\/logo\/image\/\",\"url\":\"https:\/\/www.szabadszinhaz.hu\/wp-content\/uploads\/2025\/01\/images.jpg\",\"contentUrl\":\"https:\/\/www.szabadszinhaz.hu\/wp-content\/uploads\/2025\/01\/images.jpg\",\"width\":178,\"height\":284,\"caption\":\"Szabad Sz\u00ednh\u00e1z SZ\u00cdN-T\u00c9R Egyes\u00fclet\"},\"image\":{\"@id\":\"https:\/\/www.szabadszinhaz.hu\/#\/schema\/logo\/image\/\"},\"sameAs\":[\"https:\/\/www.facebook.com\/szabadszinhaz\"]}]}<\/script>\n<!-- \/ Yoast SEO plugin. -->","yoast_head_json":{"title":"\"Gyer\u00fcnk a moziba be!\" c\u00edmmel \u00c1cs Tam\u00e1s filmes kv\u00edze l\u00e1that\u00f3 a Ig\u00e9z\u0151ben 2024. m\u00e1jus 17-\u00e9n 19:00-kor - Szabad Sz\u00ednh\u00e1z","robots":{"index":"index","follow":"follow","max-snippet":"max-snippet:-1","max-image-preview":"max-image-preview:large","max-video-preview":"max-video-preview:-1"},"canonical":"https:\/\/www.szabadszinhaz.hu\/en\/esemenyek\/gyerunk-a-moziba-be-cimmel-acs-tamas-filmes-kvize-lathato-a-igezoben-2024-majus-17-en-1900-kor\/","og_locale":"en_US","og_type":"article","og_title":"\"Gyer\u00fcnk a moziba be!\" c\u00edmmel \u00c1cs Tam\u00e1s filmes kv\u00edze l\u00e1that\u00f3 a Ig\u00e9z\u0151ben 2024. m\u00e1jus 17-\u00e9n 19:00-kor - Szabad Sz\u00ednh\u00e1z","og_description":"&#8222;Gyer\u00fcnk a moziba be!&#8221; c\u00edmmel \u00c1cs Tam\u00e1s filmes kv\u00edze l\u00e1that\u00f3 a Ig\u00e9z\u0151ben 2024. m\u00e1jus 17-\u00e9n 19:00-kor. Az esten t\u00f6bbek k\u00f6z\u00f6tt olyan filmekb\u0151l hangzanak el r\u00e9szletek, mint a Keresztapa, a Ponyvareg\u00e9ny, [&hellip;]","og_url":"https:\/\/www.szabadszinhaz.hu\/en\/esemenyek\/gyerunk-a-moziba-be-cimmel-acs-tamas-filmes-kvize-lathato-a-igezoben-2024-majus-17-en-1900-kor\/","og_site_name":"Szabad Sz\u00ednh\u00e1z","article_publisher":"https:\/\/www.facebook.com\/szabadszinhaz","og_image":[{"width":1440,"height":960,"url":"https:\/\/www.szabadszinhaz.hu\/wp-content\/uploads\/2024\/04\/acs.jpg","type":"image\/jpeg"}],"twitter_card":"summary_large_image","twitter_misc":{"Est. reading time":"1 minute"},"schema":{"@context":"https:\/\/schema.org","@graph":[{"@type":"WebPage","@id":"https:\/\/www.szabadszinhaz.hu\/esemenyek\/gyerunk-a-moziba-be-cimmel-acs-tamas-filmes-kvize-lathato-a-igezoben-2024-majus-17-en-1900-kor\/","url":"https:\/\/www.szabadszinhaz.hu\/esemenyek\/gyerunk-a-moziba-be-cimmel-acs-tamas-filmes-kvize-lathato-a-igezoben-2024-majus-17-en-1900-kor\/","name":"\"Gyer\u00fcnk a moziba be!\" c\u00edmmel \u00c1cs Tam\u00e1s filmes kv\u00edze l\u00e1that\u00f3 a Ig\u00e9z\u0151ben 2024. m\u00e1jus 17-\u00e9n 19:00-kor - Szabad Sz\u00ednh\u00e1z","isPartOf":{"@id":"https:\/\/www.szabadszinhaz.hu\/#website"},"primaryImageOfPage":{"@id":"https:\/\/www.szabadszinhaz.hu\/esemenyek\/gyerunk-a-moziba-be-cimmel-acs-tamas-filmes-kvize-lathato-a-igezoben-2024-majus-17-en-1900-kor\/#primaryimage"},"image":{"@id":"https:\/\/www.szabadszinhaz.hu\/esemenyek\/gyerunk-a-moziba-be-cimmel-acs-tamas-filmes-kvize-lathato-a-igezoben-2024-majus-17-en-1900-kor\/#primaryimage"},"thumbnailUrl":"https:\/\/www.szabadszinhaz.hu\/wp-content\/uploads\/2024\/04\/acs.jpg","datePublished":"2024-04-10T12:27:52+00:00","breadcrumb":{"@id":"https:\/\/www.szabadszinhaz.hu\/esemenyek\/gyerunk-a-moziba-be-cimmel-acs-tamas-filmes-kvize-lathato-a-igezoben-2024-majus-17-en-1900-kor\/#breadcrumb"},"inLanguage":"en-US","potentialAction":[{"@type":"ReadAction","target":["https:\/\/www.szabadszinhaz.hu\/esemenyek\/gyerunk-a-moziba-be-cimmel-acs-tamas-filmes-kvize-lathato-a-igezoben-2024-majus-17-en-1900-kor\/"]}]},{"@type":"ImageObject","inLanguage":"en-US","@id":"https:\/\/www.szabadszinhaz.hu\/esemenyek\/gyerunk-a-moziba-be-cimmel-acs-tamas-filmes-kvize-lathato-a-igezoben-2024-majus-17-en-1900-kor\/#primaryimage","url":"https:\/\/www.szabadszinhaz.hu\/wp-content\/uploads\/2024\/04\/acs.jpg","contentUrl":"https:\/\/www.szabadszinhaz.hu\/wp-content\/uploads\/2024\/04\/acs.jpg","width":1440,"height":960},{"@type":"BreadcrumbList","@id":"https:\/\/www.szabadszinhaz.hu\/esemenyek\/gyerunk-a-moziba-be-cimmel-acs-tamas-filmes-kvize-lathato-a-igezoben-2024-majus-17-en-1900-kor\/#breadcrumb","itemListElement":[{"@type":"ListItem","position":1,"name":"Kezd\u0151lap","item":"https:\/\/www.szabadszinhaz.hu\/"},{"@type":"ListItem","position":2,"name":"Events","item":"https:\/\/www.szabadszinhaz.hu\/en\/esemenyek\/"},{"@type":"ListItem","position":3,"name":"&#8222;Gyer\u00fcnk a moziba be!&#8221; c\u00edmmel \u00c1cs Tam\u00e1s filmes kv\u00edze l\u00e1that\u00f3 a Ig\u00e9z\u0151ben 2024. m\u00e1jus 17-\u00e9n 19:00-kor"}]},{"@type":"WebSite","@id":"https:\/\/www.szabadszinhaz.hu\/#website","url":"https:\/\/www.szabadszinhaz.hu\/","name":"Free Theatre - Szabad Sz\u00ednh\u00e1z","description":"Free Theatre - Szabad Sz\u00ednh\u00e1z","publisher":{"@id":"https:\/\/www.szabadszinhaz.hu\/#organization"},"potentialAction":[{"@type":"SearchAction","target":{"@type":"EntryPoint","urlTemplate":"https:\/\/www.szabadszinhaz.hu\/?s={search_term_string}"},"query-input":{"@type":"PropertyValueSpecification","valueRequired":true,"valueName":"search_term_string"}}],"inLanguage":"en-US"},{"@type":"Organization","@id":"https:\/\/www.szabadszinhaz.hu\/#organization","name":"Szabad Sz\u00ednh\u00e1z SZ\u00cdN-T\u00c9R Egyes\u00fclet","url":"https:\/\/www.szabadszinhaz.hu\/","logo":{"@type":"ImageObject","inLanguage":"en-US","@id":"https:\/\/www.szabadszinhaz.hu\/#\/schema\/logo\/image\/","url":"https:\/\/www.szabadszinhaz.hu\/wp-content\/uploads\/2025\/01\/images.jpg","contentUrl":"https:\/\/www.szabadszinhaz.hu\/wp-content\/uploads\/2025\/01\/images.jpg","width":178,"height":284,"caption":"Szabad Sz\u00ednh\u00e1z SZ\u00cdN-T\u00c9R Egyes\u00fclet"},"image":{"@id":"https:\/\/www.szabadszinhaz.hu\/#\/schema\/logo\/image\/"},"sameAs":["https:\/\/www.facebook.com\/szabadszinhaz"]}]}},"ticketed":false,"_links":{"self":[{"href":"https:\/\/www.szabadszinhaz.hu\/en\/wp-json\/wp\/v2\/tribe_events\/8066","targetHints":{"allow":["GET"]}}],"collection":[{"href":"https:\/\/www.szabadszinhaz.hu\/en\/wp-json\/wp\/v2\/tribe_events"}],"about":[{"href":"https:\/\/www.szabadszinhaz.hu\/en\/wp-json\/wp\/v2\/types\/tribe_events"}],"author":[{"embeddable":true,"href":"https:\/\/www.szabadszinhaz.hu\/en\/wp-json\/wp\/v2\/users\/4"}],"version-history":[{"count":1,"href":"https:\/\/www.szabadszinhaz.hu\/en\/wp-json\/wp\/v2\/tribe_events\/8066\/revisions"}],"predecessor-version":[{"id":8068,"href":"https:\/\/www.szabadszinhaz.hu\/en\/wp-json\/wp\/v2\/tribe_events\/8066\/revisions\/8068"}],"wp:featuredmedia":[{"embeddable":true,"href":"https:\/\/www.szabadszinhaz.hu\/en\/wp-json\/wp\/v2\/media\/8067"}],"wp:attachment":[{"href":"https:\/\/www.szabadszinhaz.hu\/en\/wp-json\/wp\/v2\/media?parent=8066"}],"wp:term":[{"taxonomy":"post_tag","embeddable":true,"href":"https:\/\/www.szabadszinhaz.hu\/en\/wp-json\/wp\/v2\/tags?post=8066"},{"taxonomy":"tribe_events_cat","embeddable":true,"href":"https:\/\/www.szabadszinhaz.hu\/en\/wp-json\/wp\/v2\/tribe_events_cat?post=8066"}],"curies":[{"name":"wp","href":"https:\/\/api.w.org\/{rel}","templated":true}]}}