{"id":8060,"date":"2024-04-10T14:16:40","date_gmt":"2024-04-10T12:16:40","guid":{"rendered":"http:\/\/www.szabadszinhaz.hu\/?post_type=tribe_events&#038;p=8060"},"modified":"2024-04-10T14:16:40","modified_gmt":"2024-04-10T12:16:40","slug":"kormos-kata-a-meseerdo-babszinhaz-eloadasa","status":"publish","type":"tribe_events","link":"https:\/\/www.szabadszinhaz.hu\/en\/esemenyek\/kormos-kata-a-meseerdo-babszinhaz-eloadasa\/","title":{"rendered":"Kormos Kata &#8211; a Meseerd\u0151 B\u00e1bsz\u00ednh\u00e1z el\u0151ad\u00e1sa"},"content":{"rendered":"<p><span class=\"x193iq5w xeuugli x13faqbe x1vvkbs x1xmvt09 x1lliihq x1s928wv xhkezso x1gmr53x x1cpjm7i x1fgarty x1943h6x xudqn12 x3x7a5m x6prxxf xvq8zen xo1l8bm xzsf02u\" dir=\"auto\">Kormos Kata az otthoni takar\u00edt\u00e1s k\u00f6zepette igencsak koszos lett, haj\u00e1ra, ruh\u00e1j\u00e1ra koromman\u00f3k ker\u00fcltek. Egy kisfi\u00fa, Cselleng\u0151 cs\u00fafolni kezdi, nem akar j\u00e1tszani vele, mert olyan kis szutykos. Kat\u00e1nak ez nagyon rosszul esik, elszomorodik, s \u00fagy d\u00f6nt, hogy vil\u00e1gg\u00e1 megy. K\u00f6zben azonban elkezdi keresni igaz bar\u00e1tja, Dani\u2026 A kisl\u00e1ny az erd\u0151ben bar\u00e1tokra lel, megment egy kismadarat \u00e9s egy lepk\u00e9t, a s\u00fcnik befogadj\u00e1k a S\u00fcn\u00adtany\u00e1n. S\u0151t, nem csup\u00e1n sz\u00e1ll\u00e1st adnak neki, hanem m\u00e9g arra is r\u00e1veszik, hogy mosakodjon meg, \u00edgy Kormos Kata v\u00e9g\u00fcl korommentes, tiszta ruh\u00e1s kisl\u00e1nny\u00e1 v\u00e1lik, aki boldogan fogadja a h\u00e1l\u00e1s lepke \u00e9s mad\u00e1rka aj\u00e1nd\u00e9k\u00e1t, megbocs\u00e1t Cselleng\u0151nek, hazat\u00e9rve pedig r\u00e1tal\u00e1l az \u0151t keres\u0151 Danira.<br \/>\n2024. \u00e1prilis 14-\u00e9n, vas\u00e1rnap 11:00-kor az Ig\u00e9z\u0151ben.<br \/>\nBel\u00e9p\u0151: 2000 Ft.<\/span><\/p>","protected":false},"excerpt":{"rendered":"<p>Kormos Kata az otthoni takar\u00edt\u00e1s k\u00f6zepette igencsak koszos lett, haj\u00e1ra, ruh\u00e1j\u00e1ra koromman\u00f3k ker\u00fcltek. Egy kisfi\u00fa, Cselleng\u0151 cs\u00fafolni kezdi, nem akar j\u00e1tszani vele, mert olyan kis szutykos. Kat\u00e1nak ez nagyon rosszul [&hellip;]<\/p>\n","protected":false},"author":4,"featured_media":0,"template":"","meta":{"_et_pb_use_builder":"","_et_pb_old_content":"","_et_gb_content_width":"","_price":"","_stock":"","_tribe_ticket_header":"","_tribe_default_ticket_provider":"","_ticket_start_date":"","_ticket_end_date":"","_tribe_ticket_show_description":"","_tribe_ticket_show_not_going":false,"_tribe_ticket_use_global_stock":"","_tribe_ticket_global_stock_level":"","_global_stock_mode":"","_global_stock_cap":"","_tribe_rsvp_for_event":"","_tribe_ticket_going_count":"","_tribe_ticket_not_going_count":"","_tribe_tickets_list":"[]","_tribe_ticket_has_attendee_info_fields":false,"_tribe_events_status":"","_tribe_events_status_reason":"","footnotes":"","_tec_slr_enabled":"","_tec_slr_layout":""},"tags":[],"tribe_events_cat":[],"class_list":["post-8060","tribe_events","type-tribe_events","status-publish","hentry"],"yoast_head":"<!-- This site is optimized with the Yoast SEO plugin v25.0 - https:\/\/yoast.com\/wordpress\/plugins\/seo\/ -->\n<title>Kormos Kata - a Meseerd\u0151 B\u00e1bsz\u00ednh\u00e1z el\u0151ad\u00e1sa - Szabad Sz\u00ednh\u00e1z<\/title>\n<meta name=\"robots\" content=\"index, follow, max-snippet:-1, max-image-preview:large, max-video-preview:-1\" \/>\n<link rel=\"canonical\" href=\"https:\/\/www.szabadszinhaz.hu\/en\/esemenyek\/kormos-kata-a-meseerdo-babszinhaz-eloadasa\/\" \/>\n<meta property=\"og:locale\" content=\"en_US\" \/>\n<meta property=\"og:type\" content=\"article\" \/>\n<meta property=\"og:title\" content=\"Kormos Kata - a Meseerd\u0151 B\u00e1bsz\u00ednh\u00e1z el\u0151ad\u00e1sa - Szabad Sz\u00ednh\u00e1z\" \/>\n<meta property=\"og:description\" content=\"Kormos Kata az otthoni takar\u00edt\u00e1s k\u00f6zepette igencsak koszos lett, haj\u00e1ra, ruh\u00e1j\u00e1ra koromman\u00f3k ker\u00fcltek. Egy kisfi\u00fa, Cselleng\u0151 cs\u00fafolni kezdi, nem akar j\u00e1tszani vele, mert olyan kis szutykos. Kat\u00e1nak ez nagyon rosszul [&hellip;]\" \/>\n<meta property=\"og:url\" content=\"https:\/\/www.szabadszinhaz.hu\/en\/esemenyek\/kormos-kata-a-meseerdo-babszinhaz-eloadasa\/\" \/>\n<meta property=\"og:site_name\" content=\"Szabad Sz\u00ednh\u00e1z\" \/>\n<meta property=\"article:publisher\" content=\"https:\/\/www.facebook.com\/szabadszinhaz\" \/>\n<meta name=\"twitter:card\" content=\"summary_large_image\" \/>\n<meta name=\"twitter:label1\" content=\"Est. reading time\" \/>\n\t<meta name=\"twitter:data1\" content=\"1 minute\" \/>\n<script type=\"application\/ld+json\" class=\"yoast-schema-graph\">{\"@context\":\"https:\/\/schema.org\",\"@graph\":[{\"@type\":\"WebPage\",\"@id\":\"https:\/\/www.szabadszinhaz.hu\/esemenyek\/kormos-kata-a-meseerdo-babszinhaz-eloadasa\/\",\"url\":\"https:\/\/www.szabadszinhaz.hu\/esemenyek\/kormos-kata-a-meseerdo-babszinhaz-eloadasa\/\",\"name\":\"Kormos Kata - a Meseerd\u0151 B\u00e1bsz\u00ednh\u00e1z el\u0151ad\u00e1sa - Szabad Sz\u00ednh\u00e1z\",\"isPartOf\":{\"@id\":\"https:\/\/www.szabadszinhaz.hu\/#website\"},\"datePublished\":\"2024-04-10T12:16:40+00:00\",\"breadcrumb\":{\"@id\":\"https:\/\/www.szabadszinhaz.hu\/esemenyek\/kormos-kata-a-meseerdo-babszinhaz-eloadasa\/#breadcrumb\"},\"inLanguage\":\"en-US\",\"potentialAction\":[{\"@type\":\"ReadAction\",\"target\":[\"https:\/\/www.szabadszinhaz.hu\/esemenyek\/kormos-kata-a-meseerdo-babszinhaz-eloadasa\/\"]}]},{\"@type\":\"BreadcrumbList\",\"@id\":\"https:\/\/www.szabadszinhaz.hu\/esemenyek\/kormos-kata-a-meseerdo-babszinhaz-eloadasa\/#breadcrumb\",\"itemListElement\":[{\"@type\":\"ListItem\",\"position\":1,\"name\":\"Kezd\u0151lap\",\"item\":\"https:\/\/www.szabadszinhaz.hu\/\"},{\"@type\":\"ListItem\",\"position\":2,\"name\":\"Events\",\"item\":\"https:\/\/www.szabadszinhaz.hu\/en\/esemenyek\/\"},{\"@type\":\"ListItem\",\"position\":3,\"name\":\"Kormos Kata &#8211; a Meseerd\u0151 B\u00e1bsz\u00ednh\u00e1z el\u0151ad\u00e1sa\"}]},{\"@type\":\"WebSite\",\"@id\":\"https:\/\/www.szabadszinhaz.hu\/#website\",\"url\":\"https:\/\/www.szabadszinhaz.hu\/\",\"name\":\"Szabad Sz\u00ednh\u00e1z\",\"description\":\"Szabad Sz\u00ednh\u00e1z\",\"publisher\":{\"@id\":\"https:\/\/www.szabadszinhaz.hu\/#organization\"},\"potentialAction\":[{\"@type\":\"SearchAction\",\"target\":{\"@type\":\"EntryPoint\",\"urlTemplate\":\"https:\/\/www.szabadszinhaz.hu\/?s={search_term_string}\"},\"query-input\":{\"@type\":\"PropertyValueSpecification\",\"valueRequired\":true,\"valueName\":\"search_term_string\"}}],\"inLanguage\":\"en-US\"},{\"@type\":\"Organization\",\"@id\":\"https:\/\/www.szabadszinhaz.hu\/#organization\",\"name\":\"Szabad Sz\u00ednh\u00e1z SZ\u00cdN-T\u00c9R Egyes\u00fclet\",\"url\":\"https:\/\/www.szabadszinhaz.hu\/\",\"logo\":{\"@type\":\"ImageObject\",\"inLanguage\":\"en-US\",\"@id\":\"https:\/\/www.szabadszinhaz.hu\/#\/schema\/logo\/image\/\",\"url\":\"https:\/\/www.szabadszinhaz.hu\/wp-content\/uploads\/2025\/01\/images.jpg\",\"contentUrl\":\"https:\/\/www.szabadszinhaz.hu\/wp-content\/uploads\/2025\/01\/images.jpg\",\"width\":178,\"height\":284,\"caption\":\"Szabad Sz\u00ednh\u00e1z SZ\u00cdN-T\u00c9R Egyes\u00fclet\"},\"image\":{\"@id\":\"https:\/\/www.szabadszinhaz.hu\/#\/schema\/logo\/image\/\"},\"sameAs\":[\"https:\/\/www.facebook.com\/szabadszinhaz\"]}]}<\/script>\n<!-- \/ Yoast SEO plugin. -->","yoast_head_json":{"title":"Kormos Kata - a Meseerd\u0151 B\u00e1bsz\u00ednh\u00e1z el\u0151ad\u00e1sa - Szabad Sz\u00ednh\u00e1z","robots":{"index":"index","follow":"follow","max-snippet":"max-snippet:-1","max-image-preview":"max-image-preview:large","max-video-preview":"max-video-preview:-1"},"canonical":"https:\/\/www.szabadszinhaz.hu\/en\/esemenyek\/kormos-kata-a-meseerdo-babszinhaz-eloadasa\/","og_locale":"en_US","og_type":"article","og_title":"Kormos Kata - a Meseerd\u0151 B\u00e1bsz\u00ednh\u00e1z el\u0151ad\u00e1sa - Szabad Sz\u00ednh\u00e1z","og_description":"Kormos Kata az otthoni takar\u00edt\u00e1s k\u00f6zepette igencsak koszos lett, haj\u00e1ra, ruh\u00e1j\u00e1ra koromman\u00f3k ker\u00fcltek. Egy kisfi\u00fa, Cselleng\u0151 cs\u00fafolni kezdi, nem akar j\u00e1tszani vele, mert olyan kis szutykos. Kat\u00e1nak ez nagyon rosszul [&hellip;]","og_url":"https:\/\/www.szabadszinhaz.hu\/en\/esemenyek\/kormos-kata-a-meseerdo-babszinhaz-eloadasa\/","og_site_name":"Szabad Sz\u00ednh\u00e1z","article_publisher":"https:\/\/www.facebook.com\/szabadszinhaz","twitter_card":"summary_large_image","twitter_misc":{"Est. reading time":"1 minute"},"schema":{"@context":"https:\/\/schema.org","@graph":[{"@type":"WebPage","@id":"https:\/\/www.szabadszinhaz.hu\/esemenyek\/kormos-kata-a-meseerdo-babszinhaz-eloadasa\/","url":"https:\/\/www.szabadszinhaz.hu\/esemenyek\/kormos-kata-a-meseerdo-babszinhaz-eloadasa\/","name":"Kormos Kata - a Meseerd\u0151 B\u00e1bsz\u00ednh\u00e1z el\u0151ad\u00e1sa - Szabad Sz\u00ednh\u00e1z","isPartOf":{"@id":"https:\/\/www.szabadszinhaz.hu\/#website"},"datePublished":"2024-04-10T12:16:40+00:00","breadcrumb":{"@id":"https:\/\/www.szabadszinhaz.hu\/esemenyek\/kormos-kata-a-meseerdo-babszinhaz-eloadasa\/#breadcrumb"},"inLanguage":"en-US","potentialAction":[{"@type":"ReadAction","target":["https:\/\/www.szabadszinhaz.hu\/esemenyek\/kormos-kata-a-meseerdo-babszinhaz-eloadasa\/"]}]},{"@type":"BreadcrumbList","@id":"https:\/\/www.szabadszinhaz.hu\/esemenyek\/kormos-kata-a-meseerdo-babszinhaz-eloadasa\/#breadcrumb","itemListElement":[{"@type":"ListItem","position":1,"name":"Kezd\u0151lap","item":"https:\/\/www.szabadszinhaz.hu\/"},{"@type":"ListItem","position":2,"name":"Events","item":"https:\/\/www.szabadszinhaz.hu\/en\/esemenyek\/"},{"@type":"ListItem","position":3,"name":"Kormos Kata &#8211; a Meseerd\u0151 B\u00e1bsz\u00ednh\u00e1z el\u0151ad\u00e1sa"}]},{"@type":"WebSite","@id":"https:\/\/www.szabadszinhaz.hu\/#website","url":"https:\/\/www.szabadszinhaz.hu\/","name":"Free Theatre - Szabad Sz\u00ednh\u00e1z","description":"Free Theatre - Szabad Sz\u00ednh\u00e1z","publisher":{"@id":"https:\/\/www.szabadszinhaz.hu\/#organization"},"potentialAction":[{"@type":"SearchAction","target":{"@type":"EntryPoint","urlTemplate":"https:\/\/www.szabadszinhaz.hu\/?s={search_term_string}"},"query-input":{"@type":"PropertyValueSpecification","valueRequired":true,"valueName":"search_term_string"}}],"inLanguage":"en-US"},{"@type":"Organization","@id":"https:\/\/www.szabadszinhaz.hu\/#organization","name":"Szabad Sz\u00ednh\u00e1z SZ\u00cdN-T\u00c9R Egyes\u00fclet","url":"https:\/\/www.szabadszinhaz.hu\/","logo":{"@type":"ImageObject","inLanguage":"en-US","@id":"https:\/\/www.szabadszinhaz.hu\/#\/schema\/logo\/image\/","url":"https:\/\/www.szabadszinhaz.hu\/wp-content\/uploads\/2025\/01\/images.jpg","contentUrl":"https:\/\/www.szabadszinhaz.hu\/wp-content\/uploads\/2025\/01\/images.jpg","width":178,"height":284,"caption":"Szabad Sz\u00ednh\u00e1z SZ\u00cdN-T\u00c9R Egyes\u00fclet"},"image":{"@id":"https:\/\/www.szabadszinhaz.hu\/#\/schema\/logo\/image\/"},"sameAs":["https:\/\/www.facebook.com\/szabadszinhaz"]}]}},"ticketed":false,"_links":{"self":[{"href":"https:\/\/www.szabadszinhaz.hu\/en\/wp-json\/wp\/v2\/tribe_events\/8060","targetHints":{"allow":["GET"]}}],"collection":[{"href":"https:\/\/www.szabadszinhaz.hu\/en\/wp-json\/wp\/v2\/tribe_events"}],"about":[{"href":"https:\/\/www.szabadszinhaz.hu\/en\/wp-json\/wp\/v2\/types\/tribe_events"}],"author":[{"embeddable":true,"href":"https:\/\/www.szabadszinhaz.hu\/en\/wp-json\/wp\/v2\/users\/4"}],"version-history":[{"count":1,"href":"https:\/\/www.szabadszinhaz.hu\/en\/wp-json\/wp\/v2\/tribe_events\/8060\/revisions"}],"predecessor-version":[{"id":8062,"href":"https:\/\/www.szabadszinhaz.hu\/en\/wp-json\/wp\/v2\/tribe_events\/8060\/revisions\/8062"}],"wp:attachment":[{"href":"https:\/\/www.szabadszinhaz.hu\/en\/wp-json\/wp\/v2\/media?parent=8060"}],"wp:term":[{"taxonomy":"post_tag","embeddable":true,"href":"https:\/\/www.szabadszinhaz.hu\/en\/wp-json\/wp\/v2\/tags?post=8060"},{"taxonomy":"tribe_events_cat","embeddable":true,"href":"https:\/\/www.szabadszinhaz.hu\/en\/wp-json\/wp\/v2\/tribe_events_cat?post=8060"}],"curies":[{"name":"wp","href":"https:\/\/api.w.org\/{rel}","templated":true}]}}