{"id":8008,"date":"2024-03-15T14:31:41","date_gmt":"2024-03-15T13:31:41","guid":{"rendered":"http:\/\/www.szabadszinhaz.hu\/?post_type=tribe_events&#038;p=8008"},"modified":"2024-03-15T14:31:41","modified_gmt":"2024-03-15T13:31:41","slug":"peter-es-a-farkas-zenes-babeloadas-prokofjev-szimfonikus-meseje-alapjan-akom-bakom-babcsoport","status":"publish","type":"tribe_events","link":"https:\/\/www.szabadszinhaz.hu\/en\/esemenyek\/peter-es-a-farkas-zenes-babeloadas-prokofjev-szimfonikus-meseje-alapjan-akom-bakom-babcsoport\/","title":{"rendered":"P\u00e9ter \u00e9s a farkas &#8211; Zen\u00e9s b\u00e1bel\u0151ad\u00e1s Prokofjev szimfonikus mes\u00e9je alapj\u00e1n &#8211; \u00c1kom B\u00e1kom b\u00e1bcsoport"},"content":{"rendered":"<div class=\"xdj266r x11i5rnm xat24cr x1mh8g0r x1vvkbs\">P\u00e9ter \u00e9s a farkas<br \/>\nZen\u00e9s b\u00e1bel\u0151ad\u00e1s Prokofjev szimfonikus mes\u00e9je alapj\u00e1n<\/div>\n<div class=\"x11i5rnm xat24cr x1mh8g0r x1vvkbs xtlvy1s\">P\u00e9ter egy sz\u00e9p napon kimegy s\u00e9t\u00e1lni a Nagypapa h\u00e1za melletti tiszt\u00e1sra. Bar\u00e1taival a kacs\u00e1val \u00e9s a rig\u00f3val j\u00e1tszik \u00e9s k\u00f6zben nem gondol a Nagypapa figyelmeztet\u00e9s\u00e9re. \u0150 nem f\u00e9l senkit\u0151l, m\u00e9g az erd\u0151t \u00e9s a tiszt\u00e1st j\u00e1r\u00f3 ordas farkast\u00f3l sem. Pedig a farkas val\u00f3ban a k\u00f6rny\u00e9ken j\u00e1r, akit a vad\u00e1szok is keresnek m\u00e1r. Mikor P\u00e9ter szemtan\u00faja lesz, ahogy a farkas elragadja kedves bar\u00e1tj\u00e1t a kacs\u00e1t elhat\u00e1rozza, hogy majd \u0151 megfogja az ordast\u2026siker\u00fcl-e neki?\u2026mi lesz a farkas sorsa?\u2026kider\u00fcl az el\u0151ad\u00e1sb\u00f3l.<\/div>\n<div class=\"x11i5rnm xat24cr x1mh8g0r x1vvkbs xtlvy1s\">Rendezte: Feh\u00e9r Richard<br \/>\nDramaturg: Papp Orsolya<br \/>\nDalok, zene: Szergej Prokofjev<br \/>\nD\u00edszlet, b\u00e1bok: T\u00f3th Zsuzsanna \u00e9s Kakuszi Zolt\u00e1n<\/div>","protected":false},"excerpt":{"rendered":"<p>P\u00e9ter \u00e9s a farkas Zen\u00e9s b\u00e1bel\u0151ad\u00e1s Prokofjev szimfonikus mes\u00e9je alapj\u00e1n P\u00e9ter egy sz\u00e9p napon kimegy s\u00e9t\u00e1lni a Nagypapa h\u00e1za melletti tiszt\u00e1sra. Bar\u00e1taival a kacs\u00e1val \u00e9s a rig\u00f3val j\u00e1tszik \u00e9s k\u00f6zben [&hellip;]<\/p>\n","protected":false},"author":4,"featured_media":0,"template":"","meta":{"_et_pb_use_builder":"","_et_pb_old_content":"","_et_gb_content_width":"","_price":"","_stock":"","_tribe_ticket_header":"","_tribe_default_ticket_provider":"","_ticket_start_date":"","_ticket_end_date":"","_tribe_ticket_show_description":"","_tribe_ticket_show_not_going":false,"_tribe_ticket_use_global_stock":"","_tribe_ticket_global_stock_level":"","_global_stock_mode":"","_global_stock_cap":"","_tribe_rsvp_for_event":"","_tribe_ticket_going_count":"","_tribe_ticket_not_going_count":"","_tribe_tickets_list":"[]","_tribe_ticket_has_attendee_info_fields":false,"_tribe_events_status":"","_tribe_events_status_reason":"","footnotes":"","_tec_slr_enabled":"","_tec_slr_layout":""},"tags":[],"tribe_events_cat":[],"class_list":["post-8008","tribe_events","type-tribe_events","status-publish","hentry"],"yoast_head":"<!-- This site is optimized with the Yoast SEO plugin v25.0 - https:\/\/yoast.com\/wordpress\/plugins\/seo\/ -->\n<title>P\u00e9ter \u00e9s a farkas - Zen\u00e9s b\u00e1bel\u0151ad\u00e1s Prokofjev szimfonikus mes\u00e9je alapj\u00e1n - \u00c1kom B\u00e1kom b\u00e1bcsoport - Szabad Sz\u00ednh\u00e1z<\/title>\n<meta name=\"robots\" content=\"index, follow, max-snippet:-1, max-image-preview:large, max-video-preview:-1\" \/>\n<link rel=\"canonical\" href=\"https:\/\/www.szabadszinhaz.hu\/en\/esemenyek\/peter-es-a-farkas-zenes-babeloadas-prokofjev-szimfonikus-meseje-alapjan-akom-bakom-babcsoport\/\" \/>\n<meta property=\"og:locale\" content=\"en_US\" \/>\n<meta property=\"og:type\" content=\"article\" \/>\n<meta property=\"og:title\" content=\"P\u00e9ter \u00e9s a farkas - Zen\u00e9s b\u00e1bel\u0151ad\u00e1s Prokofjev szimfonikus mes\u00e9je alapj\u00e1n - \u00c1kom B\u00e1kom b\u00e1bcsoport - Szabad Sz\u00ednh\u00e1z\" \/>\n<meta property=\"og:description\" content=\"P\u00e9ter \u00e9s a farkas Zen\u00e9s b\u00e1bel\u0151ad\u00e1s Prokofjev szimfonikus mes\u00e9je alapj\u00e1n P\u00e9ter egy sz\u00e9p napon kimegy s\u00e9t\u00e1lni a Nagypapa h\u00e1za melletti tiszt\u00e1sra. Bar\u00e1taival a kacs\u00e1val \u00e9s a rig\u00f3val j\u00e1tszik \u00e9s k\u00f6zben [&hellip;]\" \/>\n<meta property=\"og:url\" content=\"https:\/\/www.szabadszinhaz.hu\/en\/esemenyek\/peter-es-a-farkas-zenes-babeloadas-prokofjev-szimfonikus-meseje-alapjan-akom-bakom-babcsoport\/\" \/>\n<meta property=\"og:site_name\" content=\"Szabad Sz\u00ednh\u00e1z\" \/>\n<meta property=\"article:publisher\" content=\"https:\/\/www.facebook.com\/szabadszinhaz\" \/>\n<meta name=\"twitter:card\" content=\"summary_large_image\" \/>\n<meta name=\"twitter:label1\" content=\"Est. reading time\" \/>\n\t<meta name=\"twitter:data1\" content=\"1 minute\" \/>\n<script type=\"application\/ld+json\" class=\"yoast-schema-graph\">{\"@context\":\"https:\/\/schema.org\",\"@graph\":[{\"@type\":\"WebPage\",\"@id\":\"https:\/\/www.szabadszinhaz.hu\/esemenyek\/peter-es-a-farkas-zenes-babeloadas-prokofjev-szimfonikus-meseje-alapjan-akom-bakom-babcsoport\/\",\"url\":\"https:\/\/www.szabadszinhaz.hu\/esemenyek\/peter-es-a-farkas-zenes-babeloadas-prokofjev-szimfonikus-meseje-alapjan-akom-bakom-babcsoport\/\",\"name\":\"P\u00e9ter \u00e9s a farkas - Zen\u00e9s b\u00e1bel\u0151ad\u00e1s Prokofjev szimfonikus mes\u00e9je alapj\u00e1n - \u00c1kom B\u00e1kom b\u00e1bcsoport - Szabad Sz\u00ednh\u00e1z\",\"isPartOf\":{\"@id\":\"https:\/\/www.szabadszinhaz.hu\/#website\"},\"datePublished\":\"2024-03-15T13:31:41+00:00\",\"breadcrumb\":{\"@id\":\"https:\/\/www.szabadszinhaz.hu\/esemenyek\/peter-es-a-farkas-zenes-babeloadas-prokofjev-szimfonikus-meseje-alapjan-akom-bakom-babcsoport\/#breadcrumb\"},\"inLanguage\":\"en-US\",\"potentialAction\":[{\"@type\":\"ReadAction\",\"target\":[\"https:\/\/www.szabadszinhaz.hu\/esemenyek\/peter-es-a-farkas-zenes-babeloadas-prokofjev-szimfonikus-meseje-alapjan-akom-bakom-babcsoport\/\"]}]},{\"@type\":\"BreadcrumbList\",\"@id\":\"https:\/\/www.szabadszinhaz.hu\/esemenyek\/peter-es-a-farkas-zenes-babeloadas-prokofjev-szimfonikus-meseje-alapjan-akom-bakom-babcsoport\/#breadcrumb\",\"itemListElement\":[{\"@type\":\"ListItem\",\"position\":1,\"name\":\"Kezd\u0151lap\",\"item\":\"https:\/\/www.szabadszinhaz.hu\/\"},{\"@type\":\"ListItem\",\"position\":2,\"name\":\"Events\",\"item\":\"https:\/\/www.szabadszinhaz.hu\/en\/esemenyek\/\"},{\"@type\":\"ListItem\",\"position\":3,\"name\":\"P\u00e9ter \u00e9s a farkas &#8211; Zen\u00e9s b\u00e1bel\u0151ad\u00e1s Prokofjev szimfonikus mes\u00e9je alapj\u00e1n &#8211; \u00c1kom B\u00e1kom b\u00e1bcsoport\"}]},{\"@type\":\"WebSite\",\"@id\":\"https:\/\/www.szabadszinhaz.hu\/#website\",\"url\":\"https:\/\/www.szabadszinhaz.hu\/\",\"name\":\"Szabad Sz\u00ednh\u00e1z\",\"description\":\"Szabad Sz\u00ednh\u00e1z\",\"publisher\":{\"@id\":\"https:\/\/www.szabadszinhaz.hu\/#organization\"},\"potentialAction\":[{\"@type\":\"SearchAction\",\"target\":{\"@type\":\"EntryPoint\",\"urlTemplate\":\"https:\/\/www.szabadszinhaz.hu\/?s={search_term_string}\"},\"query-input\":{\"@type\":\"PropertyValueSpecification\",\"valueRequired\":true,\"valueName\":\"search_term_string\"}}],\"inLanguage\":\"en-US\"},{\"@type\":\"Organization\",\"@id\":\"https:\/\/www.szabadszinhaz.hu\/#organization\",\"name\":\"Szabad Sz\u00ednh\u00e1z SZ\u00cdN-T\u00c9R Egyes\u00fclet\",\"url\":\"https:\/\/www.szabadszinhaz.hu\/\",\"logo\":{\"@type\":\"ImageObject\",\"inLanguage\":\"en-US\",\"@id\":\"https:\/\/www.szabadszinhaz.hu\/#\/schema\/logo\/image\/\",\"url\":\"https:\/\/www.szabadszinhaz.hu\/wp-content\/uploads\/2025\/01\/images.jpg\",\"contentUrl\":\"https:\/\/www.szabadszinhaz.hu\/wp-content\/uploads\/2025\/01\/images.jpg\",\"width\":178,\"height\":284,\"caption\":\"Szabad Sz\u00ednh\u00e1z SZ\u00cdN-T\u00c9R Egyes\u00fclet\"},\"image\":{\"@id\":\"https:\/\/www.szabadszinhaz.hu\/#\/schema\/logo\/image\/\"},\"sameAs\":[\"https:\/\/www.facebook.com\/szabadszinhaz\"]}]}<\/script>\n<!-- \/ Yoast SEO plugin. -->","yoast_head_json":{"title":"P\u00e9ter \u00e9s a farkas - Zen\u00e9s b\u00e1bel\u0151ad\u00e1s Prokofjev szimfonikus mes\u00e9je alapj\u00e1n - \u00c1kom B\u00e1kom b\u00e1bcsoport - Szabad Sz\u00ednh\u00e1z","robots":{"index":"index","follow":"follow","max-snippet":"max-snippet:-1","max-image-preview":"max-image-preview:large","max-video-preview":"max-video-preview:-1"},"canonical":"https:\/\/www.szabadszinhaz.hu\/en\/esemenyek\/peter-es-a-farkas-zenes-babeloadas-prokofjev-szimfonikus-meseje-alapjan-akom-bakom-babcsoport\/","og_locale":"en_US","og_type":"article","og_title":"P\u00e9ter \u00e9s a farkas - Zen\u00e9s b\u00e1bel\u0151ad\u00e1s Prokofjev szimfonikus mes\u00e9je alapj\u00e1n - \u00c1kom B\u00e1kom b\u00e1bcsoport - Szabad Sz\u00ednh\u00e1z","og_description":"P\u00e9ter \u00e9s a farkas Zen\u00e9s b\u00e1bel\u0151ad\u00e1s Prokofjev szimfonikus mes\u00e9je alapj\u00e1n P\u00e9ter egy sz\u00e9p napon kimegy s\u00e9t\u00e1lni a Nagypapa h\u00e1za melletti tiszt\u00e1sra. Bar\u00e1taival a kacs\u00e1val \u00e9s a rig\u00f3val j\u00e1tszik \u00e9s k\u00f6zben [&hellip;]","og_url":"https:\/\/www.szabadszinhaz.hu\/en\/esemenyek\/peter-es-a-farkas-zenes-babeloadas-prokofjev-szimfonikus-meseje-alapjan-akom-bakom-babcsoport\/","og_site_name":"Szabad Sz\u00ednh\u00e1z","article_publisher":"https:\/\/www.facebook.com\/szabadszinhaz","twitter_card":"summary_large_image","twitter_misc":{"Est. reading time":"1 minute"},"schema":{"@context":"https:\/\/schema.org","@graph":[{"@type":"WebPage","@id":"https:\/\/www.szabadszinhaz.hu\/esemenyek\/peter-es-a-farkas-zenes-babeloadas-prokofjev-szimfonikus-meseje-alapjan-akom-bakom-babcsoport\/","url":"https:\/\/www.szabadszinhaz.hu\/esemenyek\/peter-es-a-farkas-zenes-babeloadas-prokofjev-szimfonikus-meseje-alapjan-akom-bakom-babcsoport\/","name":"P\u00e9ter \u00e9s a farkas - Zen\u00e9s b\u00e1bel\u0151ad\u00e1s Prokofjev szimfonikus mes\u00e9je alapj\u00e1n - \u00c1kom B\u00e1kom b\u00e1bcsoport - Szabad Sz\u00ednh\u00e1z","isPartOf":{"@id":"https:\/\/www.szabadszinhaz.hu\/#website"},"datePublished":"2024-03-15T13:31:41+00:00","breadcrumb":{"@id":"https:\/\/www.szabadszinhaz.hu\/esemenyek\/peter-es-a-farkas-zenes-babeloadas-prokofjev-szimfonikus-meseje-alapjan-akom-bakom-babcsoport\/#breadcrumb"},"inLanguage":"en-US","potentialAction":[{"@type":"ReadAction","target":["https:\/\/www.szabadszinhaz.hu\/esemenyek\/peter-es-a-farkas-zenes-babeloadas-prokofjev-szimfonikus-meseje-alapjan-akom-bakom-babcsoport\/"]}]},{"@type":"BreadcrumbList","@id":"https:\/\/www.szabadszinhaz.hu\/esemenyek\/peter-es-a-farkas-zenes-babeloadas-prokofjev-szimfonikus-meseje-alapjan-akom-bakom-babcsoport\/#breadcrumb","itemListElement":[{"@type":"ListItem","position":1,"name":"Kezd\u0151lap","item":"https:\/\/www.szabadszinhaz.hu\/"},{"@type":"ListItem","position":2,"name":"Events","item":"https:\/\/www.szabadszinhaz.hu\/en\/esemenyek\/"},{"@type":"ListItem","position":3,"name":"P\u00e9ter \u00e9s a farkas &#8211; Zen\u00e9s b\u00e1bel\u0151ad\u00e1s Prokofjev szimfonikus mes\u00e9je alapj\u00e1n &#8211; \u00c1kom B\u00e1kom b\u00e1bcsoport"}]},{"@type":"WebSite","@id":"https:\/\/www.szabadszinhaz.hu\/#website","url":"https:\/\/www.szabadszinhaz.hu\/","name":"Free Theatre - Szabad Sz\u00ednh\u00e1z","description":"Free Theatre - Szabad Sz\u00ednh\u00e1z","publisher":{"@id":"https:\/\/www.szabadszinhaz.hu\/#organization"},"potentialAction":[{"@type":"SearchAction","target":{"@type":"EntryPoint","urlTemplate":"https:\/\/www.szabadszinhaz.hu\/?s={search_term_string}"},"query-input":{"@type":"PropertyValueSpecification","valueRequired":true,"valueName":"search_term_string"}}],"inLanguage":"en-US"},{"@type":"Organization","@id":"https:\/\/www.szabadszinhaz.hu\/#organization","name":"Szabad Sz\u00ednh\u00e1z SZ\u00cdN-T\u00c9R Egyes\u00fclet","url":"https:\/\/www.szabadszinhaz.hu\/","logo":{"@type":"ImageObject","inLanguage":"en-US","@id":"https:\/\/www.szabadszinhaz.hu\/#\/schema\/logo\/image\/","url":"https:\/\/www.szabadszinhaz.hu\/wp-content\/uploads\/2025\/01\/images.jpg","contentUrl":"https:\/\/www.szabadszinhaz.hu\/wp-content\/uploads\/2025\/01\/images.jpg","width":178,"height":284,"caption":"Szabad Sz\u00ednh\u00e1z SZ\u00cdN-T\u00c9R Egyes\u00fclet"},"image":{"@id":"https:\/\/www.szabadszinhaz.hu\/#\/schema\/logo\/image\/"},"sameAs":["https:\/\/www.facebook.com\/szabadszinhaz"]}]}},"ticketed":false,"_links":{"self":[{"href":"https:\/\/www.szabadszinhaz.hu\/en\/wp-json\/wp\/v2\/tribe_events\/8008","targetHints":{"allow":["GET"]}}],"collection":[{"href":"https:\/\/www.szabadszinhaz.hu\/en\/wp-json\/wp\/v2\/tribe_events"}],"about":[{"href":"https:\/\/www.szabadszinhaz.hu\/en\/wp-json\/wp\/v2\/types\/tribe_events"}],"author":[{"embeddable":true,"href":"https:\/\/www.szabadszinhaz.hu\/en\/wp-json\/wp\/v2\/users\/4"}],"version-history":[{"count":1,"href":"https:\/\/www.szabadszinhaz.hu\/en\/wp-json\/wp\/v2\/tribe_events\/8008\/revisions"}],"predecessor-version":[{"id":8010,"href":"https:\/\/www.szabadszinhaz.hu\/en\/wp-json\/wp\/v2\/tribe_events\/8008\/revisions\/8010"}],"wp:attachment":[{"href":"https:\/\/www.szabadszinhaz.hu\/en\/wp-json\/wp\/v2\/media?parent=8008"}],"wp:term":[{"taxonomy":"post_tag","embeddable":true,"href":"https:\/\/www.szabadszinhaz.hu\/en\/wp-json\/wp\/v2\/tags?post=8008"},{"taxonomy":"tribe_events_cat","embeddable":true,"href":"https:\/\/www.szabadszinhaz.hu\/en\/wp-json\/wp\/v2\/tribe_events_cat?post=8008"}],"curies":[{"name":"wp","href":"https:\/\/api.w.org\/{rel}","templated":true}]}}