{"id":7965,"date":"2024-03-04T15:19:23","date_gmt":"2024-03-04T14:19:23","guid":{"rendered":"http:\/\/www.szabadszinhaz.hu\/?post_type=tribe_events&#038;p=7965"},"modified":"2024-03-04T15:19:23","modified_gmt":"2024-03-04T14:19:23","slug":"emigransok-a-szabad-szinhaz-eloadasa-2","status":"publish","type":"tribe_events","link":"https:\/\/www.szabadszinhaz.hu\/en\/esemenyek\/emigransok-a-szabad-szinhaz-eloadasa-2\/","title":{"rendered":"Emigr\u00e1nsok- A Szabad Sz\u00ednh\u00e1z el\u0151ad\u00e1sa"},"content":{"rendered":"<div class=\"tribe-events-single-event-description tribe-events-content\">\n<p><span class=\"x193iq5w xeuugli x13faqbe x1vvkbs x1xmvt09 x1lliihq x1s928wv xhkezso x1gmr53x x1cpjm7i x1fgarty x1943h6x xudqn12 x3x7a5m x6prxxf xvq8zen xo1l8bm xzsf02u\" dir=\"auto\">Mro\u017eek ebben a m\u0171v\u00e9ben egy napjainkban k\u00fcl\u00f6n\u00f6sen aktu\u00e1lis, neh\u00e9z t\u00e9m\u00e1t boncolgat egy sz\u00e1munkra sem ismeretlen helyzetbe \u00e1ll\u00edtva szerepl\u0151it. A m\u0171b\u0151l k\u00e9sz\u00fclt el\u0151ad\u00e1s egy olcs\u00f3 k\u00fclf\u00f6ldi alb\u00e9rlet sz\u0171k pince szob\u00e1j\u00e1ban egym\u00e1s mell\u00e9 k\u00e9nyszer\u00fclt k\u00e9t fiatal f\u00e9rfi \u00e9let\u00e9be, v\u00e1gyaiba enged k\u00f6zeli bepillant\u00e1st.<br \/>\nEgyik a t\u00e1voli otthon szeg\u00e9ny, \u00e9s siv\u00e1r rem\u00e9nytelens\u00e9g\u00e9b\u0151l egy magasabb anyagi sz\u00ednvonalra v\u00e1gy\u00f3, k\u00fclf\u00f6ld\u00f6n g\u00fcrc\u00f6l\u0151 k\u00e9tkezi munk\u00e1s, a m\u00e1sik a saj\u00e1t rem\u00e9nytelens\u00e9ge el\u0151l menek\u00fcl\u0151,<br \/>\nval\u00f3dik boldogs\u00e1got keres\u0151 \u00e9rtelmis\u00e9gi.<br \/>\nB\u00e1r a k\u00e9t embert a k\u00f6r\u00fclm\u00e9nyek \u00e9s p\u00e9nztelens\u00e9g k\u00e9nyszer\u00edti \u00f6ssze, c\u00e9ljaik nagyon is k\u00fcl\u00f6nb\u00f6z\u0151ek: a munk\u00e1s -ha m\u00e1r \u201eel\u00e9g p\u00e9nzt\u201d gy\u0171jt\u00f6tt \u00f6ssze- haza akar menni, \u00e9s otthon majd \u201ea j\u00f3m\u00f3d\u00fat\u201d j\u00e1tszani. De vajon mennyi az az \u201eel\u00e9g\u201d? Ezzel szemben az \u00e9rtelmis\u00e9gi \u201enagyobb szellemi, m\u0171v\u00e9szi szabads\u00e1gra\u201d \u00e9s tal\u00e1n \u00edr\u00f3i karrierre v\u00e1gyik. \u2026de vajon mennyi az az a \u201enagyobb\u201d?<br \/>\nAz el\u0151ad\u00e1s-teremtette dohos pinceszob\u00e1ban val\u00f3j\u00e1ban k\u00e9t foglyot l\u00e1tunk: egyik\u00fck a p\u00e9nz, az anyagi javak, a m\u00e1sik a szabads\u00e1g szellemis\u00e9g\u00e9nek rabs\u00e1g\u00e1ban verg\u0151dik. Kettej\u00fck f\u00e1jdalmas, \u00e9s dr\u00e1mai szemben\u00e9z\u00e9se ez.<br \/>\nA munk\u00e1s kital\u00e1lt t\u00f6rt\u00e9netekkel, l\u00f3d\u00edt\u00e1sokkal pr\u00f3b\u00e1lja t\u00fal\u00e9lni az egyform\u00e1n sorj\u00e1z\u00f3 h\u00e9tk\u00f6znapokat, az \u00e9rtelmis\u00e9gi evvel szemben kegyetlen\u00fcl realista, l\u00e1t\u00f3k\u00f6re m\u00e9rf\u00f6ldekkel sz\u00e9lesebb, mint szobat\u00e1rs\u00e1\u00e9. Gondolatait a szabads\u00e1g k\u00e9rd\u00e9se, \u00f6sszetetts\u00e9ge foglalja el, m\u00edg a munk\u00e1s nem izgatja mag\u00e1t ilyen \u201ehi\u00e1baval\u00f3s\u00e1gon\u201d. \u201eGy\u0171l\u00f6l\u00f6m ezt a helyet\u201d- mondja az \u00e9rtelmis\u00e9gi. \u2013\u201eM\u00e9g ablak sincs.\u201d \u201eJobb is\u201d- feleli a munk\u00e1s. -\u201eAz ablakb\u00f3l csak c\u00fag gy\u00f6n\u2026\u201d<br \/>\nA rendez\u00e9s karakteresen f\u00f3kusz\u00e1l a t\u00e1rsadalmi k\u00f6rnyezet fogolydilemm\u00e1ira, iskol\u00e1zotts\u00e1gt\u00f3l f\u00fcggetlen k\u00e9nyszereire, elv\u00e1r\u00e1saira, a kollekt\u00edv, \u00e9s egy\u00e9ni felel\u0151ss\u00e9g, \u00e9s a lelki elfogad\u00e1s m\u00e9ly, benn\u00fcnk \u00e9l\u0151 k\u00e9rd\u00e9seire.<br \/>\nEl\u0151adja: a Szabad Sz\u00ednh\u00e1z T\u00e1rsulata<br \/>\nDramaturg, rendez\u0151: Nagy Judit<br \/>\nSzerepl\u0151k:<br \/>\nBalogh Mih\u00e1ly,<br \/>\nSzab\u00f3 Mikl\u00f3s Bence<br \/>\nM\u0171sorid\u0151: kb. 70 perc<\/span><\/p>\n<\/div>\n<div class=\"tribe-events tribe-common\">\n<div class=\"tribe-events-c-subscribe-dropdown__container\">\n<div class=\"tribe-events-c-subscribe-dropdown\">\n<div class=\"tribe-common-c-btn-border tribe-events-c-subscribe-dropdown__button\" tabindex=\"0\"><\/div>\n<\/div>\n<\/div>\n<\/div>","protected":false},"excerpt":{"rendered":"<p>Mro\u017eek ebben a m\u0171v\u00e9ben egy napjainkban k\u00fcl\u00f6n\u00f6sen aktu\u00e1lis, neh\u00e9z t\u00e9m\u00e1t boncolgat egy sz\u00e1munkra sem ismeretlen helyzetbe \u00e1ll\u00edtva szerepl\u0151it. A m\u0171b\u0151l k\u00e9sz\u00fclt el\u0151ad\u00e1s egy olcs\u00f3 k\u00fclf\u00f6ldi alb\u00e9rlet sz\u0171k pince szob\u00e1j\u00e1ban egym\u00e1s [&hellip;]<\/p>\n","protected":false},"author":4,"featured_media":7966,"template":"","meta":{"_et_pb_use_builder":"","_et_pb_old_content":"","_et_gb_content_width":"","_price":"","_stock":"","_tribe_ticket_header":"","_tribe_default_ticket_provider":"","_ticket_start_date":"","_ticket_end_date":"","_tribe_ticket_show_description":"","_tribe_ticket_show_not_going":false,"_tribe_ticket_use_global_stock":"","_tribe_ticket_global_stock_level":"","_global_stock_mode":"","_global_stock_cap":"","_tribe_rsvp_for_event":"","_tribe_ticket_going_count":"","_tribe_ticket_not_going_count":"","_tribe_tickets_list":"[]","_tribe_ticket_has_attendee_info_fields":false,"_tribe_events_status":"","_tribe_events_status_reason":"","footnotes":"","_tec_slr_enabled":"","_tec_slr_layout":""},"tags":[],"tribe_events_cat":[],"class_list":["post-7965","tribe_events","type-tribe_events","status-publish","has-post-thumbnail","hentry"],"yoast_head":"<!-- This site is optimized with the Yoast SEO plugin v25.0 - https:\/\/yoast.com\/wordpress\/plugins\/seo\/ -->\n<title>Emigr\u00e1nsok- A Szabad Sz\u00ednh\u00e1z el\u0151ad\u00e1sa - Szabad Sz\u00ednh\u00e1z<\/title>\n<meta name=\"robots\" content=\"index, follow, max-snippet:-1, max-image-preview:large, max-video-preview:-1\" \/>\n<link rel=\"canonical\" href=\"https:\/\/www.szabadszinhaz.hu\/en\/esemenyek\/emigransok-a-szabad-szinhaz-eloadasa-2\/\" \/>\n<meta property=\"og:locale\" content=\"en_US\" \/>\n<meta property=\"og:type\" content=\"article\" \/>\n<meta property=\"og:title\" content=\"Emigr\u00e1nsok- A Szabad Sz\u00ednh\u00e1z el\u0151ad\u00e1sa - Szabad Sz\u00ednh\u00e1z\" \/>\n<meta property=\"og:description\" content=\"Mro\u017eek ebben a m\u0171v\u00e9ben egy napjainkban k\u00fcl\u00f6n\u00f6sen aktu\u00e1lis, neh\u00e9z t\u00e9m\u00e1t boncolgat egy sz\u00e1munkra sem ismeretlen helyzetbe \u00e1ll\u00edtva szerepl\u0151it. A m\u0171b\u0151l k\u00e9sz\u00fclt el\u0151ad\u00e1s egy olcs\u00f3 k\u00fclf\u00f6ldi alb\u00e9rlet sz\u0171k pince szob\u00e1j\u00e1ban egym\u00e1s [&hellip;]\" \/>\n<meta property=\"og:url\" content=\"https:\/\/www.szabadszinhaz.hu\/en\/esemenyek\/emigransok-a-szabad-szinhaz-eloadasa-2\/\" \/>\n<meta property=\"og:site_name\" content=\"Szabad Sz\u00ednh\u00e1z\" \/>\n<meta property=\"article:publisher\" content=\"https:\/\/www.facebook.com\/szabadszinhaz\" \/>\n<meta property=\"og:image\" content=\"https:\/\/www.szabadszinhaz.hu\/wp-content\/uploads\/2024\/03\/emigransok.jpg\" \/>\n\t<meta property=\"og:image:width\" content=\"960\" \/>\n\t<meta property=\"og:image:height\" content=\"640\" \/>\n\t<meta property=\"og:image:type\" content=\"image\/jpeg\" \/>\n<meta name=\"twitter:card\" content=\"summary_large_image\" \/>\n<meta name=\"twitter:label1\" content=\"Est. reading time\" \/>\n\t<meta name=\"twitter:data1\" content=\"2 minutes\" \/>\n<script type=\"application\/ld+json\" class=\"yoast-schema-graph\">{\"@context\":\"https:\/\/schema.org\",\"@graph\":[{\"@type\":\"WebPage\",\"@id\":\"https:\/\/www.szabadszinhaz.hu\/esemenyek\/emigransok-a-szabad-szinhaz-eloadasa-2\/\",\"url\":\"https:\/\/www.szabadszinhaz.hu\/esemenyek\/emigransok-a-szabad-szinhaz-eloadasa-2\/\",\"name\":\"Emigr\u00e1nsok- A Szabad Sz\u00ednh\u00e1z el\u0151ad\u00e1sa - Szabad Sz\u00ednh\u00e1z\",\"isPartOf\":{\"@id\":\"https:\/\/www.szabadszinhaz.hu\/#website\"},\"primaryImageOfPage\":{\"@id\":\"https:\/\/www.szabadszinhaz.hu\/esemenyek\/emigransok-a-szabad-szinhaz-eloadasa-2\/#primaryimage\"},\"image\":{\"@id\":\"https:\/\/www.szabadszinhaz.hu\/esemenyek\/emigransok-a-szabad-szinhaz-eloadasa-2\/#primaryimage\"},\"thumbnailUrl\":\"https:\/\/www.szabadszinhaz.hu\/wp-content\/uploads\/2024\/03\/emigransok.jpg\",\"datePublished\":\"2024-03-04T14:19:23+00:00\",\"breadcrumb\":{\"@id\":\"https:\/\/www.szabadszinhaz.hu\/esemenyek\/emigransok-a-szabad-szinhaz-eloadasa-2\/#breadcrumb\"},\"inLanguage\":\"en-US\",\"potentialAction\":[{\"@type\":\"ReadAction\",\"target\":[\"https:\/\/www.szabadszinhaz.hu\/esemenyek\/emigransok-a-szabad-szinhaz-eloadasa-2\/\"]}]},{\"@type\":\"ImageObject\",\"inLanguage\":\"en-US\",\"@id\":\"https:\/\/www.szabadszinhaz.hu\/esemenyek\/emigransok-a-szabad-szinhaz-eloadasa-2\/#primaryimage\",\"url\":\"https:\/\/www.szabadszinhaz.hu\/wp-content\/uploads\/2024\/03\/emigransok.jpg\",\"contentUrl\":\"https:\/\/www.szabadszinhaz.hu\/wp-content\/uploads\/2024\/03\/emigransok.jpg\",\"width\":960,\"height\":640},{\"@type\":\"BreadcrumbList\",\"@id\":\"https:\/\/www.szabadszinhaz.hu\/esemenyek\/emigransok-a-szabad-szinhaz-eloadasa-2\/#breadcrumb\",\"itemListElement\":[{\"@type\":\"ListItem\",\"position\":1,\"name\":\"Kezd\u0151lap\",\"item\":\"https:\/\/www.szabadszinhaz.hu\/\"},{\"@type\":\"ListItem\",\"position\":2,\"name\":\"Events\",\"item\":\"https:\/\/www.szabadszinhaz.hu\/en\/esemenyek\/\"},{\"@type\":\"ListItem\",\"position\":3,\"name\":\"Emigr\u00e1nsok- A Szabad Sz\u00ednh\u00e1z el\u0151ad\u00e1sa\"}]},{\"@type\":\"WebSite\",\"@id\":\"https:\/\/www.szabadszinhaz.hu\/#website\",\"url\":\"https:\/\/www.szabadszinhaz.hu\/\",\"name\":\"Szabad Sz\u00ednh\u00e1z\",\"description\":\"Szabad Sz\u00ednh\u00e1z\",\"publisher\":{\"@id\":\"https:\/\/www.szabadszinhaz.hu\/#organization\"},\"potentialAction\":[{\"@type\":\"SearchAction\",\"target\":{\"@type\":\"EntryPoint\",\"urlTemplate\":\"https:\/\/www.szabadszinhaz.hu\/?s={search_term_string}\"},\"query-input\":{\"@type\":\"PropertyValueSpecification\",\"valueRequired\":true,\"valueName\":\"search_term_string\"}}],\"inLanguage\":\"en-US\"},{\"@type\":\"Organization\",\"@id\":\"https:\/\/www.szabadszinhaz.hu\/#organization\",\"name\":\"Szabad Sz\u00ednh\u00e1z SZ\u00cdN-T\u00c9R Egyes\u00fclet\",\"url\":\"https:\/\/www.szabadszinhaz.hu\/\",\"logo\":{\"@type\":\"ImageObject\",\"inLanguage\":\"en-US\",\"@id\":\"https:\/\/www.szabadszinhaz.hu\/#\/schema\/logo\/image\/\",\"url\":\"https:\/\/www.szabadszinhaz.hu\/wp-content\/uploads\/2025\/01\/images.jpg\",\"contentUrl\":\"https:\/\/www.szabadszinhaz.hu\/wp-content\/uploads\/2025\/01\/images.jpg\",\"width\":178,\"height\":284,\"caption\":\"Szabad Sz\u00ednh\u00e1z SZ\u00cdN-T\u00c9R Egyes\u00fclet\"},\"image\":{\"@id\":\"https:\/\/www.szabadszinhaz.hu\/#\/schema\/logo\/image\/\"},\"sameAs\":[\"https:\/\/www.facebook.com\/szabadszinhaz\"]}]}<\/script>\n<!-- \/ Yoast SEO plugin. -->","yoast_head_json":{"title":"Emigr\u00e1nsok- A Szabad Sz\u00ednh\u00e1z el\u0151ad\u00e1sa - Szabad Sz\u00ednh\u00e1z","robots":{"index":"index","follow":"follow","max-snippet":"max-snippet:-1","max-image-preview":"max-image-preview:large","max-video-preview":"max-video-preview:-1"},"canonical":"https:\/\/www.szabadszinhaz.hu\/en\/esemenyek\/emigransok-a-szabad-szinhaz-eloadasa-2\/","og_locale":"en_US","og_type":"article","og_title":"Emigr\u00e1nsok- A Szabad Sz\u00ednh\u00e1z el\u0151ad\u00e1sa - Szabad Sz\u00ednh\u00e1z","og_description":"Mro\u017eek ebben a m\u0171v\u00e9ben egy napjainkban k\u00fcl\u00f6n\u00f6sen aktu\u00e1lis, neh\u00e9z t\u00e9m\u00e1t boncolgat egy sz\u00e1munkra sem ismeretlen helyzetbe \u00e1ll\u00edtva szerepl\u0151it. A m\u0171b\u0151l k\u00e9sz\u00fclt el\u0151ad\u00e1s egy olcs\u00f3 k\u00fclf\u00f6ldi alb\u00e9rlet sz\u0171k pince szob\u00e1j\u00e1ban egym\u00e1s [&hellip;]","og_url":"https:\/\/www.szabadszinhaz.hu\/en\/esemenyek\/emigransok-a-szabad-szinhaz-eloadasa-2\/","og_site_name":"Szabad Sz\u00ednh\u00e1z","article_publisher":"https:\/\/www.facebook.com\/szabadszinhaz","og_image":[{"width":960,"height":640,"url":"https:\/\/www.szabadszinhaz.hu\/wp-content\/uploads\/2024\/03\/emigransok.jpg","type":"image\/jpeg"}],"twitter_card":"summary_large_image","twitter_misc":{"Est. reading time":"2 minutes"},"schema":{"@context":"https:\/\/schema.org","@graph":[{"@type":"WebPage","@id":"https:\/\/www.szabadszinhaz.hu\/esemenyek\/emigransok-a-szabad-szinhaz-eloadasa-2\/","url":"https:\/\/www.szabadszinhaz.hu\/esemenyek\/emigransok-a-szabad-szinhaz-eloadasa-2\/","name":"Emigr\u00e1nsok- A Szabad Sz\u00ednh\u00e1z el\u0151ad\u00e1sa - Szabad Sz\u00ednh\u00e1z","isPartOf":{"@id":"https:\/\/www.szabadszinhaz.hu\/#website"},"primaryImageOfPage":{"@id":"https:\/\/www.szabadszinhaz.hu\/esemenyek\/emigransok-a-szabad-szinhaz-eloadasa-2\/#primaryimage"},"image":{"@id":"https:\/\/www.szabadszinhaz.hu\/esemenyek\/emigransok-a-szabad-szinhaz-eloadasa-2\/#primaryimage"},"thumbnailUrl":"https:\/\/www.szabadszinhaz.hu\/wp-content\/uploads\/2024\/03\/emigransok.jpg","datePublished":"2024-03-04T14:19:23+00:00","breadcrumb":{"@id":"https:\/\/www.szabadszinhaz.hu\/esemenyek\/emigransok-a-szabad-szinhaz-eloadasa-2\/#breadcrumb"},"inLanguage":"en-US","potentialAction":[{"@type":"ReadAction","target":["https:\/\/www.szabadszinhaz.hu\/esemenyek\/emigransok-a-szabad-szinhaz-eloadasa-2\/"]}]},{"@type":"ImageObject","inLanguage":"en-US","@id":"https:\/\/www.szabadszinhaz.hu\/esemenyek\/emigransok-a-szabad-szinhaz-eloadasa-2\/#primaryimage","url":"https:\/\/www.szabadszinhaz.hu\/wp-content\/uploads\/2024\/03\/emigransok.jpg","contentUrl":"https:\/\/www.szabadszinhaz.hu\/wp-content\/uploads\/2024\/03\/emigransok.jpg","width":960,"height":640},{"@type":"BreadcrumbList","@id":"https:\/\/www.szabadszinhaz.hu\/esemenyek\/emigransok-a-szabad-szinhaz-eloadasa-2\/#breadcrumb","itemListElement":[{"@type":"ListItem","position":1,"name":"Kezd\u0151lap","item":"https:\/\/www.szabadszinhaz.hu\/"},{"@type":"ListItem","position":2,"name":"Events","item":"https:\/\/www.szabadszinhaz.hu\/en\/esemenyek\/"},{"@type":"ListItem","position":3,"name":"Emigr\u00e1nsok- A Szabad Sz\u00ednh\u00e1z el\u0151ad\u00e1sa"}]},{"@type":"WebSite","@id":"https:\/\/www.szabadszinhaz.hu\/#website","url":"https:\/\/www.szabadszinhaz.hu\/","name":"Free Theatre - Szabad Sz\u00ednh\u00e1z","description":"Free Theatre - Szabad Sz\u00ednh\u00e1z","publisher":{"@id":"https:\/\/www.szabadszinhaz.hu\/#organization"},"potentialAction":[{"@type":"SearchAction","target":{"@type":"EntryPoint","urlTemplate":"https:\/\/www.szabadszinhaz.hu\/?s={search_term_string}"},"query-input":{"@type":"PropertyValueSpecification","valueRequired":true,"valueName":"search_term_string"}}],"inLanguage":"en-US"},{"@type":"Organization","@id":"https:\/\/www.szabadszinhaz.hu\/#organization","name":"Szabad Sz\u00ednh\u00e1z SZ\u00cdN-T\u00c9R Egyes\u00fclet","url":"https:\/\/www.szabadszinhaz.hu\/","logo":{"@type":"ImageObject","inLanguage":"en-US","@id":"https:\/\/www.szabadszinhaz.hu\/#\/schema\/logo\/image\/","url":"https:\/\/www.szabadszinhaz.hu\/wp-content\/uploads\/2025\/01\/images.jpg","contentUrl":"https:\/\/www.szabadszinhaz.hu\/wp-content\/uploads\/2025\/01\/images.jpg","width":178,"height":284,"caption":"Szabad Sz\u00ednh\u00e1z SZ\u00cdN-T\u00c9R Egyes\u00fclet"},"image":{"@id":"https:\/\/www.szabadszinhaz.hu\/#\/schema\/logo\/image\/"},"sameAs":["https:\/\/www.facebook.com\/szabadszinhaz"]}]}},"ticketed":false,"_links":{"self":[{"href":"https:\/\/www.szabadszinhaz.hu\/en\/wp-json\/wp\/v2\/tribe_events\/7965","targetHints":{"allow":["GET"]}}],"collection":[{"href":"https:\/\/www.szabadszinhaz.hu\/en\/wp-json\/wp\/v2\/tribe_events"}],"about":[{"href":"https:\/\/www.szabadszinhaz.hu\/en\/wp-json\/wp\/v2\/types\/tribe_events"}],"author":[{"embeddable":true,"href":"https:\/\/www.szabadszinhaz.hu\/en\/wp-json\/wp\/v2\/users\/4"}],"version-history":[{"count":1,"href":"https:\/\/www.szabadszinhaz.hu\/en\/wp-json\/wp\/v2\/tribe_events\/7965\/revisions"}],"predecessor-version":[{"id":7967,"href":"https:\/\/www.szabadszinhaz.hu\/en\/wp-json\/wp\/v2\/tribe_events\/7965\/revisions\/7967"}],"wp:featuredmedia":[{"embeddable":true,"href":"https:\/\/www.szabadszinhaz.hu\/en\/wp-json\/wp\/v2\/media\/7966"}],"wp:attachment":[{"href":"https:\/\/www.szabadszinhaz.hu\/en\/wp-json\/wp\/v2\/media?parent=7965"}],"wp:term":[{"taxonomy":"post_tag","embeddable":true,"href":"https:\/\/www.szabadszinhaz.hu\/en\/wp-json\/wp\/v2\/tags?post=7965"},{"taxonomy":"tribe_events_cat","embeddable":true,"href":"https:\/\/www.szabadszinhaz.hu\/en\/wp-json\/wp\/v2\/tribe_events_cat?post=7965"}],"curies":[{"name":"wp","href":"https:\/\/api.w.org\/{rel}","templated":true}]}}