{"id":7865,"date":"2024-01-15T20:25:37","date_gmt":"2024-01-15T19:25:37","guid":{"rendered":"http:\/\/www.szabadszinhaz.hu\/?post_type=tribe_events&#038;p=7865"},"modified":"2024-01-15T20:36:32","modified_gmt":"2024-01-15T19:36:32","slug":"kafka-jelentes-az-akademianak","status":"publish","type":"tribe_events","link":"https:\/\/www.szabadszinhaz.hu\/en\/esemenyek\/kafka-jelentes-az-akademianak\/","title":{"rendered":"Kafka &#8211; Jelent\u00e9s az Akad\u00e9mi\u00e1nak"},"content":{"rendered":"<p><span class=\"x193iq5w xeuugli x13faqbe x1vvkbs x1xmvt09 x1lliihq x1s928wv xhkezso x1gmr53x x1cpjm7i x1fgarty x1943h6x xudqn12 x3x7a5m x6prxxf xvq8zen xo1l8bm xzsf02u\" dir=\"auto\">A Jelent\u00e9s az Akad\u00e9mi\u00e1nak c\u00edm\u0171 r\u00f6vid Kafka novella egy \u00e1tv\u00e1ltoz\u00e1s t\u00f6rt\u00e9netet mutat be.<br \/>\nAz emberr\u00e9 v\u00e1lt majom, R\u0151tp\u00e9ter, elmes\u00e9li, s egyszersmind \u00fajra \u00e9li emberr\u00e9 v\u00e1l\u00e1s\u00e1nak, \u00e1talakul\u00e1s\u00e1nak esem\u00e9nyeit. Monol\u00f3gj\u00e1b\u00f3l kider\u00fcl, hogy \u00e1tv\u00e1ltoz\u00e1sa menek\u00fcl\u00e9s a biztos hal\u00e1lt\u00f3l, ugyanakkor meg\u00e9rkez\u00e9s a legnehezebb, legterhesebb l\u00e9tbe: az ember\u00e9be. Az ember-l\u00e9t \u0151rj\u00edt\u0151 neh\u00e9zs\u00e9gei jelennek meg az el\u0151ad\u00e1sban, hiszen R\u0151tp\u00e9ter folyamatos \u00f6npuszt\u00edt\u00f3 \u00e9letm\u00f3dot folytat, \u00fajra \u00e9s \u00fajra elmes\u00e9li t\u00f6rt\u00e9net\u00e9t, pr\u00f3b\u00e1lja elfogadni, elfogadtatni saj\u00e1t val\u00f3j\u00e1t.<br \/>\nAz el\u0151ad\u00e1st ig\u00e9ny eset\u00e9n ir\u00e1ny\u00edtott irodalom \u00f3ra k\u00f6veti. A foglalkoz\u00e1son nagyon szeretn\u00e9m kiemelni az etikai aspektusokat, k\u00f6r\u00fclj\u00e1rni a megker\u00fclhetetlen k\u00e9rd\u00e9st: Mi az ember?<br \/>\nSz\u00ednpadra alkalmazta \u00e9s el\u0151adja: \u00c1cs Tam\u00e1s<br \/>\nAz el\u0151ad\u00e1s hossza: 45 perc.<br \/>\nA darab nem korhat\u00e1ros, de Kafka \u00e9s a t\u00e9ma ok\u00e1n ink\u00e1bb a k\u00f6z\u00e9piskol\u00e1soknak \u00e9s a feln\u0151tteknek aj\u00e1nlott.<\/span><\/p>\n<div class=\"x1i10hfl xjbqb8w x6umtig x1b1mbwd xaqea5y xav7gou x9f619 x1ypdohk xt0psk2 xe8uvvx xdj266r x11i5rnm xat24cr x1mh8g0r xexx8yu x4uap5 x18d9i69 xkhd6sd x16tdsg8 x1hl2dhg xggy1nq x1a2a7pz xt0b8zv xzsf02u x1s688f\" tabindex=\"0\" role=\"button\"><\/div>","protected":false},"excerpt":{"rendered":"<p>A Jelent\u00e9s az Akad\u00e9mi\u00e1nak c\u00edm\u0171 r\u00f6vid Kafka novella egy \u00e1tv\u00e1ltoz\u00e1s t\u00f6rt\u00e9netet mutat be. Az emberr\u00e9 v\u00e1lt majom, R\u0151tp\u00e9ter, elmes\u00e9li, s egyszersmind \u00fajra \u00e9li emberr\u00e9 v\u00e1l\u00e1s\u00e1nak, \u00e1talakul\u00e1s\u00e1nak esem\u00e9nyeit. Monol\u00f3gj\u00e1b\u00f3l kider\u00fcl, hogy [&hellip;]<\/p>\n","protected":false},"author":4,"featured_media":7866,"template":"","meta":{"_et_pb_use_builder":"","_et_pb_old_content":"","_et_gb_content_width":"","_price":"","_stock":"","_tribe_ticket_header":"","_tribe_default_ticket_provider":"","_ticket_start_date":"","_ticket_end_date":"","_tribe_ticket_show_description":"","_tribe_ticket_show_not_going":false,"_tribe_ticket_use_global_stock":"","_tribe_ticket_global_stock_level":"","_global_stock_mode":"","_global_stock_cap":"","_tribe_rsvp_for_event":"","_tribe_ticket_going_count":"","_tribe_ticket_not_going_count":"","_tribe_tickets_list":"[]","_tribe_ticket_has_attendee_info_fields":false,"_tribe_events_status":"","_tribe_events_status_reason":"","footnotes":"","_tec_slr_enabled":"","_tec_slr_layout":""},"tags":[],"tribe_events_cat":[],"class_list":["post-7865","tribe_events","type-tribe_events","status-publish","has-post-thumbnail","hentry"],"yoast_head":"<!-- This site is optimized with the Yoast SEO plugin v25.0 - https:\/\/yoast.com\/wordpress\/plugins\/seo\/ -->\n<title>Kafka - Jelent\u00e9s az Akad\u00e9mi\u00e1nak - Szabad Sz\u00ednh\u00e1z<\/title>\n<meta name=\"robots\" content=\"index, follow, max-snippet:-1, max-image-preview:large, max-video-preview:-1\" \/>\n<link rel=\"canonical\" href=\"https:\/\/www.szabadszinhaz.hu\/en\/esemenyek\/kafka-jelentes-az-akademianak\/\" \/>\n<meta property=\"og:locale\" content=\"en_US\" \/>\n<meta property=\"og:type\" content=\"article\" \/>\n<meta property=\"og:title\" content=\"Kafka - Jelent\u00e9s az Akad\u00e9mi\u00e1nak - Szabad Sz\u00ednh\u00e1z\" \/>\n<meta property=\"og:description\" content=\"A Jelent\u00e9s az Akad\u00e9mi\u00e1nak c\u00edm\u0171 r\u00f6vid Kafka novella egy \u00e1tv\u00e1ltoz\u00e1s t\u00f6rt\u00e9netet mutat be. Az emberr\u00e9 v\u00e1lt majom, R\u0151tp\u00e9ter, elmes\u00e9li, s egyszersmind \u00fajra \u00e9li emberr\u00e9 v\u00e1l\u00e1s\u00e1nak, \u00e1talakul\u00e1s\u00e1nak esem\u00e9nyeit. Monol\u00f3gj\u00e1b\u00f3l kider\u00fcl, hogy [&hellip;]\" \/>\n<meta property=\"og:url\" content=\"https:\/\/www.szabadszinhaz.hu\/en\/esemenyek\/kafka-jelentes-az-akademianak\/\" \/>\n<meta property=\"og:site_name\" content=\"Szabad Sz\u00ednh\u00e1z\" \/>\n<meta property=\"article:publisher\" content=\"https:\/\/www.facebook.com\/szabadszinhaz\" \/>\n<meta property=\"article:modified_time\" content=\"2024-01-15T19:36:32+00:00\" \/>\n<meta property=\"og:image\" content=\"https:\/\/www.szabadszinhaz.hu\/wp-content\/uploads\/2024\/01\/kafka.jpg\" \/>\n\t<meta property=\"og:image:width\" content=\"1440\" \/>\n\t<meta property=\"og:image:height\" content=\"960\" \/>\n\t<meta property=\"og:image:type\" content=\"image\/jpeg\" \/>\n<meta name=\"twitter:card\" content=\"summary_large_image\" \/>\n<meta name=\"twitter:label1\" content=\"Est. reading time\" \/>\n\t<meta name=\"twitter:data1\" content=\"1 minute\" \/>\n<script type=\"application\/ld+json\" class=\"yoast-schema-graph\">{\"@context\":\"https:\/\/schema.org\",\"@graph\":[{\"@type\":\"WebPage\",\"@id\":\"https:\/\/www.szabadszinhaz.hu\/en\/esemenyek\/kafka-jelentes-az-akademianak\/\",\"url\":\"https:\/\/www.szabadszinhaz.hu\/en\/esemenyek\/kafka-jelentes-az-akademianak\/\",\"name\":\"Kafka - Jelent\u00e9s az Akad\u00e9mi\u00e1nak - Szabad Sz\u00ednh\u00e1z\",\"isPartOf\":{\"@id\":\"https:\/\/www.szabadszinhaz.hu\/#website\"},\"primaryImageOfPage\":{\"@id\":\"https:\/\/www.szabadszinhaz.hu\/en\/esemenyek\/kafka-jelentes-az-akademianak\/#primaryimage\"},\"image\":{\"@id\":\"https:\/\/www.szabadszinhaz.hu\/en\/esemenyek\/kafka-jelentes-az-akademianak\/#primaryimage\"},\"thumbnailUrl\":\"https:\/\/www.szabadszinhaz.hu\/wp-content\/uploads\/2024\/01\/kafka.jpg\",\"datePublished\":\"2024-01-15T19:25:37+00:00\",\"dateModified\":\"2024-01-15T19:36:32+00:00\",\"breadcrumb\":{\"@id\":\"https:\/\/www.szabadszinhaz.hu\/en\/esemenyek\/kafka-jelentes-az-akademianak\/#breadcrumb\"},\"inLanguage\":\"en-US\",\"potentialAction\":[{\"@type\":\"ReadAction\",\"target\":[\"https:\/\/www.szabadszinhaz.hu\/en\/esemenyek\/kafka-jelentes-az-akademianak\/\"]}]},{\"@type\":\"ImageObject\",\"inLanguage\":\"en-US\",\"@id\":\"https:\/\/www.szabadszinhaz.hu\/en\/esemenyek\/kafka-jelentes-az-akademianak\/#primaryimage\",\"url\":\"https:\/\/www.szabadszinhaz.hu\/wp-content\/uploads\/2024\/01\/kafka.jpg\",\"contentUrl\":\"https:\/\/www.szabadszinhaz.hu\/wp-content\/uploads\/2024\/01\/kafka.jpg\",\"width\":1440,\"height\":960},{\"@type\":\"BreadcrumbList\",\"@id\":\"https:\/\/www.szabadszinhaz.hu\/en\/esemenyek\/kafka-jelentes-az-akademianak\/#breadcrumb\",\"itemListElement\":[{\"@type\":\"ListItem\",\"position\":1,\"name\":\"Kezd\u0151lap\",\"item\":\"https:\/\/www.szabadszinhaz.hu\/\"},{\"@type\":\"ListItem\",\"position\":2,\"name\":\"Events\",\"item\":\"https:\/\/www.szabadszinhaz.hu\/en\/esemenyek\/\"},{\"@type\":\"ListItem\",\"position\":3,\"name\":\"Kafka &#8211; Jelent\u00e9s az Akad\u00e9mi\u00e1nak\"}]},{\"@type\":\"WebSite\",\"@id\":\"https:\/\/www.szabadszinhaz.hu\/#website\",\"url\":\"https:\/\/www.szabadszinhaz.hu\/\",\"name\":\"Szabad Sz\u00ednh\u00e1z\",\"description\":\"Szabad Sz\u00ednh\u00e1z\",\"publisher\":{\"@id\":\"https:\/\/www.szabadszinhaz.hu\/#organization\"},\"potentialAction\":[{\"@type\":\"SearchAction\",\"target\":{\"@type\":\"EntryPoint\",\"urlTemplate\":\"https:\/\/www.szabadszinhaz.hu\/?s={search_term_string}\"},\"query-input\":{\"@type\":\"PropertyValueSpecification\",\"valueRequired\":true,\"valueName\":\"search_term_string\"}}],\"inLanguage\":\"en-US\"},{\"@type\":\"Organization\",\"@id\":\"https:\/\/www.szabadszinhaz.hu\/#organization\",\"name\":\"Szabad Sz\u00ednh\u00e1z SZ\u00cdN-T\u00c9R Egyes\u00fclet\",\"url\":\"https:\/\/www.szabadszinhaz.hu\/\",\"logo\":{\"@type\":\"ImageObject\",\"inLanguage\":\"en-US\",\"@id\":\"https:\/\/www.szabadszinhaz.hu\/#\/schema\/logo\/image\/\",\"url\":\"https:\/\/www.szabadszinhaz.hu\/wp-content\/uploads\/2025\/01\/images.jpg\",\"contentUrl\":\"https:\/\/www.szabadszinhaz.hu\/wp-content\/uploads\/2025\/01\/images.jpg\",\"width\":178,\"height\":284,\"caption\":\"Szabad Sz\u00ednh\u00e1z SZ\u00cdN-T\u00c9R Egyes\u00fclet\"},\"image\":{\"@id\":\"https:\/\/www.szabadszinhaz.hu\/#\/schema\/logo\/image\/\"},\"sameAs\":[\"https:\/\/www.facebook.com\/szabadszinhaz\"]}]}<\/script>\n<!-- \/ Yoast SEO plugin. -->","yoast_head_json":{"title":"Kafka - Jelent\u00e9s az Akad\u00e9mi\u00e1nak - Szabad Sz\u00ednh\u00e1z","robots":{"index":"index","follow":"follow","max-snippet":"max-snippet:-1","max-image-preview":"max-image-preview:large","max-video-preview":"max-video-preview:-1"},"canonical":"https:\/\/www.szabadszinhaz.hu\/en\/esemenyek\/kafka-jelentes-az-akademianak\/","og_locale":"en_US","og_type":"article","og_title":"Kafka - Jelent\u00e9s az Akad\u00e9mi\u00e1nak - Szabad Sz\u00ednh\u00e1z","og_description":"A Jelent\u00e9s az Akad\u00e9mi\u00e1nak c\u00edm\u0171 r\u00f6vid Kafka novella egy \u00e1tv\u00e1ltoz\u00e1s t\u00f6rt\u00e9netet mutat be. Az emberr\u00e9 v\u00e1lt majom, R\u0151tp\u00e9ter, elmes\u00e9li, s egyszersmind \u00fajra \u00e9li emberr\u00e9 v\u00e1l\u00e1s\u00e1nak, \u00e1talakul\u00e1s\u00e1nak esem\u00e9nyeit. Monol\u00f3gj\u00e1b\u00f3l kider\u00fcl, hogy [&hellip;]","og_url":"https:\/\/www.szabadszinhaz.hu\/en\/esemenyek\/kafka-jelentes-az-akademianak\/","og_site_name":"Szabad Sz\u00ednh\u00e1z","article_publisher":"https:\/\/www.facebook.com\/szabadszinhaz","article_modified_time":"2024-01-15T19:36:32+00:00","og_image":[{"width":1440,"height":960,"url":"https:\/\/www.szabadszinhaz.hu\/wp-content\/uploads\/2024\/01\/kafka.jpg","type":"image\/jpeg"}],"twitter_card":"summary_large_image","twitter_misc":{"Est. reading time":"1 minute"},"schema":{"@context":"https:\/\/schema.org","@graph":[{"@type":"WebPage","@id":"https:\/\/www.szabadszinhaz.hu\/en\/esemenyek\/kafka-jelentes-az-akademianak\/","url":"https:\/\/www.szabadszinhaz.hu\/en\/esemenyek\/kafka-jelentes-az-akademianak\/","name":"Kafka - Jelent\u00e9s az Akad\u00e9mi\u00e1nak - Szabad Sz\u00ednh\u00e1z","isPartOf":{"@id":"https:\/\/www.szabadszinhaz.hu\/#website"},"primaryImageOfPage":{"@id":"https:\/\/www.szabadszinhaz.hu\/en\/esemenyek\/kafka-jelentes-az-akademianak\/#primaryimage"},"image":{"@id":"https:\/\/www.szabadszinhaz.hu\/en\/esemenyek\/kafka-jelentes-az-akademianak\/#primaryimage"},"thumbnailUrl":"https:\/\/www.szabadszinhaz.hu\/wp-content\/uploads\/2024\/01\/kafka.jpg","datePublished":"2024-01-15T19:25:37+00:00","dateModified":"2024-01-15T19:36:32+00:00","breadcrumb":{"@id":"https:\/\/www.szabadszinhaz.hu\/en\/esemenyek\/kafka-jelentes-az-akademianak\/#breadcrumb"},"inLanguage":"en-US","potentialAction":[{"@type":"ReadAction","target":["https:\/\/www.szabadszinhaz.hu\/en\/esemenyek\/kafka-jelentes-az-akademianak\/"]}]},{"@type":"ImageObject","inLanguage":"en-US","@id":"https:\/\/www.szabadszinhaz.hu\/en\/esemenyek\/kafka-jelentes-az-akademianak\/#primaryimage","url":"https:\/\/www.szabadszinhaz.hu\/wp-content\/uploads\/2024\/01\/kafka.jpg","contentUrl":"https:\/\/www.szabadszinhaz.hu\/wp-content\/uploads\/2024\/01\/kafka.jpg","width":1440,"height":960},{"@type":"BreadcrumbList","@id":"https:\/\/www.szabadszinhaz.hu\/en\/esemenyek\/kafka-jelentes-az-akademianak\/#breadcrumb","itemListElement":[{"@type":"ListItem","position":1,"name":"Kezd\u0151lap","item":"https:\/\/www.szabadszinhaz.hu\/"},{"@type":"ListItem","position":2,"name":"Events","item":"https:\/\/www.szabadszinhaz.hu\/en\/esemenyek\/"},{"@type":"ListItem","position":3,"name":"Kafka &#8211; Jelent\u00e9s az Akad\u00e9mi\u00e1nak"}]},{"@type":"WebSite","@id":"https:\/\/www.szabadszinhaz.hu\/#website","url":"https:\/\/www.szabadszinhaz.hu\/","name":"Free Theatre - Szabad Sz\u00ednh\u00e1z","description":"Free Theatre - Szabad Sz\u00ednh\u00e1z","publisher":{"@id":"https:\/\/www.szabadszinhaz.hu\/#organization"},"potentialAction":[{"@type":"SearchAction","target":{"@type":"EntryPoint","urlTemplate":"https:\/\/www.szabadszinhaz.hu\/?s={search_term_string}"},"query-input":{"@type":"PropertyValueSpecification","valueRequired":true,"valueName":"search_term_string"}}],"inLanguage":"en-US"},{"@type":"Organization","@id":"https:\/\/www.szabadszinhaz.hu\/#organization","name":"Szabad Sz\u00ednh\u00e1z SZ\u00cdN-T\u00c9R Egyes\u00fclet","url":"https:\/\/www.szabadszinhaz.hu\/","logo":{"@type":"ImageObject","inLanguage":"en-US","@id":"https:\/\/www.szabadszinhaz.hu\/#\/schema\/logo\/image\/","url":"https:\/\/www.szabadszinhaz.hu\/wp-content\/uploads\/2025\/01\/images.jpg","contentUrl":"https:\/\/www.szabadszinhaz.hu\/wp-content\/uploads\/2025\/01\/images.jpg","width":178,"height":284,"caption":"Szabad Sz\u00ednh\u00e1z SZ\u00cdN-T\u00c9R Egyes\u00fclet"},"image":{"@id":"https:\/\/www.szabadszinhaz.hu\/#\/schema\/logo\/image\/"},"sameAs":["https:\/\/www.facebook.com\/szabadszinhaz"]}]}},"ticketed":false,"_links":{"self":[{"href":"https:\/\/www.szabadszinhaz.hu\/en\/wp-json\/wp\/v2\/tribe_events\/7865","targetHints":{"allow":["GET"]}}],"collection":[{"href":"https:\/\/www.szabadszinhaz.hu\/en\/wp-json\/wp\/v2\/tribe_events"}],"about":[{"href":"https:\/\/www.szabadszinhaz.hu\/en\/wp-json\/wp\/v2\/types\/tribe_events"}],"author":[{"embeddable":true,"href":"https:\/\/www.szabadszinhaz.hu\/en\/wp-json\/wp\/v2\/users\/4"}],"version-history":[{"count":1,"href":"https:\/\/www.szabadszinhaz.hu\/en\/wp-json\/wp\/v2\/tribe_events\/7865\/revisions"}],"predecessor-version":[{"id":7867,"href":"https:\/\/www.szabadszinhaz.hu\/en\/wp-json\/wp\/v2\/tribe_events\/7865\/revisions\/7867"}],"wp:featuredmedia":[{"embeddable":true,"href":"https:\/\/www.szabadszinhaz.hu\/en\/wp-json\/wp\/v2\/media\/7866"}],"wp:attachment":[{"href":"https:\/\/www.szabadszinhaz.hu\/en\/wp-json\/wp\/v2\/media?parent=7865"}],"wp:term":[{"taxonomy":"post_tag","embeddable":true,"href":"https:\/\/www.szabadszinhaz.hu\/en\/wp-json\/wp\/v2\/tags?post=7865"},{"taxonomy":"tribe_events_cat","embeddable":true,"href":"https:\/\/www.szabadszinhaz.hu\/en\/wp-json\/wp\/v2\/tribe_events_cat?post=7865"}],"curies":[{"name":"wp","href":"https:\/\/api.w.org\/{rel}","templated":true}]}}