{"id":7828,"date":"2024-01-03T11:56:37","date_gmt":"2024-01-03T10:56:37","guid":{"rendered":"http:\/\/www.szabadszinhaz.hu\/?post_type=tribe_events&#038;p=7828"},"modified":"2024-01-03T11:56:37","modified_gmt":"2024-01-03T10:56:37","slug":"szegeny-tobias-a-szabad-szinhaz-interaktiv-zenes-babeloadasa","status":"publish","type":"tribe_events","link":"https:\/\/www.szabadszinhaz.hu\/en\/esemenyek\/szegeny-tobias-a-szabad-szinhaz-interaktiv-zenes-babeloadasa\/","title":{"rendered":"Szeg\u00e9ny T\u00f3bi\u00e1s &#8211; A Szabad Sz\u00ednh\u00e1z interakt\u00edv zen\u00e9s b\u00e1bel\u0151ad\u00e1sa"},"content":{"rendered":"<p><span class=\"x193iq5w xeuugli x13faqbe x1vvkbs x1xmvt09 x1lliihq x1s928wv xhkezso x1gmr53x x1cpjm7i x1fgarty x1943h6x xudqn12 x3x7a5m x6prxxf xvq8zen xo1l8bm xzsf02u\" dir=\"auto\">Szeg\u00e9ny T\u00f3bi\u00e1s kalandjai, aki megmenti az elrabolt kir\u00e1lyl\u00e1nyt a gonosz \u00f6rd\u00f6g\u00f6k karmaib\u00f3l.<br \/>\ninterakt\u00edv b\u00e1bel\u0151ad\u00e1s 2023. janu\u00e1r 07-\u00e9n, vas\u00e1rnap 11:00-kor az Ig\u00e9z\u0151ben.<br \/>\nLe\u00edr\u00e1s:<br \/>\n\u201eHol volt hol nem volt volt egyszer egy nagyon szeg\u00e9ny leg\u00e9ny aki elhat\u00e1rozta, elindul szerencs\u00e9t pr\u00f3b\u00e1lni. Kil\u00e9pett h\u00e1t a h\u00e1zuk k\u00fcsz\u00f6b\u00e9n a f\u0151h\u0151s\u00fcnk \u2013 aki a kereszts\u00e9gben a Szeg\u00e9ny T\u00f3bi\u00e1s nevet kapta \u2013 fordult jobbra, fordult balra \u2013 de sehol sem tal\u00e1lta a szerencs\u00e9j\u00e9t&#8230;<br \/>\nT\u00f6rt\u00e9nt azt\u00e1n, hogy a mi T\u00f3bi\u00e1sunk f\u00fclibe jutott, hogy az orsz\u00e1g uralkod\u00f3ja k\u00e9r\u0151t keres legkisebb \u00e9s legszebb le\u00e1ny\u00e1nak Szer\u00e9nyk\u00e9nek. T\u00f6bb se kellett a leg\u00e9nynek nyak\u00e1ba vette a tariszny\u00e1j\u00e1t \u00e9s elindult a kir\u00e1lyi v\u00e1rba \u2013 csakhogy mire oda\u00e9rt, a vil\u00e1gsz\u00e9p kir\u00e1lykisasszonyt elrabolta az \u00f6rd\u00f6g\u2026 H\u00e1t persze, hogy ut\u00e1naeredt a mi T\u00f3bi\u00e1sunk!\u201d<br \/>\nEl\u0151ad\u00f3k<br \/>\n(1) Kov\u00e1cs M\u00e1t\u00e9: sz\u00edn\u00e9sz, b\u00e1bos<br \/>\n(2) Szab\u00f3 Mikl\u00f3s Bence: sz\u00edn\u00e9sz, b\u00e1bos<br \/>\n(3) Balogh Mih\u00e1ly: sz\u00edn\u00e9sz, b\u00e1bos<br \/>\nBel\u00e9p\u0151: gyermekeknek 1500ft, feln\u0151tteknek 2000 Ft<\/span><\/p>","protected":false},"excerpt":{"rendered":"<p>Szeg\u00e9ny T\u00f3bi\u00e1s kalandjai, aki megmenti az elrabolt kir\u00e1lyl\u00e1nyt a gonosz \u00f6rd\u00f6g\u00f6k karmaib\u00f3l. interakt\u00edv b\u00e1bel\u0151ad\u00e1s 2023. janu\u00e1r 07-\u00e9n, vas\u00e1rnap 11:00-kor az Ig\u00e9z\u0151ben. Le\u00edr\u00e1s: \u201eHol volt hol nem volt volt egyszer egy [&hellip;]<\/p>\n","protected":false},"author":4,"featured_media":7829,"template":"","meta":{"_et_pb_use_builder":"","_et_pb_old_content":"","_et_gb_content_width":"","_price":"","_stock":"","_tribe_ticket_header":"","_tribe_default_ticket_provider":"","_ticket_start_date":"","_ticket_end_date":"","_tribe_ticket_show_description":"","_tribe_ticket_show_not_going":false,"_tribe_ticket_use_global_stock":"","_tribe_ticket_global_stock_level":"","_global_stock_mode":"","_global_stock_cap":"","_tribe_rsvp_for_event":"","_tribe_ticket_going_count":"","_tribe_ticket_not_going_count":"","_tribe_tickets_list":"[]","_tribe_ticket_has_attendee_info_fields":false,"_tribe_events_status":"","_tribe_events_status_reason":"","footnotes":"","_tec_slr_enabled":"","_tec_slr_layout":""},"tags":[],"tribe_events_cat":[],"class_list":["post-7828","tribe_events","type-tribe_events","status-publish","has-post-thumbnail","hentry"],"yoast_head":"<!-- This site is optimized with the Yoast SEO plugin v25.0 - https:\/\/yoast.com\/wordpress\/plugins\/seo\/ -->\n<title>Szeg\u00e9ny T\u00f3bi\u00e1s - A Szabad Sz\u00ednh\u00e1z interakt\u00edv zen\u00e9s b\u00e1bel\u0151ad\u00e1sa - Szabad Sz\u00ednh\u00e1z<\/title>\n<meta name=\"robots\" content=\"index, follow, max-snippet:-1, max-image-preview:large, max-video-preview:-1\" \/>\n<link rel=\"canonical\" href=\"https:\/\/www.szabadszinhaz.hu\/en\/esemenyek\/szegeny-tobias-a-szabad-szinhaz-interaktiv-zenes-babeloadasa\/\" \/>\n<meta property=\"og:locale\" content=\"en_US\" \/>\n<meta property=\"og:type\" content=\"article\" \/>\n<meta property=\"og:title\" content=\"Szeg\u00e9ny T\u00f3bi\u00e1s - A Szabad Sz\u00ednh\u00e1z interakt\u00edv zen\u00e9s b\u00e1bel\u0151ad\u00e1sa - Szabad Sz\u00ednh\u00e1z\" \/>\n<meta property=\"og:description\" content=\"Szeg\u00e9ny T\u00f3bi\u00e1s kalandjai, aki megmenti az elrabolt kir\u00e1lyl\u00e1nyt a gonosz \u00f6rd\u00f6g\u00f6k karmaib\u00f3l. interakt\u00edv b\u00e1bel\u0151ad\u00e1s 2023. janu\u00e1r 07-\u00e9n, vas\u00e1rnap 11:00-kor az Ig\u00e9z\u0151ben. Le\u00edr\u00e1s: \u201eHol volt hol nem volt volt egyszer egy [&hellip;]\" \/>\n<meta property=\"og:url\" content=\"https:\/\/www.szabadszinhaz.hu\/en\/esemenyek\/szegeny-tobias-a-szabad-szinhaz-interaktiv-zenes-babeloadasa\/\" \/>\n<meta property=\"og:site_name\" content=\"Szabad Sz\u00ednh\u00e1z\" \/>\n<meta property=\"article:publisher\" content=\"https:\/\/www.facebook.com\/szabadszinhaz\" \/>\n<meta property=\"og:image\" content=\"https:\/\/www.szabadszinhaz.hu\/wp-content\/uploads\/2024\/01\/tobias.jpg\" \/>\n\t<meta property=\"og:image:width\" content=\"1280\" \/>\n\t<meta property=\"og:image:height\" content=\"853\" \/>\n\t<meta property=\"og:image:type\" content=\"image\/jpeg\" \/>\n<meta name=\"twitter:card\" content=\"summary_large_image\" \/>\n<meta name=\"twitter:label1\" content=\"Est. reading time\" \/>\n\t<meta name=\"twitter:data1\" content=\"1 minute\" \/>\n<script type=\"application\/ld+json\" class=\"yoast-schema-graph\">{\"@context\":\"https:\/\/schema.org\",\"@graph\":[{\"@type\":\"WebPage\",\"@id\":\"https:\/\/www.szabadszinhaz.hu\/en\/esemenyek\/szegeny-tobias-a-szabad-szinhaz-interaktiv-zenes-babeloadasa\/\",\"url\":\"https:\/\/www.szabadszinhaz.hu\/en\/esemenyek\/szegeny-tobias-a-szabad-szinhaz-interaktiv-zenes-babeloadasa\/\",\"name\":\"Szeg\u00e9ny T\u00f3bi\u00e1s - A Szabad Sz\u00ednh\u00e1z interakt\u00edv zen\u00e9s b\u00e1bel\u0151ad\u00e1sa - Szabad Sz\u00ednh\u00e1z\",\"isPartOf\":{\"@id\":\"https:\/\/www.szabadszinhaz.hu\/#website\"},\"primaryImageOfPage\":{\"@id\":\"https:\/\/www.szabadszinhaz.hu\/en\/esemenyek\/szegeny-tobias-a-szabad-szinhaz-interaktiv-zenes-babeloadasa\/#primaryimage\"},\"image\":{\"@id\":\"https:\/\/www.szabadszinhaz.hu\/en\/esemenyek\/szegeny-tobias-a-szabad-szinhaz-interaktiv-zenes-babeloadasa\/#primaryimage\"},\"thumbnailUrl\":\"https:\/\/www.szabadszinhaz.hu\/wp-content\/uploads\/2024\/01\/tobias.jpg\",\"datePublished\":\"2024-01-03T10:56:37+00:00\",\"breadcrumb\":{\"@id\":\"https:\/\/www.szabadszinhaz.hu\/en\/esemenyek\/szegeny-tobias-a-szabad-szinhaz-interaktiv-zenes-babeloadasa\/#breadcrumb\"},\"inLanguage\":\"en-US\",\"potentialAction\":[{\"@type\":\"ReadAction\",\"target\":[\"https:\/\/www.szabadszinhaz.hu\/en\/esemenyek\/szegeny-tobias-a-szabad-szinhaz-interaktiv-zenes-babeloadasa\/\"]}]},{\"@type\":\"ImageObject\",\"inLanguage\":\"en-US\",\"@id\":\"https:\/\/www.szabadszinhaz.hu\/en\/esemenyek\/szegeny-tobias-a-szabad-szinhaz-interaktiv-zenes-babeloadasa\/#primaryimage\",\"url\":\"https:\/\/www.szabadszinhaz.hu\/wp-content\/uploads\/2024\/01\/tobias.jpg\",\"contentUrl\":\"https:\/\/www.szabadszinhaz.hu\/wp-content\/uploads\/2024\/01\/tobias.jpg\",\"width\":1280,\"height\":853},{\"@type\":\"BreadcrumbList\",\"@id\":\"https:\/\/www.szabadszinhaz.hu\/en\/esemenyek\/szegeny-tobias-a-szabad-szinhaz-interaktiv-zenes-babeloadasa\/#breadcrumb\",\"itemListElement\":[{\"@type\":\"ListItem\",\"position\":1,\"name\":\"Kezd\u0151lap\",\"item\":\"https:\/\/www.szabadszinhaz.hu\/\"},{\"@type\":\"ListItem\",\"position\":2,\"name\":\"Events\",\"item\":\"https:\/\/www.szabadszinhaz.hu\/en\/esemenyek\/\"},{\"@type\":\"ListItem\",\"position\":3,\"name\":\"Szeg\u00e9ny T\u00f3bi\u00e1s &#8211; A Szabad Sz\u00ednh\u00e1z interakt\u00edv zen\u00e9s b\u00e1bel\u0151ad\u00e1sa\"}]},{\"@type\":\"WebSite\",\"@id\":\"https:\/\/www.szabadszinhaz.hu\/#website\",\"url\":\"https:\/\/www.szabadszinhaz.hu\/\",\"name\":\"Szabad Sz\u00ednh\u00e1z\",\"description\":\"Szabad Sz\u00ednh\u00e1z\",\"publisher\":{\"@id\":\"https:\/\/www.szabadszinhaz.hu\/#organization\"},\"potentialAction\":[{\"@type\":\"SearchAction\",\"target\":{\"@type\":\"EntryPoint\",\"urlTemplate\":\"https:\/\/www.szabadszinhaz.hu\/?s={search_term_string}\"},\"query-input\":{\"@type\":\"PropertyValueSpecification\",\"valueRequired\":true,\"valueName\":\"search_term_string\"}}],\"inLanguage\":\"en-US\"},{\"@type\":\"Organization\",\"@id\":\"https:\/\/www.szabadszinhaz.hu\/#organization\",\"name\":\"Szabad Sz\u00ednh\u00e1z SZ\u00cdN-T\u00c9R Egyes\u00fclet\",\"url\":\"https:\/\/www.szabadszinhaz.hu\/\",\"logo\":{\"@type\":\"ImageObject\",\"inLanguage\":\"en-US\",\"@id\":\"https:\/\/www.szabadszinhaz.hu\/#\/schema\/logo\/image\/\",\"url\":\"https:\/\/www.szabadszinhaz.hu\/wp-content\/uploads\/2025\/01\/images.jpg\",\"contentUrl\":\"https:\/\/www.szabadszinhaz.hu\/wp-content\/uploads\/2025\/01\/images.jpg\",\"width\":178,\"height\":284,\"caption\":\"Szabad Sz\u00ednh\u00e1z SZ\u00cdN-T\u00c9R Egyes\u00fclet\"},\"image\":{\"@id\":\"https:\/\/www.szabadszinhaz.hu\/#\/schema\/logo\/image\/\"},\"sameAs\":[\"https:\/\/www.facebook.com\/szabadszinhaz\"]}]}<\/script>\n<!-- \/ Yoast SEO plugin. -->","yoast_head_json":{"title":"Szeg\u00e9ny T\u00f3bi\u00e1s - A Szabad Sz\u00ednh\u00e1z interakt\u00edv zen\u00e9s b\u00e1bel\u0151ad\u00e1sa - Szabad Sz\u00ednh\u00e1z","robots":{"index":"index","follow":"follow","max-snippet":"max-snippet:-1","max-image-preview":"max-image-preview:large","max-video-preview":"max-video-preview:-1"},"canonical":"https:\/\/www.szabadszinhaz.hu\/en\/esemenyek\/szegeny-tobias-a-szabad-szinhaz-interaktiv-zenes-babeloadasa\/","og_locale":"en_US","og_type":"article","og_title":"Szeg\u00e9ny T\u00f3bi\u00e1s - A Szabad Sz\u00ednh\u00e1z interakt\u00edv zen\u00e9s b\u00e1bel\u0151ad\u00e1sa - Szabad Sz\u00ednh\u00e1z","og_description":"Szeg\u00e9ny T\u00f3bi\u00e1s kalandjai, aki megmenti az elrabolt kir\u00e1lyl\u00e1nyt a gonosz \u00f6rd\u00f6g\u00f6k karmaib\u00f3l. interakt\u00edv b\u00e1bel\u0151ad\u00e1s 2023. janu\u00e1r 07-\u00e9n, vas\u00e1rnap 11:00-kor az Ig\u00e9z\u0151ben. Le\u00edr\u00e1s: \u201eHol volt hol nem volt volt egyszer egy [&hellip;]","og_url":"https:\/\/www.szabadszinhaz.hu\/en\/esemenyek\/szegeny-tobias-a-szabad-szinhaz-interaktiv-zenes-babeloadasa\/","og_site_name":"Szabad Sz\u00ednh\u00e1z","article_publisher":"https:\/\/www.facebook.com\/szabadszinhaz","og_image":[{"width":1280,"height":853,"url":"https:\/\/www.szabadszinhaz.hu\/wp-content\/uploads\/2024\/01\/tobias.jpg","type":"image\/jpeg"}],"twitter_card":"summary_large_image","twitter_misc":{"Est. reading time":"1 minute"},"schema":{"@context":"https:\/\/schema.org","@graph":[{"@type":"WebPage","@id":"https:\/\/www.szabadszinhaz.hu\/en\/esemenyek\/szegeny-tobias-a-szabad-szinhaz-interaktiv-zenes-babeloadasa\/","url":"https:\/\/www.szabadszinhaz.hu\/en\/esemenyek\/szegeny-tobias-a-szabad-szinhaz-interaktiv-zenes-babeloadasa\/","name":"Szeg\u00e9ny T\u00f3bi\u00e1s - A Szabad Sz\u00ednh\u00e1z interakt\u00edv zen\u00e9s b\u00e1bel\u0151ad\u00e1sa - Szabad Sz\u00ednh\u00e1z","isPartOf":{"@id":"https:\/\/www.szabadszinhaz.hu\/#website"},"primaryImageOfPage":{"@id":"https:\/\/www.szabadszinhaz.hu\/en\/esemenyek\/szegeny-tobias-a-szabad-szinhaz-interaktiv-zenes-babeloadasa\/#primaryimage"},"image":{"@id":"https:\/\/www.szabadszinhaz.hu\/en\/esemenyek\/szegeny-tobias-a-szabad-szinhaz-interaktiv-zenes-babeloadasa\/#primaryimage"},"thumbnailUrl":"https:\/\/www.szabadszinhaz.hu\/wp-content\/uploads\/2024\/01\/tobias.jpg","datePublished":"2024-01-03T10:56:37+00:00","breadcrumb":{"@id":"https:\/\/www.szabadszinhaz.hu\/en\/esemenyek\/szegeny-tobias-a-szabad-szinhaz-interaktiv-zenes-babeloadasa\/#breadcrumb"},"inLanguage":"en-US","potentialAction":[{"@type":"ReadAction","target":["https:\/\/www.szabadszinhaz.hu\/en\/esemenyek\/szegeny-tobias-a-szabad-szinhaz-interaktiv-zenes-babeloadasa\/"]}]},{"@type":"ImageObject","inLanguage":"en-US","@id":"https:\/\/www.szabadszinhaz.hu\/en\/esemenyek\/szegeny-tobias-a-szabad-szinhaz-interaktiv-zenes-babeloadasa\/#primaryimage","url":"https:\/\/www.szabadszinhaz.hu\/wp-content\/uploads\/2024\/01\/tobias.jpg","contentUrl":"https:\/\/www.szabadszinhaz.hu\/wp-content\/uploads\/2024\/01\/tobias.jpg","width":1280,"height":853},{"@type":"BreadcrumbList","@id":"https:\/\/www.szabadszinhaz.hu\/en\/esemenyek\/szegeny-tobias-a-szabad-szinhaz-interaktiv-zenes-babeloadasa\/#breadcrumb","itemListElement":[{"@type":"ListItem","position":1,"name":"Kezd\u0151lap","item":"https:\/\/www.szabadszinhaz.hu\/"},{"@type":"ListItem","position":2,"name":"Events","item":"https:\/\/www.szabadszinhaz.hu\/en\/esemenyek\/"},{"@type":"ListItem","position":3,"name":"Szeg\u00e9ny T\u00f3bi\u00e1s &#8211; A Szabad Sz\u00ednh\u00e1z interakt\u00edv zen\u00e9s b\u00e1bel\u0151ad\u00e1sa"}]},{"@type":"WebSite","@id":"https:\/\/www.szabadszinhaz.hu\/#website","url":"https:\/\/www.szabadszinhaz.hu\/","name":"Free Theatre - Szabad Sz\u00ednh\u00e1z","description":"Free Theatre - Szabad Sz\u00ednh\u00e1z","publisher":{"@id":"https:\/\/www.szabadszinhaz.hu\/#organization"},"potentialAction":[{"@type":"SearchAction","target":{"@type":"EntryPoint","urlTemplate":"https:\/\/www.szabadszinhaz.hu\/?s={search_term_string}"},"query-input":{"@type":"PropertyValueSpecification","valueRequired":true,"valueName":"search_term_string"}}],"inLanguage":"en-US"},{"@type":"Organization","@id":"https:\/\/www.szabadszinhaz.hu\/#organization","name":"Szabad Sz\u00ednh\u00e1z SZ\u00cdN-T\u00c9R Egyes\u00fclet","url":"https:\/\/www.szabadszinhaz.hu\/","logo":{"@type":"ImageObject","inLanguage":"en-US","@id":"https:\/\/www.szabadszinhaz.hu\/#\/schema\/logo\/image\/","url":"https:\/\/www.szabadszinhaz.hu\/wp-content\/uploads\/2025\/01\/images.jpg","contentUrl":"https:\/\/www.szabadszinhaz.hu\/wp-content\/uploads\/2025\/01\/images.jpg","width":178,"height":284,"caption":"Szabad Sz\u00ednh\u00e1z SZ\u00cdN-T\u00c9R Egyes\u00fclet"},"image":{"@id":"https:\/\/www.szabadszinhaz.hu\/#\/schema\/logo\/image\/"},"sameAs":["https:\/\/www.facebook.com\/szabadszinhaz"]}]}},"ticketed":false,"_links":{"self":[{"href":"https:\/\/www.szabadszinhaz.hu\/en\/wp-json\/wp\/v2\/tribe_events\/7828","targetHints":{"allow":["GET"]}}],"collection":[{"href":"https:\/\/www.szabadszinhaz.hu\/en\/wp-json\/wp\/v2\/tribe_events"}],"about":[{"href":"https:\/\/www.szabadszinhaz.hu\/en\/wp-json\/wp\/v2\/types\/tribe_events"}],"author":[{"embeddable":true,"href":"https:\/\/www.szabadszinhaz.hu\/en\/wp-json\/wp\/v2\/users\/4"}],"version-history":[{"count":1,"href":"https:\/\/www.szabadszinhaz.hu\/en\/wp-json\/wp\/v2\/tribe_events\/7828\/revisions"}],"predecessor-version":[{"id":7830,"href":"https:\/\/www.szabadszinhaz.hu\/en\/wp-json\/wp\/v2\/tribe_events\/7828\/revisions\/7830"}],"wp:featuredmedia":[{"embeddable":true,"href":"https:\/\/www.szabadszinhaz.hu\/en\/wp-json\/wp\/v2\/media\/7829"}],"wp:attachment":[{"href":"https:\/\/www.szabadszinhaz.hu\/en\/wp-json\/wp\/v2\/media?parent=7828"}],"wp:term":[{"taxonomy":"post_tag","embeddable":true,"href":"https:\/\/www.szabadszinhaz.hu\/en\/wp-json\/wp\/v2\/tags?post=7828"},{"taxonomy":"tribe_events_cat","embeddable":true,"href":"https:\/\/www.szabadszinhaz.hu\/en\/wp-json\/wp\/v2\/tribe_events_cat?post=7828"}],"curies":[{"name":"wp","href":"https:\/\/api.w.org\/{rel}","templated":true}]}}