{"id":7683,"date":"2023-11-13T21:50:48","date_gmt":"2023-11-13T20:50:48","guid":{"rendered":"http:\/\/www.szabadszinhaz.hu\/?post_type=tribe_events&#038;p=7683"},"modified":"2023-11-13T21:50:48","modified_gmt":"2023-11-13T20:50:48","slug":"szabad-szinhaz-egy-kis-karacini-csoda","status":"publish","type":"tribe_events","link":"https:\/\/www.szabadszinhaz.hu\/en\/esemenyek\/szabad-szinhaz-egy-kis-karacini-csoda\/","title":{"rendered":"Szabad sz\u00ednh\u00e1z &#8211; Egy kis Kar\u00e1Cini csoda"},"content":{"rendered":"<div class=\"xjyslct xjbqb8w x972fbf xcfux6l x1qhh985 xm0m39n x9f619 x1rg5ohu xdj266r x11i5rnm xat24cr x1mh8g0r xexx8yu x4uap5 x18d9i69 xkhd6sd x1n2onr6 x16tdsg8 xh8yej3\">\n<div class=\"x78zum5 xdt5ytf xwib8y2 x1y1aw1k\">\n<div class=\"x9f619 x1n2onr6 x1ja2u2z x78zum5 x2lah0s x1nhvcw1 x1cy8zhl xozqiw3 x1q0g3np x1pi30zi x1swvt13 xexx8yu xykv574 xbmpl8g x4cne27 xifccgj\">\n<div class=\"x9f619 x1n2onr6 x1ja2u2z x78zum5 xdt5ytf x193iq5w xeuugli x1r8uery x1iyjqo2 xs83m0k xamitd3 xsyo7zv x16hj40l x10b6aqq x1yrsyyn\">\n<div class=\"x78zum5 xdt5ytf xz62fqu x16ldp7u\">\n<div class=\"xu06os2 x1ok221b\"><\/div>\n<\/div>\n<\/div>\n<\/div>\n<\/div>\n<\/div>\n<div class=\"x1pi30zi x1swvt13\">\n<div class=\"x1ni5s2d\">\n<div class=\"xdj266r x11i5rnm xat24cr x1mh8g0r x1vvkbs\">2023. december 10-\u00e9n, vas\u00e1rnap 11:00-kor az Ig\u00e9z\u0151ben &#8211; Egy kis Kar\u00e1Cini csoda.<br \/>\nAz \u00f3don Cin-cin kast\u00e9ly lak\u00f3i kar\u00e1csonyhoz k\u00e9sz\u00fcl\u0151dnek. A kast\u00e9ly feled\u00e9keny ura Lord Cincin el is indul a k\u00f6nyvt\u00e1rszob\u00e1ba a nagy sajtgy\u00e9m\u00e1nt\u00e9rt, hogy el\u0151k\u00e9sz\u00edtse azt az \u00fcnnepi est\u00e9re. Sajtgy\u00e9m\u00e1nt n\u00e9lk\u00fcl ugyanis nincs \u00fcnnep az egerekn\u00e9l, hiszen \u2013a hagyom\u00e1ny szerint-, a gy\u00e9m\u00e1ntot mindenkinek meg kell d\u00f6rzs\u00f6lnie az \u00fcnnep \u00e9jszak\u00e1j\u00e1n ahhoz, hogy teljes\u00fclj\u00f6n a kar\u00e1csonyi k\u00edv\u00e1ns\u00e1ga. A gy\u00e9m\u00e1ntot azonban elnyeli a kast\u00e9ly, \u00edgy azt\u00e1n vesz\u00e9lybe ker\u00fcl az egerek boldog kar\u00e1csonya\u2026<br \/>\nJegyrendel\u00e9s az igezo2014@gmail.com c\u00edmen, a 06-30-6960526-s telefonsz\u00e1mon, az Ig\u00e9z\u0151 facebook oldal\u00e1n messenger \u00fczenetben, vagy szem\u00e9lyesen a Basa u. 1-ben, h\u00e9tk\u00f6znapokon 14.00-19.00-ig.<\/div>\n<\/div>\n<\/div>","protected":false},"excerpt":{"rendered":"<p>2023. december 10-\u00e9n, vas\u00e1rnap 11:00-kor az Ig\u00e9z\u0151ben &#8211; Egy kis Kar\u00e1Cini csoda. Az \u00f3don Cin-cin kast\u00e9ly lak\u00f3i kar\u00e1csonyhoz k\u00e9sz\u00fcl\u0151dnek. A kast\u00e9ly feled\u00e9keny ura Lord Cincin el is indul a k\u00f6nyvt\u00e1rszob\u00e1ba [&hellip;]<\/p>\n","protected":false},"author":4,"featured_media":7684,"template":"","meta":{"_et_pb_use_builder":"","_et_pb_old_content":"","_et_gb_content_width":"","_price":"","_stock":"","_tribe_ticket_header":"","_tribe_default_ticket_provider":"","_ticket_start_date":"","_ticket_end_date":"","_tribe_ticket_show_description":"","_tribe_ticket_show_not_going":false,"_tribe_ticket_use_global_stock":"","_tribe_ticket_global_stock_level":"","_global_stock_mode":"","_global_stock_cap":"","_tribe_rsvp_for_event":"","_tribe_ticket_going_count":"","_tribe_ticket_not_going_count":"","_tribe_tickets_list":"[]","_tribe_ticket_has_attendee_info_fields":false,"_tribe_events_status":"","_tribe_events_status_reason":"","footnotes":"","_tec_slr_enabled":"","_tec_slr_layout":""},"tags":[],"tribe_events_cat":[],"class_list":["post-7683","tribe_events","type-tribe_events","status-publish","has-post-thumbnail","hentry"],"yoast_head":"<!-- This site is optimized with the Yoast SEO plugin v25.0 - https:\/\/yoast.com\/wordpress\/plugins\/seo\/ -->\n<title>Szabad sz\u00ednh\u00e1z - Egy kis Kar\u00e1Cini csoda - Szabad Sz\u00ednh\u00e1z<\/title>\n<meta name=\"robots\" content=\"index, follow, max-snippet:-1, max-image-preview:large, max-video-preview:-1\" \/>\n<link rel=\"canonical\" href=\"https:\/\/www.szabadszinhaz.hu\/en\/esemenyek\/szabad-szinhaz-egy-kis-karacini-csoda\/\" \/>\n<meta property=\"og:locale\" content=\"en_US\" \/>\n<meta property=\"og:type\" content=\"article\" \/>\n<meta property=\"og:title\" content=\"Szabad sz\u00ednh\u00e1z - Egy kis Kar\u00e1Cini csoda - Szabad Sz\u00ednh\u00e1z\" \/>\n<meta property=\"og:description\" content=\"2023. december 10-\u00e9n, vas\u00e1rnap 11:00-kor az Ig\u00e9z\u0151ben &#8211; Egy kis Kar\u00e1Cini csoda. Az \u00f3don Cin-cin kast\u00e9ly lak\u00f3i kar\u00e1csonyhoz k\u00e9sz\u00fcl\u0151dnek. A kast\u00e9ly feled\u00e9keny ura Lord Cincin el is indul a k\u00f6nyvt\u00e1rszob\u00e1ba [&hellip;]\" \/>\n<meta property=\"og:url\" content=\"https:\/\/www.szabadszinhaz.hu\/en\/esemenyek\/szabad-szinhaz-egy-kis-karacini-csoda\/\" \/>\n<meta property=\"og:site_name\" content=\"Szabad Sz\u00ednh\u00e1z\" \/>\n<meta property=\"article:publisher\" content=\"https:\/\/www.facebook.com\/szabadszinhaz\" \/>\n<meta property=\"og:image\" content=\"https:\/\/www.szabadszinhaz.hu\/wp-content\/uploads\/2023\/11\/cini.jpg\" \/>\n\t<meta property=\"og:image:width\" content=\"703\" \/>\n\t<meta property=\"og:image:height\" content=\"469\" \/>\n\t<meta property=\"og:image:type\" content=\"image\/jpeg\" \/>\n<meta name=\"twitter:card\" content=\"summary_large_image\" \/>\n<meta name=\"twitter:label1\" content=\"Est. reading time\" \/>\n\t<meta name=\"twitter:data1\" content=\"1 minute\" \/>\n<script type=\"application\/ld+json\" class=\"yoast-schema-graph\">{\"@context\":\"https:\/\/schema.org\",\"@graph\":[{\"@type\":\"WebPage\",\"@id\":\"https:\/\/www.szabadszinhaz.hu\/en\/esemenyek\/szabad-szinhaz-egy-kis-karacini-csoda\/\",\"url\":\"https:\/\/www.szabadszinhaz.hu\/en\/esemenyek\/szabad-szinhaz-egy-kis-karacini-csoda\/\",\"name\":\"Szabad sz\u00ednh\u00e1z - Egy kis Kar\u00e1Cini csoda - Szabad Sz\u00ednh\u00e1z\",\"isPartOf\":{\"@id\":\"https:\/\/www.szabadszinhaz.hu\/#website\"},\"primaryImageOfPage\":{\"@id\":\"https:\/\/www.szabadszinhaz.hu\/en\/esemenyek\/szabad-szinhaz-egy-kis-karacini-csoda\/#primaryimage\"},\"image\":{\"@id\":\"https:\/\/www.szabadszinhaz.hu\/en\/esemenyek\/szabad-szinhaz-egy-kis-karacini-csoda\/#primaryimage\"},\"thumbnailUrl\":\"https:\/\/www.szabadszinhaz.hu\/wp-content\/uploads\/2023\/11\/cini.jpg\",\"datePublished\":\"2023-11-13T20:50:48+00:00\",\"breadcrumb\":{\"@id\":\"https:\/\/www.szabadszinhaz.hu\/en\/esemenyek\/szabad-szinhaz-egy-kis-karacini-csoda\/#breadcrumb\"},\"inLanguage\":\"en-US\",\"potentialAction\":[{\"@type\":\"ReadAction\",\"target\":[\"https:\/\/www.szabadszinhaz.hu\/en\/esemenyek\/szabad-szinhaz-egy-kis-karacini-csoda\/\"]}]},{\"@type\":\"ImageObject\",\"inLanguage\":\"en-US\",\"@id\":\"https:\/\/www.szabadszinhaz.hu\/en\/esemenyek\/szabad-szinhaz-egy-kis-karacini-csoda\/#primaryimage\",\"url\":\"https:\/\/www.szabadszinhaz.hu\/wp-content\/uploads\/2023\/11\/cini.jpg\",\"contentUrl\":\"https:\/\/www.szabadszinhaz.hu\/wp-content\/uploads\/2023\/11\/cini.jpg\",\"width\":703,\"height\":469},{\"@type\":\"BreadcrumbList\",\"@id\":\"https:\/\/www.szabadszinhaz.hu\/en\/esemenyek\/szabad-szinhaz-egy-kis-karacini-csoda\/#breadcrumb\",\"itemListElement\":[{\"@type\":\"ListItem\",\"position\":1,\"name\":\"Kezd\u0151lap\",\"item\":\"https:\/\/www.szabadszinhaz.hu\/\"},{\"@type\":\"ListItem\",\"position\":2,\"name\":\"Events\",\"item\":\"https:\/\/www.szabadszinhaz.hu\/en\/esemenyek\/\"},{\"@type\":\"ListItem\",\"position\":3,\"name\":\"Szabad sz\u00ednh\u00e1z &#8211; Egy kis Kar\u00e1Cini csoda\"}]},{\"@type\":\"WebSite\",\"@id\":\"https:\/\/www.szabadszinhaz.hu\/#website\",\"url\":\"https:\/\/www.szabadszinhaz.hu\/\",\"name\":\"Szabad Sz\u00ednh\u00e1z\",\"description\":\"Szabad Sz\u00ednh\u00e1z\",\"publisher\":{\"@id\":\"https:\/\/www.szabadszinhaz.hu\/#organization\"},\"potentialAction\":[{\"@type\":\"SearchAction\",\"target\":{\"@type\":\"EntryPoint\",\"urlTemplate\":\"https:\/\/www.szabadszinhaz.hu\/?s={search_term_string}\"},\"query-input\":{\"@type\":\"PropertyValueSpecification\",\"valueRequired\":true,\"valueName\":\"search_term_string\"}}],\"inLanguage\":\"en-US\"},{\"@type\":\"Organization\",\"@id\":\"https:\/\/www.szabadszinhaz.hu\/#organization\",\"name\":\"Szabad Sz\u00ednh\u00e1z SZ\u00cdN-T\u00c9R Egyes\u00fclet\",\"url\":\"https:\/\/www.szabadszinhaz.hu\/\",\"logo\":{\"@type\":\"ImageObject\",\"inLanguage\":\"en-US\",\"@id\":\"https:\/\/www.szabadszinhaz.hu\/#\/schema\/logo\/image\/\",\"url\":\"https:\/\/www.szabadszinhaz.hu\/wp-content\/uploads\/2025\/01\/images.jpg\",\"contentUrl\":\"https:\/\/www.szabadszinhaz.hu\/wp-content\/uploads\/2025\/01\/images.jpg\",\"width\":178,\"height\":284,\"caption\":\"Szabad Sz\u00ednh\u00e1z SZ\u00cdN-T\u00c9R Egyes\u00fclet\"},\"image\":{\"@id\":\"https:\/\/www.szabadszinhaz.hu\/#\/schema\/logo\/image\/\"},\"sameAs\":[\"https:\/\/www.facebook.com\/szabadszinhaz\"]}]}<\/script>\n<!-- \/ Yoast SEO plugin. -->","yoast_head_json":{"title":"Szabad sz\u00ednh\u00e1z - Egy kis Kar\u00e1Cini csoda - Szabad Sz\u00ednh\u00e1z","robots":{"index":"index","follow":"follow","max-snippet":"max-snippet:-1","max-image-preview":"max-image-preview:large","max-video-preview":"max-video-preview:-1"},"canonical":"https:\/\/www.szabadszinhaz.hu\/en\/esemenyek\/szabad-szinhaz-egy-kis-karacini-csoda\/","og_locale":"en_US","og_type":"article","og_title":"Szabad sz\u00ednh\u00e1z - Egy kis Kar\u00e1Cini csoda - Szabad Sz\u00ednh\u00e1z","og_description":"2023. december 10-\u00e9n, vas\u00e1rnap 11:00-kor az Ig\u00e9z\u0151ben &#8211; Egy kis Kar\u00e1Cini csoda. Az \u00f3don Cin-cin kast\u00e9ly lak\u00f3i kar\u00e1csonyhoz k\u00e9sz\u00fcl\u0151dnek. A kast\u00e9ly feled\u00e9keny ura Lord Cincin el is indul a k\u00f6nyvt\u00e1rszob\u00e1ba [&hellip;]","og_url":"https:\/\/www.szabadszinhaz.hu\/en\/esemenyek\/szabad-szinhaz-egy-kis-karacini-csoda\/","og_site_name":"Szabad Sz\u00ednh\u00e1z","article_publisher":"https:\/\/www.facebook.com\/szabadszinhaz","og_image":[{"width":703,"height":469,"url":"https:\/\/www.szabadszinhaz.hu\/wp-content\/uploads\/2023\/11\/cini.jpg","type":"image\/jpeg"}],"twitter_card":"summary_large_image","twitter_misc":{"Est. reading time":"1 minute"},"schema":{"@context":"https:\/\/schema.org","@graph":[{"@type":"WebPage","@id":"https:\/\/www.szabadszinhaz.hu\/en\/esemenyek\/szabad-szinhaz-egy-kis-karacini-csoda\/","url":"https:\/\/www.szabadszinhaz.hu\/en\/esemenyek\/szabad-szinhaz-egy-kis-karacini-csoda\/","name":"Szabad sz\u00ednh\u00e1z - Egy kis Kar\u00e1Cini csoda - Szabad Sz\u00ednh\u00e1z","isPartOf":{"@id":"https:\/\/www.szabadszinhaz.hu\/#website"},"primaryImageOfPage":{"@id":"https:\/\/www.szabadszinhaz.hu\/en\/esemenyek\/szabad-szinhaz-egy-kis-karacini-csoda\/#primaryimage"},"image":{"@id":"https:\/\/www.szabadszinhaz.hu\/en\/esemenyek\/szabad-szinhaz-egy-kis-karacini-csoda\/#primaryimage"},"thumbnailUrl":"https:\/\/www.szabadszinhaz.hu\/wp-content\/uploads\/2023\/11\/cini.jpg","datePublished":"2023-11-13T20:50:48+00:00","breadcrumb":{"@id":"https:\/\/www.szabadszinhaz.hu\/en\/esemenyek\/szabad-szinhaz-egy-kis-karacini-csoda\/#breadcrumb"},"inLanguage":"en-US","potentialAction":[{"@type":"ReadAction","target":["https:\/\/www.szabadszinhaz.hu\/en\/esemenyek\/szabad-szinhaz-egy-kis-karacini-csoda\/"]}]},{"@type":"ImageObject","inLanguage":"en-US","@id":"https:\/\/www.szabadszinhaz.hu\/en\/esemenyek\/szabad-szinhaz-egy-kis-karacini-csoda\/#primaryimage","url":"https:\/\/www.szabadszinhaz.hu\/wp-content\/uploads\/2023\/11\/cini.jpg","contentUrl":"https:\/\/www.szabadszinhaz.hu\/wp-content\/uploads\/2023\/11\/cini.jpg","width":703,"height":469},{"@type":"BreadcrumbList","@id":"https:\/\/www.szabadszinhaz.hu\/en\/esemenyek\/szabad-szinhaz-egy-kis-karacini-csoda\/#breadcrumb","itemListElement":[{"@type":"ListItem","position":1,"name":"Kezd\u0151lap","item":"https:\/\/www.szabadszinhaz.hu\/"},{"@type":"ListItem","position":2,"name":"Events","item":"https:\/\/www.szabadszinhaz.hu\/en\/esemenyek\/"},{"@type":"ListItem","position":3,"name":"Szabad sz\u00ednh\u00e1z &#8211; Egy kis Kar\u00e1Cini csoda"}]},{"@type":"WebSite","@id":"https:\/\/www.szabadszinhaz.hu\/#website","url":"https:\/\/www.szabadszinhaz.hu\/","name":"Free Theatre - Szabad Sz\u00ednh\u00e1z","description":"Free Theatre - Szabad Sz\u00ednh\u00e1z","publisher":{"@id":"https:\/\/www.szabadszinhaz.hu\/#organization"},"potentialAction":[{"@type":"SearchAction","target":{"@type":"EntryPoint","urlTemplate":"https:\/\/www.szabadszinhaz.hu\/?s={search_term_string}"},"query-input":{"@type":"PropertyValueSpecification","valueRequired":true,"valueName":"search_term_string"}}],"inLanguage":"en-US"},{"@type":"Organization","@id":"https:\/\/www.szabadszinhaz.hu\/#organization","name":"Szabad Sz\u00ednh\u00e1z SZ\u00cdN-T\u00c9R Egyes\u00fclet","url":"https:\/\/www.szabadszinhaz.hu\/","logo":{"@type":"ImageObject","inLanguage":"en-US","@id":"https:\/\/www.szabadszinhaz.hu\/#\/schema\/logo\/image\/","url":"https:\/\/www.szabadszinhaz.hu\/wp-content\/uploads\/2025\/01\/images.jpg","contentUrl":"https:\/\/www.szabadszinhaz.hu\/wp-content\/uploads\/2025\/01\/images.jpg","width":178,"height":284,"caption":"Szabad Sz\u00ednh\u00e1z SZ\u00cdN-T\u00c9R Egyes\u00fclet"},"image":{"@id":"https:\/\/www.szabadszinhaz.hu\/#\/schema\/logo\/image\/"},"sameAs":["https:\/\/www.facebook.com\/szabadszinhaz"]}]}},"ticketed":false,"_links":{"self":[{"href":"https:\/\/www.szabadszinhaz.hu\/en\/wp-json\/wp\/v2\/tribe_events\/7683","targetHints":{"allow":["GET"]}}],"collection":[{"href":"https:\/\/www.szabadszinhaz.hu\/en\/wp-json\/wp\/v2\/tribe_events"}],"about":[{"href":"https:\/\/www.szabadszinhaz.hu\/en\/wp-json\/wp\/v2\/types\/tribe_events"}],"author":[{"embeddable":true,"href":"https:\/\/www.szabadszinhaz.hu\/en\/wp-json\/wp\/v2\/users\/4"}],"version-history":[{"count":1,"href":"https:\/\/www.szabadszinhaz.hu\/en\/wp-json\/wp\/v2\/tribe_events\/7683\/revisions"}],"predecessor-version":[{"id":7685,"href":"https:\/\/www.szabadszinhaz.hu\/en\/wp-json\/wp\/v2\/tribe_events\/7683\/revisions\/7685"}],"wp:featuredmedia":[{"embeddable":true,"href":"https:\/\/www.szabadszinhaz.hu\/en\/wp-json\/wp\/v2\/media\/7684"}],"wp:attachment":[{"href":"https:\/\/www.szabadszinhaz.hu\/en\/wp-json\/wp\/v2\/media?parent=7683"}],"wp:term":[{"taxonomy":"post_tag","embeddable":true,"href":"https:\/\/www.szabadszinhaz.hu\/en\/wp-json\/wp\/v2\/tags?post=7683"},{"taxonomy":"tribe_events_cat","embeddable":true,"href":"https:\/\/www.szabadszinhaz.hu\/en\/wp-json\/wp\/v2\/tribe_events_cat?post=7683"}],"curies":[{"name":"wp","href":"https:\/\/api.w.org\/{rel}","templated":true}]}}