{"id":75,"date":"2024-10-15T12:02:16","date_gmt":"2024-10-15T10:02:16","guid":{"rendered":"http:\/\/www.szabszinhaz.hu\/?page_id=75"},"modified":"2026-01-29T11:05:04","modified_gmt":"2026-01-29T10:05:04","slug":"szinhazi-eloadasok","status":"publish","type":"page","link":"https:\/\/www.szabadszinhaz.hu\/en\/szinhazi-eloadasok\/","title":{"rendered":"Sz\u00ednh\u00e1zi el\u0151ad\u00e1sok &#8211;"},"content":{"rendered":"<p>[et_pb_section fb_built=&#8221;1&#8243; _builder_version=&#8221;4.16&#8243; _module_preset=&#8221;default&#8221; background_color=&#8221;#fff1d0&#8243; global_colors_info=&#8221;{}&#8221;][et_pb_row _builder_version=&#8221;4.27.4&#8243; _module_preset=&#8221;default&#8221; global_colors_info=&#8221;{}&#8221;][et_pb_column type=&#8221;4_4&#8243; _builder_version=&#8221;4.16&#8243; _module_preset=&#8221;default&#8221; global_colors_info=&#8221;{}&#8221;][et_pb_text _builder_version=&#8221;4.27.4&#8243; _module_preset=&#8221;default&#8221; text_text_color=&#8221;#000000&#8243; text_font_size=&#8221;31px&#8221; global_colors_info=&#8221;{}&#8221;]<\/p>\n<p><strong>Sz\u00ednh\u00e1zi el\u0151ad\u00e1sok &#8211; Tel: +36306960526; Email: igezo2014@gmail.com<br \/><\/strong><\/p>\n<p>[\/et_pb_text][\/et_pb_column][\/et_pb_row][et_pb_row _builder_version=&#8221;4.20.4&#8243; _module_preset=&#8221;default&#8221; custom_padding=&#8221;3px|||||&#8221; global_colors_info=&#8221;{}&#8221;][et_pb_column type=&#8221;4_4&#8243; _builder_version=&#8221;4.16&#8243; _module_preset=&#8221;default&#8221; global_colors_info=&#8221;{}&#8221;][et_pb_divider color=&#8221;#000000&#8243; divider_weight=&#8221;4px&#8221; _builder_version=&#8221;4.16&#8243; _module_preset=&#8221;default&#8221; custom_padding=&#8221;||14px|||&#8221; global_colors_info=&#8221;{}&#8221;][\/et_pb_divider][\/et_pb_column][\/et_pb_row][et_pb_row column_structure=&#8221;1_3,1_3,1_3&#8243; _builder_version=&#8221;4.27.5&#8243; _module_preset=&#8221;default&#8221; global_colors_info=&#8221;{}&#8221;][et_pb_column type=&#8221;1_3&#8243; _builder_version=&#8221;4.16&#8243; _module_preset=&#8221;default&#8221; global_colors_info=&#8221;{}&#8221;][et_pb_blurb image=&#8221;https:\/\/www.szabadszinhaz.hu\/wp-content\/uploads\/2026\/01\/MT_plakat_260117.jpg&#8221; _builder_version=&#8221;4.27.5&#8243; _module_preset=&#8221;default&#8221; hover_enabled=&#8221;0&#8243; global_colors_info=&#8221;{}&#8221; sticky_enabled=&#8221;0&#8243;]<\/p>\n<p><a href=\"\/esemenyek\/biro-bence-magyartenger-2026-01-17-premier-telthaz\/\">B\u00edr\u00f3 Bence: magyartenger\u00a0<\/a><\/p>\n<p>[\/et_pb_blurb][et_pb_blurb url=&#8221;\/szinhazi-eloadasok\/mesteremberek\/&#8221; image=&#8221;https:\/\/www.szabadszinhaz.hu\/wp-content\/uploads\/2025\/04\/idopont_helyszin_nyers_mesteremberek.jpeg&#8221; _builder_version=&#8221;4.27.5&#8243; _module_preset=&#8221;default&#8221; header_font=&#8221;||||||||&#8221; header_text_color=&#8221;#000000&#8243; body_text_color=&#8221;#000000&#8243; body_font_size=&#8221;19px&#8221; text_orientation=&#8221;center&#8221; global_colors_info=&#8221;{}&#8221;]<\/p>\n<h3 class=\"tribe-events-calendar-list__event-title tribe-common-h6 tribe-common-h4--min-medium\">\u00a0<\/h3>\n<h4 class=\"tribe-events-calendar-list__event-title tribe-common-h6 tribe-common-h4--min-medium\"><a class=\"tribe-events-calendar-list__event-title-link tribe-common-anchor-thin\" title=\"Szabad Sz\u00ednh\u00e1z el\u0151ad\u00e1sa \u2013 Line Knutzon \u2013 Mesteremberek\" href=\"\/esemenyek\/szabad-szinhaz-eloadasa-line-knutzon-mesteremberek-2\/\" rel=\"bookmark\">Line Knutzon \u2013 Mesteremberek <\/a><\/h4>\n<h3 class=\"tribe-events-calendar-list__event-title tribe-common-h6 tribe-common-h4--min-medium\">\u00a0<\/h3>\n<p><strong>\u00a0<\/strong><\/p>\n<p>[\/et_pb_blurb][\/et_pb_column][et_pb_column type=&#8221;1_3&#8243; _builder_version=&#8221;4.16&#8243; _module_preset=&#8221;default&#8221; global_colors_info=&#8221;{}&#8221;][et_pb_blurb image=&#8221;https:\/\/www.szabadszinhaz.hu\/wp-content\/uploads\/2024\/02\/A-szent-csalad-plakat.jpg&#8221; _builder_version=&#8221;4.27.5&#8243; _module_preset=&#8221;default&#8221; global_colors_info=&#8221;{}&#8221;]<\/p>\n<p>&nbsp;<\/p>\n<h4 class=\"tribe-events-calendar-list__event-title tribe-common-h6 tribe-common-h4--min-medium\"><a class=\"tribe-events-calendar-list__event-title-link tribe-common-anchor-thin\" title=\"Szabad Sz\u00ednh\u00e1z \u2013 Schwajda Gy\u00f6rgy- Nagy Judit \u2013 A szent csal\u00e1d \u2013 abszurd kom\u00e9dia\" href=\"\/esemenyek\/szabad-szinhaz-schwajda-gyorgy-nagy-judit-a-szent-csalad-abszurd-komedia-4\/\" rel=\"bookmark\">Schwajda Gy\u00f6rgy- Nagy Judit \u2013 A szent csal\u00e1d \u2013 abszurd kom\u00e9dia <\/a><\/h4>\n<p>[\/et_pb_blurb][\/et_pb_column][et_pb_column type=&#8221;1_3&#8243; _builder_version=&#8221;4.16&#8243; _module_preset=&#8221;default&#8221; global_colors_info=&#8221;{}&#8221;][et_pb_blurb url=&#8221;https:\/\/www.szabadszinhaz.hu\/esemenyek\/emigransok-a-szabad-szinhaz-eloadasa\/&#8221; image=&#8221;https:\/\/www.szabadszinhaz.hu\/wp-content\/uploads\/2025\/04\/Emigransok-plakat-rotated.jpg&#8221; image_icon_width=&#8221;120%&#8221; _builder_version=&#8221;4.27.4&#8243; _module_preset=&#8221;default&#8221; global_colors_info=&#8221;{}&#8221;]<\/p>\n<h4 style=\"text-align: center;\">Slawomir Mrozek &#8211; Emigr\u00e1nsok<\/h4>\n<p>&nbsp;<\/p>\n<p>[\/et_pb_blurb][\/et_pb_column][\/et_pb_row][et_pb_row column_structure=&#8221;1_3,1_3,1_3&#8243; _builder_version=&#8221;4.20.4&#8243; _module_preset=&#8221;default&#8221; global_colors_info=&#8221;{}&#8221;][et_pb_column type=&#8221;1_3&#8243; _builder_version=&#8221;4.16&#8243; _module_preset=&#8221;default&#8221; global_colors_info=&#8221;{}&#8221;][et_pb_blurb image=&#8221;https:\/\/www.szabadszinhaz.hu\/wp-content\/uploads\/2024\/10\/3-erd.jpg&#8221; _builder_version=&#8221;4.27.4&#8243; _module_preset=&#8221;default&#8221; global_colors_info=&#8221;{}&#8221;]<\/p>\n<p>&nbsp;<\/p>\n<h4 class=\"tribe-events-calendar-list__event-title tribe-common-h6 tribe-common-h4--min-medium\"><a class=\"tribe-events-calendar-list__event-title-link tribe-common-anchor-thin\" title=\"Szabad Sz\u00ednh\u00e1z \u2013 A h\u00e1rom Erd\u0151di\" href=\"\/esemenyek\/szabad-szinhaz-a-harom-erdodi-2\/\" rel=\"bookmark\">Urb\u00e1n P\u00e9ter &#8211;\u00a0 A h\u00e1rom Erd\u0151di <\/a><\/h4>\n<p>[\/et_pb_blurb][\/et_pb_column][et_pb_column type=&#8221;1_3&#8243; _builder_version=&#8221;4.16&#8243; _module_preset=&#8221;default&#8221; global_colors_info=&#8221;{}&#8221;][et_pb_blurb image=&#8221;https:\/\/www.szabadszinhaz.hu\/wp-content\/uploads\/2025\/04\/1bd349d4-fe7e-4181-a5c4-e6aacdc801fc.jpg&#8221; _builder_version=&#8221;4.27.4&#8243; _module_preset=&#8221;default&#8221; global_colors_info=&#8221;{}&#8221;]<\/p>\n<p>&nbsp;<\/p>\n<h3 class=\"tribe-events-calendar-list__event-title tribe-common-h6 tribe-common-h4--min-medium\"><a class=\"tribe-events-calendar-list__event-title-link tribe-common-anchor-thin\" title=\"Szabad Sz\u00ednh\u00e1z \u2013 Borb\u00e9ly L\u00e1szl\u00f3 \u2013 Nagy Judit: Az \u00e1tok \u2013 kik\u00f6t\u0151i legenda 10+1 k\u00e9pben\" href=\"\/esemenyek\/szabad-szinhaz-borbely-laszlo-nagy-judit-az-atok-kikotoi-legenda-101-kepben-4\/\" rel=\"bookmark\">Borb\u00e9ly L\u00e1szl\u00f3 \u2013 Nagy Judit: Az \u00e1tok \u2013 kik\u00f6t\u0151i legenda 10+1 k\u00e9pben <\/a><\/h3>\n<p>[\/et_pb_blurb][\/et_pb_column][et_pb_column type=&#8221;1_3&#8243; _builder_version=&#8221;4.16&#8243; _module_preset=&#8221;default&#8221; global_colors_info=&#8221;{}&#8221;][et_pb_blurb url=&#8221;https:\/\/www.szabadszinhaz.hu\/szinhazi-eloadasok\/mika-myllyaho-panik\/&#8221; image=&#8221;https:\/\/www.szabadszinhaz.hu\/wp-content\/uploads\/2025\/04\/panik-plakat.png&#8221; _builder_version=&#8221;4.27.4&#8243; _module_preset=&#8221;default&#8221; global_colors_info=&#8221;{}&#8221;]<\/p>\n<h4 style=\"text-align: center;\">Mika Myllyaho &#8211; P\u00e1nik<\/h4>\n<p>[\/et_pb_blurb][\/et_pb_column][\/et_pb_row][et_pb_row column_structure=&#8221;1_3,1_3,1_3&#8243; _builder_version=&#8221;4.20.4&#8243; _module_preset=&#8221;default&#8221; global_colors_info=&#8221;{}&#8221;][et_pb_column type=&#8221;1_3&#8243; _builder_version=&#8221;4.16&#8243; _module_preset=&#8221;default&#8221; global_colors_info=&#8221;{}&#8221;][et_pb_blurb url=&#8221;\/szinhazi-eloadasok\/ma-nincs-hamlet&#8221; image=&#8221;http:\/\/www.szabszinhaz.hu\/wp-content\/uploads\/2021\/11\/poster.png&#8221; _builder_version=&#8221;4.27.4&#8243; _module_preset=&#8221;default&#8221; header_font=&#8221;||||||||&#8221; header_text_color=&#8221;#000000&#8243; body_text_color=&#8221;#000000&#8243; body_font_size=&#8221;19px&#8221; text_orientation=&#8221;center&#8221; global_colors_info=&#8221;{}&#8221;]<\/p>\n<p><strong>Ma nincs Hamlet<\/strong><\/p>\n<p>[\/et_pb_blurb][\/et_pb_column][et_pb_column type=&#8221;1_3&#8243; _builder_version=&#8221;4.16&#8243; _module_preset=&#8221;default&#8221; global_colors_info=&#8221;{}&#8221;][et_pb_blurb url=&#8221;https:\/\/www.szabadszinhaz.hu\/esemenyek\/lovatett-lovagok-a-szabad-szinhaz-vasvari-csoport-eloadasa\/&#8221; image=&#8221;https:\/\/www.szabadszinhaz.hu\/wp-content\/uploads\/2025\/04\/lovatett1.jpg&#8221; image_icon_width=&#8221;91%&#8221; _builder_version=&#8221;4.27.4&#8243; _module_preset=&#8221;default&#8221; global_colors_info=&#8221;{}&#8221;]<\/p>\n<h4 class=\"tribe-events-calendar-list__event-title tribe-common-h6 tribe-common-h4--min-medium\" style=\"text-align: center;\">Lov\u00e1tett Lovagok<\/h4>\n<p>[\/et_pb_blurb][\/et_pb_column][et_pb_column type=&#8221;1_3&#8243; _builder_version=&#8221;4.16&#8243; _module_preset=&#8221;default&#8221; global_colors_info=&#8221;{}&#8221;][et_pb_blurb url=&#8221;https:\/\/www.szabadszinhaz.hu\/esemenyek\/bogarka-land-interaktiv-mesejatek-gyerekek-felnotteknek\/&#8221; image=&#8221;https:\/\/www.szabadszinhaz.hu\/wp-content\/uploads\/2025\/04\/Bogarkaland-1.jpg&#8221; image_icon_width=&#8221;174%&#8221; _builder_version=&#8221;4.27.4&#8243; _module_preset=&#8221;default&#8221; header_font=&#8221;||||||||&#8221; header_text_color=&#8221;#000000&#8243; body_text_color=&#8221;#000000&#8243; body_font_size=&#8221;19px&#8221; text_orientation=&#8221;center&#8221; global_colors_info=&#8221;{}&#8221;]<\/p>\n<h3 class=\"tribe-events-calendar-list__event-title tribe-common-h6 tribe-common-h4--min-medium\">\u00a0<\/h3>\n<h4 class=\"tribe-events-calendar-list__event-title tribe-common-h6 tribe-common-h4--min-medium\">Bog\u00e1rka &#8211; Land<\/h4>\n<h3 class=\"tribe-events-calendar-list__event-title tribe-common-h6 tribe-common-h4--min-medium\">\u00a0<\/h3>\n<p><strong>\u00a0<\/strong><\/p>\n<p>[\/et_pb_blurb][\/et_pb_column][\/et_pb_row][et_pb_row column_structure=&#8221;1_3,1_3,1_3&#8243; _builder_version=&#8221;4.20.4&#8243; _module_preset=&#8221;default&#8221; global_colors_info=&#8221;{}&#8221;][et_pb_column type=&#8221;1_3&#8243; _builder_version=&#8221;4.16&#8243; _module_preset=&#8221;default&#8221; global_colors_info=&#8221;{}&#8221;][et_pb_blurb image=&#8221;https:\/\/www.szabadszinhaz.hu\/wp-content\/uploads\/2025\/03\/pettson.jpg&#8221; _builder_version=&#8221;4.27.4&#8243; _module_preset=&#8221;default&#8221; global_colors_info=&#8221;{}&#8221;]<\/p>\n<p>&nbsp;<\/p>\n<h4 class=\"tribe-events-calendar-list__event-title tribe-common-h6 tribe-common-h4--min-medium\"><a href=\"https:\/\/moly.hu\/alkotok\/sven-nordqvist\">Sven Nordqvist<\/a><a class=\"tribe-events-calendar-list__event-title-link tribe-common-anchor-thin\" title=\"Szabad Sz\u00ednh\u00e1z \u2013 Pettson kar\u00e1csonya \u2013 mesej\u00e1t\u00e9k\" href=\"\/esemenyek\/szabad-szinhaz-pettson-karacsonya-mesejatek-2\/\" rel=\"bookmark\"> &#8211; Pettson kar\u00e1csonya \u2013 mesej\u00e1t\u00e9k <\/a><\/h4>\n<p>[\/et_pb_blurb][\/et_pb_column][et_pb_column type=&#8221;1_3&#8243; _builder_version=&#8221;4.16&#8243; _module_preset=&#8221;default&#8221; global_colors_info=&#8221;{}&#8221;][et_pb_blurb image=&#8221;https:\/\/www.szabadszinhaz.hu\/wp-content\/uploads\/2024\/11\/elcerelt-16.jpg&#8221; _builder_version=&#8221;4.27.4&#8243; _module_preset=&#8221;default&#8221; global_colors_info=&#8221;{}&#8221;]<\/p>\n<p>&nbsp;<\/p>\n<h4 class=\"tribe-events-calendar-list__event-title tribe-common-h6 tribe-common-h4--min-medium\"><a class=\"tribe-events-calendar-list__event-title-link tribe-common-anchor-thin\" title=\"Az elcser\u00e9lt aj\u00e1nd\u00e9kok \u2013 Interakt\u00edv \u00e9l\u0151zen\u00e9s, izgalmas Mikul\u00e1sv\u00e1r\u00f3 m\u0171sor gyermekeknek, csal\u00e1doknak\" href=\"\/esemenyek\/az-elcserelt-ajandekok-interaktiv-elozenes-izgalmas-mikulasvaro-musor-gyermekeknek-csaladoknak\/\" rel=\"bookmark\">Az elcser\u00e9lt aj\u00e1nd\u00e9kok \u2013 Interakt\u00edv \u00e9l\u0151zen\u00e9s, izgalmas Mikul\u00e1sv\u00e1r\u00f3 m\u0171sor gyermekeknek, csal\u00e1doknak <\/a><\/h4>\n<p>[\/et_pb_blurb][\/et_pb_column][et_pb_column type=&#8221;1_3&#8243; _builder_version=&#8221;4.16&#8243; _module_preset=&#8221;default&#8221; global_colors_info=&#8221;{}&#8221;][et_pb_blurb title=&#8221;A kar\u00e1csonyi titok&#8221; url=&#8221;https:\/\/www.szabadszinhaz.hu\/esemenyek\/a-karacsonyi-titok-a-szabad-szinhaz-mesejateka-2\/&#8221; image=&#8221;https:\/\/www.szabadszinhaz.hu\/wp-content\/uploads\/2024\/11\/kar.titok_.jpg&#8221; image_icon_width=&#8221;125%&#8221; _builder_version=&#8221;4.27.4&#8243; _module_preset=&#8221;default&#8221; global_colors_info=&#8221;{}&#8221;]<\/p>\n<h4>\u00a0<\/h4>\n<p>[\/et_pb_blurb][\/et_pb_column][\/et_pb_row][et_pb_row column_structure=&#8221;1_3,1_3,1_3&#8243; _builder_version=&#8221;4.16&#8243; _module_preset=&#8221;default&#8221; global_colors_info=&#8221;{}&#8221;][et_pb_column type=&#8221;1_3&#8243; _builder_version=&#8221;4.16&#8243; _module_preset=&#8221;default&#8221; global_colors_info=&#8221;{}&#8221;][et_pb_blurb url=&#8221;\/szinhazi-eloadasok\/mediahatas\/&#8221; image=&#8221;http:\/\/www.szabszinhaz.hu\/wp-content\/uploads\/2022\/03\/01_mediahatas_plakat.jpg&#8221; _builder_version=&#8221;4.27.5&#8243; _module_preset=&#8221;default&#8221; header_font=&#8221;||||||||&#8221; header_text_color=&#8221;#000000&#8243; body_text_color=&#8221;#000000&#8243; body_font_size=&#8221;19px&#8221; text_orientation=&#8221;center&#8221; global_colors_info=&#8221;{}&#8221;]<\/p>\n<p><strong>M\u00e9diahat\u00e1s<\/strong><\/p>\n<p>[\/et_pb_blurb][et_pb_blurb url=&#8221;\/szinhazi-eloadasok\/inkabb-elnek-arkadiaban&#8221; image=&#8221;http:\/\/www.szabadszinhaz.hu\/wp-content\/uploads\/2023\/03\/unnamed-scaled.jpg&#8221; _builder_version=&#8221;4.27.4&#8243; _module_preset=&#8221;default&#8221; header_font=&#8221;||||||||&#8221; header_text_color=&#8221;#000000&#8243; body_text_color=&#8221;#000000&#8243; body_font_size=&#8221;19px&#8221; text_orientation=&#8221;center&#8221; global_colors_info=&#8221;{}&#8221;]<\/p>\n<p><strong>Ink\u00e1bb \u00e9ln\u00e9k \u00c1rk\u00e1di\u00e1ban<\/strong><\/p>\n<p>[\/et_pb_blurb][\/et_pb_column][et_pb_column type=&#8221;1_3&#8243; _builder_version=&#8221;4.16&#8243; _module_preset=&#8221;default&#8221; global_colors_info=&#8221;{}&#8221;][et_pb_blurb image=&#8221;https:\/\/www.szabadszinhaz.hu\/wp-content\/uploads\/2024\/11\/A-babajos-lakat.jpg&#8221; _builder_version=&#8221;4.27.4&#8243; _module_preset=&#8221;default&#8221; global_colors_info=&#8221;{}&#8221;]<\/p>\n<p>&nbsp;<\/p>\n<h4 class=\"tribe-events-calendar-list__event-title tribe-common-h6 tribe-common-h4--min-medium\"><a class=\"tribe-events-calendar-list__event-title-link tribe-common-anchor-thin\" title=\"A b\u0171b\u00e1jos lakat \u2013 A Szabad Sz\u00ednh\u00e1z interakt\u00edv gyermekel\u0151ad\u00e1sa\" href=\"\/esemenyek\/a-bubajos-lakat-a-szabad-szinhaz-interaktiv-gyermekeloadasa\/\" rel=\"bookmark\">A b\u0171b\u00e1jos lakat \u2013interakt\u00edv gyermekel\u0151ad\u00e1s<\/a><\/h4>\n<p>[\/et_pb_blurb][et_pb_blurb url=&#8221;\/szinhazi-eloadasok\/hullam\/&#8221; image=&#8221;http:\/\/www.szabadszinhaz.hu\/wp-content\/uploads\/2022\/03\/hullam-plakat-jo.jpg&#8221; _builder_version=&#8221;4.27.4&#8243; _module_preset=&#8221;default&#8221; header_font=&#8221;||||||||&#8221; header_text_color=&#8221;#000000&#8243; body_text_color=&#8221;#000000&#8243; body_font_size=&#8221;19px&#8221; text_orientation=&#8221;center&#8221; global_colors_info=&#8221;{}&#8221;]<\/p>\n<p><strong>Hull\u00e1m<\/strong><\/p>\n<p>[\/et_pb_blurb][\/et_pb_column][et_pb_column type=&#8221;1_3&#8243; _builder_version=&#8221;4.16&#8243; _module_preset=&#8221;default&#8221; global_colors_info=&#8221;{}&#8221;][et_pb_blurb url=&#8221;\/szinhazi-eloadasok\/hay-janos-a-lany-aki-hozott-lelekbol-dolgozott\/%22&#8243; image=&#8221;http:\/\/www.szabszinhaz.hu\/wp-content\/uploads\/2021\/11\/plakat-724&#215;1024-1.png&#8221; _builder_version=&#8221;4.27.4&#8243; _module_preset=&#8221;default&#8221; header_font=&#8221;||||||||&#8221; header_text_color=&#8221;#000000&#8243; body_text_color=&#8221;#000000&#8243; body_font_size=&#8221;19px&#8221; text_orientation=&#8221;center&#8221; global_colors_info=&#8221;{}&#8221;]<\/p>\n<p><strong>A l\u00e1ny, aki hozott l\u00e9lekb\u0151l dolgozott<\/strong><\/p>\n<p>[\/et_pb_blurb][et_pb_blurb url=&#8221;\/szinhazi-eloadasok\/volgyhid&#8221; image=&#8221;http:\/\/www.szabadszinhaz.hu\/wp-content\/uploads\/2022\/03\/02_volgyhid_plakat_szinlap.jpg&#8221; _builder_version=&#8221;4.27.4&#8243; _module_preset=&#8221;default&#8221; header_font=&#8221;||||||||&#8221; header_text_color=&#8221;#000000&#8243; body_text_color=&#8221;#000000&#8243; body_font_size=&#8221;19px&#8221; text_orientation=&#8221;center&#8221; global_colors_info=&#8221;{}&#8221;]<\/p>\n<p><strong>V\u00f6lgyh\u00edd<\/strong><\/p>\n<p>[\/et_pb_blurb][\/et_pb_column][\/et_pb_row][et_pb_row column_structure=&#8221;1_3,1_3,1_3&#8243; _builder_version=&#8221;4.16&#8243; _module_preset=&#8221;default&#8221; global_colors_info=&#8221;{}&#8221;][et_pb_column type=&#8221;1_3&#8243; _builder_version=&#8221;4.16&#8243; _module_preset=&#8221;default&#8221; global_colors_info=&#8221;{}&#8221;][et_pb_blurb url=&#8221;\/szinhazi-eloadasok\/mika-myllyaho-kaosz\/&#8221; image=&#8221;http:\/\/www.szabszinhaz.hu\/wp-content\/uploads\/2022\/01\/kaosz.png&#8221; _builder_version=&#8221;4.16&#8243; _module_preset=&#8221;default&#8221; header_font=&#8221;||||||||&#8221; header_text_color=&#8221;#000000&#8243; body_text_color=&#8221;#000000&#8243; body_font_size=&#8221;19px&#8221; text_orientation=&#8221;center&#8221; global_colors_info=&#8221;{}&#8221;]<\/p>\n<p><strong>K\u00e1osz<\/strong><\/p>\n<p>[\/et_pb_blurb][\/et_pb_column][et_pb_column type=&#8221;1_3&#8243; _builder_version=&#8221;4.16&#8243; _module_preset=&#8221;default&#8221; global_colors_info=&#8221;{}&#8221;][et_pb_blurb url=&#8221;\/szinhazi-eloadasok\/taller-edina-kaliforniai-alom\/&#8221; image=&#8221;http:\/\/www.szabszinhaz.hu\/wp-content\/uploads\/2022\/01\/kaliforniai_plaka_szerep.jpg&#8221; _builder_version=&#8221;4.16&#8243; _module_preset=&#8221;default&#8221; header_font=&#8221;||||||||&#8221; header_text_color=&#8221;#000000&#8243; body_text_color=&#8221;#000000&#8243; body_font_size=&#8221;19px&#8221; text_orientation=&#8221;center&#8221; global_colors_info=&#8221;{}&#8221;]<\/p>\n<p><strong>Kaliforniai \u00e1lom<\/strong><\/p>\n<p>[\/et_pb_blurb][\/et_pb_column][et_pb_column type=&#8221;1_3&#8243; _builder_version=&#8221;4.16&#8243; _module_preset=&#8221;default&#8221; global_colors_info=&#8221;{}&#8221;][et_pb_blurb url=&#8221;\/szinhazi-eloadasok\/hubay-miklos-romai-karneval\/&#8221; image=&#8221;http:\/\/www.szabszinhaz.hu\/wp-content\/uploads\/2022\/01\/romai.jpg&#8221; _builder_version=&#8221;4.16&#8243; _module_preset=&#8221;default&#8221; header_font=&#8221;||||||||&#8221; header_text_color=&#8221;#000000&#8243; body_text_color=&#8221;#000000&#8243; body_font_size=&#8221;19px&#8221; text_orientation=&#8221;center&#8221; global_colors_info=&#8221;{}&#8221;]<\/p>\n<p><strong>R\u00f3mai Karnev\u00e1l<\/strong><\/p>\n<p>[\/et_pb_blurb][\/et_pb_column][\/et_pb_row][et_pb_row column_structure=&#8221;1_3,1_3,1_3&#8243; _builder_version=&#8221;4.16&#8243; _module_preset=&#8221;default&#8221; global_colors_info=&#8221;{}&#8221;][et_pb_column type=&#8221;1_3&#8243; _builder_version=&#8221;4.16&#8243; _module_preset=&#8221;default&#8221; global_colors_info=&#8221;{}&#8221;][et_pb_blurb url=&#8221;\/szinhazi-eloadasok\/liszkay-terez-vak-bela-kiraly\/&#8221; image=&#8221;http:\/\/www.szabszinhaz.hu\/wp-content\/uploads\/2022\/01\/vakbela.jpg&#8221; _builder_version=&#8221;4.16&#8243; _module_preset=&#8221;default&#8221; header_font=&#8221;||||||||&#8221; header_text_color=&#8221;#000000&#8243; body_text_color=&#8221;#000000&#8243; body_font_size=&#8221;19px&#8221; text_orientation=&#8221;center&#8221; global_colors_info=&#8221;{}&#8221;]<\/p>\n<p><strong>Vak B\u00e9la kir\u00e1ly<\/strong><\/p>\n<p>[\/et_pb_blurb][\/et_pb_column][et_pb_column type=&#8221;1_3&#8243; _builder_version=&#8221;4.16&#8243; _module_preset=&#8221;default&#8221; global_colors_info=&#8221;{}&#8221;][et_pb_blurb url=&#8221;\/szinhazi-eloadasok\/slawomir-mrozek-nyilt-tengeren\/&#8221; image=&#8221;http:\/\/www.szabszinhaz.hu\/wp-content\/uploads\/2022\/01\/nyilt-tengeren.jpg&#8221; _builder_version=&#8221;4.27.4&#8243; _module_preset=&#8221;default&#8221; header_font=&#8221;||||||||&#8221; header_text_color=&#8221;#000000&#8243; body_text_color=&#8221;#000000&#8243; body_font_size=&#8221;19px&#8221; text_orientation=&#8221;center&#8221; global_colors_info=&#8221;{}&#8221;]<\/p>\n<p><strong>Ny\u00edlt tengeren<\/strong><\/p>\n<p>[\/et_pb_blurb][\/et_pb_column][et_pb_column type=&#8221;1_3&#8243; _builder_version=&#8221;4.16&#8243; _module_preset=&#8221;default&#8221; global_colors_info=&#8221;{}&#8221;][et_pb_blurb url=&#8221;\/szinhazi-eloadasok\/slawomir-mrozek-emigransok&#8221; image=&#8221;http:\/\/www.szabszinhaz.hu\/wp-content\/uploads\/2022\/01\/emigransok0410.jpg&#8221; _builder_version=&#8221;4.16&#8243; _module_preset=&#8221;default&#8221; header_font=&#8221;||||||||&#8221; header_text_color=&#8221;#000000&#8243; body_text_color=&#8221;#000000&#8243; body_font_size=&#8221;19px&#8221; text_orientation=&#8221;center&#8221; global_colors_info=&#8221;{}&#8221;]<\/p>\n<p><strong>Emigr\u00e1nsok<\/strong><\/p>\n<p>[\/et_pb_blurb][\/et_pb_column][\/et_pb_row][et_pb_row column_structure=&#8221;1_3,1_3,1_3&#8243; _builder_version=&#8221;4.16&#8243; _module_preset=&#8221;default&#8221; global_colors_info=&#8221;{}&#8221;][et_pb_column type=&#8221;1_3&#8243; _builder_version=&#8221;4.16&#8243; _module_preset=&#8221;default&#8221; global_colors_info=&#8221;{}&#8221;][et_pb_blurb url=&#8221;\/szinhazi-eloadasok\/ujkery-csaba-nagy-judit-hetorszag-fejedelmei&#8221; image=&#8221;http:\/\/www.szabszinhaz.hu\/wp-content\/uploads\/2022\/01\/hetorszag.jpg&#8221; _builder_version=&#8221;4.16&#8243; _module_preset=&#8221;default&#8221; header_font=&#8221;||||||||&#8221; header_text_color=&#8221;#000000&#8243; body_text_color=&#8221;#000000&#8243; body_font_size=&#8221;19px&#8221; text_orientation=&#8221;center&#8221; global_colors_info=&#8221;{}&#8221;]<\/p>\n<p><strong>H\u00e9torsz\u00e1g fejedelmei<\/strong><\/p>\n<p>[\/et_pb_blurb][\/et_pb_column][et_pb_column type=&#8221;1_3&#8243; _builder_version=&#8221;4.16&#8243; _module_preset=&#8221;default&#8221; global_colors_info=&#8221;{}&#8221;][et_pb_blurb url=&#8221;\/szinhazi-eloadasok\/az-igazi&#8221; image=&#8221;http:\/\/www.szabszinhaz.hu\/wp-content\/uploads\/2022\/01\/maraiazigazi-2015_0130_31.jpg&#8221; _builder_version=&#8221;4.16&#8243; _module_preset=&#8221;default&#8221; header_font=&#8221;||||||||&#8221; header_text_color=&#8221;#000000&#8243; body_text_color=&#8221;#000000&#8243; body_font_size=&#8221;19px&#8221; text_orientation=&#8221;center&#8221; global_colors_info=&#8221;{}&#8221;]<\/p>\n<p><strong>Az igazi<\/strong><\/p>\n<p>[\/et_pb_blurb][\/et_pb_column][et_pb_column type=&#8221;1_3&#8243; _builder_version=&#8221;4.16&#8243; _module_preset=&#8221;default&#8221; global_colors_info=&#8221;{}&#8221;][et_pb_blurb url=&#8221;\/szinhazi-eloadasok\/ljubos-balak-svejk-unokaja&#8221; image=&#8221;http:\/\/www.szabszinhaz.hu\/wp-content\/uploads\/2022\/01\/svejk.jpg&#8221; _builder_version=&#8221;4.16&#8243; _module_preset=&#8221;default&#8221; header_font=&#8221;||||||||&#8221; header_text_color=&#8221;#000000&#8243; body_text_color=&#8221;#000000&#8243; body_font_size=&#8221;19px&#8221; text_orientation=&#8221;center&#8221; global_colors_info=&#8221;{}&#8221;]<\/p>\n<p><strong>\u0160vejk unok\u00e1ja<\/strong><\/p>\n<p>[\/et_pb_blurb][\/et_pb_column][\/et_pb_row][et_pb_row column_structure=&#8221;1_3,1_3,1_3&#8243; _builder_version=&#8221;4.16&#8243; _module_preset=&#8221;default&#8221; global_colors_info=&#8221;{}&#8221;][et_pb_column type=&#8221;1_3&#8243; _builder_version=&#8221;4.16&#8243; _module_preset=&#8221;default&#8221; global_colors_info=&#8221;{}&#8221;][et_pb_blurb url=&#8221;\/szinhazi-eloadasok\/john-mighton-fel-elet\/&#8221; image=&#8221;http:\/\/www.szabszinhaz.hu\/wp-content\/uploads\/2022\/01\/felelet_plakat5_jav.jpg&#8221; _builder_version=&#8221;4.16&#8243; _module_preset=&#8221;default&#8221; header_font=&#8221;||||||||&#8221; header_text_color=&#8221;#000000&#8243; body_text_color=&#8221;#000000&#8243; body_font_size=&#8221;19px&#8221; text_orientation=&#8221;center&#8221; global_colors_info=&#8221;{}&#8221;]<\/p>\n<p><strong>F\u00e9l \u00e9let<\/strong><\/p>\n<p>[\/et_pb_blurb][\/et_pb_column][et_pb_column type=&#8221;1_3&#8243; _builder_version=&#8221;4.16&#8243; _module_preset=&#8221;default&#8221; global_colors_info=&#8221;{}&#8221;][et_pb_blurb url=&#8221;\/szinhazi-eloadasok\/jannisz-ritszosz-holdfenyszonata\/&#8221; image=&#8221;http:\/\/www.szabszinhaz.hu\/wp-content\/uploads\/2022\/01\/holdfenyszonata0409.jpg&#8221; _builder_version=&#8221;4.27.4&#8243; _module_preset=&#8221;default&#8221; header_font=&#8221;||||||||&#8221; header_text_color=&#8221;#000000&#8243; body_text_color=&#8221;#000000&#8243; body_font_size=&#8221;19px&#8221; text_orientation=&#8221;center&#8221; global_colors_info=&#8221;{}&#8221;]<\/p>\n<p><strong>Holdf\u00e9nyszon\u00e1ta<\/strong><\/p>\n<p>[\/et_pb_blurb][\/et_pb_column][et_pb_column type=&#8221;1_3&#8243; _builder_version=&#8221;4.16&#8243; _module_preset=&#8221;default&#8221; global_colors_info=&#8221;{}&#8221;][et_pb_blurb url=&#8221;\/szinhazi-eloadasok\/tankred-dorst-vigyazat-szakadek\/&#8221; image=&#8221;http:\/\/www.szabszinhaz.hu\/wp-content\/uploads\/2022\/01\/szaknov21.jpg&#8221; _builder_version=&#8221;4.16&#8243; _module_preset=&#8221;default&#8221; header_font=&#8221;||||||||&#8221; header_text_color=&#8221;#000000&#8243; body_text_color=&#8221;#000000&#8243; body_font_size=&#8221;19px&#8221; text_orientation=&#8221;center&#8221; global_colors_info=&#8221;{}&#8221;]<\/p>\n<p><strong>Vigy\u00e1zat, szakad\u00e9k!<\/strong><\/p>\n<p>[\/et_pb_blurb][\/et_pb_column][\/et_pb_row][et_pb_row column_structure=&#8221;1_3,1_3,1_3&#8243; _builder_version=&#8221;4.16&#8243; _module_preset=&#8221;default&#8221; global_colors_info=&#8221;{}&#8221;][et_pb_column type=&#8221;1_3&#8243; _builder_version=&#8221;4.16&#8243; _module_preset=&#8221;default&#8221; global_colors_info=&#8221;{}&#8221;][et_pb_blurb url=&#8221;\/szinhazi-eloadasok\/szabo-magda-bela-kiraly&#8221; image=&#8221;http:\/\/www.szabszinhaz.hu\/wp-content\/uploads\/2022\/01\/bela-abnapoknka.jpg&#8221; _builder_version=&#8221;4.16&#8243; _module_preset=&#8221;default&#8221; header_font=&#8221;||||||||&#8221; header_text_color=&#8221;#000000&#8243; body_text_color=&#8221;#000000&#8243; body_font_size=&#8221;19px&#8221; text_orientation=&#8221;center&#8221; global_colors_info=&#8221;{}&#8221;]<\/p>\n<p><strong>B\u00e9la kir\u00e1ly<\/strong><\/p>\n<p>[\/et_pb_blurb][\/et_pb_column][et_pb_column type=&#8221;1_3&#8243; _builder_version=&#8221;4.16&#8243; _module_preset=&#8221;default&#8221; global_colors_info=&#8221;{}&#8221;][et_pb_blurb url=&#8221;\/szinhazi-eloadasok\/kiss-csaba-vilagtalanok&#8221; image=&#8221;http:\/\/www.szabszinhaz.hu\/wp-content\/uploads\/2022\/01\/vilagtalanok-plakat.jpg&#8221; _builder_version=&#8221;4.16&#8243; _module_preset=&#8221;default&#8221; header_font=&#8221;||||||||&#8221; header_text_color=&#8221;#000000&#8243; body_text_color=&#8221;#000000&#8243; body_font_size=&#8221;19px&#8221; text_orientation=&#8221;center&#8221; global_colors_info=&#8221;{}&#8221;]<\/p>\n<p><strong>Vil\u00e1gtalanok<\/strong><\/p>\n<p>[\/et_pb_blurb][\/et_pb_column][et_pb_column type=&#8221;1_3&#8243; _builder_version=&#8221;4.16&#8243; _module_preset=&#8221;default&#8221; global_colors_info=&#8221;{}&#8221;][et_pb_blurb url=&#8221;\/szinhazi-eloadasok\/vaclav-havel-audiencia&#8221; image=&#8221;http:\/\/www.szabszinhaz.hu\/wp-content\/uploads\/2022\/01\/szabad-szinhaz-audiencia-1.jpg&#8221; _builder_version=&#8221;4.16&#8243; _module_preset=&#8221;default&#8221; header_font=&#8221;||||||||&#8221; header_text_color=&#8221;#000000&#8243; body_text_color=&#8221;#000000&#8243; body_font_size=&#8221;19px&#8221; text_orientation=&#8221;center&#8221; global_colors_info=&#8221;{}&#8221;]<\/p>\n<p><strong>Audiencia 2<\/strong><\/p>\n<p>[\/et_pb_blurb][\/et_pb_column][\/et_pb_row][et_pb_row column_structure=&#8221;1_3,1_3,1_3&#8243; _builder_version=&#8221;4.16&#8243; _module_preset=&#8221;default&#8221; global_colors_info=&#8221;{}&#8221;][et_pb_column type=&#8221;1_3&#8243; _builder_version=&#8221;4.16&#8243; _module_preset=&#8221;default&#8221; global_colors_info=&#8221;{}&#8221;][et_pb_blurb url=&#8221;\/szinhazi-eloadasok\/ferfiakat-szelistyenek&#8221; image=&#8221;http:\/\/www.szabszinhaz.hu\/wp-content\/uploads\/2022\/01\/hamarosan.png&#8221; _builder_version=&#8221;4.16&#8243; _module_preset=&#8221;default&#8221; header_font=&#8221;||||||||&#8221; header_text_color=&#8221;#000000&#8243; body_text_color=&#8221;#000000&#8243; body_font_size=&#8221;19px&#8221; text_orientation=&#8221;center&#8221; global_colors_info=&#8221;{}&#8221;]<\/p>\n<p><strong>F\u00e9rfiakat Szelisty\u00e9nek!<\/strong><\/p>\n<p>[\/et_pb_blurb][\/et_pb_column][et_pb_column type=&#8221;1_3&#8243; _builder_version=&#8221;4.16&#8243; _module_preset=&#8221;default&#8221; global_colors_info=&#8221;{}&#8221;][et_pb_blurb url=&#8221;\/szinhazi-eloadasok\/shakespeare-szentivaneji-alom&#8221; image=&#8221;http:\/\/www.szabszinhaz.hu\/wp-content\/uploads\/2022\/01\/szentivan.png&#8221; _builder_version=&#8221;4.27.4&#8243; _module_preset=&#8221;default&#8221; header_font=&#8221;||||||||&#8221; header_text_color=&#8221;#000000&#8243; body_text_color=&#8221;#000000&#8243; body_font_size=&#8221;19px&#8221; text_orientation=&#8221;center&#8221; global_colors_info=&#8221;{}&#8221;]<\/p>\n<p><strong>Szentiv\u00e1n\u00e9ji \u00e1lom<\/strong><\/p>\n<p>[\/et_pb_blurb][\/et_pb_column][et_pb_column type=&#8221;1_3&#8243; _builder_version=&#8221;4.16&#8243; _module_preset=&#8221;default&#8221; global_colors_info=&#8221;{}&#8221;][et_pb_blurb url=&#8221;\/szinhazi-eloadasok\/shakespeare-lovatett-lovagok&#8221; image=&#8221;http:\/\/www.szabszinhaz.hu\/wp-content\/uploads\/2022\/01\/untitled.jpg&#8221; _builder_version=&#8221;4.16&#8243; _module_preset=&#8221;default&#8221; header_font=&#8221;||||||||&#8221; header_text_color=&#8221;#000000&#8243; body_text_color=&#8221;#000000&#8243; body_font_size=&#8221;19px&#8221; text_orientation=&#8221;center&#8221; global_colors_info=&#8221;{}&#8221;]<\/p>\n<p><strong>L\u00f3v\u00e1tett lovagok<\/strong><\/p>\n<p>[\/et_pb_blurb][\/et_pb_column][\/et_pb_row][et_pb_row column_structure=&#8221;1_3,1_3,1_3&#8243; _builder_version=&#8221;4.16&#8243; _module_preset=&#8221;default&#8221; global_colors_info=&#8221;{}&#8221;][et_pb_column type=&#8221;1_3&#8243; _builder_version=&#8221;4.16&#8243; _module_preset=&#8221;default&#8221; global_colors_info=&#8221;{}&#8221;][et_pb_blurb url=&#8221;\/szinhazi-eloadasok\/j-a-100&#8243; image=&#8221;http:\/\/www.szabszinhaz.hu\/wp-content\/uploads\/2022\/01\/jozsef-attila.jpg&#8221; _builder_version=&#8221;4.16&#8243; _module_preset=&#8221;default&#8221; header_font=&#8221;||||||||&#8221; header_text_color=&#8221;#000000&#8243; body_text_color=&#8221;#000000&#8243; body_font_size=&#8221;19px&#8221; text_orientation=&#8221;center&#8221; global_colors_info=&#8221;{}&#8221;]<\/p>\n<p><strong>J.A.100<\/strong><\/p>\n<p>[\/et_pb_blurb][\/et_pb_column][et_pb_column type=&#8221;1_3&#8243; _builder_version=&#8221;4.16&#8243; _module_preset=&#8221;default&#8221; global_colors_info=&#8221;{}&#8221;][et_pb_blurb url=&#8221;\/szinhazi-eloadasok\/a-balvany&#8221; image=&#8221;http:\/\/www.szabszinhaz.hu\/wp-content\/uploads\/2022\/01\/szabad-szinhaz-balvany-27.jpg&#8221; _builder_version=&#8221;4.16&#8243; _module_preset=&#8221;default&#8221; header_font=&#8221;||||||||&#8221; header_text_color=&#8221;#000000&#8243; body_text_color=&#8221;#000000&#8243; body_font_size=&#8221;19px&#8221; text_orientation=&#8221;center&#8221; global_colors_info=&#8221;{}&#8221;]<\/p>\n<p><strong>A b\u00e1lv\u00e1ny<\/strong><\/p>\n<p>[\/et_pb_blurb][\/et_pb_column][et_pb_column type=&#8221;1_3&#8243; _builder_version=&#8221;4.16&#8243; _module_preset=&#8221;default&#8221; global_colors_info=&#8221;{}&#8221;][et_pb_blurb url=&#8221;\/szinhazi-eloadasok\/heltai-jeno-az-orvos-es-a-halal&#8221; image=&#8221;http:\/\/www.szabszinhaz.hu\/wp-content\/uploads\/2022\/01\/a-halal-es-az-orvos.jpg&#8221; _builder_version=&#8221;4.27.4&#8243; _module_preset=&#8221;default&#8221; header_font=&#8221;||||||||&#8221; header_text_color=&#8221;#000000&#8243; body_text_color=&#8221;#000000&#8243; body_font_size=&#8221;19px&#8221; text_orientation=&#8221;center&#8221; global_colors_info=&#8221;{}&#8221;]<\/p>\n<p><strong>Az orvos \u00e9s a hal\u00e1l<\/strong><\/p>\n<p>[\/et_pb_blurb][\/et_pb_column][\/et_pb_row][et_pb_row column_structure=&#8221;1_3,1_3,1_3&#8243; _builder_version=&#8221;4.16&#8243; _module_preset=&#8221;default&#8221; global_colors_info=&#8221;{}&#8221;][et_pb_column type=&#8221;1_3&#8243; _builder_version=&#8221;4.16&#8243; _module_preset=&#8221;default&#8221; global_colors_info=&#8221;{}&#8221;][et_pb_blurb image=&#8221;http:\/\/www.szabszinhaz.hu\/wp-content\/uploads\/2022\/01\/51bup9zkwql-_sx302_bo1204203200_.jpg&#8221; _builder_version=&#8221;4.16&#8243; _module_preset=&#8221;default&#8221; header_font=&#8221;||||||||&#8221; header_text_color=&#8221;#000000&#8243; body_text_color=&#8221;#000000&#8243; body_font_size=&#8221;19px&#8221; text_orientation=&#8221;center&#8221; global_colors_info=&#8221;{}&#8221;]<\/p>\n<p><strong>A lecke<\/strong><\/p>\n<p>[\/et_pb_blurb][\/et_pb_column][et_pb_column type=&#8221;1_3&#8243; _builder_version=&#8221;4.16&#8243; _module_preset=&#8221;default&#8221; global_colors_info=&#8221;{}&#8221;][et_pb_blurb url=&#8221;\/szinhazi-eloadasok\/mrozek-tango&#8221; image=&#8221;http:\/\/www.szabszinhaz.hu\/wp-content\/uploads\/2022\/01\/tango.jpg&#8221; _builder_version=&#8221;4.16&#8243; _module_preset=&#8221;default&#8221; header_font=&#8221;||||||||&#8221; header_text_color=&#8221;#000000&#8243; body_text_color=&#8221;#000000&#8243; body_font_size=&#8221;19px&#8221; text_orientation=&#8221;center&#8221; global_colors_info=&#8221;{}&#8221;]<\/p>\n<p><strong>Tang\u00f3<\/strong><\/p>\n<p>[\/et_pb_blurb][\/et_pb_column][et_pb_column type=&#8221;1_3&#8243; _builder_version=&#8221;4.16&#8243; _module_preset=&#8221;default&#8221; global_colors_info=&#8221;{}&#8221;][et_pb_blurb url=&#8221;\/szinhazi-eloadasok\/wittmann-ismeri-on-a-tejutat&#8221; image=&#8221;http:\/\/www.szabszinhaz.hu\/wp-content\/uploads\/2022\/01\/ismeri.jpg&#8221; _builder_version=&#8221;4.16&#8243; _module_preset=&#8221;default&#8221; header_font=&#8221;||||||||&#8221; header_text_color=&#8221;#000000&#8243; body_text_color=&#8221;#000000&#8243; body_font_size=&#8221;19px&#8221; text_orientation=&#8221;center&#8221; global_colors_info=&#8221;{}&#8221;]<\/p>\n<p><strong>Ismeri a Tejutat?<\/strong><\/p>\n<p>[\/et_pb_blurb][\/et_pb_column][\/et_pb_row][et_pb_row column_structure=&#8221;1_3,1_3,1_3&#8243; _builder_version=&#8221;4.16&#8243; _module_preset=&#8221;default&#8221; global_colors_info=&#8221;{}&#8221;][et_pb_column type=&#8221;1_3&#8243; _builder_version=&#8221;4.16&#8243; _module_preset=&#8221;default&#8221; global_colors_info=&#8221;{}&#8221;][et_pb_blurb url=&#8221;\/szinhazi-eloadasok\/estelyi-oran&#8221; image=&#8221;http:\/\/www.szabszinhaz.hu\/wp-content\/uploads\/2022\/01\/estelyioran.jpg&#8221; _builder_version=&#8221;4.16&#8243; _module_preset=&#8221;default&#8221; header_font=&#8221;||||||||&#8221; header_text_color=&#8221;#000000&#8243; body_text_color=&#8221;#000000&#8243; body_font_size=&#8221;19px&#8221; text_orientation=&#8221;center&#8221; global_colors_info=&#8221;{}&#8221;]<\/p>\n<p><strong>Est\u00e9lyi \u00f3r\u00e1n<\/strong><\/p>\n<p>[\/et_pb_blurb][\/et_pb_column][et_pb_column type=&#8221;1_3&#8243; _builder_version=&#8221;4.16&#8243; _module_preset=&#8221;default&#8221; global_colors_info=&#8221;{}&#8221;][et_pb_blurb url=&#8221;\/szinhazi-eloadasok\/konrad-gyorgy-a-latogato&#8221; image=&#8221;http:\/\/www.szabszinhaz.hu\/wp-content\/uploads\/2022\/01\/latogatoplakat.jpg&#8221; _builder_version=&#8221;4.16&#8243; _module_preset=&#8221;default&#8221; header_font=&#8221;||||||||&#8221; header_text_color=&#8221;#000000&#8243; body_text_color=&#8221;#000000&#8243; body_font_size=&#8221;19px&#8221; text_orientation=&#8221;center&#8221; global_colors_info=&#8221;{}&#8221;]<\/p>\n<p><strong>A l\u00e1togat\u00f3<\/strong><\/p>\n<p>[\/et_pb_blurb][\/et_pb_column][et_pb_column type=&#8221;1_3&#8243; _builder_version=&#8221;4.16&#8243; _module_preset=&#8221;default&#8221; global_colors_info=&#8221;{}&#8221;][et_pb_blurb url=&#8221;\/szinhazi-eloadasok\/boldizsar-peter-szent-a-beke&#8221; image=&#8221;http:\/\/www.szabszinhaz.hu\/wp-content\/uploads\/2022\/01\/szentkicsi.jpg&#8221; _builder_version=&#8221;4.16&#8243; _module_preset=&#8221;default&#8221; header_font=&#8221;||||||||&#8221; header_text_color=&#8221;#000000&#8243; body_text_color=&#8221;#000000&#8243; body_font_size=&#8221;19px&#8221; text_orientation=&#8221;center&#8221; global_colors_info=&#8221;{}&#8221;]<\/p>\n<p><strong>Szent a b\u00e9ke!<\/strong><\/p>\n<p>[\/et_pb_blurb][\/et_pb_column][\/et_pb_row][et_pb_row column_structure=&#8221;1_3,1_3,1_3&#8243; _builder_version=&#8221;4.16&#8243; _module_preset=&#8221;default&#8221; global_colors_info=&#8221;{}&#8221;][et_pb_column type=&#8221;1_3&#8243; _builder_version=&#8221;4.16&#8243; _module_preset=&#8221;default&#8221; global_colors_info=&#8221;{}&#8221;][et_pb_blurb url=&#8221;\/szinhazi-eloadasok\/vaclav-havel-audiencia&#8221; image=&#8221;http:\/\/www.szabszinhaz.hu\/wp-content\/uploads\/2022\/01\/audiencia.jpg&#8221; _builder_version=&#8221;4.16&#8243; _module_preset=&#8221;default&#8221; header_font=&#8221;||||||||&#8221; header_text_color=&#8221;#000000&#8243; body_text_color=&#8221;#000000&#8243; body_font_size=&#8221;19px&#8221; text_orientation=&#8221;center&#8221; global_colors_info=&#8221;{}&#8221;]<\/p>\n<p><strong>Audiencia<\/strong><\/p>\n<p>[\/et_pb_blurb][\/et_pb_column][et_pb_column type=&#8221;1_3&#8243; _builder_version=&#8221;4.16&#8243; _module_preset=&#8221;default&#8221; global_colors_info=&#8221;{}&#8221;][et_pb_blurb url=&#8221;\/szinhazi-eloadasok\/slawomir-mrozek-zuhanas-kozben&#8221; image=&#8221;http:\/\/www.szabszinhaz.hu\/wp-content\/uploads\/2022\/01\/zuhanas.jpg&#8221; _builder_version=&#8221;4.16&#8243; _module_preset=&#8221;default&#8221; header_font=&#8221;||||||||&#8221; header_text_color=&#8221;#000000&#8243; body_text_color=&#8221;#000000&#8243; body_font_size=&#8221;19px&#8221; text_orientation=&#8221;center&#8221; global_colors_info=&#8221;{}&#8221;]<\/p>\n<p><strong>Zuhan\u00e1s k\u00f6zben<\/strong><\/p>\n<p>[\/et_pb_blurb][\/et_pb_column][et_pb_column type=&#8221;1_3&#8243; _builder_version=&#8221;4.16&#8243; _module_preset=&#8221;default&#8221; global_colors_info=&#8221;{}&#8221;][et_pb_blurb url=&#8221;\/szinhazi-eloadasok\/legyen-a-tenger-2\/&#8221; image=&#8221;http:\/\/www.szabszinhaz.hu\/wp-content\/uploads\/2022\/01\/lt2.jpg&#8221; _builder_version=&#8221;4.16&#8243; _module_preset=&#8221;default&#8221; header_font=&#8221;||||||||&#8221; header_text_color=&#8221;#000000&#8243; body_text_color=&#8221;#000000&#8243; body_font_size=&#8221;19px&#8221; text_orientation=&#8221;center&#8221; global_colors_info=&#8221;{}&#8221;]<\/p>\n<p><strong>Legyen a tenger II.<\/strong><\/p>\n<p>[\/et_pb_blurb][\/et_pb_column][\/et_pb_row][et_pb_row column_structure=&#8221;1_3,1_3,1_3&#8243; _builder_version=&#8221;4.16&#8243; _module_preset=&#8221;default&#8221; global_colors_info=&#8221;{}&#8221;][et_pb_column type=&#8221;1_3&#8243; _builder_version=&#8221;4.16&#8243; _module_preset=&#8221;default&#8221; global_colors_info=&#8221;{}&#8221;][et_pb_blurb url=&#8221;\/szinhazi-eloadasok\/werich-voskovecz-a-nehez-barbara&#8221; image=&#8221;http:\/\/www.szabszinhaz.hu\/wp-content\/uploads\/2022\/01\/nehezbarb.jpg&#8221; _builder_version=&#8221;4.16&#8243; _module_preset=&#8221;default&#8221; header_font=&#8221;||||||||&#8221; header_text_color=&#8221;#000000&#8243; body_text_color=&#8221;#000000&#8243; body_font_size=&#8221;19px&#8221; text_orientation=&#8221;center&#8221; global_colors_info=&#8221;{}&#8221;]<\/p>\n<p><strong>A neh\u00e9z Barbara<\/strong><\/p>\n<p>[\/et_pb_blurb][\/et_pb_column][et_pb_column type=&#8221;1_3&#8243; _builder_version=&#8221;4.16&#8243; _module_preset=&#8221;default&#8221; global_colors_info=&#8221;{}&#8221;][et_pb_blurb url=&#8221;\/szinhazi-eloadasok\/sophokles-antigone&#8221; image=&#8221;http:\/\/www.szabszinhaz.hu\/wp-content\/uploads\/2022\/01\/800px-per_gabriel_wickenberg_-_oedipus_och_antigone.jpg&#8221; _builder_version=&#8221;4.16&#8243; _module_preset=&#8221;default&#8221; header_font=&#8221;||||||||&#8221; header_text_color=&#8221;#000000&#8243; body_text_color=&#8221;#000000&#8243; body_font_size=&#8221;19px&#8221; text_orientation=&#8221;center&#8221; global_colors_info=&#8221;{}&#8221;]<\/p>\n<p><strong>Antigone<\/strong><\/p>\n<p>[\/et_pb_blurb][\/et_pb_column][et_pb_column type=&#8221;1_3&#8243; _builder_version=&#8221;4.16&#8243; _module_preset=&#8221;default&#8221; global_colors_info=&#8221;{}&#8221;][et_pb_blurb url=&#8221;\/szinhazi-eloadasok\/tankred-dorst-vigyazat-szakadek-2\/&#8221; image=&#8221;http:\/\/www.szabszinhaz.hu\/wp-content\/uploads\/2022\/01\/10392429_10203916349328101_9170329589390688533_n.jpg&#8221; _builder_version=&#8221;4.16&#8243; _module_preset=&#8221;default&#8221; header_font=&#8221;||||||||&#8221; header_text_color=&#8221;#000000&#8243; body_text_color=&#8221;#000000&#8243; body_font_size=&#8221;19px&#8221; text_orientation=&#8221;center&#8221; global_colors_info=&#8221;{}&#8221;]<\/p>\n<p><strong>Vigy\u00e1zat, szakad\u00e9k!<\/strong><\/p>\n<p>[\/et_pb_blurb][\/et_pb_column][\/et_pb_row][et_pb_row column_structure=&#8221;1_3,1_3,1_3&#8243; _builder_version=&#8221;4.16&#8243; _module_preset=&#8221;default&#8221; global_colors_info=&#8221;{}&#8221;][et_pb_column type=&#8221;1_3&#8243; _builder_version=&#8221;4.16&#8243; _module_preset=&#8221;default&#8221; global_colors_info=&#8221;{}&#8221;][et_pb_blurb url=&#8221;\/szinhazi-eloadasok\/vorosmarty-csongor-es-tunde&#8221; image=&#8221;http:\/\/www.szabszinhaz.hu\/wp-content\/uploads\/2022\/01\/cson.jpg&#8221; _builder_version=&#8221;4.16&#8243; _module_preset=&#8221;default&#8221; header_font=&#8221;||||||||&#8221; header_text_color=&#8221;#000000&#8243; body_text_color=&#8221;#000000&#8243; body_font_size=&#8221;19px&#8221; text_orientation=&#8221;center&#8221; global_colors_info=&#8221;{}&#8221;]<\/p>\n<p><strong>Csongor \u00e9s T\u00fcnde<\/strong><\/p>\n<p>[\/et_pb_blurb][\/et_pb_column][et_pb_column type=&#8221;1_3&#8243; _builder_version=&#8221;4.16&#8243; _module_preset=&#8221;default&#8221; global_colors_info=&#8221;{}&#8221;][et_pb_blurb url=&#8221;\/szinhazi-eloadasok\/boldizsar-peter-legyen-a-tenger&#8221; image=&#8221;http:\/\/www.szabszinhaz.hu\/wp-content\/uploads\/2022\/01\/legyenat.jpg&#8221; _builder_version=&#8221;4.16&#8243; _module_preset=&#8221;default&#8221; header_font=&#8221;||||||||&#8221; header_text_color=&#8221;#000000&#8243; body_text_color=&#8221;#000000&#8243; body_font_size=&#8221;19px&#8221; text_orientation=&#8221;center&#8221; global_colors_info=&#8221;{}&#8221;]<\/p>\n<p><strong>Legyen a tenger!<\/strong><\/p>\n<p>[\/et_pb_blurb][\/et_pb_column][et_pb_column type=&#8221;1_3&#8243; _builder_version=&#8221;4.16&#8243; _module_preset=&#8221;default&#8221; global_colors_info=&#8221;{}&#8221;][et_pb_blurb url=&#8221;\/szinhazi-eloadasok\/michel-de-ghelderode-escurial&#8221; image=&#8221;http:\/\/www.szabszinhaz.hu\/wp-content\/uploads\/2022\/01\/escurialplakat.jpg&#8221; _builder_version=&#8221;4.16&#8243; _module_preset=&#8221;default&#8221; header_font=&#8221;||||||||&#8221; header_text_color=&#8221;#000000&#8243; body_text_color=&#8221;#000000&#8243; body_font_size=&#8221;19px&#8221; text_orientation=&#8221;center&#8221; global_colors_info=&#8221;{}&#8221;]<\/p>\n<p><strong>Escurial<\/strong><\/p>\n<p>[\/et_pb_blurb][\/et_pb_column][\/et_pb_row][et_pb_row column_structure=&#8221;1_3,1_3,1_3&#8243; _builder_version=&#8221;4.16&#8243; _module_preset=&#8221;default&#8221; global_colors_info=&#8221;{}&#8221;][et_pb_column type=&#8221;1_3&#8243; _builder_version=&#8221;4.16&#8243; _module_preset=&#8221;default&#8221; global_colors_info=&#8221;{}&#8221;][et_pb_blurb url=&#8221;\/szinhazi-eloadasok\/eorsi-istvan-szechenyi-es-az-arnyak&#8221; image=&#8221;http:\/\/www.szabszinhaz.hu\/wp-content\/uploads\/2022\/01\/szechenyi.jpg&#8221; _builder_version=&#8221;4.16&#8243; _module_preset=&#8221;default&#8221; header_font=&#8221;||||||||&#8221; header_text_color=&#8221;#000000&#8243; body_text_color=&#8221;#000000&#8243; body_font_size=&#8221;19px&#8221; text_orientation=&#8221;center&#8221; global_colors_info=&#8221;{}&#8221;]<\/p>\n<p><strong>Sz\u00e9chenyi \u00e9s az \u00e1rnyak<\/strong><\/p>\n<p>[\/et_pb_blurb][\/et_pb_column][et_pb_column type=&#8221;1_3&#8243; _builder_version=&#8221;4.16&#8243; _module_preset=&#8221;default&#8221; global_colors_info=&#8221;{}&#8221;][et_pb_blurb url=&#8221;\/szinhazi-eloadasok\/boldizsar-peter-felalmaink&#8221; image=&#8221;http:\/\/www.szabszinhaz.hu\/wp-content\/uploads\/2022\/01\/felalma.jpg&#8221; _builder_version=&#8221;4.16&#8243; _module_preset=&#8221;default&#8221; header_font=&#8221;||||||||&#8221; header_text_color=&#8221;#000000&#8243; body_text_color=&#8221;#000000&#8243; body_font_size=&#8221;19px&#8221; text_orientation=&#8221;center&#8221; global_colors_info=&#8221;{}&#8221;]<\/p>\n<p><strong>F\u00e9l\u00e1lmaink<\/strong><\/p>\n<p>[\/et_pb_blurb][\/et_pb_column][et_pb_column type=&#8221;1_3&#8243; _builder_version=&#8221;4.16&#8243; _module_preset=&#8221;default&#8221; global_colors_info=&#8221;{}&#8221;][et_pb_blurb url=&#8221;\/szinhazi-eloadasok\/slawomir-mrozek-nyilt-tengeren-2&#8243; image=&#8221;http:\/\/www.szabszinhaz.hu\/wp-content\/uploads\/2022\/01\/nyilt.jpg&#8221; _builder_version=&#8221;4.16&#8243; _module_preset=&#8221;default&#8221; header_font=&#8221;||||||||&#8221; header_text_color=&#8221;#000000&#8243; body_text_color=&#8221;#000000&#8243; body_font_size=&#8221;19px&#8221; text_orientation=&#8221;center&#8221; global_colors_info=&#8221;{}&#8221;]<\/p>\n<p><strong>Ny\u00edlt tengeren<\/strong><\/p>\n<p>[\/et_pb_blurb][\/et_pb_column][\/et_pb_row][et_pb_row column_structure=&#8221;1_3,1_3,1_3&#8243; _builder_version=&#8221;4.16&#8243; _module_preset=&#8221;default&#8221; global_colors_info=&#8221;{}&#8221;][et_pb_column type=&#8221;1_3&#8243; _builder_version=&#8221;4.16&#8243; _module_preset=&#8221;default&#8221; global_colors_info=&#8221;{}&#8221;][et_pb_blurb url=&#8221;\/szinhazi-eloadasok\/schwajda-gyorgy-csoda&#8221; image=&#8221;http:\/\/www.szabszinhaz.hu\/wp-content\/uploads\/2022\/01\/csoda5.jpg&#8221; _builder_version=&#8221;4.16&#8243; _module_preset=&#8221;default&#8221; header_font=&#8221;||||||||&#8221; header_text_color=&#8221;#000000&#8243; body_text_color=&#8221;#000000&#8243; body_font_size=&#8221;19px&#8221; text_orientation=&#8221;center&#8221; global_colors_info=&#8221;{}&#8221;]<\/p>\n<p><strong>Csoda<\/strong><\/p>\n<p>[\/et_pb_blurb][\/et_pb_column][et_pb_column type=&#8221;1_3&#8243; _builder_version=&#8221;4.16&#8243; _module_preset=&#8221;default&#8221; global_colors_info=&#8221;{}&#8221;][et_pb_blurb url=&#8221;\/szinhazi-eloadasok\/odon-von-horvath-mit-csinal-a-kongresszus&#8221; image=&#8221;http:\/\/www.szabszinhaz.hu\/wp-content\/uploads\/2022\/01\/micsi.jpg&#8221; _builder_version=&#8221;4.16&#8243; _module_preset=&#8221;default&#8221; header_font=&#8221;||||||||&#8221; header_text_color=&#8221;#000000&#8243; body_text_color=&#8221;#000000&#8243; body_font_size=&#8221;19px&#8221; text_orientation=&#8221;center&#8221; global_colors_info=&#8221;{}&#8221;]<\/p>\n<p><strong>Mit csin\u00e1l a kongresszus?<\/strong><\/p>\n<p>[\/et_pb_blurb][\/et_pb_column][et_pb_column type=&#8221;1_3&#8243; _builder_version=&#8221;4.16&#8243; _module_preset=&#8221;default&#8221; global_colors_info=&#8221;{}&#8221;][et_pb_blurb url=&#8221;\/szinhazi-eloadasok\/slawomir-mrozek-karoly&#8221; image=&#8221;http:\/\/www.szabszinhaz.hu\/wp-content\/uploads\/2022\/01\/karoly5.jpg&#8221; _builder_version=&#8221;4.16&#8243; _module_preset=&#8221;default&#8221; header_font=&#8221;||||||||&#8221; header_text_color=&#8221;#000000&#8243; body_text_color=&#8221;#000000&#8243; body_font_size=&#8221;19px&#8221; text_orientation=&#8221;center&#8221; global_colors_info=&#8221;{}&#8221;]<\/p>\n<p><strong>K\u00e1roly<\/strong><\/p>\n<p>[\/et_pb_blurb][\/et_pb_column][\/et_pb_row][et_pb_row column_structure=&#8221;1_3,1_3,1_3&#8243; _builder_version=&#8221;4.16&#8243; _module_preset=&#8221;default&#8221; global_colors_info=&#8221;{}&#8221;][et_pb_column type=&#8221;1_3&#8243; _builder_version=&#8221;4.16&#8243; _module_preset=&#8221;default&#8221; global_colors_info=&#8221;{}&#8221;][et_pb_blurb url=&#8221;\/szinhazi-eloadasok\/tenessee-williams-beszelj-mint-az-eso&#8221; image=&#8221;http:\/\/www.szabszinhaz.hu\/wp-content\/uploads\/2022\/01\/beszelj.jpg&#8221; _builder_version=&#8221;4.16&#8243; _module_preset=&#8221;default&#8221; header_font=&#8221;||||||||&#8221; header_text_color=&#8221;#000000&#8243; body_text_color=&#8221;#000000&#8243; body_font_size=&#8221;19px&#8221; text_orientation=&#8221;center&#8221; global_colors_info=&#8221;{}&#8221;]<\/p>\n<p><strong>Besz\u00e9lj, mint az es\u0151&#8230;<\/strong><\/p>\n<p>[\/et_pb_blurb][\/et_pb_column][et_pb_column type=&#8221;1_3&#8243; _builder_version=&#8221;4.16&#8243; _module_preset=&#8221;default&#8221; global_colors_info=&#8221;{}&#8221;][et_pb_blurb url=&#8221;\/szinhazi-eloadasok\/georg-bruchner-danton-halala&#8221; image=&#8221;http:\/\/www.szabszinhaz.hu\/wp-content\/uploads\/2022\/01\/danton3.jpg&#8221; _builder_version=&#8221;4.16&#8243; _module_preset=&#8221;default&#8221; header_font=&#8221;||||||||&#8221; header_text_color=&#8221;#000000&#8243; body_text_color=&#8221;#000000&#8243; body_font_size=&#8221;19px&#8221; text_orientation=&#8221;center&#8221; global_colors_info=&#8221;{}&#8221;]<\/p>\n<p><strong>Danton hal\u00e1la<\/strong><\/p>\n<p>[\/et_pb_blurb][\/et_pb_column][et_pb_column type=&#8221;1_3&#8243; _builder_version=&#8221;4.16&#8243; _module_preset=&#8221;default&#8221; global_colors_info=&#8221;{}&#8221;][et_pb_blurb url=&#8221;\/szinhazi-eloadasok\/eugene-ionesco-a-kopasz-enekesno&#8221; image=&#8221;http:\/\/www.szabszinhaz.hu\/wp-content\/uploads\/2022\/01\/296824_220397344674615_8167684_n.jpg&#8221; _builder_version=&#8221;4.16&#8243; _module_preset=&#8221;default&#8221; header_font=&#8221;||||||||&#8221; header_text_color=&#8221;#000000&#8243; body_text_color=&#8221;#000000&#8243; body_font_size=&#8221;19px&#8221; text_orientation=&#8221;center&#8221; global_colors_info=&#8221;{}&#8221;]<\/p>\n<p><strong>A kopasz \u00e9nekesn\u0151<\/strong><\/p>\n<p>[\/et_pb_blurb][\/et_pb_column][\/et_pb_row][et_pb_row column_structure=&#8221;1_3,1_3,1_3&#8243; _builder_version=&#8221;4.16&#8243; _module_preset=&#8221;default&#8221; global_colors_info=&#8221;{}&#8221;][et_pb_column type=&#8221;1_3&#8243; _builder_version=&#8221;4.16&#8243; _module_preset=&#8221;default&#8221; global_colors_info=&#8221;{}&#8221;][et_pb_blurb url=&#8221;\/szinhazi-eloadasok\/boris-vian-tajtekos-napok&#8221; image=&#8221;http:\/\/www.szabszinhaz.hu\/wp-content\/uploads\/2022\/01\/tajtekos.jpg&#8221; _builder_version=&#8221;4.16&#8243; _module_preset=&#8221;default&#8221; header_font=&#8221;||||||||&#8221; header_text_color=&#8221;#000000&#8243; body_text_color=&#8221;#000000&#8243; body_font_size=&#8221;19px&#8221; text_orientation=&#8221;center&#8221; global_colors_info=&#8221;{}&#8221;]<\/p>\n<p><strong>Tajt\u00e9kos napok<\/strong><\/p>\n<p>[\/et_pb_blurb][\/et_pb_column][et_pb_column type=&#8221;1_3&#8243; _builder_version=&#8221;4.16&#8243; _module_preset=&#8221;default&#8221; global_colors_info=&#8221;{}&#8221;][et_pb_blurb url=&#8221;\/szinhazi-eloadasok\/luther-marton-es-munzer-tamas-avagy-a-konyveles-bevezetese&#8221; image=&#8221;http:\/\/www.szabszinhaz.hu\/wp-content\/uploads\/2022\/01\/luther.jpg&#8221; _builder_version=&#8221;4.16&#8243; _module_preset=&#8221;default&#8221; header_font=&#8221;||||||||&#8221; header_text_color=&#8221;#000000&#8243; body_text_color=&#8221;#000000&#8243; body_font_size=&#8221;19px&#8221; text_orientation=&#8221;center&#8221; global_colors_info=&#8221;{}&#8221;]<\/p>\n<p><strong>Luther M\u00e1rton \u00e9s M\u00fcnzer Tam\u00e1s,<\/strong><br \/><strong>avagy a k\u00f6nyvel\u00e9s bevezet\u00e9se<\/strong><\/p>\n<p>[\/et_pb_blurb][\/et_pb_column][et_pb_column type=&#8221;1_3&#8243; _builder_version=&#8221;4.16&#8243; _module_preset=&#8221;default&#8221; global_colors_info=&#8221;{}&#8221;][et_pb_blurb url=&#8221;\/szinhazi-eloadasok\/hristo-botev-valtozasok&#8221; image=&#8221;http:\/\/www.szabszinhaz.hu\/wp-content\/uploads\/2022\/01\/valtozasok.jpg&#8221; _builder_version=&#8221;4.16&#8243; _module_preset=&#8221;default&#8221; header_font=&#8221;||||||||&#8221; header_text_color=&#8221;#000000&#8243; body_text_color=&#8221;#000000&#8243; body_font_size=&#8221;19px&#8221; text_orientation=&#8221;center&#8221; global_colors_info=&#8221;{}&#8221;]<\/p>\n<p><strong>V\u00e1ltoz\u00e1sok<\/strong><\/p>\n<p>[\/et_pb_blurb][\/et_pb_column][\/et_pb_row][et_pb_row column_structure=&#8221;1_3,1_3,1_3&#8243; _builder_version=&#8221;4.16&#8243; _module_preset=&#8221;default&#8221; global_colors_info=&#8221;{}&#8221;][et_pb_column type=&#8221;1_3&#8243; _builder_version=&#8221;4.16&#8243; _module_preset=&#8221;default&#8221; global_colors_info=&#8221;{}&#8221;][et_pb_blurb url=&#8221;\/szinhazi-eloadasok\/horvath-peter-a-porond&#8221; image=&#8221;http:\/\/www.szabszinhaz.hu\/wp-content\/uploads\/2022\/01\/aporond4.jpg&#8221; _builder_version=&#8221;4.16&#8243; _module_preset=&#8221;default&#8221; header_font=&#8221;||||||||&#8221; header_text_color=&#8221;#000000&#8243; body_text_color=&#8221;#000000&#8243; body_font_size=&#8221;19px&#8221; text_orientation=&#8221;center&#8221; global_colors_info=&#8221;{}&#8221;]<\/p>\n<p><strong>Porond<\/strong><\/p>\n<p>[\/et_pb_blurb][\/et_pb_column][et_pb_column type=&#8221;1_3&#8243; _builder_version=&#8221;4.16&#8243; _module_preset=&#8221;default&#8221; global_colors_info=&#8221;{}&#8221;][et_pb_blurb url=&#8221;\/szinhazi-eloadasok\/boldizsar-peter-az-orzo&#8221; image=&#8221;http:\/\/www.szabszinhaz.hu\/wp-content\/uploads\/2022\/01\/262524_220855471295469_443593_n.jpg&#8221; _builder_version=&#8221;4.16&#8243; _module_preset=&#8221;default&#8221; header_font=&#8221;||||||||&#8221; header_text_color=&#8221;#000000&#8243; body_text_color=&#8221;#000000&#8243; body_font_size=&#8221;19px&#8221; text_orientation=&#8221;center&#8221; global_colors_info=&#8221;{}&#8221;]<\/p>\n<p><strong>\u00d6rz\u0151<\/strong><\/p>\n<p>[\/et_pb_blurb][\/et_pb_column][et_pb_column type=&#8221;1_3&#8243; _builder_version=&#8221;4.16&#8243; _module_preset=&#8221;default&#8221; global_colors_info=&#8221;{}&#8221;][et_pb_blurb url=&#8221;\/szinhazi-eloadasok\/boldizsar-peter-jozsef-attila-musor&#8221; image=&#8221;http:\/\/www.szabszinhaz.hu\/wp-content\/uploads\/2022\/01\/jozsef-attila.jpg&#8221; _builder_version=&#8221;4.16&#8243; _module_preset=&#8221;default&#8221; header_font=&#8221;||||||||&#8221; header_text_color=&#8221;#000000&#8243; body_text_color=&#8221;#000000&#8243; body_font_size=&#8221;19px&#8221; text_orientation=&#8221;center&#8221; global_colors_info=&#8221;{}&#8221;]<\/p>\n<p><strong>J\u00f3zsef Attila m\u0171sor<\/strong><\/p>\n<p>[\/et_pb_blurb][\/et_pb_column][\/et_pb_row][et_pb_row column_structure=&#8221;1_3,1_3,1_3&#8243; _builder_version=&#8221;4.16&#8243; _module_preset=&#8221;default&#8221; global_colors_info=&#8221;{}&#8221;][et_pb_column type=&#8221;1_3&#8243; _builder_version=&#8221;4.16&#8243; _module_preset=&#8221;default&#8221; global_colors_info=&#8221;{}&#8221;][et_pb_blurb url=&#8221;\/szinhazi-eloadasok\/louis-mc-neice-a-sotet-torony&#8221; image=&#8221;http:\/\/www.szabszinhaz.hu\/wp-content\/uploads\/2022\/01\/sotet.jpg&#8221; _builder_version=&#8221;4.16&#8243; _module_preset=&#8221;default&#8221; header_font=&#8221;||||||||&#8221; header_text_color=&#8221;#000000&#8243; body_text_color=&#8221;#000000&#8243; body_font_size=&#8221;19px&#8221; text_orientation=&#8221;center&#8221; global_colors_info=&#8221;{}&#8221;]<\/p>\n<p><strong>S\u00f6t\u00e9t torony<\/strong><\/p>\n<p>[\/et_pb_blurb][\/et_pb_column][et_pb_column type=&#8221;1_3&#8243; _builder_version=&#8221;4.16&#8243; _module_preset=&#8221;default&#8221; global_colors_info=&#8221;{}&#8221;][\/et_pb_column][et_pb_column type=&#8221;1_3&#8243; _builder_version=&#8221;4.16&#8243; _module_preset=&#8221;default&#8221; global_colors_info=&#8221;{}&#8221;][\/et_pb_column][\/et_pb_row][\/et_pb_section]<\/p>\n","protected":false},"excerpt":{"rendered":"<p>Sz\u00ednh\u00e1zi el\u0151ad\u00e1sok &#8211; Tel: +36306960526; Email: igezo2014@gmail.comB\u00edr\u00f3 Bence: magyartenger\u00a0\u00a0 Line Knutzon \u2013 Mesteremberek \u00a0 \u00a0&nbsp; Schwajda Gy\u00f6rgy- Nagy Judit \u2013 A szent csal\u00e1d \u2013 abszurd kom\u00e9dia Slawomir Mrozek &#8211; Emigr\u00e1nsok [&hellip;]<\/p>\n","protected":false},"author":2,"featured_media":0,"parent":0,"menu_order":0,"comment_status":"closed","ping_status":"closed","template":"","meta":{"_et_pb_use_builder":"on","_et_pb_old_content":"","_et_gb_content_width":"","_price":"","_stock":"","_tribe_ticket_header":"","_tribe_default_ticket_provider":"TEC\\Tickets\\Commerce\\Module","_ticket_start_date":"","_ticket_end_date":"","_tribe_ticket_show_description":"","_tribe_ticket_show_not_going":false,"_tribe_ticket_use_global_stock":"","_tribe_ticket_global_stock_level":"","_global_stock_mode":"","_global_stock_cap":"","_tribe_rsvp_for_event":"","_tribe_ticket_going_count":"","_tribe_ticket_not_going_count":"","_tribe_tickets_list":"[]","_tribe_ticket_has_attendee_info_fields":false,"footnotes":"","_tec_slr_enabled":"","_tec_slr_layout":""},"class_list":["post-75","page","type-page","status-publish","hentry"],"yoast_head":"<!-- This site is optimized with the Yoast SEO plugin v25.0 - https:\/\/yoast.com\/wordpress\/plugins\/seo\/ -->\n<title>Sz\u00ednh\u00e1zi el\u0151ad\u00e1sok - Szabad Sz\u00ednh\u00e1z<\/title>\n<meta name=\"robots\" content=\"index, follow, max-snippet:-1, max-image-preview:large, max-video-preview:-1\" \/>\n<link rel=\"canonical\" href=\"https:\/\/www.szabadszinhaz.hu\/en\/szinhazi-eloadasok\/\" \/>\n<meta property=\"og:locale\" content=\"en_US\" \/>\n<meta property=\"og:type\" content=\"article\" \/>\n<meta property=\"og:title\" content=\"Sz\u00ednh\u00e1zi el\u0151ad\u00e1sok - Szabad Sz\u00ednh\u00e1z\" \/>\n<meta property=\"og:description\" content=\"Sz\u00ednh\u00e1zi el\u0151ad\u00e1sok - Tel: +36306960526; Email: igezo2014@gmail.comB\u00edr\u00f3 Bence: magyartenger\u00a0\u00a0 Line Knutzon \u2013 Mesteremberek \u00a0 \u00a0&nbsp; Schwajda Gy\u00f6rgy- Nagy Judit \u2013 A szent csal\u00e1d \u2013 abszurd kom\u00e9dia Slawomir Mrozek - Emigr\u00e1nsok [&hellip;]\" \/>\n<meta property=\"og:url\" content=\"https:\/\/www.szabadszinhaz.hu\/en\/szinhazi-eloadasok\/\" \/>\n<meta property=\"og:site_name\" content=\"Szabad Sz\u00ednh\u00e1z\" \/>\n<meta property=\"article:publisher\" content=\"https:\/\/www.facebook.com\/szabadszinhaz\" \/>\n<meta property=\"article:modified_time\" content=\"2026-01-29T10:05:04+00:00\" \/>\n<meta name=\"twitter:card\" content=\"summary_large_image\" \/>\n<meta name=\"twitter:label1\" content=\"Est. reading time\" \/>\n\t<meta name=\"twitter:data1\" content=\"16 minutes\" \/>\n<script type=\"application\/ld+json\" class=\"yoast-schema-graph\">{\"@context\":\"https:\/\/schema.org\",\"@graph\":[{\"@type\":\"WebPage\",\"@id\":\"https:\/\/www.szabadszinhaz.hu\/szinhazi-eloadasok\/\",\"url\":\"https:\/\/www.szabadszinhaz.hu\/szinhazi-eloadasok\/\",\"name\":\"Sz\u00ednh\u00e1zi el\u0151ad\u00e1sok - Szabad Sz\u00ednh\u00e1z\",\"isPartOf\":{\"@id\":\"https:\/\/www.szabadszinhaz.hu\/#website\"},\"datePublished\":\"2024-10-15T10:02:16+00:00\",\"dateModified\":\"2026-01-29T10:05:04+00:00\",\"breadcrumb\":{\"@id\":\"https:\/\/www.szabadszinhaz.hu\/szinhazi-eloadasok\/#breadcrumb\"},\"inLanguage\":\"en-US\",\"potentialAction\":[{\"@type\":\"ReadAction\",\"target\":[\"https:\/\/www.szabadszinhaz.hu\/szinhazi-eloadasok\/\"]}]},{\"@type\":\"BreadcrumbList\",\"@id\":\"https:\/\/www.szabadszinhaz.hu\/szinhazi-eloadasok\/#breadcrumb\",\"itemListElement\":[{\"@type\":\"ListItem\",\"position\":1,\"name\":\"Kezd\u0151lap\",\"item\":\"https:\/\/www.szabadszinhaz.hu\/\"},{\"@type\":\"ListItem\",\"position\":2,\"name\":\"Sz\u00ednh\u00e1zi el\u0151ad\u00e1sok &#8211;\"}]},{\"@type\":\"WebSite\",\"@id\":\"https:\/\/www.szabadszinhaz.hu\/#website\",\"url\":\"https:\/\/www.szabadszinhaz.hu\/\",\"name\":\"Szabad Sz\u00ednh\u00e1z\",\"description\":\"Szabad Sz\u00ednh\u00e1z\",\"publisher\":{\"@id\":\"https:\/\/www.szabadszinhaz.hu\/#organization\"},\"potentialAction\":[{\"@type\":\"SearchAction\",\"target\":{\"@type\":\"EntryPoint\",\"urlTemplate\":\"https:\/\/www.szabadszinhaz.hu\/?s={search_term_string}\"},\"query-input\":{\"@type\":\"PropertyValueSpecification\",\"valueRequired\":true,\"valueName\":\"search_term_string\"}}],\"inLanguage\":\"en-US\"},{\"@type\":\"Organization\",\"@id\":\"https:\/\/www.szabadszinhaz.hu\/#organization\",\"name\":\"Szabad Sz\u00ednh\u00e1z SZ\u00cdN-T\u00c9R Egyes\u00fclet\",\"url\":\"https:\/\/www.szabadszinhaz.hu\/\",\"logo\":{\"@type\":\"ImageObject\",\"inLanguage\":\"en-US\",\"@id\":\"https:\/\/www.szabadszinhaz.hu\/#\/schema\/logo\/image\/\",\"url\":\"https:\/\/www.szabadszinhaz.hu\/wp-content\/uploads\/2025\/01\/images.jpg\",\"contentUrl\":\"https:\/\/www.szabadszinhaz.hu\/wp-content\/uploads\/2025\/01\/images.jpg\",\"width\":178,\"height\":284,\"caption\":\"Szabad Sz\u00ednh\u00e1z SZ\u00cdN-T\u00c9R Egyes\u00fclet\"},\"image\":{\"@id\":\"https:\/\/www.szabadszinhaz.hu\/#\/schema\/logo\/image\/\"},\"sameAs\":[\"https:\/\/www.facebook.com\/szabadszinhaz\"]}]}<\/script>\n<!-- \/ Yoast SEO plugin. -->","yoast_head_json":{"title":"Sz\u00ednh\u00e1zi el\u0151ad\u00e1sok - Szabad Sz\u00ednh\u00e1z","robots":{"index":"index","follow":"follow","max-snippet":"max-snippet:-1","max-image-preview":"max-image-preview:large","max-video-preview":"max-video-preview:-1"},"canonical":"https:\/\/www.szabadszinhaz.hu\/en\/szinhazi-eloadasok\/","og_locale":"en_US","og_type":"article","og_title":"Sz\u00ednh\u00e1zi el\u0151ad\u00e1sok - Szabad Sz\u00ednh\u00e1z","og_description":"Sz\u00ednh\u00e1zi el\u0151ad\u00e1sok - Tel: +36306960526; Email: igezo2014@gmail.comB\u00edr\u00f3 Bence: magyartenger\u00a0\u00a0 Line Knutzon \u2013 Mesteremberek \u00a0 \u00a0&nbsp; Schwajda Gy\u00f6rgy- Nagy Judit \u2013 A szent csal\u00e1d \u2013 abszurd kom\u00e9dia Slawomir Mrozek - Emigr\u00e1nsok [&hellip;]","og_url":"https:\/\/www.szabadszinhaz.hu\/en\/szinhazi-eloadasok\/","og_site_name":"Szabad Sz\u00ednh\u00e1z","article_publisher":"https:\/\/www.facebook.com\/szabadszinhaz","article_modified_time":"2026-01-29T10:05:04+00:00","twitter_card":"summary_large_image","twitter_misc":{"Est. reading time":"16 minutes"},"schema":{"@context":"https:\/\/schema.org","@graph":[{"@type":"WebPage","@id":"https:\/\/www.szabadszinhaz.hu\/szinhazi-eloadasok\/","url":"https:\/\/www.szabadszinhaz.hu\/szinhazi-eloadasok\/","name":"Sz\u00ednh\u00e1zi el\u0151ad\u00e1sok - Szabad Sz\u00ednh\u00e1z","isPartOf":{"@id":"https:\/\/www.szabadszinhaz.hu\/#website"},"datePublished":"2024-10-15T10:02:16+00:00","dateModified":"2026-01-29T10:05:04+00:00","breadcrumb":{"@id":"https:\/\/www.szabadszinhaz.hu\/szinhazi-eloadasok\/#breadcrumb"},"inLanguage":"en-US","potentialAction":[{"@type":"ReadAction","target":["https:\/\/www.szabadszinhaz.hu\/szinhazi-eloadasok\/"]}]},{"@type":"BreadcrumbList","@id":"https:\/\/www.szabadszinhaz.hu\/szinhazi-eloadasok\/#breadcrumb","itemListElement":[{"@type":"ListItem","position":1,"name":"Kezd\u0151lap","item":"https:\/\/www.szabadszinhaz.hu\/"},{"@type":"ListItem","position":2,"name":"Sz\u00ednh\u00e1zi el\u0151ad\u00e1sok &#8211;"}]},{"@type":"WebSite","@id":"https:\/\/www.szabadszinhaz.hu\/#website","url":"https:\/\/www.szabadszinhaz.hu\/","name":"Free Theatre - Szabad Sz\u00ednh\u00e1z","description":"Free Theatre - Szabad Sz\u00ednh\u00e1z","publisher":{"@id":"https:\/\/www.szabadszinhaz.hu\/#organization"},"potentialAction":[{"@type":"SearchAction","target":{"@type":"EntryPoint","urlTemplate":"https:\/\/www.szabadszinhaz.hu\/?s={search_term_string}"},"query-input":{"@type":"PropertyValueSpecification","valueRequired":true,"valueName":"search_term_string"}}],"inLanguage":"en-US"},{"@type":"Organization","@id":"https:\/\/www.szabadszinhaz.hu\/#organization","name":"Szabad Sz\u00ednh\u00e1z SZ\u00cdN-T\u00c9R Egyes\u00fclet","url":"https:\/\/www.szabadszinhaz.hu\/","logo":{"@type":"ImageObject","inLanguage":"en-US","@id":"https:\/\/www.szabadszinhaz.hu\/#\/schema\/logo\/image\/","url":"https:\/\/www.szabadszinhaz.hu\/wp-content\/uploads\/2025\/01\/images.jpg","contentUrl":"https:\/\/www.szabadszinhaz.hu\/wp-content\/uploads\/2025\/01\/images.jpg","width":178,"height":284,"caption":"Szabad Sz\u00ednh\u00e1z SZ\u00cdN-T\u00c9R Egyes\u00fclet"},"image":{"@id":"https:\/\/www.szabadszinhaz.hu\/#\/schema\/logo\/image\/"},"sameAs":["https:\/\/www.facebook.com\/szabadszinhaz"]}]}},"ticketed":false,"_links":{"self":[{"href":"https:\/\/www.szabadszinhaz.hu\/en\/wp-json\/wp\/v2\/pages\/75","targetHints":{"allow":["GET"]}}],"collection":[{"href":"https:\/\/www.szabadszinhaz.hu\/en\/wp-json\/wp\/v2\/pages"}],"about":[{"href":"https:\/\/www.szabadszinhaz.hu\/en\/wp-json\/wp\/v2\/types\/page"}],"author":[{"embeddable":true,"href":"https:\/\/www.szabadszinhaz.hu\/en\/wp-json\/wp\/v2\/users\/2"}],"replies":[{"embeddable":true,"href":"https:\/\/www.szabadszinhaz.hu\/en\/wp-json\/wp\/v2\/comments?post=75"}],"version-history":[{"count":73,"href":"https:\/\/www.szabadszinhaz.hu\/en\/wp-json\/wp\/v2\/pages\/75\/revisions"}],"predecessor-version":[{"id":10016,"href":"https:\/\/www.szabadszinhaz.hu\/en\/wp-json\/wp\/v2\/pages\/75\/revisions\/10016"}],"wp:attachment":[{"href":"https:\/\/www.szabadszinhaz.hu\/en\/wp-json\/wp\/v2\/media?parent=75"}],"curies":[{"name":"wp","href":"https:\/\/api.w.org\/{rel}","templated":true}]}}