{"id":6761,"date":"2023-04-21T10:16:34","date_gmt":"2023-04-21T08:16:34","guid":{"rendered":"http:\/\/www.szabadszinhaz.hu\/?page_id=6761"},"modified":"2023-05-22T05:08:56","modified_gmt":"2023-05-22T03:08:56","slug":"gdpr","status":"publish","type":"page","link":"https:\/\/www.szabadszinhaz.hu\/en\/gdpr\/","title":{"rendered":"GDPR &#8211; Adatkezel\u00e9s"},"content":{"rendered":"<p>[et_pb_section fb_built=&#8221;1&#8243; _builder_version=&#8221;4.20.4&#8243; _module_preset=&#8221;default&#8221; global_colors_info=&#8221;{}&#8221;][et_pb_row _builder_version=&#8221;4.20.4&#8243; _module_preset=&#8221;default&#8221; global_colors_info=&#8221;{}&#8221;][et_pb_column type=&#8221;4_4&#8243; _builder_version=&#8221;4.20.4&#8243; _module_preset=&#8221;default&#8221; global_colors_info=&#8221;{}&#8221;][et_pb_text _builder_version=&#8221;4.20.4&#8243; _module_preset=&#8221;default&#8221; hover_enabled=&#8221;0&#8243; global_colors_info=&#8221;{}&#8221; sticky_enabled=&#8221;0&#8243;]Adatkezel\u00e9s<\/p>\n<p>&nbsp;<\/p>\n<p><span style=\"font-weight: 400;\">A Sz\u00edn-T\u00e9r Egyes\u00fclet (a tov\u00e1bbiakban: Szabad Sz\u00ednh\u00e1z) a jogszab\u00e1lyok \u00e1ltal el\u0151\u00edrt t\u00e1j\u00e9koztat\u00e1si k\u00f6telezetts\u00e9g\u00e9nek az al\u00e1bbiak k\u00f6zz\u00e9t\u00e9tel\u00e9vel tesz eleget, annak \u00e9rdek\u00e9ben, hogy egy\u00fcttm\u0171k\u00f6d\u0151 partnereink, munkat\u00e1rsaink \u00e9s N\u00e9z\u0151ink, valamint a honlapunk L\u00e1togat\u00f3i tiszt\u00e1ban legyenek azzal: milyen adataikat kezeli a Sz\u00ednh\u00e1z, vagy <\/span><i><span style=\"font-weight: 400;\">m\u00e1s szolg\u00e1ltat\u00f3<\/span><\/i><span style=\"font-weight: 400;\">, illetve azzal is, hogy \u00e9rintetti jogaikat hol, hogyan gyakorolhatj\u00e1k, \u00e9rv\u00e9nyes\u00edthetik. A Szabad Sz\u00ednh\u00e1z kiemelten fontosnak tartja \u00fcgyfelei inform\u00e1ci\u00f3s \u00f6nrendelkez\u00e9si jog\u00e1nak tiszteletben tart\u00e1s\u00e1t, minden szem\u00e9lyes adatot bizalmasan kezel, \u00e9s megtesz minden olyan biztons\u00e1gi, technikai \u00e9s szervez\u00e9si int\u00e9zked\u00e9st, mely az adatok biztons\u00e1g\u00e1t garant\u00e1lja.<\/span><\/p>\n<p><b>Az adatkezel\u00e9s szab\u00e1lyait az al\u00e1bbi alapvet\u0151 jogszab\u00e1lyok hat\u00e1rozz\u00e1k meg:<\/b><\/p>\n<ul>\n<li style=\"font-weight: 400;\" aria-level=\"1\"><span style=\"font-weight: 400;\">GDPR: az Eur\u00f3pai Parlament \u00e9s a Tan\u00e1cs 2016. \u00e1prilis 27-i (EU) 2016\/679 rendelete a term\u00e9szetes szem\u00e9lyeknek a szem\u00e9lyes adatok kezel\u00e9se tekintet\u00e9ben t\u00f6rt\u00e9n\u0151 v\u00e9delm\u00e9r\u0151l \u00e9s az ilyen adatok szabad \u00e1raml\u00e1s\u00e1r\u00f3l, valamint a 95\/46\/EK ir\u00e1nyelv hat\u00e1lyon k\u00edv\u00fcl helyez\u00e9s\u00e9r\u0151l (\u00e1ltal\u00e1nos adatv\u00e9delmi rendelet),<\/span><\/li>\n<li style=\"font-weight: 400;\" aria-level=\"1\"><span style=\"font-weight: 400;\">az inform\u00e1ci\u00f3s \u00f6nrendelkez\u00e9si jogr\u00f3l \u00e9s az inform\u00e1ci\u00f3szabads\u00e1gr\u00f3l sz\u00f3l\u00f3 2011. \u00e9vi CXII. t\u00f6rv\u00e9ny (a tov\u00e1bbi eml\u00edt\u00e9skor: Info.tv.)<\/span><\/li>\n<li style=\"font-weight: 400;\" aria-level=\"1\"><span style=\"font-weight: 400;\">a polg\u00e1ri t\u00f6rv\u00e9nyk\u00f6nyvr\u0151l sz\u00f3l\u00f3 2013. \u00e9vi V. t\u00f6rv\u00e9ny (a tov\u00e1bbi eml\u00edt\u00e9skor: Ptk.)<\/span><\/li>\n<li style=\"font-weight: 400;\" aria-level=\"1\"><span style=\"font-weight: 400;\">a szem\u00e9ly- \u00e9s vagyonv\u00e9delmi, valamint a mag\u00e1nnyomoz\u00f3i tev\u00e9kenys\u00e9g szab\u00e1lyair\u00f3l sz\u00f3l\u00f3 2005. \u00e9vi CXXXIII. t\u00f6rv\u00e9ny (a tov\u00e1bbi eml\u00edt\u00e9skor: Szvtv.), bizonyos adatok t\u00e1rol\u00e1s\u00e1ra vonatkoz\u00f3an a sz\u00e1mvitelr\u0151l sz\u00f3l\u00f3 2000. \u00e9vi C. t\u00f6rv\u00e9ny (Szt.)<\/span><\/li>\n<li style=\"font-weight: 400;\" aria-level=\"1\"><span style=\"font-weight: 400;\">A Sz\u00ednh\u00e1z mindent elk\u00f6vet az\u00e9rt, hogy a hozz\u00e1 ker\u00fclt vagy r\u00e9sz\u00e9re \u00e1tadott szem\u00e9lyes adatokkal m\u00e9lt\u00f3n, csak c\u00e9lhoz k\u00f6t\u00f6tt m\u00e9rt\u00e9kben \u00e9s ideig b\u00e1njon \u00e9s am\u00edg rendelkezik az adatokkal, maxim\u00e1lisan biztos\u00edtsa azok v\u00e9delm\u00e9t.<\/span><\/li>\n<\/ul>\n<p>&nbsp;<\/p>\n<p><b>Az adatkezel\u00e9s ter\u00fcletei<\/b><\/p>\n<p><b><\/b><\/p>\n<ul>\n<li aria-level=\"1\"><b>Jegy- \u00e9s b\u00e9rlet\u00e9rt\u00e9kes\u00edt\u00e9s<\/b><\/li>\n<\/ul>\n<p><b><\/b><\/p>\n<p><b><\/b><\/p>\n<ul>\n<li aria-level=\"1\"><b>A.\/ SZ\u00cdNH\u00c1ZI \u00c9L\u0150 -\u00e9s ONLINE K\u00d6ZVET\u00cdTETT EL\u0150AD\u00c1SOK, PROGRAMOK JEGYEINEK \/ B\u00c9RLETEINEK V\u00c1S\u00c1RL\u00c1S\u00c1VAL FELMER\u00dcL\u0150 ADATKEZEL\u00c9SRE VONATKOZ\u00d3 SZAB\u00c1LYOK:<\/b><\/li>\n<\/ul>\n<p><b><\/b><\/p>\n<ul>\n<li style=\"font-weight: 400;\" aria-level=\"1\"><span style=\"font-weight: 400;\">Jegy-\u00e9s b\u00e9rletv\u00e1s\u00e1rl\u00e1sra szem\u00e9lyesen \u00e9s elektronikusan is lehet\u0151s\u00e9g van. Elektronikus v\u00e1s\u00e1rl\u00e1s az<\/span> <a href=\"http:\/\/www.jegyx1.hu\"><span style=\"font-weight: 400;\">www.jegyx1.hu<\/span><\/a> <span style=\"font-weight: 400;\">weboldal\u00e1n kereszt\u00fcl t\u00f6rt\u00e9nik, szem\u00e9lyesen a Szabad Sz\u00ednh\u00e1z \u00e1lland\u00f3 j\u00e1tsz\u00f3helye.\u00a0<\/span><\/li>\n<li style=\"font-weight: 400;\" aria-level=\"1\"><span style=\"font-weight: 400;\">A T\u00e1rsas\u00e1g csak a megv\u00e1s\u00e1rolt jegy \u00e9s b\u00e9rlet t\u00edpus\u00e1t \u00e9s darabsz\u00e1m\u00e1t tartja nyilv\u00e1n, minden m\u00e1s adatot nem kezel.<\/span><\/li>\n<li style=\"font-weight: 400;\" aria-level=\"1\"><span style=\"font-weight: 400;\">A T\u00e1rsas\u00e1g \u00fagynevezett \u201ebizom\u00e1nyosi\u201d jegy\u00e9rt\u00e9kes\u00edt\u00e9sre is k\u00f6t esetek\u00e9nt szerz\u0151d\u00e9st, de azt csak c\u00e9gekkel, \u00edgy onnan szem\u00e9lyes adatokat nem vesz fel \u00e9s nem kezel.<\/span><\/li>\n<li style=\"font-weight: 400;\" aria-level=\"1\"><b>Adatkezel\u0151:<\/b><span style=\"font-weight: 400;\">\u00a0Szabad Sz\u00ednh\u00e1z\u00a0\u00a0\u00a0<\/span><\/li>\n<li style=\"font-weight: 400;\" aria-level=\"1\"><b>Az adatkezel\u00e9s c\u00e9lja:<\/b><span style=\"font-weight: 400;\">\u00a0szolg\u00e1ltat\u00e1si tev\u00e9kenys\u00e9g ell\u00e1t\u00e1sa: jegy- \u00e9s b\u00e9rlet\u00e9rt\u00e9kes\u00edt\u00e9s<\/span><\/li>\n<li style=\"font-weight: 400;\" aria-level=\"1\"><b>A kezelt adatok k\u00f6re:<\/b><\/li>\n<li style=\"font-weight: 400;\" aria-level=\"1\"><b>regisztr\u00e1ci\u00f3hoz:<\/b><span style=\"font-weight: 400;\">\u00a0n\u00e9v (b\u00e1rmely, ak\u00e1r fant\u00e1zia-, vagy becen\u00e9v), e-mail c\u00edm \u00e9s jelsz\u00f3,<\/span><\/li>\n<li style=\"font-weight: 400;\" aria-level=\"1\"><b>a jegy- \u00e9s b\u00e9rlet-v\u00e1s\u00e1rl\u00e1shoz, illetve kedvezm\u00e9nyek \u00e9rv\u00e9nyes\u00edt\u00e9s\u00e9hez sz\u00fcks\u00e9ges adatok:<\/b><span style=\"font-weight: 400;\">\u00a0teljes (val\u00f3di) n\u00e9v, \u00e9s pontos (orsz\u00e1g, megye, ir\u00e1ny\u00edt\u00f3sz\u00e1m, telep\u00fcl\u00e9s, k\u00f6zter\u00fclet neve, h\u00e1zsz\u00e1m) lakc\u00edm. Ezen adatok a term\u00e9szetes szem\u00e9ly sz\u00e1mla-k\u00e9r\u00e9s\u00e9hez is elegend\u0151ek.<\/span><\/li>\n<li style=\"font-weight: 400;\" aria-level=\"1\"><b>Az adatkezel\u00e9s jogalapja:<\/b><span style=\"font-weight: 400;\">\u00a0az \u00e9rintett hozz\u00e1j\u00e1rul\u00e1sa az Infotv. 5. \u00a7 (1) bekezd\u00e9s a) pontja, illetve a GDPR 6. cikk (1) bekezd\u00e9s b.) pontja (a szerz\u0151d\u00e9ses jogviszony)<\/span><\/li>\n<li style=\"font-weight: 400;\" aria-level=\"1\"><b>Az adatt\u00e1rol\u00e1s hat\u00e1rideje:<\/b><span style=\"font-weight: 400;\">\u00a08 \u00e9v a sz\u00e1mvitelr\u0151l sz\u00f3l\u00f3 2000. \u00e9vi C. t\u00f6rv\u00e9ny alapj\u00e1n<\/span><\/li>\n<li style=\"font-weight: 400;\" aria-level=\"1\"><b>Az adatt\u00e1rol\u00e1s m\u00f3dja:<\/b><span style=\"font-weight: 400;\">\u00a0elektronikus<\/span><\/li>\n<li style=\"font-weight: 400;\" aria-level=\"1\"><span style=\"font-weight: 400;\">Fentiekb\u0151l k\u00f6vetkez\u0151en a Sz\u00ednh\u00e1z a n\u00e9z\u0151kkel kapcsolatos online kommunik\u00e1ci\u00f3 sor\u00e1n \u2013 a fent eml\u00edtett rendk\u00edv\u00fcli esetet lesz\u00e1m\u00edtva \u2013 nem jut szem\u00e9lyes adatokhoz.<\/span><\/li>\n<li style=\"font-weight: 400;\" aria-level=\"1\"><b>Sz\u00e1mla ki\u00e1ll\u00edt\u00e1s: Minden jegyv\u00e1s\u00e1rl\u00e1s sz\u00e1mla ellen\u00e9ben t\u00f6rt\u00e9nik.<\/b><\/li>\n<li style=\"font-weight: 400;\" aria-level=\"1\"><span style=\"font-weight: 400;\">Amennyiben c\u00e9g vagy v\u00e1llalkoz\u00e1s, vagy szervezet r\u00e9sz\u00e9re k\u00e9rik a sz\u00e1mla ki\u00e1ll\u00edt\u00e1s\u00e1t, abban az esetben a pontos c\u00e9gneven k\u00edv\u00fcl sz\u00e9khely\u00e9t \u00e9s ad\u00f3sz\u00e1m\u00e1t is meg kell adnia.<\/span><\/li>\n<li style=\"font-weight: 400;\" aria-level=\"1\"><b>Mindk\u00e9t szolg\u00e1ltat\u00f3 eset\u00e9ben:<\/b><\/li>\n<li style=\"font-weight: 400;\" aria-level=\"1\"><b>Adatkezel\u00e9s c\u00e9lja:<\/b><span style=\"font-weight: 400;\">\u00a0szolg\u00e1ltat\u00e1si tev\u00e9kenys\u00e9g ell\u00e1t\u00e1s, jegy\u00e9rt\u00e9kes\u00edt\u00e9s<\/span><\/li>\n<li style=\"font-weight: 400;\" aria-level=\"1\"><b>Az adatkezel\u00e9s jogalapja:<\/b><span style=\"font-weight: 400;\">\u00a0az \u00e9rintett hozz\u00e1j\u00e1rul\u00e1sa az Infotv. 5. \u00a7 (1) bekezd\u00e9s a) pontja, valamint a jogi k\u00f6telezetts\u00e9g teljes\u00edt\u00e9se<\/span><\/li>\n<li style=\"font-weight: 400;\" aria-level=\"1\"><b>Az adatkezel\u00e9s hat\u00e1rideje:<\/b><span style=\"font-weight: 400;\">\u00a0a v\u00e1s\u00e1rl\u00e1st\u00f3l sz\u00e1m\u00edtott 8 \u00e9v a sz\u00e1mvitelr\u0151l sz\u00f3l\u00f3 2000. \u00e9vi C. t\u00f6rv\u00e9ny alapj\u00e1n<\/span><\/li>\n<li style=\"font-weight: 400;\" aria-level=\"1\"><b>Az adatt\u00e1rol\u00e1s m\u00f3dja:<\/b><span style=\"font-weight: 400;\">\u00a0elektronikus<\/span><\/li>\n<\/ul>\n<p>&nbsp;<\/p>\n<p><b>Honlap \u00fczemeltet\u00e9se \u00e9s h\u00edrlev\u00e9l k\u00fcld\u00e9se<\/b><\/p>\n<ul>\n<li style=\"font-weight: 400;\" aria-level=\"1\"><span style=\"font-weight: 400;\">A T\u00e1rsas\u00e1g a www.szabadszinhaz.hu\u00a0 c\u00edmen \u00fczemeltet honlapot, mely honlaphoz b\u00e1rki, kil\u00e9te felfed\u00e9se n\u00e9lk\u00fcl hozz\u00e1f\u00e9rhet, a honlapon szabadon \u00e9s korl\u00e1toz\u00e1s n\u00e9lk\u00fcl szerezhet inform\u00e1ci\u00f3kat.<\/span><\/li>\n<li style=\"font-weight: 400;\" aria-level=\"1\"><span style=\"font-weight: 400;\">A Sz\u00ednh\u00e1z id\u0151szakosan h\u00edrlevelet k\u00fcld a sz\u00ednh\u00e1zi esem\u00e9nyekr\u0151l, h\u00edrekr\u0151l, jubileumi el\u0151ad\u00e1sokr\u00f3l, aktu\u00e1lis m\u0171sorr\u00f3l, bemutat\u00f3kr\u00f3l. Ezt a h\u00edrlevelet azok kapj\u00e1k meg, akik saj\u00e1t d\u00f6nt\u00e9s\u00fck alapj\u00e1n nev\u00fckkel (legyen az ak\u00e1r fant\u00e1zia-n\u00e9v) \u00e9s e-mail c\u00edmekkel feliratkoztak. A feliratkoz\u00e1skor megadott adatok a Sz\u00ednh\u00e1zn\u00e1l jelennek meg, \u00e9s innen t\u00f6rt\u00e9nik a h\u00edrlevelek kik\u00fcld\u00e9se is.<\/span><\/li>\n<li style=\"font-weight: 400;\" aria-level=\"1\"><b>Adatkezel\u0151:<\/b><span style=\"font-weight: 400;\">\u00a0Szabad Sz\u00ednh\u00e1z<\/span><\/li>\n<li style=\"font-weight: 400;\" aria-level=\"1\"><b>Az adatkezel\u00e9s c\u00e9lja:<\/b><span style=\"font-weight: 400;\">\u00a0az \u00fcgyfelek \u00e9rtes\u00edt\u00e9se a legfrissebb inform\u00e1ci\u00f3kr\u00f3l, v\u00e1s\u00e1rl\u00f3kezel\u00e9s, a c\u00e9lk\u00f6z\u00f6ns\u00e9g sz\u00e9les\u00edt\u00e9se<\/span><\/li>\n<li style=\"font-weight: 400;\" aria-level=\"1\"><b>A kezelt adatok k\u00f6re:<\/b><span style=\"font-weight: 400;\">\u00a0k\u00fcl\u00f6n\u00f6sen az \u00e9rintett \u00e1ltal megadott (ak\u00e1r fant\u00e1zia) n\u00e9v, e-mail c\u00edm, regisztr\u00e1lt felhaszn\u00e1l\u00f3 eset\u00e9n teljes n\u00e9v, e-mail c\u00edm, felhaszn\u00e1l\u00f3n\u00e9v, telep\u00fcl\u00e9s, ir\u00e1ny\u00edt\u00f3sz\u00e1m, lakc\u00edm, telefonsz\u00e1m<\/span><\/li>\n<li style=\"font-weight: 400;\" aria-level=\"1\"><b>Az adatkezel\u00e9s jogalapja:<\/b><span style=\"font-weight: 400;\">\u00a0k\u00f6zvetlen \u00fczletszerz\u00e9s, illetve az Infotv. 5. \u00a7 (1) bekezd\u00e9s a) pontja szerinti \u00e9rintetti hozz\u00e1j\u00e1rul\u00e1s.<\/span><\/li>\n<\/ul>\n<p><b>Az adatt\u00e1rol\u00e1s hat\u00e1rideje:<\/b><span style=\"font-weight: 400;\">\u00a0a c\u00e9l megval\u00f3sul\u00e1s\u00e1ig, illetve az \u00e9rintett t\u00f6rl\u00e9si k\u00e9relm\u00e9ig, de legk\u00e9s\u0151bb a T\u00e1rsas\u00e1g megsz\u0171n\u00e9s\u00e9ig<\/span><\/p>\n<p><b>Az adatt\u00e1rol\u00e1s m\u00f3dja:<\/b><span style=\"font-weight: 400;\">\u00a0elektronikus<\/span><\/p>\n<p><b>A Szabad Sz\u00ednh\u00e1z, \u00e1lland\u00f3 j\u00e1tsz\u00f3hely\u00e9n, az Ig\u00e9z\u0151ben &#8211; Sz\u00e9kesfeh\u00e9rv\u00e1r, Basa u. 1 NEM alkalmaz elektronikus megfigyel\u0151rendszert (kamera)\u00a0<\/b><\/p>\n<p><b>Cookie-k (S\u00fctik)<\/b><\/p>\n<p><span style=\"font-weight: 400;\">A s\u00fctik haszn\u00e1lat\u00e1nak elfogad\u00e1sa, enged\u00e9lyez\u00e9se nem k\u00f6telez\u0151. Vissza\u00e1ll\u00edthatja b\u00f6ng\u00e9sz\u0151je be\u00e1ll\u00edt\u00e1sait, hogy az utas\u00edtsa el az \u00f6sszes cookie-t, vagy hogy jelezze, ha a rendszer \u00e9ppen egy cookie-t k\u00fcld. A legt\u00f6bb b\u00f6ng\u00e9sz\u0151 ugyan alap\u00e9rtelmezettk\u00e9nt automatikusan elfogadja a s\u00fctiket, de ezek \u00e1ltal\u00e1ban megv\u00e1ltoztathat\u00f3ak annak \u00e9rdek\u00e9ben, hogy megakad\u00e1lyozhat\u00f3 legyen az automatikus elfogad\u00e1s \u00e9s minden alkalommal felaj\u00e1nlja a v\u00e1laszt\u00e1s lehet\u0151s\u00e9g\u00e9t. Azonban felh\u00edvjuk a figyelmet arra, hogy el\u0151fordulhat, hogy bizonyos webhelyfunkci\u00f3k vagy -szolg\u00e1ltat\u00e1sok nem fognak megfelel\u0151en m\u0171k\u00f6dni cookie-k n\u00e9lk\u00fcl.<\/span><\/p>\n<p><span style=\"font-weight: 400;\">A weboldalon haszn\u00e1lt s\u00fctik \u00f6nmagukban nem alkalmasak a felhaszn\u00e1l\u00f3 szem\u00e9ly\u00e9nek beazonos\u00edt\u00e1s\u00e1ra.<\/span><\/p>\n<h3><b>Rendezv\u00e9nyszervez\u00e9sre vonatkoz\u00f3 szab\u00e1lyok<\/b><\/h3>\n<ul>\n<li style=\"font-weight: 400;\" aria-level=\"1\"><span style=\"font-weight: 400;\">A Sz\u00ednh\u00e1z k\u00fcl\u00f6nf\u00e9le rendezv\u00e9nyeket szervez egyes esem\u00e9nyekhez kapcsol\u00f3d\u00f3an (pl: bemutat\u00f3k, jubileumi el\u0151ad\u00e1sok ut\u00e1ni bankettek stb.), melyek minden esetben a sajt\u00f3 nyilv\u00e1noss\u00e1ga el\u0151tt zajlanak, \u00edgy ott f\u00e9nyk\u00e9pek k\u00e9sz\u00fclnek. Err\u0151l minden megh\u00edvott t\u00e1j\u00e9kozott, hiszen az esem\u00e9nyek jellege \u00f6nmag\u00e1ban utal e nyilv\u00e1noss\u00e1gra.<\/span><\/li>\n<li style=\"font-weight: 400;\" aria-level=\"1\"><span style=\"font-weight: 400;\">Alkalomszer\u0171en szervez a Sz\u00ednh\u00e1z speci\u00e1lis el\u0151ad\u00e1sokat fogyat\u00e9kkal \u00e9l\u0151, illetve h\u00e1tr\u00e1nyos helyzet\u0171\u030b gyermekeknek\/fiatalkor\u00faaknak, nyugd\u00edjasoknak, akiknek ily m\u00f3don lehet\u0151s\u00e9ge ny\u00edlik a sz\u00edn\u00e9szekkel val\u00f3 tal\u00e1lkoz\u00e1sra, f\u00e9nyk\u00e9p\u00e9szk\u00e9d\u00e9re \u00e9s besz\u00e9lget\u00e9sre, esetleg interj\u00fak k\u00e9sz\u00edt\u00e9s\u00e9re. Az itt k\u00e9sz\u00fclt f\u00e9nyk\u00e9peket, besz\u00e9lget\u00e9seket a Sz\u00ednh\u00e1z Facebook oldal\u00e1n vagy a honlapj\u00e1n k\u00f6zz\u00e9teszik.<\/span><\/li>\n<li style=\"font-weight: 400;\" aria-level=\"1\"><span style=\"font-weight: 400;\">Teh\u00e1t a rendezv\u00e9nyein a Sz\u00ednh\u00e1z, mint adatkezel\u0151, f\u00e9nyk\u00e9pfelv\u00e9teleket k\u00e9sz\u00edt, mely felv\u00e9teleken a rendezv\u00e9ny l\u00e1togat\u00f3i felismerhet\u0151ek lehetnek. A f\u00e9nyk\u00e9peket a saj\u00e1t honlapj\u00e1n \u00e9s Facebook oldalain fogja k\u00f6zz\u00e9tenni. Ezek a rendezv\u00e9nyek a Polg\u00e1ri T\u00f6rv\u00e9nyk\u00f6nyvr\u0151l sz\u00f3l\u00f3 2013. \u00e9vi V. t\u00f6rv\u00e9ny 2:48. \u00a7-a szerinti t\u00f6megrendezv\u00e9nynek sz\u00e1m\u00edtanak.<\/span><\/li>\n<li style=\"font-weight: 400;\" aria-level=\"1\"><span style=\"font-weight: 400;\">Amennyiben nem szeretn\u00e9, hogy a f\u00e9nyk\u00e9pfelv\u00e9teleken a k\u00e9pm\u00e1sa felismerhet\u0151 legyen, ezt a rendezv\u00e9nyre val\u00f3 bel\u00e9p\u00e9skor a szervez\u0151knek jelezze, ebben az esetben egy megk\u00fcl\u00f6nb\u00f6ztet\u0151 jelz\u00e9st fog kapni, melynek seg\u00edts\u00e9g\u00e9vel az elk\u00e9sz\u00fclt f\u00e9nyk\u00e9pekr\u0151l ut\u00f3lagosan felismerhetetlenn\u00e9 fogja tenni k\u00e9pm\u00e1s\u00e1t a Sz\u00ednh\u00e1z.<\/span><\/li>\n<li style=\"font-weight: 400;\" aria-level=\"1\"><span style=\"font-weight: 400;\">Lehet\u0151s\u00e9g van az ut\u00f3lagos tiltakoz\u00e1sra is, melyet \u00edr\u00e1sban elektronikusan is megtehet az adatv\u00e9delem\u00e9rt felel\u0151s gazdas\u00e1gi igazgat\u00f3 fel\u00e9.<\/span><\/li>\n<\/ul>\n<p>&nbsp;<\/p>\n<p><b>Az<\/b> <b>adatkezel\u00e9s c\u00e9lja:<\/b><\/p>\n<ul>\n<li style=\"font-weight: 400;\" aria-level=\"1\"><span style=\"font-weight: 400;\">\u00a0a T\u00e1rsas\u00e1g arculat\u00e1nak \u00e9s brandj\u00e9nek marketingtev\u00e9kenys\u00e9ggel t\u00f6rt\u00e9n\u0151 er\u0151s\u00edt\u00e9se, ezzel \u00f6sszef\u00fcgg\u00e9sben rendezv\u00e9nyein f\u00e9nyk\u00e9pfelv\u00e9telek k\u00e9sz\u00edt\u00e9se \u00e9s felhaszn\u00e1l\u00e1sa Kezelt adatok k\u00f6re: k\u00fcl\u00f6n\u00f6sen a rendezv\u00e9nyen r\u00e9sztvev\u0151 neve, hang- \u00e9s k\u00e9pm\u00e1sa, f\u00e9nyk\u00e9pe, tart\u00f3zkod\u00e1si helye, ideje, szabadid\u0151s szok\u00e1sai, az \u00e9rintett-tel kapcsolatba hozhat\u00f3 egy\u00e9b adatok<\/span><\/li>\n<li style=\"font-weight: 400;\" aria-level=\"1\"><span style=\"font-weight: 400;\">Ad<\/span><b>atkezel\u00e9s jogalapja:<\/b><\/li>\n<li style=\"font-weight: 400;\" aria-level=\"1\"><span style=\"font-weight: 400;\">\u00a0az Infotv. 5. \u00a7 (1) a) szerinti \u00e9rintetti hozz\u00e1j\u00e1rul\u00e1s \u00e9s a Ptk.2: 48 \u00a7 (1) \u00e9s (2) bekezd\u00e9se<\/span><\/li>\n<li style=\"font-weight: 400;\" aria-level=\"1\"><span style=\"font-weight: 400;\">A<\/span><b>datt\u00e1rol\u00e1s hat\u00e1rideje: 8 \u00e9v<\/b><\/li>\n<li style=\"font-weight: 400;\" aria-level=\"1\"><b>Adatt\u00e1rol\u00e1s m\u00f3dja:<\/b><span style=\"font-weight: 400;\">\u00a0elektronikusan\u00a0<\/span><\/li>\n<li style=\"font-weight: 400;\" aria-level=\"1\"><span style=\"font-weight: 400;\">T\u00e1j\u00e9koztat\u00e1st k\u00e9rhet szem\u00e9lyes adatai kezel\u00e9s\u00e9r\u0151l, valamint k\u00e9rheti szem\u00e9lyes adatainak helyesb\u00edt\u00e9s\u00e9t, illetve \u2013 a k\u00f6telez\u0151 adatkezel\u00e9sek kiv\u00e9tel\u00e9vel \u2013 t\u00f6rl\u00e9s\u00e9t az adatfelv\u00e9tel\u00e9n\u00e9l jelzett m\u00f3don, illetve az adatkezel\u0151 felt\u00fcntetett el\u00e9rhet\u0151s\u00e9gein:<\/span><\/li>\n<li style=\"font-weight: 400;\" aria-level=\"1\"><span style=\"font-weight: 400;\">Adatv\u00e9delem\u00e9rt felel\u0151s szem\u00e9ly a gazdas\u00e1gi igazgat\u00f3, e-el\u00e9rhet\u0151s\u00e9ge: <\/span><a href=\"mailto:igezo2014@gmail.com\"><span style=\"font-weight: 400;\">igezo2014@gmail.com<\/span><\/a><\/li>\n<\/ul>\n<h3><b>Nyerem\u00e9nyj\u00e1t\u00e9kkal \u00f6sszef\u00fcgg\u0151 szab\u00e1lyok:<\/b><\/h3>\n<ul>\n<li style=\"font-weight: 400;\" aria-level=\"1\"><span style=\"font-weight: 400;\">A Sz\u00ednh\u00e1z alkalmank\u00e9nt meghirdet nyerem\u00e9nyj\u00e1t\u00e9kot, melynek d\u00edja sz\u00ednh\u00e1zjegy, b\u00e9rletvagy m\u00e1s. Mindezt a Sz\u00ednh\u00e1z Facebook oldal\u00e1n bonyol\u00edtj\u00e1k le. A bek\u00fcld\u00f6tt j\u00f3 megold\u00e1sok vagy legjobb feladatmegold\u00e1sok k\u00f6z\u00fcl sorsol\u00e1ssal vagy egy kisebb \u201ebizotts\u00e1g\u201d d\u00f6nt\u00e9se alapj\u00e1n ker\u00fcl ki a gy\u0151ztes, melyr\u0151l szint\u00e9n a Facebook fel\u00fcleten, esetleg egy\u00e9b, kor\u00e1bban megadott el\u00e9rhet\u0151s\u00e9gen \u00e9rtes\u00edtik a gy\u0151ztest.<\/span><\/li>\n<li style=\"font-weight: 400;\" aria-level=\"1\"><span style=\"font-weight: 400;\">A tizenhatodik \u00e9let\u00e9v\u00e9t be nem t\u00f6lt\u00f6tt szem\u00e9ly csak t\u00f6rv\u00e9nyes k\u00e9pvisel\u0151je hozz\u00e1j\u00e1rul\u00e1s\u00e1val nevezhet a j\u00e1t\u00e9kba. Ehhez az sz\u00fcks\u00e9ges, hogy a t\u00f6rv\u00e9nyes k\u00e9pvisel\u0151 t\u00f6ltse ki a jelentkez\u00e9si lapot, ezzel hozz\u00e1j\u00e1rulva a gyermekei \u00e9s a saj\u00e1t adatai kezel\u00e9s\u00e9hez. Az adatkezel\u00e9s csak a t\u00f6rv\u00e9nyes k\u00e9pvisel\u0151je j\u00f3v\u00e1hagy\u00e1s\u00e1val kezdhet\u0151 meg.<\/span><\/li>\n<li style=\"font-weight: 400;\" aria-level=\"1\"><span style=\"font-weight: 400;\">A nyerem\u00e9nyj\u00e1t\u00e9k c\u00e9lj\u00e1b\u00f3l kezelt adatokat a Sz\u00ednh\u00e1z a nyerem\u00e9nyj\u00e1t\u00e9k v\u00e9g\u00e9vel, t\u00f6rli a nyerem\u00e9nyj\u00e1t\u00e9k c\u00e9l\u00fa\u0301 adatb\u00e1zisb\u00f3l, kiv\u00e9tel a nyertes adatait \u00e9s azokat az adatokat, amiket a sz\u00e1mvitelr\u0151l sz\u00f3l\u00f3 t\u00f6rv\u00e9ny \u00e9rtelm\u00e9ben k\u00f6teles legal\u00e1bb 8 \u00e9vig meg\u0151rizni.<\/span><\/li>\n<li style=\"font-weight: 400;\" aria-level=\"1\"><b>Az adatkezel\u00e9s c\u00e9lja:<\/b><span style=\"font-weight: 400;\">\u00a0nyerem\u00e9nyj\u00e1t\u00e9k szervez\u00e9se \u00e9s lebonyol\u00edt\u00e1sa<\/span><\/li>\n<li style=\"font-weight: 400;\" aria-level=\"1\"><b>A kezelt adatok k\u00f6re:<\/b><span style=\"font-weight: 400;\">\u00a0k\u00fcl\u00f6n\u00f6sen n\u00e9v, e-mail c\u00edm, telefonsz\u00e1m, postai el\u00e9rhet\u0151s\u00e9g, \u00e9letkora, t\u00f6rv\u00e9nyes k\u00e9pvisel\u0151 hozz\u00e1j\u00e1rul\u00e1ssal kapcsolatos adatai a 16. \u00e9let\u00e9v\u00e9t be nem t\u00f6lt\u00f6tt p\u00e1ly\u00e1z\u00f3 eset\u00e9n, valamint a nyertes neve, arck\u00e9pe, anyja neve, c\u00edme, ad\u00f3azonos\u00edt\u00f3 jele, telefonsz\u00e1ma, d\u00e1tum, az \u00e1tvev\u0151 \u00e9s az \u00e1tvev\u0151 al\u00e1\u00edr\u00e1sa, valamint meghatalmaz\u00e1s eset\u00e9n k\u00e9t tanu\u0301 neve, lakc\u00edme \u00e9s al\u00e1\u00edr\u00e1sa<\/span><\/li>\n<li style=\"font-weight: 400;\" aria-level=\"1\"><b>Az adatkezel\u00e9s jogalapja:<\/b><span style=\"font-weight: 400;\">\u00a0az Infotv. 5. \u00a7 (1) a) szerinti \u00e9rintetti hozz\u00e1j\u00e1rul\u00e1s, valamint a Sz\u00e1mviteli t\u00f6rv\u00e9ny 169.\u00a7 (1)-(2) bekezd\u00e9sei<\/span><\/li>\n<li style=\"font-weight: 400;\" aria-level=\"1\"><b>Az adatt\u00e1rol\u00e1s hat\u00e1rideje:<\/b><span style=\"font-weight: 400;\">\u00a0a sorsol\u00e1sig, de legfeljebb az adott j\u00e1t\u00e9kkal \u00e9rintett kommunik\u00e1ci\u00f3s kamp\u00e1ny v\u00e9g\u00e9ig, valamint a nyertes adatait 8 \u00e9vig t\u00e1rolja (a sz\u00e1mviteli t\u00f6rv\u00e9ny alapj\u00e1n).<\/span><\/li>\n<\/ul>\n<p>&nbsp;<\/p>\n<h3><b> \u201eV\u00e1s\u00e1rl\u00f3k k\u00f6nyve\u201d<\/b><\/h3>\n<ul>\n<li style=\"font-weight: 400;\" aria-level=\"1\"><span style=\"font-weight: 400;\">A T\u00e1rsas\u00e1g jegyp\u00e9nzt\u00e1rt m\u0171k\u00f6dtet a sz\u00e9khely\u00e9n \u00e9s m\u00e1s helysz\u00edneken.<\/span><\/li>\n<li style=\"font-weight: 400;\" aria-level=\"1\"><span style=\"font-weight: 400;\">Ha ott egy v\u00e1s\u00e1rl\u00f3nak panasza lenne, akkor azt jogosult a helysz\u00ednen a \u201eV\u00e1s\u00e1rl\u00f3k k\u00f6nyv\u00e9be\u201d be\u00edrni, mely mindegyik jegyp\u00e9nzt\u00e1rban megtal\u00e1lhat\u00f3.<\/span><\/li>\n<li style=\"font-weight: 400;\" aria-level=\"1\"><span style=\"font-weight: 400;\">A telefonos bejelent\u00e9sek eset\u00e9ben a besz\u00e9lget\u00e9seket nem r\u00f6gz\u00edtik. A sz\u00f3beli panaszt tev\u0151ket mindig arra k\u00e9rik, hogy panasz\u00e1t \u00edrja meg a <\/span><a href=\"mailto:igezo2014@gmail.com\"><span style=\"font-weight: 400;\">igezo2014@gmail.com<\/span><\/a> <span style=\"font-weight: 400;\">e-mailc\u00edmre.<\/span><\/li>\n<\/ul>\n<p><b>Amennyiben a panaszr\u00f3l jegyz\u0151k\u00f6nyv (Bejelent\u0151) felv\u00e9tel\u00e9re ker\u00fcl sor annak tartalmaznia kell:<\/b><\/p>\n<ul>\n<ul>\n<li style=\"font-weight: 400;\" aria-level=\"1\"><span style=\"font-weight: 400;\">az \u00fcgyf\u00e9l neve;<\/span><\/li>\n<li style=\"font-weight: 400;\" aria-level=\"1\"><span style=\"font-weight: 400;\">az \u00fcgyf\u00e9l lakc\u00edme, sz\u00e9khelye, illetve amennyiben sz\u00fcks\u00e9ges, levelez\u00e9si c\u00edme, illetve a vele val\u00f3 kapcsolattart\u00e1s \u00e1ltala megadott m\u00f3dja \u00e9s adatai (telefon, e-mail-c\u00edm, stb.),<\/span><\/li>\n<li style=\"font-weight: 400;\" aria-level=\"1\"><span style=\"font-weight: 400;\">a panasz el\u0151terjeszt\u00e9s\u00e9nek helye, ideje, m\u00f3dja;<\/span><\/li>\n<li style=\"font-weight: 400;\" aria-level=\"1\"><span style=\"font-weight: 400;\">az \u00fcgyf\u00e9l panasz\u00e1nak r\u00e9szletes le\u00edr\u00e1sa,<\/span><\/li>\n<li style=\"font-weight: 400;\" aria-level=\"1\"><span style=\"font-weight: 400;\">az \u00fcgyf\u00e9l \u00e1ltal bemutatott iratok, dokumentumok \u00e9s egy\u00e9b bizony\u00edt\u00e9kok jegyz\u00e9ke;<\/span><\/li>\n<li style=\"font-weight: 400;\" aria-level=\"1\"><span style=\"font-weight: 400;\">a jegyz\u0151k\u00f6nyvet felvev\u0151 szem\u00e9ly \u00e9s az \u00fcgyf\u00e9l al\u00e1\u00edr\u00e1sa (ut\u00f3bbi elem szem\u00e9lyesen k\u00f6z\u00f6lt sz\u00f3beli panasz eset\u00e9n elv\u00e1rt);<\/span><\/li>\n<li style=\"font-weight: 400;\" aria-level=\"1\"><span style=\"font-weight: 400;\">a jegyz\u0151k\u00f6nyv felv\u00e9tel\u00e9nek helye, ideje,<\/span><\/li>\n<li style=\"font-weight: 400;\" aria-level=\"1\"><span style=\"font-weight: 400;\">az \u00fcgyf\u00e9l \u00e9s a jegyz\u0151k\u00f6nyvet felvev\u0151 szem\u00e9ly al\u00e1\u00edr\u00e1sa.<\/span><\/li>\n<\/ul>\n<\/ul>\n<ul>\n<li aria-level=\"1\">\n<b><\/p>\n<h2><b>II. \u00c9rintettek jogainak \u00e9rv\u00e9nyes\u00edt\u00e9se<\/b><\/h2>\n<ul>\n<li style=\"font-weight: 400;\" aria-level=\"1\"><span style=\"font-weight: 400;\">A fentiekben foglaltakb\u00f3l l\u00e1that\u00f3an, a Sz\u00ednh\u00e1z nagyon kev\u00e9s esetben \u00e9s kiz\u00e1r\u00f3lag \u00f6nk\u00e9nt megadott adatokat kezel.<\/span><\/li>\n<li style=\"font-weight: 400;\" aria-level=\"1\"><span style=\"font-weight: 400;\">Az a term\u00e9szetes szem\u00e9ly, aki a szem\u00e9lyes adat alapj\u00e1n k\u00f6zvetlen\u00fcl vagy k\u00f6zvetve azonos\u00edthat\u00f3, t\u00e1j\u00e9koztat\u00e1st k\u00e9rhet szem\u00e9lyes adatai kezel\u00e9s\u00e9r\u0151l, valamint k\u00e9rheti szem\u00e9lyes adatainak helyesb\u00edt\u00e9s\u00e9t, illetve \u2013 a k\u00f6telez\u0151 adatkezel\u00e9sek kiv\u00e9tel\u00e9vel \u2013 t\u00f6rl\u00e9s\u00e9t a Sz\u00ednh\u00e1z felt\u00fcntetett el\u00e9rhet\u0151s\u00e9gein. A Sz\u00ednh\u00e1z a be\u00e9rkezett k\u00e9relemre az \u00e9rkez\u00e9s\u00e9t\u0151l sz\u00e1m\u00edtott legk\u00e9s\u0151bb 15 \u2013 tiltakoz\u00e1si jog gyakorl\u00e1sa eset\u00e9n 5 \u2013 napon bel\u00fcl \u00edr\u00e1sban, k\u00f6z\u00e9rthet\u0151 form\u00e1ban v\u00e1laszt ad. A t\u00e1j\u00e9koztat\u00e1sra, az adatok helyesb\u00edt\u00e9s\u00e9re vagy t\u00f6rl\u00e9s\u00e9re vonatkoz\u00f3 k\u00e9relmek tekintet\u00e9ben a GDPR, illetve az Infotv. rendelkez\u00e9sei az ir\u00e1nyad\u00f3ak.<\/span><\/li>\n<li style=\"font-weight: 400;\" aria-level=\"1\"><span style=\"font-weight: 400;\">Amennyiben valaki a Sz\u00ednh\u00e1z r\u00e9sz\u00e9r\u0151l az adatainak kezel\u00e9s\u00e9t jogellenesnek vagy az adatbiztons\u00e1g k\u00f6vetelm\u00e9nyeinek megszeg\u00e9s\u00e9vel t\u00f6rt\u00e9n\u0151nek \u00e9rzi, \u00e9s ha a jogs\u00e9rt\u00e9s bebizonyosodik, \u00fagy a Sz\u00ednh\u00e1z az <\/span><span style=\"font-weight: 400;\">\u00e9rintettnek okozott k\u00e1rt, illetve az \u00e1ltala vagy az \u00e1ltala ig\u00e9nybe vett adatfeldolgoz\u00f3 \u00e1ltal okozott szem\u00e9lyis\u00e9gi jogs\u00e9rt\u00e9s eset\u00e9n j\u00e1r\u00f3 s\u00e9relemd\u00edjat is megt\u00e9r\u00edti. A Sz\u00ednh\u00e1z mentes\u00fcl azonban az okozott k\u00e1r\u00e9rt val\u00f3 felel\u0151ss\u00e9g \u00e9s a s\u00e9relemd\u00edj megfizet\u00e9s\u00e9nek k\u00f6telezetts\u00e9ge al\u00f3l, ha bizony\u00edtja, hogy a k\u00e1rt vagy az \u00e9rintett szem\u00e9lyis\u00e9gi jog\u00e1nak s\u00e9relm\u00e9t az adatkezel\u00e9s k\u00f6r\u00e9n k\u00edv\u00fcl es\u0151 elh\u00e1r\u00edthatatlan ok id\u00e9zte el\u0151. Ugyan\u00edgy nem t\u00e9r\u00edti meg a k\u00e1rt, amennyiben az a k\u00e1rosult sz\u00e1nd\u00e9kos vagy s\u00falyosan gondatlan magatart\u00e1s\u00e1b\u00f3l sz\u00e1rmazott.<\/span><\/li>\n<\/ul>\n<p>&nbsp;<\/p>\n<ul>\n<li style=\"font-weight: 400;\" aria-level=\"1\"><b>Helyesb\u00edt\u00e9s joga<\/b><\/li>\n<li style=\"font-weight: 400;\" aria-level=\"1\"><span style=\"font-weight: 400;\">Az \u00e9rintett k\u00e9rheti a\u00a0Sz\u00ednh\u00e1z \u00e1ltal kezelt, r\u00e1 vonatkoz\u00f3 pontatlan szem\u00e9lyes adatok helyesb\u00edt\u00e9s\u00e9t \u00e9s a hi\u00e1nyos adatok kieg\u00e9sz\u00edt\u00e9s\u00e9t.<\/span><\/li>\n<li style=\"font-weight: 400;\" aria-level=\"1\"><b>T\u00f6rl\u00e9shez val\u00f3 jog\u00a0<\/b><\/li>\n<li style=\"font-weight: 400;\" aria-level=\"1\"><span style=\"font-weight: 400;\">Az \u00e9rintett jogosult arra, hogy k\u00e9r\u00e9s\u00e9re a\u00a0Sz\u00ednh\u00e1z indokolatlan k\u00e9sedelem n\u00e9lk\u00fcl t\u00f6r\u00f6lje a r\u00e1 vonatkoz\u00f3 szem\u00e9lyes adatokat:<\/span><\/li>\n<li style=\"font-weight: 400;\" aria-level=\"1\"><b>Az adatkezel\u00e9s korl\u00e1toz\u00e1s\u00e1hoz val\u00f3 jog<\/b><\/li>\n<li style=\"font-weight: 400;\" aria-level=\"1\"><span style=\"font-weight: 400;\">Az \u00e9rintett k\u00e9r\u00e9s\u00e9re a\u00a0Sz\u00ednh\u00e1z korl\u00e1tozhatja az adatkezel\u00e9st<\/span><\/li>\n<li style=\"font-weight: 400;\" aria-level=\"1\"><b>Visszavon\u00e1s joga<\/b><\/li>\n<li style=\"font-weight: 400;\" aria-level=\"1\"><span style=\"font-weight: 400;\">Az \u00e9rintett jogosult arra, hogy hozz\u00e1j\u00e1rul\u00e1s\u00e1t b\u00e1rmikor visszavonja.<\/span><\/li>\n<\/ul>\n<p>&nbsp;<\/p>\n<ul>\n<li style=\"font-weight: 400;\" aria-level=\"1\"><span style=\"font-weight: 400;\">A Sz\u00ednh\u00e1zban az adatkezel\u00e9s\u00e9rt az irodavezet\u0151 a felel\u0151s, ez\u00e9rt minden k\u00e9relmet, panaszt hozz\u00e1, az <\/span><a href=\"mailto:igezo2014@gmail.com\"><span style=\"font-weight: 400;\">igezo2014@gmail.com<\/span><\/a><span style=\"font-weight: 400;\"> e-mail-c\u00edmre vagy post\u00e1n a 8000 Sz\u00e9kesfeh\u00e9rv\u00e1r,\u00a0 Basa u. 1. c\u00edmre k\u00fcld\u00f6tt lev\u00e9lben lehet fordulni. A k\u00e9relem nem teljes\u00edt\u00e9se vagy nem megfelel\u0151 teljes\u00edt\u00e9se eset\u00e9n a Sz\u00ednh\u00e1z adatkezel\u00e9si elj\u00e1r\u00e1s\u00e1val kapcsolatos panasszal a NAIH-hoz lehet fordulni:<\/span><\/li>\n<li style=\"font-weight: 400;\" aria-level=\"1\"><span style=\"font-weight: 400;\">N\u00e9v<\/span><\/li>\n<li style=\"font-weight: 400;\" aria-level=\"1\"><span style=\"font-weight: 400;\">Nemzeti Adatv\u00e9delmi \u00e9s Inform\u00e1ci\u00f3szabads\u00e1g Hat\u00f3s\u00e1g<\/span><\/li>\n<li style=\"font-weight: 400;\" aria-level=\"1\"><span style=\"font-weight: 400;\">Sz\u00e9khely<\/span><\/li>\n<li style=\"font-weight: 400;\" aria-level=\"1\"><span style=\"font-weight: 400;\">1024 Budapest, Szil\u00e1gyi Erzs\u00e9bet fasor 22\/C.<\/span><\/li>\n<li style=\"font-weight: 400;\" aria-level=\"1\"><span style=\"font-weight: 400;\">Honlap<\/span><\/li>\n<li style=\"font-weight: 400;\" aria-level=\"1\"><span style=\"font-weight: 400;\">www.naih.hu<\/span><\/li>\n<\/ul>\n<h2><b>A T\u00e1j\u00e9koztat\u00f3ban nem eml\u00edtett k\u00e9rd\u00e9sek<\/b><\/h2>\n<ul>\n<li style=\"font-weight: 400;\" aria-level=\"1\"><span style=\"font-weight: 400;\">A T\u00e1j\u00e9koztat\u00f3ban nem r\u00e9szletezett k\u00e9rd\u00e9sek tekintet\u00e9ben a T\u00e1j\u00e9koztat\u00f3 elej\u00e9n felt\u00fcntetett jogszab\u00e1lyok az ir\u00e1nyad\u00f3ak.<\/span><\/li>\n<p>[\/et_pb_text][\/et_pb_column][\/et_pb_row][\/et_pb_section]<\/p>\n","protected":false},"excerpt":{"rendered":"<p>Adatkezel\u00e9s &nbsp; A Sz\u00edn-T\u00e9r Egyes\u00fclet (a tov\u00e1bbiakban: Szabad Sz\u00ednh\u00e1z) a jogszab\u00e1lyok \u00e1ltal el\u0151\u00edrt t\u00e1j\u00e9koztat\u00e1si k\u00f6telezetts\u00e9g\u00e9nek az al\u00e1bbiak k\u00f6zz\u00e9t\u00e9tel\u00e9vel tesz eleget, annak \u00e9rdek\u00e9ben, hogy egy\u00fcttm\u0171k\u00f6d\u0151 partnereink, munkat\u00e1rsaink \u00e9s N\u00e9z\u0151ink, valamint a [&hellip;]<\/p>\n","protected":false},"author":2,"featured_media":0,"parent":0,"menu_order":0,"comment_status":"closed","ping_status":"closed","template":"","meta":{"_et_pb_use_builder":"on","_et_pb_old_content":"","_et_gb_content_width":"","_price":"","_stock":"","_tribe_ticket_header":"","_tribe_default_ticket_provider":"","_ticket_start_date":"","_ticket_end_date":"","_tribe_ticket_show_description":"","_tribe_ticket_show_not_going":false,"_tribe_ticket_use_global_stock":"","_tribe_ticket_global_stock_level":"","_global_stock_mode":"","_global_stock_cap":"","_tribe_rsvp_for_event":"","_tribe_ticket_going_count":"","_tribe_ticket_not_going_count":"","_tribe_tickets_list":"[]","_tribe_ticket_has_attendee_info_fields":false,"footnotes":"","_tec_slr_enabled":"","_tec_slr_layout":""},"class_list":["post-6761","page","type-page","status-publish","hentry"],"yoast_head":"<!-- This site is optimized with the Yoast SEO plugin v25.0 - https:\/\/yoast.com\/wordpress\/plugins\/seo\/ -->\n<title>GDPR - Adatkezel\u00e9s - Szabad Sz\u00ednh\u00e1z<\/title>\n<meta name=\"robots\" content=\"index, follow, max-snippet:-1, max-image-preview:large, max-video-preview:-1\" \/>\n<link rel=\"canonical\" href=\"https:\/\/www.szabadszinhaz.hu\/en\/gdpr\/\" \/>\n<meta property=\"og:locale\" content=\"en_US\" \/>\n<meta property=\"og:type\" content=\"article\" \/>\n<meta property=\"og:title\" content=\"GDPR - Adatkezel\u00e9s - Szabad Sz\u00ednh\u00e1z\" \/>\n<meta property=\"og:description\" content=\"Adatkezel\u00e9s &nbsp; A Sz\u00edn-T\u00e9r Egyes\u00fclet (a tov\u00e1bbiakban: Szabad Sz\u00ednh\u00e1z) a jogszab\u00e1lyok \u00e1ltal el\u0151\u00edrt t\u00e1j\u00e9koztat\u00e1si k\u00f6telezetts\u00e9g\u00e9nek az al\u00e1bbiak k\u00f6zz\u00e9t\u00e9tel\u00e9vel tesz eleget, annak \u00e9rdek\u00e9ben, hogy egy\u00fcttm\u0171k\u00f6d\u0151 partnereink, munkat\u00e1rsaink \u00e9s N\u00e9z\u0151ink, valamint a [&hellip;]\" \/>\n<meta property=\"og:url\" content=\"https:\/\/www.szabadszinhaz.hu\/en\/gdpr\/\" \/>\n<meta property=\"og:site_name\" content=\"Szabad Sz\u00ednh\u00e1z\" \/>\n<meta property=\"article:publisher\" content=\"https:\/\/www.facebook.com\/szabadszinhaz\" \/>\n<meta property=\"article:modified_time\" content=\"2023-05-22T03:08:56+00:00\" \/>\n<meta name=\"twitter:card\" content=\"summary_large_image\" \/>\n<meta name=\"twitter:label1\" content=\"Est. reading time\" \/>\n\t<meta name=\"twitter:data1\" content=\"16 minutes\" \/>\n<script type=\"application\/ld+json\" class=\"yoast-schema-graph\">{\"@context\":\"https:\/\/schema.org\",\"@graph\":[{\"@type\":\"WebPage\",\"@id\":\"https:\/\/www.szabadszinhaz.hu\/gdpr\/\",\"url\":\"https:\/\/www.szabadszinhaz.hu\/gdpr\/\",\"name\":\"GDPR - Adatkezel\u00e9s - Szabad Sz\u00ednh\u00e1z\",\"isPartOf\":{\"@id\":\"https:\/\/www.szabadszinhaz.hu\/#website\"},\"datePublished\":\"2023-04-21T08:16:34+00:00\",\"dateModified\":\"2023-05-22T03:08:56+00:00\",\"breadcrumb\":{\"@id\":\"https:\/\/www.szabadszinhaz.hu\/gdpr\/#breadcrumb\"},\"inLanguage\":\"en-US\",\"potentialAction\":[{\"@type\":\"ReadAction\",\"target\":[\"https:\/\/www.szabadszinhaz.hu\/gdpr\/\"]}]},{\"@type\":\"BreadcrumbList\",\"@id\":\"https:\/\/www.szabadszinhaz.hu\/gdpr\/#breadcrumb\",\"itemListElement\":[{\"@type\":\"ListItem\",\"position\":1,\"name\":\"Kezd\u0151lap\",\"item\":\"https:\/\/www.szabadszinhaz.hu\/\"},{\"@type\":\"ListItem\",\"position\":2,\"name\":\"GDPR &#8211; Adatkezel\u00e9s\"}]},{\"@type\":\"WebSite\",\"@id\":\"https:\/\/www.szabadszinhaz.hu\/#website\",\"url\":\"https:\/\/www.szabadszinhaz.hu\/\",\"name\":\"Szabad Sz\u00ednh\u00e1z\",\"description\":\"Szabad Sz\u00ednh\u00e1z\",\"publisher\":{\"@id\":\"https:\/\/www.szabadszinhaz.hu\/#organization\"},\"potentialAction\":[{\"@type\":\"SearchAction\",\"target\":{\"@type\":\"EntryPoint\",\"urlTemplate\":\"https:\/\/www.szabadszinhaz.hu\/?s={search_term_string}\"},\"query-input\":{\"@type\":\"PropertyValueSpecification\",\"valueRequired\":true,\"valueName\":\"search_term_string\"}}],\"inLanguage\":\"en-US\"},{\"@type\":\"Organization\",\"@id\":\"https:\/\/www.szabadszinhaz.hu\/#organization\",\"name\":\"Szabad Sz\u00ednh\u00e1z SZ\u00cdN-T\u00c9R Egyes\u00fclet\",\"url\":\"https:\/\/www.szabadszinhaz.hu\/\",\"logo\":{\"@type\":\"ImageObject\",\"inLanguage\":\"en-US\",\"@id\":\"https:\/\/www.szabadszinhaz.hu\/#\/schema\/logo\/image\/\",\"url\":\"https:\/\/www.szabadszinhaz.hu\/wp-content\/uploads\/2025\/01\/images.jpg\",\"contentUrl\":\"https:\/\/www.szabadszinhaz.hu\/wp-content\/uploads\/2025\/01\/images.jpg\",\"width\":178,\"height\":284,\"caption\":\"Szabad Sz\u00ednh\u00e1z SZ\u00cdN-T\u00c9R Egyes\u00fclet\"},\"image\":{\"@id\":\"https:\/\/www.szabadszinhaz.hu\/#\/schema\/logo\/image\/\"},\"sameAs\":[\"https:\/\/www.facebook.com\/szabadszinhaz\"]}]}<\/script>\n<!-- \/ Yoast SEO plugin. -->","yoast_head_json":{"title":"GDPR - Adatkezel\u00e9s - Szabad Sz\u00ednh\u00e1z","robots":{"index":"index","follow":"follow","max-snippet":"max-snippet:-1","max-image-preview":"max-image-preview:large","max-video-preview":"max-video-preview:-1"},"canonical":"https:\/\/www.szabadszinhaz.hu\/en\/gdpr\/","og_locale":"en_US","og_type":"article","og_title":"GDPR - Adatkezel\u00e9s - Szabad Sz\u00ednh\u00e1z","og_description":"Adatkezel\u00e9s &nbsp; A Sz\u00edn-T\u00e9r Egyes\u00fclet (a tov\u00e1bbiakban: Szabad Sz\u00ednh\u00e1z) a jogszab\u00e1lyok \u00e1ltal el\u0151\u00edrt t\u00e1j\u00e9koztat\u00e1si k\u00f6telezetts\u00e9g\u00e9nek az al\u00e1bbiak k\u00f6zz\u00e9t\u00e9tel\u00e9vel tesz eleget, annak \u00e9rdek\u00e9ben, hogy egy\u00fcttm\u0171k\u00f6d\u0151 partnereink, munkat\u00e1rsaink \u00e9s N\u00e9z\u0151ink, valamint a [&hellip;]","og_url":"https:\/\/www.szabadszinhaz.hu\/en\/gdpr\/","og_site_name":"Szabad Sz\u00ednh\u00e1z","article_publisher":"https:\/\/www.facebook.com\/szabadszinhaz","article_modified_time":"2023-05-22T03:08:56+00:00","twitter_card":"summary_large_image","twitter_misc":{"Est. reading time":"16 minutes"},"schema":{"@context":"https:\/\/schema.org","@graph":[{"@type":"WebPage","@id":"https:\/\/www.szabadszinhaz.hu\/gdpr\/","url":"https:\/\/www.szabadszinhaz.hu\/gdpr\/","name":"GDPR - Adatkezel\u00e9s - Szabad Sz\u00ednh\u00e1z","isPartOf":{"@id":"https:\/\/www.szabadszinhaz.hu\/#website"},"datePublished":"2023-04-21T08:16:34+00:00","dateModified":"2023-05-22T03:08:56+00:00","breadcrumb":{"@id":"https:\/\/www.szabadszinhaz.hu\/gdpr\/#breadcrumb"},"inLanguage":"en-US","potentialAction":[{"@type":"ReadAction","target":["https:\/\/www.szabadszinhaz.hu\/gdpr\/"]}]},{"@type":"BreadcrumbList","@id":"https:\/\/www.szabadszinhaz.hu\/gdpr\/#breadcrumb","itemListElement":[{"@type":"ListItem","position":1,"name":"Kezd\u0151lap","item":"https:\/\/www.szabadszinhaz.hu\/"},{"@type":"ListItem","position":2,"name":"GDPR &#8211; Adatkezel\u00e9s"}]},{"@type":"WebSite","@id":"https:\/\/www.szabadszinhaz.hu\/#website","url":"https:\/\/www.szabadszinhaz.hu\/","name":"Free Theatre - Szabad Sz\u00ednh\u00e1z","description":"Free Theatre - Szabad Sz\u00ednh\u00e1z","publisher":{"@id":"https:\/\/www.szabadszinhaz.hu\/#organization"},"potentialAction":[{"@type":"SearchAction","target":{"@type":"EntryPoint","urlTemplate":"https:\/\/www.szabadszinhaz.hu\/?s={search_term_string}"},"query-input":{"@type":"PropertyValueSpecification","valueRequired":true,"valueName":"search_term_string"}}],"inLanguage":"en-US"},{"@type":"Organization","@id":"https:\/\/www.szabadszinhaz.hu\/#organization","name":"Szabad Sz\u00ednh\u00e1z SZ\u00cdN-T\u00c9R Egyes\u00fclet","url":"https:\/\/www.szabadszinhaz.hu\/","logo":{"@type":"ImageObject","inLanguage":"en-US","@id":"https:\/\/www.szabadszinhaz.hu\/#\/schema\/logo\/image\/","url":"https:\/\/www.szabadszinhaz.hu\/wp-content\/uploads\/2025\/01\/images.jpg","contentUrl":"https:\/\/www.szabadszinhaz.hu\/wp-content\/uploads\/2025\/01\/images.jpg","width":178,"height":284,"caption":"Szabad Sz\u00ednh\u00e1z SZ\u00cdN-T\u00c9R Egyes\u00fclet"},"image":{"@id":"https:\/\/www.szabadszinhaz.hu\/#\/schema\/logo\/image\/"},"sameAs":["https:\/\/www.facebook.com\/szabadszinhaz"]}]}},"ticketed":false,"_links":{"self":[{"href":"https:\/\/www.szabadszinhaz.hu\/en\/wp-json\/wp\/v2\/pages\/6761","targetHints":{"allow":["GET"]}}],"collection":[{"href":"https:\/\/www.szabadszinhaz.hu\/en\/wp-json\/wp\/v2\/pages"}],"about":[{"href":"https:\/\/www.szabadszinhaz.hu\/en\/wp-json\/wp\/v2\/types\/page"}],"author":[{"embeddable":true,"href":"https:\/\/www.szabadszinhaz.hu\/en\/wp-json\/wp\/v2\/users\/2"}],"replies":[{"embeddable":true,"href":"https:\/\/www.szabadszinhaz.hu\/en\/wp-json\/wp\/v2\/comments?post=6761"}],"version-history":[{"count":5,"href":"https:\/\/www.szabadszinhaz.hu\/en\/wp-json\/wp\/v2\/pages\/6761\/revisions"}],"predecessor-version":[{"id":6899,"href":"https:\/\/www.szabadszinhaz.hu\/en\/wp-json\/wp\/v2\/pages\/6761\/revisions\/6899"}],"wp:attachment":[{"href":"https:\/\/www.szabadszinhaz.hu\/en\/wp-json\/wp\/v2\/media?parent=6761"}],"curies":[{"name":"wp","href":"https:\/\/api.w.org\/{rel}","templated":true}]}}