{"id":59,"date":"2021-11-23T15:26:53","date_gmt":"2021-11-23T15:26:53","guid":{"rendered":"http:\/\/www.szabszinhaz.hu\/?page_id=59"},"modified":"2026-03-01T19:18:46","modified_gmt":"2026-03-01T18:18:46","slug":"tevekenyseg","status":"publish","type":"page","link":"https:\/\/www.szabadszinhaz.hu\/en\/tevekenyseg\/","title":{"rendered":"ASSOCIATION - Activity"},"content":{"rendered":"<p>[et_pb_section fb_built=&#8221;1&#8243; _builder_version=&#8221;4.16&#8243; _module_preset=&#8221;default&#8221; background_color=&#8221;#fff1d0&#8243; global_colors_info=&#8221;{}&#8221;][et_pb_row _builder_version=&#8221;4.16&#8243; _module_preset=&#8221;default&#8221; global_colors_info=&#8221;{}&#8221;][et_pb_column type=&#8221;4_4&#8243; _builder_version=&#8221;4.16&#8243; _module_preset=&#8221;default&#8221; global_colors_info=&#8221;{}&#8221;][et_pb_text _builder_version=&#8221;4.27.5&#8243; _module_preset=&#8221;default&#8221; custom_margin=&#8221;||21px|||&#8221; global_colors_info=&#8221;{}&#8221;]<\/p>\n<h2>EGYES\u00dcLET \u2013 Tev\u00e9kenys\u00e9g<\/h2>\n<p>[\/et_pb_text][et_pb_divider color=&#8221;#000000&#8243; divider_weight=&#8221;3px&#8221; _builder_version=&#8221;4.16&#8243; _module_preset=&#8221;default&#8221; custom_margin=&#8221;||13px|||&#8221; global_colors_info=&#8221;{}&#8221;][\/et_pb_divider][et_pb_text _builder_version=&#8221;4.27.5&#8243; _module_preset=&#8221;default&#8221; hover_enabled=&#8221;0&#8243; global_colors_info=&#8221;{}&#8221; sticky_enabled=&#8221;0&#8243;]<\/p>\n<p>\u201eSZ\u00cdN-T\u00c9R\u201d\/Sz\u00ednj\u00e1tsz\u00f3-Versmond\u00f3\/ Egyes\u00fclet<\/p>\n<p>Az 1991-ben alap\u00edtott, \u00e9s az\u00f3ta is folyamatosan m\u0171k\u00f6d\u0151 SZ\u00cdN- T\u00c9R Egyes\u00fcletre c\u00e9lja:<\/p>\n<ul>\n<li>\u201eKultur\u00e1lis, k\u00f6zm\u0171vel\u0151d\u00e9si, el\u0151ad\u00f3-m\u0171v\u00e9szeti, film el\u0151\u00e1ll\u00edt\u00f3i tev\u00e9kenys\u00e9g<\/li>\n<li>Kultur\u00e1lis \u00f6r\u00f6ks\u00e9g meg\u00f3v\u00e1sa<\/li>\n<li>Kultur\u00e1lis \u00e9rt\u00e9kek l\u00e9trehoz\u00e1sa<\/li>\n<li>K\u00f6z\u00f6ss\u00e9gfejleszt\u0151 tev\u00e9kenys\u00e9g-k\u00fcl\u00f6n\u00f6s tekintettel az Ifj\u00fas\u00e1gi \u00e9s csal\u00e1di k\u00f6z\u00f6ss\u00e9gek fejleszt\u00e9s\u00e9re, szabadid\u0151 kultur\u00e1lis c\u00e9l\u00fa elt\u00f6lt\u00e9s\u00e9nek seg\u00edt\u00e9se<\/li>\n<li>Magyar irodalmi \u00e9s sz\u00ednh\u00e1zi kult\u00fara terjeszt\u00e9se<\/li>\n<li>Magyar filmkult\u00fara terjeszt\u00e9se<\/li>\n<li>Magyar zenei kult\u00fara terjeszt\u00e9se<\/li>\n<li>T\u00e1rsadalmi Felel\u0151ss\u00e9gv\u00e1llal\u00e1s (CSR) tev\u00e9kenys\u00e9g szervez\u00e9se<\/li>\n<li>M\u0171v\u00e9szeti oktat\u00e1s, kultur\u00e1lis \u00e9rt\u00e9kek \u00e1tad\u00e1sa<\/li>\n<li>Es\u00e9lyegyenl\u0151s\u00e9g, \u00e9s hozz\u00e1f\u00e9r\u00e9s felt\u00e9teleinek jav\u00edt\u00e1sa a helyi k\u00f6zm\u0171vel\u0151d\u00e9si tev\u00e9kenys\u00e9gben\u201d<\/li>\n<\/ul>\n<p>Egyes\u00fclet\u00fcnk a fenti k\u00f6zhaszn\u00fa kultur\u00e1lis, k\u00f6z\u00f6ss\u00e9gfejleszt\u0151 tev\u00e9kenys\u00e9geket az al\u00e1bbi k\u00f6zfeladatokhoz kapcsol\u00f3d\u00f3an v\u00e9gzi:<\/p>\n<p>\u201eM\u00e1sok \u00e1ltal ig\u00e9nybe vehet\u0151 el\u0151ad\u00f3-m\u0171v\u00e9szeti \u00e9rt\u00e9kek, produkci\u00f3k l\u00e9trehoz\u00e1sa, (vers, sz\u00ednh\u00e1zi, zenem\u0171v\u00e9szeti, koncert, kort\u00e1rs performance jelleg\u0171 \u00f6sszm\u0171v\u00e9szeti produkci\u00f3k) nemzeti \u00e9s hagyom\u00e1ny \u00fcnnepekhez k\u00f6t\u0151d\u0151 m\u0171sorok szerkeszt\u00e9se, l\u00e9trehoz\u00e1sa, bemutat\u00e1sa; m\u00e1sok \u00e1ltal is ig\u00e9nybe vehet\u0151 turisztikai interpret\u00e1ci\u00f3k, kultur\u00e1lis attrakci\u00f3k l\u00e9trehoz\u00e1sa, bemutat\u00e1sa; k\u00f6zm\u0171vel\u0151d\u00e9si , n\u00e9pm\u0171v\u00e9szeti tev\u00e9kenys\u00e9g, n\u00e9pm\u0171v\u00e9szeti \u00e9s hagyom\u00e1ny-\u00e9rt\u00e9kek tov\u00e1bbfejleszt\u00e9se, l\u00e9trehoz\u00e1sa, bemutat\u00e1sa; m\u0171v\u00e9szeti oktat\u00e1s, alkot\u00f3m\u0171v\u00e9szeti tev\u00e9kenys\u00e9g, m\u00e1sok \u00e1ltal is ig\u00e9nybe vehet\u0151 filmprodukci\u00f3s tev\u00e9kenys\u00e9g, filmel\u0151\u00e1ll\u00edt\u00e1s, telev\u00edzi\u00f3s \u00e9s r\u00e1di\u00f3s m\u0171sork\u00e9sz\u00edt\u00e9si tev\u00e9kenys\u00e9g, m\u0171v\u00e9szeti kieg\u00e9sz\u00edt\u0151 tev\u00e9kenys\u00e9g, m\u00e1shov\u00e1 nem sorolhat\u00f3 egy\u00e9b sz\u00f3rakoztat\u00e1s, m\u0171v\u00e9szi alkot\u00f3 munka felt\u00e9teleinek jav\u00edt\u00e1sa, k\u00f6z\u00f6ss\u00e9gi kultur\u00e1lis hagyom\u00e1nyok, \u00e9rt\u00e9kek \u00e1pol\u00e1sa, m\u0171vel\u0151d\u00e9sre szervez\u0151d\u0151 k\u00f6z\u00f6ss\u00e9gek tev\u00e9kenys\u00e9g\u00e9nek, a lakoss\u00e1g \u00e9letm\u00f3dja jav\u00edt\u00e1s\u00e1t szolg\u00e1l\u00f3 kultur\u00e1lis c\u00e9lok megval\u00f3s\u00edt\u00e1snak t\u00e1mogat\u00e1sa, m\u0171v\u00e9szeti int\u00e9zm\u00e9nyi\/lakoss\u00e1gi\/ civil m\u0171v\u00e9szeti kezdem\u00e9nyez\u00e9sek, \u00f6nszervez\u0151d\u00e9sek seg\u00edt\u00e9se, ennek kapcs\u00e1n a helyi k\u00f6z\u00f6ss\u00e9g m\u0171v\u00e9szeti \u00e9rt\u00e9kek l\u00e9trehoz\u00e1snak, meg\u0151rz\u00e9snek seg\u00edt\u00e9se; kultur\u00e1lis \u00f6r\u00f6ks\u00e9g helyi v\u00e9delme, helyi k\u00f6zm\u0171vel\u0151d\u00e9si tev\u00e9kenys\u00e9g t\u00e1mogat\u00e1sa, es\u00e9lyegyenl\u0151s\u00e9g biztos\u00edt\u00e1sa a helyi k\u00f6zm\u0171vel\u0151d\u00e9si tev\u00e9kenys\u00e9gben.\u201d<\/p>\n<p>A \u201eSZ\u00cdN- T\u00c9R\u201d Sz\u00ednj\u00e1tsz\u00f3- Versmond\u00f3 Egyes\u00fclet szervezeti keretein bel\u00fcl m\u0171k\u00f6dik Sz\u00e9kesfeh\u00e9rv\u00e1r legnagyobb m\u00falt\u00fa,<strong> 68. \u00e9ve alap\u00edtott f\u00fcggetlen sz\u00ednh\u00e1zi t\u00e1rsulata, a Szabad Sz\u00ednh\u00e1z \u00e9s ut\u00e1np\u00f3tl\u00e1s csoportjai, a Prikulics Gyermeksz\u00ednh\u00e1z, \u00e9s a Vasv\u00e1ri Sz\u00ednpad.<\/strong> A Szabad Sz\u00ednh\u00e1z t\u00e1rsulata a k\u00f6z\u00e9p ( 40-50 \u00e9v k\u00f6z\u00f6ttiek) \u00e9s a fiatalabb (18-30) gener\u00e1ci\u00f3b\u00f3l ker\u00fcl ki. 2014-t\u0151l kezdve foglalkozunk ut\u00e1np\u00f3tl\u00e1s nevel\u00e9ssel.\u00a0 A <strong>\u201ePrikulics Gyermeksz\u00ednh\u00e1z\u201d<\/strong>-nak 24 tagja van jelenleg. A gimnazist\u00e1kat t\u00f6m\u00f6r\u00edt\u0151 Vasv\u00e1ri Sz\u00ednpad is \u00e9vr\u0151l \u2013\u00e9vre v\u00e1ltoz\u00f3, 20-30 f\u0151 k\u00f6z\u00f6tti l\u00e9tsz\u00e1mmal dolgozik. A t\u00e1rsulatok \u00e1lland\u00f3 j\u00e1tsz\u00f3helye az <strong>Ig\u00e9z\u0151, Sz\u00e9kesfeh\u00e9rv\u00e1r Belv\u00e1ros\u00e1ban<\/strong> a F\u0151 utc\u00e1n tal\u00e1lhat\u00f3. Ez a k\u00f6z\u00f6ss\u00e9gi t\u00e9r egyben <strong>az egyik legjelesebb kultur\u00e1lis innov\u00e1ci\u00f3nk is<\/strong>, ugyanis egy egykori bank\u00e9p\u00fcletb\u0151l alak\u00edtottuk ki azt a <strong>\u201ekreat\u00edv energia \u00f6ssszpontk\u00e9nt\u201d<\/strong> ismert k\u00f6z\u00f6ss\u00e9gi teret, amely \u00e1lland\u00f3 meg\u00fajul\u00e1sra, m\u0171v\u00e9szi akci\u00f3z\u00e1sra k\u00e9sztet benn\u00fcnket a s\u00e9t\u00e1l\u00f3 utca ir\u00e1ny\u00e1ba. Egyik f\u0151 arculati elem\u00fcnk az utca k\u00f6z\u00f6ns\u00e9ge fel\u00e9 kihangos\u00edtott esti mese, (olykor \u00e9jszaka feln\u0151tt mes\u00e9k is) amelyet minden este a t\u00e1rsulat m\u00e1s-m\u00e1s tagja ad el\u0151.<strong> Az Ig\u00e9z\u0151<\/strong> l\u00e1togat\u00f3sz\u00e1ma megk\u00f6zel\u00edti a 25 000 f\u0151t, teh\u00e1t <strong>igazi k\u00f6z\u00f6ss\u00e9gi tal\u00e1lkoz\u00f3helly\u00e9 var\u00e1zsoltuk<\/strong> az elm\u00falt tizenk\u00e9t \u00e9v alatt.<\/p>\n<p><strong>A Szabad Sz\u00ednh\u00e1z<\/strong> t\u00e1rsulat\u00e1nak legf\u0151bb kultur\u00e1lis \u00e9rt\u00e9ke, hogy az <strong>orsz\u00e1gban egyed\u00fcl\u00e1ll\u00f3 m\u00f3don sz\u00e9les korcsoportokat t\u00f6m\u00f6r\u00edt<\/strong>, valamint a magyar sz\u00ednj\u00e1tsz\u00e1s hagyom\u00e1nyait k\u00f6veti.<\/p>\n<p>2024-ben <strong><span class=\"x193iq5w xeuugli x13faqbe x1vvkbs x1xmvt09 x1lliihq x1s928wv xhkezso x1gmr53x x1cpjm7i x1fgarty x1943h6x x14z4hjw x3x7a5m xngnso2 x1qb5hxa x1xlr1w8 xzsf02u x1yc453h\" dir=\"auto\">PRO THEATRO<\/span><\/strong> d\u00edjat kaptunk, valamint 2014-ben <strong>Pro Cultura Albae Regiae<\/strong> elismer\u00e9sben r\u00e9szes\u00fclt\u00fcnk. K\u00fcldet\u00e9s\u00fcnk: a k\u0151sz\u00ednh\u00e1zi el\u0151ad\u00e1sok mellett a ny\u00e1ri utcasz\u00ednh\u00e1zi el\u0151ad\u00e1sok, miszt\u00e9rium-, \u00e9s moralit\u00e1sj\u00e1t\u00e9kok mai v\u00e1ltozatainak bemutat\u00e1sa, t\u00f6rt\u00e9nelmi interpret\u00e1ci\u00f3k fejleszt\u00e9se, a magyar sz\u00ednj\u00e1tsz\u00f3 hagyom\u00e1nyok k\u00f6vet\u00e9se, \u00e9s \u00e9rt\u0151 k\u00f6zvet\u00edt\u00e9se, filmek l\u00e9trehoz\u00e1sa.<\/p>\n<p>Reperto\u00e1runkat a r\u00e9spiaci ig\u00e9nyeire szabjuk, hiszen nagyon j\u00f3 a kapcsolatunk a sz\u00e9kesfeh\u00e9rv\u00e1ri V\u00f6r\u00f6smarty Sz\u00ednh\u00e1zzal, \u00e9s nem k\u00edv\u00e1nunk sem versengeni, sem rivaliz\u00e1lni. Ink\u00e1bb egym\u00e1st seg\u00edteni. \u00c9vente legal\u00e1bb egy <strong>koprodukci\u00f3s el\u0151ad\u00e1st<\/strong> is l\u00e9trehozunk. A tudatos egy\u00fcttm\u0171k\u00f6d\u00e9snek k\u00f6sz\u00f6nhet\u0151en a mi el\u0151ad\u00e1saink els\u0151sorban olyan kuri\u00f3zumnak sz\u00e1m\u00edt\u00f3 st\u00fadi\u00f3-, ifj\u00fas\u00e1gi-, b\u00e1b-, vagy alternat\u00edv produkci\u00f3k, amelyeket a mai nagy sz\u00ednh\u00e1zakban nem lathatnak a n\u00e9z\u0151k. Miut\u00e1n nagyon j\u00f3l k\u00f6r\u00fclhat\u00e1rolhat\u00f3 k\u00f6z\u00f6ns\u00e9gr\u00e9tegnek sz\u00f3l\u00f3 reperto\u00e1rral dolgozunk, munk\u00e1kra a k\u00f6vetkezetes \u00e9p\u00edtkez\u00e9s jellemz\u0151.<\/p>\n<p>M\u0171v\u00e9szi koncepci\u00f3nk szerint igyeksz\u00fcnk olyan, ma m\u00e1r szinte alternat\u00edvnak sz\u00e1m\u00edt\u00f3 tiszta m\u0171faj\u00fa produkci\u00f3kat fejleszt\u00fcnk,( <strong>hiszen nem egy kultur\u00e1lis innov\u00e1ci\u00f3t jegyz\u00fcnk<\/strong>) amely kuri\u00f3zum lehet mind az itt \u00e9l\u0151k, mind pedig a k\u00f6rny\u00e9kbeliek, illetve turist\u00e1k sz\u00e1m\u00e1ra. Ilyenek p\u00e9ld\u00e1ul azok az eur\u00f3pai \u00e9s magyar t\u00f6rt\u00e9nelmi sz\u00ednj\u00e1tsz\u00e1s hagyom\u00e1nyait k\u00f6vet\u0151 produkci\u00f3ink, amelyeket abszol\u00fat kultur\u00e1lis \u00e9s turisztikai innov\u00e1ci\u00f3nak sz\u00e1m\u00edtanak, ilyen pl.<strong> a ny\u00e1ri id\u0151szakban v\u00e1ros t\u00f6rt\u00e9net\u00e9t \u00e9l\u0151 k\u00e9pekben visszatan\u00edt\u00f3 \u00c9l\u0151k\u00e9pes kr\u00f3nika, mint der\u0171s interakt\u00edv, zen\u00e9s utcasz\u00ednh\u00e1z, \u00e9s egyben v\u00e1rosvezet\u00e9s.<\/strong> Sz\u00edvesen k\u00eds\u00e9rletez\u00fcnk, kalandozunk korai sz\u00ednh\u00e1zt\u00f6rt\u00e9nelmi m\u0171fajokban is. Bemutatunk \u00f3kori interpret\u00e1ci\u00f3s j\u00e1t\u00e9kot, \u00e1rnyj\u00e1t\u00e9kot, farsokat, miszt\u00e9rium, \u00e9s moralit\u00e1sj\u00e1t\u00e9kokat, fabula atellane m\u0171fajokat, b\u00e1bos, \u00f3ri\u00e1sb\u00e1bos produkci\u00f3kat. <strong>Gyakran dolgozunk egy\u00fctt a v\u00e1ros m\u00e1r m\u0171fajokban alkot\u00f3 kort\u00e1rs m\u0171v\u00e9szeivel, \u00edgy pl. a t\u00e1ncosokkal, k\u00e9pz\u0151- \u00e9s iparm\u0171v\u00e9szekkel, zen\u00e9szekkel, harcm\u0171v\u00e9szekkel.<\/strong> Ennek a j\u00f3 kapcsolatnak k\u00f6sz\u00f6nhet\u0151en b\u00e1bel\u0151ad\u00e1saink \u00e9l\u0151zen\u00e9sek, m\u0171v\u00e9szi projektjeink mindig valami \u00e1tmeneti m\u0171fajt teremtenek, innovat\u00edvak. <strong>A k\u00fcl\u00f6nb\u00f6z\u0151 rendezv\u00e9nyek \u00e9s produkci\u00f3k megval\u00f3s\u00edt\u00e1si k\u00f6lts\u00e9geire p\u00e1ly\u00e1zunk, ezekb\u0151l a forr\u00e1sokb\u00f3l fedezz\u00fck a d\u00edszlet- \u00e9s jelmezk\u00f6lts\u00e9geket.<\/strong> Az el\u0151ad\u00e1sok kell\u00e9kei, jelmezei k\u00f6z\u00f6tt is vannak szponzori felaj\u00e1nl\u00e1sok. <strong>Egyes\u00fclet\u00fcnk k\u00f6zel 40 \u00f6nk\u00e9ntes seg\u00edt\u0151vel dolgozik.<\/strong> Elengedhetetlen sz\u00ednfoltjai vagyunk a t\u00f6rt\u00e9nelmi Belv\u00e1rosnak, a v\u00e1ros arculat\u00e1t meghat\u00e1roz\u00f3 nagyrendezv\u00e9nyekben, illetve kisebb kort\u00e1rs attrakci\u00f3kban. Mi \u201eutc\u00e1ra vissz\u00fck\u201d a k\u00f6lt\u00e9szetet, a mes\u00e9t, megmozgatjuk a m\u00fazeum r\u00e9g\u00e9szeti kincseit,<strong> kutatjuk, \u00e9s felt\u00e1masztjuk az \u0151si v\u00e1ros legend\u00e1it.<\/strong> (pl.fentebb \u00edrt <strong>\u00c9l\u0151k\u00e9pes kr\u00f3nika<\/strong> c\u00edm\u0171 interakt\u00edv idegenvezet\u00e9s\u00fcnk.) <strong>Tudatosan alkalmazzuk a m\u0171v\u00e9szi eszk\u00f6z\u00f6ket k\u00f6z\u00f6ss\u00e9gfejleszt\u00e9sre.<\/strong> Int\u00e9zm\u00e9ny\u00fcnkben a sz\u00ednh\u00e1zon k\u00edv\u00fcl ki\u00e1ll\u00edt\u00e1sok, \u00e9s m\u00e1s m\u0171v\u00e9szeti \u00e1gakhoz k\u00f6t\u0151d\u0151 <strong>k\u00f6z\u00f6ss\u00e9gi esem\u00e9nyek<\/strong> is teret kapnak. Reperto\u00e1runkra a <strong>m\u0171faji soksz\u00edn\u0171s\u00e9g<\/strong> volt jellemz\u0151. K\u00e9sz\u00edt\u00fcnk r\u00f6vidfilmeket is, amelyeket rendszeresen versenyeztet\u00fcnk a k\u00fcl\u00f6nb\u00f6z\u0151 fesztiv\u00e1lokon, sz\u00e9p eredm\u00e9nyeket el\u00e9rve.<\/p>\n<p><strong>T\u00f6bb, mint h\u00fasz fajta kultur\u00e1lis, k\u00f6z\u00f6ss\u00e9gfejleszt\u0151 rendezv\u00e9nyt koordin\u00e1lunk, vagy szervez\u0151k\u00e9nt, k\u00f6zrem\u0171k\u00f6d\u0151k\u00e9nt seg\u00edt\u00fcnk<\/strong>; tov\u00e1bb\u00e1 a legt\u00f6bb -ma m\u00e1r t\u00f6megeket megmozgat\u00f3- nagy rendezv\u00e9nynek vagyunk \u00f6tletgazd\u00e1i, alap\u00edt\u00f3 szervez\u0151i, valamint <strong>tudom\u00e1nyos kutat\u00e1sokban is r\u00e9szt vesz\u00fcnk.<\/strong><\/p>\n<p><a href=\"https:\/\/drive.google.com\/file\/d\/1yOUQQbV5fSHO9pvbVex9rRxcvHnzVHrM\/view?usp=sharing\">K\u00e9pes bemutatkoz\u00f3<\/a><\/p>\n<p><a href=\"https:\/\/drive.google.com\/file\/d\/1P2OgffYVohsgIFuF5S0deKuxXg6Hg1tY\/view?usp=sharing\">Introduction<\/a><\/p>\n<p>[\/et_pb_text][et_pb_image src=&#8221;\/wp-content\/uploads\/2025\/04\/att.iZla6HLvwyk76UxDchxGpxiZZIQhRR2O51krwfLwCbg.jpg&#8221; title_text=&#8221;att.iZla6HLvwyk76UxDchxGpxiZZIQhRR2O51krwfLwCbg&#8221; _builder_version=&#8221;4.27.4&#8243; _module_preset=&#8221;default&#8221; max_width=&#8221;35%&#8221; module_alignment=&#8221;center&#8221; custom_margin=&#8221;||7px|||&#8221; global_colors_info=&#8221;{}&#8221;][\/et_pb_image][et_pb_text _builder_version=&#8221;4.27.5&#8243; _module_preset=&#8221;default&#8221; custom_margin=&#8221;||1px|||&#8221; hover_enabled=&#8221;0&#8243; global_colors_info=&#8221;{}&#8221; sticky_enabled=&#8221;0&#8243;]<\/p>\n<p style=\"text-align: center;\">Szab\u00f3n\u00e9 Nagy Judit<br \/>eln\u00f6k<br \/>e-mail: igezo2014@gmail.com<\/p>\n<p>[\/et_pb_text][et_pb_text _builder_version=&#8221;4.16&#8243; _module_preset=&#8221;default&#8221; text_text_color=&#8221;#0C71C3&#8243; link_option_url=&#8221;\/wp-content\/uploads\/2022\/01\/Nagy-Judit-publikaciok-es-rendezesek.docx&#8221; global_colors_info=&#8221;{}&#8221;]<\/p>\n<p style=\"text-align: center;\">Nagy Judit publik\u00e1ci\u00f3k \u00e9s rendez\u00e9sek<\/p>\n<p>[\/et_pb_text][et_pb_image src=&#8221;\/wp-content\/uploads\/2025\/04\/att.gfWswMvUENS8OQGna5fuxU0ArQvu4JY01QifS0r_YMo.jpg&#8221; title_text=&#8221;att.gfWswMvUENS8OQGna5fuxU0ArQvu4JY01QifS0r_YMo&#8221; align=&#8221;center&#8221; _builder_version=&#8221;4.27.4&#8243; _module_preset=&#8221;default&#8221; max_width=&#8221;35%&#8221; module_alignment=&#8221;center&#8221; custom_margin=&#8221;||1px|||&#8221; global_colors_info=&#8221;{}&#8221;][\/et_pb_image][et_pb_text _builder_version=&#8221;4.16&#8243; _module_preset=&#8221;default&#8221; global_colors_info=&#8221;{}&#8221;]<\/p>\n<p style=\"text-align: center;\">Magony Imre<br \/>eln\u00f6khelyettes<br \/>e-mail: igezo2014@gmail.com<\/p>\n<p>[\/et_pb_text][et_pb_text _builder_version=&#8221;4.27.5&#8243; _module_preset=&#8221;default&#8221; text_text_color=&#8221;#0C71C3&#8243; custom_margin=&#8221;-30px|||||&#8221; link_option_url=&#8221;\/wp-content\/uploads\/2022\/01\/Magony.publ_.jegyz_..doc&#8221; global_colors_info=&#8221;{}&#8221;]<\/p>\n<p style=\"text-align: center;\">Magony Imre publik\u00e1ci\u00f3k<\/p>\n<p>[\/et_pb_text][\/et_pb_column][\/et_pb_row][et_pb_row column_structure=&#8221;1_2,1_2&#8243; _builder_version=&#8221;4.27.4&#8243; _module_preset=&#8221;default&#8221; collapsed=&#8221;off&#8221; global_colors_info=&#8221;{}&#8221;][et_pb_column type=&#8221;1_2&#8243; _builder_version=&#8221;4.16&#8243; _module_preset=&#8221;default&#8221; global_colors_info=&#8221;{}&#8221;][et_pb_image src=&#8221;\/wp-content\/uploads\/2025\/04\/att.ds20GmXaIsknplH-G-bruNUTQIABkRDqYSq8ptN-Jak.jpg&#8221; title_text=&#8221;att.ds20GmXaIsknplH-G-bruNUTQIABkRDqYSq8ptN-Jak&#8221; _builder_version=&#8221;4.27.4&#8243; _module_preset=&#8221;default&#8221; max_width=&#8221;39%&#8221; module_alignment=&#8221;center&#8221; global_colors_info=&#8221;{}&#8221;][\/et_pb_image][et_pb_text _builder_version=&#8221;4.27.4&#8243; _module_preset=&#8221;default&#8221; global_colors_info=&#8221;{}&#8221;]<\/p>\n<p style=\"text-align: center;\">Szab\u00f3 Mikl\u00f3s<br \/>titk\u00e1r<\/p>\n<p style=\"text-align: center;\">e-mail: igezo2014@gmail.com<\/p>\n<p>[\/et_pb_text][\/et_pb_column][et_pb_column type=&#8221;1_2&#8243; _builder_version=&#8221;4.16&#8243; _module_preset=&#8221;default&#8221; global_colors_info=&#8221;{}&#8221;][et_pb_image src=&#8221;\/wp-content\/uploads\/2025\/04\/att.aAROWBccPYPLRnollqWfwENJB5qLLJzF0KXf0XIcjJc.jpg&#8221; title_text=&#8221;att.aAROWBccPYPLRnollqWfwENJB5qLLJzF0KXf0XIcjJc&#8221; _builder_version=&#8221;4.27.4&#8243; _module_preset=&#8221;default&#8221; max_width=&#8221;39%&#8221; module_alignment=&#8221;center&#8221; global_colors_info=&#8221;{}&#8221;][\/et_pb_image][et_pb_text _builder_version=&#8221;4.27.4&#8243; _module_preset=&#8221;default&#8221; global_colors_info=&#8221;{}&#8221;]<\/p>\n<p style=\"text-align: center;\">K\u00f6vesi T\u00fcnde<br \/>gazdas\u00e1gi vezet\u0151<\/p>\n<p style=\"text-align: center;\">e-mail: igezo2014@gmail.com<\/p>\n<p>[\/et_pb_text][\/et_pb_column][\/et_pb_row][\/et_pb_section]<\/p>\n","protected":false},"excerpt":{"rendered":"<p>EGYES\u00dcLET \u2013 Tev\u00e9kenys\u00e9g\u201eSZ\u00cdN-T\u00c9R\u201d\/Sz\u00ednj\u00e1tsz\u00f3-Versmond\u00f3\/ Egyes\u00fclet Az 1991-ben alap\u00edtott, \u00e9s az\u00f3ta is folyamatosan m\u0171k\u00f6d\u0151 SZ\u00cdN- T\u00c9R Egyes\u00fcletre c\u00e9lja: \u201eKultur\u00e1lis, k\u00f6zm\u0171vel\u0151d\u00e9si, el\u0151ad\u00f3-m\u0171v\u00e9szeti, film el\u0151\u00e1ll\u00edt\u00f3i tev\u00e9kenys\u00e9g Kultur\u00e1lis \u00f6r\u00f6ks\u00e9g meg\u00f3v\u00e1sa Kultur\u00e1lis \u00e9rt\u00e9kek l\u00e9trehoz\u00e1sa K\u00f6z\u00f6ss\u00e9gfejleszt\u0151 tev\u00e9kenys\u00e9g-k\u00fcl\u00f6n\u00f6s [&hellip;]<\/p>\n","protected":false},"author":2,"featured_media":0,"parent":0,"menu_order":0,"comment_status":"closed","ping_status":"closed","template":"","meta":{"_et_pb_use_builder":"on","_et_pb_old_content":"","_et_gb_content_width":"","_price":"","_stock":"","_tribe_ticket_header":"","_tribe_default_ticket_provider":"TEC\\Tickets\\Commerce\\Module","_ticket_start_date":"","_ticket_end_date":"","_tribe_ticket_show_description":"","_tribe_ticket_show_not_going":false,"_tribe_ticket_use_global_stock":"","_tribe_ticket_global_stock_level":"","_global_stock_mode":"","_global_stock_cap":"","_tribe_rsvp_for_event":"","_tribe_ticket_going_count":"","_tribe_ticket_not_going_count":"","_tribe_tickets_list":"[]","_tribe_ticket_has_attendee_info_fields":false,"footnotes":"","_tec_slr_enabled":"","_tec_slr_layout":""},"class_list":["post-59","page","type-page","status-publish","hentry"],"yoast_head":"<!-- This site is optimized with the Yoast SEO plugin v25.0 - https:\/\/yoast.com\/wordpress\/plugins\/seo\/ -->\n<title>Tev\u00e9kenys\u00e9g - Szabad Sz\u00ednh\u00e1z<\/title>\n<meta name=\"robots\" content=\"index, follow, max-snippet:-1, max-image-preview:large, max-video-preview:-1\" \/>\n<link rel=\"canonical\" href=\"https:\/\/www.szabadszinhaz.hu\/en\/tevekenyseg\/\" \/>\n<meta property=\"og:locale\" content=\"en_US\" \/>\n<meta property=\"og:type\" content=\"article\" \/>\n<meta property=\"og:title\" content=\"Tev\u00e9kenys\u00e9g - Szabad Sz\u00ednh\u00e1z\" \/>\n<meta property=\"og:description\" content=\"EGYES\u00dcLET \u2013 Tev\u00e9kenys\u00e9g\u201eSZ\u00cdN-T\u00c9R\u201d\/Sz\u00ednj\u00e1tsz\u00f3-Versmond\u00f3\/ Egyes\u00fclet Az 1991-ben alap\u00edtott, \u00e9s az\u00f3ta is folyamatosan m\u0171k\u00f6d\u0151 SZ\u00cdN- T\u00c9R Egyes\u00fcletre c\u00e9lja: \u201eKultur\u00e1lis, k\u00f6zm\u0171vel\u0151d\u00e9si, el\u0151ad\u00f3-m\u0171v\u00e9szeti, film el\u0151\u00e1ll\u00edt\u00f3i tev\u00e9kenys\u00e9g Kultur\u00e1lis \u00f6r\u00f6ks\u00e9g meg\u00f3v\u00e1sa Kultur\u00e1lis \u00e9rt\u00e9kek l\u00e9trehoz\u00e1sa K\u00f6z\u00f6ss\u00e9gfejleszt\u0151 tev\u00e9kenys\u00e9g-k\u00fcl\u00f6n\u00f6s [&hellip;]\" \/>\n<meta property=\"og:url\" content=\"https:\/\/www.szabadszinhaz.hu\/en\/tevekenyseg\/\" \/>\n<meta property=\"og:site_name\" content=\"Szabad Sz\u00ednh\u00e1z\" \/>\n<meta property=\"article:publisher\" content=\"https:\/\/www.facebook.com\/szabadszinhaz\" \/>\n<meta property=\"article:modified_time\" content=\"2026-03-01T18:18:46+00:00\" \/>\n<meta name=\"twitter:card\" content=\"summary_large_image\" \/>\n<meta name=\"twitter:label1\" content=\"Est. reading time\" \/>\n\t<meta name=\"twitter:data1\" content=\"6 minutes\" \/>\n<script type=\"application\/ld+json\" class=\"yoast-schema-graph\">{\"@context\":\"https:\/\/schema.org\",\"@graph\":[{\"@type\":\"WebPage\",\"@id\":\"https:\/\/www.szabadszinhaz.hu\/tevekenyseg\/\",\"url\":\"https:\/\/www.szabadszinhaz.hu\/tevekenyseg\/\",\"name\":\"Tev\u00e9kenys\u00e9g - Szabad Sz\u00ednh\u00e1z\",\"isPartOf\":{\"@id\":\"https:\/\/www.szabadszinhaz.hu\/#website\"},\"datePublished\":\"2021-11-23T15:26:53+00:00\",\"dateModified\":\"2026-03-01T18:18:46+00:00\",\"breadcrumb\":{\"@id\":\"https:\/\/www.szabadszinhaz.hu\/tevekenyseg\/#breadcrumb\"},\"inLanguage\":\"en-US\",\"potentialAction\":[{\"@type\":\"ReadAction\",\"target\":[\"https:\/\/www.szabadszinhaz.hu\/tevekenyseg\/\"]}]},{\"@type\":\"BreadcrumbList\",\"@id\":\"https:\/\/www.szabadszinhaz.hu\/tevekenyseg\/#breadcrumb\",\"itemListElement\":[{\"@type\":\"ListItem\",\"position\":1,\"name\":\"Kezd\u0151lap\",\"item\":\"https:\/\/www.szabadszinhaz.hu\/\"},{\"@type\":\"ListItem\",\"position\":2,\"name\":\"Tev\u00e9kenys\u00e9g\"}]},{\"@type\":\"WebSite\",\"@id\":\"https:\/\/www.szabadszinhaz.hu\/#website\",\"url\":\"https:\/\/www.szabadszinhaz.hu\/\",\"name\":\"Szabad Sz\u00ednh\u00e1z\",\"description\":\"Szabad Sz\u00ednh\u00e1z\",\"publisher\":{\"@id\":\"https:\/\/www.szabadszinhaz.hu\/#organization\"},\"potentialAction\":[{\"@type\":\"SearchAction\",\"target\":{\"@type\":\"EntryPoint\",\"urlTemplate\":\"https:\/\/www.szabadszinhaz.hu\/?s={search_term_string}\"},\"query-input\":{\"@type\":\"PropertyValueSpecification\",\"valueRequired\":true,\"valueName\":\"search_term_string\"}}],\"inLanguage\":\"en-US\"},{\"@type\":\"Organization\",\"@id\":\"https:\/\/www.szabadszinhaz.hu\/#organization\",\"name\":\"Szabad Sz\u00ednh\u00e1z SZ\u00cdN-T\u00c9R Egyes\u00fclet\",\"url\":\"https:\/\/www.szabadszinhaz.hu\/\",\"logo\":{\"@type\":\"ImageObject\",\"inLanguage\":\"en-US\",\"@id\":\"https:\/\/www.szabadszinhaz.hu\/#\/schema\/logo\/image\/\",\"url\":\"https:\/\/www.szabadszinhaz.hu\/wp-content\/uploads\/2025\/01\/images.jpg\",\"contentUrl\":\"https:\/\/www.szabadszinhaz.hu\/wp-content\/uploads\/2025\/01\/images.jpg\",\"width\":178,\"height\":284,\"caption\":\"Szabad Sz\u00ednh\u00e1z SZ\u00cdN-T\u00c9R Egyes\u00fclet\"},\"image\":{\"@id\":\"https:\/\/www.szabadszinhaz.hu\/#\/schema\/logo\/image\/\"},\"sameAs\":[\"https:\/\/www.facebook.com\/szabadszinhaz\"]}]}<\/script>\n<!-- \/ Yoast SEO plugin. -->","yoast_head_json":{"title":"Tev\u00e9kenys\u00e9g - Szabad Sz\u00ednh\u00e1z","robots":{"index":"index","follow":"follow","max-snippet":"max-snippet:-1","max-image-preview":"max-image-preview:large","max-video-preview":"max-video-preview:-1"},"canonical":"https:\/\/www.szabadszinhaz.hu\/en\/tevekenyseg\/","og_locale":"en_US","og_type":"article","og_title":"Tev\u00e9kenys\u00e9g - Szabad Sz\u00ednh\u00e1z","og_description":"EGYES\u00dcLET \u2013 Tev\u00e9kenys\u00e9g\u201eSZ\u00cdN-T\u00c9R\u201d\/Sz\u00ednj\u00e1tsz\u00f3-Versmond\u00f3\/ Egyes\u00fclet Az 1991-ben alap\u00edtott, \u00e9s az\u00f3ta is folyamatosan m\u0171k\u00f6d\u0151 SZ\u00cdN- T\u00c9R Egyes\u00fcletre c\u00e9lja: \u201eKultur\u00e1lis, k\u00f6zm\u0171vel\u0151d\u00e9si, el\u0151ad\u00f3-m\u0171v\u00e9szeti, film el\u0151\u00e1ll\u00edt\u00f3i tev\u00e9kenys\u00e9g Kultur\u00e1lis \u00f6r\u00f6ks\u00e9g meg\u00f3v\u00e1sa Kultur\u00e1lis \u00e9rt\u00e9kek l\u00e9trehoz\u00e1sa K\u00f6z\u00f6ss\u00e9gfejleszt\u0151 tev\u00e9kenys\u00e9g-k\u00fcl\u00f6n\u00f6s [&hellip;]","og_url":"https:\/\/www.szabadszinhaz.hu\/en\/tevekenyseg\/","og_site_name":"Szabad Sz\u00ednh\u00e1z","article_publisher":"https:\/\/www.facebook.com\/szabadszinhaz","article_modified_time":"2026-03-01T18:18:46+00:00","twitter_card":"summary_large_image","twitter_misc":{"Est. reading time":"6 minutes"},"schema":{"@context":"https:\/\/schema.org","@graph":[{"@type":"WebPage","@id":"https:\/\/www.szabadszinhaz.hu\/tevekenyseg\/","url":"https:\/\/www.szabadszinhaz.hu\/tevekenyseg\/","name":"Tev\u00e9kenys\u00e9g - Szabad Sz\u00ednh\u00e1z","isPartOf":{"@id":"https:\/\/www.szabadszinhaz.hu\/#website"},"datePublished":"2021-11-23T15:26:53+00:00","dateModified":"2026-03-01T18:18:46+00:00","breadcrumb":{"@id":"https:\/\/www.szabadszinhaz.hu\/tevekenyseg\/#breadcrumb"},"inLanguage":"en-US","potentialAction":[{"@type":"ReadAction","target":["https:\/\/www.szabadszinhaz.hu\/tevekenyseg\/"]}]},{"@type":"BreadcrumbList","@id":"https:\/\/www.szabadszinhaz.hu\/tevekenyseg\/#breadcrumb","itemListElement":[{"@type":"ListItem","position":1,"name":"Kezd\u0151lap","item":"https:\/\/www.szabadszinhaz.hu\/"},{"@type":"ListItem","position":2,"name":"Tev\u00e9kenys\u00e9g"}]},{"@type":"WebSite","@id":"https:\/\/www.szabadszinhaz.hu\/#website","url":"https:\/\/www.szabadszinhaz.hu\/","name":"Free Theatre - Szabad Sz\u00ednh\u00e1z","description":"Free Theatre - Szabad Sz\u00ednh\u00e1z","publisher":{"@id":"https:\/\/www.szabadszinhaz.hu\/#organization"},"potentialAction":[{"@type":"SearchAction","target":{"@type":"EntryPoint","urlTemplate":"https:\/\/www.szabadszinhaz.hu\/?s={search_term_string}"},"query-input":{"@type":"PropertyValueSpecification","valueRequired":true,"valueName":"search_term_string"}}],"inLanguage":"en-US"},{"@type":"Organization","@id":"https:\/\/www.szabadszinhaz.hu\/#organization","name":"Szabad Sz\u00ednh\u00e1z SZ\u00cdN-T\u00c9R Egyes\u00fclet","url":"https:\/\/www.szabadszinhaz.hu\/","logo":{"@type":"ImageObject","inLanguage":"en-US","@id":"https:\/\/www.szabadszinhaz.hu\/#\/schema\/logo\/image\/","url":"https:\/\/www.szabadszinhaz.hu\/wp-content\/uploads\/2025\/01\/images.jpg","contentUrl":"https:\/\/www.szabadszinhaz.hu\/wp-content\/uploads\/2025\/01\/images.jpg","width":178,"height":284,"caption":"Szabad Sz\u00ednh\u00e1z SZ\u00cdN-T\u00c9R Egyes\u00fclet"},"image":{"@id":"https:\/\/www.szabadszinhaz.hu\/#\/schema\/logo\/image\/"},"sameAs":["https:\/\/www.facebook.com\/szabadszinhaz"]}]}},"ticketed":false,"_links":{"self":[{"href":"https:\/\/www.szabadszinhaz.hu\/en\/wp-json\/wp\/v2\/pages\/59","targetHints":{"allow":["GET"]}}],"collection":[{"href":"https:\/\/www.szabadszinhaz.hu\/en\/wp-json\/wp\/v2\/pages"}],"about":[{"href":"https:\/\/www.szabadszinhaz.hu\/en\/wp-json\/wp\/v2\/types\/page"}],"author":[{"embeddable":true,"href":"https:\/\/www.szabadszinhaz.hu\/en\/wp-json\/wp\/v2\/users\/2"}],"replies":[{"embeddable":true,"href":"https:\/\/www.szabadszinhaz.hu\/en\/wp-json\/wp\/v2\/comments?post=59"}],"version-history":[{"count":30,"href":"https:\/\/www.szabadszinhaz.hu\/en\/wp-json\/wp\/v2\/pages\/59\/revisions"}],"predecessor-version":[{"id":10099,"href":"https:\/\/www.szabadszinhaz.hu\/en\/wp-json\/wp\/v2\/pages\/59\/revisions\/10099"}],"wp:attachment":[{"href":"https:\/\/www.szabadszinhaz.hu\/en\/wp-json\/wp\/v2\/media?parent=59"}],"curies":[{"name":"wp","href":"https:\/\/api.w.org\/{rel}","templated":true}]}}