{"id":5517,"date":"2022-03-18T12:13:32","date_gmt":"2022-03-18T11:13:32","guid":{"rendered":"http:\/\/www.szabszinhaz.hu\/?page_id=5517"},"modified":"2022-03-29T14:19:28","modified_gmt":"2022-03-29T12:19:28","slug":"mediahatas","status":"publish","type":"page","link":"https:\/\/www.szabadszinhaz.hu\/en\/szinhazi-eloadasok\/mediahatas\/","title":{"rendered":"M\u00e9diahat\u00e1s"},"content":{"rendered":"<p>[et_pb_section fb_built=&#8221;1&#8243; _builder_version=&#8221;4.15&#8243; _module_preset=&#8221;default&#8221; background_color=&#8221;#fff1d0&#8243; global_colors_info=&#8221;{}&#8221;][et_pb_row _builder_version=&#8221;4.15&#8243; _module_preset=&#8221;default&#8221; global_colors_info=&#8221;{}&#8221;][et_pb_column type=&#8221;4_4&#8243; _builder_version=&#8221;4.15&#8243; _module_preset=&#8221;default&#8221; global_colors_info=&#8221;{}&#8221;][et_pb_text _builder_version=&#8221;4.15&#8243; _module_preset=&#8221;default&#8221; text_text_color=&#8221;#000000&#8243; text_font_size=&#8221;28px&#8221; global_colors_info=&#8221;{}&#8221;]<\/p>\n<p><strong>M\u00e9diahat\u00e1s<\/strong><\/p>\n<p>[\/et_pb_text][\/et_pb_column][\/et_pb_row][et_pb_row _builder_version=&#8221;4.15&#8243; _module_preset=&#8221;default&#8221; custom_padding=&#8221;3px||0px|||&#8221; global_colors_info=&#8221;{}&#8221;][et_pb_column type=&#8221;4_4&#8243; _builder_version=&#8221;4.15&#8243; _module_preset=&#8221;default&#8221; global_colors_info=&#8221;{}&#8221;][et_pb_divider color=&#8221;#000000&#8243; divider_weight=&#8221;4px&#8221; _builder_version=&#8221;4.15&#8243; _module_preset=&#8221;default&#8221; custom_margin=&#8221;||-58px|||&#8221; global_colors_info=&#8221;{}&#8221;][\/et_pb_divider][\/et_pb_column][\/et_pb_row][et_pb_row column_structure=&#8221;1_2,1_2&#8243; _builder_version=&#8221;4.15&#8243; _module_preset=&#8221;default&#8221; custom_margin=&#8221;|auto|-36px|auto||&#8221; custom_padding=&#8221;||0px|||&#8221; global_colors_info=&#8221;{}&#8221;][et_pb_column type=&#8221;1_2&#8243; _builder_version=&#8221;4.15&#8243; _module_preset=&#8221;default&#8221; global_colors_info=&#8221;{}&#8221;][et_pb_text _builder_version=&#8221;4.15&#8243; _module_preset=&#8221;default&#8221; text_text_color=&#8221;#000000&#8243; text_font_size=&#8221;17px&#8221; text_line_height=&#8221;1.6em&#8221; text_orientation=&#8221;center&#8221; custom_padding=&#8221;0px|||||&#8221; global_colors_info=&#8221;{}&#8221;]<\/p>\n<p style=\"text-align: justify;\">Az el\u0151ad\u00e1s Poliakoff fekete kom\u00e9di\u00e1ja kifejezetten a k\u00f6z\u00e9piskol\u00e1s k\u00f6z\u00f6ns\u00e9gnek sz\u00f3l\u00f3 tanmese, amely arra tan\u00edt, hogy kritik\u00e1val tudjuk kezelni a kereskedelmi m\u00e9diumokat, \u00e9s meg\u00e9rts\u00fck annak gazdas\u00e1gi c\u00e9ljait, m\u0171sorpolitik\u00e1j\u00e1t.<\/p>\n<p style=\"text-align: justify;\">A M\u00e9diahat\u00e1s c\u00edm\u0171 el\u0151ad\u00e1s f\u0151bb szerepeiben kifejezetten fiatalok j\u00e1tssz\u00e1k a f\u0151bb szerepeket, a k\u00f6z\u00e9pkoroszt\u00e1ly pedig kiv\u00e1l\u00f3 epiz\u00f3dokkal teremt profi h\u00e1tteret a fiatalokr\u00f3l sz\u00f3l\u00f3 t\u00f6rt\u00e9netnek. A sz\u00f3rakoztat\u00f3 el\u0151ad\u00e1s sz\u00e1mtalan &#8222;aha&#8221; \u00e9lm\u00e9nnyel fogja meglepni n\u00e9z\u0151it, amelynek r\u00e9v\u00e9n a fiatal k\u00f6z\u00f6ns\u00e9g r\u00e1ismerhet \u00f6nmag\u00e1ra, a m\u00e9di\u00e1val, celebekkel kapcsolatos sokszor t\u00falzott f\u00fcgg\u00e9sre, hamis mint\u00e1kra. Mindez azonban nem didaktikus, hanem sz\u00f3rakoztat\u00f3 m\u00f3don t\u00f6rt\u00e9nik.<\/p>\n<p style=\"text-align: justify;\">Az el\u0151ad\u00e1s \u00e9rdekess\u00e9ge, hogy a ki\u00e9gett m\u0171sorvezet\u0151t alak\u00edt\u00f3 sz\u00edn\u00e9sz egyben ismert telev\u00edzi\u00f3s szem\u00e9lyis\u00e9g is, \u00edgy hitelesen k\u00f6zvet\u00edti azokat a mor\u00e1lis k\u00e9rd\u00e9seket, amelyekr\u0151l az el\u0151ad\u00e1sok ut\u00e1n is \u00e9rdemes lesz m\u00e9g besz\u00e9lgetni.<\/p>\n<p style=\"text-align: justify;\"><strong>Szerz\u0151:<\/strong> Stephen Poliakoff<br \/><strong>Alapsz\u00f6veg \u00edr\u00f3ja:<\/strong> Matuz J\u00e1nos, Nagy Judit<br \/><strong>Szereposzt\u00e1s:<\/strong><\/p>\n<p style=\"text-align: justify;\"><strong>Leonard Brazil:<\/strong> Szab\u00f3 Mikl\u00f3s Bence<br \/><strong>Rex:<\/strong> Csizmadia M\u00e1t\u00e9 <br \/><strong>Nicola Davies:<\/strong> Szab\u00f3 Fl\u00f3ra <br \/><strong>Susan:<\/strong> Borb\u00e9ly Erika<br \/><strong>Ang\u00e9la:<\/strong> Kocsis Fanni <br \/><strong>Rita:<\/strong> Schneider Zsofi <br \/><strong>John:<\/strong> Balogh Mih\u00e1ly<br \/><strong>Jane:<\/strong> Jecs Noa<br \/><strong>Mick:<\/strong> Kutassy B\u00e1lint<br \/><strong>Jim:<\/strong> Bencze Zolt\u00e1n<br \/><strong>Rendez\u0151:<\/strong> Nagy Judit<br \/><strong>Jelmeztervez\u0151:<\/strong> Nagy Judit<br \/><strong>Dramaturg:<\/strong> Nagy Judit<\/p>\n<p>[\/et_pb_text][\/et_pb_column][et_pb_column type=&#8221;1_2&#8243; _builder_version=&#8221;4.15&#8243; _module_preset=&#8221;default&#8221; global_colors_info=&#8221;{}&#8221;][et_pb_image src=&#8221;\/wp-content\/uploads\/2022\/03\/01_mediahatas_plakat.jpg&#8221; title_text=&#8221;01_m\u00e9diahat\u00e1s_plak\u00e1t&#8221; _builder_version=&#8221;4.15&#8243; _module_preset=&#8221;default&#8221; width=&#8221;100%&#8221; custom_margin=&#8221;|2px|4px|||&#8221; custom_padding=&#8221;|0px|0px|||&#8221; global_colors_info=&#8221;{}&#8221;][\/et_pb_image][\/et_pb_column][\/et_pb_row][et_pb_row _builder_version=&#8221;4.15&#8243; _module_preset=&#8221;default&#8221; global_colors_info=&#8221;{}&#8221;][et_pb_column type=&#8221;4_4&#8243; _builder_version=&#8221;4.15&#8243; _module_preset=&#8221;default&#8221; global_colors_info=&#8221;{}&#8221;][et_pb_gallery gallery_ids=&#8221;5524,5525,5526,5527,5528,5529,5530&#8243; posts_number=&#8221;7&#8243; show_title_and_caption=&#8221;off&#8221; show_pagination=&#8221;off&#8221; _builder_version=&#8221;4.15&#8243; _module_preset=&#8221;default&#8221; custom_padding=&#8221;34px|||||&#8221; global_colors_info=&#8221;{}&#8221;][\/et_pb_gallery][\/et_pb_column][\/et_pb_row][\/et_pb_section]<\/p>\n","protected":false},"excerpt":{"rendered":"<p>M\u00e9diahat\u00e1sAz el\u0151ad\u00e1s Poliakoff fekete kom\u00e9di\u00e1ja kifejezetten a k\u00f6z\u00e9piskol\u00e1s k\u00f6z\u00f6ns\u00e9gnek sz\u00f3l\u00f3 tanmese, amely arra tan\u00edt, hogy kritik\u00e1val tudjuk kezelni a kereskedelmi m\u00e9diumokat, \u00e9s meg\u00e9rts\u00fck annak gazdas\u00e1gi c\u00e9ljait, m\u0171sorpolitik\u00e1j\u00e1t. A M\u00e9diahat\u00e1s c\u00edm\u0171 [&hellip;]<\/p>\n","protected":false},"author":2,"featured_media":0,"parent":75,"menu_order":0,"comment_status":"closed","ping_status":"closed","template":"","meta":{"_et_pb_use_builder":"on","_et_pb_old_content":"","_et_gb_content_width":"","_price":"","_stock":"","_tribe_ticket_header":"","_tribe_default_ticket_provider":"","_ticket_start_date":"","_ticket_end_date":"","_tribe_ticket_show_description":"","_tribe_ticket_show_not_going":false,"_tribe_ticket_use_global_stock":"","_tribe_ticket_global_stock_level":"","_global_stock_mode":"","_global_stock_cap":"","_tribe_rsvp_for_event":"","_tribe_ticket_going_count":"","_tribe_ticket_not_going_count":"","_tribe_tickets_list":"[]","_tribe_ticket_has_attendee_info_fields":false,"footnotes":"","_tec_slr_enabled":"","_tec_slr_layout":""},"class_list":["post-5517","page","type-page","status-publish","hentry"],"yoast_head":"<!-- This site is optimized with the Yoast SEO plugin v25.0 - https:\/\/yoast.com\/wordpress\/plugins\/seo\/ -->\n<title>M\u00e9diahat\u00e1s - Szabad Sz\u00ednh\u00e1z<\/title>\n<meta name=\"robots\" content=\"index, follow, max-snippet:-1, max-image-preview:large, max-video-preview:-1\" \/>\n<link rel=\"canonical\" href=\"https:\/\/www.szabadszinhaz.hu\/en\/szinhazi-eloadasok\/mediahatas\/\" \/>\n<meta property=\"og:locale\" content=\"en_US\" \/>\n<meta property=\"og:type\" content=\"article\" \/>\n<meta property=\"og:title\" content=\"M\u00e9diahat\u00e1s - Szabad Sz\u00ednh\u00e1z\" \/>\n<meta property=\"og:description\" content=\"M\u00e9diahat\u00e1sAz el\u0151ad\u00e1s Poliakoff fekete kom\u00e9di\u00e1ja kifejezetten a k\u00f6z\u00e9piskol\u00e1s k\u00f6z\u00f6ns\u00e9gnek sz\u00f3l\u00f3 tanmese, amely arra tan\u00edt, hogy kritik\u00e1val tudjuk kezelni a kereskedelmi m\u00e9diumokat, \u00e9s meg\u00e9rts\u00fck annak gazdas\u00e1gi c\u00e9ljait, m\u0171sorpolitik\u00e1j\u00e1t. A M\u00e9diahat\u00e1s c\u00edm\u0171 [&hellip;]\" \/>\n<meta property=\"og:url\" content=\"https:\/\/www.szabadszinhaz.hu\/en\/szinhazi-eloadasok\/mediahatas\/\" \/>\n<meta property=\"og:site_name\" content=\"Szabad Sz\u00ednh\u00e1z\" \/>\n<meta property=\"article:publisher\" content=\"https:\/\/www.facebook.com\/szabadszinhaz\" \/>\n<meta property=\"article:modified_time\" content=\"2022-03-29T12:19:28+00:00\" \/>\n<meta name=\"twitter:card\" content=\"summary_large_image\" \/>\n<meta name=\"twitter:label1\" content=\"Est. reading time\" \/>\n\t<meta name=\"twitter:data1\" content=\"3 minutes\" \/>\n<script type=\"application\/ld+json\" class=\"yoast-schema-graph\">{\"@context\":\"https:\/\/schema.org\",\"@graph\":[{\"@type\":\"WebPage\",\"@id\":\"https:\/\/www.szabadszinhaz.hu\/szinhazi-eloadasok\/mediahatas\/\",\"url\":\"https:\/\/www.szabadszinhaz.hu\/szinhazi-eloadasok\/mediahatas\/\",\"name\":\"M\u00e9diahat\u00e1s - Szabad Sz\u00ednh\u00e1z\",\"isPartOf\":{\"@id\":\"https:\/\/www.szabadszinhaz.hu\/#website\"},\"datePublished\":\"2022-03-18T11:13:32+00:00\",\"dateModified\":\"2022-03-29T12:19:28+00:00\",\"breadcrumb\":{\"@id\":\"https:\/\/www.szabadszinhaz.hu\/szinhazi-eloadasok\/mediahatas\/#breadcrumb\"},\"inLanguage\":\"en-US\",\"potentialAction\":[{\"@type\":\"ReadAction\",\"target\":[\"https:\/\/www.szabadszinhaz.hu\/szinhazi-eloadasok\/mediahatas\/\"]}]},{\"@type\":\"BreadcrumbList\",\"@id\":\"https:\/\/www.szabadszinhaz.hu\/szinhazi-eloadasok\/mediahatas\/#breadcrumb\",\"itemListElement\":[{\"@type\":\"ListItem\",\"position\":1,\"name\":\"Kezd\u0151lap\",\"item\":\"https:\/\/www.szabadszinhaz.hu\/\"},{\"@type\":\"ListItem\",\"position\":2,\"name\":\"Sz\u00ednh\u00e1zi el\u0151ad\u00e1sok &#8211;\",\"item\":\"https:\/\/www.szabadszinhaz.hu\/szinhazi-eloadasok\/\"},{\"@type\":\"ListItem\",\"position\":3,\"name\":\"M\u00e9diahat\u00e1s\"}]},{\"@type\":\"WebSite\",\"@id\":\"https:\/\/www.szabadszinhaz.hu\/#website\",\"url\":\"https:\/\/www.szabadszinhaz.hu\/\",\"name\":\"Szabad Sz\u00ednh\u00e1z\",\"description\":\"Szabad Sz\u00ednh\u00e1z\",\"publisher\":{\"@id\":\"https:\/\/www.szabadszinhaz.hu\/#organization\"},\"potentialAction\":[{\"@type\":\"SearchAction\",\"target\":{\"@type\":\"EntryPoint\",\"urlTemplate\":\"https:\/\/www.szabadszinhaz.hu\/?s={search_term_string}\"},\"query-input\":{\"@type\":\"PropertyValueSpecification\",\"valueRequired\":true,\"valueName\":\"search_term_string\"}}],\"inLanguage\":\"en-US\"},{\"@type\":\"Organization\",\"@id\":\"https:\/\/www.szabadszinhaz.hu\/#organization\",\"name\":\"Szabad Sz\u00ednh\u00e1z SZ\u00cdN-T\u00c9R Egyes\u00fclet\",\"url\":\"https:\/\/www.szabadszinhaz.hu\/\",\"logo\":{\"@type\":\"ImageObject\",\"inLanguage\":\"en-US\",\"@id\":\"https:\/\/www.szabadszinhaz.hu\/#\/schema\/logo\/image\/\",\"url\":\"https:\/\/www.szabadszinhaz.hu\/wp-content\/uploads\/2025\/01\/images.jpg\",\"contentUrl\":\"https:\/\/www.szabadszinhaz.hu\/wp-content\/uploads\/2025\/01\/images.jpg\",\"width\":178,\"height\":284,\"caption\":\"Szabad Sz\u00ednh\u00e1z SZ\u00cdN-T\u00c9R Egyes\u00fclet\"},\"image\":{\"@id\":\"https:\/\/www.szabadszinhaz.hu\/#\/schema\/logo\/image\/\"},\"sameAs\":[\"https:\/\/www.facebook.com\/szabadszinhaz\"]}]}<\/script>\n<!-- \/ Yoast SEO plugin. -->","yoast_head_json":{"title":"M\u00e9diahat\u00e1s - Szabad Sz\u00ednh\u00e1z","robots":{"index":"index","follow":"follow","max-snippet":"max-snippet:-1","max-image-preview":"max-image-preview:large","max-video-preview":"max-video-preview:-1"},"canonical":"https:\/\/www.szabadszinhaz.hu\/en\/szinhazi-eloadasok\/mediahatas\/","og_locale":"en_US","og_type":"article","og_title":"M\u00e9diahat\u00e1s - Szabad Sz\u00ednh\u00e1z","og_description":"M\u00e9diahat\u00e1sAz el\u0151ad\u00e1s Poliakoff fekete kom\u00e9di\u00e1ja kifejezetten a k\u00f6z\u00e9piskol\u00e1s k\u00f6z\u00f6ns\u00e9gnek sz\u00f3l\u00f3 tanmese, amely arra tan\u00edt, hogy kritik\u00e1val tudjuk kezelni a kereskedelmi m\u00e9diumokat, \u00e9s meg\u00e9rts\u00fck annak gazdas\u00e1gi c\u00e9ljait, m\u0171sorpolitik\u00e1j\u00e1t. A M\u00e9diahat\u00e1s c\u00edm\u0171 [&hellip;]","og_url":"https:\/\/www.szabadszinhaz.hu\/en\/szinhazi-eloadasok\/mediahatas\/","og_site_name":"Szabad Sz\u00ednh\u00e1z","article_publisher":"https:\/\/www.facebook.com\/szabadszinhaz","article_modified_time":"2022-03-29T12:19:28+00:00","twitter_card":"summary_large_image","twitter_misc":{"Est. reading time":"3 minutes"},"schema":{"@context":"https:\/\/schema.org","@graph":[{"@type":"WebPage","@id":"https:\/\/www.szabadszinhaz.hu\/szinhazi-eloadasok\/mediahatas\/","url":"https:\/\/www.szabadszinhaz.hu\/szinhazi-eloadasok\/mediahatas\/","name":"M\u00e9diahat\u00e1s - Szabad Sz\u00ednh\u00e1z","isPartOf":{"@id":"https:\/\/www.szabadszinhaz.hu\/#website"},"datePublished":"2022-03-18T11:13:32+00:00","dateModified":"2022-03-29T12:19:28+00:00","breadcrumb":{"@id":"https:\/\/www.szabadszinhaz.hu\/szinhazi-eloadasok\/mediahatas\/#breadcrumb"},"inLanguage":"en-US","potentialAction":[{"@type":"ReadAction","target":["https:\/\/www.szabadszinhaz.hu\/szinhazi-eloadasok\/mediahatas\/"]}]},{"@type":"BreadcrumbList","@id":"https:\/\/www.szabadszinhaz.hu\/szinhazi-eloadasok\/mediahatas\/#breadcrumb","itemListElement":[{"@type":"ListItem","position":1,"name":"Kezd\u0151lap","item":"https:\/\/www.szabadszinhaz.hu\/"},{"@type":"ListItem","position":2,"name":"Sz\u00ednh\u00e1zi el\u0151ad\u00e1sok &#8211;","item":"https:\/\/www.szabadszinhaz.hu\/szinhazi-eloadasok\/"},{"@type":"ListItem","position":3,"name":"M\u00e9diahat\u00e1s"}]},{"@type":"WebSite","@id":"https:\/\/www.szabadszinhaz.hu\/#website","url":"https:\/\/www.szabadszinhaz.hu\/","name":"Free Theatre - Szabad Sz\u00ednh\u00e1z","description":"Free Theatre - Szabad Sz\u00ednh\u00e1z","publisher":{"@id":"https:\/\/www.szabadszinhaz.hu\/#organization"},"potentialAction":[{"@type":"SearchAction","target":{"@type":"EntryPoint","urlTemplate":"https:\/\/www.szabadszinhaz.hu\/?s={search_term_string}"},"query-input":{"@type":"PropertyValueSpecification","valueRequired":true,"valueName":"search_term_string"}}],"inLanguage":"en-US"},{"@type":"Organization","@id":"https:\/\/www.szabadszinhaz.hu\/#organization","name":"Szabad Sz\u00ednh\u00e1z SZ\u00cdN-T\u00c9R Egyes\u00fclet","url":"https:\/\/www.szabadszinhaz.hu\/","logo":{"@type":"ImageObject","inLanguage":"en-US","@id":"https:\/\/www.szabadszinhaz.hu\/#\/schema\/logo\/image\/","url":"https:\/\/www.szabadszinhaz.hu\/wp-content\/uploads\/2025\/01\/images.jpg","contentUrl":"https:\/\/www.szabadszinhaz.hu\/wp-content\/uploads\/2025\/01\/images.jpg","width":178,"height":284,"caption":"Szabad Sz\u00ednh\u00e1z SZ\u00cdN-T\u00c9R Egyes\u00fclet"},"image":{"@id":"https:\/\/www.szabadszinhaz.hu\/#\/schema\/logo\/image\/"},"sameAs":["https:\/\/www.facebook.com\/szabadszinhaz"]}]}},"ticketed":false,"_links":{"self":[{"href":"https:\/\/www.szabadszinhaz.hu\/en\/wp-json\/wp\/v2\/pages\/5517","targetHints":{"allow":["GET"]}}],"collection":[{"href":"https:\/\/www.szabadszinhaz.hu\/en\/wp-json\/wp\/v2\/pages"}],"about":[{"href":"https:\/\/www.szabadszinhaz.hu\/en\/wp-json\/wp\/v2\/types\/page"}],"author":[{"embeddable":true,"href":"https:\/\/www.szabadszinhaz.hu\/en\/wp-json\/wp\/v2\/users\/2"}],"replies":[{"embeddable":true,"href":"https:\/\/www.szabadszinhaz.hu\/en\/wp-json\/wp\/v2\/comments?post=5517"}],"version-history":[{"count":5,"href":"https:\/\/www.szabadszinhaz.hu\/en\/wp-json\/wp\/v2\/pages\/5517\/revisions"}],"predecessor-version":[{"id":5879,"href":"https:\/\/www.szabadszinhaz.hu\/en\/wp-json\/wp\/v2\/pages\/5517\/revisions\/5879"}],"up":[{"embeddable":true,"href":"https:\/\/www.szabadszinhaz.hu\/en\/wp-json\/wp\/v2\/pages\/75"}],"wp:attachment":[{"href":"https:\/\/www.szabadszinhaz.hu\/en\/wp-json\/wp\/v2\/media?parent=5517"}],"curies":[{"name":"wp","href":"https:\/\/api.w.org\/{rel}","templated":true}]}}