{"id":4564,"date":"2022-02-20T09:12:37","date_gmt":"2022-02-20T08:12:37","guid":{"rendered":"http:\/\/www.szabszinhaz.hu\/?page_id=4564"},"modified":"2022-02-20T09:15:38","modified_gmt":"2022-02-20T08:15:38","slug":"okori-eskuvo","status":"publish","type":"page","link":"https:\/\/www.szabadszinhaz.hu\/en\/szabadteri-produkciok\/okori-eskuvo\/","title":{"rendered":"Ancient wedding ceremony"},"content":{"rendered":"<p>[et_pb_section fb_built=&#8221;1&#8243; _builder_version=&#8221;4.14.1&#8243; _module_preset=&#8221;default&#8221; background_color=&#8221;#fff1d0&#8243; global_colors_info=&#8221;{}&#8221;][et_pb_row _builder_version=&#8221;4.14.1&#8243; _module_preset=&#8221;default&#8221; global_colors_info=&#8221;{}&#8221;][et_pb_column type=&#8221;4_4&#8243; _builder_version=&#8221;4.14.1&#8243; _module_preset=&#8221;default&#8221; global_colors_info=&#8221;{}&#8221;][et_pb_text _builder_version=&#8221;4.14.4&#8243; _module_preset=&#8221;default&#8221; text_text_color=&#8221;#000000&#8243; text_font_size=&#8221;28px&#8221; hover_enabled=&#8221;0&#8243; global_colors_info=&#8221;{}&#8221; sticky_enabled=&#8221;0&#8243;]<\/p>\n<p><strong>\u00d3kori esk\u00fcv\u0151<\/strong><\/p>\n<p>[\/et_pb_text][\/et_pb_column][\/et_pb_row][et_pb_row _builder_version=&#8221;4.14.1&#8243; _module_preset=&#8221;default&#8221; custom_padding=&#8221;3px||0px|||&#8221; global_colors_info=&#8221;{}&#8221;][et_pb_column type=&#8221;4_4&#8243; _builder_version=&#8221;4.14.1&#8243; _module_preset=&#8221;default&#8221; global_colors_info=&#8221;{}&#8221;][et_pb_divider color=&#8221;#000000&#8243; divider_weight=&#8221;4px&#8221; _builder_version=&#8221;4.14.1&#8243; _module_preset=&#8221;default&#8221; custom_margin=&#8221;||-58px|||&#8221; global_colors_info=&#8221;{}&#8221;][\/et_pb_divider][\/et_pb_column][\/et_pb_row][et_pb_row _builder_version=&#8221;4.14.1&#8243; _module_preset=&#8221;default&#8221; custom_margin=&#8221;22px|auto||auto||&#8221; custom_padding=&#8221;3px|||||&#8221; global_colors_info=&#8221;{}&#8221;][et_pb_column type=&#8221;4_4&#8243; _builder_version=&#8221;4.14.1&#8243; _module_preset=&#8221;default&#8221; global_colors_info=&#8221;{}&#8221;][et_pb_text _builder_version=&#8221;4.14.4&#8243; _module_preset=&#8221;default&#8221; text_text_color=&#8221;#000000&#8243; text_font_size=&#8221;17px&#8221; text_orientation=&#8221;justified&#8221; hover_enabled=&#8221;0&#8243; global_colors_info=&#8221;{}&#8221; sticky_enabled=&#8221;0&#8243;]<\/p>\n<p>A r\u00f3mai ember \u00e9let\u00e9nek egyik fontos esem\u00e9nye volt a h\u00e1zass\u00e1gk\u00f6t\u00e9s, melynek t\u00e1rsadalmi kihat\u00e1sai is voltak. Az apa ez\u00e9rt gyakran maga v\u00e1lasztotta j\u00f6vend\u0151beli meny\u00e9t, vagy vej\u00e9t. A h\u00e1zass\u00e1gk\u00f6t\u00e9s, \u2013 melyet sokszor hossz\u00fa jegyess\u00e9g el\u0151z\u00f6tt meg -, als\u00f3 korhat\u00e1ra a l\u00e1nyokn\u00e1l 12, a fi\u00fakn\u00e1l 14 \u00e9v volt A j\u00f6vend\u0151beli h\u00e1zasp\u00e1rt gyakran m\u00e1r gyermekkorban eljegyezt\u00e9k a sz\u00fcl\u0151k, az ap\u00e1k tan\u00fak jelenl\u00e9t\u00e9ben v\u00e1llaltak k\u00f6telezetts\u00e9get, hogy gyermekeiket \u00f6sszeh\u00e1zas\u00edtj\u00e1k. Sok esetben jegyaj\u00e1nd\u00e9k ad\u00e1s\u00e1ra is sor ker\u00fclt. Ha k\u00e9s\u0151bb valamilyen okn\u00e1l fogva nem j\u00f6tt l\u00e9tre a h\u00e1zass\u00e1g, az aj\u00e1nd\u00e9kot vissza kellett adni. Az esk\u00fcv\u0151 napj\u00e1t is nagy k\u00f6r\u00fcltekint\u00e9ssel v\u00e1lasztott\u00e1k ki, a hagyom\u00e1ny szerint, figyelembe v\u00e9ve a j\u00f3 el\u0151jeleket, a legkedvez\u0151bb id\u0151pontot v\u00e1lasztott\u00e1k ki, \u2013 egyes antik \u00edr\u00f3k j\u00fanius v\u00e9g\u00e9t tartj\u00e1k a n\u00e1sz legjobb id\u0151pontj\u00e1nak. Erre az alkalomra \u00f6sszegy\u0171ltek a csal\u00e1d tagjai \u00e9s azok bar\u00e1tai.<br \/>A menyasszonyt m\u00e1r el\u0151z\u0151 este fel\u00f6lt\u00f6ztett\u00e9k d\u00edszes tunic\u00e1ba, aki ezen az est\u00e9n m\u00e9g elb\u00facs\u00fazik gyermekkori j\u00e1t\u00e9kait\u00f3l \u2013 larj\u00e1nak, vagyis h\u00e1zi isten\u00e9nek gondjaira b\u00edzza \u0151ket\u2026<\/p>\n<p>[\/et_pb_text][\/et_pb_column][\/et_pb_row][et_pb_row _builder_version=&#8221;4.14.1&#8243; _module_preset=&#8221;default&#8221; global_colors_info=&#8221;{}&#8221;][et_pb_column type=&#8221;4_4&#8243; _builder_version=&#8221;4.14.1&#8243; _module_preset=&#8221;default&#8221; global_colors_info=&#8221;{}&#8221;][et_pb_gallery gallery_ids=&#8221;4568,4569,4570,4571,4572,4573,4574,4575,4576&#8243; posts_number=&#8221;12&#8243; show_title_and_caption=&#8221;off&#8221; _builder_version=&#8221;4.14.4&#8243; _module_preset=&#8221;default&#8221; hover_enabled=&#8221;0&#8243; global_colors_info=&#8221;{}&#8221; sticky_enabled=&#8221;0&#8243;][\/et_pb_gallery][\/et_pb_column][\/et_pb_row][\/et_pb_section]<\/p>\n","protected":false},"excerpt":{"rendered":"<p>\u00d3kori esk\u00fcv\u0151A r\u00f3mai ember \u00e9let\u00e9nek egyik fontos esem\u00e9nye volt a h\u00e1zass\u00e1gk\u00f6t\u00e9s, melynek t\u00e1rsadalmi kihat\u00e1sai is voltak. Az apa ez\u00e9rt gyakran maga v\u00e1lasztotta j\u00f6vend\u0151beli meny\u00e9t, vagy vej\u00e9t. A h\u00e1zass\u00e1gk\u00f6t\u00e9s, \u2013 melyet [&hellip;]<\/p>\n","protected":false},"author":2,"featured_media":0,"parent":78,"menu_order":0,"comment_status":"closed","ping_status":"closed","template":"","meta":{"_et_pb_use_builder":"on","_et_pb_old_content":"","_et_gb_content_width":"","_price":"","_stock":"","_tribe_ticket_header":"","_tribe_default_ticket_provider":"","_ticket_start_date":"","_ticket_end_date":"","_tribe_ticket_show_description":"","_tribe_ticket_show_not_going":false,"_tribe_ticket_use_global_stock":"","_tribe_ticket_global_stock_level":"","_global_stock_mode":"","_global_stock_cap":"","_tribe_rsvp_for_event":"","_tribe_ticket_going_count":"","_tribe_ticket_not_going_count":"","_tribe_tickets_list":"[]","_tribe_ticket_has_attendee_info_fields":false,"footnotes":"","_tec_slr_enabled":"","_tec_slr_layout":""},"class_list":["post-4564","page","type-page","status-publish","hentry"],"yoast_head":"<!-- This site is optimized with the Yoast SEO plugin v25.0 - https:\/\/yoast.com\/wordpress\/plugins\/seo\/ -->\n<title>\u00d3kori esk\u00fcv\u0151 - Szabad Sz\u00ednh\u00e1z<\/title>\n<meta name=\"robots\" content=\"index, follow, max-snippet:-1, max-image-preview:large, max-video-preview:-1\" \/>\n<link rel=\"canonical\" href=\"https:\/\/www.szabadszinhaz.hu\/en\/szabadteri-produkciok\/okori-eskuvo\/\" \/>\n<meta property=\"og:locale\" content=\"en_US\" \/>\n<meta property=\"og:type\" content=\"article\" \/>\n<meta property=\"og:title\" content=\"\u00d3kori esk\u00fcv\u0151 - Szabad Sz\u00ednh\u00e1z\" \/>\n<meta property=\"og:description\" content=\"\u00d3kori esk\u00fcv\u0151A r\u00f3mai ember \u00e9let\u00e9nek egyik fontos esem\u00e9nye volt a h\u00e1zass\u00e1gk\u00f6t\u00e9s, melynek t\u00e1rsadalmi kihat\u00e1sai is voltak. Az apa ez\u00e9rt gyakran maga v\u00e1lasztotta j\u00f6vend\u0151beli meny\u00e9t, vagy vej\u00e9t. A h\u00e1zass\u00e1gk\u00f6t\u00e9s, \u2013 melyet [&hellip;]\" \/>\n<meta property=\"og:url\" content=\"https:\/\/www.szabadszinhaz.hu\/en\/szabadteri-produkciok\/okori-eskuvo\/\" \/>\n<meta property=\"og:site_name\" content=\"Szabad Sz\u00ednh\u00e1z\" \/>\n<meta property=\"article:publisher\" content=\"https:\/\/www.facebook.com\/szabadszinhaz\" \/>\n<meta property=\"article:modified_time\" content=\"2022-02-20T08:15:38+00:00\" \/>\n<meta name=\"twitter:card\" content=\"summary_large_image\" \/>\n<meta name=\"twitter:label1\" content=\"Est. reading time\" \/>\n\t<meta name=\"twitter:data1\" content=\"3 minutes\" \/>\n<script type=\"application\/ld+json\" class=\"yoast-schema-graph\">{\"@context\":\"https:\/\/schema.org\",\"@graph\":[{\"@type\":\"WebPage\",\"@id\":\"https:\/\/www.szabadszinhaz.hu\/szabadteri-produkciok\/okori-eskuvo\/\",\"url\":\"https:\/\/www.szabadszinhaz.hu\/szabadteri-produkciok\/okori-eskuvo\/\",\"name\":\"\u00d3kori esk\u00fcv\u0151 - Szabad Sz\u00ednh\u00e1z\",\"isPartOf\":{\"@id\":\"https:\/\/www.szabadszinhaz.hu\/#website\"},\"datePublished\":\"2022-02-20T08:12:37+00:00\",\"dateModified\":\"2022-02-20T08:15:38+00:00\",\"breadcrumb\":{\"@id\":\"https:\/\/www.szabadszinhaz.hu\/szabadteri-produkciok\/okori-eskuvo\/#breadcrumb\"},\"inLanguage\":\"en-US\",\"potentialAction\":[{\"@type\":\"ReadAction\",\"target\":[\"https:\/\/www.szabadszinhaz.hu\/szabadteri-produkciok\/okori-eskuvo\/\"]}]},{\"@type\":\"BreadcrumbList\",\"@id\":\"https:\/\/www.szabadszinhaz.hu\/szabadteri-produkciok\/okori-eskuvo\/#breadcrumb\",\"itemListElement\":[{\"@type\":\"ListItem\",\"position\":1,\"name\":\"Kezd\u0151lap\",\"item\":\"https:\/\/www.szabadszinhaz.hu\/\"},{\"@type\":\"ListItem\",\"position\":2,\"name\":\"Szabadt\u00e9ri produkci\u00f3k\",\"item\":\"https:\/\/www.szabadszinhaz.hu\/szabadteri-produkciok\/\"},{\"@type\":\"ListItem\",\"position\":3,\"name\":\"\u00d3kori esk\u00fcv\u0151\"}]},{\"@type\":\"WebSite\",\"@id\":\"https:\/\/www.szabadszinhaz.hu\/#website\",\"url\":\"https:\/\/www.szabadszinhaz.hu\/\",\"name\":\"Szabad Sz\u00ednh\u00e1z\",\"description\":\"Szabad Sz\u00ednh\u00e1z\",\"publisher\":{\"@id\":\"https:\/\/www.szabadszinhaz.hu\/#organization\"},\"potentialAction\":[{\"@type\":\"SearchAction\",\"target\":{\"@type\":\"EntryPoint\",\"urlTemplate\":\"https:\/\/www.szabadszinhaz.hu\/?s={search_term_string}\"},\"query-input\":{\"@type\":\"PropertyValueSpecification\",\"valueRequired\":true,\"valueName\":\"search_term_string\"}}],\"inLanguage\":\"en-US\"},{\"@type\":\"Organization\",\"@id\":\"https:\/\/www.szabadszinhaz.hu\/#organization\",\"name\":\"Szabad Sz\u00ednh\u00e1z SZ\u00cdN-T\u00c9R Egyes\u00fclet\",\"url\":\"https:\/\/www.szabadszinhaz.hu\/\",\"logo\":{\"@type\":\"ImageObject\",\"inLanguage\":\"en-US\",\"@id\":\"https:\/\/www.szabadszinhaz.hu\/#\/schema\/logo\/image\/\",\"url\":\"https:\/\/www.szabadszinhaz.hu\/wp-content\/uploads\/2025\/01\/images.jpg\",\"contentUrl\":\"https:\/\/www.szabadszinhaz.hu\/wp-content\/uploads\/2025\/01\/images.jpg\",\"width\":178,\"height\":284,\"caption\":\"Szabad Sz\u00ednh\u00e1z SZ\u00cdN-T\u00c9R Egyes\u00fclet\"},\"image\":{\"@id\":\"https:\/\/www.szabadszinhaz.hu\/#\/schema\/logo\/image\/\"},\"sameAs\":[\"https:\/\/www.facebook.com\/szabadszinhaz\"]}]}<\/script>\n<!-- \/ Yoast SEO plugin. -->","yoast_head_json":{"title":"\u00d3kori esk\u00fcv\u0151 - Szabad Sz\u00ednh\u00e1z","robots":{"index":"index","follow":"follow","max-snippet":"max-snippet:-1","max-image-preview":"max-image-preview:large","max-video-preview":"max-video-preview:-1"},"canonical":"https:\/\/www.szabadszinhaz.hu\/en\/szabadteri-produkciok\/okori-eskuvo\/","og_locale":"en_US","og_type":"article","og_title":"\u00d3kori esk\u00fcv\u0151 - Szabad Sz\u00ednh\u00e1z","og_description":"\u00d3kori esk\u00fcv\u0151A r\u00f3mai ember \u00e9let\u00e9nek egyik fontos esem\u00e9nye volt a h\u00e1zass\u00e1gk\u00f6t\u00e9s, melynek t\u00e1rsadalmi kihat\u00e1sai is voltak. Az apa ez\u00e9rt gyakran maga v\u00e1lasztotta j\u00f6vend\u0151beli meny\u00e9t, vagy vej\u00e9t. A h\u00e1zass\u00e1gk\u00f6t\u00e9s, \u2013 melyet [&hellip;]","og_url":"https:\/\/www.szabadszinhaz.hu\/en\/szabadteri-produkciok\/okori-eskuvo\/","og_site_name":"Szabad Sz\u00ednh\u00e1z","article_publisher":"https:\/\/www.facebook.com\/szabadszinhaz","article_modified_time":"2022-02-20T08:15:38+00:00","twitter_card":"summary_large_image","twitter_misc":{"Est. reading time":"3 minutes"},"schema":{"@context":"https:\/\/schema.org","@graph":[{"@type":"WebPage","@id":"https:\/\/www.szabadszinhaz.hu\/szabadteri-produkciok\/okori-eskuvo\/","url":"https:\/\/www.szabadszinhaz.hu\/szabadteri-produkciok\/okori-eskuvo\/","name":"\u00d3kori esk\u00fcv\u0151 - Szabad Sz\u00ednh\u00e1z","isPartOf":{"@id":"https:\/\/www.szabadszinhaz.hu\/#website"},"datePublished":"2022-02-20T08:12:37+00:00","dateModified":"2022-02-20T08:15:38+00:00","breadcrumb":{"@id":"https:\/\/www.szabadszinhaz.hu\/szabadteri-produkciok\/okori-eskuvo\/#breadcrumb"},"inLanguage":"en-US","potentialAction":[{"@type":"ReadAction","target":["https:\/\/www.szabadszinhaz.hu\/szabadteri-produkciok\/okori-eskuvo\/"]}]},{"@type":"BreadcrumbList","@id":"https:\/\/www.szabadszinhaz.hu\/szabadteri-produkciok\/okori-eskuvo\/#breadcrumb","itemListElement":[{"@type":"ListItem","position":1,"name":"Kezd\u0151lap","item":"https:\/\/www.szabadszinhaz.hu\/"},{"@type":"ListItem","position":2,"name":"Szabadt\u00e9ri produkci\u00f3k","item":"https:\/\/www.szabadszinhaz.hu\/szabadteri-produkciok\/"},{"@type":"ListItem","position":3,"name":"\u00d3kori esk\u00fcv\u0151"}]},{"@type":"WebSite","@id":"https:\/\/www.szabadszinhaz.hu\/#website","url":"https:\/\/www.szabadszinhaz.hu\/","name":"Free Theatre - Szabad Sz\u00ednh\u00e1z","description":"Free Theatre - Szabad Sz\u00ednh\u00e1z","publisher":{"@id":"https:\/\/www.szabadszinhaz.hu\/#organization"},"potentialAction":[{"@type":"SearchAction","target":{"@type":"EntryPoint","urlTemplate":"https:\/\/www.szabadszinhaz.hu\/?s={search_term_string}"},"query-input":{"@type":"PropertyValueSpecification","valueRequired":true,"valueName":"search_term_string"}}],"inLanguage":"en-US"},{"@type":"Organization","@id":"https:\/\/www.szabadszinhaz.hu\/#organization","name":"Szabad Sz\u00ednh\u00e1z SZ\u00cdN-T\u00c9R Egyes\u00fclet","url":"https:\/\/www.szabadszinhaz.hu\/","logo":{"@type":"ImageObject","inLanguage":"en-US","@id":"https:\/\/www.szabadszinhaz.hu\/#\/schema\/logo\/image\/","url":"https:\/\/www.szabadszinhaz.hu\/wp-content\/uploads\/2025\/01\/images.jpg","contentUrl":"https:\/\/www.szabadszinhaz.hu\/wp-content\/uploads\/2025\/01\/images.jpg","width":178,"height":284,"caption":"Szabad Sz\u00ednh\u00e1z SZ\u00cdN-T\u00c9R Egyes\u00fclet"},"image":{"@id":"https:\/\/www.szabadszinhaz.hu\/#\/schema\/logo\/image\/"},"sameAs":["https:\/\/www.facebook.com\/szabadszinhaz"]}]}},"ticketed":false,"_links":{"self":[{"href":"https:\/\/www.szabadszinhaz.hu\/en\/wp-json\/wp\/v2\/pages\/4564","targetHints":{"allow":["GET"]}}],"collection":[{"href":"https:\/\/www.szabadszinhaz.hu\/en\/wp-json\/wp\/v2\/pages"}],"about":[{"href":"https:\/\/www.szabadszinhaz.hu\/en\/wp-json\/wp\/v2\/types\/page"}],"author":[{"embeddable":true,"href":"https:\/\/www.szabadszinhaz.hu\/en\/wp-json\/wp\/v2\/users\/2"}],"replies":[{"embeddable":true,"href":"https:\/\/www.szabadszinhaz.hu\/en\/wp-json\/wp\/v2\/comments?post=4564"}],"version-history":[{"count":3,"href":"https:\/\/www.szabadszinhaz.hu\/en\/wp-json\/wp\/v2\/pages\/4564\/revisions"}],"predecessor-version":[{"id":4577,"href":"https:\/\/www.szabadszinhaz.hu\/en\/wp-json\/wp\/v2\/pages\/4564\/revisions\/4577"}],"up":[{"embeddable":true,"href":"https:\/\/www.szabadszinhaz.hu\/en\/wp-json\/wp\/v2\/pages\/78"}],"wp:attachment":[{"href":"https:\/\/www.szabadszinhaz.hu\/en\/wp-json\/wp\/v2\/media?parent=4564"}],"curies":[{"name":"wp","href":"https:\/\/api.w.org\/{rel}","templated":true}]}}