{"id":4349,"date":"2022-02-13T13:23:09","date_gmt":"2022-02-13T12:23:09","guid":{"rendered":"http:\/\/www.szabszinhaz.hu\/?page_id=4349"},"modified":"2022-02-13T13:24:58","modified_gmt":"2022-02-13T12:24:58","slug":"tankred-dorst-vigyazat-szakadek-2","status":"publish","type":"page","link":"https:\/\/www.szabadszinhaz.hu\/en\/szinhazi-eloadasok\/tankred-dorst-vigyazat-szakadek-2\/","title":{"rendered":"Tankred Dorst: Vigy\u00e1zat szakad\u00e9k!"},"content":{"rendered":"<p>[et_pb_section fb_built=&#8221;1&#8243; _builder_version=&#8221;4.14.1&#8243; _module_preset=&#8221;default&#8221; background_color=&#8221;#fff1d0&#8243; global_colors_info=&#8221;{}&#8221;][et_pb_row _builder_version=&#8221;4.14.1&#8243; _module_preset=&#8221;default&#8221; global_colors_info=&#8221;{}&#8221;][et_pb_column type=&#8221;4_4&#8243; _builder_version=&#8221;4.14.1&#8243; _module_preset=&#8221;default&#8221; global_colors_info=&#8221;{}&#8221;][et_pb_text _builder_version=&#8221;4.14.4&#8243; _module_preset=&#8221;default&#8221; text_text_color=&#8221;#000000&#8243; text_font_size=&#8221;28px&#8221; hover_enabled=&#8221;0&#8243; global_colors_info=&#8221;{}&#8221; sticky_enabled=&#8221;0&#8243;]<\/p>\n<p><strong>Tankred Dorst: Vigy\u00e1zat szakad\u00e9k!<\/strong><\/p>\n<p>[\/et_pb_text][\/et_pb_column][\/et_pb_row][et_pb_row _builder_version=&#8221;4.14.1&#8243; _module_preset=&#8221;default&#8221; custom_padding=&#8221;3px||0px|||&#8221; global_colors_info=&#8221;{}&#8221;][et_pb_column type=&#8221;4_4&#8243; _builder_version=&#8221;4.14.1&#8243; _module_preset=&#8221;default&#8221; global_colors_info=&#8221;{}&#8221;][et_pb_divider color=&#8221;#000000&#8243; divider_weight=&#8221;4px&#8221; _builder_version=&#8221;4.14.1&#8243; _module_preset=&#8221;default&#8221; custom_margin=&#8221;||-58px|||&#8221; global_colors_info=&#8221;{}&#8221;][\/et_pb_divider][\/et_pb_column][\/et_pb_row][et_pb_row _builder_version=&#8221;4.14.4&#8243; _module_preset=&#8221;default&#8221; custom_margin=&#8221;|auto|-36px|auto||&#8221; custom_padding=&#8221;||0px|||&#8221; global_colors_info=&#8221;{}&#8221;][et_pb_column type=&#8221;4_4&#8243; _builder_version=&#8221;4.14.1&#8243; _module_preset=&#8221;default&#8221; global_colors_info=&#8221;{}&#8221;][et_pb_text _builder_version=&#8221;4.14.4&#8243; _module_preset=&#8221;default&#8221; text_text_color=&#8221;#000000&#8243; text_font_size=&#8221;17px&#8221; text_line_height=&#8221;1.6em&#8221; text_orientation=&#8221;center&#8221; custom_padding=&#8221;0px|||||&#8221; hover_enabled=&#8221;0&#8243; global_colors_info=&#8221;{}&#8221; sticky_enabled=&#8221;0&#8243;]<\/p>\n<p style=\"text-align: left;\"><strong>Tankred Dorst: Vigy\u00e1zat szakad\u00e9k! (r: Somogyi Tibor 1985)<\/strong><\/p>\n<p style=\"text-align: left;\">A hegyoldalban a szakad\u00e9k petem\u00e9n \u00e9les kanyar. A figyelmeztet\u0151 t\u00e1bla m\u00e1r r\u00e9g<br \/>\u201eelt\u0171nt\u201d.<br \/>A hegy t\u00f6v\u00e9ben a vil\u00e1gt\u00f3l t\u00e1vol \u00e9l\u0151 Anton \u00e9s Rudolf szinte minden nap v\u00e9gig\u00e9li ,<br \/>ahogyan egy-egy g\u00e9pkocsi a m\u00e9lybe zuhan, \u00e9s vezet\u0151je utasaival sz\u00f6rnyet hal. M\u00e1r t\u00f6bbsz\u00f6r is<br \/>levelet \u00edrtak az illet\u00e9kes miniszt\u00e9rium oszt\u00e1lyvezet\u0151j\u00e9nek Kriegbaum \u00farnak, de a hivatal<br \/>lass\u00fas\u00e1ga miatt \u00e9vek \u00f3ta nem t\u00f6rt\u00e9nt semmi. A hegy t\u00f6v\u00e9ben p\u00e1r s\u00edrhantos temet\u0151cske l\u00e1that\u00f3,<br \/>n\u00e9melyiken friss vir\u00e1gokkal. Mindenesetre a fi\u00fak gondosan eltemetik az \u00e1ldozatokat , Anton a<br \/>k\u00f6lt\u0151i l\u00e9lek m\u00e9g temet\u00e9si besz\u00e9deket is \u00edr a p\u00f3rul j\u00e1rt emberekhez. Az \u00e1ldozatok \u00e9rt\u00e9kei<br \/>valamint az aut\u00f3k haszn\u00e1lhat\u00f3 alkatr\u00e9szei j\u00f3 meg\u00e9lhet\u00e9st biztos\u00edtanak a fiuknak.<br \/>Egy nap azt\u00e1n egy gy\u00f6ny\u00f6r\u0171 luxusaut\u00f3 zuhan a szakad\u00e9kba. Vezet\u0151je nem m\u00e1s mint<br \/>Kriegbaum \u00far a miniszt\u00e9riumi oszt\u00e1lyvezet\u0151. \u0150 azonban szerencs\u00e9re ( sajnos? ) s\u00e9r\u00fcl\u00e9s n\u00e9lk\u00fcl<br \/>meg\u00fassza a zuhan\u00e1st. Am\u00edg \u00e1jultan hever a besz\u00e9d term\u00e9szetesen elk\u00e9sz\u00fcl. A k\u00f6zben<br \/>mag\u00e1hoz t\u00e9r\u0151 Kriegbaum \u00farnak rendk\u00edv\u00fcl tetszik az \u0151t magasztal\u00f3 besz\u00e9d, csak lassan kezdi<br \/>meg\u00e9rteni, hogy val\u00f3j\u00e1ban mir\u0151l is van sz\u00f3. A fi\u00faknak ez\u00fattal nem el\u00e9g a besz\u00e9det meg\u00edrni, a<br \/>temet\u00e9st int\u00e9zni \u00e9s a g\u00e9pkocsi alkatr\u00e9szeit leszerelni. Kriegbaum \u00far hi\u00e1ba \u00edg\u00e9r meg mindent az<br \/>\u00fatjav\u00edt\u00e1ssal kapcsolatban \u2013 \u00faj burkolat , felez\u0151 vonal , macskaszemek a korl\u00e1ton,<br \/>neonvil\u00e1g\u00edt\u00e1s , \u201e vigy\u00e1zz szakad\u00e9k\u201d t\u00e1bla- v\u00e9g\u00fcl is a saj\u00e1t bicsk\u00e1j\u00e1val int\u00e9zik el azt , amit a<br \/>szakad\u00e9k ez\u00fattal elmulasztott.<br \/>\u00c9s az \u201e\u00e9let\u201d megy tov\u00e1bb\u2026.<\/p>\n<p style=\"text-align: left;\"><strong>Szerepl\u0151k:<\/strong><\/p>\n<p style=\"text-align: left;\"><strong>F. Horv\u00e1th Gyula<\/strong><\/p>\n<p style=\"text-align: left;\"><strong>G\u00e9r\u00f3 G\u00e1bor<\/strong><\/p>\n<p style=\"text-align: left;\"><strong>Kov\u00e1cs Szil\u00e1rd<\/strong><\/p>\n<p>[\/et_pb_text][\/et_pb_column][\/et_pb_row][et_pb_row _builder_version=&#8221;4.14.4&#8243; _module_preset=&#8221;default&#8221; custom_padding=&#8221;85px|||||&#8221; global_colors_info=&#8221;{}&#8221;][et_pb_column type=&#8221;4_4&#8243; _builder_version=&#8221;4.14.4&#8243; _module_preset=&#8221;default&#8221; global_colors_info=&#8221;{}&#8221;][et_pb_image src=&#8221;\/wp-content\/uploads\/2022\/02\/szakadek2.jpg-nggid041461-ngg0dyn-550x0x100-00f0w010c010r110f110r010t010.jpg&#8221; _builder_version=&#8221;4.14.4&#8243; _module_preset=&#8221;default&#8221; title_text=&#8221;szakadek2.jpg-nggid041461-ngg0dyn-550x0x100-00f0w010c010r110f110r010t010&#8243; align=&#8221;center&#8221; hover_enabled=&#8221;0&#8243; sticky_enabled=&#8221;0&#8243;][\/et_pb_image][\/et_pb_column][\/et_pb_row][\/et_pb_section]<\/p>\n","protected":false},"excerpt":{"rendered":"<p>Tankred Dorst: Vigy\u00e1zat szakad\u00e9k!Tankred Dorst: Vigy\u00e1zat szakad\u00e9k! (r: Somogyi Tibor 1985) A hegyoldalban a szakad\u00e9k petem\u00e9n \u00e9les kanyar. A figyelmeztet\u0151 t\u00e1bla m\u00e1r r\u00e9g\u201eelt\u0171nt\u201d.A hegy t\u00f6v\u00e9ben a vil\u00e1gt\u00f3l t\u00e1vol \u00e9l\u0151 Anton [&hellip;]<\/p>\n","protected":false},"author":2,"featured_media":0,"parent":75,"menu_order":0,"comment_status":"closed","ping_status":"closed","template":"","meta":{"_et_pb_use_builder":"on","_et_pb_old_content":"","_et_gb_content_width":"","_price":"","_stock":"","_tribe_ticket_header":"","_tribe_default_ticket_provider":"","_ticket_start_date":"","_ticket_end_date":"","_tribe_ticket_show_description":"","_tribe_ticket_show_not_going":false,"_tribe_ticket_use_global_stock":"","_tribe_ticket_global_stock_level":"","_global_stock_mode":"","_global_stock_cap":"","_tribe_rsvp_for_event":"","_tribe_ticket_going_count":"","_tribe_ticket_not_going_count":"","_tribe_tickets_list":"[]","_tribe_ticket_has_attendee_info_fields":false,"footnotes":"","_tec_slr_enabled":"","_tec_slr_layout":""},"class_list":["post-4349","page","type-page","status-publish","hentry"],"yoast_head":"<!-- This site is optimized with the Yoast SEO plugin v25.0 - https:\/\/yoast.com\/wordpress\/plugins\/seo\/ -->\n<title>Tankred Dorst: Vigy\u00e1zat szakad\u00e9k! - Szabad Sz\u00ednh\u00e1z<\/title>\n<meta name=\"robots\" content=\"index, follow, max-snippet:-1, max-image-preview:large, max-video-preview:-1\" \/>\n<link rel=\"canonical\" href=\"https:\/\/www.szabadszinhaz.hu\/en\/szinhazi-eloadasok\/tankred-dorst-vigyazat-szakadek-2\/\" \/>\n<meta property=\"og:locale\" content=\"en_US\" \/>\n<meta property=\"og:type\" content=\"article\" \/>\n<meta property=\"og:title\" content=\"Tankred Dorst: Vigy\u00e1zat szakad\u00e9k! - Szabad Sz\u00ednh\u00e1z\" \/>\n<meta property=\"og:description\" content=\"Tankred Dorst: Vigy\u00e1zat szakad\u00e9k!Tankred Dorst: Vigy\u00e1zat szakad\u00e9k! (r: Somogyi Tibor 1985) A hegyoldalban a szakad\u00e9k petem\u00e9n \u00e9les kanyar. A figyelmeztet\u0151 t\u00e1bla m\u00e1r r\u00e9g\u201eelt\u0171nt\u201d.A hegy t\u00f6v\u00e9ben a vil\u00e1gt\u00f3l t\u00e1vol \u00e9l\u0151 Anton [&hellip;]\" \/>\n<meta property=\"og:url\" content=\"https:\/\/www.szabadszinhaz.hu\/en\/szinhazi-eloadasok\/tankred-dorst-vigyazat-szakadek-2\/\" \/>\n<meta property=\"og:site_name\" content=\"Szabad Sz\u00ednh\u00e1z\" \/>\n<meta property=\"article:publisher\" content=\"https:\/\/www.facebook.com\/szabadszinhaz\" \/>\n<meta property=\"article:modified_time\" content=\"2022-02-13T12:24:58+00:00\" \/>\n<meta name=\"twitter:card\" content=\"summary_large_image\" \/>\n<meta name=\"twitter:label1\" content=\"Est. reading time\" \/>\n\t<meta name=\"twitter:data1\" content=\"3 minutes\" \/>\n<script type=\"application\/ld+json\" class=\"yoast-schema-graph\">{\"@context\":\"https:\/\/schema.org\",\"@graph\":[{\"@type\":\"WebPage\",\"@id\":\"https:\/\/www.szabadszinhaz.hu\/szinhazi-eloadasok\/tankred-dorst-vigyazat-szakadek-2\/\",\"url\":\"https:\/\/www.szabadszinhaz.hu\/szinhazi-eloadasok\/tankred-dorst-vigyazat-szakadek-2\/\",\"name\":\"Tankred Dorst: Vigy\u00e1zat szakad\u00e9k! - Szabad Sz\u00ednh\u00e1z\",\"isPartOf\":{\"@id\":\"https:\/\/www.szabadszinhaz.hu\/#website\"},\"datePublished\":\"2022-02-13T12:23:09+00:00\",\"dateModified\":\"2022-02-13T12:24:58+00:00\",\"breadcrumb\":{\"@id\":\"https:\/\/www.szabadszinhaz.hu\/szinhazi-eloadasok\/tankred-dorst-vigyazat-szakadek-2\/#breadcrumb\"},\"inLanguage\":\"en-US\",\"potentialAction\":[{\"@type\":\"ReadAction\",\"target\":[\"https:\/\/www.szabadszinhaz.hu\/szinhazi-eloadasok\/tankred-dorst-vigyazat-szakadek-2\/\"]}]},{\"@type\":\"BreadcrumbList\",\"@id\":\"https:\/\/www.szabadszinhaz.hu\/szinhazi-eloadasok\/tankred-dorst-vigyazat-szakadek-2\/#breadcrumb\",\"itemListElement\":[{\"@type\":\"ListItem\",\"position\":1,\"name\":\"Kezd\u0151lap\",\"item\":\"https:\/\/www.szabadszinhaz.hu\/\"},{\"@type\":\"ListItem\",\"position\":2,\"name\":\"Sz\u00ednh\u00e1zi el\u0151ad\u00e1sok &#8211;\",\"item\":\"https:\/\/www.szabadszinhaz.hu\/szinhazi-eloadasok\/\"},{\"@type\":\"ListItem\",\"position\":3,\"name\":\"Tankred Dorst: Vigy\u00e1zat szakad\u00e9k!\"}]},{\"@type\":\"WebSite\",\"@id\":\"https:\/\/www.szabadszinhaz.hu\/#website\",\"url\":\"https:\/\/www.szabadszinhaz.hu\/\",\"name\":\"Szabad Sz\u00ednh\u00e1z\",\"description\":\"Szabad Sz\u00ednh\u00e1z\",\"publisher\":{\"@id\":\"https:\/\/www.szabadszinhaz.hu\/#organization\"},\"potentialAction\":[{\"@type\":\"SearchAction\",\"target\":{\"@type\":\"EntryPoint\",\"urlTemplate\":\"https:\/\/www.szabadszinhaz.hu\/?s={search_term_string}\"},\"query-input\":{\"@type\":\"PropertyValueSpecification\",\"valueRequired\":true,\"valueName\":\"search_term_string\"}}],\"inLanguage\":\"en-US\"},{\"@type\":\"Organization\",\"@id\":\"https:\/\/www.szabadszinhaz.hu\/#organization\",\"name\":\"Szabad Sz\u00ednh\u00e1z SZ\u00cdN-T\u00c9R Egyes\u00fclet\",\"url\":\"https:\/\/www.szabadszinhaz.hu\/\",\"logo\":{\"@type\":\"ImageObject\",\"inLanguage\":\"en-US\",\"@id\":\"https:\/\/www.szabadszinhaz.hu\/#\/schema\/logo\/image\/\",\"url\":\"https:\/\/www.szabadszinhaz.hu\/wp-content\/uploads\/2025\/01\/images.jpg\",\"contentUrl\":\"https:\/\/www.szabadszinhaz.hu\/wp-content\/uploads\/2025\/01\/images.jpg\",\"width\":178,\"height\":284,\"caption\":\"Szabad Sz\u00ednh\u00e1z SZ\u00cdN-T\u00c9R Egyes\u00fclet\"},\"image\":{\"@id\":\"https:\/\/www.szabadszinhaz.hu\/#\/schema\/logo\/image\/\"},\"sameAs\":[\"https:\/\/www.facebook.com\/szabadszinhaz\"]}]}<\/script>\n<!-- \/ Yoast SEO plugin. -->","yoast_head_json":{"title":"Tankred Dorst: Vigy\u00e1zat szakad\u00e9k! - Szabad Sz\u00ednh\u00e1z","robots":{"index":"index","follow":"follow","max-snippet":"max-snippet:-1","max-image-preview":"max-image-preview:large","max-video-preview":"max-video-preview:-1"},"canonical":"https:\/\/www.szabadszinhaz.hu\/en\/szinhazi-eloadasok\/tankred-dorst-vigyazat-szakadek-2\/","og_locale":"en_US","og_type":"article","og_title":"Tankred Dorst: Vigy\u00e1zat szakad\u00e9k! - Szabad Sz\u00ednh\u00e1z","og_description":"Tankred Dorst: Vigy\u00e1zat szakad\u00e9k!Tankred Dorst: Vigy\u00e1zat szakad\u00e9k! (r: Somogyi Tibor 1985) A hegyoldalban a szakad\u00e9k petem\u00e9n \u00e9les kanyar. A figyelmeztet\u0151 t\u00e1bla m\u00e1r r\u00e9g\u201eelt\u0171nt\u201d.A hegy t\u00f6v\u00e9ben a vil\u00e1gt\u00f3l t\u00e1vol \u00e9l\u0151 Anton [&hellip;]","og_url":"https:\/\/www.szabadszinhaz.hu\/en\/szinhazi-eloadasok\/tankred-dorst-vigyazat-szakadek-2\/","og_site_name":"Szabad Sz\u00ednh\u00e1z","article_publisher":"https:\/\/www.facebook.com\/szabadszinhaz","article_modified_time":"2022-02-13T12:24:58+00:00","twitter_card":"summary_large_image","twitter_misc":{"Est. reading time":"3 minutes"},"schema":{"@context":"https:\/\/schema.org","@graph":[{"@type":"WebPage","@id":"https:\/\/www.szabadszinhaz.hu\/szinhazi-eloadasok\/tankred-dorst-vigyazat-szakadek-2\/","url":"https:\/\/www.szabadszinhaz.hu\/szinhazi-eloadasok\/tankred-dorst-vigyazat-szakadek-2\/","name":"Tankred Dorst: Vigy\u00e1zat szakad\u00e9k! - Szabad Sz\u00ednh\u00e1z","isPartOf":{"@id":"https:\/\/www.szabadszinhaz.hu\/#website"},"datePublished":"2022-02-13T12:23:09+00:00","dateModified":"2022-02-13T12:24:58+00:00","breadcrumb":{"@id":"https:\/\/www.szabadszinhaz.hu\/szinhazi-eloadasok\/tankred-dorst-vigyazat-szakadek-2\/#breadcrumb"},"inLanguage":"en-US","potentialAction":[{"@type":"ReadAction","target":["https:\/\/www.szabadszinhaz.hu\/szinhazi-eloadasok\/tankred-dorst-vigyazat-szakadek-2\/"]}]},{"@type":"BreadcrumbList","@id":"https:\/\/www.szabadszinhaz.hu\/szinhazi-eloadasok\/tankred-dorst-vigyazat-szakadek-2\/#breadcrumb","itemListElement":[{"@type":"ListItem","position":1,"name":"Kezd\u0151lap","item":"https:\/\/www.szabadszinhaz.hu\/"},{"@type":"ListItem","position":2,"name":"Sz\u00ednh\u00e1zi el\u0151ad\u00e1sok &#8211;","item":"https:\/\/www.szabadszinhaz.hu\/szinhazi-eloadasok\/"},{"@type":"ListItem","position":3,"name":"Tankred Dorst: Vigy\u00e1zat szakad\u00e9k!"}]},{"@type":"WebSite","@id":"https:\/\/www.szabadszinhaz.hu\/#website","url":"https:\/\/www.szabadszinhaz.hu\/","name":"Free Theatre - Szabad Sz\u00ednh\u00e1z","description":"Free Theatre - Szabad Sz\u00ednh\u00e1z","publisher":{"@id":"https:\/\/www.szabadszinhaz.hu\/#organization"},"potentialAction":[{"@type":"SearchAction","target":{"@type":"EntryPoint","urlTemplate":"https:\/\/www.szabadszinhaz.hu\/?s={search_term_string}"},"query-input":{"@type":"PropertyValueSpecification","valueRequired":true,"valueName":"search_term_string"}}],"inLanguage":"en-US"},{"@type":"Organization","@id":"https:\/\/www.szabadszinhaz.hu\/#organization","name":"Szabad Sz\u00ednh\u00e1z SZ\u00cdN-T\u00c9R Egyes\u00fclet","url":"https:\/\/www.szabadszinhaz.hu\/","logo":{"@type":"ImageObject","inLanguage":"en-US","@id":"https:\/\/www.szabadszinhaz.hu\/#\/schema\/logo\/image\/","url":"https:\/\/www.szabadszinhaz.hu\/wp-content\/uploads\/2025\/01\/images.jpg","contentUrl":"https:\/\/www.szabadszinhaz.hu\/wp-content\/uploads\/2025\/01\/images.jpg","width":178,"height":284,"caption":"Szabad Sz\u00ednh\u00e1z SZ\u00cdN-T\u00c9R Egyes\u00fclet"},"image":{"@id":"https:\/\/www.szabadszinhaz.hu\/#\/schema\/logo\/image\/"},"sameAs":["https:\/\/www.facebook.com\/szabadszinhaz"]}]}},"ticketed":false,"_links":{"self":[{"href":"https:\/\/www.szabadszinhaz.hu\/en\/wp-json\/wp\/v2\/pages\/4349","targetHints":{"allow":["GET"]}}],"collection":[{"href":"https:\/\/www.szabadszinhaz.hu\/en\/wp-json\/wp\/v2\/pages"}],"about":[{"href":"https:\/\/www.szabadszinhaz.hu\/en\/wp-json\/wp\/v2\/types\/page"}],"author":[{"embeddable":true,"href":"https:\/\/www.szabadszinhaz.hu\/en\/wp-json\/wp\/v2\/users\/2"}],"replies":[{"embeddable":true,"href":"https:\/\/www.szabadszinhaz.hu\/en\/wp-json\/wp\/v2\/comments?post=4349"}],"version-history":[{"count":4,"href":"https:\/\/www.szabadszinhaz.hu\/en\/wp-json\/wp\/v2\/pages\/4349\/revisions"}],"predecessor-version":[{"id":4355,"href":"https:\/\/www.szabadszinhaz.hu\/en\/wp-json\/wp\/v2\/pages\/4349\/revisions\/4355"}],"up":[{"embeddable":true,"href":"https:\/\/www.szabadszinhaz.hu\/en\/wp-json\/wp\/v2\/pages\/75"}],"wp:attachment":[{"href":"https:\/\/www.szabadszinhaz.hu\/en\/wp-json\/wp\/v2\/media?parent=4349"}],"curies":[{"name":"wp","href":"https:\/\/api.w.org\/{rel}","templated":true}]}}