{"id":4291,"date":"2022-02-13T13:07:16","date_gmt":"2022-02-13T12:07:16","guid":{"rendered":"http:\/\/www.szabszinhaz.hu\/?page_id=4291"},"modified":"2022-02-13T13:10:58","modified_gmt":"2022-02-13T12:10:58","slug":"boldizsar-peter-szent-a-beke","status":"publish","type":"page","link":"https:\/\/www.szabadszinhaz.hu\/en\/szinhazi-eloadasok\/boldizsar-peter-szent-a-beke\/","title":{"rendered":"Boldizs\u00e1r P\u00e9ter: Szent a b\u00e9ke"},"content":{"rendered":"<p>[et_pb_section fb_built=&#8221;1&#8243; _builder_version=&#8221;4.14.1&#8243; _module_preset=&#8221;default&#8221; background_color=&#8221;#fff1d0&#8243; global_colors_info=&#8221;{}&#8221;][et_pb_row _builder_version=&#8221;4.14.1&#8243; _module_preset=&#8221;default&#8221; global_colors_info=&#8221;{}&#8221;][et_pb_column type=&#8221;4_4&#8243; _builder_version=&#8221;4.14.1&#8243; _module_preset=&#8221;default&#8221; global_colors_info=&#8221;{}&#8221;][et_pb_text _builder_version=&#8221;4.14.4&#8243; _module_preset=&#8221;default&#8221; text_text_color=&#8221;#000000&#8243; text_font_size=&#8221;28px&#8221; hover_enabled=&#8221;0&#8243; global_colors_info=&#8221;{}&#8221; sticky_enabled=&#8221;0&#8243;]<\/p>\n<p><strong>Boldizs\u00e1r P\u00e9ter: Szent a b\u00e9ke<\/strong><\/p>\n<p>[\/et_pb_text][\/et_pb_column][\/et_pb_row][et_pb_row _builder_version=&#8221;4.14.1&#8243; _module_preset=&#8221;default&#8221; custom_padding=&#8221;3px||0px|||&#8221; global_colors_info=&#8221;{}&#8221;][et_pb_column type=&#8221;4_4&#8243; _builder_version=&#8221;4.14.1&#8243; _module_preset=&#8221;default&#8221; global_colors_info=&#8221;{}&#8221;][et_pb_divider color=&#8221;#000000&#8243; divider_weight=&#8221;4px&#8221; _builder_version=&#8221;4.14.1&#8243; _module_preset=&#8221;default&#8221; custom_margin=&#8221;||-58px|||&#8221; global_colors_info=&#8221;{}&#8221;][\/et_pb_divider][\/et_pb_column][\/et_pb_row][et_pb_row _builder_version=&#8221;4.14.4&#8243; _module_preset=&#8221;default&#8221; custom_margin=&#8221;|auto|-36px|auto||&#8221; custom_padding=&#8221;||0px|||&#8221; global_colors_info=&#8221;{}&#8221;][et_pb_column type=&#8221;4_4&#8243; _builder_version=&#8221;4.14.1&#8243; _module_preset=&#8221;default&#8221; global_colors_info=&#8221;{}&#8221;][et_pb_text _builder_version=&#8221;4.14.4&#8243; _module_preset=&#8221;default&#8221; text_text_color=&#8221;#000000&#8243; text_font_size=&#8221;17px&#8221; text_line_height=&#8221;1.6em&#8221; text_orientation=&#8221;center&#8221; custom_padding=&#8221;0px|||||&#8221; hover_enabled=&#8221;0&#8243; global_colors_info=&#8221;{}&#8221; sticky_enabled=&#8221;0&#8243;]<\/p>\n<p style=\"text-align: left;\"><span style=\"text-decoration: underline;\">Boldizs\u00e1r P\u00e9ter: Szent a b\u00e9ke (r: Boldizs\u00e1r P\u00e9ter 1988)<\/span><\/p>\n<p style=\"text-align: left;\">\n<p style=\"text-align: left;\">Boldizs\u00e1r P\u00e9ternek nyomtat\u00e1sban is megjelent saj\u00e1t m\u0171veinek egyike a Szent a b\u00e9ke, amit a Videoton Sz\u00ednj\u00e1tsz\u00f3 Csoport a szerz\u0151 rendez\u00e9s\u00e9ben mutatott be .<\/p>\n<p style=\"text-align: left;\">\n<p style=\"text-align: left;\">Egy v\u00e1llalat el\u0151csarnok\u00e1ban ugyan\u00fagy kezd\u0151dik a reggel, mint b\u00e1rmely m\u00e1s napon:<\/p>\n<p style=\"text-align: left;\">A f\u0171t\u0151 az \u00fajs\u00e1got lapozgatva szok\u00e1s szerint zs\u00f6rt\u00f6l\u0151dik:<\/p>\n<p style=\"text-align: left;\"><em>\u201e \u2026.nem tudnak rendet tartani, \u2013 ma m\u00e1r nem \u2013 mi m\u00e9g tudtunk.<\/em><\/p>\n<p style=\"text-align: left;\"><em>\u2026. Felk\u00f6tn\u00e9m az ilyet. K\u00f6t\u00f6tt\u00fcnk m\u00e1r f\u00f6l jobbakat is\u2026\u201d<\/em><\/p>\n<p style=\"text-align: left;\">\n<p style=\"text-align: left;\">Mancika b\u00fcf\u00e9s f\u00f6lteszi a k\u00e1v\u00e9t, \u00e9s a tegnapi szendvicseket pr\u00f3b\u00e1lja eladni.<\/p>\n<p style=\"text-align: left;\">\n<p style=\"text-align: left;\">A KISZ titk\u00e1r \u00e9s az irodist\u00e1k \u00e9rkeznek, sz\u00f3val minden a szok\u00e1s szerint indul.<\/p>\n<p style=\"text-align: left;\">\n<p style=\"text-align: left;\">Azt\u00e1n vill\u00e1mcsap\u00e1sk\u00e9nt j\u00f6n a h\u00edr: B\u00e1r\u00e1ny ezredes elvt\u00e1rs \u00e9rkezik ma a c\u00e9ghez, akinek tisztelet\u00e9re b\u00e9kegy\u0171l\u00e9st kell tartani , kult\u00farm\u0171sorral veter\u00e1n tal\u00e1lkoz\u00f3val \u00e9s ut\u00e1na disco-val.<\/p>\n<p style=\"text-align: left;\">Azonnal elkezdik feld\u00edsz\u00edteni az el\u0151csarnokot. Szereznek versmond\u00f3 l\u00e1nyt , pol-beat \u00e9nekest, \u00e9s m\u00e9g 3 veter\u00e1nt is siker\u00fcl tal\u00e1lni a dolgoz\u00f3k k\u00f6z\u00fcl.<\/p>\n<p style=\"text-align: left;\">A sok apr\u00f3 probl\u00e9m\u00e1n k\u00edv\u00fcl ( konzervnyit\u00f3t lopnak , egy d\u00edsz kisgalamb ferd\u00e9n \u00e1ll \u201e<em>az egy ferde hajlam\u00fa galamb\u201d<\/em> ) a legnagyobb gond az, hogy a tal\u00e1lt 3 val\u00f3di veter\u00e1nhoz k\u00e9pest B\u00e1r\u00e1ny ezredes elvt\u00e1rs t\u00fal fiatal lenne. Ez\u00e9rt kineveznek 3 korban B\u00e1r\u00e1ny elvt\u00e1rshoz ill\u0151 veter\u00e1nt , hazak\u00fcldik \u0151ket az \u00fcnnepi ruh\u00e1\u00e9rt a v\u00e1llalati fekete kocsival.<\/p>\n<p style=\"text-align: left;\">\u2026\u2026\u201e Harcost\u00e1rs: Any\u00e1d azt hitte megint visznek a b\u00f6rt\u00f6nbe. A fekete kocsi oda\u00e1llt a h\u00e1z el\u00e9, kisz\u00e1llok, mondom neki: asszony ad ide a j\u00f3 ruh\u00e1m, \u2013 r\u00f6gt\u00f6n s\u00edrni kezdett.\u201d\u2026\u2026.<\/p>\n<p style=\"text-align: left;\">\n<p style=\"text-align: left;\">A \u201eharcost\u00e1rsak\u201d betanulj\u00e1k a kult\u00faros \u00e1ltal szerkesztett veter\u00e1n tal\u00e1lkoz\u00f3 forgat\u00f3 k\u00f6nyv\u00e9nek k\u00e9rd\u00e9s-v\u00e1laszait, de az \u00fcnneps\u00e9g kezdet\u00e9n egy ember \u00e9rkezik. \u0150 B\u00e1r\u00e1ny elvt\u00e1rs \u00e9desapja (val\u00f3di veter\u00e1n), aki elmondja, hogy fia B\u00e1r\u00e1ny ezredes elvt\u00e1rs k\u00fclf\u00f6ldi deleg\u00e1ci\u00f3t fogad ez\u00e9rt nem tud elj\u00f6nni. A b\u00e9kegy\u0171l\u00e9st teh\u00e1t B\u00e1r\u00e1ny ezredes elvt\u00e1rs apj\u00e1val tartj\u00e1k meg .<\/p>\n<p style=\"text-align: left;\">Mivel az igazi veter\u00e1nnak nem sok k\u00f6z\u00f6s t\u00e9m\u00e1ja akad a kinevezett veter\u00e1nokkal, ez\u00e9rt ultizni \u00e9s borozgatni kezdenek. N\u00e9h\u00e1ny \u00fcveg ital elfogyaszt\u00e1sa ut\u00e1n automatikusan a k\u00f6z\u00f6s t\u00e9m\u00e1n\u00e1l k\u00f6tnek ki. Ennek ugyan nem sok k\u00f6ze van a veter\u00e1n partiz\u00e1nokhoz, ink\u00e1bb a Donn\u00e1l elveszett II. Magyar Hadsereghez.<\/p>\n<p style=\"text-align: left;\">\n<p style=\"text-align: left;\">Hangosan \u00e9neklik :<\/p>\n<p style=\"text-align: left;\"><em>\u201e Sz\u00e9l viszi mesze a fellegeket, felett\u00fcnk l\u00e1ngol az \u00e9g<\/em><\/p>\n<p style=\"text-align: left;\"><em>Ny\u00fajtsd ide \u00e9des a kis kezedet , ki tudja l\u00e1tlak-e m\u00e9g\u2026..\u201d<\/em><\/p>\n<p style=\"text-align: left;\">\n<p style=\"text-align: left;\">A s\u00f6r \u00e9s a zugp\u00e1linka lassan elfogy , a b\u00e9kegy\u0171l\u00e9s v\u00e9get \u00e9r:<\/p>\n<p style=\"text-align: left;\"><em>\u201e kisl\u00e1ny: J\u00f3zsi b\u00e1csi ! \u00c9n most m\u00e1r v\u00e9gk\u00e9pp nem \u00e9rtem, harcoltak maguk, vagy nem harcoltak? Hogy volt ez?<\/em><\/p>\n<p style=\"text-align: left;\"><em>Harcost\u00e1rs: \u00dagy volt ez mint a moziban: igaz is, m\u00e9gse igaz.<\/em><\/p>\n<p style=\"text-align: left;\"><em>Kisl\u00e1ny: \u00c9n nem szeretem az ilyen mozit.<\/em><\/p>\n<p style=\"text-align: left;\"><em>Harcost\u00e1rs: Nek\u00fcnk ezt vet\u00edtett\u00e9k gyerekem. \u201e<\/em><\/p>\n<p>[\/et_pb_text][\/et_pb_column][\/et_pb_row][et_pb_row _builder_version=&#8221;4.14.4&#8243; _module_preset=&#8221;default&#8221; custom_padding=&#8221;85px|||||&#8221; global_colors_info=&#8221;{}&#8221;][et_pb_column type=&#8221;4_4&#8243; _builder_version=&#8221;4.14.4&#8243; _module_preset=&#8221;default&#8221; global_colors_info=&#8221;{}&#8221;][et_pb_image src=&#8221;\/wp-content\/uploads\/2022\/02\/szentabeke.jpg&#8221; title_text=&#8221;szentabeke&#8221; align=&#8221;center&#8221; _builder_version=&#8221;4.14.4&#8243; _module_preset=&#8221;default&#8221; width=&#8221;100%&#8221; max_width=&#8221;100%&#8221; min_height=&#8221;1000px&#8221; height=&#8221;1000px&#8221; max_height=&#8221;100px&#8221; hover_enabled=&#8221;0&#8243; global_colors_info=&#8221;{}&#8221; sticky_enabled=&#8221;0&#8243;][\/et_pb_image][\/et_pb_column][\/et_pb_row][\/et_pb_section]<\/p>\n","protected":false},"excerpt":{"rendered":"<p>Boldizs\u00e1r P\u00e9ter: Szent a b\u00e9keBoldizs\u00e1r P\u00e9ter: Szent a b\u00e9ke (r: Boldizs\u00e1r P\u00e9ter 1988) Boldizs\u00e1r P\u00e9ternek nyomtat\u00e1sban is megjelent saj\u00e1t m\u0171veinek egyike a Szent a b\u00e9ke, amit a Videoton Sz\u00ednj\u00e1tsz\u00f3 Csoport [&hellip;]<\/p>\n","protected":false},"author":2,"featured_media":0,"parent":75,"menu_order":0,"comment_status":"closed","ping_status":"closed","template":"","meta":{"_et_pb_use_builder":"on","_et_pb_old_content":"","_et_gb_content_width":"","_price":"","_stock":"","_tribe_ticket_header":"","_tribe_default_ticket_provider":"","_ticket_start_date":"","_ticket_end_date":"","_tribe_ticket_show_description":"","_tribe_ticket_show_not_going":false,"_tribe_ticket_use_global_stock":"","_tribe_ticket_global_stock_level":"","_global_stock_mode":"","_global_stock_cap":"","_tribe_rsvp_for_event":"","_tribe_ticket_going_count":"","_tribe_ticket_not_going_count":"","_tribe_tickets_list":"[]","_tribe_ticket_has_attendee_info_fields":false,"footnotes":"","_tec_slr_enabled":"","_tec_slr_layout":""},"class_list":["post-4291","page","type-page","status-publish","hentry"],"yoast_head":"<!-- This site is optimized with the Yoast SEO plugin v25.0 - https:\/\/yoast.com\/wordpress\/plugins\/seo\/ -->\n<title>Boldizs\u00e1r P\u00e9ter: Szent a b\u00e9ke - Szabad Sz\u00ednh\u00e1z<\/title>\n<meta name=\"robots\" content=\"index, follow, max-snippet:-1, max-image-preview:large, max-video-preview:-1\" \/>\n<link rel=\"canonical\" href=\"https:\/\/www.szabadszinhaz.hu\/en\/szinhazi-eloadasok\/boldizsar-peter-szent-a-beke\/\" \/>\n<meta property=\"og:locale\" content=\"en_US\" \/>\n<meta property=\"og:type\" content=\"article\" \/>\n<meta property=\"og:title\" content=\"Boldizs\u00e1r P\u00e9ter: Szent a b\u00e9ke - Szabad Sz\u00ednh\u00e1z\" \/>\n<meta property=\"og:description\" content=\"Boldizs\u00e1r P\u00e9ter: Szent a b\u00e9keBoldizs\u00e1r P\u00e9ter: Szent a b\u00e9ke (r: Boldizs\u00e1r P\u00e9ter 1988) Boldizs\u00e1r P\u00e9ternek nyomtat\u00e1sban is megjelent saj\u00e1t m\u0171veinek egyike a Szent a b\u00e9ke, amit a Videoton Sz\u00ednj\u00e1tsz\u00f3 Csoport [&hellip;]\" \/>\n<meta property=\"og:url\" content=\"https:\/\/www.szabadszinhaz.hu\/en\/szinhazi-eloadasok\/boldizsar-peter-szent-a-beke\/\" \/>\n<meta property=\"og:site_name\" content=\"Szabad Sz\u00ednh\u00e1z\" \/>\n<meta property=\"article:publisher\" content=\"https:\/\/www.facebook.com\/szabadszinhaz\" \/>\n<meta property=\"article:modified_time\" content=\"2022-02-13T12:10:58+00:00\" \/>\n<meta name=\"twitter:card\" content=\"summary_large_image\" \/>\n<meta name=\"twitter:label1\" content=\"Est. reading time\" \/>\n\t<meta name=\"twitter:data1\" content=\"4 minutes\" \/>\n<script type=\"application\/ld+json\" class=\"yoast-schema-graph\">{\"@context\":\"https:\/\/schema.org\",\"@graph\":[{\"@type\":\"WebPage\",\"@id\":\"https:\/\/www.szabadszinhaz.hu\/szinhazi-eloadasok\/boldizsar-peter-szent-a-beke\/\",\"url\":\"https:\/\/www.szabadszinhaz.hu\/szinhazi-eloadasok\/boldizsar-peter-szent-a-beke\/\",\"name\":\"Boldizs\u00e1r P\u00e9ter: Szent a b\u00e9ke - Szabad Sz\u00ednh\u00e1z\",\"isPartOf\":{\"@id\":\"https:\/\/www.szabadszinhaz.hu\/#website\"},\"datePublished\":\"2022-02-13T12:07:16+00:00\",\"dateModified\":\"2022-02-13T12:10:58+00:00\",\"breadcrumb\":{\"@id\":\"https:\/\/www.szabadszinhaz.hu\/szinhazi-eloadasok\/boldizsar-peter-szent-a-beke\/#breadcrumb\"},\"inLanguage\":\"en-US\",\"potentialAction\":[{\"@type\":\"ReadAction\",\"target\":[\"https:\/\/www.szabadszinhaz.hu\/szinhazi-eloadasok\/boldizsar-peter-szent-a-beke\/\"]}]},{\"@type\":\"BreadcrumbList\",\"@id\":\"https:\/\/www.szabadszinhaz.hu\/szinhazi-eloadasok\/boldizsar-peter-szent-a-beke\/#breadcrumb\",\"itemListElement\":[{\"@type\":\"ListItem\",\"position\":1,\"name\":\"Kezd\u0151lap\",\"item\":\"https:\/\/www.szabadszinhaz.hu\/\"},{\"@type\":\"ListItem\",\"position\":2,\"name\":\"Sz\u00ednh\u00e1zi el\u0151ad\u00e1sok &#8211;\",\"item\":\"https:\/\/www.szabadszinhaz.hu\/szinhazi-eloadasok\/\"},{\"@type\":\"ListItem\",\"position\":3,\"name\":\"Boldizs\u00e1r P\u00e9ter: Szent a b\u00e9ke\"}]},{\"@type\":\"WebSite\",\"@id\":\"https:\/\/www.szabadszinhaz.hu\/#website\",\"url\":\"https:\/\/www.szabadszinhaz.hu\/\",\"name\":\"Szabad Sz\u00ednh\u00e1z\",\"description\":\"Szabad Sz\u00ednh\u00e1z\",\"publisher\":{\"@id\":\"https:\/\/www.szabadszinhaz.hu\/#organization\"},\"potentialAction\":[{\"@type\":\"SearchAction\",\"target\":{\"@type\":\"EntryPoint\",\"urlTemplate\":\"https:\/\/www.szabadszinhaz.hu\/?s={search_term_string}\"},\"query-input\":{\"@type\":\"PropertyValueSpecification\",\"valueRequired\":true,\"valueName\":\"search_term_string\"}}],\"inLanguage\":\"en-US\"},{\"@type\":\"Organization\",\"@id\":\"https:\/\/www.szabadszinhaz.hu\/#organization\",\"name\":\"Szabad Sz\u00ednh\u00e1z SZ\u00cdN-T\u00c9R Egyes\u00fclet\",\"url\":\"https:\/\/www.szabadszinhaz.hu\/\",\"logo\":{\"@type\":\"ImageObject\",\"inLanguage\":\"en-US\",\"@id\":\"https:\/\/www.szabadszinhaz.hu\/#\/schema\/logo\/image\/\",\"url\":\"https:\/\/www.szabadszinhaz.hu\/wp-content\/uploads\/2025\/01\/images.jpg\",\"contentUrl\":\"https:\/\/www.szabadszinhaz.hu\/wp-content\/uploads\/2025\/01\/images.jpg\",\"width\":178,\"height\":284,\"caption\":\"Szabad Sz\u00ednh\u00e1z SZ\u00cdN-T\u00c9R Egyes\u00fclet\"},\"image\":{\"@id\":\"https:\/\/www.szabadszinhaz.hu\/#\/schema\/logo\/image\/\"},\"sameAs\":[\"https:\/\/www.facebook.com\/szabadszinhaz\"]}]}<\/script>\n<!-- \/ Yoast SEO plugin. -->","yoast_head_json":{"title":"Boldizs\u00e1r P\u00e9ter: Szent a b\u00e9ke - Szabad Sz\u00ednh\u00e1z","robots":{"index":"index","follow":"follow","max-snippet":"max-snippet:-1","max-image-preview":"max-image-preview:large","max-video-preview":"max-video-preview:-1"},"canonical":"https:\/\/www.szabadszinhaz.hu\/en\/szinhazi-eloadasok\/boldizsar-peter-szent-a-beke\/","og_locale":"en_US","og_type":"article","og_title":"Boldizs\u00e1r P\u00e9ter: Szent a b\u00e9ke - Szabad Sz\u00ednh\u00e1z","og_description":"Boldizs\u00e1r P\u00e9ter: Szent a b\u00e9keBoldizs\u00e1r P\u00e9ter: Szent a b\u00e9ke (r: Boldizs\u00e1r P\u00e9ter 1988) Boldizs\u00e1r P\u00e9ternek nyomtat\u00e1sban is megjelent saj\u00e1t m\u0171veinek egyike a Szent a b\u00e9ke, amit a Videoton Sz\u00ednj\u00e1tsz\u00f3 Csoport [&hellip;]","og_url":"https:\/\/www.szabadszinhaz.hu\/en\/szinhazi-eloadasok\/boldizsar-peter-szent-a-beke\/","og_site_name":"Szabad Sz\u00ednh\u00e1z","article_publisher":"https:\/\/www.facebook.com\/szabadszinhaz","article_modified_time":"2022-02-13T12:10:58+00:00","twitter_card":"summary_large_image","twitter_misc":{"Est. reading time":"4 minutes"},"schema":{"@context":"https:\/\/schema.org","@graph":[{"@type":"WebPage","@id":"https:\/\/www.szabadszinhaz.hu\/szinhazi-eloadasok\/boldizsar-peter-szent-a-beke\/","url":"https:\/\/www.szabadszinhaz.hu\/szinhazi-eloadasok\/boldizsar-peter-szent-a-beke\/","name":"Boldizs\u00e1r P\u00e9ter: Szent a b\u00e9ke - Szabad Sz\u00ednh\u00e1z","isPartOf":{"@id":"https:\/\/www.szabadszinhaz.hu\/#website"},"datePublished":"2022-02-13T12:07:16+00:00","dateModified":"2022-02-13T12:10:58+00:00","breadcrumb":{"@id":"https:\/\/www.szabadszinhaz.hu\/szinhazi-eloadasok\/boldizsar-peter-szent-a-beke\/#breadcrumb"},"inLanguage":"en-US","potentialAction":[{"@type":"ReadAction","target":["https:\/\/www.szabadszinhaz.hu\/szinhazi-eloadasok\/boldizsar-peter-szent-a-beke\/"]}]},{"@type":"BreadcrumbList","@id":"https:\/\/www.szabadszinhaz.hu\/szinhazi-eloadasok\/boldizsar-peter-szent-a-beke\/#breadcrumb","itemListElement":[{"@type":"ListItem","position":1,"name":"Kezd\u0151lap","item":"https:\/\/www.szabadszinhaz.hu\/"},{"@type":"ListItem","position":2,"name":"Sz\u00ednh\u00e1zi el\u0151ad\u00e1sok &#8211;","item":"https:\/\/www.szabadszinhaz.hu\/szinhazi-eloadasok\/"},{"@type":"ListItem","position":3,"name":"Boldizs\u00e1r P\u00e9ter: Szent a b\u00e9ke"}]},{"@type":"WebSite","@id":"https:\/\/www.szabadszinhaz.hu\/#website","url":"https:\/\/www.szabadszinhaz.hu\/","name":"Free Theatre - Szabad Sz\u00ednh\u00e1z","description":"Free Theatre - Szabad Sz\u00ednh\u00e1z","publisher":{"@id":"https:\/\/www.szabadszinhaz.hu\/#organization"},"potentialAction":[{"@type":"SearchAction","target":{"@type":"EntryPoint","urlTemplate":"https:\/\/www.szabadszinhaz.hu\/?s={search_term_string}"},"query-input":{"@type":"PropertyValueSpecification","valueRequired":true,"valueName":"search_term_string"}}],"inLanguage":"en-US"},{"@type":"Organization","@id":"https:\/\/www.szabadszinhaz.hu\/#organization","name":"Szabad Sz\u00ednh\u00e1z SZ\u00cdN-T\u00c9R Egyes\u00fclet","url":"https:\/\/www.szabadszinhaz.hu\/","logo":{"@type":"ImageObject","inLanguage":"en-US","@id":"https:\/\/www.szabadszinhaz.hu\/#\/schema\/logo\/image\/","url":"https:\/\/www.szabadszinhaz.hu\/wp-content\/uploads\/2025\/01\/images.jpg","contentUrl":"https:\/\/www.szabadszinhaz.hu\/wp-content\/uploads\/2025\/01\/images.jpg","width":178,"height":284,"caption":"Szabad Sz\u00ednh\u00e1z SZ\u00cdN-T\u00c9R Egyes\u00fclet"},"image":{"@id":"https:\/\/www.szabadszinhaz.hu\/#\/schema\/logo\/image\/"},"sameAs":["https:\/\/www.facebook.com\/szabadszinhaz"]}]}},"ticketed":false,"_links":{"self":[{"href":"https:\/\/www.szabadszinhaz.hu\/en\/wp-json\/wp\/v2\/pages\/4291","targetHints":{"allow":["GET"]}}],"collection":[{"href":"https:\/\/www.szabadszinhaz.hu\/en\/wp-json\/wp\/v2\/pages"}],"about":[{"href":"https:\/\/www.szabadszinhaz.hu\/en\/wp-json\/wp\/v2\/types\/page"}],"author":[{"embeddable":true,"href":"https:\/\/www.szabadszinhaz.hu\/en\/wp-json\/wp\/v2\/users\/2"}],"replies":[{"embeddable":true,"href":"https:\/\/www.szabadszinhaz.hu\/en\/wp-json\/wp\/v2\/comments?post=4291"}],"version-history":[{"count":4,"href":"https:\/\/www.szabadszinhaz.hu\/en\/wp-json\/wp\/v2\/pages\/4291\/revisions"}],"predecessor-version":[{"id":4298,"href":"https:\/\/www.szabadszinhaz.hu\/en\/wp-json\/wp\/v2\/pages\/4291\/revisions\/4298"}],"up":[{"embeddable":true,"href":"https:\/\/www.szabadszinhaz.hu\/en\/wp-json\/wp\/v2\/pages\/75"}],"wp:attachment":[{"href":"https:\/\/www.szabadszinhaz.hu\/en\/wp-json\/wp\/v2\/media?parent=4291"}],"curies":[{"name":"wp","href":"https:\/\/api.w.org\/{rel}","templated":true}]}}