{"id":4214,"date":"2022-02-13T12:37:20","date_gmt":"2022-02-13T11:37:20","guid":{"rendered":"http:\/\/www.szabszinhaz.hu\/?page_id=4214"},"modified":"2022-02-13T12:42:12","modified_gmt":"2022-02-13T11:42:12","slug":"a-balvany","status":"publish","type":"page","link":"https:\/\/www.szabadszinhaz.hu\/en\/szinhazi-eloadasok\/a-balvany\/","title":{"rendered":"A B\u00e1lv\u00e1ny"},"content":{"rendered":"<p>[et_pb_section fb_built=&#8221;1&#8243; _builder_version=&#8221;4.14.1&#8243; _module_preset=&#8221;default&#8221; background_color=&#8221;#fff1d0&#8243; global_colors_info=&#8221;{}&#8221;][et_pb_row _builder_version=&#8221;4.14.1&#8243; _module_preset=&#8221;default&#8221; global_colors_info=&#8221;{}&#8221;][et_pb_column type=&#8221;4_4&#8243; _builder_version=&#8221;4.14.1&#8243; _module_preset=&#8221;default&#8221; global_colors_info=&#8221;{}&#8221;][et_pb_text _builder_version=&#8221;4.14.4&#8243; _module_preset=&#8221;default&#8221; text_text_color=&#8221;#000000&#8243; text_font_size=&#8221;28px&#8221; hover_enabled=&#8221;0&#8243; global_colors_info=&#8221;{}&#8221; sticky_enabled=&#8221;0&#8243;]<\/p>\n<p><strong>A B\u00e1lv\u00e1ny<\/strong><\/p>\n<p>[\/et_pb_text][\/et_pb_column][\/et_pb_row][et_pb_row _builder_version=&#8221;4.14.1&#8243; _module_preset=&#8221;default&#8221; custom_padding=&#8221;3px||0px|||&#8221; global_colors_info=&#8221;{}&#8221;][et_pb_column type=&#8221;4_4&#8243; _builder_version=&#8221;4.14.1&#8243; _module_preset=&#8221;default&#8221; global_colors_info=&#8221;{}&#8221;][et_pb_divider color=&#8221;#000000&#8243; divider_weight=&#8221;4px&#8221; _builder_version=&#8221;4.14.1&#8243; _module_preset=&#8221;default&#8221; custom_margin=&#8221;||-58px|||&#8221; global_colors_info=&#8221;{}&#8221;][\/et_pb_divider][\/et_pb_column][\/et_pb_row][et_pb_row _builder_version=&#8221;4.14.4&#8243; _module_preset=&#8221;default&#8221; custom_margin=&#8221;|auto|-36px|auto||&#8221; custom_padding=&#8221;||0px|||&#8221; hover_enabled=&#8221;0&#8243; global_colors_info=&#8221;{}&#8221; sticky_enabled=&#8221;0&#8243;][et_pb_column type=&#8221;4_4&#8243; _builder_version=&#8221;4.14.1&#8243; _module_preset=&#8221;default&#8221; global_colors_info=&#8221;{}&#8221;][et_pb_text _builder_version=&#8221;4.14.4&#8243; _module_preset=&#8221;default&#8221; text_text_color=&#8221;#000000&#8243; text_font_size=&#8221;17px&#8221; text_line_height=&#8221;1.6em&#8221; text_orientation=&#8221;center&#8221; custom_padding=&#8221;0px|||||&#8221; hover_enabled=&#8221;0&#8243; global_colors_info=&#8221;{}&#8221; sticky_enabled=&#8221;0&#8243;]<\/p>\n<p style=\"text-align: left;\"><strong>A B\u00e1lv\u00e1ny<\/strong><\/p>\n<p style=\"text-align: left;\"><strong>Tam\u00e1si \u00c1ron: T\u00fcnd\u00f6kl\u0151 Jeromos c. m\u0171ve alapj\u00e1n sz\u00ednpadra \u00e1ll\u00edtotta \u00e9s el\u0151adja a Szabad Sz\u00ednh\u00e1z.<\/strong><\/p>\n<p style=\"text-align: left;\">Egy szel\u00edd reggel \u00f6lt\u00f6ny\u00f6s f\u00e9rfi \u00e9rkezik a falu kocsm\u00e1j\u00e1ba. Amolyan \u00fcgyn\u00f6kf\u00e9le. Azt mondja, \u00fczletet \u00e9p\u00edt, jeles\u00fcl: \u201evid\u00e9kh\u00e1l\u00f3zatot\u201d. Ebb\u0151l a c\u00e9lb\u00f3l plak\u00e1tokat is hoz mag\u00e1val, amelyen azt hirdeti, hogy mindenkinek megmutatja a boldogul\u00e1s lehet\u0151s\u00e9g\u00e9t, aki \u0151t felkeresi. S\u00e1ska Mih\u00e1ly kocsm\u00e1ros j\u00f3 \u00fczleti lehet\u0151s\u00e9get l\u00e1t a \u201evid\u00e9kh\u00e1l\u00f3zat\u201d \u00e9p\u00edt\u00e9s\u00e9ben abban b\u00edzva, hogy mindig akad olyan vev\u0151, aki j\u00f3 \u00e1rat fizet egy ilyen h\u00e1l\u00f3zat\u00e9rt. \u00cdgy h\u00e1t, -fejenk\u00e9nt egy arany\u00e9rt- v\u00e1llalja a falu beszervez\u00e9s\u00e9t, a saj\u00e1t kocsm\u00e1j\u00e1ban, amelyet e c\u00e9lb\u00f3l \u00e1talak\u00edt kamp\u00e1nyirod\u00e1v\u00e1. Akad azonban egy b\u00f6kken\u0151\u2026..<\/p>\n<p style=\"text-align: left;\">(B\u00e1rmilyen hasonl\u00f3s\u00e1g az eredeti m\u0171 \u00e9s korunk elm\u00falt heti esem\u00e9nyei k\u00f6z\u00f6tt, csakis a v\u00e9letlenek \u00e9s Tam\u00e1si \u00c1ron sz\u00e1nd\u00e9kos \u00f6sszej\u00e1tsz\u00e1sa miatt fordulhat el\u0151!)<\/p>\n<p style=\"text-align: left;\">Az el\u0151ad\u00e1s id\u0151tartama: 75 perc<\/p>\n<p style=\"text-align: left;\">Id\u0151pontja \u00e9s sz\u00ednhelye. 2007. j\u00fanius 23. szombat \u2013 M\u00fazeumok \u00e9jszak\u00e1ja<\/p>\n<p style=\"text-align: left;\">Sz\u00e9kesfeh\u00e9rv\u00e1r, Babah\u00e1z udvara<\/p>\n<p>[\/et_pb_text][\/et_pb_column][\/et_pb_row][et_pb_row _builder_version=&#8221;4.14.4&#8243; _module_preset=&#8221;default&#8221; global_colors_info=&#8221;{}&#8221; custom_padding=&#8221;85px|||||&#8221;][et_pb_column type=&#8221;4_4&#8243; _builder_version=&#8221;4.14.4&#8243; _module_preset=&#8221;default&#8221; global_colors_info=&#8221;{}&#8221;][et_pb_image src=&#8221;\/wp-content\/uploads\/2022\/01\/szabad-szinhaz-balvany-27.jpg&#8221; _builder_version=&#8221;4.14.4&#8243; _module_preset=&#8221;default&#8221; hover_enabled=&#8221;0&#8243; sticky_enabled=&#8221;0&#8243; title_text=&#8221;szabad-szinhaz-balvany-27&#8243; align=&#8221;center&#8221; width=&#8221;100%&#8221; max_width=&#8221;100%&#8221; min_height=&#8221;1000px&#8221; height=&#8221;1000px&#8221; max_height=&#8221;100px&#8221;][\/et_pb_image][et_pb_text _builder_version=&#8221;4.14.4&#8243; _module_preset=&#8221;default&#8221; text_font_size=&#8221;17px&#8221; hover_enabled=&#8221;0&#8243; global_colors_info=&#8221;{}&#8221; sticky_enabled=&#8221;0&#8243;]<\/p>\n<p><strong>Szerepl\u0151k:<\/strong><\/p>\n<p>Idegen \u00dar\u2026\u2026\u2026\u2026\u2026\u2026\u2026\u2026\u2026\u2026\u2026\u2026\u2026\u2026\u2026\u2026\u2026\u2026\u2026\u2026\u2026Horv\u00e1th Gergely<\/p>\n<p>Idegen \u00dar 2\u2026\u2026\u2026\u2026\u2026\u2026\u2026\u2026\u2026\u2026\u2026\u2026\u2026\u2026\u2026\u2026\u2026\u2026\u2026\u2026Magony Imre<\/p>\n<p>S\u00e1ska Mih\u00e1ly kocsm\u00e1ros\u2026\u2026\u2026\u2026\u2026\u2026\u2026\u2026\u2026\u2026\u2026\u2026\u2026\u2026\u2026Szab\u00f3 Mikl\u00f3s<\/p>\n<p>G\u00e1sp\u00e1r, a S\u00e1ska fia\u2026\u2026\u2026\u2026\u2026\u2026\u2026\u2026\u2026\u2026\u2026\u2026\u2026\u2026\u2026\u2026\u2026Kov\u00e1cs M\u00e1t\u00e9<\/p>\n<p>Bajna G\u00e1bor\u2026\u2026\u2026\u2026\u2026\u2026\u2026\u2026\u2026\u2026\u2026\u2026\u2026\u2026\u2026\u2026\u2026\u2026\u2026..Koncz K\u00e1roly<\/p>\n<p>\u00c1gnes, le\u00e1ny\u2026\u2026\u2026\u2026\u2026\u2026\u2026\u2026\u2026\u2026\u2026\u2026\u2026\u2026\u2026\u2026\u2026\u2026\u2026..Szab\u00f3 \u00c9va<\/p>\n<p>\u00c1kos, leg\u00e9ny\u2026\u2026\u2026\u2026\u2026\u2026\u2026\u2026\u2026\u2026\u2026\u2026\u2026\u2026\u2026\u2026\u2026\u2026\u2026..Szab\u00f3 Mikl\u00f3s Bence<\/p>\n<p>B\u00e1lint, leg\u00e9ny\u2026\u2026\u2026\u2026\u2026\u2026\u2026\u2026\u2026\u2026\u2026\u2026\u2026\u2026\u2026\u2026\u2026\u2026\u2026.F\u00fclep B\u00e1lint<\/p>\n<p>M\u00e1rton, leg\u00e9ny\u2026\u2026\u2026\u2026\u2026\u2026\u2026\u2026\u2026\u2026\u2026\u2026\u2026\u2026\u2026\u2026\u2026\u2026 Szab\u00f3 D\u00e1niel Ferenc<\/p>\n<p>Lina, mindenes asszony\u2026\u2026\u2026\u2026\u2026\u2026\u2026\u2026\u2026\u2026\u2026\u2026\u2026\u2026\u2026.K\u00f6vesi T\u00fcnde<\/p>\n<p>Szab\u00f3n\u00e9, poszt\u00f3s asszony\u2026\u2026\u2026\u2026\u2026\u2026\u2026\u2026\u2026\u2026\u2026\u2026\u2026\u2026..St\u00e9ger Ildik\u00f3<\/p>\n<p>Poszt\u00f3sok, fej\u0151s\u00f6k, tollfoszt\u00f3k\u2026\u2026\u2026\u2026\u2026\u2026\u2026\u2026\u2026\u2026\u2026\u2026..F\u00e1ncsik Gy\u00f6rgyi,<\/p>\n<p>F\u00f6v\u00e9nyesi D\u00f3ra,<\/p>\n<p>Szerencs\u00e9s Rita,<\/p>\n<p>Gyula, asztalos\u2026\u2026\u2026\u2026\u2026\u2026\u2026\u2026\u2026\u2026\u2026\u2026\u2026\u2026\u2026\u2026\u2026\u2026\u2026Szer\u00e9mi D\u00e1niel<\/p>\n<p>Bella, varr\u00f3n\u0151\u2026\u2026\u2026\u2026\u2026\u2026\u2026\u2026\u2026\u2026\u2026\u2026\u2026\u2026\u2026\u2026\u2026\u2026\u2026G\u00e1ncs J\u00falia<\/p>\n<p>Pl\u00e9b\u00e1nos\u2026\u2026\u2026\u2026\u2026\u2026\u2026\u2026\u2026\u2026\u2026\u2026\u2026\u2026\u2026\u2026\u2026\u2026\u2026\u2026\u2026.Udvaros Gy\u00f6rgy<\/p>\n<p>K\u00e1ntor\u2026\u2026\u2026\u2026\u2026\u2026\u2026\u2026\u2026\u2026\u2026\u2026\u2026\u2026\u2026\u2026\u2026\u2026\u2026\u2026\u2026\u2026Kov\u00e1cs Szil\u00e1rd<\/p>\n<p>Jegyz\u0151\u2026\u2026\u2026\u2026\u2026\u2026\u2026\u2026\u2026\u2026\u2026\u2026\u2026\u2026\u2026\u2026\u2026\u2026\u2026\u2026\u2026\u2026Nagy Judit<\/p>\n<p>Kl\u00e1n\u00e9t\u00e1s cig\u00e1ny. \u2026\u2026\u2026\u2026\u2026\u2026\u2026\u2026\u2026\u2026\u2026\u2026\u2026\u2026\u2026\u2026\u2026\u2026Kelemen J\u00e1nos<\/p>\n<p>Rendezte: Nagy Judit<\/p>\n<p>K\u00e9sz\u00fclt: Tam\u00e1si \u00c1ron : T\u00fcnd\u00f6kl\u0151 Jeromos c. m\u0171ve alapj\u00e1n.<\/p>\n<p>A plak\u00e1t Szentes Ottok\u00e1r munk\u00e1ja.<\/p>\n<p>[\/et_pb_text][\/et_pb_column][\/et_pb_row][\/et_pb_section]<\/p>\n","protected":false},"excerpt":{"rendered":"<p>A B\u00e1lv\u00e1nyA B\u00e1lv\u00e1ny Tam\u00e1si \u00c1ron: T\u00fcnd\u00f6kl\u0151 Jeromos c. m\u0171ve alapj\u00e1n sz\u00ednpadra \u00e1ll\u00edtotta \u00e9s el\u0151adja a Szabad Sz\u00ednh\u00e1z. Egy szel\u00edd reggel \u00f6lt\u00f6ny\u00f6s f\u00e9rfi \u00e9rkezik a falu kocsm\u00e1j\u00e1ba. Amolyan \u00fcgyn\u00f6kf\u00e9le. Azt mondja, [&hellip;]<\/p>\n","protected":false},"author":2,"featured_media":0,"parent":75,"menu_order":0,"comment_status":"closed","ping_status":"closed","template":"","meta":{"_et_pb_use_builder":"on","_et_pb_old_content":"","_et_gb_content_width":"","_price":"","_stock":"","_tribe_ticket_header":"","_tribe_default_ticket_provider":"","_ticket_start_date":"","_ticket_end_date":"","_tribe_ticket_show_description":"","_tribe_ticket_show_not_going":false,"_tribe_ticket_use_global_stock":"","_tribe_ticket_global_stock_level":"","_global_stock_mode":"","_global_stock_cap":"","_tribe_rsvp_for_event":"","_tribe_ticket_going_count":"","_tribe_ticket_not_going_count":"","_tribe_tickets_list":"[]","_tribe_ticket_has_attendee_info_fields":false,"footnotes":"","_tec_slr_enabled":"","_tec_slr_layout":""},"class_list":["post-4214","page","type-page","status-publish","hentry"],"yoast_head":"<!-- This site is optimized with the Yoast SEO plugin v25.0 - https:\/\/yoast.com\/wordpress\/plugins\/seo\/ -->\n<title>A B\u00e1lv\u00e1ny - Szabad Sz\u00ednh\u00e1z<\/title>\n<meta name=\"robots\" content=\"index, follow, max-snippet:-1, max-image-preview:large, max-video-preview:-1\" \/>\n<link rel=\"canonical\" href=\"https:\/\/www.szabadszinhaz.hu\/en\/szinhazi-eloadasok\/a-balvany\/\" \/>\n<meta property=\"og:locale\" content=\"en_US\" \/>\n<meta property=\"og:type\" content=\"article\" \/>\n<meta property=\"og:title\" content=\"A B\u00e1lv\u00e1ny - Szabad Sz\u00ednh\u00e1z\" \/>\n<meta property=\"og:description\" content=\"A B\u00e1lv\u00e1nyA B\u00e1lv\u00e1ny Tam\u00e1si \u00c1ron: T\u00fcnd\u00f6kl\u0151 Jeromos c. m\u0171ve alapj\u00e1n sz\u00ednpadra \u00e1ll\u00edtotta \u00e9s el\u0151adja a Szabad Sz\u00ednh\u00e1z. Egy szel\u00edd reggel \u00f6lt\u00f6ny\u00f6s f\u00e9rfi \u00e9rkezik a falu kocsm\u00e1j\u00e1ba. Amolyan \u00fcgyn\u00f6kf\u00e9le. Azt mondja, [&hellip;]\" \/>\n<meta property=\"og:url\" content=\"https:\/\/www.szabadszinhaz.hu\/en\/szinhazi-eloadasok\/a-balvany\/\" \/>\n<meta property=\"og:site_name\" content=\"Szabad Sz\u00ednh\u00e1z\" \/>\n<meta property=\"article:publisher\" content=\"https:\/\/www.facebook.com\/szabadszinhaz\" \/>\n<meta property=\"article:modified_time\" content=\"2022-02-13T11:42:12+00:00\" \/>\n<meta name=\"twitter:card\" content=\"summary_large_image\" \/>\n<meta name=\"twitter:label1\" content=\"Est. reading time\" \/>\n\t<meta name=\"twitter:data1\" content=\"3 minutes\" \/>\n<script type=\"application\/ld+json\" class=\"yoast-schema-graph\">{\"@context\":\"https:\/\/schema.org\",\"@graph\":[{\"@type\":\"WebPage\",\"@id\":\"https:\/\/www.szabadszinhaz.hu\/szinhazi-eloadasok\/a-balvany\/\",\"url\":\"https:\/\/www.szabadszinhaz.hu\/szinhazi-eloadasok\/a-balvany\/\",\"name\":\"A B\u00e1lv\u00e1ny - Szabad Sz\u00ednh\u00e1z\",\"isPartOf\":{\"@id\":\"https:\/\/www.szabadszinhaz.hu\/#website\"},\"datePublished\":\"2022-02-13T11:37:20+00:00\",\"dateModified\":\"2022-02-13T11:42:12+00:00\",\"breadcrumb\":{\"@id\":\"https:\/\/www.szabadszinhaz.hu\/szinhazi-eloadasok\/a-balvany\/#breadcrumb\"},\"inLanguage\":\"en-US\",\"potentialAction\":[{\"@type\":\"ReadAction\",\"target\":[\"https:\/\/www.szabadszinhaz.hu\/szinhazi-eloadasok\/a-balvany\/\"]}]},{\"@type\":\"BreadcrumbList\",\"@id\":\"https:\/\/www.szabadszinhaz.hu\/szinhazi-eloadasok\/a-balvany\/#breadcrumb\",\"itemListElement\":[{\"@type\":\"ListItem\",\"position\":1,\"name\":\"Kezd\u0151lap\",\"item\":\"https:\/\/www.szabadszinhaz.hu\/\"},{\"@type\":\"ListItem\",\"position\":2,\"name\":\"Sz\u00ednh\u00e1zi el\u0151ad\u00e1sok &#8211;\",\"item\":\"https:\/\/www.szabadszinhaz.hu\/szinhazi-eloadasok\/\"},{\"@type\":\"ListItem\",\"position\":3,\"name\":\"A B\u00e1lv\u00e1ny\"}]},{\"@type\":\"WebSite\",\"@id\":\"https:\/\/www.szabadszinhaz.hu\/#website\",\"url\":\"https:\/\/www.szabadszinhaz.hu\/\",\"name\":\"Szabad Sz\u00ednh\u00e1z\",\"description\":\"Szabad Sz\u00ednh\u00e1z\",\"publisher\":{\"@id\":\"https:\/\/www.szabadszinhaz.hu\/#organization\"},\"potentialAction\":[{\"@type\":\"SearchAction\",\"target\":{\"@type\":\"EntryPoint\",\"urlTemplate\":\"https:\/\/www.szabadszinhaz.hu\/?s={search_term_string}\"},\"query-input\":{\"@type\":\"PropertyValueSpecification\",\"valueRequired\":true,\"valueName\":\"search_term_string\"}}],\"inLanguage\":\"en-US\"},{\"@type\":\"Organization\",\"@id\":\"https:\/\/www.szabadszinhaz.hu\/#organization\",\"name\":\"Szabad Sz\u00ednh\u00e1z SZ\u00cdN-T\u00c9R Egyes\u00fclet\",\"url\":\"https:\/\/www.szabadszinhaz.hu\/\",\"logo\":{\"@type\":\"ImageObject\",\"inLanguage\":\"en-US\",\"@id\":\"https:\/\/www.szabadszinhaz.hu\/#\/schema\/logo\/image\/\",\"url\":\"https:\/\/www.szabadszinhaz.hu\/wp-content\/uploads\/2025\/01\/images.jpg\",\"contentUrl\":\"https:\/\/www.szabadszinhaz.hu\/wp-content\/uploads\/2025\/01\/images.jpg\",\"width\":178,\"height\":284,\"caption\":\"Szabad Sz\u00ednh\u00e1z SZ\u00cdN-T\u00c9R Egyes\u00fclet\"},\"image\":{\"@id\":\"https:\/\/www.szabadszinhaz.hu\/#\/schema\/logo\/image\/\"},\"sameAs\":[\"https:\/\/www.facebook.com\/szabadszinhaz\"]}]}<\/script>\n<!-- \/ Yoast SEO plugin. -->","yoast_head_json":{"title":"A B\u00e1lv\u00e1ny - Szabad Sz\u00ednh\u00e1z","robots":{"index":"index","follow":"follow","max-snippet":"max-snippet:-1","max-image-preview":"max-image-preview:large","max-video-preview":"max-video-preview:-1"},"canonical":"https:\/\/www.szabadszinhaz.hu\/en\/szinhazi-eloadasok\/a-balvany\/","og_locale":"en_US","og_type":"article","og_title":"A B\u00e1lv\u00e1ny - Szabad Sz\u00ednh\u00e1z","og_description":"A B\u00e1lv\u00e1nyA B\u00e1lv\u00e1ny Tam\u00e1si \u00c1ron: T\u00fcnd\u00f6kl\u0151 Jeromos c. m\u0171ve alapj\u00e1n sz\u00ednpadra \u00e1ll\u00edtotta \u00e9s el\u0151adja a Szabad Sz\u00ednh\u00e1z. Egy szel\u00edd reggel \u00f6lt\u00f6ny\u00f6s f\u00e9rfi \u00e9rkezik a falu kocsm\u00e1j\u00e1ba. Amolyan \u00fcgyn\u00f6kf\u00e9le. Azt mondja, [&hellip;]","og_url":"https:\/\/www.szabadszinhaz.hu\/en\/szinhazi-eloadasok\/a-balvany\/","og_site_name":"Szabad Sz\u00ednh\u00e1z","article_publisher":"https:\/\/www.facebook.com\/szabadszinhaz","article_modified_time":"2022-02-13T11:42:12+00:00","twitter_card":"summary_large_image","twitter_misc":{"Est. reading time":"3 minutes"},"schema":{"@context":"https:\/\/schema.org","@graph":[{"@type":"WebPage","@id":"https:\/\/www.szabadszinhaz.hu\/szinhazi-eloadasok\/a-balvany\/","url":"https:\/\/www.szabadszinhaz.hu\/szinhazi-eloadasok\/a-balvany\/","name":"A B\u00e1lv\u00e1ny - Szabad Sz\u00ednh\u00e1z","isPartOf":{"@id":"https:\/\/www.szabadszinhaz.hu\/#website"},"datePublished":"2022-02-13T11:37:20+00:00","dateModified":"2022-02-13T11:42:12+00:00","breadcrumb":{"@id":"https:\/\/www.szabadszinhaz.hu\/szinhazi-eloadasok\/a-balvany\/#breadcrumb"},"inLanguage":"en-US","potentialAction":[{"@type":"ReadAction","target":["https:\/\/www.szabadszinhaz.hu\/szinhazi-eloadasok\/a-balvany\/"]}]},{"@type":"BreadcrumbList","@id":"https:\/\/www.szabadszinhaz.hu\/szinhazi-eloadasok\/a-balvany\/#breadcrumb","itemListElement":[{"@type":"ListItem","position":1,"name":"Kezd\u0151lap","item":"https:\/\/www.szabadszinhaz.hu\/"},{"@type":"ListItem","position":2,"name":"Sz\u00ednh\u00e1zi el\u0151ad\u00e1sok &#8211;","item":"https:\/\/www.szabadszinhaz.hu\/szinhazi-eloadasok\/"},{"@type":"ListItem","position":3,"name":"A B\u00e1lv\u00e1ny"}]},{"@type":"WebSite","@id":"https:\/\/www.szabadszinhaz.hu\/#website","url":"https:\/\/www.szabadszinhaz.hu\/","name":"Free Theatre - Szabad Sz\u00ednh\u00e1z","description":"Free Theatre - Szabad Sz\u00ednh\u00e1z","publisher":{"@id":"https:\/\/www.szabadszinhaz.hu\/#organization"},"potentialAction":[{"@type":"SearchAction","target":{"@type":"EntryPoint","urlTemplate":"https:\/\/www.szabadszinhaz.hu\/?s={search_term_string}"},"query-input":{"@type":"PropertyValueSpecification","valueRequired":true,"valueName":"search_term_string"}}],"inLanguage":"en-US"},{"@type":"Organization","@id":"https:\/\/www.szabadszinhaz.hu\/#organization","name":"Szabad Sz\u00ednh\u00e1z SZ\u00cdN-T\u00c9R Egyes\u00fclet","url":"https:\/\/www.szabadszinhaz.hu\/","logo":{"@type":"ImageObject","inLanguage":"en-US","@id":"https:\/\/www.szabadszinhaz.hu\/#\/schema\/logo\/image\/","url":"https:\/\/www.szabadszinhaz.hu\/wp-content\/uploads\/2025\/01\/images.jpg","contentUrl":"https:\/\/www.szabadszinhaz.hu\/wp-content\/uploads\/2025\/01\/images.jpg","width":178,"height":284,"caption":"Szabad Sz\u00ednh\u00e1z SZ\u00cdN-T\u00c9R Egyes\u00fclet"},"image":{"@id":"https:\/\/www.szabadszinhaz.hu\/#\/schema\/logo\/image\/"},"sameAs":["https:\/\/www.facebook.com\/szabadszinhaz"]}]}},"ticketed":false,"_links":{"self":[{"href":"https:\/\/www.szabadszinhaz.hu\/en\/wp-json\/wp\/v2\/pages\/4214","targetHints":{"allow":["GET"]}}],"collection":[{"href":"https:\/\/www.szabadszinhaz.hu\/en\/wp-json\/wp\/v2\/pages"}],"about":[{"href":"https:\/\/www.szabadszinhaz.hu\/en\/wp-json\/wp\/v2\/types\/page"}],"author":[{"embeddable":true,"href":"https:\/\/www.szabadszinhaz.hu\/en\/wp-json\/wp\/v2\/users\/2"}],"replies":[{"embeddable":true,"href":"https:\/\/www.szabadszinhaz.hu\/en\/wp-json\/wp\/v2\/comments?post=4214"}],"version-history":[{"count":4,"href":"https:\/\/www.szabadszinhaz.hu\/en\/wp-json\/wp\/v2\/pages\/4214\/revisions"}],"predecessor-version":[{"id":4220,"href":"https:\/\/www.szabadszinhaz.hu\/en\/wp-json\/wp\/v2\/pages\/4214\/revisions\/4220"}],"up":[{"embeddable":true,"href":"https:\/\/www.szabadszinhaz.hu\/en\/wp-json\/wp\/v2\/pages\/75"}],"wp:attachment":[{"href":"https:\/\/www.szabadszinhaz.hu\/en\/wp-json\/wp\/v2\/media?parent=4214"}],"curies":[{"name":"wp","href":"https:\/\/api.w.org\/{rel}","templated":true}]}}