{"id":4208,"date":"2022-02-12T17:43:20","date_gmt":"2022-02-12T16:43:20","guid":{"rendered":"http:\/\/www.szabszinhaz.hu\/?page_id=4208"},"modified":"2022-02-12T17:59:13","modified_gmt":"2022-02-12T16:59:13","slug":"j-a-100","status":"publish","type":"page","link":"https:\/\/www.szabadszinhaz.hu\/en\/szinhazi-eloadasok\/j-a-100\/","title":{"rendered":"J.A. 100"},"content":{"rendered":"<p>[et_pb_section fb_built=&#8221;1&#8243; _builder_version=&#8221;4.14.1&#8243; _module_preset=&#8221;default&#8221; background_color=&#8221;#fff1d0&#8243; global_colors_info=&#8221;{}&#8221;][et_pb_row _builder_version=&#8221;4.14.1&#8243; _module_preset=&#8221;default&#8221; global_colors_info=&#8221;{}&#8221;][et_pb_column type=&#8221;4_4&#8243; _builder_version=&#8221;4.14.1&#8243; _module_preset=&#8221;default&#8221; global_colors_info=&#8221;{}&#8221;][et_pb_text _builder_version=&#8221;4.14.4&#8243; _module_preset=&#8221;default&#8221; text_text_color=&#8221;#000000&#8243; text_font_size=&#8221;28px&#8221; hover_enabled=&#8221;0&#8243; global_colors_info=&#8221;{}&#8221; sticky_enabled=&#8221;0&#8243;]<\/p>\n<p><strong>Comico-Historico Allegoricha -vid\u00e1m \u00e9letk\u00e9pek I. L\u00e1szl\u00f3 kir\u00e1ly \u00e9let\u00e9r\u0151l-<\/strong><\/p>\n<p>[\/et_pb_text][\/et_pb_column][\/et_pb_row][et_pb_row _builder_version=&#8221;4.14.1&#8243; _module_preset=&#8221;default&#8221; custom_padding=&#8221;3px||0px|||&#8221; global_colors_info=&#8221;{}&#8221;][et_pb_column type=&#8221;4_4&#8243; _builder_version=&#8221;4.14.1&#8243; _module_preset=&#8221;default&#8221; global_colors_info=&#8221;{}&#8221;][et_pb_divider color=&#8221;#000000&#8243; divider_weight=&#8221;4px&#8221; _builder_version=&#8221;4.14.1&#8243; _module_preset=&#8221;default&#8221; custom_margin=&#8221;||-58px|||&#8221; global_colors_info=&#8221;{}&#8221;][\/et_pb_divider][\/et_pb_column][\/et_pb_row][et_pb_row _builder_version=&#8221;4.14.4&#8243; _module_preset=&#8221;default&#8221; custom_margin=&#8221;|auto|-36px|auto||&#8221; custom_padding=&#8221;||0px|||&#8221; hover_enabled=&#8221;0&#8243; global_colors_info=&#8221;{}&#8221; sticky_enabled=&#8221;0&#8243;][et_pb_column type=&#8221;4_4&#8243; _builder_version=&#8221;4.14.1&#8243; _module_preset=&#8221;default&#8221; global_colors_info=&#8221;{}&#8221;][et_pb_text _builder_version=&#8221;4.14.4&#8243; _module_preset=&#8221;default&#8221; text_text_color=&#8221;#000000&#8243; text_font_size=&#8221;17px&#8221; text_line_height=&#8221;1.6em&#8221; text_orientation=&#8221;center&#8221; custom_padding=&#8221;0px|||||&#8221; hover_enabled=&#8221;0&#8243; global_colors_info=&#8221;{}&#8221; sticky_enabled=&#8221;0&#8243;]<\/p>\n<p style=\"text-align: left;\">Az I. L\u00e1szl\u00f3 szerelm\u00e9r\u0151l sz\u00f3l\u00f3 m\u0171 r\u00e9sze annak a humoros t\u00f6rt\u00e9nelmi tril\u00f3gi\u00e1nak, amelyet Adorj\u00e1n Viktor a magyar t\u00f6rt\u00e9nelem ismertebb esem\u00e9nyeir\u0151l \u00edrt, kifejezetten a t\u00e1rsulat sz\u00e1m\u00e1ra.<\/p>\n<p style=\"text-align: left;\">Az el\u0151ad\u00e1s a v\u00e1s\u00e1ri kom\u00e9dia st\u00edlus\u00e1ban eleven\u00edti fel a magyar t\u00f6rt\u00e9nelem szerepl\u0151it, \u00e9s azok \u2013jellegzetes, karik\u00edrozott \u00f6lt\u00f6z\u00e9keit. L\u00e1thatunk kifejezetten a kom\u00e9dia c\u00e9lj\u00e1ra k\u00e9sz\u00fclt lovagi pajzsokat, l\u00e1ndzs\u00e1kat, koron\u00e1kat \u00e9s d\u00edszes \u00f6lt\u00f6z\u00e9keket. Az el\u0151ad\u00e1s k\u00f6nnyed t\u00f6rt\u00e9nelmi tr\u00e9fa , amelyet csal\u00e1dok sz\u00e1m\u00e1ra aj\u00e1nlunk.<\/p>\n<p><strong>Szerepl\u0151 szem\u00e9lyek:<\/strong><\/p>\n<p>Estef\u00e1n az magyarok els\u0151 ker\u00e1la: Kov\u00e1cs Szil\u00e1rd <br \/>Szent Gy\u00f6rgy a s\u00e1rk\u00e1ny\u00f6l\u0151 lovag: Szab\u00f3 Mikl\u00f3s <br \/>B\u00e9la: Szab\u00f3 D\u00e1niel Ferenc <br \/>B\u00e9la feles\u00e9ge: Szerencs\u00e9s Rita <br \/>Szent L\u00e1szl\u00f3 <br \/>Csecsem\u0151, gyermek: Szer\u00e9my B\u00e1tor Zsombor <br \/>Ifj\u00fa: Szer\u00e9my D\u00e1niel <br \/>Feln\u0151tt: Szab\u00f3 Mikl\u00f3s Bence <br \/>Adelheid <br \/>csecsem\u0151: Kelemen R\u00e9ka <br \/>kisl\u00e1ny: G\u00e1bor Kata <br \/>Ifj\u00fa l\u00e1ny: D\u00e9r Kata <br \/>Aba S\u00e1muel: Szab\u00f3 D\u00e1niel Ferenc <br \/>Velencei P\u00e9t\u00f6r, Estef\u00e1n s\u00f3gora: Klecska M\u00e1ty\u00e1s Bertalan <br \/>Gergely P\u00e1pa: Udvaros Gy\u00f6rgy <br \/>Szent Borb\u00e1la: St\u00e9ger ILdik\u00f3 <br \/>Rudolf, n\u00e9met ellencs\u00e1sz\u00e1r: Kov\u00e1cs M\u00e1t\u00e9 <br \/>Rudolf feles\u00e9ge: F\u00f6v\u00e9nyesi D\u00f3ra <br \/>Diderg\u0151 Henrik: F\u00fclep B\u00e1lint <br \/>Szerzetesek, lovagok: Csutor\u00e1s M\u00e1rton, Szab\u00f3 D\u00e1niel Ferenc, F\u00e1ncsik Gy\u00f6rgyi, K\u00f6vesi T\u00fcnde, F\u00f6v\u00e9nyesi D\u00f3ra, Szerencs\u00e9s Rita <br \/>A kom\u00e9dia kiki\u00e1lt\u00f3ja: Nagy Judit <br \/>\u00c9nekmond\u00f3: Koncz K\u00e1roly <\/p>\n<p><strong>A Comico Historico zen\u00e9j\u00e9t szerezte:<\/strong> Koncz K\u00e1roly<\/p>\n<p><strong>Rendezte:<\/strong> Nagy Judit<\/p>\n<p>[\/et_pb_text][\/et_pb_column][\/et_pb_row][\/et_pb_section]<\/p>\n","protected":false},"excerpt":{"rendered":"<p>Comico-Historico Allegoricha -vid\u00e1m \u00e9letk\u00e9pek I. L\u00e1szl\u00f3 kir\u00e1ly \u00e9let\u00e9r\u0151l-Az I. L\u00e1szl\u00f3 szerelm\u00e9r\u0151l sz\u00f3l\u00f3 m\u0171 r\u00e9sze annak a humoros t\u00f6rt\u00e9nelmi tril\u00f3gi\u00e1nak, amelyet Adorj\u00e1n Viktor a magyar t\u00f6rt\u00e9nelem ismertebb esem\u00e9nyeir\u0151l \u00edrt, kifejezetten a [&hellip;]<\/p>\n","protected":false},"author":2,"featured_media":0,"parent":75,"menu_order":0,"comment_status":"closed","ping_status":"closed","template":"","meta":{"_et_pb_use_builder":"on","_et_pb_old_content":"","_et_gb_content_width":"","_price":"","_stock":"","_tribe_ticket_header":"","_tribe_default_ticket_provider":"","_ticket_start_date":"","_ticket_end_date":"","_tribe_ticket_show_description":"","_tribe_ticket_show_not_going":false,"_tribe_ticket_use_global_stock":"","_tribe_ticket_global_stock_level":"","_global_stock_mode":"","_global_stock_cap":"","_tribe_rsvp_for_event":"","_tribe_ticket_going_count":"","_tribe_ticket_not_going_count":"","_tribe_tickets_list":"[]","_tribe_ticket_has_attendee_info_fields":false,"footnotes":"","_tec_slr_enabled":"","_tec_slr_layout":""},"class_list":["post-4208","page","type-page","status-publish","hentry"],"yoast_head":"<!-- This site is optimized with the Yoast SEO plugin v25.0 - https:\/\/yoast.com\/wordpress\/plugins\/seo\/ -->\n<title>J.A. 100 - Szabad Sz\u00ednh\u00e1z<\/title>\n<meta name=\"robots\" content=\"index, follow, max-snippet:-1, max-image-preview:large, max-video-preview:-1\" \/>\n<link rel=\"canonical\" href=\"https:\/\/www.szabadszinhaz.hu\/en\/szinhazi-eloadasok\/j-a-100\/\" \/>\n<meta property=\"og:locale\" content=\"en_US\" \/>\n<meta property=\"og:type\" content=\"article\" \/>\n<meta property=\"og:title\" content=\"J.A. 100 - Szabad Sz\u00ednh\u00e1z\" \/>\n<meta property=\"og:description\" content=\"Comico-Historico Allegoricha -vid\u00e1m \u00e9letk\u00e9pek I. L\u00e1szl\u00f3 kir\u00e1ly \u00e9let\u00e9r\u0151l-Az I. L\u00e1szl\u00f3 szerelm\u00e9r\u0151l sz\u00f3l\u00f3 m\u0171 r\u00e9sze annak a humoros t\u00f6rt\u00e9nelmi tril\u00f3gi\u00e1nak, amelyet Adorj\u00e1n Viktor a magyar t\u00f6rt\u00e9nelem ismertebb esem\u00e9nyeir\u0151l \u00edrt, kifejezetten a [&hellip;]\" \/>\n<meta property=\"og:url\" content=\"https:\/\/www.szabadszinhaz.hu\/en\/szinhazi-eloadasok\/j-a-100\/\" \/>\n<meta property=\"og:site_name\" content=\"Szabad Sz\u00ednh\u00e1z\" \/>\n<meta property=\"article:publisher\" content=\"https:\/\/www.facebook.com\/szabadszinhaz\" \/>\n<meta property=\"article:modified_time\" content=\"2022-02-12T16:59:13+00:00\" \/>\n<meta name=\"twitter:card\" content=\"summary_large_image\" \/>\n<meta name=\"twitter:label1\" content=\"Est. reading time\" \/>\n\t<meta name=\"twitter:data1\" content=\"3 minutes\" \/>\n<script type=\"application\/ld+json\" class=\"yoast-schema-graph\">{\"@context\":\"https:\/\/schema.org\",\"@graph\":[{\"@type\":\"WebPage\",\"@id\":\"https:\/\/www.szabadszinhaz.hu\/szinhazi-eloadasok\/j-a-100\/\",\"url\":\"https:\/\/www.szabadszinhaz.hu\/szinhazi-eloadasok\/j-a-100\/\",\"name\":\"J.A. 100 - Szabad Sz\u00ednh\u00e1z\",\"isPartOf\":{\"@id\":\"https:\/\/www.szabadszinhaz.hu\/#website\"},\"datePublished\":\"2022-02-12T16:43:20+00:00\",\"dateModified\":\"2022-02-12T16:59:13+00:00\",\"breadcrumb\":{\"@id\":\"https:\/\/www.szabadszinhaz.hu\/szinhazi-eloadasok\/j-a-100\/#breadcrumb\"},\"inLanguage\":\"en-US\",\"potentialAction\":[{\"@type\":\"ReadAction\",\"target\":[\"https:\/\/www.szabadszinhaz.hu\/szinhazi-eloadasok\/j-a-100\/\"]}]},{\"@type\":\"BreadcrumbList\",\"@id\":\"https:\/\/www.szabadszinhaz.hu\/szinhazi-eloadasok\/j-a-100\/#breadcrumb\",\"itemListElement\":[{\"@type\":\"ListItem\",\"position\":1,\"name\":\"Kezd\u0151lap\",\"item\":\"https:\/\/www.szabadszinhaz.hu\/\"},{\"@type\":\"ListItem\",\"position\":2,\"name\":\"Sz\u00ednh\u00e1zi el\u0151ad\u00e1sok &#8211;\",\"item\":\"https:\/\/www.szabadszinhaz.hu\/szinhazi-eloadasok\/\"},{\"@type\":\"ListItem\",\"position\":3,\"name\":\"J.A. 100\"}]},{\"@type\":\"WebSite\",\"@id\":\"https:\/\/www.szabadszinhaz.hu\/#website\",\"url\":\"https:\/\/www.szabadszinhaz.hu\/\",\"name\":\"Szabad Sz\u00ednh\u00e1z\",\"description\":\"Szabad Sz\u00ednh\u00e1z\",\"publisher\":{\"@id\":\"https:\/\/www.szabadszinhaz.hu\/#organization\"},\"potentialAction\":[{\"@type\":\"SearchAction\",\"target\":{\"@type\":\"EntryPoint\",\"urlTemplate\":\"https:\/\/www.szabadszinhaz.hu\/?s={search_term_string}\"},\"query-input\":{\"@type\":\"PropertyValueSpecification\",\"valueRequired\":true,\"valueName\":\"search_term_string\"}}],\"inLanguage\":\"en-US\"},{\"@type\":\"Organization\",\"@id\":\"https:\/\/www.szabadszinhaz.hu\/#organization\",\"name\":\"Szabad Sz\u00ednh\u00e1z SZ\u00cdN-T\u00c9R Egyes\u00fclet\",\"url\":\"https:\/\/www.szabadszinhaz.hu\/\",\"logo\":{\"@type\":\"ImageObject\",\"inLanguage\":\"en-US\",\"@id\":\"https:\/\/www.szabadszinhaz.hu\/#\/schema\/logo\/image\/\",\"url\":\"https:\/\/www.szabadszinhaz.hu\/wp-content\/uploads\/2025\/01\/images.jpg\",\"contentUrl\":\"https:\/\/www.szabadszinhaz.hu\/wp-content\/uploads\/2025\/01\/images.jpg\",\"width\":178,\"height\":284,\"caption\":\"Szabad Sz\u00ednh\u00e1z SZ\u00cdN-T\u00c9R Egyes\u00fclet\"},\"image\":{\"@id\":\"https:\/\/www.szabadszinhaz.hu\/#\/schema\/logo\/image\/\"},\"sameAs\":[\"https:\/\/www.facebook.com\/szabadszinhaz\"]}]}<\/script>\n<!-- \/ Yoast SEO plugin. -->","yoast_head_json":{"title":"J.A. 100 - Szabad Sz\u00ednh\u00e1z","robots":{"index":"index","follow":"follow","max-snippet":"max-snippet:-1","max-image-preview":"max-image-preview:large","max-video-preview":"max-video-preview:-1"},"canonical":"https:\/\/www.szabadszinhaz.hu\/en\/szinhazi-eloadasok\/j-a-100\/","og_locale":"en_US","og_type":"article","og_title":"J.A. 100 - Szabad Sz\u00ednh\u00e1z","og_description":"Comico-Historico Allegoricha -vid\u00e1m \u00e9letk\u00e9pek I. L\u00e1szl\u00f3 kir\u00e1ly \u00e9let\u00e9r\u0151l-Az I. L\u00e1szl\u00f3 szerelm\u00e9r\u0151l sz\u00f3l\u00f3 m\u0171 r\u00e9sze annak a humoros t\u00f6rt\u00e9nelmi tril\u00f3gi\u00e1nak, amelyet Adorj\u00e1n Viktor a magyar t\u00f6rt\u00e9nelem ismertebb esem\u00e9nyeir\u0151l \u00edrt, kifejezetten a [&hellip;]","og_url":"https:\/\/www.szabadszinhaz.hu\/en\/szinhazi-eloadasok\/j-a-100\/","og_site_name":"Szabad Sz\u00ednh\u00e1z","article_publisher":"https:\/\/www.facebook.com\/szabadszinhaz","article_modified_time":"2022-02-12T16:59:13+00:00","twitter_card":"summary_large_image","twitter_misc":{"Est. reading time":"3 minutes"},"schema":{"@context":"https:\/\/schema.org","@graph":[{"@type":"WebPage","@id":"https:\/\/www.szabadszinhaz.hu\/szinhazi-eloadasok\/j-a-100\/","url":"https:\/\/www.szabadszinhaz.hu\/szinhazi-eloadasok\/j-a-100\/","name":"J.A. 100 - Szabad Sz\u00ednh\u00e1z","isPartOf":{"@id":"https:\/\/www.szabadszinhaz.hu\/#website"},"datePublished":"2022-02-12T16:43:20+00:00","dateModified":"2022-02-12T16:59:13+00:00","breadcrumb":{"@id":"https:\/\/www.szabadszinhaz.hu\/szinhazi-eloadasok\/j-a-100\/#breadcrumb"},"inLanguage":"en-US","potentialAction":[{"@type":"ReadAction","target":["https:\/\/www.szabadszinhaz.hu\/szinhazi-eloadasok\/j-a-100\/"]}]},{"@type":"BreadcrumbList","@id":"https:\/\/www.szabadszinhaz.hu\/szinhazi-eloadasok\/j-a-100\/#breadcrumb","itemListElement":[{"@type":"ListItem","position":1,"name":"Kezd\u0151lap","item":"https:\/\/www.szabadszinhaz.hu\/"},{"@type":"ListItem","position":2,"name":"Sz\u00ednh\u00e1zi el\u0151ad\u00e1sok &#8211;","item":"https:\/\/www.szabadszinhaz.hu\/szinhazi-eloadasok\/"},{"@type":"ListItem","position":3,"name":"J.A. 100"}]},{"@type":"WebSite","@id":"https:\/\/www.szabadszinhaz.hu\/#website","url":"https:\/\/www.szabadszinhaz.hu\/","name":"Free Theatre - Szabad Sz\u00ednh\u00e1z","description":"Free Theatre - Szabad Sz\u00ednh\u00e1z","publisher":{"@id":"https:\/\/www.szabadszinhaz.hu\/#organization"},"potentialAction":[{"@type":"SearchAction","target":{"@type":"EntryPoint","urlTemplate":"https:\/\/www.szabadszinhaz.hu\/?s={search_term_string}"},"query-input":{"@type":"PropertyValueSpecification","valueRequired":true,"valueName":"search_term_string"}}],"inLanguage":"en-US"},{"@type":"Organization","@id":"https:\/\/www.szabadszinhaz.hu\/#organization","name":"Szabad Sz\u00ednh\u00e1z SZ\u00cdN-T\u00c9R Egyes\u00fclet","url":"https:\/\/www.szabadszinhaz.hu\/","logo":{"@type":"ImageObject","inLanguage":"en-US","@id":"https:\/\/www.szabadszinhaz.hu\/#\/schema\/logo\/image\/","url":"https:\/\/www.szabadszinhaz.hu\/wp-content\/uploads\/2025\/01\/images.jpg","contentUrl":"https:\/\/www.szabadszinhaz.hu\/wp-content\/uploads\/2025\/01\/images.jpg","width":178,"height":284,"caption":"Szabad Sz\u00ednh\u00e1z SZ\u00cdN-T\u00c9R Egyes\u00fclet"},"image":{"@id":"https:\/\/www.szabadszinhaz.hu\/#\/schema\/logo\/image\/"},"sameAs":["https:\/\/www.facebook.com\/szabadszinhaz"]}]}},"ticketed":false,"_links":{"self":[{"href":"https:\/\/www.szabadszinhaz.hu\/en\/wp-json\/wp\/v2\/pages\/4208","targetHints":{"allow":["GET"]}}],"collection":[{"href":"https:\/\/www.szabadszinhaz.hu\/en\/wp-json\/wp\/v2\/pages"}],"about":[{"href":"https:\/\/www.szabadszinhaz.hu\/en\/wp-json\/wp\/v2\/types\/page"}],"author":[{"embeddable":true,"href":"https:\/\/www.szabadszinhaz.hu\/en\/wp-json\/wp\/v2\/users\/2"}],"replies":[{"embeddable":true,"href":"https:\/\/www.szabadszinhaz.hu\/en\/wp-json\/wp\/v2\/comments?post=4208"}],"version-history":[{"count":3,"href":"https:\/\/www.szabadszinhaz.hu\/en\/wp-json\/wp\/v2\/pages\/4208\/revisions"}],"predecessor-version":[{"id":4212,"href":"https:\/\/www.szabadszinhaz.hu\/en\/wp-json\/wp\/v2\/pages\/4208\/revisions\/4212"}],"up":[{"embeddable":true,"href":"https:\/\/www.szabadszinhaz.hu\/en\/wp-json\/wp\/v2\/pages\/75"}],"wp:attachment":[{"href":"https:\/\/www.szabadszinhaz.hu\/en\/wp-json\/wp\/v2\/media?parent=4208"}],"curies":[{"name":"wp","href":"https:\/\/api.w.org\/{rel}","templated":true}]}}