{"id":4196,"date":"2022-02-17T08:48:40","date_gmt":"2022-02-17T07:48:40","guid":{"rendered":"http:\/\/www.szabszinhaz.hu\/?page_id=4196"},"modified":"2022-02-17T08:48:43","modified_gmt":"2022-02-17T07:48:43","slug":"ljubos-balak-svejk-unokaja","status":"publish","type":"page","link":"https:\/\/www.szabadszinhaz.hu\/en\/szinhazi-eloadasok\/ljubos-balak-svejk-unokaja\/","title":{"rendered":"Ljubos Balak: \u0160vejk unok\u00e1ja"},"content":{"rendered":"<p>[et_pb_section fb_built=&#8221;1&#8243; _builder_version=&#8221;4.14.1&#8243; _module_preset=&#8221;default&#8221; background_color=&#8221;#fff1d0&#8243; global_colors_info=&#8221;{}&#8221;][et_pb_row _builder_version=&#8221;4.14.1&#8243; _module_preset=&#8221;default&#8221; global_colors_info=&#8221;{}&#8221;][et_pb_column type=&#8221;4_4&#8243; _builder_version=&#8221;4.14.1&#8243; _module_preset=&#8221;default&#8221; global_colors_info=&#8221;{}&#8221;][et_pb_text _builder_version=&#8221;4.14.4&#8243; _module_preset=&#8221;default&#8221; text_text_color=&#8221;#000000&#8243; text_font_size=&#8221;28px&#8221; global_colors_info=&#8221;{}&#8221;]<\/p>\n<p><strong>Ljubos Balak: \u0160vejk unok\u00e1ja<\/strong><\/p>\n<p>[\/et_pb_text][\/et_pb_column][\/et_pb_row][et_pb_row _builder_version=&#8221;4.14.1&#8243; _module_preset=&#8221;default&#8221; custom_padding=&#8221;3px||0px|||&#8221; global_colors_info=&#8221;{}&#8221;][et_pb_column type=&#8221;4_4&#8243; _builder_version=&#8221;4.14.1&#8243; _module_preset=&#8221;default&#8221; global_colors_info=&#8221;{}&#8221;][et_pb_divider color=&#8221;#000000&#8243; divider_weight=&#8221;4px&#8221; _builder_version=&#8221;4.14.1&#8243; _module_preset=&#8221;default&#8221; custom_margin=&#8221;||-58px|||&#8221; global_colors_info=&#8221;{}&#8221;][\/et_pb_divider][\/et_pb_column][\/et_pb_row][et_pb_row column_structure=&#8221;1_2,1_2&#8243; _builder_version=&#8221;4.14.1&#8243; _module_preset=&#8221;default&#8221; custom_margin=&#8221;|auto|-36px|auto||&#8221; custom_padding=&#8221;||0px|||&#8221; global_colors_info=&#8221;{}&#8221;][et_pb_column type=&#8221;1_2&#8243; _builder_version=&#8221;4.14.1&#8243; _module_preset=&#8221;default&#8221; global_colors_info=&#8221;{}&#8221;][et_pb_text _builder_version=&#8221;4.14.4&#8243; _module_preset=&#8221;default&#8221; text_text_color=&#8221;#000000&#8243; text_font_size=&#8221;17px&#8221; text_line_height=&#8221;1.6em&#8221; text_orientation=&#8221;center&#8221; custom_padding=&#8221;0px|||||&#8221; global_colors_info=&#8221;{}&#8221;]<\/p>\n<p style=\"text-align: justify;\">A darab a t\u00e1rsadalom kritik\u00e1ja a leg\u00fajabb kor politikusi elitje, \u00e9s kommunik\u00e1ci\u00f3ja fel\u00e9. N\u00e9zz\u00fck a vid\u00e1m el\u0151ad\u00e1st, \u00e9s a lok\u00e1lis t\u00e1rsadalom jellegzetes szocio-karaktereiben magunkra ismer\u00fcnk, nevet\u00fcnk, majd megr\u00e9m\u00fcl\u00fcnk\u2026 Ljubos Balak \u2013kort\u00e1rs szerz\u0151 m\u0171v\u00e9nek jelenetei m\u00e1r nem is hatnak groteszkk\u00e9nt\u2026.T\u00f6rt\u00e9neteib\u0151l kirajzol\u00f3dnak h\u00e9tk\u00f6znapjaink, kicsinyes v\u00e1gyaink \u00e9s c\u00e9ljaink\u2026. a k\u00f6z\u00f6s \u00e9lm\u00e9nyanyag seg\u00edti a meg\u00e9rt\u00e9st. Megl\u00e1thatjuk, hogyan lehet felverni a politika \u00e1ll\u00f3viz\u00e9t, \u00e9s hogyan lehet \u201epolitikai \u00fczeneteket eljuttatni\u201d a m\u00e1r teljes k\u00f6z\u00f6nybe burkol\u00f3zott t\u00e1rsadalom fel\u00e9. K\u00e9ptelen politikai par\u00f3dia, vagy val\u00f3s\u00e1gosnak hat\u00f3 fikci\u00f3? D\u00f6nts\u00e9k el a N\u00e9z\u0151k, ha komolyan gondolj\u00e1k, \u00e9s t\u00e9nyleg\u2026.komolyan gondolj\u00e1k?!<\/p>\n<p style=\"text-align: justify;\">B\u0151vebb inform\u00e1ci\u00f3 tal\u00e1lnak a programokr\u00f3l a <a href=\"https:\/\/www.facebook.com\/events\/586100368153099\/\" target=\"_blank\" rel=\"noopener\">Facebookon.<\/a><\/p>\n<p>[\/et_pb_text][\/et_pb_column][et_pb_column type=&#8221;1_2&#8243; _builder_version=&#8221;4.14.1&#8243; _module_preset=&#8221;default&#8221; global_colors_info=&#8221;{}&#8221;][et_pb_image src=&#8221;\/wp-content\/uploads\/2022\/01\/svejk.jpg&#8221; title_text=&#8221;svejk&#8221; _builder_version=&#8221;4.14.4&#8243; _module_preset=&#8221;default&#8221; width=&#8221;100%&#8221; custom_margin=&#8221;|2px|4px|||&#8221; custom_padding=&#8221;|0px|0px|||&#8221; global_colors_info=&#8221;{}&#8221;][\/et_pb_image][\/et_pb_column][\/et_pb_row][et_pb_row _builder_version=&#8221;4.14.4&#8243; _module_preset=&#8221;default&#8221; global_colors_info=&#8221;{}&#8221;][et_pb_column type=&#8221;4_4&#8243; _builder_version=&#8221;4.14.4&#8243; _module_preset=&#8221;default&#8221; global_colors_info=&#8221;{}&#8221;][et_pb_video src=&#8221;https:\/\/www.youtube.com\/watch?v=C3PFKXHxCSE&#038;ab_channel=SzabadSz%C3%ADnh%C3%A1z&#8221; _builder_version=&#8221;4.14.4&#8243; _module_preset=&#8221;default&#8221; global_colors_info=&#8221;{}&#8221;][\/et_pb_video][et_pb_text _builder_version=&#8221;4.14.4&#8243; _module_preset=&#8221;default&#8221; text_font_size=&#8221;17px&#8221; global_colors_info=&#8221;{}&#8221;]<\/p>\n<p><strong>Szerepl\u0151k<\/strong><\/p>\n<p>Istvanek\u2026\u2026\u2026\u2026\u2026\u2026\u2026..Kov\u00e1cs Szil\u00e1rd<br \/>Toncr\u2026\u2026\u2026\u2026\u2026\u2026\u2026\u2026\u2026.Balogh Mih\u00e1ly<br \/>Kab\u00e1t\u2026\u2026\u2026\u2026\u2026\u2026\u2026\u2026\u2026Kov\u00e1cs L\u00e1szl\u00f3 \/ Fert\u0151 L\u00e1szl\u00f3<br \/>Evzen \u2026\u2026\u2026\u2026\u2026\u2026\u2026\u2026.Szab\u00f3 Mikl\u00f3s<br \/>Lelicek -\u2026\u2026\u2026\u2026\u2026\u2026\u2026\u2026Szab\u00f3 Anett<br \/>Houba -\u2026\u2026\u2026\u2026\u2026\u2026\u2026\u2026F\u00fclep B\u00e1lint<br \/>Vokounkov\u00e1\u2026\u2026\u2026\u2026\u2026..T\u00f6rs\u00f6k M\u00e1rta<br \/>Pozoun\u2026\u2026\u2026\u2026\u2026\u2026\u2026\u2026.Szab\u00f3 Mikl\u00f3s Bence<br \/>Pulec -\u2026\u2026\u2026\u2026\u2026\u2026\u2026\u2026..Kov\u00e1cs M\u00e1t\u00e9<br \/>Honcov\u00e1\u2026\u2026\u2026\u2026\u2026\u2026\u2026.K\u00f6vesi T\u00fcnde<br \/>Sikulova \u2026\u2026\u2026\u2026\u2026\u2026\u2026.St\u00e9ger Ildik\u00f3<br \/>Laudon \u2026\u2026\u2026\u2026\u2026\u2026..Udvaros Gy\u00f6rgy<br \/>Kubern\u00e1t \u2026\u2026\u2026\u2026\u2026\u2026\u2026Magony Imre<br \/>Weiss \u2026\u2026\u2026\u2026\u2026\u2026\u2026\u2026..Solymossy Zolt\u00e1n<br \/>Lajcman \u2013 \u2026\u2026\u2026\u2026\u2026\u2026..T\u00f3th N\u00f3ra T\u00edmea<br \/>M\u00e1tlov\u00e1 \u2026\u2026\u2026\u2026\u2026\u2026\u2026..Kom\u00e1romi Veronika<\/p>\n<p>Paulik Anna, R\u00f3nafalvi Karolina, Kozma Zsuzsanna Bogl\u00e1rka, Hoffmann Gabriella<\/p>\n<p>Rendezte: Nagy Judit<\/p>\n<p>[\/et_pb_text][\/et_pb_column][\/et_pb_row][\/et_pb_section]<\/p>\n","protected":false},"excerpt":{"rendered":"<p>Ljubos Balak: \u0160vejk unok\u00e1jaA darab a t\u00e1rsadalom kritik\u00e1ja a leg\u00fajabb kor politikusi elitje, \u00e9s kommunik\u00e1ci\u00f3ja fel\u00e9. N\u00e9zz\u00fck a vid\u00e1m el\u0151ad\u00e1st, \u00e9s a lok\u00e1lis t\u00e1rsadalom jellegzetes szocio-karaktereiben magunkra ismer\u00fcnk, nevet\u00fcnk, majd [&hellip;]<\/p>\n","protected":false},"author":2,"featured_media":0,"parent":75,"menu_order":0,"comment_status":"closed","ping_status":"closed","template":"","meta":{"_et_pb_use_builder":"on","_et_pb_old_content":"","_et_gb_content_width":"","_price":"","_stock":"","_tribe_ticket_header":"","_tribe_default_ticket_provider":"","_ticket_start_date":"","_ticket_end_date":"","_tribe_ticket_show_description":"","_tribe_ticket_show_not_going":false,"_tribe_ticket_use_global_stock":"","_tribe_ticket_global_stock_level":"","_global_stock_mode":"","_global_stock_cap":"","_tribe_rsvp_for_event":"","_tribe_ticket_going_count":"","_tribe_ticket_not_going_count":"","_tribe_tickets_list":"[]","_tribe_ticket_has_attendee_info_fields":false,"footnotes":"","_tec_slr_enabled":"","_tec_slr_layout":""},"class_list":["post-4196","page","type-page","status-publish","hentry"],"yoast_head":"<!-- This site is optimized with the Yoast SEO plugin v25.0 - https:\/\/yoast.com\/wordpress\/plugins\/seo\/ -->\n<title>Ljubos Balak: \u0160vejk unok\u00e1ja - Szabad Sz\u00ednh\u00e1z<\/title>\n<meta name=\"robots\" content=\"index, follow, max-snippet:-1, max-image-preview:large, max-video-preview:-1\" \/>\n<link rel=\"canonical\" href=\"https:\/\/www.szabadszinhaz.hu\/en\/szinhazi-eloadasok\/ljubos-balak-svejk-unokaja\/\" \/>\n<meta property=\"og:locale\" content=\"en_US\" \/>\n<meta property=\"og:type\" content=\"article\" \/>\n<meta property=\"og:title\" content=\"Ljubos Balak: \u0160vejk unok\u00e1ja - Szabad Sz\u00ednh\u00e1z\" \/>\n<meta property=\"og:description\" content=\"Ljubos Balak: \u0160vejk unok\u00e1jaA darab a t\u00e1rsadalom kritik\u00e1ja a leg\u00fajabb kor politikusi elitje, \u00e9s kommunik\u00e1ci\u00f3ja fel\u00e9. N\u00e9zz\u00fck a vid\u00e1m el\u0151ad\u00e1st, \u00e9s a lok\u00e1lis t\u00e1rsadalom jellegzetes szocio-karaktereiben magunkra ismer\u00fcnk, nevet\u00fcnk, majd [&hellip;]\" \/>\n<meta property=\"og:url\" content=\"https:\/\/www.szabadszinhaz.hu\/en\/szinhazi-eloadasok\/ljubos-balak-svejk-unokaja\/\" \/>\n<meta property=\"og:site_name\" content=\"Szabad Sz\u00ednh\u00e1z\" \/>\n<meta property=\"article:publisher\" content=\"https:\/\/www.facebook.com\/szabadszinhaz\" \/>\n<meta property=\"article:modified_time\" content=\"2022-02-17T07:48:43+00:00\" \/>\n<meta name=\"twitter:card\" content=\"summary_large_image\" \/>\n<meta name=\"twitter:label1\" content=\"Est. reading time\" \/>\n\t<meta name=\"twitter:data1\" content=\"3 minutes\" \/>\n<script type=\"application\/ld+json\" class=\"yoast-schema-graph\">{\"@context\":\"https:\/\/schema.org\",\"@graph\":[{\"@type\":\"WebPage\",\"@id\":\"https:\/\/www.szabadszinhaz.hu\/szinhazi-eloadasok\/ljubos-balak-svejk-unokaja\/\",\"url\":\"https:\/\/www.szabadszinhaz.hu\/szinhazi-eloadasok\/ljubos-balak-svejk-unokaja\/\",\"name\":\"Ljubos Balak: \u0160vejk unok\u00e1ja - Szabad Sz\u00ednh\u00e1z\",\"isPartOf\":{\"@id\":\"https:\/\/www.szabadszinhaz.hu\/#website\"},\"datePublished\":\"2022-02-17T07:48:40+00:00\",\"dateModified\":\"2022-02-17T07:48:43+00:00\",\"breadcrumb\":{\"@id\":\"https:\/\/www.szabadszinhaz.hu\/szinhazi-eloadasok\/ljubos-balak-svejk-unokaja\/#breadcrumb\"},\"inLanguage\":\"en-US\",\"potentialAction\":[{\"@type\":\"ReadAction\",\"target\":[\"https:\/\/www.szabadszinhaz.hu\/szinhazi-eloadasok\/ljubos-balak-svejk-unokaja\/\"]}]},{\"@type\":\"BreadcrumbList\",\"@id\":\"https:\/\/www.szabadszinhaz.hu\/szinhazi-eloadasok\/ljubos-balak-svejk-unokaja\/#breadcrumb\",\"itemListElement\":[{\"@type\":\"ListItem\",\"position\":1,\"name\":\"Kezd\u0151lap\",\"item\":\"https:\/\/www.szabadszinhaz.hu\/\"},{\"@type\":\"ListItem\",\"position\":2,\"name\":\"Sz\u00ednh\u00e1zi el\u0151ad\u00e1sok &#8211;\",\"item\":\"https:\/\/www.szabadszinhaz.hu\/szinhazi-eloadasok\/\"},{\"@type\":\"ListItem\",\"position\":3,\"name\":\"Ljubos Balak: \u0160vejk unok\u00e1ja\"}]},{\"@type\":\"WebSite\",\"@id\":\"https:\/\/www.szabadszinhaz.hu\/#website\",\"url\":\"https:\/\/www.szabadszinhaz.hu\/\",\"name\":\"Szabad Sz\u00ednh\u00e1z\",\"description\":\"Szabad Sz\u00ednh\u00e1z\",\"publisher\":{\"@id\":\"https:\/\/www.szabadszinhaz.hu\/#organization\"},\"potentialAction\":[{\"@type\":\"SearchAction\",\"target\":{\"@type\":\"EntryPoint\",\"urlTemplate\":\"https:\/\/www.szabadszinhaz.hu\/?s={search_term_string}\"},\"query-input\":{\"@type\":\"PropertyValueSpecification\",\"valueRequired\":true,\"valueName\":\"search_term_string\"}}],\"inLanguage\":\"en-US\"},{\"@type\":\"Organization\",\"@id\":\"https:\/\/www.szabadszinhaz.hu\/#organization\",\"name\":\"Szabad Sz\u00ednh\u00e1z SZ\u00cdN-T\u00c9R Egyes\u00fclet\",\"url\":\"https:\/\/www.szabadszinhaz.hu\/\",\"logo\":{\"@type\":\"ImageObject\",\"inLanguage\":\"en-US\",\"@id\":\"https:\/\/www.szabadszinhaz.hu\/#\/schema\/logo\/image\/\",\"url\":\"https:\/\/www.szabadszinhaz.hu\/wp-content\/uploads\/2025\/01\/images.jpg\",\"contentUrl\":\"https:\/\/www.szabadszinhaz.hu\/wp-content\/uploads\/2025\/01\/images.jpg\",\"width\":178,\"height\":284,\"caption\":\"Szabad Sz\u00ednh\u00e1z SZ\u00cdN-T\u00c9R Egyes\u00fclet\"},\"image\":{\"@id\":\"https:\/\/www.szabadszinhaz.hu\/#\/schema\/logo\/image\/\"},\"sameAs\":[\"https:\/\/www.facebook.com\/szabadszinhaz\"]}]}<\/script>\n<!-- \/ Yoast SEO plugin. -->","yoast_head_json":{"title":"Ljubos Balak: \u0160vejk unok\u00e1ja - Szabad Sz\u00ednh\u00e1z","robots":{"index":"index","follow":"follow","max-snippet":"max-snippet:-1","max-image-preview":"max-image-preview:large","max-video-preview":"max-video-preview:-1"},"canonical":"https:\/\/www.szabadszinhaz.hu\/en\/szinhazi-eloadasok\/ljubos-balak-svejk-unokaja\/","og_locale":"en_US","og_type":"article","og_title":"Ljubos Balak: \u0160vejk unok\u00e1ja - Szabad Sz\u00ednh\u00e1z","og_description":"Ljubos Balak: \u0160vejk unok\u00e1jaA darab a t\u00e1rsadalom kritik\u00e1ja a leg\u00fajabb kor politikusi elitje, \u00e9s kommunik\u00e1ci\u00f3ja fel\u00e9. N\u00e9zz\u00fck a vid\u00e1m el\u0151ad\u00e1st, \u00e9s a lok\u00e1lis t\u00e1rsadalom jellegzetes szocio-karaktereiben magunkra ismer\u00fcnk, nevet\u00fcnk, majd [&hellip;]","og_url":"https:\/\/www.szabadszinhaz.hu\/en\/szinhazi-eloadasok\/ljubos-balak-svejk-unokaja\/","og_site_name":"Szabad Sz\u00ednh\u00e1z","article_publisher":"https:\/\/www.facebook.com\/szabadszinhaz","article_modified_time":"2022-02-17T07:48:43+00:00","twitter_card":"summary_large_image","twitter_misc":{"Est. reading time":"3 minutes"},"schema":{"@context":"https:\/\/schema.org","@graph":[{"@type":"WebPage","@id":"https:\/\/www.szabadszinhaz.hu\/szinhazi-eloadasok\/ljubos-balak-svejk-unokaja\/","url":"https:\/\/www.szabadszinhaz.hu\/szinhazi-eloadasok\/ljubos-balak-svejk-unokaja\/","name":"Ljubos Balak: \u0160vejk unok\u00e1ja - Szabad Sz\u00ednh\u00e1z","isPartOf":{"@id":"https:\/\/www.szabadszinhaz.hu\/#website"},"datePublished":"2022-02-17T07:48:40+00:00","dateModified":"2022-02-17T07:48:43+00:00","breadcrumb":{"@id":"https:\/\/www.szabadszinhaz.hu\/szinhazi-eloadasok\/ljubos-balak-svejk-unokaja\/#breadcrumb"},"inLanguage":"en-US","potentialAction":[{"@type":"ReadAction","target":["https:\/\/www.szabadszinhaz.hu\/szinhazi-eloadasok\/ljubos-balak-svejk-unokaja\/"]}]},{"@type":"BreadcrumbList","@id":"https:\/\/www.szabadszinhaz.hu\/szinhazi-eloadasok\/ljubos-balak-svejk-unokaja\/#breadcrumb","itemListElement":[{"@type":"ListItem","position":1,"name":"Kezd\u0151lap","item":"https:\/\/www.szabadszinhaz.hu\/"},{"@type":"ListItem","position":2,"name":"Sz\u00ednh\u00e1zi el\u0151ad\u00e1sok &#8211;","item":"https:\/\/www.szabadszinhaz.hu\/szinhazi-eloadasok\/"},{"@type":"ListItem","position":3,"name":"Ljubos Balak: \u0160vejk unok\u00e1ja"}]},{"@type":"WebSite","@id":"https:\/\/www.szabadszinhaz.hu\/#website","url":"https:\/\/www.szabadszinhaz.hu\/","name":"Free Theatre - Szabad Sz\u00ednh\u00e1z","description":"Free Theatre - Szabad Sz\u00ednh\u00e1z","publisher":{"@id":"https:\/\/www.szabadszinhaz.hu\/#organization"},"potentialAction":[{"@type":"SearchAction","target":{"@type":"EntryPoint","urlTemplate":"https:\/\/www.szabadszinhaz.hu\/?s={search_term_string}"},"query-input":{"@type":"PropertyValueSpecification","valueRequired":true,"valueName":"search_term_string"}}],"inLanguage":"en-US"},{"@type":"Organization","@id":"https:\/\/www.szabadszinhaz.hu\/#organization","name":"Szabad Sz\u00ednh\u00e1z SZ\u00cdN-T\u00c9R Egyes\u00fclet","url":"https:\/\/www.szabadszinhaz.hu\/","logo":{"@type":"ImageObject","inLanguage":"en-US","@id":"https:\/\/www.szabadszinhaz.hu\/#\/schema\/logo\/image\/","url":"https:\/\/www.szabadszinhaz.hu\/wp-content\/uploads\/2025\/01\/images.jpg","contentUrl":"https:\/\/www.szabadszinhaz.hu\/wp-content\/uploads\/2025\/01\/images.jpg","width":178,"height":284,"caption":"Szabad Sz\u00ednh\u00e1z SZ\u00cdN-T\u00c9R Egyes\u00fclet"},"image":{"@id":"https:\/\/www.szabadszinhaz.hu\/#\/schema\/logo\/image\/"},"sameAs":["https:\/\/www.facebook.com\/szabadszinhaz"]}]}},"ticketed":false,"_links":{"self":[{"href":"https:\/\/www.szabadszinhaz.hu\/en\/wp-json\/wp\/v2\/pages\/4196","targetHints":{"allow":["GET"]}}],"collection":[{"href":"https:\/\/www.szabadszinhaz.hu\/en\/wp-json\/wp\/v2\/pages"}],"about":[{"href":"https:\/\/www.szabadszinhaz.hu\/en\/wp-json\/wp\/v2\/types\/page"}],"author":[{"embeddable":true,"href":"https:\/\/www.szabadszinhaz.hu\/en\/wp-json\/wp\/v2\/users\/2"}],"replies":[{"embeddable":true,"href":"https:\/\/www.szabadszinhaz.hu\/en\/wp-json\/wp\/v2\/comments?post=4196"}],"version-history":[{"count":4,"href":"https:\/\/www.szabadszinhaz.hu\/en\/wp-json\/wp\/v2\/pages\/4196\/revisions"}],"predecessor-version":[{"id":4544,"href":"https:\/\/www.szabadszinhaz.hu\/en\/wp-json\/wp\/v2\/pages\/4196\/revisions\/4544"}],"up":[{"embeddable":true,"href":"https:\/\/www.szabadszinhaz.hu\/en\/wp-json\/wp\/v2\/pages\/75"}],"wp:attachment":[{"href":"https:\/\/www.szabadszinhaz.hu\/en\/wp-json\/wp\/v2\/media?parent=4196"}],"curies":[{"name":"wp","href":"https:\/\/api.w.org\/{rel}","templated":true}]}}