{"id":4175,"date":"2022-02-10T12:55:18","date_gmt":"2022-02-10T11:55:18","guid":{"rendered":"http:\/\/www.szabszinhaz.hu\/?page_id=4175"},"modified":"2022-02-10T12:55:18","modified_gmt":"2022-02-10T11:55:18","slug":"ujkery-csaba-nagy-judit-hetorszag-fejedelmei","status":"publish","type":"page","link":"https:\/\/www.szabadszinhaz.hu\/en\/szinhazi-eloadasok\/ujkery-csaba-nagy-judit-hetorszag-fejedelmei\/","title":{"rendered":"Ujk\u00e9ry Csaba \u2013 Nagy Judit: H\u00e9torsz\u00e1g fejedelmei"},"content":{"rendered":"<p>[et_pb_section fb_built=&#8221;1&#8243; _builder_version=&#8221;4.14.1&#8243; _module_preset=&#8221;default&#8221; background_color=&#8221;#fff1d0&#8243; global_colors_info=&#8221;{}&#8221;][et_pb_row _builder_version=&#8221;4.14.1&#8243; _module_preset=&#8221;default&#8221; global_colors_info=&#8221;{}&#8221;][et_pb_column type=&#8221;4_4&#8243; _builder_version=&#8221;4.14.1&#8243; _module_preset=&#8221;default&#8221; global_colors_info=&#8221;{}&#8221;][et_pb_text _builder_version=&#8221;4.14.4&#8243; _module_preset=&#8221;default&#8221; text_text_color=&#8221;#000000&#8243; text_font_size=&#8221;28px&#8221; hover_enabled=&#8221;0&#8243; global_colors_info=&#8221;{}&#8221; sticky_enabled=&#8221;0&#8243;]<\/p>\n<p><strong>Ujk\u00e9ry Csaba \u2013 Nagy Judit: H\u00e9torsz\u00e1g fejedelmei<\/strong><\/p>\n<p>[\/et_pb_text][\/et_pb_column][\/et_pb_row][et_pb_row _builder_version=&#8221;4.14.1&#8243; _module_preset=&#8221;default&#8221; custom_padding=&#8221;3px||0px|||&#8221; global_colors_info=&#8221;{}&#8221;][et_pb_column type=&#8221;4_4&#8243; _builder_version=&#8221;4.14.1&#8243; _module_preset=&#8221;default&#8221; global_colors_info=&#8221;{}&#8221;][et_pb_divider color=&#8221;#000000&#8243; divider_weight=&#8221;4px&#8221; _builder_version=&#8221;4.14.1&#8243; _module_preset=&#8221;default&#8221; custom_margin=&#8221;||-58px|||&#8221; global_colors_info=&#8221;{}&#8221;][\/et_pb_divider][\/et_pb_column][\/et_pb_row][et_pb_row _builder_version=&#8221;4.14.1&#8243; _module_preset=&#8221;default&#8221; custom_padding=&#8221;0px|||||&#8221; global_colors_info=&#8221;{}&#8221;][et_pb_column type=&#8221;4_4&#8243; _builder_version=&#8221;4.14.1&#8243; _module_preset=&#8221;default&#8221; global_colors_info=&#8221;{}&#8221;][et_pb_text _builder_version=&#8221;4.14.4&#8243; _module_preset=&#8221;default&#8221; text_text_color=&#8221;#000000&#8243; text_font_size=&#8221;17px&#8221; text_line_height=&#8221;1.6em&#8221; text_orientation=&#8221;center&#8221; custom_padding=&#8221;0px|||||&#8221; hover_enabled=&#8221;0&#8243; global_colors_info=&#8221;{}&#8221; sticky_enabled=&#8221;0&#8243;]<\/p>\n<p>A dr\u00e1ma alapj\u00e1t ad\u00f3 reg\u00e9ny \u00edr\u00f3ja, az imm\u00e1r az \u00e9l\u0151 klasszikusok sor\u00e1ba emelked\u0151 Ujk\u00e9ry Csaba, hitelesen \u00e9s \u00e9rz\u00e9kletesen \u00e1br\u00e1zolja a t\u00f6rt\u00e9nelmi pillanatokat, s nagy lelkesed\u00e9ssel vesz r\u00e9szt a sz\u00ednh\u00e1zi adapt\u00e1ci\u00f3 elk\u00e9sz\u00fclt\u00e9ben. Szent Istv\u00e1n v\u00e1ros\u00e1nak 2013-as eml\u00e9k\u00e9v\u00e9ben aktu\u00e1lis a magyar \u00e1llamalap\u00edt\u00e1s kor\u00e1r\u00f3l, kicsit m\u00e1sk\u00e9pp, a \u201ekulissz\u00e1k m\u00f6g\u00e9 n\u00e9zve\u201d besz\u00e9lni. A kort\u00e1rs szerz\u0151k m\u0171ve a korszak val\u00f3di t\u00f6rt\u00e9nete mellett, \u00faj szempontok megismer\u00e9s\u00e9t is lehet\u0151v\u00e9 teszi, evvel seg\u00edtve abban, hogy sz\u00edv\u00fckbe z\u00e1rjuk a magyar t\u00f6rt\u00e9nelem \u2013 v\u00e1rosunk sz\u00e1m\u00e1ra nagyon is fontos \u2013 s\u0151t, sorsd\u00f6nt\u0151 korszak\u00e1nak kimagasl\u00f3 alakjait. Az el\u0151ad\u00e1sban l\u00e1that\u00f3 Geysa (G\u00e9za) fejedelem, Istv\u00e1n kir\u00e1ly \u00e9s Kopp\u00e1ny megid\u00e9zett alakja, s az, a n\u00e9p\u00fcnk tov\u00e1bbi \u00e9let\u00e9t eld\u00f6nt\u0151 fordul\u00f3pont, amikor l\u00e9trej\u00f6tt s meger\u0151s\u00f6d\u00f6tt a nyugati kereszt\u00e9nys\u00e9ghez kapcsol\u00f3d\u00f3 magyar \u00e1llam.<\/p>\n<p>Neh\u00e9z, bonyolult, de egy\u00fattal felemel\u0151 korszak volt ez, amikor egym\u00e1snak fesz\u00fclt fejl\u0151d\u00e9s \u00e9s hagyom\u00e1ny, s v\u00e1lasztani kellett a lehets\u00e9gesnek t\u0171n\u0151 utak k\u00f6z\u00fcl. V\u00e1lasztani, s\u0151t kiv\u00e1lasztani azt az egyet, amely biztos\u00edtja a fennmarad\u00e1st \u00e9s azt\u00e1n a fejl\u0151d\u00e9st.<\/p>\n<p>Szereposzt\u00e1s<\/p>\n<p>Geysa fejedelem &#8211; Szab\u00f3 Mikl\u00f3s<br \/>Sarold, Geysa feles\u00e9ge &#8211; St\u00e9ger Ildik\u00f3<br \/>Vajk, majd Istv\u00e1n, Geysa \u00e9s Sarold gyermeke &#8211; Torma B\u00e1lint \/ Kov\u00e1cs L\u00e1szl\u00f3<br \/>G\u00edsyla, bajor hercegn\u0151 Istv\u00e1n menyasszonya, majd feles\u00e9ge &#8211; Scheer Panna<br \/>Deod\u00e1tus, \u201eTata\u201d, Istv\u00e1n nevel\u0151je \u00e9s keresztapja &#8211; Udvaros Gy\u00f6rgy<br \/>Radla, cseh benc\u00e9s szerzetes, Szent-M\u00e1rtoni ap\u00e1t Deod\u00e1tussal \u00f6sszevonva &#8211; Udvaros Gy\u00f6rgy<br \/>Wolfgang &#8211; Fert\u0151 L\u00e1szl\u00f3<br \/>Henrik, bajor herceg &#8211; Solymossy Zolt\u00e1n<br \/>Astrik burgund ap\u00e1t &#8211; Jeszenszky M\u00e1rton<br \/>Rudbert mainzi \u00e9rsek &#8211; Balogh Mih\u00e1ly<br \/>Adalbert, Pr\u00e1ga p\u00fcsp\u00f6ke &#8211; Viasz Antal<br \/>Pilligram, Passaui p\u00fcsp\u00f6k &#8211; Szab\u00f3 Mikl\u00f3s Bence\/T\u00f3ka Szabolcs<br \/>F\u00fcl\u00f6p ap\u00e1t \/Balassa &#8211; Sziklai Dominik<br \/>M\u00f3r, ifj\u00fa szerzetes &#8211; Horv\u00e1th M\u00e1rk<br \/>Tabajd &#8211; Kremnitzky Gerg\u0151<br \/>Ceba, n\u00e1dor &#8211; Pint\u00e9r Andr\u00e1s<br \/>Pata vez\u00e9r &#8211; Szab\u00f3 D\u00e1niel Ferenc<br \/>Seb\u00f6s, Sarold v\u00e1rnagya &#8211; Papp L\u00e1szl\u00f3<br \/>Brigitta, Gisyla l\u00e1nytestv\u00e9re &#8211; R\u00f3nafalvi Karolina<br \/>Burgundiai Gizyla, Bajor Gisyla anyja &#8211; Tur\u00e1n Barbara<br \/>Ancilla, beseny\u0151 rabszolgal\u00e1ny Geysan\u00e1l &#8211; Kozma Zsuzsanna<br \/>T\u00e1lad\u00f3k, szolg\u00e1k &#8211; Horv\u00e1th Kata, R\u00f3nafalvi Karolina<br \/>Reg\u0151s &#8211; Kremnitzky G\u00e9za<br \/>Kopp\u00e1ny Karha &#8211; Balogh Mih\u00e1ly<br \/>Premiszlava, Kopp\u00e1ny feles\u00e9ge &#8211; Szab\u00f3 Anett<br \/>Adelhaid, Kopp\u00e1ny anyja &#8211; T\u00f6rs\u00f6k M\u00e1rta<br \/>Bonuszl\u00f3 kisbaba, Kopp\u00e1ny fia XXX<br \/>Zerind, Kopp\u00e1ny sz\u00e1znagya &#8211; Kov\u00e1cs M\u00e1t\u00e9<br \/>Katul, Kopp\u00e1ny vit\u00e9ze &#8211; Halmos D\u00e1niel<br \/>Dancs,Kopp\u00e1ny vit\u00e9ze &#8211; Brechler Tibor<br \/>Tege &#8211; Jeszenszky M\u00e1rton<br \/>V\u00e9rbulcs\u00fa vez\u00e9r &#8211; Szab\u00f3 Mikl\u00f3s Bence<br \/>Ajtony\/Apor &#8211; Magony Imre<br \/>Szemere &#8211; Szab\u00f3 D\u00e1niel Ferenc<br \/>Bolgy\u00e1n &#8211; Solymossy Zolt\u00e1n<br \/>Gyula &#8211; Magony Imre<br \/>Habil\u00e1n, l\u00e1pi sz\u00e9ps\u00e9g &#8211; Schmidt S\u00e1ra &#8211; Hoffman Gabriella<br \/>L\u00e1pos, Habil\u00e1n apja &#8211; Solymossy Zolt\u00e1n<br \/>Mirjam arab t\u00e1ncosn\u0151 &#8211; Paulik Anna \/ Szab\u00f3 Emese<br \/>G\u00f6nc\u00f6l, t\u00e1ltos &#8211; G\u00e1bor Imre Leo<br \/>Rasdi, cig\u00e1ny javasasszony &#8211; K\u00f6vesi T\u00fcnde<br \/>Dobroc, tiszt\u00e1tlan f\u00e9lszem\u0171 beseny\u0151 \u00faton\u00e1ll\u00f3 &#8211; Szab\u00f3 Mikl\u00f3s Bence<br \/>\u00dczb\u00e9g \u00faton\u00e1ll\u00f3k: A Remeg\u0151s, a Flegma, a N\u00e9ma\u00a0 &#8211; Fert\u0151 L\u00e1szl\u00f3, Horv\u00e1th M\u00e1rk<br \/>Muszlim keresked\u0151k &#8211; Szab\u00f3 Mikl\u00f3s Bence-Horv\u00e1th M\u00e1rk<br \/>Izmaelita keresked\u0151 &#8211; Fert\u0151 L\u00e1szl\u00f3<br \/>Kan\u00e1szok &#8211; Szab\u00f3 Mikl\u00f3s, Halmos D\u00e1niel<br \/>Hont &#8211; Horv\u00e1th M\u00e1rk<br \/>P\u00e1zm\u00e1ny &#8211; XXX<br \/>Wencellin &#8211; Debreceni M\u00e1t\u00e9<br \/>Ifj\u00fa Zerind &#8211; Scheer Boldizs\u00e1r<br \/>\u0150r &#8211; Szab\u00f3 Mikl\u00f3s<br \/>K\u00f6vet 19. k\u00e9p &#8211; R\u00f3nafalvi Karolina<\/p>\n<p>[\/et_pb_text][\/et_pb_column][\/et_pb_row][\/et_pb_section]<\/p>\n","protected":false},"excerpt":{"rendered":"<p>Ujk\u00e9ry Csaba \u2013 Nagy Judit: H\u00e9torsz\u00e1g fejedelmeiA dr\u00e1ma alapj\u00e1t ad\u00f3 reg\u00e9ny \u00edr\u00f3ja, az imm\u00e1r az \u00e9l\u0151 klasszikusok sor\u00e1ba emelked\u0151 Ujk\u00e9ry Csaba, hitelesen \u00e9s \u00e9rz\u00e9kletesen \u00e1br\u00e1zolja a t\u00f6rt\u00e9nelmi pillanatokat, s nagy [&hellip;]<\/p>\n","protected":false},"author":2,"featured_media":0,"parent":75,"menu_order":0,"comment_status":"closed","ping_status":"closed","template":"","meta":{"_et_pb_use_builder":"on","_et_pb_old_content":"","_et_gb_content_width":"","_price":"","_stock":"","_tribe_ticket_header":"","_tribe_default_ticket_provider":"","_ticket_start_date":"","_ticket_end_date":"","_tribe_ticket_show_description":"","_tribe_ticket_show_not_going":false,"_tribe_ticket_use_global_stock":"","_tribe_ticket_global_stock_level":"","_global_stock_mode":"","_global_stock_cap":"","_tribe_rsvp_for_event":"","_tribe_ticket_going_count":"","_tribe_ticket_not_going_count":"","_tribe_tickets_list":"[]","_tribe_ticket_has_attendee_info_fields":false,"footnotes":"","_tec_slr_enabled":"","_tec_slr_layout":""},"class_list":["post-4175","page","type-page","status-publish","hentry"],"yoast_head":"<!-- This site is optimized with the Yoast SEO plugin v25.0 - https:\/\/yoast.com\/wordpress\/plugins\/seo\/ -->\n<title>Ujk\u00e9ry Csaba \u2013 Nagy Judit: H\u00e9torsz\u00e1g fejedelmei - Szabad Sz\u00ednh\u00e1z<\/title>\n<meta name=\"robots\" content=\"index, follow, max-snippet:-1, max-image-preview:large, max-video-preview:-1\" \/>\n<link rel=\"canonical\" href=\"https:\/\/www.szabadszinhaz.hu\/en\/szinhazi-eloadasok\/ujkery-csaba-nagy-judit-hetorszag-fejedelmei\/\" \/>\n<meta property=\"og:locale\" content=\"en_US\" \/>\n<meta property=\"og:type\" content=\"article\" \/>\n<meta property=\"og:title\" content=\"Ujk\u00e9ry Csaba \u2013 Nagy Judit: H\u00e9torsz\u00e1g fejedelmei - Szabad Sz\u00ednh\u00e1z\" \/>\n<meta property=\"og:description\" content=\"Ujk\u00e9ry Csaba \u2013 Nagy Judit: H\u00e9torsz\u00e1g fejedelmeiA dr\u00e1ma alapj\u00e1t ad\u00f3 reg\u00e9ny \u00edr\u00f3ja, az imm\u00e1r az \u00e9l\u0151 klasszikusok sor\u00e1ba emelked\u0151 Ujk\u00e9ry Csaba, hitelesen \u00e9s \u00e9rz\u00e9kletesen \u00e1br\u00e1zolja a t\u00f6rt\u00e9nelmi pillanatokat, s nagy [&hellip;]\" \/>\n<meta property=\"og:url\" content=\"https:\/\/www.szabadszinhaz.hu\/en\/szinhazi-eloadasok\/ujkery-csaba-nagy-judit-hetorszag-fejedelmei\/\" \/>\n<meta property=\"og:site_name\" content=\"Szabad Sz\u00ednh\u00e1z\" \/>\n<meta property=\"article:publisher\" content=\"https:\/\/www.facebook.com\/szabadszinhaz\" \/>\n<meta name=\"twitter:card\" content=\"summary_large_image\" \/>\n<meta name=\"twitter:label1\" content=\"Est. reading time\" \/>\n\t<meta name=\"twitter:data1\" content=\"4 minutes\" \/>\n<script type=\"application\/ld+json\" class=\"yoast-schema-graph\">{\"@context\":\"https:\/\/schema.org\",\"@graph\":[{\"@type\":\"WebPage\",\"@id\":\"https:\/\/www.szabadszinhaz.hu\/szinhazi-eloadasok\/ujkery-csaba-nagy-judit-hetorszag-fejedelmei\/\",\"url\":\"https:\/\/www.szabadszinhaz.hu\/szinhazi-eloadasok\/ujkery-csaba-nagy-judit-hetorszag-fejedelmei\/\",\"name\":\"Ujk\u00e9ry Csaba \u2013 Nagy Judit: H\u00e9torsz\u00e1g fejedelmei - Szabad Sz\u00ednh\u00e1z\",\"isPartOf\":{\"@id\":\"https:\/\/www.szabadszinhaz.hu\/#website\"},\"datePublished\":\"2022-02-10T11:55:18+00:00\",\"breadcrumb\":{\"@id\":\"https:\/\/www.szabadszinhaz.hu\/szinhazi-eloadasok\/ujkery-csaba-nagy-judit-hetorszag-fejedelmei\/#breadcrumb\"},\"inLanguage\":\"en-US\",\"potentialAction\":[{\"@type\":\"ReadAction\",\"target\":[\"https:\/\/www.szabadszinhaz.hu\/szinhazi-eloadasok\/ujkery-csaba-nagy-judit-hetorszag-fejedelmei\/\"]}]},{\"@type\":\"BreadcrumbList\",\"@id\":\"https:\/\/www.szabadszinhaz.hu\/szinhazi-eloadasok\/ujkery-csaba-nagy-judit-hetorszag-fejedelmei\/#breadcrumb\",\"itemListElement\":[{\"@type\":\"ListItem\",\"position\":1,\"name\":\"Kezd\u0151lap\",\"item\":\"https:\/\/www.szabadszinhaz.hu\/\"},{\"@type\":\"ListItem\",\"position\":2,\"name\":\"Sz\u00ednh\u00e1zi el\u0151ad\u00e1sok &#8211;\",\"item\":\"https:\/\/www.szabadszinhaz.hu\/szinhazi-eloadasok\/\"},{\"@type\":\"ListItem\",\"position\":3,\"name\":\"Ujk\u00e9ry Csaba \u2013 Nagy Judit: H\u00e9torsz\u00e1g fejedelmei\"}]},{\"@type\":\"WebSite\",\"@id\":\"https:\/\/www.szabadszinhaz.hu\/#website\",\"url\":\"https:\/\/www.szabadszinhaz.hu\/\",\"name\":\"Szabad Sz\u00ednh\u00e1z\",\"description\":\"Szabad Sz\u00ednh\u00e1z\",\"publisher\":{\"@id\":\"https:\/\/www.szabadszinhaz.hu\/#organization\"},\"potentialAction\":[{\"@type\":\"SearchAction\",\"target\":{\"@type\":\"EntryPoint\",\"urlTemplate\":\"https:\/\/www.szabadszinhaz.hu\/?s={search_term_string}\"},\"query-input\":{\"@type\":\"PropertyValueSpecification\",\"valueRequired\":true,\"valueName\":\"search_term_string\"}}],\"inLanguage\":\"en-US\"},{\"@type\":\"Organization\",\"@id\":\"https:\/\/www.szabadszinhaz.hu\/#organization\",\"name\":\"Szabad Sz\u00ednh\u00e1z SZ\u00cdN-T\u00c9R Egyes\u00fclet\",\"url\":\"https:\/\/www.szabadszinhaz.hu\/\",\"logo\":{\"@type\":\"ImageObject\",\"inLanguage\":\"en-US\",\"@id\":\"https:\/\/www.szabadszinhaz.hu\/#\/schema\/logo\/image\/\",\"url\":\"https:\/\/www.szabadszinhaz.hu\/wp-content\/uploads\/2025\/01\/images.jpg\",\"contentUrl\":\"https:\/\/www.szabadszinhaz.hu\/wp-content\/uploads\/2025\/01\/images.jpg\",\"width\":178,\"height\":284,\"caption\":\"Szabad Sz\u00ednh\u00e1z SZ\u00cdN-T\u00c9R Egyes\u00fclet\"},\"image\":{\"@id\":\"https:\/\/www.szabadszinhaz.hu\/#\/schema\/logo\/image\/\"},\"sameAs\":[\"https:\/\/www.facebook.com\/szabadszinhaz\"]}]}<\/script>\n<!-- \/ Yoast SEO plugin. -->","yoast_head_json":{"title":"Ujk\u00e9ry Csaba \u2013 Nagy Judit: H\u00e9torsz\u00e1g fejedelmei - Szabad Sz\u00ednh\u00e1z","robots":{"index":"index","follow":"follow","max-snippet":"max-snippet:-1","max-image-preview":"max-image-preview:large","max-video-preview":"max-video-preview:-1"},"canonical":"https:\/\/www.szabadszinhaz.hu\/en\/szinhazi-eloadasok\/ujkery-csaba-nagy-judit-hetorszag-fejedelmei\/","og_locale":"en_US","og_type":"article","og_title":"Ujk\u00e9ry Csaba \u2013 Nagy Judit: H\u00e9torsz\u00e1g fejedelmei - Szabad Sz\u00ednh\u00e1z","og_description":"Ujk\u00e9ry Csaba \u2013 Nagy Judit: H\u00e9torsz\u00e1g fejedelmeiA dr\u00e1ma alapj\u00e1t ad\u00f3 reg\u00e9ny \u00edr\u00f3ja, az imm\u00e1r az \u00e9l\u0151 klasszikusok sor\u00e1ba emelked\u0151 Ujk\u00e9ry Csaba, hitelesen \u00e9s \u00e9rz\u00e9kletesen \u00e1br\u00e1zolja a t\u00f6rt\u00e9nelmi pillanatokat, s nagy [&hellip;]","og_url":"https:\/\/www.szabadszinhaz.hu\/en\/szinhazi-eloadasok\/ujkery-csaba-nagy-judit-hetorszag-fejedelmei\/","og_site_name":"Szabad Sz\u00ednh\u00e1z","article_publisher":"https:\/\/www.facebook.com\/szabadszinhaz","twitter_card":"summary_large_image","twitter_misc":{"Est. reading time":"4 minutes"},"schema":{"@context":"https:\/\/schema.org","@graph":[{"@type":"WebPage","@id":"https:\/\/www.szabadszinhaz.hu\/szinhazi-eloadasok\/ujkery-csaba-nagy-judit-hetorszag-fejedelmei\/","url":"https:\/\/www.szabadszinhaz.hu\/szinhazi-eloadasok\/ujkery-csaba-nagy-judit-hetorszag-fejedelmei\/","name":"Ujk\u00e9ry Csaba \u2013 Nagy Judit: H\u00e9torsz\u00e1g fejedelmei - Szabad Sz\u00ednh\u00e1z","isPartOf":{"@id":"https:\/\/www.szabadszinhaz.hu\/#website"},"datePublished":"2022-02-10T11:55:18+00:00","breadcrumb":{"@id":"https:\/\/www.szabadszinhaz.hu\/szinhazi-eloadasok\/ujkery-csaba-nagy-judit-hetorszag-fejedelmei\/#breadcrumb"},"inLanguage":"en-US","potentialAction":[{"@type":"ReadAction","target":["https:\/\/www.szabadszinhaz.hu\/szinhazi-eloadasok\/ujkery-csaba-nagy-judit-hetorszag-fejedelmei\/"]}]},{"@type":"BreadcrumbList","@id":"https:\/\/www.szabadszinhaz.hu\/szinhazi-eloadasok\/ujkery-csaba-nagy-judit-hetorszag-fejedelmei\/#breadcrumb","itemListElement":[{"@type":"ListItem","position":1,"name":"Kezd\u0151lap","item":"https:\/\/www.szabadszinhaz.hu\/"},{"@type":"ListItem","position":2,"name":"Sz\u00ednh\u00e1zi el\u0151ad\u00e1sok &#8211;","item":"https:\/\/www.szabadszinhaz.hu\/szinhazi-eloadasok\/"},{"@type":"ListItem","position":3,"name":"Ujk\u00e9ry Csaba \u2013 Nagy Judit: H\u00e9torsz\u00e1g fejedelmei"}]},{"@type":"WebSite","@id":"https:\/\/www.szabadszinhaz.hu\/#website","url":"https:\/\/www.szabadszinhaz.hu\/","name":"Free Theatre - Szabad Sz\u00ednh\u00e1z","description":"Free Theatre - Szabad Sz\u00ednh\u00e1z","publisher":{"@id":"https:\/\/www.szabadszinhaz.hu\/#organization"},"potentialAction":[{"@type":"SearchAction","target":{"@type":"EntryPoint","urlTemplate":"https:\/\/www.szabadszinhaz.hu\/?s={search_term_string}"},"query-input":{"@type":"PropertyValueSpecification","valueRequired":true,"valueName":"search_term_string"}}],"inLanguage":"en-US"},{"@type":"Organization","@id":"https:\/\/www.szabadszinhaz.hu\/#organization","name":"Szabad Sz\u00ednh\u00e1z SZ\u00cdN-T\u00c9R Egyes\u00fclet","url":"https:\/\/www.szabadszinhaz.hu\/","logo":{"@type":"ImageObject","inLanguage":"en-US","@id":"https:\/\/www.szabadszinhaz.hu\/#\/schema\/logo\/image\/","url":"https:\/\/www.szabadszinhaz.hu\/wp-content\/uploads\/2025\/01\/images.jpg","contentUrl":"https:\/\/www.szabadszinhaz.hu\/wp-content\/uploads\/2025\/01\/images.jpg","width":178,"height":284,"caption":"Szabad Sz\u00ednh\u00e1z SZ\u00cdN-T\u00c9R Egyes\u00fclet"},"image":{"@id":"https:\/\/www.szabadszinhaz.hu\/#\/schema\/logo\/image\/"},"sameAs":["https:\/\/www.facebook.com\/szabadszinhaz"]}]}},"ticketed":false,"_links":{"self":[{"href":"https:\/\/www.szabadszinhaz.hu\/en\/wp-json\/wp\/v2\/pages\/4175","targetHints":{"allow":["GET"]}}],"collection":[{"href":"https:\/\/www.szabadszinhaz.hu\/en\/wp-json\/wp\/v2\/pages"}],"about":[{"href":"https:\/\/www.szabadszinhaz.hu\/en\/wp-json\/wp\/v2\/types\/page"}],"author":[{"embeddable":true,"href":"https:\/\/www.szabadszinhaz.hu\/en\/wp-json\/wp\/v2\/users\/2"}],"replies":[{"embeddable":true,"href":"https:\/\/www.szabadszinhaz.hu\/en\/wp-json\/wp\/v2\/comments?post=4175"}],"version-history":[{"count":3,"href":"https:\/\/www.szabadszinhaz.hu\/en\/wp-json\/wp\/v2\/pages\/4175\/revisions"}],"predecessor-version":[{"id":4179,"href":"https:\/\/www.szabadszinhaz.hu\/en\/wp-json\/wp\/v2\/pages\/4175\/revisions\/4179"}],"up":[{"embeddable":true,"href":"https:\/\/www.szabadszinhaz.hu\/en\/wp-json\/wp\/v2\/pages\/75"}],"wp:attachment":[{"href":"https:\/\/www.szabadszinhaz.hu\/en\/wp-json\/wp\/v2\/media?parent=4175"}],"curies":[{"name":"wp","href":"https:\/\/api.w.org\/{rel}","templated":true}]}}