{"id":3970,"date":"2022-02-08T19:25:44","date_gmt":"2022-02-08T18:25:44","guid":{"rendered":"http:\/\/www.szabszinhaz.hu\/?page_id=3970"},"modified":"2022-02-08T19:28:40","modified_gmt":"2022-02-08T18:28:40","slug":"velencei-karneval","status":"publish","type":"page","link":"https:\/\/www.szabadszinhaz.hu\/en\/muveszi-projektek\/velencei-karneval\/","title":{"rendered":"Carnival of Venice"},"content":{"rendered":"<p>[et_pb_section fb_built=&#8221;1&#8243; _builder_version=&#8221;4.14.1&#8243; _module_preset=&#8221;default&#8221; background_color=&#8221;#fff1d0&#8243; global_colors_info=&#8221;{}&#8221;][et_pb_row _builder_version=&#8221;4.14.4&#8243; _module_preset=&#8221;default&#8221; global_colors_info=&#8221;{}&#8221;][et_pb_column type=&#8221;4_4&#8243; _builder_version=&#8221;4.14.1&#8243; _module_preset=&#8221;default&#8221; global_colors_info=&#8221;{}&#8221;][et_pb_text _builder_version=&#8221;4.14.4&#8243; _module_preset=&#8221;default&#8221; text_text_color=&#8221;#000000&#8243; text_font_size=&#8221;28px&#8221; hover_enabled=&#8221;0&#8243; global_colors_info=&#8221;{}&#8221; sticky_enabled=&#8221;0&#8243;]<\/p>\n<p><strong>Velencei karnev\u00e1l<\/strong><\/p>\n<p>[\/et_pb_text][\/et_pb_column][\/et_pb_row][et_pb_row _builder_version=&#8221;4.14.1&#8243; _module_preset=&#8221;default&#8221; custom_margin=&#8221;|auto|12px|auto||&#8221; custom_padding=&#8221;3px||0px|||&#8221; global_colors_info=&#8221;{}&#8221;][et_pb_column type=&#8221;4_4&#8243; _builder_version=&#8221;4.14.1&#8243; _module_preset=&#8221;default&#8221; global_colors_info=&#8221;{}&#8221;][et_pb_divider color=&#8221;#000000&#8243; divider_weight=&#8221;4px&#8221; _builder_version=&#8221;4.14.1&#8243; _module_preset=&#8221;default&#8221; custom_margin=&#8221;||-58px|||&#8221; global_colors_info=&#8221;{}&#8221;][\/et_pb_divider][\/et_pb_column][\/et_pb_row][et_pb_row _builder_version=&#8221;4.14.1&#8243; _module_preset=&#8221;default&#8221; custom_padding=&#8221;0px|||||&#8221; global_colors_info=&#8221;{}&#8221;][et_pb_column type=&#8221;4_4&#8243; _builder_version=&#8221;4.14.1&#8243; _module_preset=&#8221;default&#8221; global_colors_info=&#8221;{}&#8221;][et_pb_text _builder_version=&#8221;4.14.4&#8243; _module_preset=&#8221;default&#8221; text_text_color=&#8221;#000000&#8243; text_font_size=&#8221;17px&#8221; text_line_height=&#8221;1.6em&#8221; text_orientation=&#8221;center&#8221; custom_padding=&#8221;0px|||||&#8221; hover_enabled=&#8221;0&#8243; global_colors_info=&#8221;{}&#8221; sticky_enabled=&#8221;0&#8243;]<\/p>\n<p style=\"text-align: left;\"><strong>Velencei Karnev\u00e1l<\/strong><\/p>\n<p style=\"text-align: left;\">A Szabad Sz\u00ednh\u00e1z renesz\u00e1nsz korb\u00f3l sz\u00e1rmaz\u00f3 karnev\u00e1li k\u00f6z\u00e9pkori j\u00e1t\u00e9kokkal, l\u00e1tv\u00e1nyos felvonul\u00e1ssal j\u00e1rul hozz\u00e1 a Velencei Karnev\u00e1l sz\u00ednes programjaihoz . \u00c9vr\u0151l \u00e9vre attrakt\u00edv, az olaszorsz\u00e1gi velencei karnev\u00e1lok hangulat\u00e1t id\u00e9z\u0151 programokkal, gyerekm\u0171sorral, utcasz\u00ednh\u00e1zzal, \u00f6sszm\u0171v\u00e9szeti, \u00e9s bevon\u00f3 jelleg\u0171 csal\u00e1di produkci\u00f3kkal sz\u00f3rakoztatj\u00e1k a Velencei-t\u00f3 partj\u00e1ra \u00e9rkez\u0151 karnev\u00e1l\u00f3z\u00f3kat.<\/p>\n<p style=\"text-align: left;\">A k\u00f6z\u00e9pkori karnev\u00e1li piact\u00e9r egyik fontos figur\u00e1ja az a kiszeb\u00e1b, amelyre eg\u00e9sz nap olyan tulajdons\u00e1gokat, \u00e9lm\u00e9nyeket lehet felt\u0171zdelni, amelyekt\u0151l a t\u00e9llel egy\u00fctt meg akarunk szabadulni. A kiszeb\u00e1bot azt\u00e1n az \u00f6sszes \u00e9getni val\u00f3 rossz dologgal egy\u00fctt a Karnev\u00e1l hercege nagy \u00f6r\u00f6mujjong\u00e1s mellett t\u0171zre veti.<\/p>\n<p style=\"text-align: left;\">Tov\u00e1bbi k\u00e9pek a szabad sz\u00ednh\u00e1z facebook oldal\u00e1n tal\u00e1lhat\u00f3ak.<\/p>\n<p>[\/et_pb_text][et_pb_gallery gallery_ids=&#8221;3975,3976,3977,3978,3979,3980,3981,3982,3983,3984,3985,3986,3987,3988&#8243; posts_number=&#8221;15&#8243; show_title_and_caption=&#8221;off&#8221; show_pagination=&#8221;off&#8221; _builder_version=&#8221;4.14.4&#8243; _module_preset=&#8221;default&#8221; hover_enabled=&#8221;0&#8243; global_colors_info=&#8221;{}&#8221; sticky_enabled=&#8221;0&#8243;][\/et_pb_gallery][\/et_pb_column][\/et_pb_row][\/et_pb_section]<\/p>\n","protected":false},"excerpt":{"rendered":"<p>Velencei karnev\u00e1lVelencei Karnev\u00e1l A Szabad Sz\u00ednh\u00e1z renesz\u00e1nsz korb\u00f3l sz\u00e1rmaz\u00f3 karnev\u00e1li k\u00f6z\u00e9pkori j\u00e1t\u00e9kokkal, l\u00e1tv\u00e1nyos felvonul\u00e1ssal j\u00e1rul hozz\u00e1 a Velencei Karnev\u00e1l sz\u00ednes programjaihoz . \u00c9vr\u0151l \u00e9vre attrakt\u00edv, az olaszorsz\u00e1gi velencei karnev\u00e1lok hangulat\u00e1t [&hellip;]<\/p>\n","protected":false},"author":2,"featured_media":0,"parent":123,"menu_order":0,"comment_status":"closed","ping_status":"closed","template":"","meta":{"_et_pb_use_builder":"on","_et_pb_old_content":"","_et_gb_content_width":"","_price":"","_stock":"","_tribe_ticket_header":"","_tribe_default_ticket_provider":"","_ticket_start_date":"","_ticket_end_date":"","_tribe_ticket_show_description":"","_tribe_ticket_show_not_going":false,"_tribe_ticket_use_global_stock":"","_tribe_ticket_global_stock_level":"","_global_stock_mode":"","_global_stock_cap":"","_tribe_rsvp_for_event":"","_tribe_ticket_going_count":"","_tribe_ticket_not_going_count":"","_tribe_tickets_list":"[]","_tribe_ticket_has_attendee_info_fields":false,"footnotes":"","_tec_slr_enabled":"","_tec_slr_layout":""},"class_list":["post-3970","page","type-page","status-publish","hentry"],"yoast_head":"<!-- This site is optimized with the Yoast SEO plugin v25.0 - https:\/\/yoast.com\/wordpress\/plugins\/seo\/ -->\n<title>Velencei karnev\u00e1l - Szabad Sz\u00ednh\u00e1z<\/title>\n<meta name=\"robots\" content=\"index, follow, max-snippet:-1, max-image-preview:large, max-video-preview:-1\" \/>\n<link rel=\"canonical\" href=\"https:\/\/www.szabadszinhaz.hu\/en\/muveszi-projektek\/velencei-karneval\/\" \/>\n<meta property=\"og:locale\" content=\"en_US\" \/>\n<meta property=\"og:type\" content=\"article\" \/>\n<meta property=\"og:title\" content=\"Velencei karnev\u00e1l - Szabad Sz\u00ednh\u00e1z\" \/>\n<meta property=\"og:description\" content=\"Velencei karnev\u00e1lVelencei Karnev\u00e1l A Szabad Sz\u00ednh\u00e1z renesz\u00e1nsz korb\u00f3l sz\u00e1rmaz\u00f3 karnev\u00e1li k\u00f6z\u00e9pkori j\u00e1t\u00e9kokkal, l\u00e1tv\u00e1nyos felvonul\u00e1ssal j\u00e1rul hozz\u00e1 a Velencei Karnev\u00e1l sz\u00ednes programjaihoz . \u00c9vr\u0151l \u00e9vre attrakt\u00edv, az olaszorsz\u00e1gi velencei karnev\u00e1lok hangulat\u00e1t [&hellip;]\" \/>\n<meta property=\"og:url\" content=\"https:\/\/www.szabadszinhaz.hu\/en\/muveszi-projektek\/velencei-karneval\/\" \/>\n<meta property=\"og:site_name\" content=\"Szabad Sz\u00ednh\u00e1z\" \/>\n<meta property=\"article:publisher\" content=\"https:\/\/www.facebook.com\/szabadszinhaz\" \/>\n<meta property=\"article:modified_time\" content=\"2022-02-08T18:28:40+00:00\" \/>\n<meta name=\"twitter:card\" content=\"summary_large_image\" \/>\n<meta name=\"twitter:label1\" content=\"Est. reading time\" \/>\n\t<meta name=\"twitter:data1\" content=\"2 minutes\" \/>\n<script type=\"application\/ld+json\" class=\"yoast-schema-graph\">{\"@context\":\"https:\/\/schema.org\",\"@graph\":[{\"@type\":\"WebPage\",\"@id\":\"https:\/\/www.szabadszinhaz.hu\/muveszi-projektek\/velencei-karneval\/\",\"url\":\"https:\/\/www.szabadszinhaz.hu\/muveszi-projektek\/velencei-karneval\/\",\"name\":\"Velencei karnev\u00e1l - Szabad Sz\u00ednh\u00e1z\",\"isPartOf\":{\"@id\":\"https:\/\/www.szabadszinhaz.hu\/#website\"},\"datePublished\":\"2022-02-08T18:25:44+00:00\",\"dateModified\":\"2022-02-08T18:28:40+00:00\",\"breadcrumb\":{\"@id\":\"https:\/\/www.szabadszinhaz.hu\/muveszi-projektek\/velencei-karneval\/#breadcrumb\"},\"inLanguage\":\"en-US\",\"potentialAction\":[{\"@type\":\"ReadAction\",\"target\":[\"https:\/\/www.szabadszinhaz.hu\/muveszi-projektek\/velencei-karneval\/\"]}]},{\"@type\":\"BreadcrumbList\",\"@id\":\"https:\/\/www.szabadszinhaz.hu\/muveszi-projektek\/velencei-karneval\/#breadcrumb\",\"itemListElement\":[{\"@type\":\"ListItem\",\"position\":1,\"name\":\"Kezd\u0151lap\",\"item\":\"https:\/\/www.szabadszinhaz.hu\/\"},{\"@type\":\"ListItem\",\"position\":2,\"name\":\"M\u0171v\u00e9szi projektek\",\"item\":\"https:\/\/www.szabadszinhaz.hu\/muveszi-projektek\/\"},{\"@type\":\"ListItem\",\"position\":3,\"name\":\"Velencei karnev\u00e1l\"}]},{\"@type\":\"WebSite\",\"@id\":\"https:\/\/www.szabadszinhaz.hu\/#website\",\"url\":\"https:\/\/www.szabadszinhaz.hu\/\",\"name\":\"Szabad Sz\u00ednh\u00e1z\",\"description\":\"Szabad Sz\u00ednh\u00e1z\",\"publisher\":{\"@id\":\"https:\/\/www.szabadszinhaz.hu\/#organization\"},\"potentialAction\":[{\"@type\":\"SearchAction\",\"target\":{\"@type\":\"EntryPoint\",\"urlTemplate\":\"https:\/\/www.szabadszinhaz.hu\/?s={search_term_string}\"},\"query-input\":{\"@type\":\"PropertyValueSpecification\",\"valueRequired\":true,\"valueName\":\"search_term_string\"}}],\"inLanguage\":\"en-US\"},{\"@type\":\"Organization\",\"@id\":\"https:\/\/www.szabadszinhaz.hu\/#organization\",\"name\":\"Szabad Sz\u00ednh\u00e1z SZ\u00cdN-T\u00c9R Egyes\u00fclet\",\"url\":\"https:\/\/www.szabadszinhaz.hu\/\",\"logo\":{\"@type\":\"ImageObject\",\"inLanguage\":\"en-US\",\"@id\":\"https:\/\/www.szabadszinhaz.hu\/#\/schema\/logo\/image\/\",\"url\":\"https:\/\/www.szabadszinhaz.hu\/wp-content\/uploads\/2025\/01\/images.jpg\",\"contentUrl\":\"https:\/\/www.szabadszinhaz.hu\/wp-content\/uploads\/2025\/01\/images.jpg\",\"width\":178,\"height\":284,\"caption\":\"Szabad Sz\u00ednh\u00e1z SZ\u00cdN-T\u00c9R Egyes\u00fclet\"},\"image\":{\"@id\":\"https:\/\/www.szabadszinhaz.hu\/#\/schema\/logo\/image\/\"},\"sameAs\":[\"https:\/\/www.facebook.com\/szabadszinhaz\"]}]}<\/script>\n<!-- \/ Yoast SEO plugin. -->","yoast_head_json":{"title":"Velencei karnev\u00e1l - Szabad Sz\u00ednh\u00e1z","robots":{"index":"index","follow":"follow","max-snippet":"max-snippet:-1","max-image-preview":"max-image-preview:large","max-video-preview":"max-video-preview:-1"},"canonical":"https:\/\/www.szabadszinhaz.hu\/en\/muveszi-projektek\/velencei-karneval\/","og_locale":"en_US","og_type":"article","og_title":"Velencei karnev\u00e1l - Szabad Sz\u00ednh\u00e1z","og_description":"Velencei karnev\u00e1lVelencei Karnev\u00e1l A Szabad Sz\u00ednh\u00e1z renesz\u00e1nsz korb\u00f3l sz\u00e1rmaz\u00f3 karnev\u00e1li k\u00f6z\u00e9pkori j\u00e1t\u00e9kokkal, l\u00e1tv\u00e1nyos felvonul\u00e1ssal j\u00e1rul hozz\u00e1 a Velencei Karnev\u00e1l sz\u00ednes programjaihoz . \u00c9vr\u0151l \u00e9vre attrakt\u00edv, az olaszorsz\u00e1gi velencei karnev\u00e1lok hangulat\u00e1t [&hellip;]","og_url":"https:\/\/www.szabadszinhaz.hu\/en\/muveszi-projektek\/velencei-karneval\/","og_site_name":"Szabad Sz\u00ednh\u00e1z","article_publisher":"https:\/\/www.facebook.com\/szabadszinhaz","article_modified_time":"2022-02-08T18:28:40+00:00","twitter_card":"summary_large_image","twitter_misc":{"Est. reading time":"2 minutes"},"schema":{"@context":"https:\/\/schema.org","@graph":[{"@type":"WebPage","@id":"https:\/\/www.szabadszinhaz.hu\/muveszi-projektek\/velencei-karneval\/","url":"https:\/\/www.szabadszinhaz.hu\/muveszi-projektek\/velencei-karneval\/","name":"Velencei karnev\u00e1l - Szabad Sz\u00ednh\u00e1z","isPartOf":{"@id":"https:\/\/www.szabadszinhaz.hu\/#website"},"datePublished":"2022-02-08T18:25:44+00:00","dateModified":"2022-02-08T18:28:40+00:00","breadcrumb":{"@id":"https:\/\/www.szabadszinhaz.hu\/muveszi-projektek\/velencei-karneval\/#breadcrumb"},"inLanguage":"en-US","potentialAction":[{"@type":"ReadAction","target":["https:\/\/www.szabadszinhaz.hu\/muveszi-projektek\/velencei-karneval\/"]}]},{"@type":"BreadcrumbList","@id":"https:\/\/www.szabadszinhaz.hu\/muveszi-projektek\/velencei-karneval\/#breadcrumb","itemListElement":[{"@type":"ListItem","position":1,"name":"Kezd\u0151lap","item":"https:\/\/www.szabadszinhaz.hu\/"},{"@type":"ListItem","position":2,"name":"M\u0171v\u00e9szi projektek","item":"https:\/\/www.szabadszinhaz.hu\/muveszi-projektek\/"},{"@type":"ListItem","position":3,"name":"Velencei karnev\u00e1l"}]},{"@type":"WebSite","@id":"https:\/\/www.szabadszinhaz.hu\/#website","url":"https:\/\/www.szabadszinhaz.hu\/","name":"Free Theatre - Szabad Sz\u00ednh\u00e1z","description":"Free Theatre - Szabad Sz\u00ednh\u00e1z","publisher":{"@id":"https:\/\/www.szabadszinhaz.hu\/#organization"},"potentialAction":[{"@type":"SearchAction","target":{"@type":"EntryPoint","urlTemplate":"https:\/\/www.szabadszinhaz.hu\/?s={search_term_string}"},"query-input":{"@type":"PropertyValueSpecification","valueRequired":true,"valueName":"search_term_string"}}],"inLanguage":"en-US"},{"@type":"Organization","@id":"https:\/\/www.szabadszinhaz.hu\/#organization","name":"Szabad Sz\u00ednh\u00e1z SZ\u00cdN-T\u00c9R Egyes\u00fclet","url":"https:\/\/www.szabadszinhaz.hu\/","logo":{"@type":"ImageObject","inLanguage":"en-US","@id":"https:\/\/www.szabadszinhaz.hu\/#\/schema\/logo\/image\/","url":"https:\/\/www.szabadszinhaz.hu\/wp-content\/uploads\/2025\/01\/images.jpg","contentUrl":"https:\/\/www.szabadszinhaz.hu\/wp-content\/uploads\/2025\/01\/images.jpg","width":178,"height":284,"caption":"Szabad Sz\u00ednh\u00e1z SZ\u00cdN-T\u00c9R Egyes\u00fclet"},"image":{"@id":"https:\/\/www.szabadszinhaz.hu\/#\/schema\/logo\/image\/"},"sameAs":["https:\/\/www.facebook.com\/szabadszinhaz"]}]}},"ticketed":false,"_links":{"self":[{"href":"https:\/\/www.szabadszinhaz.hu\/en\/wp-json\/wp\/v2\/pages\/3970","targetHints":{"allow":["GET"]}}],"collection":[{"href":"https:\/\/www.szabadszinhaz.hu\/en\/wp-json\/wp\/v2\/pages"}],"about":[{"href":"https:\/\/www.szabadszinhaz.hu\/en\/wp-json\/wp\/v2\/types\/page"}],"author":[{"embeddable":true,"href":"https:\/\/www.szabadszinhaz.hu\/en\/wp-json\/wp\/v2\/users\/2"}],"replies":[{"embeddable":true,"href":"https:\/\/www.szabadszinhaz.hu\/en\/wp-json\/wp\/v2\/comments?post=3970"}],"version-history":[{"count":3,"href":"https:\/\/www.szabadszinhaz.hu\/en\/wp-json\/wp\/v2\/pages\/3970\/revisions"}],"predecessor-version":[{"id":3989,"href":"https:\/\/www.szabadszinhaz.hu\/en\/wp-json\/wp\/v2\/pages\/3970\/revisions\/3989"}],"up":[{"embeddable":true,"href":"https:\/\/www.szabadszinhaz.hu\/en\/wp-json\/wp\/v2\/pages\/123"}],"wp:attachment":[{"href":"https:\/\/www.szabadszinhaz.hu\/en\/wp-json\/wp\/v2\/media?parent=3970"}],"curies":[{"name":"wp","href":"https:\/\/api.w.org\/{rel}","templated":true}]}}