{"id":3957,"date":"2022-02-08T19:22:41","date_gmt":"2022-02-08T18:22:41","guid":{"rendered":"http:\/\/www.szabszinhaz.hu\/?page_id=3957"},"modified":"2022-02-08T19:25:12","modified_gmt":"2022-02-08T18:25:12","slug":"fehervari-advent","status":"publish","type":"page","link":"https:\/\/www.szabadszinhaz.hu\/en\/muveszi-projektek\/fehervari-advent\/","title":{"rendered":"Advent in Feh\u00e9rv\u00e1r"},"content":{"rendered":"<p>[et_pb_section fb_built=&#8221;1&#8243; _builder_version=&#8221;4.14.1&#8243; _module_preset=&#8221;default&#8221; background_color=&#8221;#fff1d0&#8243; global_colors_info=&#8221;{}&#8221;][et_pb_row _builder_version=&#8221;4.14.4&#8243; _module_preset=&#8221;default&#8221; hover_enabled=&#8221;0&#8243; global_colors_info=&#8221;{}&#8221; sticky_enabled=&#8221;0&#8243;][et_pb_column type=&#8221;4_4&#8243; _builder_version=&#8221;4.14.1&#8243; _module_preset=&#8221;default&#8221; global_colors_info=&#8221;{}&#8221;][et_pb_text _builder_version=&#8221;4.14.4&#8243; _module_preset=&#8221;default&#8221; text_text_color=&#8221;#000000&#8243; text_font_size=&#8221;28px&#8221; hover_enabled=&#8221;0&#8243; global_colors_info=&#8221;{}&#8221; sticky_enabled=&#8221;0&#8243;]<\/p>\n<p><strong>Feh\u00e9rv\u00e1ri advent<\/strong><\/p>\n<p>[\/et_pb_text][\/et_pb_column][\/et_pb_row][et_pb_row _builder_version=&#8221;4.14.1&#8243; _module_preset=&#8221;default&#8221; custom_padding=&#8221;3px||0px|||&#8221; global_colors_info=&#8221;{}&#8221; custom_margin=&#8221;|auto|12px|auto||&#8221;][et_pb_column type=&#8221;4_4&#8243; _builder_version=&#8221;4.14.1&#8243; _module_preset=&#8221;default&#8221; global_colors_info=&#8221;{}&#8221;][et_pb_divider color=&#8221;#000000&#8243; divider_weight=&#8221;4px&#8221; _builder_version=&#8221;4.14.1&#8243; _module_preset=&#8221;default&#8221; custom_margin=&#8221;||-58px|||&#8221; global_colors_info=&#8221;{}&#8221;][\/et_pb_divider][\/et_pb_column][\/et_pb_row][et_pb_row _builder_version=&#8221;4.14.1&#8243; _module_preset=&#8221;default&#8221; custom_padding=&#8221;0px|||||&#8221; global_colors_info=&#8221;{}&#8221;][et_pb_column type=&#8221;4_4&#8243; _builder_version=&#8221;4.14.1&#8243; _module_preset=&#8221;default&#8221; global_colors_info=&#8221;{}&#8221;][et_pb_text _builder_version=&#8221;4.14.4&#8243; _module_preset=&#8221;default&#8221; text_text_color=&#8221;#000000&#8243; text_font_size=&#8221;17px&#8221; text_line_height=&#8221;1.6em&#8221; text_orientation=&#8221;center&#8221; custom_padding=&#8221;0px|||||&#8221; hover_enabled=&#8221;0&#8243; global_colors_info=&#8221;{}&#8221; sticky_enabled=&#8221;0&#8243;]<\/p>\n<p style=\"text-align: left;\"><strong>Feh\u00e9rv\u00e1ri Advent<\/strong><br \/>A Feh\u00e9rv\u00e1ri Advent olyan, a v\u00e1ros lak\u00f3inak kar\u00e1csonyi felk\u00e9sz\u00fcl\u00e9s\u00e9t seg\u00edt\u0151 programsorozat, amelyben a Szabad Sz\u00ednh\u00e1z \u00e9vr\u0151l \u00e9vre attrakt\u00edv programokkal vesz r\u00e9szt. Utcasz\u00ednh\u00e1zzal, vet\u00edt\u00e9ssel, \u00f6sszm\u0171v\u00e9szeti, \u00e9s bevon\u00f3 jelleg\u0171 csal\u00e1di produkci\u00f3kkal.<\/p>\n<p style=\"text-align: left;\">Ebben a m\u0171v\u00e9szi projektben a produkci\u00f3inkkal, szabadt\u00e9ri \u00e9s Ig\u00e9z\u0151ben tartott programjainkkal c\u00e9lunk a val\u00f3di \u00e9rt\u00e9kekre val\u00f3 r\u00e1mutat\u00e1s, a legnagyobb kereszt\u00e9ny \u00fcnnepre val\u00f3 r\u00e1hangol\u00f3d\u00e1s el\u0151seg\u00edt\u00e9se, a k\u00f6z\u00e9pkori Sz\u00e9kesfeh\u00e9rv\u00e1r hangulat\u00e1nak becsemp\u00e9sz\u00e9se a modern decemberi v\u00e1s\u00e1ri forgatagba.<\/p>\n<p>[\/et_pb_text][et_pb_gallery gallery_ids=&#8221;3961,3962,3963,3964,3965,3966,3967&#8243; posts_number=&#8221;7&#8243; show_title_and_caption=&#8221;off&#8221; show_pagination=&#8221;off&#8221; _builder_version=&#8221;4.14.4&#8243; _module_preset=&#8221;default&#8221; hover_enabled=&#8221;0&#8243; global_colors_info=&#8221;{}&#8221; sticky_enabled=&#8221;0&#8243;][\/et_pb_gallery][\/et_pb_column][\/et_pb_row][\/et_pb_section]<\/p>\n","protected":false},"excerpt":{"rendered":"<p>Feh\u00e9rv\u00e1ri adventFeh\u00e9rv\u00e1ri AdventA Feh\u00e9rv\u00e1ri Advent olyan, a v\u00e1ros lak\u00f3inak kar\u00e1csonyi felk\u00e9sz\u00fcl\u00e9s\u00e9t seg\u00edt\u0151 programsorozat, amelyben a Szabad Sz\u00ednh\u00e1z \u00e9vr\u0151l \u00e9vre attrakt\u00edv programokkal vesz r\u00e9szt. Utcasz\u00ednh\u00e1zzal, vet\u00edt\u00e9ssel, \u00f6sszm\u0171v\u00e9szeti, \u00e9s bevon\u00f3 jelleg\u0171 csal\u00e1di [&hellip;]<\/p>\n","protected":false},"author":2,"featured_media":0,"parent":123,"menu_order":0,"comment_status":"closed","ping_status":"closed","template":"","meta":{"_et_pb_use_builder":"on","_et_pb_old_content":"","_et_gb_content_width":"","_price":"","_stock":"","_tribe_ticket_header":"","_tribe_default_ticket_provider":"","_ticket_start_date":"","_ticket_end_date":"","_tribe_ticket_show_description":"","_tribe_ticket_show_not_going":false,"_tribe_ticket_use_global_stock":"","_tribe_ticket_global_stock_level":"","_global_stock_mode":"","_global_stock_cap":"","_tribe_rsvp_for_event":"","_tribe_ticket_going_count":"","_tribe_ticket_not_going_count":"","_tribe_tickets_list":"[]","_tribe_ticket_has_attendee_info_fields":false,"footnotes":"","_tec_slr_enabled":"","_tec_slr_layout":""},"class_list":["post-3957","page","type-page","status-publish","hentry"],"yoast_head":"<!-- This site is optimized with the Yoast SEO plugin v25.0 - https:\/\/yoast.com\/wordpress\/plugins\/seo\/ -->\n<title>Feh\u00e9rv\u00e1ri advent - Szabad Sz\u00ednh\u00e1z<\/title>\n<meta name=\"robots\" content=\"index, follow, max-snippet:-1, max-image-preview:large, max-video-preview:-1\" \/>\n<link rel=\"canonical\" href=\"https:\/\/www.szabadszinhaz.hu\/en\/muveszi-projektek\/fehervari-advent\/\" \/>\n<meta property=\"og:locale\" content=\"en_US\" \/>\n<meta property=\"og:type\" content=\"article\" \/>\n<meta property=\"og:title\" content=\"Feh\u00e9rv\u00e1ri advent - Szabad Sz\u00ednh\u00e1z\" \/>\n<meta property=\"og:description\" content=\"Feh\u00e9rv\u00e1ri adventFeh\u00e9rv\u00e1ri AdventA Feh\u00e9rv\u00e1ri Advent olyan, a v\u00e1ros lak\u00f3inak kar\u00e1csonyi felk\u00e9sz\u00fcl\u00e9s\u00e9t seg\u00edt\u0151 programsorozat, amelyben a Szabad Sz\u00ednh\u00e1z \u00e9vr\u0151l \u00e9vre attrakt\u00edv programokkal vesz r\u00e9szt. Utcasz\u00ednh\u00e1zzal, vet\u00edt\u00e9ssel, \u00f6sszm\u0171v\u00e9szeti, \u00e9s bevon\u00f3 jelleg\u0171 csal\u00e1di [&hellip;]\" \/>\n<meta property=\"og:url\" content=\"https:\/\/www.szabadszinhaz.hu\/en\/muveszi-projektek\/fehervari-advent\/\" \/>\n<meta property=\"og:site_name\" content=\"Szabad Sz\u00ednh\u00e1z\" \/>\n<meta property=\"article:publisher\" content=\"https:\/\/www.facebook.com\/szabadszinhaz\" \/>\n<meta property=\"article:modified_time\" content=\"2022-02-08T18:25:12+00:00\" \/>\n<meta name=\"twitter:card\" content=\"summary_large_image\" \/>\n<meta name=\"twitter:label1\" content=\"Est. reading time\" \/>\n\t<meta name=\"twitter:data1\" content=\"2 minutes\" \/>\n<script type=\"application\/ld+json\" class=\"yoast-schema-graph\">{\"@context\":\"https:\/\/schema.org\",\"@graph\":[{\"@type\":\"WebPage\",\"@id\":\"https:\/\/www.szabadszinhaz.hu\/muveszi-projektek\/fehervari-advent\/\",\"url\":\"https:\/\/www.szabadszinhaz.hu\/muveszi-projektek\/fehervari-advent\/\",\"name\":\"Feh\u00e9rv\u00e1ri advent - Szabad Sz\u00ednh\u00e1z\",\"isPartOf\":{\"@id\":\"https:\/\/www.szabadszinhaz.hu\/#website\"},\"datePublished\":\"2022-02-08T18:22:41+00:00\",\"dateModified\":\"2022-02-08T18:25:12+00:00\",\"breadcrumb\":{\"@id\":\"https:\/\/www.szabadszinhaz.hu\/muveszi-projektek\/fehervari-advent\/#breadcrumb\"},\"inLanguage\":\"en-US\",\"potentialAction\":[{\"@type\":\"ReadAction\",\"target\":[\"https:\/\/www.szabadszinhaz.hu\/muveszi-projektek\/fehervari-advent\/\"]}]},{\"@type\":\"BreadcrumbList\",\"@id\":\"https:\/\/www.szabadszinhaz.hu\/muveszi-projektek\/fehervari-advent\/#breadcrumb\",\"itemListElement\":[{\"@type\":\"ListItem\",\"position\":1,\"name\":\"Kezd\u0151lap\",\"item\":\"https:\/\/www.szabadszinhaz.hu\/\"},{\"@type\":\"ListItem\",\"position\":2,\"name\":\"M\u0171v\u00e9szi projektek\",\"item\":\"https:\/\/www.szabadszinhaz.hu\/muveszi-projektek\/\"},{\"@type\":\"ListItem\",\"position\":3,\"name\":\"Feh\u00e9rv\u00e1ri advent\"}]},{\"@type\":\"WebSite\",\"@id\":\"https:\/\/www.szabadszinhaz.hu\/#website\",\"url\":\"https:\/\/www.szabadszinhaz.hu\/\",\"name\":\"Szabad Sz\u00ednh\u00e1z\",\"description\":\"Szabad Sz\u00ednh\u00e1z\",\"publisher\":{\"@id\":\"https:\/\/www.szabadszinhaz.hu\/#organization\"},\"potentialAction\":[{\"@type\":\"SearchAction\",\"target\":{\"@type\":\"EntryPoint\",\"urlTemplate\":\"https:\/\/www.szabadszinhaz.hu\/?s={search_term_string}\"},\"query-input\":{\"@type\":\"PropertyValueSpecification\",\"valueRequired\":true,\"valueName\":\"search_term_string\"}}],\"inLanguage\":\"en-US\"},{\"@type\":\"Organization\",\"@id\":\"https:\/\/www.szabadszinhaz.hu\/#organization\",\"name\":\"Szabad Sz\u00ednh\u00e1z SZ\u00cdN-T\u00c9R Egyes\u00fclet\",\"url\":\"https:\/\/www.szabadszinhaz.hu\/\",\"logo\":{\"@type\":\"ImageObject\",\"inLanguage\":\"en-US\",\"@id\":\"https:\/\/www.szabadszinhaz.hu\/#\/schema\/logo\/image\/\",\"url\":\"https:\/\/www.szabadszinhaz.hu\/wp-content\/uploads\/2025\/01\/images.jpg\",\"contentUrl\":\"https:\/\/www.szabadszinhaz.hu\/wp-content\/uploads\/2025\/01\/images.jpg\",\"width\":178,\"height\":284,\"caption\":\"Szabad Sz\u00ednh\u00e1z SZ\u00cdN-T\u00c9R Egyes\u00fclet\"},\"image\":{\"@id\":\"https:\/\/www.szabadszinhaz.hu\/#\/schema\/logo\/image\/\"},\"sameAs\":[\"https:\/\/www.facebook.com\/szabadszinhaz\"]}]}<\/script>\n<!-- \/ Yoast SEO plugin. -->","yoast_head_json":{"title":"Feh\u00e9rv\u00e1ri advent - Szabad Sz\u00ednh\u00e1z","robots":{"index":"index","follow":"follow","max-snippet":"max-snippet:-1","max-image-preview":"max-image-preview:large","max-video-preview":"max-video-preview:-1"},"canonical":"https:\/\/www.szabadszinhaz.hu\/en\/muveszi-projektek\/fehervari-advent\/","og_locale":"en_US","og_type":"article","og_title":"Feh\u00e9rv\u00e1ri advent - Szabad Sz\u00ednh\u00e1z","og_description":"Feh\u00e9rv\u00e1ri adventFeh\u00e9rv\u00e1ri AdventA Feh\u00e9rv\u00e1ri Advent olyan, a v\u00e1ros lak\u00f3inak kar\u00e1csonyi felk\u00e9sz\u00fcl\u00e9s\u00e9t seg\u00edt\u0151 programsorozat, amelyben a Szabad Sz\u00ednh\u00e1z \u00e9vr\u0151l \u00e9vre attrakt\u00edv programokkal vesz r\u00e9szt. Utcasz\u00ednh\u00e1zzal, vet\u00edt\u00e9ssel, \u00f6sszm\u0171v\u00e9szeti, \u00e9s bevon\u00f3 jelleg\u0171 csal\u00e1di [&hellip;]","og_url":"https:\/\/www.szabadszinhaz.hu\/en\/muveszi-projektek\/fehervari-advent\/","og_site_name":"Szabad Sz\u00ednh\u00e1z","article_publisher":"https:\/\/www.facebook.com\/szabadszinhaz","article_modified_time":"2022-02-08T18:25:12+00:00","twitter_card":"summary_large_image","twitter_misc":{"Est. reading time":"2 minutes"},"schema":{"@context":"https:\/\/schema.org","@graph":[{"@type":"WebPage","@id":"https:\/\/www.szabadszinhaz.hu\/muveszi-projektek\/fehervari-advent\/","url":"https:\/\/www.szabadszinhaz.hu\/muveszi-projektek\/fehervari-advent\/","name":"Feh\u00e9rv\u00e1ri advent - Szabad Sz\u00ednh\u00e1z","isPartOf":{"@id":"https:\/\/www.szabadszinhaz.hu\/#website"},"datePublished":"2022-02-08T18:22:41+00:00","dateModified":"2022-02-08T18:25:12+00:00","breadcrumb":{"@id":"https:\/\/www.szabadszinhaz.hu\/muveszi-projektek\/fehervari-advent\/#breadcrumb"},"inLanguage":"en-US","potentialAction":[{"@type":"ReadAction","target":["https:\/\/www.szabadszinhaz.hu\/muveszi-projektek\/fehervari-advent\/"]}]},{"@type":"BreadcrumbList","@id":"https:\/\/www.szabadszinhaz.hu\/muveszi-projektek\/fehervari-advent\/#breadcrumb","itemListElement":[{"@type":"ListItem","position":1,"name":"Kezd\u0151lap","item":"https:\/\/www.szabadszinhaz.hu\/"},{"@type":"ListItem","position":2,"name":"M\u0171v\u00e9szi projektek","item":"https:\/\/www.szabadszinhaz.hu\/muveszi-projektek\/"},{"@type":"ListItem","position":3,"name":"Feh\u00e9rv\u00e1ri advent"}]},{"@type":"WebSite","@id":"https:\/\/www.szabadszinhaz.hu\/#website","url":"https:\/\/www.szabadszinhaz.hu\/","name":"Free Theatre - Szabad Sz\u00ednh\u00e1z","description":"Free Theatre - Szabad Sz\u00ednh\u00e1z","publisher":{"@id":"https:\/\/www.szabadszinhaz.hu\/#organization"},"potentialAction":[{"@type":"SearchAction","target":{"@type":"EntryPoint","urlTemplate":"https:\/\/www.szabadszinhaz.hu\/?s={search_term_string}"},"query-input":{"@type":"PropertyValueSpecification","valueRequired":true,"valueName":"search_term_string"}}],"inLanguage":"en-US"},{"@type":"Organization","@id":"https:\/\/www.szabadszinhaz.hu\/#organization","name":"Szabad Sz\u00ednh\u00e1z SZ\u00cdN-T\u00c9R Egyes\u00fclet","url":"https:\/\/www.szabadszinhaz.hu\/","logo":{"@type":"ImageObject","inLanguage":"en-US","@id":"https:\/\/www.szabadszinhaz.hu\/#\/schema\/logo\/image\/","url":"https:\/\/www.szabadszinhaz.hu\/wp-content\/uploads\/2025\/01\/images.jpg","contentUrl":"https:\/\/www.szabadszinhaz.hu\/wp-content\/uploads\/2025\/01\/images.jpg","width":178,"height":284,"caption":"Szabad Sz\u00ednh\u00e1z SZ\u00cdN-T\u00c9R Egyes\u00fclet"},"image":{"@id":"https:\/\/www.szabadszinhaz.hu\/#\/schema\/logo\/image\/"},"sameAs":["https:\/\/www.facebook.com\/szabadszinhaz"]}]}},"ticketed":false,"_links":{"self":[{"href":"https:\/\/www.szabadszinhaz.hu\/en\/wp-json\/wp\/v2\/pages\/3957","targetHints":{"allow":["GET"]}}],"collection":[{"href":"https:\/\/www.szabadszinhaz.hu\/en\/wp-json\/wp\/v2\/pages"}],"about":[{"href":"https:\/\/www.szabadszinhaz.hu\/en\/wp-json\/wp\/v2\/types\/page"}],"author":[{"embeddable":true,"href":"https:\/\/www.szabadszinhaz.hu\/en\/wp-json\/wp\/v2\/users\/2"}],"replies":[{"embeddable":true,"href":"https:\/\/www.szabadszinhaz.hu\/en\/wp-json\/wp\/v2\/comments?post=3957"}],"version-history":[{"count":3,"href":"https:\/\/www.szabadszinhaz.hu\/en\/wp-json\/wp\/v2\/pages\/3957\/revisions"}],"predecessor-version":[{"id":3969,"href":"https:\/\/www.szabadszinhaz.hu\/en\/wp-json\/wp\/v2\/pages\/3957\/revisions\/3969"}],"up":[{"embeddable":true,"href":"https:\/\/www.szabadszinhaz.hu\/en\/wp-json\/wp\/v2\/pages\/123"}],"wp:attachment":[{"href":"https:\/\/www.szabadszinhaz.hu\/en\/wp-json\/wp\/v2\/media?parent=3957"}],"curies":[{"name":"wp","href":"https:\/\/api.w.org\/{rel}","templated":true}]}}