{"id":3933,"date":"2022-02-08T19:17:31","date_gmt":"2022-02-08T18:17:31","guid":{"rendered":"http:\/\/www.szabszinhaz.hu\/?page_id=3933"},"modified":"2022-02-08T19:22:10","modified_gmt":"2022-02-08T18:22:10","slug":"kozepkori-piac","status":"publish","type":"page","link":"https:\/\/www.szabadszinhaz.hu\/en\/muveszi-projektek\/kozepkori-piac\/","title":{"rendered":"Ancient market"},"content":{"rendered":"<p>[et_pb_section fb_built=&#8221;1&#8243; _builder_version=&#8221;4.14.1&#8243; _module_preset=&#8221;default&#8221; background_color=&#8221;#fff1d0&#8243; global_colors_info=&#8221;{}&#8221;][et_pb_row _builder_version=&#8221;4.14.1&#8243; _module_preset=&#8221;default&#8221; global_colors_info=&#8221;{}&#8221;][et_pb_column type=&#8221;4_4&#8243; _builder_version=&#8221;4.14.1&#8243; _module_preset=&#8221;default&#8221; global_colors_info=&#8221;{}&#8221;][et_pb_text _builder_version=&#8221;4.14.4&#8243; _module_preset=&#8221;default&#8221; text_text_color=&#8221;#000000&#8243; text_font_size=&#8221;28px&#8221; hover_enabled=&#8221;0&#8243; global_colors_info=&#8221;{}&#8221; sticky_enabled=&#8221;0&#8243;]<\/p>\n<p><strong>K\u00f6z\u00e9pkori piac<\/strong><\/p>\n<p>[\/et_pb_text][\/et_pb_column][\/et_pb_row][et_pb_row _builder_version=&#8221;4.14.1&#8243; _module_preset=&#8221;default&#8221; custom_padding=&#8221;3px||0px|||&#8221; global_colors_info=&#8221;{}&#8221;][et_pb_column type=&#8221;4_4&#8243; _builder_version=&#8221;4.14.1&#8243; _module_preset=&#8221;default&#8221; global_colors_info=&#8221;{}&#8221;][et_pb_divider color=&#8221;#000000&#8243; divider_weight=&#8221;4px&#8221; _builder_version=&#8221;4.14.1&#8243; _module_preset=&#8221;default&#8221; custom_margin=&#8221;||-58px|||&#8221; global_colors_info=&#8221;{}&#8221;][\/et_pb_divider][\/et_pb_column][\/et_pb_row][et_pb_row _builder_version=&#8221;4.14.1&#8243; _module_preset=&#8221;default&#8221; custom_padding=&#8221;0px|||||&#8221; global_colors_info=&#8221;{}&#8221;][et_pb_column type=&#8221;4_4&#8243; _builder_version=&#8221;4.14.1&#8243; _module_preset=&#8221;default&#8221; global_colors_info=&#8221;{}&#8221;][et_pb_text _builder_version=&#8221;4.14.4&#8243; _module_preset=&#8221;default&#8221; text_text_color=&#8221;#000000&#8243; text_font_size=&#8221;17px&#8221; text_line_height=&#8221;1.6em&#8221; text_orientation=&#8221;center&#8221; custom_padding=&#8221;24px|||||&#8221; hover_enabled=&#8221;0&#8243; global_colors_info=&#8221;{}&#8221; sticky_enabled=&#8221;0&#8243;]<\/p>\n<h2 style=\"text-align: left;\">Koron\u00e1z\u00e1si \u00dcnnepi J\u00e1t\u00e9kok Sz\u00e9kesfeh\u00e9rv\u00e1r<\/h2>\n<p style=\"text-align: left;\"><strong>Sz\u00e9kesfeh\u00e9rv\u00e1r Szent Istv\u00e1n v\u00e1rosa. Ebb\u0151l ad\u00f3d\u00f3an a v\u00e1ros legnagyobb v\u00e1rosi rendezv\u00e9nye \u00e9s turisztikai attrakci\u00f3ja az augusztus h\u00f3napban megrendezett \u00fan. Szent Istv\u00e1n \u00fcnnepk\u00f6r. Kultur\u00e1lis programok sokas\u00e1ga v\u00e1rja ilyenkor a v\u00e1rosba \u00e9rkez\u0151ket.<\/strong><\/p>\n<p style=\"text-align: left;\">Az augusztus 20-a el\u0151tti h\u00e9tv\u00e9g\u00e9n a Szabad Sz\u00ednh\u00e1z k\u00f6z\u00e9pkori sokadalmat mutat ilyenkor, amelyben piaci perpatvarokat, v\u00e1s\u00e1ri \u00e9letk\u00e9peket, perg\u0151 nyelv\u0171 kof\u00e1kat \u00e9s borvir\u00e1gos pof\u00e1kat, ravasz kalm\u00e1rokat \u00e9s r\u00e9mh\u00edrkelt\u0151 pletyk\u00e1sokat, korhely kom\u00e9di\u00e1sokat \u00e9s d\u00e9vaj mutatv\u00e1nyosokat, l\u00e9h\u0171t\u0151 igriceket \u00e9s naplop\u00f3 bikficeket, megsz\u00e1llottakat \u00e9s m\u00e1ni\u00e1sokat, \u00f6ngy\u00f3gy\u00edt\u00f3 felcsert \u00e9s k\u00f6z\u00e9pkori t\u00e9bolyd\u00e1t, tolvajokat, javasasszonyokat, b\u0171b\u00e1josokat, lid\u00e9rcl\u00e1t\u00f3kat, piaci b\u00edr\u00e1skod\u00e1st \u00e9s p\u00e9ldamutat\u00f3 b\u00fcntet\u00e9seket, k\u00f6z\u00e9pkori k\u00f6pk\u00f6d\u0151t, \u00e1llat-olimpi\u00e1t, fogad\u00e1sokat, v\u00e1s\u00e1ri j\u00e1t\u00e9kokat l\u00e1that a k\u00f6z\u00f6ns\u00e9g a t\u00e1rsulatt\u00f3l.<\/p>\n<p style=\"text-align: left;\">A nagy siker\u0171 k\u00f6z\u00e9pkori j\u00e1t\u00e9kok hangulat\u00e1t egy utcahossznyi k\u00f6z\u00e9pkori v\u00e1rosfal seg\u00edt felid\u00e9zni.<\/p>\n<p>[\/et_pb_text][et_pb_gallery gallery_ids=&#8221;3937,3938,3939,3940,3941,3942,3943,3944,3945,3946,3947,3948,3949,3950,3951,3952,3953&#8243; posts_number=&#8221;20&#8243; show_title_and_caption=&#8221;off&#8221; show_pagination=&#8221;off&#8221; _builder_version=&#8221;4.14.4&#8243; _module_preset=&#8221;default&#8221; hover_enabled=&#8221;0&#8243; global_colors_info=&#8221;{}&#8221; sticky_enabled=&#8221;0&#8243;][\/et_pb_gallery][\/et_pb_column][\/et_pb_row][\/et_pb_section]<\/p>\n","protected":false},"excerpt":{"rendered":"<p>K\u00f6z\u00e9pkori piacKoron\u00e1z\u00e1si \u00dcnnepi J\u00e1t\u00e9kok Sz\u00e9kesfeh\u00e9rv\u00e1r Sz\u00e9kesfeh\u00e9rv\u00e1r Szent Istv\u00e1n v\u00e1rosa. Ebb\u0151l ad\u00f3d\u00f3an a v\u00e1ros legnagyobb v\u00e1rosi rendezv\u00e9nye \u00e9s turisztikai attrakci\u00f3ja az augusztus h\u00f3napban megrendezett \u00fan. Szent Istv\u00e1n \u00fcnnepk\u00f6r. Kultur\u00e1lis programok sokas\u00e1ga [&hellip;]<\/p>\n","protected":false},"author":2,"featured_media":0,"parent":123,"menu_order":0,"comment_status":"closed","ping_status":"closed","template":"","meta":{"_et_pb_use_builder":"on","_et_pb_old_content":"","_et_gb_content_width":"","_price":"","_stock":"","_tribe_ticket_header":"","_tribe_default_ticket_provider":"","_ticket_start_date":"","_ticket_end_date":"","_tribe_ticket_show_description":"","_tribe_ticket_show_not_going":false,"_tribe_ticket_use_global_stock":"","_tribe_ticket_global_stock_level":"","_global_stock_mode":"","_global_stock_cap":"","_tribe_rsvp_for_event":"","_tribe_ticket_going_count":"","_tribe_ticket_not_going_count":"","_tribe_tickets_list":"[]","_tribe_ticket_has_attendee_info_fields":false,"footnotes":"","_tec_slr_enabled":"","_tec_slr_layout":""},"class_list":["post-3933","page","type-page","status-publish","hentry"],"yoast_head":"<!-- This site is optimized with the Yoast SEO plugin v25.0 - https:\/\/yoast.com\/wordpress\/plugins\/seo\/ -->\n<title>K\u00f6z\u00e9pkori piac - Szabad Sz\u00ednh\u00e1z<\/title>\n<meta name=\"robots\" content=\"index, follow, max-snippet:-1, max-image-preview:large, max-video-preview:-1\" \/>\n<link rel=\"canonical\" href=\"https:\/\/www.szabadszinhaz.hu\/en\/muveszi-projektek\/kozepkori-piac\/\" \/>\n<meta property=\"og:locale\" content=\"en_US\" \/>\n<meta property=\"og:type\" content=\"article\" \/>\n<meta property=\"og:title\" content=\"K\u00f6z\u00e9pkori piac - Szabad Sz\u00ednh\u00e1z\" \/>\n<meta property=\"og:description\" content=\"K\u00f6z\u00e9pkori piacKoron\u00e1z\u00e1si \u00dcnnepi J\u00e1t\u00e9kok Sz\u00e9kesfeh\u00e9rv\u00e1r Sz\u00e9kesfeh\u00e9rv\u00e1r Szent Istv\u00e1n v\u00e1rosa. Ebb\u0151l ad\u00f3d\u00f3an a v\u00e1ros legnagyobb v\u00e1rosi rendezv\u00e9nye \u00e9s turisztikai attrakci\u00f3ja az augusztus h\u00f3napban megrendezett \u00fan. Szent Istv\u00e1n \u00fcnnepk\u00f6r. Kultur\u00e1lis programok sokas\u00e1ga [&hellip;]\" \/>\n<meta property=\"og:url\" content=\"https:\/\/www.szabadszinhaz.hu\/en\/muveszi-projektek\/kozepkori-piac\/\" \/>\n<meta property=\"og:site_name\" content=\"Szabad Sz\u00ednh\u00e1z\" \/>\n<meta property=\"article:publisher\" content=\"https:\/\/www.facebook.com\/szabadszinhaz\" \/>\n<meta property=\"article:modified_time\" content=\"2022-02-08T18:22:10+00:00\" \/>\n<meta name=\"twitter:card\" content=\"summary_large_image\" \/>\n<meta name=\"twitter:label1\" content=\"Est. reading time\" \/>\n\t<meta name=\"twitter:data1\" content=\"2 minutes\" \/>\n<script type=\"application\/ld+json\" class=\"yoast-schema-graph\">{\"@context\":\"https:\/\/schema.org\",\"@graph\":[{\"@type\":\"WebPage\",\"@id\":\"https:\/\/www.szabadszinhaz.hu\/muveszi-projektek\/kozepkori-piac\/\",\"url\":\"https:\/\/www.szabadszinhaz.hu\/muveszi-projektek\/kozepkori-piac\/\",\"name\":\"K\u00f6z\u00e9pkori piac - Szabad Sz\u00ednh\u00e1z\",\"isPartOf\":{\"@id\":\"https:\/\/www.szabadszinhaz.hu\/#website\"},\"datePublished\":\"2022-02-08T18:17:31+00:00\",\"dateModified\":\"2022-02-08T18:22:10+00:00\",\"breadcrumb\":{\"@id\":\"https:\/\/www.szabadszinhaz.hu\/muveszi-projektek\/kozepkori-piac\/#breadcrumb\"},\"inLanguage\":\"en-US\",\"potentialAction\":[{\"@type\":\"ReadAction\",\"target\":[\"https:\/\/www.szabadszinhaz.hu\/muveszi-projektek\/kozepkori-piac\/\"]}]},{\"@type\":\"BreadcrumbList\",\"@id\":\"https:\/\/www.szabadszinhaz.hu\/muveszi-projektek\/kozepkori-piac\/#breadcrumb\",\"itemListElement\":[{\"@type\":\"ListItem\",\"position\":1,\"name\":\"Kezd\u0151lap\",\"item\":\"https:\/\/www.szabadszinhaz.hu\/\"},{\"@type\":\"ListItem\",\"position\":2,\"name\":\"M\u0171v\u00e9szi projektek\",\"item\":\"https:\/\/www.szabadszinhaz.hu\/muveszi-projektek\/\"},{\"@type\":\"ListItem\",\"position\":3,\"name\":\"K\u00f6z\u00e9pkori piac\"}]},{\"@type\":\"WebSite\",\"@id\":\"https:\/\/www.szabadszinhaz.hu\/#website\",\"url\":\"https:\/\/www.szabadszinhaz.hu\/\",\"name\":\"Szabad Sz\u00ednh\u00e1z\",\"description\":\"Szabad Sz\u00ednh\u00e1z\",\"publisher\":{\"@id\":\"https:\/\/www.szabadszinhaz.hu\/#organization\"},\"potentialAction\":[{\"@type\":\"SearchAction\",\"target\":{\"@type\":\"EntryPoint\",\"urlTemplate\":\"https:\/\/www.szabadszinhaz.hu\/?s={search_term_string}\"},\"query-input\":{\"@type\":\"PropertyValueSpecification\",\"valueRequired\":true,\"valueName\":\"search_term_string\"}}],\"inLanguage\":\"en-US\"},{\"@type\":\"Organization\",\"@id\":\"https:\/\/www.szabadszinhaz.hu\/#organization\",\"name\":\"Szabad Sz\u00ednh\u00e1z SZ\u00cdN-T\u00c9R Egyes\u00fclet\",\"url\":\"https:\/\/www.szabadszinhaz.hu\/\",\"logo\":{\"@type\":\"ImageObject\",\"inLanguage\":\"en-US\",\"@id\":\"https:\/\/www.szabadszinhaz.hu\/#\/schema\/logo\/image\/\",\"url\":\"https:\/\/www.szabadszinhaz.hu\/wp-content\/uploads\/2025\/01\/images.jpg\",\"contentUrl\":\"https:\/\/www.szabadszinhaz.hu\/wp-content\/uploads\/2025\/01\/images.jpg\",\"width\":178,\"height\":284,\"caption\":\"Szabad Sz\u00ednh\u00e1z SZ\u00cdN-T\u00c9R Egyes\u00fclet\"},\"image\":{\"@id\":\"https:\/\/www.szabadszinhaz.hu\/#\/schema\/logo\/image\/\"},\"sameAs\":[\"https:\/\/www.facebook.com\/szabadszinhaz\"]}]}<\/script>\n<!-- \/ Yoast SEO plugin. -->","yoast_head_json":{"title":"K\u00f6z\u00e9pkori piac - Szabad Sz\u00ednh\u00e1z","robots":{"index":"index","follow":"follow","max-snippet":"max-snippet:-1","max-image-preview":"max-image-preview:large","max-video-preview":"max-video-preview:-1"},"canonical":"https:\/\/www.szabadszinhaz.hu\/en\/muveszi-projektek\/kozepkori-piac\/","og_locale":"en_US","og_type":"article","og_title":"K\u00f6z\u00e9pkori piac - Szabad Sz\u00ednh\u00e1z","og_description":"K\u00f6z\u00e9pkori piacKoron\u00e1z\u00e1si \u00dcnnepi J\u00e1t\u00e9kok Sz\u00e9kesfeh\u00e9rv\u00e1r Sz\u00e9kesfeh\u00e9rv\u00e1r Szent Istv\u00e1n v\u00e1rosa. Ebb\u0151l ad\u00f3d\u00f3an a v\u00e1ros legnagyobb v\u00e1rosi rendezv\u00e9nye \u00e9s turisztikai attrakci\u00f3ja az augusztus h\u00f3napban megrendezett \u00fan. Szent Istv\u00e1n \u00fcnnepk\u00f6r. Kultur\u00e1lis programok sokas\u00e1ga [&hellip;]","og_url":"https:\/\/www.szabadszinhaz.hu\/en\/muveszi-projektek\/kozepkori-piac\/","og_site_name":"Szabad Sz\u00ednh\u00e1z","article_publisher":"https:\/\/www.facebook.com\/szabadszinhaz","article_modified_time":"2022-02-08T18:22:10+00:00","twitter_card":"summary_large_image","twitter_misc":{"Est. reading time":"2 minutes"},"schema":{"@context":"https:\/\/schema.org","@graph":[{"@type":"WebPage","@id":"https:\/\/www.szabadszinhaz.hu\/muveszi-projektek\/kozepkori-piac\/","url":"https:\/\/www.szabadszinhaz.hu\/muveszi-projektek\/kozepkori-piac\/","name":"K\u00f6z\u00e9pkori piac - Szabad Sz\u00ednh\u00e1z","isPartOf":{"@id":"https:\/\/www.szabadszinhaz.hu\/#website"},"datePublished":"2022-02-08T18:17:31+00:00","dateModified":"2022-02-08T18:22:10+00:00","breadcrumb":{"@id":"https:\/\/www.szabadszinhaz.hu\/muveszi-projektek\/kozepkori-piac\/#breadcrumb"},"inLanguage":"en-US","potentialAction":[{"@type":"ReadAction","target":["https:\/\/www.szabadszinhaz.hu\/muveszi-projektek\/kozepkori-piac\/"]}]},{"@type":"BreadcrumbList","@id":"https:\/\/www.szabadszinhaz.hu\/muveszi-projektek\/kozepkori-piac\/#breadcrumb","itemListElement":[{"@type":"ListItem","position":1,"name":"Kezd\u0151lap","item":"https:\/\/www.szabadszinhaz.hu\/"},{"@type":"ListItem","position":2,"name":"M\u0171v\u00e9szi projektek","item":"https:\/\/www.szabadszinhaz.hu\/muveszi-projektek\/"},{"@type":"ListItem","position":3,"name":"K\u00f6z\u00e9pkori piac"}]},{"@type":"WebSite","@id":"https:\/\/www.szabadszinhaz.hu\/#website","url":"https:\/\/www.szabadszinhaz.hu\/","name":"Free Theatre - Szabad Sz\u00ednh\u00e1z","description":"Free Theatre - Szabad Sz\u00ednh\u00e1z","publisher":{"@id":"https:\/\/www.szabadszinhaz.hu\/#organization"},"potentialAction":[{"@type":"SearchAction","target":{"@type":"EntryPoint","urlTemplate":"https:\/\/www.szabadszinhaz.hu\/?s={search_term_string}"},"query-input":{"@type":"PropertyValueSpecification","valueRequired":true,"valueName":"search_term_string"}}],"inLanguage":"en-US"},{"@type":"Organization","@id":"https:\/\/www.szabadszinhaz.hu\/#organization","name":"Szabad Sz\u00ednh\u00e1z SZ\u00cdN-T\u00c9R Egyes\u00fclet","url":"https:\/\/www.szabadszinhaz.hu\/","logo":{"@type":"ImageObject","inLanguage":"en-US","@id":"https:\/\/www.szabadszinhaz.hu\/#\/schema\/logo\/image\/","url":"https:\/\/www.szabadszinhaz.hu\/wp-content\/uploads\/2025\/01\/images.jpg","contentUrl":"https:\/\/www.szabadszinhaz.hu\/wp-content\/uploads\/2025\/01\/images.jpg","width":178,"height":284,"caption":"Szabad Sz\u00ednh\u00e1z SZ\u00cdN-T\u00c9R Egyes\u00fclet"},"image":{"@id":"https:\/\/www.szabadszinhaz.hu\/#\/schema\/logo\/image\/"},"sameAs":["https:\/\/www.facebook.com\/szabadszinhaz"]}]}},"ticketed":false,"_links":{"self":[{"href":"https:\/\/www.szabadszinhaz.hu\/en\/wp-json\/wp\/v2\/pages\/3933","targetHints":{"allow":["GET"]}}],"collection":[{"href":"https:\/\/www.szabadszinhaz.hu\/en\/wp-json\/wp\/v2\/pages"}],"about":[{"href":"https:\/\/www.szabadszinhaz.hu\/en\/wp-json\/wp\/v2\/types\/page"}],"author":[{"embeddable":true,"href":"https:\/\/www.szabadszinhaz.hu\/en\/wp-json\/wp\/v2\/users\/2"}],"replies":[{"embeddable":true,"href":"https:\/\/www.szabadszinhaz.hu\/en\/wp-json\/wp\/v2\/comments?post=3933"}],"version-history":[{"count":3,"href":"https:\/\/www.szabadszinhaz.hu\/en\/wp-json\/wp\/v2\/pages\/3933\/revisions"}],"predecessor-version":[{"id":3955,"href":"https:\/\/www.szabadszinhaz.hu\/en\/wp-json\/wp\/v2\/pages\/3933\/revisions\/3955"}],"up":[{"embeddable":true,"href":"https:\/\/www.szabadszinhaz.hu\/en\/wp-json\/wp\/v2\/pages\/123"}],"wp:attachment":[{"href":"https:\/\/www.szabadszinhaz.hu\/en\/wp-json\/wp\/v2\/media?parent=3933"}],"curies":[{"name":"wp","href":"https:\/\/api.w.org\/{rel}","templated":true}]}}