{"id":3896,"date":"2022-02-08T18:31:59","date_gmt":"2022-02-08T17:31:59","guid":{"rendered":"http:\/\/www.szabszinhaz.hu\/?page_id=3896"},"modified":"2022-02-08T19:12:47","modified_gmt":"2022-02-08T18:12:47","slug":"kolteszet-napja-posztolj-verset-utcara","status":"publish","type":"page","link":"https:\/\/www.szabadszinhaz.hu\/en\/muveszi-projektek\/kolteszet-napja-posztolj-verset-utcara\/","title":{"rendered":"K\u00f6lt\u00e9szet napja &#8211; Posztolj verset utc\u00e1ra!"},"content":{"rendered":"<p>[et_pb_section fb_built=&#8221;1&#8243; _builder_version=&#8221;4.14.1&#8243; _module_preset=&#8221;default&#8221; background_color=&#8221;#fff1d0&#8243; global_colors_info=&#8221;{}&#8221;][et_pb_row _builder_version=&#8221;4.14.1&#8243; _module_preset=&#8221;default&#8221; global_colors_info=&#8221;{}&#8221;][et_pb_column type=&#8221;4_4&#8243; _builder_version=&#8221;4.14.1&#8243; _module_preset=&#8221;default&#8221; global_colors_info=&#8221;{}&#8221;][et_pb_text _builder_version=&#8221;4.14.4&#8243; _module_preset=&#8221;default&#8221; text_text_color=&#8221;#000000&#8243; text_font_size=&#8221;28px&#8221; hover_enabled=&#8221;0&#8243; global_colors_info=&#8221;{}&#8221; sticky_enabled=&#8221;0&#8243;]<\/p>\n<p>K\u00f6lt\u00e9szet napja<\/p>\n<p>[\/et_pb_text][\/et_pb_column][\/et_pb_row][et_pb_row _builder_version=&#8221;4.14.1&#8243; _module_preset=&#8221;default&#8221; custom_padding=&#8221;3px||0px|||&#8221; global_colors_info=&#8221;{}&#8221;][et_pb_column type=&#8221;4_4&#8243; _builder_version=&#8221;4.14.1&#8243; _module_preset=&#8221;default&#8221; global_colors_info=&#8221;{}&#8221;][et_pb_divider color=&#8221;#000000&#8243; divider_weight=&#8221;4px&#8221; _builder_version=&#8221;4.14.1&#8243; _module_preset=&#8221;default&#8221; custom_margin=&#8221;||-58px|||&#8221; global_colors_info=&#8221;{}&#8221;][\/et_pb_divider][\/et_pb_column][\/et_pb_row][et_pb_row _builder_version=&#8221;4.14.1&#8243; _module_preset=&#8221;default&#8221; custom_padding=&#8221;0px|||||&#8221; global_colors_info=&#8221;{}&#8221;][et_pb_column type=&#8221;4_4&#8243; _builder_version=&#8221;4.14.1&#8243; _module_preset=&#8221;default&#8221; global_colors_info=&#8221;{}&#8221;][et_pb_text _builder_version=&#8221;4.14.4&#8243; _module_preset=&#8221;default&#8221; text_text_color=&#8221;#000000&#8243; text_font_size=&#8221;17px&#8221; text_line_height=&#8221;1.6em&#8221; text_orientation=&#8221;center&#8221; custom_padding=&#8221;24px|||||&#8221; hover_enabled=&#8221;0&#8243; global_colors_info=&#8221;{}&#8221; sticky_enabled=&#8221;0&#8243;]<\/p>\n<h2 style=\"text-align: left;\"><strong>K\u00f6lt\u00e9szet napja- Posztolj verset utc\u00e1ra!<\/strong><\/h2>\n<p style=\"text-align: left;\">A Szabad Sz\u00ednh\u00e1z t\u00e1rsulata az ut\u00e1np\u00f3tl\u00e1s csoportok bevon\u00e1s\u00e1val csatlakozott az orsz\u00e1gos Posztolj verset utc\u00e1ra mozgalomhoz, amelynek keret\u00e9ben minden \u00e1prilis 11-\u00e9n, a K\u00f6lt\u00e9szet napj\u00e1n valamilyen aktu\u00e1lis tematika ment\u00e9n programokkal kieg\u00e9sz\u00edtve viszik utc\u00e1ra a vers \u00fcnnep\u00e9t. A program c\u00e9lja az utca ember\u00e9nek m\u0171v\u00e9szi eszk\u00f6z\u00f6kkel val\u00f3 megsz\u00f3l\u00edt\u00e1sa, min\u00e9l t\u00f6bb ember bevon\u00e1sa J\u00f3zsef Attila sz\u00fclet\u00e9snapj\u00e1n a k\u00f6lt\u00e9szet \u00fcnnep\u00e9be.<\/p>\n<p style=\"text-align: left;\">Ilyenkor mindenki kirakhatja, ki\u00edrhatja a kedvenc k\u00f6ltem\u00e9ny\u00e9t, vagy ak\u00e1r saj\u00e1t verset is posztolhat az Ig\u00e9z\u0151 el\u0151tt az erre alkalmas helyeken. A verseket ezut\u00e1n lefot\u00f3zhatja, \u00e9s kiposztolhatja a k\u00f6z\u00f6ss\u00e9gi port\u00e1lra. Az Ig\u00e9z\u0151 minden \u00e9vben az egyik legt\u00f6bb posztot mag\u00e1\u00e9nak tud\u00f3 helysz\u00edn az orsz\u00e1gos rendezv\u00e9ny helysz\u00ednei k\u00f6z\u00f6tt.<\/p>\n<p>[\/et_pb_text][et_pb_gallery gallery_ids=&#8221;3899,3900,3901,3902,3903,3904,3905,3906&#8243; posts_number=&#8221;8&#8243; show_title_and_caption=&#8221;off&#8221; show_pagination=&#8221;off&#8221; _builder_version=&#8221;4.14.4&#8243; _module_preset=&#8221;default&#8221; hover_enabled=&#8221;0&#8243; global_colors_info=&#8221;{}&#8221; sticky_enabled=&#8221;0&#8243;][\/et_pb_gallery][\/et_pb_column][\/et_pb_row][\/et_pb_section]<\/p>\n","protected":false},"excerpt":{"rendered":"<p>K\u00f6lt\u00e9szet napjaK\u00f6lt\u00e9szet napja- Posztolj verset utc\u00e1ra! A Szabad Sz\u00ednh\u00e1z t\u00e1rsulata az ut\u00e1np\u00f3tl\u00e1s csoportok bevon\u00e1s\u00e1val csatlakozott az orsz\u00e1gos Posztolj verset utc\u00e1ra mozgalomhoz, amelynek keret\u00e9ben minden \u00e1prilis 11-\u00e9n, a K\u00f6lt\u00e9szet napj\u00e1n valamilyen [&hellip;]<\/p>\n","protected":false},"author":2,"featured_media":0,"parent":123,"menu_order":0,"comment_status":"closed","ping_status":"closed","template":"","meta":{"_et_pb_use_builder":"on","_et_pb_old_content":"","_et_gb_content_width":"","_price":"","_stock":"","_tribe_ticket_header":"","_tribe_default_ticket_provider":"","_ticket_start_date":"","_ticket_end_date":"","_tribe_ticket_show_description":"","_tribe_ticket_show_not_going":false,"_tribe_ticket_use_global_stock":"","_tribe_ticket_global_stock_level":"","_global_stock_mode":"","_global_stock_cap":"","_tribe_rsvp_for_event":"","_tribe_ticket_going_count":"","_tribe_ticket_not_going_count":"","_tribe_tickets_list":"[]","_tribe_ticket_has_attendee_info_fields":false,"footnotes":"","_tec_slr_enabled":"","_tec_slr_layout":""},"class_list":["post-3896","page","type-page","status-publish","hentry"],"yoast_head":"<!-- This site is optimized with the Yoast SEO plugin v25.0 - https:\/\/yoast.com\/wordpress\/plugins\/seo\/ -->\n<title>K\u00f6lt\u00e9szet napja - Posztolj verset utc\u00e1ra! - Szabad Sz\u00ednh\u00e1z<\/title>\n<meta name=\"robots\" content=\"index, follow, max-snippet:-1, max-image-preview:large, max-video-preview:-1\" \/>\n<link rel=\"canonical\" href=\"https:\/\/www.szabadszinhaz.hu\/en\/muveszi-projektek\/kolteszet-napja-posztolj-verset-utcara\/\" \/>\n<meta property=\"og:locale\" content=\"en_US\" \/>\n<meta property=\"og:type\" content=\"article\" \/>\n<meta property=\"og:title\" content=\"K\u00f6lt\u00e9szet napja - Posztolj verset utc\u00e1ra! - Szabad Sz\u00ednh\u00e1z\" \/>\n<meta property=\"og:description\" content=\"K\u00f6lt\u00e9szet napjaK\u00f6lt\u00e9szet napja- Posztolj verset utc\u00e1ra! A Szabad Sz\u00ednh\u00e1z t\u00e1rsulata az ut\u00e1np\u00f3tl\u00e1s csoportok bevon\u00e1s\u00e1val csatlakozott az orsz\u00e1gos Posztolj verset utc\u00e1ra mozgalomhoz, amelynek keret\u00e9ben minden \u00e1prilis 11-\u00e9n, a K\u00f6lt\u00e9szet napj\u00e1n valamilyen [&hellip;]\" \/>\n<meta property=\"og:url\" content=\"https:\/\/www.szabadszinhaz.hu\/en\/muveszi-projektek\/kolteszet-napja-posztolj-verset-utcara\/\" \/>\n<meta property=\"og:site_name\" content=\"Szabad Sz\u00ednh\u00e1z\" \/>\n<meta property=\"article:publisher\" content=\"https:\/\/www.facebook.com\/szabadszinhaz\" \/>\n<meta property=\"article:modified_time\" content=\"2022-02-08T18:12:47+00:00\" \/>\n<meta name=\"twitter:card\" content=\"summary_large_image\" \/>\n<meta name=\"twitter:label1\" content=\"Est. reading time\" \/>\n\t<meta name=\"twitter:data1\" content=\"2 minutes\" \/>\n<script type=\"application\/ld+json\" class=\"yoast-schema-graph\">{\"@context\":\"https:\/\/schema.org\",\"@graph\":[{\"@type\":\"WebPage\",\"@id\":\"https:\/\/www.szabadszinhaz.hu\/muveszi-projektek\/kolteszet-napja-posztolj-verset-utcara\/\",\"url\":\"https:\/\/www.szabadszinhaz.hu\/muveszi-projektek\/kolteszet-napja-posztolj-verset-utcara\/\",\"name\":\"K\u00f6lt\u00e9szet napja - Posztolj verset utc\u00e1ra! - Szabad Sz\u00ednh\u00e1z\",\"isPartOf\":{\"@id\":\"https:\/\/www.szabadszinhaz.hu\/#website\"},\"datePublished\":\"2022-02-08T17:31:59+00:00\",\"dateModified\":\"2022-02-08T18:12:47+00:00\",\"breadcrumb\":{\"@id\":\"https:\/\/www.szabadszinhaz.hu\/muveszi-projektek\/kolteszet-napja-posztolj-verset-utcara\/#breadcrumb\"},\"inLanguage\":\"en-US\",\"potentialAction\":[{\"@type\":\"ReadAction\",\"target\":[\"https:\/\/www.szabadszinhaz.hu\/muveszi-projektek\/kolteszet-napja-posztolj-verset-utcara\/\"]}]},{\"@type\":\"BreadcrumbList\",\"@id\":\"https:\/\/www.szabadszinhaz.hu\/muveszi-projektek\/kolteszet-napja-posztolj-verset-utcara\/#breadcrumb\",\"itemListElement\":[{\"@type\":\"ListItem\",\"position\":1,\"name\":\"Kezd\u0151lap\",\"item\":\"https:\/\/www.szabadszinhaz.hu\/\"},{\"@type\":\"ListItem\",\"position\":2,\"name\":\"M\u0171v\u00e9szi projektek\",\"item\":\"https:\/\/www.szabadszinhaz.hu\/muveszi-projektek\/\"},{\"@type\":\"ListItem\",\"position\":3,\"name\":\"K\u00f6lt\u00e9szet napja &#8211; Posztolj verset utc\u00e1ra!\"}]},{\"@type\":\"WebSite\",\"@id\":\"https:\/\/www.szabadszinhaz.hu\/#website\",\"url\":\"https:\/\/www.szabadszinhaz.hu\/\",\"name\":\"Szabad Sz\u00ednh\u00e1z\",\"description\":\"Szabad Sz\u00ednh\u00e1z\",\"publisher\":{\"@id\":\"https:\/\/www.szabadszinhaz.hu\/#organization\"},\"potentialAction\":[{\"@type\":\"SearchAction\",\"target\":{\"@type\":\"EntryPoint\",\"urlTemplate\":\"https:\/\/www.szabadszinhaz.hu\/?s={search_term_string}\"},\"query-input\":{\"@type\":\"PropertyValueSpecification\",\"valueRequired\":true,\"valueName\":\"search_term_string\"}}],\"inLanguage\":\"en-US\"},{\"@type\":\"Organization\",\"@id\":\"https:\/\/www.szabadszinhaz.hu\/#organization\",\"name\":\"Szabad Sz\u00ednh\u00e1z SZ\u00cdN-T\u00c9R Egyes\u00fclet\",\"url\":\"https:\/\/www.szabadszinhaz.hu\/\",\"logo\":{\"@type\":\"ImageObject\",\"inLanguage\":\"en-US\",\"@id\":\"https:\/\/www.szabadszinhaz.hu\/#\/schema\/logo\/image\/\",\"url\":\"https:\/\/www.szabadszinhaz.hu\/wp-content\/uploads\/2025\/01\/images.jpg\",\"contentUrl\":\"https:\/\/www.szabadszinhaz.hu\/wp-content\/uploads\/2025\/01\/images.jpg\",\"width\":178,\"height\":284,\"caption\":\"Szabad Sz\u00ednh\u00e1z SZ\u00cdN-T\u00c9R Egyes\u00fclet\"},\"image\":{\"@id\":\"https:\/\/www.szabadszinhaz.hu\/#\/schema\/logo\/image\/\"},\"sameAs\":[\"https:\/\/www.facebook.com\/szabadszinhaz\"]}]}<\/script>\n<!-- \/ Yoast SEO plugin. -->","yoast_head_json":{"title":"K\u00f6lt\u00e9szet napja - Posztolj verset utc\u00e1ra! - Szabad Sz\u00ednh\u00e1z","robots":{"index":"index","follow":"follow","max-snippet":"max-snippet:-1","max-image-preview":"max-image-preview:large","max-video-preview":"max-video-preview:-1"},"canonical":"https:\/\/www.szabadszinhaz.hu\/en\/muveszi-projektek\/kolteszet-napja-posztolj-verset-utcara\/","og_locale":"en_US","og_type":"article","og_title":"K\u00f6lt\u00e9szet napja - Posztolj verset utc\u00e1ra! - Szabad Sz\u00ednh\u00e1z","og_description":"K\u00f6lt\u00e9szet napjaK\u00f6lt\u00e9szet napja- Posztolj verset utc\u00e1ra! A Szabad Sz\u00ednh\u00e1z t\u00e1rsulata az ut\u00e1np\u00f3tl\u00e1s csoportok bevon\u00e1s\u00e1val csatlakozott az orsz\u00e1gos Posztolj verset utc\u00e1ra mozgalomhoz, amelynek keret\u00e9ben minden \u00e1prilis 11-\u00e9n, a K\u00f6lt\u00e9szet napj\u00e1n valamilyen [&hellip;]","og_url":"https:\/\/www.szabadszinhaz.hu\/en\/muveszi-projektek\/kolteszet-napja-posztolj-verset-utcara\/","og_site_name":"Szabad Sz\u00ednh\u00e1z","article_publisher":"https:\/\/www.facebook.com\/szabadszinhaz","article_modified_time":"2022-02-08T18:12:47+00:00","twitter_card":"summary_large_image","twitter_misc":{"Est. reading time":"2 minutes"},"schema":{"@context":"https:\/\/schema.org","@graph":[{"@type":"WebPage","@id":"https:\/\/www.szabadszinhaz.hu\/muveszi-projektek\/kolteszet-napja-posztolj-verset-utcara\/","url":"https:\/\/www.szabadszinhaz.hu\/muveszi-projektek\/kolteszet-napja-posztolj-verset-utcara\/","name":"K\u00f6lt\u00e9szet napja - Posztolj verset utc\u00e1ra! - Szabad Sz\u00ednh\u00e1z","isPartOf":{"@id":"https:\/\/www.szabadszinhaz.hu\/#website"},"datePublished":"2022-02-08T17:31:59+00:00","dateModified":"2022-02-08T18:12:47+00:00","breadcrumb":{"@id":"https:\/\/www.szabadszinhaz.hu\/muveszi-projektek\/kolteszet-napja-posztolj-verset-utcara\/#breadcrumb"},"inLanguage":"en-US","potentialAction":[{"@type":"ReadAction","target":["https:\/\/www.szabadszinhaz.hu\/muveszi-projektek\/kolteszet-napja-posztolj-verset-utcara\/"]}]},{"@type":"BreadcrumbList","@id":"https:\/\/www.szabadszinhaz.hu\/muveszi-projektek\/kolteszet-napja-posztolj-verset-utcara\/#breadcrumb","itemListElement":[{"@type":"ListItem","position":1,"name":"Kezd\u0151lap","item":"https:\/\/www.szabadszinhaz.hu\/"},{"@type":"ListItem","position":2,"name":"M\u0171v\u00e9szi projektek","item":"https:\/\/www.szabadszinhaz.hu\/muveszi-projektek\/"},{"@type":"ListItem","position":3,"name":"K\u00f6lt\u00e9szet napja &#8211; Posztolj verset utc\u00e1ra!"}]},{"@type":"WebSite","@id":"https:\/\/www.szabadszinhaz.hu\/#website","url":"https:\/\/www.szabadszinhaz.hu\/","name":"Free Theatre - Szabad Sz\u00ednh\u00e1z","description":"Free Theatre - Szabad Sz\u00ednh\u00e1z","publisher":{"@id":"https:\/\/www.szabadszinhaz.hu\/#organization"},"potentialAction":[{"@type":"SearchAction","target":{"@type":"EntryPoint","urlTemplate":"https:\/\/www.szabadszinhaz.hu\/?s={search_term_string}"},"query-input":{"@type":"PropertyValueSpecification","valueRequired":true,"valueName":"search_term_string"}}],"inLanguage":"en-US"},{"@type":"Organization","@id":"https:\/\/www.szabadszinhaz.hu\/#organization","name":"Szabad Sz\u00ednh\u00e1z SZ\u00cdN-T\u00c9R Egyes\u00fclet","url":"https:\/\/www.szabadszinhaz.hu\/","logo":{"@type":"ImageObject","inLanguage":"en-US","@id":"https:\/\/www.szabadszinhaz.hu\/#\/schema\/logo\/image\/","url":"https:\/\/www.szabadszinhaz.hu\/wp-content\/uploads\/2025\/01\/images.jpg","contentUrl":"https:\/\/www.szabadszinhaz.hu\/wp-content\/uploads\/2025\/01\/images.jpg","width":178,"height":284,"caption":"Szabad Sz\u00ednh\u00e1z SZ\u00cdN-T\u00c9R Egyes\u00fclet"},"image":{"@id":"https:\/\/www.szabadszinhaz.hu\/#\/schema\/logo\/image\/"},"sameAs":["https:\/\/www.facebook.com\/szabadszinhaz"]}]}},"ticketed":false,"_links":{"self":[{"href":"https:\/\/www.szabadszinhaz.hu\/en\/wp-json\/wp\/v2\/pages\/3896","targetHints":{"allow":["GET"]}}],"collection":[{"href":"https:\/\/www.szabadszinhaz.hu\/en\/wp-json\/wp\/v2\/pages"}],"about":[{"href":"https:\/\/www.szabadszinhaz.hu\/en\/wp-json\/wp\/v2\/types\/page"}],"author":[{"embeddable":true,"href":"https:\/\/www.szabadszinhaz.hu\/en\/wp-json\/wp\/v2\/users\/2"}],"replies":[{"embeddable":true,"href":"https:\/\/www.szabadszinhaz.hu\/en\/wp-json\/wp\/v2\/comments?post=3896"}],"version-history":[{"count":3,"href":"https:\/\/www.szabadszinhaz.hu\/en\/wp-json\/wp\/v2\/pages\/3896\/revisions"}],"predecessor-version":[{"id":3907,"href":"https:\/\/www.szabadszinhaz.hu\/en\/wp-json\/wp\/v2\/pages\/3896\/revisions\/3907"}],"up":[{"embeddable":true,"href":"https:\/\/www.szabadszinhaz.hu\/en\/wp-json\/wp\/v2\/pages\/123"}],"wp:attachment":[{"href":"https:\/\/www.szabadszinhaz.hu\/en\/wp-json\/wp\/v2\/media?parent=3896"}],"curies":[{"name":"wp","href":"https:\/\/api.w.org\/{rel}","templated":true}]}}