{"id":3490,"date":"2021-11-30T16:00:05","date_gmt":"2021-11-30T15:00:05","guid":{"rendered":"http:\/\/www.szabszinhaz.hu\/szinhazi-eloadasok\/hay-janos-a-lany-aki-hozott-lelekbol-dolgozott-2\/"},"modified":"2022-03-18T22:11:34","modified_gmt":"2022-03-18T21:11:34","slug":"volgyhid","status":"publish","type":"page","link":"https:\/\/www.szabadszinhaz.hu\/en\/szinhazi-eloadasok\/volgyhid\/","title":{"rendered":"H\u00e1y J\u00e1nos: V\u00f6lgyh\u00edd"},"content":{"rendered":"<p>[et_pb_section fb_built=&#8221;1&#8243; _builder_version=&#8221;4.14.1&#8243; _module_preset=&#8221;default&#8221; background_color=&#8221;#fff1d0&#8243; global_colors_info=&#8221;{}&#8221;][et_pb_row _builder_version=&#8221;4.14.1&#8243; _module_preset=&#8221;default&#8221; global_colors_info=&#8221;{}&#8221;][et_pb_column type=&#8221;4_4&#8243; _builder_version=&#8221;4.14.1&#8243; _module_preset=&#8221;default&#8221; global_colors_info=&#8221;{}&#8221;][et_pb_text _builder_version=&#8221;4.14.4&#8243; _module_preset=&#8221;default&#8221; text_text_color=&#8221;#000000&#8243; text_font_size=&#8221;28px&#8221; global_colors_info=&#8221;{}&#8221;]<\/p>\n<p><strong>H\u00e1y J\u00e1nos: V\u00f6lgyh\u00edd<\/strong><\/p>\n<p>[\/et_pb_text][\/et_pb_column][\/et_pb_row][et_pb_row _builder_version=&#8221;4.14.1&#8243; _module_preset=&#8221;default&#8221; custom_padding=&#8221;3px||0px|||&#8221; global_colors_info=&#8221;{}&#8221;][et_pb_column type=&#8221;4_4&#8243; _builder_version=&#8221;4.14.1&#8243; _module_preset=&#8221;default&#8221; global_colors_info=&#8221;{}&#8221;][et_pb_divider color=&#8221;#000000&#8243; divider_weight=&#8221;4px&#8221; _builder_version=&#8221;4.14.1&#8243; _module_preset=&#8221;default&#8221; custom_margin=&#8221;||-58px|||&#8221; global_colors_info=&#8221;{}&#8221;][\/et_pb_divider][\/et_pb_column][\/et_pb_row][et_pb_row column_structure=&#8221;1_2,1_2&#8243; _builder_version=&#8221;4.14.1&#8243; _module_preset=&#8221;default&#8221; global_colors_info=&#8221;{}&#8221;][et_pb_column type=&#8221;1_2&#8243; _builder_version=&#8221;4.14.1&#8243; _module_preset=&#8221;default&#8221; global_colors_info=&#8221;{}&#8221;][et_pb_text _builder_version=&#8221;4.14.1&#8243; _module_preset=&#8221;default&#8221; text_text_color=&#8221;#000000&#8243; text_font_size=&#8221;17px&#8221; text_line_height=&#8221;1.6em&#8221; text_orientation=&#8221;center&#8221; custom_padding=&#8221;0px|||||&#8221; global_colors_info=&#8221;{}&#8221;]<\/p>\n<p style=\"text-align: justify;\">\u201eSz\u00ednm\u0171 azoknak, akik t\u00fal akarj\u00e1k \u00e9lni a feln\u0151ttek r\u00e9muralm\u00e1t, \u00e9s azoknak, akik t\u00fal\u00e9lt\u00e9k \u00e9s feln\u0151ttek lettek\u201d \u2013 \u00e1ll a sz\u00f6vegk\u00f6nyv sz\u00ednlapj\u00e1n.<\/p>\n<p>Mindenkinek vannak eml\u00e9kei a kamaszkorr\u00f3l. Sz\u00e9pek \u00e9s vid\u00e1mak \u2013 f\u00e1jdalmasak \u00e9s keser\u0171ek. \u00c9s ezek az eml\u00e9kek nyomot hagynak, \u00e9s van, hogy a mai napig k\u00eds\u00e9rnek benn\u00fcnket\u2026<\/p>\n<p>Neh\u00e9z volt a feln\u0151tt\u00e9 v\u00e1l\u00e1s. Mi\u00e9rt gondoljuk, hogy nekik k\u00f6nnyebb? A probl\u00e9m\u00e1k ugyanazok: kiszolg\u00e1ltatotts\u00e1g, megfelelni v\u00e1gy\u00e1s, bizonytalans\u00e1g, talajveszt\u00e9s\u2026 A m\u00e9dia bizonyos szempontb\u00f3l tal\u00e1n tov\u00e1bb nehez\u00edti a helyzet\u00fcket, ugyanis l\u00e1tsz\u00f3lag felmenti a feln\u0151tteket a szem\u00e9lyes v\u00e1laszokt\u00f3l. Hol van a sorvezet\u0151 egy kamasz sz\u00e1m\u00e1ra ebben az ambivalens vil\u00e1gban, amely egyszerre szem\u00e9rmes \u00e9s kit\u00e1rulkoz\u00f3? \u00c9s persze ez sem ennyire egyszer\u0171, ugyanis nem voltunk mi is kegyetlenek a t\u00e1rsainkkal szemben? Dehogynem. A kamaszok is ki\u00e9p\u00edtik maguk k\u00f6z\u00f6tt a r\u00e9muralmat, \u00e9s feln\u0151tteknek is lehet legal\u00e1bb annyira \u2019igazuk\u2019, mint a gyerekeknek\u2026<\/p>\n<p>[\/et_pb_text][\/et_pb_column][et_pb_column type=&#8221;1_2&#8243; _builder_version=&#8221;4.14.1&#8243; _module_preset=&#8221;default&#8221; global_colors_info=&#8221;{}&#8221;][et_pb_image src=&#8221;\/wp-content\/uploads\/2022\/03\/02_volgyhid_plakat_szinlap.jpg&#8221; title_text=&#8221;02_v\u00f6lgyh\u00edd_plak\u00e1t_sz\u00ednlap&#8221; _builder_version=&#8221;4.14.4&#8243; _module_preset=&#8221;default&#8221; width=&#8221;75%&#8221; custom_padding=&#8221;||0px|||&#8221; hover_enabled=&#8221;0&#8243; global_colors_info=&#8221;{}&#8221; sticky_enabled=&#8221;0&#8243;][\/et_pb_image][\/et_pb_column][\/et_pb_row][et_pb_row _builder_version=&#8221;4.14.1&#8243; _module_preset=&#8221;default&#8221; custom_padding=&#8221;9px|||||&#8221; global_colors_info=&#8221;{}&#8221;][et_pb_column type=&#8221;4_4&#8243; _builder_version=&#8221;4.14.1&#8243; _module_preset=&#8221;default&#8221; global_colors_info=&#8221;{}&#8221;][et_pb_text _builder_version=&#8221;4.14.1&#8243; _module_preset=&#8221;default&#8221; text_text_color=&#8221;#000000&#8243; text_font_size=&#8221;17px&#8221; text_line_height=&#8221;1.6em&#8221; text_orientation=&#8221;center&#8221; custom_padding=&#8221;0px|||||&#8221; global_colors_info=&#8221;{}&#8221;]<\/p>\n<p style=\"text-align: justify;\">A V\u00f6lgyh\u00edd ugyanakkor egy szimb\u00f3lum is\u2026H\u00e9tf\u0151 reggel negyed nyolckor egy veszpr\u00e9mi k\u00f6z\u00e9piskola tizenh\u00e9t \u00e9ves di\u00e1kja levetette mag\u00e1t a Viaduktr\u00f3l. A ki\u00e9rkez\u0151 ment\u0151s\u00f6k m\u00e9g \u00e9lve vitt\u00e9k be a k\u00f3rh\u00e1z traumatol\u00f3giai oszt\u00e1ly\u00e1ra, \u00e1m olyan s\u00falyos s\u00e9r\u00fcl\u00e9seket szenvedett, hogy az \u00e9let\u00e9t m\u00e1r nem tudt\u00e1k megmenteni.\u201d A Napl\u00f3-online internetes port\u00e1l c\u00edmoldal\u00e1n 2010. \u00e1prilis 12-\u00e9n megjelent h\u00edrhez hasonl\u00f3k szinte havonta jelennek meg. A Szent Istv\u00e1n v\u00f6lgyh\u00edd Veszpr\u00e9m v\u00e1ros jelk\u00e9pe, de az elm\u00falt \u00e9vtizedekben az \u00f6ngyilkosok egyik szimb\u00f3lum\u00e1v\u00e1 is v\u00e1lt. A viaduktr\u00f3l leugr\u00f3k aggaszt\u00f3an magas ar\u00e1nya tizen\u00e9ves.<\/p>\n<p style=\"text-align: justify;\">H\u00e1y J\u00e1nos sz\u00ednm\u0171v\u00e9ben a tizen\u00e9vesek vil\u00e1gf\u00e1jdalm\u00e1t, indulatait \u00e9s \u00e9rzelmeit jelen\u00edti meg, v\u00e1laszt keresve arra a k\u00e9rd\u00e9sre, hogy mik azok a t\u00e9nyez\u0151k, lelki eredet\u0171 motiv\u00e1ci\u00f3k, amelyek k\u00f6zrej\u00e1tszhatnak abban, hogy egy fiatal eljut az \u00f6ngyilkoss\u00e1g gondolat\u00e1ig. Fontosnak gondoljuk, hogy az el\u0151ad\u00e1s, \u00e9s az azt k\u00f6vet\u0151 feldolgoz\u00e1s sor\u00e1n ne az \u00f6ngyilkoss\u00e1g legyen a f\u00f3kusz, hanem az \u2019\u00fatkeres\u00e9s\u2019, a sz\u00ednm\u0171 val\u00f3di k\u00f6zponti k\u00e9rd\u00e9se: Quo vadis? Merre tartasz? Ez a k\u00e9rd\u00e9s nap, mint nap megfogalmaz\u00f3dik a tizen\u00e9vesekben. Nem k\u00f6nny\u0171 a v\u00e1lasz, ugyanis f\u00e9l\u00faton vannak a gyermek- \u00e9s feln\u0151ttkor k\u00f6z\u00f6tt. Nem csak a feln\u0151ttekkel \u00e1llnak folyamatos konfliktusban, hiszen a z\u00e1rt k\u00e9nyszerk\u00f6z\u00f6ss\u00e9gekb\u0151l fakad\u00f3 (oszt\u00e1ly, koll\u00e9giumi szobat\u00e1rsak) helyzetek ki\u00e9lezik a dominanciaharcot a kort\u00e1rsaikkal szemben is. Er\u0151s mintak\u00f6vet\u00e9s jellemzi a koroszt\u00e1lyt, mik\u00f6zben a feln\u0151tt\u00e9 v\u00e1l\u00e1skor mindenkinek egy\u00e9nileg kell, kellene \u2013 nem puszt\u00e1n csak megtal\u00e1lni, hanem \u2013 saj\u00e1t maga sz\u00e1m\u00e1ra \u2019kital\u00e1lni\u2019, megkonstru\u00e1lni az \u2019utat\u2019.<\/p>\n<p style=\"text-align: justify;\"><strong>Szereposzt\u00e1s:<\/strong><\/p>\n<p style=\"text-align: justify;\"><strong>P\u00e9ter<\/strong>: Csizmadia M\u00e1t\u00e9, Kutassy B\u00e1lint<\/p>\n<p style=\"text-align: justify;\"><strong>Zs\u00f3fi<\/strong>: Borb\u00e9ly Erika, Szab\u00f3 Fl\u00f3ra<\/p>\n<p style=\"text-align: justify;\"><strong>Deda<\/strong>: Bencze Zolt\u00e1n, F\u00f6lding Zsombor<\/p>\n<p style=\"text-align: justify;\"><strong>Tan\u00e1r<\/strong>: Kalifatics Imre<\/p>\n<p style=\"text-align: justify;\"><strong>Juli<\/strong>: Rada Csenge<\/p>\n<p style=\"text-align: justify;\"><strong>Apa<\/strong>: Solymossy Andr\u00e1s<\/p>\n<p style=\"text-align: justify;\"><strong>Harmadik<\/strong> <strong>fi\u00fa<\/strong>: Bar\u00e1th Levente<\/p>\n<p style=\"text-align: justify;\"><strong>Tan\u00e1rn\u0151<\/strong>: Jecs Noa<\/p>\n<p style=\"text-align: justify;\"><strong>Bar\u00e1tn\u0151<\/strong>: Megyeri Maja<\/p>\n<p style=\"text-align: justify;\"><strong>Anya<\/strong>: Csutor\u00e1s Emma\/Kir\u00e1ly Csenge<\/p>\n<p style=\"text-align: justify;\"><strong>Di\u00e1ks\u00e1g<\/strong>: Farkas Ang\u00e9la, F\u00fclep Blanka, Szab\u00f3 Panna, Csutor\u00e1s Emma, Kir\u00e1ly Csenge<\/p>\n<p>[\/et_pb_text][\/et_pb_column][\/et_pb_row][\/et_pb_section]<\/p>\n","protected":false},"excerpt":{"rendered":"<p>H\u00e1y J\u00e1nos: V\u00f6lgyh\u00edd\u201eSz\u00ednm\u0171 azoknak, akik t\u00fal akarj\u00e1k \u00e9lni a feln\u0151ttek r\u00e9muralm\u00e1t, \u00e9s azoknak, akik t\u00fal\u00e9lt\u00e9k \u00e9s feln\u0151ttek lettek\u201d \u2013 \u00e1ll a sz\u00f6vegk\u00f6nyv sz\u00ednlapj\u00e1n. Mindenkinek vannak eml\u00e9kei a kamaszkorr\u00f3l. Sz\u00e9pek \u00e9s [&hellip;]<\/p>\n","protected":false},"author":2,"featured_media":0,"parent":75,"menu_order":0,"comment_status":"closed","ping_status":"closed","template":"","meta":{"_et_pb_use_builder":"on","_et_pb_old_content":"","_et_gb_content_width":"","_price":"","_stock":"","_tribe_ticket_header":"","_tribe_default_ticket_provider":"","_ticket_start_date":"","_ticket_end_date":"","_tribe_ticket_show_description":"","_tribe_ticket_show_not_going":false,"_tribe_ticket_use_global_stock":"","_tribe_ticket_global_stock_level":"","_global_stock_mode":"","_global_stock_cap":"","_tribe_rsvp_for_event":"","_tribe_ticket_going_count":"","_tribe_ticket_not_going_count":"","_tribe_tickets_list":"[]","_tribe_ticket_has_attendee_info_fields":false,"footnotes":"","_tec_slr_enabled":"","_tec_slr_layout":""},"class_list":["post-3490","page","type-page","status-publish","hentry"],"yoast_head":"<!-- This site is optimized with the Yoast SEO plugin v25.0 - https:\/\/yoast.com\/wordpress\/plugins\/seo\/ -->\n<title>H\u00e1y J\u00e1nos: V\u00f6lgyh\u00edd - Szabad Sz\u00ednh\u00e1z<\/title>\n<meta name=\"robots\" content=\"index, follow, max-snippet:-1, max-image-preview:large, max-video-preview:-1\" \/>\n<link rel=\"canonical\" href=\"https:\/\/www.szabadszinhaz.hu\/en\/szinhazi-eloadasok\/volgyhid\/\" \/>\n<meta property=\"og:locale\" content=\"en_US\" \/>\n<meta property=\"og:type\" content=\"article\" \/>\n<meta property=\"og:title\" content=\"H\u00e1y J\u00e1nos: V\u00f6lgyh\u00edd - Szabad Sz\u00ednh\u00e1z\" \/>\n<meta property=\"og:description\" content=\"H\u00e1y J\u00e1nos: V\u00f6lgyh\u00edd\u201eSz\u00ednm\u0171 azoknak, akik t\u00fal akarj\u00e1k \u00e9lni a feln\u0151ttek r\u00e9muralm\u00e1t, \u00e9s azoknak, akik t\u00fal\u00e9lt\u00e9k \u00e9s feln\u0151ttek lettek\u201d \u2013 \u00e1ll a sz\u00f6vegk\u00f6nyv sz\u00ednlapj\u00e1n. Mindenkinek vannak eml\u00e9kei a kamaszkorr\u00f3l. Sz\u00e9pek \u00e9s [&hellip;]\" \/>\n<meta property=\"og:url\" content=\"https:\/\/www.szabadszinhaz.hu\/en\/szinhazi-eloadasok\/volgyhid\/\" \/>\n<meta property=\"og:site_name\" content=\"Szabad Sz\u00ednh\u00e1z\" \/>\n<meta property=\"article:publisher\" content=\"https:\/\/www.facebook.com\/szabadszinhaz\" \/>\n<meta property=\"article:modified_time\" content=\"2022-03-18T21:11:34+00:00\" \/>\n<meta name=\"twitter:card\" content=\"summary_large_image\" \/>\n<meta name=\"twitter:label1\" content=\"Est. reading time\" \/>\n\t<meta name=\"twitter:data1\" content=\"5 minutes\" \/>\n<script type=\"application\/ld+json\" class=\"yoast-schema-graph\">{\"@context\":\"https:\/\/schema.org\",\"@graph\":[{\"@type\":\"WebPage\",\"@id\":\"https:\/\/www.szabadszinhaz.hu\/szinhazi-eloadasok\/volgyhid\/\",\"url\":\"https:\/\/www.szabadszinhaz.hu\/szinhazi-eloadasok\/volgyhid\/\",\"name\":\"H\u00e1y J\u00e1nos: V\u00f6lgyh\u00edd - Szabad Sz\u00ednh\u00e1z\",\"isPartOf\":{\"@id\":\"https:\/\/www.szabadszinhaz.hu\/#website\"},\"datePublished\":\"2021-11-30T15:00:05+00:00\",\"dateModified\":\"2022-03-18T21:11:34+00:00\",\"breadcrumb\":{\"@id\":\"https:\/\/www.szabadszinhaz.hu\/szinhazi-eloadasok\/volgyhid\/#breadcrumb\"},\"inLanguage\":\"en-US\",\"potentialAction\":[{\"@type\":\"ReadAction\",\"target\":[\"https:\/\/www.szabadszinhaz.hu\/szinhazi-eloadasok\/volgyhid\/\"]}]},{\"@type\":\"BreadcrumbList\",\"@id\":\"https:\/\/www.szabadszinhaz.hu\/szinhazi-eloadasok\/volgyhid\/#breadcrumb\",\"itemListElement\":[{\"@type\":\"ListItem\",\"position\":1,\"name\":\"Kezd\u0151lap\",\"item\":\"https:\/\/www.szabadszinhaz.hu\/\"},{\"@type\":\"ListItem\",\"position\":2,\"name\":\"Sz\u00ednh\u00e1zi el\u0151ad\u00e1sok &#8211;\",\"item\":\"https:\/\/www.szabadszinhaz.hu\/szinhazi-eloadasok\/\"},{\"@type\":\"ListItem\",\"position\":3,\"name\":\"H\u00e1y J\u00e1nos: V\u00f6lgyh\u00edd\"}]},{\"@type\":\"WebSite\",\"@id\":\"https:\/\/www.szabadszinhaz.hu\/#website\",\"url\":\"https:\/\/www.szabadszinhaz.hu\/\",\"name\":\"Szabad Sz\u00ednh\u00e1z\",\"description\":\"Szabad Sz\u00ednh\u00e1z\",\"publisher\":{\"@id\":\"https:\/\/www.szabadszinhaz.hu\/#organization\"},\"potentialAction\":[{\"@type\":\"SearchAction\",\"target\":{\"@type\":\"EntryPoint\",\"urlTemplate\":\"https:\/\/www.szabadszinhaz.hu\/?s={search_term_string}\"},\"query-input\":{\"@type\":\"PropertyValueSpecification\",\"valueRequired\":true,\"valueName\":\"search_term_string\"}}],\"inLanguage\":\"en-US\"},{\"@type\":\"Organization\",\"@id\":\"https:\/\/www.szabadszinhaz.hu\/#organization\",\"name\":\"Szabad Sz\u00ednh\u00e1z SZ\u00cdN-T\u00c9R Egyes\u00fclet\",\"url\":\"https:\/\/www.szabadszinhaz.hu\/\",\"logo\":{\"@type\":\"ImageObject\",\"inLanguage\":\"en-US\",\"@id\":\"https:\/\/www.szabadszinhaz.hu\/#\/schema\/logo\/image\/\",\"url\":\"https:\/\/www.szabadszinhaz.hu\/wp-content\/uploads\/2025\/01\/images.jpg\",\"contentUrl\":\"https:\/\/www.szabadszinhaz.hu\/wp-content\/uploads\/2025\/01\/images.jpg\",\"width\":178,\"height\":284,\"caption\":\"Szabad Sz\u00ednh\u00e1z SZ\u00cdN-T\u00c9R Egyes\u00fclet\"},\"image\":{\"@id\":\"https:\/\/www.szabadszinhaz.hu\/#\/schema\/logo\/image\/\"},\"sameAs\":[\"https:\/\/www.facebook.com\/szabadszinhaz\"]}]}<\/script>\n<!-- \/ Yoast SEO plugin. -->","yoast_head_json":{"title":"H\u00e1y J\u00e1nos: V\u00f6lgyh\u00edd - Szabad Sz\u00ednh\u00e1z","robots":{"index":"index","follow":"follow","max-snippet":"max-snippet:-1","max-image-preview":"max-image-preview:large","max-video-preview":"max-video-preview:-1"},"canonical":"https:\/\/www.szabadszinhaz.hu\/en\/szinhazi-eloadasok\/volgyhid\/","og_locale":"en_US","og_type":"article","og_title":"H\u00e1y J\u00e1nos: V\u00f6lgyh\u00edd - Szabad Sz\u00ednh\u00e1z","og_description":"H\u00e1y J\u00e1nos: V\u00f6lgyh\u00edd\u201eSz\u00ednm\u0171 azoknak, akik t\u00fal akarj\u00e1k \u00e9lni a feln\u0151ttek r\u00e9muralm\u00e1t, \u00e9s azoknak, akik t\u00fal\u00e9lt\u00e9k \u00e9s feln\u0151ttek lettek\u201d \u2013 \u00e1ll a sz\u00f6vegk\u00f6nyv sz\u00ednlapj\u00e1n. Mindenkinek vannak eml\u00e9kei a kamaszkorr\u00f3l. Sz\u00e9pek \u00e9s [&hellip;]","og_url":"https:\/\/www.szabadszinhaz.hu\/en\/szinhazi-eloadasok\/volgyhid\/","og_site_name":"Szabad Sz\u00ednh\u00e1z","article_publisher":"https:\/\/www.facebook.com\/szabadszinhaz","article_modified_time":"2022-03-18T21:11:34+00:00","twitter_card":"summary_large_image","twitter_misc":{"Est. reading time":"5 minutes"},"schema":{"@context":"https:\/\/schema.org","@graph":[{"@type":"WebPage","@id":"https:\/\/www.szabadszinhaz.hu\/szinhazi-eloadasok\/volgyhid\/","url":"https:\/\/www.szabadszinhaz.hu\/szinhazi-eloadasok\/volgyhid\/","name":"H\u00e1y J\u00e1nos: V\u00f6lgyh\u00edd - Szabad Sz\u00ednh\u00e1z","isPartOf":{"@id":"https:\/\/www.szabadszinhaz.hu\/#website"},"datePublished":"2021-11-30T15:00:05+00:00","dateModified":"2022-03-18T21:11:34+00:00","breadcrumb":{"@id":"https:\/\/www.szabadszinhaz.hu\/szinhazi-eloadasok\/volgyhid\/#breadcrumb"},"inLanguage":"en-US","potentialAction":[{"@type":"ReadAction","target":["https:\/\/www.szabadszinhaz.hu\/szinhazi-eloadasok\/volgyhid\/"]}]},{"@type":"BreadcrumbList","@id":"https:\/\/www.szabadszinhaz.hu\/szinhazi-eloadasok\/volgyhid\/#breadcrumb","itemListElement":[{"@type":"ListItem","position":1,"name":"Kezd\u0151lap","item":"https:\/\/www.szabadszinhaz.hu\/"},{"@type":"ListItem","position":2,"name":"Sz\u00ednh\u00e1zi el\u0151ad\u00e1sok &#8211;","item":"https:\/\/www.szabadszinhaz.hu\/szinhazi-eloadasok\/"},{"@type":"ListItem","position":3,"name":"H\u00e1y J\u00e1nos: V\u00f6lgyh\u00edd"}]},{"@type":"WebSite","@id":"https:\/\/www.szabadszinhaz.hu\/#website","url":"https:\/\/www.szabadszinhaz.hu\/","name":"Free Theatre - Szabad Sz\u00ednh\u00e1z","description":"Free Theatre - Szabad Sz\u00ednh\u00e1z","publisher":{"@id":"https:\/\/www.szabadszinhaz.hu\/#organization"},"potentialAction":[{"@type":"SearchAction","target":{"@type":"EntryPoint","urlTemplate":"https:\/\/www.szabadszinhaz.hu\/?s={search_term_string}"},"query-input":{"@type":"PropertyValueSpecification","valueRequired":true,"valueName":"search_term_string"}}],"inLanguage":"en-US"},{"@type":"Organization","@id":"https:\/\/www.szabadszinhaz.hu\/#organization","name":"Szabad Sz\u00ednh\u00e1z SZ\u00cdN-T\u00c9R Egyes\u00fclet","url":"https:\/\/www.szabadszinhaz.hu\/","logo":{"@type":"ImageObject","inLanguage":"en-US","@id":"https:\/\/www.szabadszinhaz.hu\/#\/schema\/logo\/image\/","url":"https:\/\/www.szabadszinhaz.hu\/wp-content\/uploads\/2025\/01\/images.jpg","contentUrl":"https:\/\/www.szabadszinhaz.hu\/wp-content\/uploads\/2025\/01\/images.jpg","width":178,"height":284,"caption":"Szabad Sz\u00ednh\u00e1z SZ\u00cdN-T\u00c9R Egyes\u00fclet"},"image":{"@id":"https:\/\/www.szabadszinhaz.hu\/#\/schema\/logo\/image\/"},"sameAs":["https:\/\/www.facebook.com\/szabadszinhaz"]}]}},"ticketed":false,"_links":{"self":[{"href":"https:\/\/www.szabadszinhaz.hu\/en\/wp-json\/wp\/v2\/pages\/3490","targetHints":{"allow":["GET"]}}],"collection":[{"href":"https:\/\/www.szabadszinhaz.hu\/en\/wp-json\/wp\/v2\/pages"}],"about":[{"href":"https:\/\/www.szabadszinhaz.hu\/en\/wp-json\/wp\/v2\/types\/page"}],"author":[{"embeddable":true,"href":"https:\/\/www.szabadszinhaz.hu\/en\/wp-json\/wp\/v2\/users\/2"}],"replies":[{"embeddable":true,"href":"https:\/\/www.szabadszinhaz.hu\/en\/wp-json\/wp\/v2\/comments?post=3490"}],"version-history":[{"count":5,"href":"https:\/\/www.szabadszinhaz.hu\/en\/wp-json\/wp\/v2\/pages\/3490\/revisions"}],"predecessor-version":[{"id":5656,"href":"https:\/\/www.szabadszinhaz.hu\/en\/wp-json\/wp\/v2\/pages\/3490\/revisions\/5656"}],"up":[{"embeddable":true,"href":"https:\/\/www.szabadszinhaz.hu\/en\/wp-json\/wp\/v2\/pages\/75"}],"wp:attachment":[{"href":"https:\/\/www.szabadszinhaz.hu\/en\/wp-json\/wp\/v2\/media?parent=3490"}],"curies":[{"name":"wp","href":"https:\/\/api.w.org\/{rel}","templated":true}]}}