{"id":115,"date":"2023-04-19T13:32:09","date_gmt":"2023-04-19T11:32:09","guid":{"rendered":"http:\/\/www.szabszinhaz.hu\/?page_id=115"},"modified":"2023-04-19T14:04:57","modified_gmt":"2023-04-19T12:04:57","slug":"igezo","status":"publish","type":"page","link":"https:\/\/www.szabadszinhaz.hu\/en\/igezo\/","title":{"rendered":"Ig\u00e9z\u0151"},"content":{"rendered":"<p>[et_pb_section fb_built=&#8221;1&#8243; _builder_version=&#8221;4.16&#8243; _module_preset=&#8221;default&#8221; background_color=&#8221;#fff1d0&#8243; global_colors_info=&#8221;{}&#8221;][et_pb_row column_structure=&#8221;2_5,3_5&#8243; _builder_version=&#8221;4.16&#8243; _module_preset=&#8221;default&#8221; custom_padding=&#8221;||0px|||&#8221; global_colors_info=&#8221;{}&#8221;][et_pb_column type=&#8221;2_5&#8243; _builder_version=&#8221;4.16&#8243; _module_preset=&#8221;default&#8221; global_colors_info=&#8221;{}&#8221;][et_pb_image src=&#8221;\/wp-content\/uploads\/2022\/01\/igezo.jpg&#8221; title_text=&#8221;igezo&#8221; _builder_version=&#8221;4.18.0&#8243; _module_preset=&#8221;default&#8221; global_colors_info=&#8221;{}&#8221;][\/et_pb_image][\/et_pb_column][et_pb_column type=&#8221;3_5&#8243; _builder_version=&#8221;4.16&#8243; _module_preset=&#8221;default&#8221; global_colors_info=&#8221;{}&#8221;][et_pb_text _builder_version=&#8221;4.18.0&#8243; _module_preset=&#8221;default&#8221; text_font_size=&#8221;18px&#8221; text_line_height=&#8221;1.5em&#8221; hover_enabled=&#8221;0&#8243; global_colors_info=&#8221;{}&#8221; sticky_enabled=&#8221;0&#8243;]<\/p>\n<p style=\"text-align: justify;\">Az \u201eIg\u00e9z\u0151\u201d n\u00e9vre keresztelt kreat\u00edv \u00f6sszpont a Szabad Sz\u00ednh\u00e1z \u00e9s a Sz\u00e9kesfeh\u00e9rv\u00e1ron \u00e9l\u0151 kort\u00e1rs k\u00e9pz\u0151m\u0171v\u00e9szeti, t\u00e1ncm\u0171v\u00e9szeti \u00e9s hagyom\u00e1ny\u0151rz\u0151 t\u00e1rsulatok \u00f6sszm\u0171v\u00e9szeti programjainak interakt\u00edv bemutat\u00f3 tere.<\/p>\n<p style=\"text-align: justify;\">Magyar \u00e9s idegen nyelv\u0171 kamarasz\u00ednh\u00e1zi el\u0151ad\u00e1sokkal, b\u00e1bsz\u00ednh\u00e1zzal, dia \u00e9s filmvet\u00edt\u00e9sekkel, audio-vizu\u00e1lis estekkel, interakt\u00edv csal\u00e1di foglalkoz\u00e1sokkal, gyermekfoglalkoz\u00e1sokkal, hangszerbemutat\u00f3kkal egybek\u00f6t\u00f6tt zen\u00e9s programokkal, \u00e9s kort\u00e1rs k\u00e9pz\u0151m\u0171v\u00e9szeti kulisszatitkokkal v\u00e1rj\u00e1k a m\u0171v\u00e9szetbar\u00e1tokat.<\/p>\n<p style=\"text-align: justify;\">Az inspirat\u00edv k\u00f6rnyezet lehet\u0151s\u00e9get teremt arra, hogy tartsunk itt interakt\u00edv t\u00f6rt\u00e9nelem\u00f3r\u00e1kat \u00e9s hagyom\u00e1ny\u0151rz\u0151 bemutat\u00f3kat, rendezz\u00fcnk nemzetk\u00f6zi kultur\u00e1lis napokat, \u00e9s szervezz\u00fcnk kreat\u00edv tr\u00e9ningeket is.<\/p>\n<p><img loading=\"lazy\" decoding=\"async\" src=\"\/wp-content\/uploads\/2023\/04\/igezo-fenyek-300x200.jpg\" width=\"300\" height=\"200\" alt=\"\" class=\"wp-image-6750 alignnone size-medium\" \/><img loading=\"lazy\" decoding=\"async\" src=\"\/wp-content\/uploads\/2023\/04\/Farsangfarki_Felvonulas-2-22-300x200.jpg\" width=\"300\" height=\"200\" alt=\"\" class=\"wp-image-6753 alignnone size-medium\" \/><img loading=\"lazy\" decoding=\"async\" src=\"\/wp-content\/uploads\/2023\/04\/igezo1-300x199.jpg\" width=\"300\" height=\"199\" alt=\"\" class=\"wp-image-6757 alignnone size-medium\" \/><img loading=\"lazy\" decoding=\"async\" src=\"\/wp-content\/uploads\/2023\/04\/A-magyar-kultura-napja.-Igezo.Judit_-300x200.jpg\" width=\"300\" height=\"200\" alt=\"\" class=\"wp-image-6759 alignnone size-medium\" \/>[\/et_pb_text][\/et_pb_column][\/et_pb_row][et_pb_row _builder_version=&#8221;4.16&#8243; _module_preset=&#8221;default&#8221; global_colors_info=&#8221;{}&#8221;][et_pb_column type=&#8221;4_4&#8243; _builder_version=&#8221;4.16&#8243; _module_preset=&#8221;default&#8221; global_colors_info=&#8221;{}&#8221;][et_pb_text _builder_version=&#8221;4.16&#8243; _module_preset=&#8221;default&#8221; custom_margin=&#8221;-18px|||||&#8221; custom_padding=&#8221;14px|||||&#8221; global_colors_info=&#8221;{}&#8221;]<\/p>\n<p><strong>El\u00e9rhet\u0151s\u00e9geink:<\/strong><\/p>\n<p>Ig\u00e9z\u0151 Szabad J\u00e1t\u00e9ksz\u00edn<\/p>\n<p><a href=\"http:\/\/www.facebook.com\/igezo\" target=\"_blank\" rel=\"noopener\">www.facebook.com\/igezo<\/a><\/p>\n<p><a href=\"https:\/\/www.facebook.com\/szabadszinhaz\" target=\"_blank\" rel=\"noopener\">https:\/\/www.facebook.com\/szabadszinhaz<\/a><\/p>\n<p>Telefon: +36-22-790-758<\/p>\n<p>E-mail: igezo2014@gmail.com<\/p>\n<p>[\/et_pb_text][\/et_pb_column][\/et_pb_row][\/et_pb_section]<\/p>\n","protected":false},"excerpt":{"rendered":"<p>Az \u201eIg\u00e9z\u0151\u201d n\u00e9vre keresztelt kreat\u00edv \u00f6sszpont a Szabad Sz\u00ednh\u00e1z \u00e9s a Sz\u00e9kesfeh\u00e9rv\u00e1ron \u00e9l\u0151 kort\u00e1rs k\u00e9pz\u0151m\u0171v\u00e9szeti, t\u00e1ncm\u0171v\u00e9szeti \u00e9s hagyom\u00e1ny\u0151rz\u0151 t\u00e1rsulatok \u00f6sszm\u0171v\u00e9szeti programjainak interakt\u00edv bemutat\u00f3 tere. Magyar \u00e9s idegen nyelv\u0171 kamarasz\u00ednh\u00e1zi el\u0151ad\u00e1sokkal, [&hellip;]<\/p>\n","protected":false},"author":2,"featured_media":0,"parent":0,"menu_order":0,"comment_status":"closed","ping_status":"closed","template":"","meta":{"_et_pb_use_builder":"on","_et_pb_old_content":"","_et_gb_content_width":"","_price":"","_stock":"","_tribe_ticket_header":"","_tribe_default_ticket_provider":"","_ticket_start_date":"","_ticket_end_date":"","_tribe_ticket_show_description":"","_tribe_ticket_show_not_going":false,"_tribe_ticket_use_global_stock":"","_tribe_ticket_global_stock_level":"","_global_stock_mode":"","_global_stock_cap":"","_tribe_rsvp_for_event":"","_tribe_ticket_going_count":"","_tribe_ticket_not_going_count":"","_tribe_tickets_list":"[]","_tribe_ticket_has_attendee_info_fields":false,"footnotes":"","_tec_slr_enabled":"","_tec_slr_layout":""},"class_list":["post-115","page","type-page","status-publish","hentry"],"yoast_head":"<!-- This site is optimized with the Yoast SEO plugin v25.0 - https:\/\/yoast.com\/wordpress\/plugins\/seo\/ -->\n<title>Ig\u00e9z\u0151 - Szabad Sz\u00ednh\u00e1z<\/title>\n<meta name=\"robots\" content=\"index, follow, max-snippet:-1, max-image-preview:large, max-video-preview:-1\" \/>\n<link rel=\"canonical\" href=\"https:\/\/www.szabadszinhaz.hu\/en\/igezo\/\" \/>\n<meta property=\"og:locale\" content=\"en_US\" \/>\n<meta property=\"og:type\" content=\"article\" \/>\n<meta property=\"og:title\" content=\"Ig\u00e9z\u0151 - Szabad Sz\u00ednh\u00e1z\" \/>\n<meta property=\"og:description\" content=\"Az \u201eIg\u00e9z\u0151\u201d n\u00e9vre keresztelt kreat\u00edv \u00f6sszpont a Szabad Sz\u00ednh\u00e1z \u00e9s a Sz\u00e9kesfeh\u00e9rv\u00e1ron \u00e9l\u0151 kort\u00e1rs k\u00e9pz\u0151m\u0171v\u00e9szeti, t\u00e1ncm\u0171v\u00e9szeti \u00e9s hagyom\u00e1ny\u0151rz\u0151 t\u00e1rsulatok \u00f6sszm\u0171v\u00e9szeti programjainak interakt\u00edv bemutat\u00f3 tere. Magyar \u00e9s idegen nyelv\u0171 kamarasz\u00ednh\u00e1zi el\u0151ad\u00e1sokkal, [&hellip;]\" \/>\n<meta property=\"og:url\" content=\"https:\/\/www.szabadszinhaz.hu\/en\/igezo\/\" \/>\n<meta property=\"og:site_name\" content=\"Szabad Sz\u00ednh\u00e1z\" \/>\n<meta property=\"article:publisher\" content=\"https:\/\/www.facebook.com\/szabadszinhaz\" \/>\n<meta property=\"article:modified_time\" content=\"2023-04-19T12:04:57+00:00\" \/>\n<meta name=\"twitter:card\" content=\"summary_large_image\" \/>\n<meta name=\"twitter:label1\" content=\"Est. reading time\" \/>\n\t<meta name=\"twitter:data1\" content=\"2 minutes\" \/>\n<script type=\"application\/ld+json\" class=\"yoast-schema-graph\">{\"@context\":\"https:\/\/schema.org\",\"@graph\":[{\"@type\":\"WebPage\",\"@id\":\"https:\/\/www.szabadszinhaz.hu\/igezo\/\",\"url\":\"https:\/\/www.szabadszinhaz.hu\/igezo\/\",\"name\":\"Ig\u00e9z\u0151 - Szabad Sz\u00ednh\u00e1z\",\"isPartOf\":{\"@id\":\"https:\/\/www.szabadszinhaz.hu\/#website\"},\"datePublished\":\"2023-04-19T11:32:09+00:00\",\"dateModified\":\"2023-04-19T12:04:57+00:00\",\"breadcrumb\":{\"@id\":\"https:\/\/www.szabadszinhaz.hu\/igezo\/#breadcrumb\"},\"inLanguage\":\"en-US\",\"potentialAction\":[{\"@type\":\"ReadAction\",\"target\":[\"https:\/\/www.szabadszinhaz.hu\/igezo\/\"]}]},{\"@type\":\"BreadcrumbList\",\"@id\":\"https:\/\/www.szabadszinhaz.hu\/igezo\/#breadcrumb\",\"itemListElement\":[{\"@type\":\"ListItem\",\"position\":1,\"name\":\"Kezd\u0151lap\",\"item\":\"https:\/\/www.szabadszinhaz.hu\/\"},{\"@type\":\"ListItem\",\"position\":2,\"name\":\"Ig\u00e9z\u0151\"}]},{\"@type\":\"WebSite\",\"@id\":\"https:\/\/www.szabadszinhaz.hu\/#website\",\"url\":\"https:\/\/www.szabadszinhaz.hu\/\",\"name\":\"Szabad Sz\u00ednh\u00e1z\",\"description\":\"Szabad Sz\u00ednh\u00e1z\",\"publisher\":{\"@id\":\"https:\/\/www.szabadszinhaz.hu\/#organization\"},\"potentialAction\":[{\"@type\":\"SearchAction\",\"target\":{\"@type\":\"EntryPoint\",\"urlTemplate\":\"https:\/\/www.szabadszinhaz.hu\/?s={search_term_string}\"},\"query-input\":{\"@type\":\"PropertyValueSpecification\",\"valueRequired\":true,\"valueName\":\"search_term_string\"}}],\"inLanguage\":\"en-US\"},{\"@type\":\"Organization\",\"@id\":\"https:\/\/www.szabadszinhaz.hu\/#organization\",\"name\":\"Szabad Sz\u00ednh\u00e1z SZ\u00cdN-T\u00c9R Egyes\u00fclet\",\"url\":\"https:\/\/www.szabadszinhaz.hu\/\",\"logo\":{\"@type\":\"ImageObject\",\"inLanguage\":\"en-US\",\"@id\":\"https:\/\/www.szabadszinhaz.hu\/#\/schema\/logo\/image\/\",\"url\":\"https:\/\/www.szabadszinhaz.hu\/wp-content\/uploads\/2025\/01\/images.jpg\",\"contentUrl\":\"https:\/\/www.szabadszinhaz.hu\/wp-content\/uploads\/2025\/01\/images.jpg\",\"width\":178,\"height\":284,\"caption\":\"Szabad Sz\u00ednh\u00e1z SZ\u00cdN-T\u00c9R Egyes\u00fclet\"},\"image\":{\"@id\":\"https:\/\/www.szabadszinhaz.hu\/#\/schema\/logo\/image\/\"},\"sameAs\":[\"https:\/\/www.facebook.com\/szabadszinhaz\"]}]}<\/script>\n<!-- \/ Yoast SEO plugin. -->","yoast_head_json":{"title":"Ig\u00e9z\u0151 - Szabad Sz\u00ednh\u00e1z","robots":{"index":"index","follow":"follow","max-snippet":"max-snippet:-1","max-image-preview":"max-image-preview:large","max-video-preview":"max-video-preview:-1"},"canonical":"https:\/\/www.szabadszinhaz.hu\/en\/igezo\/","og_locale":"en_US","og_type":"article","og_title":"Ig\u00e9z\u0151 - Szabad Sz\u00ednh\u00e1z","og_description":"Az \u201eIg\u00e9z\u0151\u201d n\u00e9vre keresztelt kreat\u00edv \u00f6sszpont a Szabad Sz\u00ednh\u00e1z \u00e9s a Sz\u00e9kesfeh\u00e9rv\u00e1ron \u00e9l\u0151 kort\u00e1rs k\u00e9pz\u0151m\u0171v\u00e9szeti, t\u00e1ncm\u0171v\u00e9szeti \u00e9s hagyom\u00e1ny\u0151rz\u0151 t\u00e1rsulatok \u00f6sszm\u0171v\u00e9szeti programjainak interakt\u00edv bemutat\u00f3 tere. Magyar \u00e9s idegen nyelv\u0171 kamarasz\u00ednh\u00e1zi el\u0151ad\u00e1sokkal, [&hellip;]","og_url":"https:\/\/www.szabadszinhaz.hu\/en\/igezo\/","og_site_name":"Szabad Sz\u00ednh\u00e1z","article_publisher":"https:\/\/www.facebook.com\/szabadszinhaz","article_modified_time":"2023-04-19T12:04:57+00:00","twitter_card":"summary_large_image","twitter_misc":{"Est. reading time":"2 minutes"},"schema":{"@context":"https:\/\/schema.org","@graph":[{"@type":"WebPage","@id":"https:\/\/www.szabadszinhaz.hu\/igezo\/","url":"https:\/\/www.szabadszinhaz.hu\/igezo\/","name":"Ig\u00e9z\u0151 - Szabad Sz\u00ednh\u00e1z","isPartOf":{"@id":"https:\/\/www.szabadszinhaz.hu\/#website"},"datePublished":"2023-04-19T11:32:09+00:00","dateModified":"2023-04-19T12:04:57+00:00","breadcrumb":{"@id":"https:\/\/www.szabadszinhaz.hu\/igezo\/#breadcrumb"},"inLanguage":"en-US","potentialAction":[{"@type":"ReadAction","target":["https:\/\/www.szabadszinhaz.hu\/igezo\/"]}]},{"@type":"BreadcrumbList","@id":"https:\/\/www.szabadszinhaz.hu\/igezo\/#breadcrumb","itemListElement":[{"@type":"ListItem","position":1,"name":"Kezd\u0151lap","item":"https:\/\/www.szabadszinhaz.hu\/"},{"@type":"ListItem","position":2,"name":"Ig\u00e9z\u0151"}]},{"@type":"WebSite","@id":"https:\/\/www.szabadszinhaz.hu\/#website","url":"https:\/\/www.szabadszinhaz.hu\/","name":"Free Theatre - Szabad Sz\u00ednh\u00e1z","description":"Free Theatre - Szabad Sz\u00ednh\u00e1z","publisher":{"@id":"https:\/\/www.szabadszinhaz.hu\/#organization"},"potentialAction":[{"@type":"SearchAction","target":{"@type":"EntryPoint","urlTemplate":"https:\/\/www.szabadszinhaz.hu\/?s={search_term_string}"},"query-input":{"@type":"PropertyValueSpecification","valueRequired":true,"valueName":"search_term_string"}}],"inLanguage":"en-US"},{"@type":"Organization","@id":"https:\/\/www.szabadszinhaz.hu\/#organization","name":"Szabad Sz\u00ednh\u00e1z SZ\u00cdN-T\u00c9R Egyes\u00fclet","url":"https:\/\/www.szabadszinhaz.hu\/","logo":{"@type":"ImageObject","inLanguage":"en-US","@id":"https:\/\/www.szabadszinhaz.hu\/#\/schema\/logo\/image\/","url":"https:\/\/www.szabadszinhaz.hu\/wp-content\/uploads\/2025\/01\/images.jpg","contentUrl":"https:\/\/www.szabadszinhaz.hu\/wp-content\/uploads\/2025\/01\/images.jpg","width":178,"height":284,"caption":"Szabad Sz\u00ednh\u00e1z SZ\u00cdN-T\u00c9R Egyes\u00fclet"},"image":{"@id":"https:\/\/www.szabadszinhaz.hu\/#\/schema\/logo\/image\/"},"sameAs":["https:\/\/www.facebook.com\/szabadszinhaz"]}]}},"ticketed":false,"_links":{"self":[{"href":"https:\/\/www.szabadszinhaz.hu\/en\/wp-json\/wp\/v2\/pages\/115","targetHints":{"allow":["GET"]}}],"collection":[{"href":"https:\/\/www.szabadszinhaz.hu\/en\/wp-json\/wp\/v2\/pages"}],"about":[{"href":"https:\/\/www.szabadszinhaz.hu\/en\/wp-json\/wp\/v2\/types\/page"}],"author":[{"embeddable":true,"href":"https:\/\/www.szabadszinhaz.hu\/en\/wp-json\/wp\/v2\/users\/2"}],"replies":[{"embeddable":true,"href":"https:\/\/www.szabadszinhaz.hu\/en\/wp-json\/wp\/v2\/comments?post=115"}],"version-history":[{"count":5,"href":"https:\/\/www.szabadszinhaz.hu\/en\/wp-json\/wp\/v2\/pages\/115\/revisions"}],"predecessor-version":[{"id":6760,"href":"https:\/\/www.szabadszinhaz.hu\/en\/wp-json\/wp\/v2\/pages\/115\/revisions\/6760"}],"wp:attachment":[{"href":"https:\/\/www.szabadszinhaz.hu\/en\/wp-json\/wp\/v2\/media?parent=115"}],"curies":[{"name":"wp","href":"https:\/\/api.w.org\/{rel}","templated":true}]}}