{"id":86,"date":"2023-04-03T14:30:16","date_gmt":"2023-04-03T12:30:16","guid":{"rendered":"http:\/\/www.szabszinhaz.hu\/?page_id=86"},"modified":"2025-04-09T15:03:37","modified_gmt":"2025-04-09T13:03:37","slug":"galeria","status":"publish","type":"page","link":"http:\/\/www.szabadszinhaz.hu\/en\/galeria\/","title":{"rendered":"Gallery"},"content":{"rendered":"<p>[et_pb_section fb_built=&#8221;1&#8243; _builder_version=&#8221;4.16&#8243; _module_preset=&#8221;default&#8221; background_color=&#8221;#fff1d0&#8243; global_colors_info=&#8221;{}&#8221;][et_pb_row _builder_version=&#8221;4.16&#8243; _module_preset=&#8221;default&#8221; global_colors_info=&#8221;{}&#8221;][et_pb_column type=&#8221;4_4&#8243; _builder_version=&#8221;4.16&#8243; _module_preset=&#8221;default&#8221; global_colors_info=&#8221;{}&#8221;][et_pb_text _builder_version=&#8221;4.16&#8243; _module_preset=&#8221;default&#8221; text_text_color=&#8221;#000000&#8243; text_font_size=&#8221;31px&#8221; global_colors_info=&#8221;{}&#8221;]<\/p>\n<p><strong>SZABAD SZ\u00cdNH\u00c1Z \u2013 Gal\u00e9ria<\/strong><\/p>\n<p>[\/et_pb_text][\/et_pb_column][\/et_pb_row][et_pb_row _builder_version=&#8221;4.16&#8243; _module_preset=&#8221;default&#8221; custom_padding=&#8221;3px|||||&#8221; global_colors_info=&#8221;{}&#8221;][et_pb_column type=&#8221;4_4&#8243; _builder_version=&#8221;4.16&#8243; _module_preset=&#8221;default&#8221; global_colors_info=&#8221;{}&#8221;][et_pb_divider color=&#8221;#000000&#8243; divider_weight=&#8221;4px&#8221; _builder_version=&#8221;4.16&#8243; _module_preset=&#8221;default&#8221; custom_padding=&#8221;||14px|||&#8221; global_colors_info=&#8221;{}&#8221;][\/et_pb_divider][\/et_pb_column][\/et_pb_row][et_pb_row _builder_version=&#8221;4.16&#8243; _module_preset=&#8221;default&#8221; custom_margin=&#8221;-44px|auto||auto||&#8221; global_colors_info=&#8221;{}&#8221;][et_pb_column type=&#8221;4_4&#8243; _builder_version=&#8221;4.16&#8243; _module_preset=&#8221;default&#8221; global_colors_info=&#8221;{}&#8221;][et_pb_video src=&#8221;https:\/\/www.youtube.com\/watch?v=SoouV9YEdIE&#038;ab_channel=SzabadSz%C3%ADnh%C3%A1z&#8221; _builder_version=&#8221;4.18.0&#8243; _module_preset=&#8221;default&#8221; width=&#8221;78%&#8221; module_alignment=&#8221;center&#8221; global_colors_info=&#8221;{}&#8221;][\/et_pb_video][et_pb_video src=&#8221;https:\/\/youtu.be\/MWPrfasXB7I&#8221; _builder_version=&#8221;4.18.0&#8243; _module_preset=&#8221;default&#8221; width=&#8221;78%&#8221; module_alignment=&#8221;center&#8221; global_colors_info=&#8221;{}&#8221;][\/et_pb_video][\/et_pb_column][\/et_pb_row][et_pb_row column_structure=&#8221;1_6,1_6,1_6,1_6,1_6,1_6&#8243; _builder_version=&#8221;4.20.4&#8243; _module_preset=&#8221;default&#8221; global_colors_info=&#8221;{}&#8221;][et_pb_column type=&#8221;1_6&#8243; _builder_version=&#8221;4.20.4&#8243; _module_preset=&#8221;default&#8221; global_colors_info=&#8221;{}&#8221;][\/et_pb_column][et_pb_column type=&#8221;1_6&#8243; _builder_version=&#8221;4.20.4&#8243; _module_preset=&#8221;default&#8221; global_colors_info=&#8221;{}&#8221;][\/et_pb_column][et_pb_column type=&#8221;1_6&#8243; _builder_version=&#8221;4.20.4&#8243; _module_preset=&#8221;default&#8221; global_colors_info=&#8221;{}&#8221;][\/et_pb_column][et_pb_column type=&#8221;1_6&#8243; _builder_version=&#8221;4.20.4&#8243; _module_preset=&#8221;default&#8221; global_colors_info=&#8221;{}&#8221;][\/et_pb_column][et_pb_column type=&#8221;1_6&#8243; _builder_version=&#8221;4.20.4&#8243; _module_preset=&#8221;default&#8221; global_colors_info=&#8221;{}&#8221;][\/et_pb_column][et_pb_column type=&#8221;1_6&#8243; _builder_version=&#8221;4.20.4&#8243; _module_preset=&#8221;default&#8221; global_colors_info=&#8221;{}&#8221;][\/et_pb_column][\/et_pb_row][et_pb_row column_structure=&#8221;1_5,1_5,1_5,1_5,1_5&#8243; _builder_version=&#8221;4.20.4&#8243; _module_preset=&#8221;default&#8221; global_colors_info=&#8221;{}&#8221;][et_pb_column type=&#8221;1_5&#8243; _builder_version=&#8221;4.16&#8243; _module_preset=&#8221;default&#8221; global_colors_info=&#8221;{}&#8221;][et_pb_blurb url=&#8221;\/galeria\/marai-sandor-az-igazi-2012\/&#8221; image=&#8221;http:\/\/www.szabszinhaz.hu\/wp-content\/uploads\/2021\/11\/szabad-szinhaz-az-igazi-02.jpg&#8221; _builder_version=&#8221;4.20.4&#8243; _module_preset=&#8221;default&#8221; header_font=&#8221;||||||||&#8221; header_text_color=&#8221;#000000&#8243; body_text_color=&#8221;#000000&#8243; body_font_size=&#8221;19px&#8221; text_orientation=&#8221;center&#8221; global_colors_info=&#8221;{}&#8221;]<\/p>\n<h3 class=\"posttitle\"><strong>M\u00e1rai S\u00e1ndor: Az Igazi<\/strong><\/h3>\n<p>[\/et_pb_blurb][\/et_pb_column][et_pb_column type=&#8221;1_5&#8243; _builder_version=&#8221;4.16&#8243; _module_preset=&#8221;default&#8221; global_colors_info=&#8221;{}&#8221;][et_pb_blurb url=&#8221;\/galeria\/lazar-ervin-nagy-judit-a-csodapatika-2012\/&#8221; image=&#8221;http:\/\/www.szabszinhaz.hu\/wp-content\/uploads\/2021\/11\/szabad-szinhaz-csodapatika-14.jpg&#8221; _builder_version=&#8221;4.16&#8243; _module_preset=&#8221;default&#8221; header_font=&#8221;||||||||&#8221; header_text_color=&#8221;#000000&#8243; body_text_color=&#8221;#000000&#8243; body_font_size=&#8221;19px&#8221; text_orientation=&#8221;center&#8221; global_colors_info=&#8221;{}&#8221;]<\/p>\n<h3 class=\"posttitle\"><strong>L\u00e1z\u00e1r Ervin \u2013 Nagy Judit:<\/strong><br \/><strong>A Csodapatika<\/strong><\/h3>\n<p>[\/et_pb_blurb][\/et_pb_column][et_pb_column type=&#8221;1_5&#8243; _builder_version=&#8221;4.16&#8243; _module_preset=&#8221;default&#8221; global_colors_info=&#8221;{}&#8221;][et_pb_blurb url=&#8221;\/galeria\/nagy-judit-tovirag-2012\/&#8221; image=&#8221;http:\/\/www.szabszinhaz.hu\/wp-content\/uploads\/2021\/11\/szabad-szinhaz-tovirag-41.jpg&#8221; _builder_version=&#8221;4.16&#8243; _module_preset=&#8221;default&#8221; header_font=&#8221;||||||||&#8221; header_text_color=&#8221;#000000&#8243; body_text_color=&#8221;#000000&#8243; body_font_size=&#8221;19px&#8221; text_orientation=&#8221;center&#8221; global_colors_info=&#8221;{}&#8221;]<\/p>\n<h3 class=\"posttitle\"><strong>Nagy Judit: T\u00f3vir\u00e1g<\/strong><\/h3>\n<p>[\/et_pb_blurb][\/et_pb_column][et_pb_column type=&#8221;1_5&#8243; _builder_version=&#8221;4.16&#8243; _module_preset=&#8221;default&#8221; global_colors_info=&#8221;{}&#8221;][et_pb_blurb url=&#8221;\/galeria\/szabo-magda-bela-kiraly-2011\/&#8221; image=&#8221;http:\/\/www.szabszinhaz.hu\/wp-content\/uploads\/2021\/11\/bela_plakat.png&#8221; _builder_version=&#8221;4.16&#8243; _module_preset=&#8221;default&#8221; header_font=&#8221;||||||||&#8221; header_text_color=&#8221;#000000&#8243; body_text_color=&#8221;#000000&#8243; body_font_size=&#8221;19px&#8221; text_orientation=&#8221;center&#8221; global_colors_info=&#8221;{}&#8221;]<\/p>\n<h3 class=\"posttitle\"><strong>Szab\u00f3 Magda: B\u00e9la Kir\u00e1ly<\/strong><\/h3>\n<p>[\/et_pb_blurb][\/et_pb_column][et_pb_column type=&#8221;1_5&#8243; _builder_version=&#8221;4.16&#8243; _module_preset=&#8221;default&#8221; global_colors_info=&#8221;{}&#8221;][et_pb_blurb url=&#8221;\/galeria\/sven-nordqvist-pettson-karacsonya-2010\/&#8221; image=&#8221;http:\/\/www.szabszinhaz.hu\/wp-content\/uploads\/2021\/11\/pettson-plakat.jpg&#8221; _builder_version=&#8221;4.16&#8243; _module_preset=&#8221;default&#8221; header_font=&#8221;||||||||&#8221; header_text_color=&#8221;#000000&#8243; body_text_color=&#8221;#000000&#8243; body_font_size=&#8221;19px&#8221; text_orientation=&#8221;center&#8221; global_colors_info=&#8221;{}&#8221;]<\/p>\n<h3 class=\"posttitle\"><strong>Sven Norqvist: Pettson Kar\u00e1csonya<\/strong><\/h3>\n<p>[\/et_pb_blurb][\/et_pb_column][\/et_pb_row][et_pb_row column_structure=&#8221;1_5,1_5,1_5,1_5,1_5&#8243; _builder_version=&#8221;4.16&#8243; _module_preset=&#8221;default&#8221; global_colors_info=&#8221;{}&#8221;][et_pb_column type=&#8221;1_5&#8243; _builder_version=&#8221;4.16&#8243; _module_preset=&#8221;default&#8221; global_colors_info=&#8221;{}&#8221;][et_pb_blurb url=&#8221;\/galeria\/teli-mese\/&#8221; image=&#8221;http:\/\/www.szabszinhaz.hu\/wp-content\/uploads\/2022\/01\/szabad-szinhaz-teli-mese-02.jpg&#8221; _builder_version=&#8221;4.16&#8243; _module_preset=&#8221;default&#8221; header_font=&#8221;||||||||&#8221; header_text_color=&#8221;#000000&#8243; body_text_color=&#8221;#000000&#8243; body_font_size=&#8221;19px&#8221; text_orientation=&#8221;center&#8221; global_colors_info=&#8221;{}&#8221;]<\/p>\n<h3 class=\"posttitle\"><strong>L\u00e1z\u00e1r Zs\u00f3fia \u2013 Nagy Judit: T\u00e9li Mese<\/strong><\/h3>\n<p>[\/et_pb_blurb][\/et_pb_column][et_pb_column type=&#8221;1_5&#8243; _builder_version=&#8221;4.16&#8243; _module_preset=&#8221;default&#8221; global_colors_info=&#8221;{}&#8221;][et_pb_blurb url=&#8221;\/galeria\/adorjan-viktor-nagy-judit-elo-kepes-kronika-2010\/&#8221; image=&#8221;http:\/\/www.szabszinhaz.hu\/wp-content\/uploads\/2022\/01\/szabad-szinhaz-elokepes-kronika-02.jpg&#8221; _builder_version=&#8221;4.16&#8243; _module_preset=&#8221;default&#8221; header_font=&#8221;||||||||&#8221; header_text_color=&#8221;#000000&#8243; body_text_color=&#8221;#000000&#8243; body_font_size=&#8221;19px&#8221; text_orientation=&#8221;center&#8221; global_colors_info=&#8221;{}&#8221;]<\/p>\n<h3 class=\"posttitle\"><strong>\u00c9l\u0151-K\u00e9pes Kr\u00f3nika<\/strong><\/h3>\n<p>[\/et_pb_blurb][\/et_pb_column][et_pb_column type=&#8221;1_5&#8243; _builder_version=&#8221;4.16&#8243; _module_preset=&#8221;default&#8221; global_colors_info=&#8221;{}&#8221;][et_pb_blurb url=&#8221;\/galeria\/kiss-csaba-vilagtalanok\/&#8221; image=&#8221;http:\/\/www.szabszinhaz.hu\/wp-content\/uploads\/2022\/01\/ujkep.jpg&#8221; _builder_version=&#8221;4.16&#8243; _module_preset=&#8221;default&#8221; header_font=&#8221;||||||||&#8221; header_text_color=&#8221;#000000&#8243; body_text_color=&#8221;#000000&#8243; body_font_size=&#8221;19px&#8221; text_orientation=&#8221;center&#8221; global_colors_info=&#8221;{}&#8221;]<\/p>\n<h3 class=\"posttitle\"><strong>Kiss Csaba: Vil\u00e1gtalanok<\/strong><\/h3>\n<p>[\/et_pb_blurb][\/et_pb_column][et_pb_column type=&#8221;1_5&#8243; _builder_version=&#8221;4.16&#8243; _module_preset=&#8221;default&#8221; global_colors_info=&#8221;{}&#8221;][et_pb_blurb url=&#8221;\/galeria\/bogarkaland\/&#8221; image=&#8221;http:\/\/www.szabszinhaz.hu\/wp-content\/uploads\/2022\/01\/205854_220461648001518_1453117_n-1.jpg&#8221; _builder_version=&#8221;4.16&#8243; _module_preset=&#8221;default&#8221; header_font=&#8221;||||||||&#8221; header_text_color=&#8221;#000000&#8243; body_text_color=&#8221;#000000&#8243; body_font_size=&#8221;19px&#8221; text_orientation=&#8221;center&#8221; global_colors_info=&#8221;{}&#8221;]<\/p>\n<h3 class=\"posttitle\"><strong>L\u00e1z\u00e1r Ervin \u2013 L\u00e1z\u00e1r Zs\u00f3fia \u2013 Nagy Judit: Bog\u00e1rka-Land<\/strong><\/h3>\n<p>[\/et_pb_blurb][\/et_pb_column][et_pb_column type=&#8221;1_5&#8243; _builder_version=&#8221;4.16&#8243; _module_preset=&#8221;default&#8221; global_colors_info=&#8221;{}&#8221;][et_pb_blurb url=&#8221;\/galeria\/utcaszinhaz-korona-vasar\/&#8221; image=&#8221;http:\/\/www.szabszinhaz.hu\/wp-content\/uploads\/2022\/01\/szabad-szinhaz-utcaszinhaz-2-1.jpg&#8221; _builder_version=&#8221;4.16&#8243; _module_preset=&#8221;default&#8221; header_font=&#8221;||||||||&#8221; header_text_color=&#8221;#000000&#8243; body_text_color=&#8221;#000000&#8243; body_font_size=&#8221;19px&#8221; text_orientation=&#8221;center&#8221; global_colors_info=&#8221;{}&#8221;]<\/p>\n<h3 class=\"posttitle\"><strong>Korona V\u00e1s\u00e1r<\/strong><\/h3>\n<p>[\/et_pb_blurb][\/et_pb_column][\/et_pb_row][et_pb_row column_structure=&#8221;1_5,1_5,1_5,1_5,1_5&#8243; _builder_version=&#8221;4.16&#8243; _module_preset=&#8221;default&#8221; global_colors_info=&#8221;{}&#8221;][et_pb_column type=&#8221;1_5&#8243; _builder_version=&#8221;4.16&#8243; _module_preset=&#8221;default&#8221; global_colors_info=&#8221;{}&#8221;][et_pb_blurb url=&#8221;\/galeria\/adorjan-viktor-a-bor-legendaja-2009\/&#8221; image=&#8221;http:\/\/www.szabszinhaz.hu\/wp-content\/uploads\/2022\/01\/szabad-szinhaz-boros-farsa-01.jpg&#8221; _builder_version=&#8221;4.16&#8243; _module_preset=&#8221;default&#8221; header_font=&#8221;||||||||&#8221; header_text_color=&#8221;#000000&#8243; body_text_color=&#8221;#000000&#8243; body_font_size=&#8221;19px&#8221; text_orientation=&#8221;center&#8221; global_colors_info=&#8221;{}&#8221;]<\/p>\n<h3 class=\"posttitle\"><strong>Adorj\u00e1n Viktor: <\/strong><strong>A bor legend\u00e1ja<\/strong><\/h3>\n<p>[\/et_pb_blurb][\/et_pb_column][et_pb_column type=&#8221;1_5&#8243; _builder_version=&#8221;4.16&#8243; _module_preset=&#8221;default&#8221; global_colors_info=&#8221;{}&#8221;][et_pb_blurb url=&#8221;\/galeria\/matyas-mesek\/&#8221; image=&#8221;http:\/\/www.szabszinhaz.hu\/wp-content\/uploads\/2022\/01\/szabad-szinhaz-matyas-mesek-13.jpg&#8221; _builder_version=&#8221;4.16&#8243; _module_preset=&#8221;default&#8221; header_font=&#8221;||||||||&#8221; header_text_color=&#8221;#000000&#8243; body_text_color=&#8221;#000000&#8243; body_font_size=&#8221;19px&#8221; text_orientation=&#8221;center&#8221; global_colors_info=&#8221;{}&#8221;]<\/p>\n<h3 class=\"posttitle\"><strong>M\u00e1ty\u00e1s mes\u00e9k<\/strong><\/h3>\n<p>[\/et_pb_blurb][\/et_pb_column][et_pb_column type=&#8221;1_5&#8243; _builder_version=&#8221;4.16&#8243; _module_preset=&#8221;default&#8221; global_colors_info=&#8221;{}&#8221;][et_pb_blurb url=&#8221;\/galeria\/ripacs-bar\/&#8221; image=&#8221;http:\/\/www.szabszinhaz.hu\/wp-content\/uploads\/2022\/01\/szabad-szinhaz-ripacs-bar-6.jpg&#8221; _builder_version=&#8221;4.16&#8243; _module_preset=&#8221;default&#8221; header_font=&#8221;||||||||&#8221; header_text_color=&#8221;#000000&#8243; body_text_color=&#8221;#000000&#8243; body_font_size=&#8221;19px&#8221; text_orientation=&#8221;center&#8221; global_colors_info=&#8221;{}&#8221;]<\/p>\n<h3 class=\"posttitle\"><strong>Ripacs B\u00e1r<\/strong><\/h3>\n<p>[\/et_pb_blurb][\/et_pb_column][et_pb_column type=&#8221;1_5&#8243; _builder_version=&#8221;4.16&#8243; _module_preset=&#8221;default&#8221; global_colors_info=&#8221;{}&#8221;][et_pb_blurb url=&#8221;\/galeria\/svejk-unokaja\/&#8221; image=&#8221;http:\/\/www.szabszinhaz.hu\/wp-content\/uploads\/2022\/01\/sv.jpg&#8221; _builder_version=&#8221;4.16&#8243; _module_preset=&#8221;default&#8221; header_font=&#8221;||||||||&#8221; header_text_color=&#8221;#000000&#8243; body_text_color=&#8221;#000000&#8243; body_font_size=&#8221;19px&#8221; text_orientation=&#8221;center&#8221; global_colors_info=&#8221;{}&#8221;]<\/p>\n<h3 class=\"posttitle\"><strong>Ljubos Balak: Svejk unok\u00e1ja<\/strong><\/h3>\n<p>[\/et_pb_blurb][\/et_pb_column][et_pb_column type=&#8221;1_5&#8243; _builder_version=&#8221;4.16&#8243; _module_preset=&#8221;default&#8221; global_colors_info=&#8221;{}&#8221;][et_pb_blurb url=&#8221;\/galeria\/lovatett-lovagok\/&#8221; image=&#8221;http:\/\/www.szabszinhaz.hu\/wp-content\/uploads\/2022\/01\/lovatett_plakat.jpg&#8221; _builder_version=&#8221;4.16&#8243; _module_preset=&#8221;default&#8221; header_font=&#8221;||||||||&#8221; header_text_color=&#8221;#000000&#8243; body_text_color=&#8221;#000000&#8243; body_font_size=&#8221;19px&#8221; text_orientation=&#8221;center&#8221; global_colors_info=&#8221;{}&#8221;]<\/p>\n<h3 class=\"posttitle\"><strong>William Shakespeare: L\u00f3v\u00e1tett Lovagok<\/strong><\/h3>\n<p>[\/et_pb_blurb][\/et_pb_column][\/et_pb_row][et_pb_row column_structure=&#8221;1_5,1_5,1_5,1_5,1_5&#8243; _builder_version=&#8221;4.16&#8243; _module_preset=&#8221;default&#8221; global_colors_info=&#8221;{}&#8221;][et_pb_column type=&#8221;1_5&#8243; _builder_version=&#8221;4.16&#8243; _module_preset=&#8221;default&#8221; global_colors_info=&#8221;{}&#8221;][et_pb_blurb url=&#8221;\/galeria\/lazar-ervin-nagy-judit-viragkoldusok-2007\/&#8221; image=&#8221;http:\/\/www.szabszinhaz.hu\/wp-content\/uploads\/2022\/01\/szabad-szinhaz-viragkoldusok-01.jpg&#8221; _builder_version=&#8221;4.16&#8243; _module_preset=&#8221;default&#8221; header_font=&#8221;||||||||&#8221; header_text_color=&#8221;#000000&#8243; body_text_color=&#8221;#000000&#8243; body_font_size=&#8221;19px&#8221; text_orientation=&#8221;center&#8221; global_colors_info=&#8221;{}&#8221;]<\/p>\n<h3 class=\"posttitle\"><strong>L\u00e1z\u00e1r Ervin \u2013 Nagy Judit: Vir\u00e1gkoldusok <\/strong><\/h3>\n<p>[\/et_pb_blurb][\/et_pb_column][et_pb_column type=&#8221;1_5&#8243; _builder_version=&#8221;4.16&#8243; _module_preset=&#8221;default&#8221; global_colors_info=&#8221;{}&#8221;][et_pb_blurb url=&#8221;\/galeria\/adorjan-viktor-comico-historico-allegoricha-2006\/&#8221; image=&#8221;http:\/\/www.szabszinhaz.hu\/wp-content\/uploads\/2022\/01\/szabad-szinhaz-comico-historico-allegoricha-01.jpg&#8221; _builder_version=&#8221;4.16&#8243; _module_preset=&#8221;default&#8221; header_font=&#8221;||||||||&#8221; header_text_color=&#8221;#000000&#8243; body_text_color=&#8221;#000000&#8243; body_font_size=&#8221;19px&#8221; text_orientation=&#8221;center&#8221; global_colors_info=&#8221;{}&#8221;]<\/p>\n<h3 class=\"posttitle\"><strong>Adorj\u00e1n Viktor: Comico-historico Allegoricha)<\/strong><\/h3>\n<p>[\/et_pb_blurb][\/et_pb_column][et_pb_column type=&#8221;1_5&#8243; _builder_version=&#8221;4.16&#8243; _module_preset=&#8221;default&#8221; global_colors_info=&#8221;{}&#8221;][et_pb_blurb url=&#8221;\/galeria\/balvany\/&#8221; image=&#8221;http:\/\/www.szabszinhaz.hu\/wp-content\/uploads\/2022\/01\/szabad-szinhaz-balvany-27-1.jpg&#8221; _builder_version=&#8221;4.16&#8243; _module_preset=&#8221;default&#8221; header_font=&#8221;||||||||&#8221; header_text_color=&#8221;#000000&#8243; body_text_color=&#8221;#000000&#8243; body_font_size=&#8221;19px&#8221; text_orientation=&#8221;center&#8221; global_colors_info=&#8221;{}&#8221;]<\/p>\n<h3 class=\"posttitle\"><strong>B\u00e1lv\u00e1ny<\/strong><\/h3>\n<p>[\/et_pb_blurb][\/et_pb_column][et_pb_column type=&#8221;1_5&#8243; _builder_version=&#8221;4.16&#8243; _module_preset=&#8221;default&#8221; global_colors_info=&#8221;{}&#8221;][et_pb_blurb url=&#8221;\/galeria\/adorjan-viktor-farsa-allegoricha-2005\/&#8221; image=&#8221;http:\/\/www.szabszinhaz.hu\/wp-content\/uploads\/2022\/01\/szabad-szinhaz-farsa-allegoricha-06.jpg&#8221; _builder_version=&#8221;4.16&#8243; _module_preset=&#8221;default&#8221; header_font=&#8221;||||||||&#8221; header_text_color=&#8221;#000000&#8243; body_text_color=&#8221;#000000&#8243; body_font_size=&#8221;19px&#8221; text_orientation=&#8221;center&#8221; global_colors_info=&#8221;{}&#8221;]<\/p>\n<h3 class=\"posttitle\"><strong>Adorj\u00e1n Viktor: Farsa allegoricha<\/strong><\/h3>\n<p>[\/et_pb_blurb][\/et_pb_column][et_pb_column type=&#8221;1_5&#8243; _builder_version=&#8221;4.16&#8243; _module_preset=&#8221;default&#8221; global_colors_info=&#8221;{}&#8221;][et_pb_blurb url=&#8221;\/galeria\/vaclav-havel-audiencia-2005\/&#8221; image=&#8221;http:\/\/www.szabszinhaz.hu\/wp-content\/uploads\/2022\/01\/szabad-szinhaz-audiencia-4.jpg&#8221; _builder_version=&#8221;4.16&#8243; _module_preset=&#8221;default&#8221; header_font=&#8221;||||||||&#8221; header_text_color=&#8221;#000000&#8243; body_text_color=&#8221;#000000&#8243; body_font_size=&#8221;19px&#8221; text_orientation=&#8221;center&#8221; global_colors_info=&#8221;{}&#8221;]<\/p>\n<h3 class=\"posttitle\"><strong>Vaclav Havel: Audiencia<\/strong><\/h3>\n<p>[\/et_pb_blurb][\/et_pb_column][\/et_pb_row][\/et_pb_section]<\/p>\n","protected":false},"excerpt":{"rendered":"<p>SZABAD SZ\u00cdNH\u00c1Z \u2013 Gal\u00e9riaM\u00e1rai S\u00e1ndor: Az IgaziL\u00e1z\u00e1r Ervin \u2013 Nagy Judit:A CsodapatikaNagy Judit: T\u00f3vir\u00e1gSzab\u00f3 Magda: B\u00e9la Kir\u00e1lySven Norqvist: Pettson Kar\u00e1csonyaL\u00e1z\u00e1r Zs\u00f3fia \u2013 Nagy Judit: T\u00e9li Mese\u00c9l\u0151-K\u00e9pes Kr\u00f3nikaKiss Csaba: Vil\u00e1gtalanokL\u00e1z\u00e1r Ervin [&hellip;]<\/p>\n","protected":false},"author":2,"featured_media":0,"parent":0,"menu_order":0,"comment_status":"closed","ping_status":"closed","template":"","meta":{"_et_pb_use_builder":"on","_et_pb_old_content":"","_et_gb_content_width":"","_price":"","_stock":"","_tribe_ticket_header":"","_tribe_default_ticket_provider":"","_ticket_start_date":"","_ticket_end_date":"","_tribe_ticket_show_description":"","_tribe_ticket_show_not_going":false,"_tribe_ticket_use_global_stock":"","_tribe_ticket_global_stock_level":"","_global_stock_mode":"","_global_stock_cap":"","_tribe_rsvp_for_event":"","_tribe_ticket_going_count":"","_tribe_ticket_not_going_count":"","_tribe_tickets_list":"[]","_tribe_ticket_has_attendee_info_fields":false,"footnotes":"","_tec_slr_enabled":"","_tec_slr_layout":""},"class_list":["post-86","page","type-page","status-publish","hentry"],"yoast_head":"<!-- This site is optimized with the Yoast SEO plugin v25.0 - https:\/\/yoast.com\/wordpress\/plugins\/seo\/ -->\n<title>Gal\u00e9ria - Szabad Sz\u00ednh\u00e1z<\/title>\n<meta name=\"robots\" content=\"index, follow, max-snippet:-1, max-image-preview:large, max-video-preview:-1\" \/>\n<link rel=\"canonical\" href=\"https:\/\/www.szabadszinhaz.hu\/en\/galeria\/\" \/>\n<meta property=\"og:locale\" content=\"en_US\" \/>\n<meta property=\"og:type\" content=\"article\" \/>\n<meta property=\"og:title\" content=\"Gal\u00e9ria - Szabad Sz\u00ednh\u00e1z\" \/>\n<meta property=\"og:description\" content=\"SZABAD SZ\u00cdNH\u00c1Z \u2013 Gal\u00e9riaM\u00e1rai S\u00e1ndor: Az IgaziL\u00e1z\u00e1r Ervin \u2013 Nagy Judit:A CsodapatikaNagy Judit: T\u00f3vir\u00e1gSzab\u00f3 Magda: B\u00e9la Kir\u00e1lySven Norqvist: Pettson Kar\u00e1csonyaL\u00e1z\u00e1r Zs\u00f3fia \u2013 Nagy Judit: T\u00e9li Mese\u00c9l\u0151-K\u00e9pes Kr\u00f3nikaKiss Csaba: Vil\u00e1gtalanokL\u00e1z\u00e1r Ervin [&hellip;]\" \/>\n<meta property=\"og:url\" content=\"https:\/\/www.szabadszinhaz.hu\/en\/galeria\/\" \/>\n<meta property=\"og:site_name\" content=\"Szabad Sz\u00ednh\u00e1z\" \/>\n<meta property=\"article:publisher\" content=\"https:\/\/www.facebook.com\/szabadszinhaz\" \/>\n<meta property=\"article:modified_time\" content=\"2025-04-09T13:03:37+00:00\" \/>\n<meta name=\"twitter:card\" content=\"summary_large_image\" \/>\n<meta name=\"twitter:label1\" content=\"Est. reading time\" \/>\n\t<meta name=\"twitter:data1\" content=\"8 minutes\" \/>\n<script type=\"application\/ld+json\" class=\"yoast-schema-graph\">{\"@context\":\"https:\/\/schema.org\",\"@graph\":[{\"@type\":\"WebPage\",\"@id\":\"https:\/\/www.szabadszinhaz.hu\/galeria\/\",\"url\":\"https:\/\/www.szabadszinhaz.hu\/galeria\/\",\"name\":\"Gal\u00e9ria - Szabad Sz\u00ednh\u00e1z\",\"isPartOf\":{\"@id\":\"https:\/\/www.szabadszinhaz.hu\/#website\"},\"datePublished\":\"2023-04-03T12:30:16+00:00\",\"dateModified\":\"2025-04-09T13:03:37+00:00\",\"breadcrumb\":{\"@id\":\"https:\/\/www.szabadszinhaz.hu\/galeria\/#breadcrumb\"},\"inLanguage\":\"en-US\",\"potentialAction\":[{\"@type\":\"ReadAction\",\"target\":[\"https:\/\/www.szabadszinhaz.hu\/galeria\/\"]}]},{\"@type\":\"BreadcrumbList\",\"@id\":\"https:\/\/www.szabadszinhaz.hu\/galeria\/#breadcrumb\",\"itemListElement\":[{\"@type\":\"ListItem\",\"position\":1,\"name\":\"Kezd\u0151lap\",\"item\":\"https:\/\/www.szabadszinhaz.hu\/\"},{\"@type\":\"ListItem\",\"position\":2,\"name\":\"Gal\u00e9ria\"}]},{\"@type\":\"WebSite\",\"@id\":\"https:\/\/www.szabadszinhaz.hu\/#website\",\"url\":\"https:\/\/www.szabadszinhaz.hu\/\",\"name\":\"Szabad Sz\u00ednh\u00e1z\",\"description\":\"Szabad Sz\u00ednh\u00e1z\",\"publisher\":{\"@id\":\"https:\/\/www.szabadszinhaz.hu\/#organization\"},\"potentialAction\":[{\"@type\":\"SearchAction\",\"target\":{\"@type\":\"EntryPoint\",\"urlTemplate\":\"https:\/\/www.szabadszinhaz.hu\/?s={search_term_string}\"},\"query-input\":{\"@type\":\"PropertyValueSpecification\",\"valueRequired\":true,\"valueName\":\"search_term_string\"}}],\"inLanguage\":\"en-US\"},{\"@type\":\"Organization\",\"@id\":\"https:\/\/www.szabadszinhaz.hu\/#organization\",\"name\":\"Szabad Sz\u00ednh\u00e1z SZ\u00cdN-T\u00c9R Egyes\u00fclet\",\"url\":\"https:\/\/www.szabadszinhaz.hu\/\",\"logo\":{\"@type\":\"ImageObject\",\"inLanguage\":\"en-US\",\"@id\":\"https:\/\/www.szabadszinhaz.hu\/#\/schema\/logo\/image\/\",\"url\":\"https:\/\/www.szabadszinhaz.hu\/wp-content\/uploads\/2025\/01\/images.jpg\",\"contentUrl\":\"https:\/\/www.szabadszinhaz.hu\/wp-content\/uploads\/2025\/01\/images.jpg\",\"width\":178,\"height\":284,\"caption\":\"Szabad Sz\u00ednh\u00e1z SZ\u00cdN-T\u00c9R Egyes\u00fclet\"},\"image\":{\"@id\":\"https:\/\/www.szabadszinhaz.hu\/#\/schema\/logo\/image\/\"},\"sameAs\":[\"https:\/\/www.facebook.com\/szabadszinhaz\"]}]}<\/script>\n<!-- \/ Yoast SEO plugin. -->","yoast_head_json":{"title":"Gal\u00e9ria - Szabad Sz\u00ednh\u00e1z","robots":{"index":"index","follow":"follow","max-snippet":"max-snippet:-1","max-image-preview":"max-image-preview:large","max-video-preview":"max-video-preview:-1"},"canonical":"https:\/\/www.szabadszinhaz.hu\/en\/galeria\/","og_locale":"en_US","og_type":"article","og_title":"Gal\u00e9ria - Szabad Sz\u00ednh\u00e1z","og_description":"SZABAD SZ\u00cdNH\u00c1Z \u2013 Gal\u00e9riaM\u00e1rai S\u00e1ndor: Az IgaziL\u00e1z\u00e1r Ervin \u2013 Nagy Judit:A CsodapatikaNagy Judit: T\u00f3vir\u00e1gSzab\u00f3 Magda: B\u00e9la Kir\u00e1lySven Norqvist: Pettson Kar\u00e1csonyaL\u00e1z\u00e1r Zs\u00f3fia \u2013 Nagy Judit: T\u00e9li Mese\u00c9l\u0151-K\u00e9pes Kr\u00f3nikaKiss Csaba: Vil\u00e1gtalanokL\u00e1z\u00e1r Ervin [&hellip;]","og_url":"https:\/\/www.szabadszinhaz.hu\/en\/galeria\/","og_site_name":"Szabad Sz\u00ednh\u00e1z","article_publisher":"https:\/\/www.facebook.com\/szabadszinhaz","article_modified_time":"2025-04-09T13:03:37+00:00","twitter_card":"summary_large_image","twitter_misc":{"Est. reading time":"8 minutes"},"schema":{"@context":"https:\/\/schema.org","@graph":[{"@type":"WebPage","@id":"https:\/\/www.szabadszinhaz.hu\/galeria\/","url":"https:\/\/www.szabadszinhaz.hu\/galeria\/","name":"Gal\u00e9ria - Szabad Sz\u00ednh\u00e1z","isPartOf":{"@id":"https:\/\/www.szabadszinhaz.hu\/#website"},"datePublished":"2023-04-03T12:30:16+00:00","dateModified":"2025-04-09T13:03:37+00:00","breadcrumb":{"@id":"https:\/\/www.szabadszinhaz.hu\/galeria\/#breadcrumb"},"inLanguage":"en-US","potentialAction":[{"@type":"ReadAction","target":["https:\/\/www.szabadszinhaz.hu\/galeria\/"]}]},{"@type":"BreadcrumbList","@id":"https:\/\/www.szabadszinhaz.hu\/galeria\/#breadcrumb","itemListElement":[{"@type":"ListItem","position":1,"name":"Kezd\u0151lap","item":"https:\/\/www.szabadszinhaz.hu\/"},{"@type":"ListItem","position":2,"name":"Gal\u00e9ria"}]},{"@type":"WebSite","@id":"https:\/\/www.szabadszinhaz.hu\/#website","url":"https:\/\/www.szabadszinhaz.hu\/","name":"Free Theatre - Szabad Sz\u00ednh\u00e1z","description":"Free Theatre - Szabad Sz\u00ednh\u00e1z","publisher":{"@id":"https:\/\/www.szabadszinhaz.hu\/#organization"},"potentialAction":[{"@type":"SearchAction","target":{"@type":"EntryPoint","urlTemplate":"https:\/\/www.szabadszinhaz.hu\/?s={search_term_string}"},"query-input":{"@type":"PropertyValueSpecification","valueRequired":true,"valueName":"search_term_string"}}],"inLanguage":"en-US"},{"@type":"Organization","@id":"https:\/\/www.szabadszinhaz.hu\/#organization","name":"Szabad Sz\u00ednh\u00e1z SZ\u00cdN-T\u00c9R Egyes\u00fclet","url":"https:\/\/www.szabadszinhaz.hu\/","logo":{"@type":"ImageObject","inLanguage":"en-US","@id":"https:\/\/www.szabadszinhaz.hu\/#\/schema\/logo\/image\/","url":"https:\/\/www.szabadszinhaz.hu\/wp-content\/uploads\/2025\/01\/images.jpg","contentUrl":"https:\/\/www.szabadszinhaz.hu\/wp-content\/uploads\/2025\/01\/images.jpg","width":178,"height":284,"caption":"Szabad Sz\u00ednh\u00e1z SZ\u00cdN-T\u00c9R Egyes\u00fclet"},"image":{"@id":"https:\/\/www.szabadszinhaz.hu\/#\/schema\/logo\/image\/"},"sameAs":["https:\/\/www.facebook.com\/szabadszinhaz"]}]}},"ticketed":false,"_links":{"self":[{"href":"http:\/\/www.szabadszinhaz.hu\/en\/wp-json\/wp\/v2\/pages\/86","targetHints":{"allow":["GET"]}}],"collection":[{"href":"http:\/\/www.szabadszinhaz.hu\/en\/wp-json\/wp\/v2\/pages"}],"about":[{"href":"http:\/\/www.szabadszinhaz.hu\/en\/wp-json\/wp\/v2\/types\/page"}],"author":[{"embeddable":true,"href":"http:\/\/www.szabadszinhaz.hu\/en\/wp-json\/wp\/v2\/users\/2"}],"replies":[{"embeddable":true,"href":"http:\/\/www.szabadszinhaz.hu\/en\/wp-json\/wp\/v2\/comments?post=86"}],"version-history":[{"count":6,"href":"http:\/\/www.szabadszinhaz.hu\/en\/wp-json\/wp\/v2\/pages\/86\/revisions"}],"predecessor-version":[{"id":9331,"href":"http:\/\/www.szabadszinhaz.hu\/en\/wp-json\/wp\/v2\/pages\/86\/revisions\/9331"}],"wp:attachment":[{"href":"http:\/\/www.szabadszinhaz.hu\/en\/wp-json\/wp\/v2\/media?parent=86"}],"curies":[{"name":"wp","href":"https:\/\/api.w.org\/{rel}","templated":true}]}}