{"id":4052,"date":"2022-02-08T19:56:24","date_gmt":"2022-02-08T18:56:24","guid":{"rendered":"http:\/\/www.szabszinhaz.hu\/?page_id=4052"},"modified":"2022-02-08T20:03:13","modified_gmt":"2022-02-08T19:03:13","slug":"az-okor-buvoleteben-eletmod-es-szinhaz-az-okorban-ifjusagi-szakmai-tabor-tavasszal","status":"publish","type":"page","link":"http:\/\/www.szabadszinhaz.hu\/en\/tabor\/az-okor-buvoleteben-eletmod-es-szinhaz-az-okorban-ifjusagi-szakmai-tabor-tavasszal\/","title":{"rendered":"Az \u00d3kor b\u0171v\u00f6let\u00e9ben \u2013 \u00e9letm\u00f3d \u00e9s sz\u00ednh\u00e1z az \u00f3korban , ifj\u00fas\u00e1gi szakmai t\u00e1bor tavasszal"},"content":{"rendered":"<p>[et_pb_section fb_built=&#8221;1&#8243; _builder_version=&#8221;4.14.1&#8243; _module_preset=&#8221;default&#8221; background_color=&#8221;#fff1d0&#8243; global_colors_info=&#8221;{}&#8221;][et_pb_row _builder_version=&#8221;4.14.1&#8243; _module_preset=&#8221;default&#8221; global_colors_info=&#8221;{}&#8221;][et_pb_column type=&#8221;4_4&#8243; _builder_version=&#8221;4.14.1&#8243; _module_preset=&#8221;default&#8221; global_colors_info=&#8221;{}&#8221;][et_pb_text _builder_version=&#8221;4.14.4&#8243; _module_preset=&#8221;default&#8221; text_text_color=&#8221;#000000&#8243; text_font_size=&#8221;28px&#8221; hover_enabled=&#8221;0&#8243; global_colors_info=&#8221;{}&#8221; sticky_enabled=&#8221;0&#8243;]<\/p>\n<p><strong>Az \u00d3kor b\u0171v\u00f6let\u00e9ben \u2013 \u00e9letm\u00f3d \u00e9s sz\u00ednh\u00e1z az \u00f3korban , ifj\u00fas\u00e1gi szakmai t\u00e1bor tavasszal<\/strong><\/p>\n<p>[\/et_pb_text][\/et_pb_column][\/et_pb_row][et_pb_row _builder_version=&#8221;4.14.1&#8243; _module_preset=&#8221;default&#8221; custom_padding=&#8221;3px||0px|||&#8221; global_colors_info=&#8221;{}&#8221; custom_margin=&#8221;|auto|8px|auto||&#8221;][et_pb_column type=&#8221;4_4&#8243; _builder_version=&#8221;4.14.1&#8243; _module_preset=&#8221;default&#8221; global_colors_info=&#8221;{}&#8221;][et_pb_divider color=&#8221;#000000&#8243; divider_weight=&#8221;4px&#8221; _builder_version=&#8221;4.14.1&#8243; _module_preset=&#8221;default&#8221; custom_margin=&#8221;||-58px|||&#8221; global_colors_info=&#8221;{}&#8221;][\/et_pb_divider][\/et_pb_column][\/et_pb_row][et_pb_row _builder_version=&#8221;4.14.1&#8243; _module_preset=&#8221;default&#8221; custom_padding=&#8221;0px|||||&#8221; global_colors_info=&#8221;{}&#8221;][et_pb_column type=&#8221;4_4&#8243; _builder_version=&#8221;4.14.1&#8243; _module_preset=&#8221;default&#8221; global_colors_info=&#8221;{}&#8221;][et_pb_text _builder_version=&#8221;4.14.4&#8243; _module_preset=&#8221;default&#8221; text_text_color=&#8221;#000000&#8243; text_font_size=&#8221;17px&#8221; text_line_height=&#8221;1.6em&#8221; text_orientation=&#8221;center&#8221; custom_padding=&#8221;0px|||||&#8221; hover_enabled=&#8221;0&#8243; global_colors_info=&#8221;{}&#8221; sticky_enabled=&#8221;0&#8243;]<\/p>\n<p style=\"text-align: left;\">Az \u00d3kor b\u0171v\u00f6let\u00e9ben c\u00edm\u0171 szakmai t\u00e1bor egy olyan m\u0171velts\u00e9get fejleszt\u0151, \u00e9s \u00f3kori sz\u00ednh\u00e1zat bemutat\u00f3, k\u00f6zm\u0171vel\u0151d\u00e9si tev\u00e9kenys\u00e9get t\u00e1mogat\u00f3 rendezv\u00e9nysorozat, ahol a fiatalabb gener\u00e1ci\u00f3k sz\u00e1m\u00e1ra is \u2013 involv\u00e1l\u00f3, attrakt\u00edv bevon\u00f3 m\u00f3dszerek seg\u00edts\u00e9g\u00e9vel- \u00e1tadhatjuk az \u00f3kori sz\u00ednh\u00e1z t\u00f6rt\u00e9net\u00e9nek kultur\u00e1lis jelent\u0151s\u00e9g\u00e9nek, az \u00f3kori sz\u00ednj\u00e1tsz\u00e1s hallatlanul \u00e9rdekes m\u00f3dszertan\u00e1nak legfontosabb ism\u00e9rveit. A t\u00e1bor ideje alatt felk\u00e9sz\u00edtj\u00fck a t\u00e1bor r\u00e9sztvev\u0151it egy \u00f3kori sz\u00edndarab el\u0151ad\u00e1s\u00e1ra, valamint az \u00f3kori Floralia Fesztiv\u00e1lon zajl\u00f3 t\u00f6rt\u00e9nelmi interpret\u00e1ci\u00f3s j\u00e1t\u00e9kban val\u00f3 k\u00f6zrem\u0171k\u00f6d\u00e9sre.<\/p>\n<p style=\"text-align: left;\">A foglalkoz\u00e1sokat a Szent istv\u00e1n kir\u00e1ly m\u00fazeum munkat\u00e1rsai, valamint a Szabad Sz\u00ednh\u00e1z t\u00e1rsulat\u00e1nak tagjai tartj\u00e1k, hiszen a t\u00e1rsulat polg\u00e1ri interpret\u00e1ci\u00f3s j\u00e1t\u00e9kokkal is foglalkozik, amelyeket az egykori Pann\u00f3nia ( els\u0151sorban Pannonia Inferior) ter\u00fclet\u00e9n mutatnak be, \u00edgy pl. Gorsium, Alm\u00e1sf\u00fcz\u00edt\u0151, P\u00e9cs, Szombathely). Az attrakci\u00f3k cs\u00e1sz\u00e1rl\u00e1togat\u00e1sokr\u00f3l, hadvez\u00e9ri szeml\u00e9kr\u0151l, \u00f3kori j\u00e1t\u00e9kokr\u00f3l sz\u00f3lnak, \u00e1ldozati szertart\u00e1sokat eleven\u00edtenek meg. Az Gorsium R\u00e9g\u00e9szeti Park programjainak \u00fajra\u00e9led\u00e9s\u00e9vel felmer\u00fclt az ig\u00e9ny arra, hogy a programokba min\u00e9l t\u00f6bb fiatalt vonjunk be a k\u00f6rny\u00e9kbeli \u00e9rdekl\u0151d\u0151k k\u00f6z\u00fcl. Az \u00f3kori sz\u00ednj\u00e1tsz\u00e1s azonban egy k\u00fcl\u00f6nlegesebb felk\u00e9sz\u00fclts\u00e9get k\u00edv\u00e1n, nem besz\u00e9lve az eszk\u00f6zhaszn\u00e1latr\u00f3l, jelmezr\u0151l. Ez\u00e9rt h\u00edvjuk \u00e9letre a Floralia \u00dcnnep el\u0151tt az \u00f3kori sz\u00ednj\u00e1tsz\u00e1s technik\u00e1it bemutat\u00f3 t\u00e1bort, egy eredeti helysz\u00ednen, T\u00e1c- Gorsiumban.<\/p>\n<p style=\"text-align: left;\">A f\u00f3kuszt a r\u00f3mai \u00e9letform\u00e1kra, m\u0171v\u00e9szetekre, sz\u00ednh\u00e1zra, \u00e9s azon bel\u00fcl is sz\u0171kebb pann\u00f3niai k\u00f6rnyezet\u00fcnk jobb megismer\u00e9s\u00e9re \u201e\u00e1ll\u00edtjuk\u201d.<\/p>\n<p style=\"text-align: left;\">Sajt\u00f3anyag:<\/p>\n<p style=\"text-align: left;\">A t\u00e1borban j\u00e1rt a helyi telev\u00edzi\u00f3 is, a k\u00f6vetkez\u0151 helyen tekinthet\u0151 meg a t\u00e1borr\u00f3l k\u00e9sz\u00fclt h\u00edrad\u00f3 anyag:<\/p>\n<p style=\"text-align: left;\"><a href=\"https:\/\/www.facebook.com\/szabadszinhaz\/videos\/1341758932538445\/?fref=ts\" target=\"_blank\" rel=\"noopener\">https:\/\/www.facebook.com\/szabadszinhaz\/videos\/1341758932538445\/?fref=ts<\/a><\/p>\n<p style=\"text-align: left;\">Fej\u00e9r megyei H\u00edrlap:<\/p>\n<p style=\"text-align: left;\"><a href=\"https:\/\/www.feol.hu\/kozelet\/helyi-kozelet\/floralia-gorsium-sajtotajekoztato-2310423\/\" target=\"_blank\" rel=\"noopener\">https:\/\/www.feol.hu\/kozelet\/helyi-kozelet\/floralia-gorsium-sajtotajekoztato-2310423\/<\/a><\/p>\n<p style=\"text-align: left;\"><a href=\"https:\/\/www.feol.hu\/kozelet\/helyi-kozelet\/tavasz-floralia-unnep-gorsium-tac-2319039\/\" target=\"_blank\" rel=\"noopener\">https:\/\/www.feol.hu\/kozelet\/helyi-kozelet\/tavasz-floralia-unnep-gorsium-tac-2319039\/<\/a><\/p>\n<p style=\"text-align: left;\"><a href=\"http:\/\/turizmus.szekesfehervar.hu\/floralia-tavaszkoszonto-gorsiumban\" target=\"_blank\" rel=\"noopener\">http:\/\/turizmus.szekesfehervar.hu\/floralia-tavaszkoszonto-gorsiumban<\/a><\/p>\n<p>[\/et_pb_text][et_pb_video src=&#8221;https:\/\/www.youtube.com\/watch?v=iJuH1kvF4lk&#038;ab_channel=fejeronlinefejreonline&#8221; _builder_version=&#8221;4.14.4&#8243; _module_preset=&#8221;default&#8221; hover_enabled=&#8221;0&#8243; sticky_enabled=&#8221;0&#8243;][\/et_pb_video][et_pb_text _builder_version=&#8221;4.14.4&#8243; _module_preset=&#8221;default&#8221; hover_enabled=&#8221;0&#8243; sticky_enabled=&#8221;0&#8243;]<\/p>\n<p>Orsz\u00e1gos m\u00e9diamegjelen\u00e9s<\/p>\n<p>A t\u00e1bor ideje alatt az MTV is forgatott, amely m\u00e1jus 18-\u00e1n ker\u00fclt ad\u00e1sba. Az \u00f3kori t\u00e1bor k\u00e9pei 00.30-t\u00f3l l\u00e1that\u00f3ak a belinkelt vide\u00f3ban:<\/p>\n<p><a href=\"https:\/\/www.mediaklikk.hu\/video\/itthon-vagy-2018-05-18-i-adas\/\" target=\"_blank\" rel=\"noopener\">https:\/\/www.mediaklikk.hu\/video\/itthon-vagy-2018-05-18-i-adas\/<\/a><\/p>\n<p>Jelentkez\u00e9s az ut\u00e1np\u00f3tl\u00e1s csoportokban szem\u00e9lyesen, illetve: igezo2014@gmail.com<\/p>\n<p>[\/et_pb_text][et_pb_gallery gallery_ids=&#8221;4063,4064,4065,4066,4067,4068,4069,4070,4071,4072,4073,4074,4075,4076,4077,4078,4079,4080,4081,4082,4083,4084,4085,4086,4087,4088,4089,4090,4091,4092&#8243; posts_number=&#8221;20&#8243; show_title_and_caption=&#8221;off&#8221; _builder_version=&#8221;4.14.4&#8243; _module_preset=&#8221;default&#8221; hover_enabled=&#8221;0&#8243; global_colors_info=&#8221;{}&#8221; sticky_enabled=&#8221;0&#8243;][\/et_pb_gallery][\/et_pb_column][\/et_pb_row][\/et_pb_section]<\/p>\n","protected":false},"excerpt":{"rendered":"<p>Az \u00d3kor b\u0171v\u00f6let\u00e9ben \u2013 \u00e9letm\u00f3d \u00e9s sz\u00ednh\u00e1z az \u00f3korban , ifj\u00fas\u00e1gi szakmai t\u00e1bor tavasszalAz \u00d3kor b\u0171v\u00f6let\u00e9ben c\u00edm\u0171 szakmai t\u00e1bor egy olyan m\u0171velts\u00e9get fejleszt\u0151, \u00e9s \u00f3kori sz\u00ednh\u00e1zat bemutat\u00f3, k\u00f6zm\u0171vel\u0151d\u00e9si tev\u00e9kenys\u00e9get t\u00e1mogat\u00f3 [&hellip;]<\/p>\n","protected":false},"author":2,"featured_media":0,"parent":127,"menu_order":0,"comment_status":"closed","ping_status":"closed","template":"","meta":{"_et_pb_use_builder":"on","_et_pb_old_content":"","_et_gb_content_width":"","_price":"","_stock":"","_tribe_ticket_header":"","_tribe_default_ticket_provider":"","_ticket_start_date":"","_ticket_end_date":"","_tribe_ticket_show_description":"","_tribe_ticket_show_not_going":false,"_tribe_ticket_use_global_stock":"","_tribe_ticket_global_stock_level":"","_global_stock_mode":"","_global_stock_cap":"","_tribe_rsvp_for_event":"","_tribe_ticket_going_count":"","_tribe_ticket_not_going_count":"","_tribe_tickets_list":"[]","_tribe_ticket_has_attendee_info_fields":false,"footnotes":"","_tec_slr_enabled":"","_tec_slr_layout":""},"class_list":["post-4052","page","type-page","status-publish","hentry"],"yoast_head":"<!-- This site is optimized with the Yoast SEO plugin v25.0 - https:\/\/yoast.com\/wordpress\/plugins\/seo\/ -->\n<title>Az \u00d3kor b\u0171v\u00f6let\u00e9ben \u2013 \u00e9letm\u00f3d \u00e9s sz\u00ednh\u00e1z az \u00f3korban , ifj\u00fas\u00e1gi szakmai t\u00e1bor tavasszal - Szabad Sz\u00ednh\u00e1z<\/title>\n<meta name=\"robots\" content=\"index, follow, max-snippet:-1, max-image-preview:large, max-video-preview:-1\" \/>\n<link rel=\"canonical\" href=\"https:\/\/www.szabadszinhaz.hu\/en\/tabor\/az-okor-buvoleteben-eletmod-es-szinhaz-az-okorban-ifjusagi-szakmai-tabor-tavasszal\/\" \/>\n<meta property=\"og:locale\" content=\"en_US\" \/>\n<meta property=\"og:type\" content=\"article\" \/>\n<meta property=\"og:title\" content=\"Az \u00d3kor b\u0171v\u00f6let\u00e9ben \u2013 \u00e9letm\u00f3d \u00e9s sz\u00ednh\u00e1z az \u00f3korban , ifj\u00fas\u00e1gi szakmai t\u00e1bor tavasszal - Szabad Sz\u00ednh\u00e1z\" \/>\n<meta property=\"og:description\" content=\"Az \u00d3kor b\u0171v\u00f6let\u00e9ben \u2013 \u00e9letm\u00f3d \u00e9s sz\u00ednh\u00e1z az \u00f3korban , ifj\u00fas\u00e1gi szakmai t\u00e1bor tavasszalAz \u00d3kor b\u0171v\u00f6let\u00e9ben c\u00edm\u0171 szakmai t\u00e1bor egy olyan m\u0171velts\u00e9get fejleszt\u0151, \u00e9s \u00f3kori sz\u00ednh\u00e1zat bemutat\u00f3, k\u00f6zm\u0171vel\u0151d\u00e9si tev\u00e9kenys\u00e9get t\u00e1mogat\u00f3 [&hellip;]\" \/>\n<meta property=\"og:url\" content=\"https:\/\/www.szabadszinhaz.hu\/en\/tabor\/az-okor-buvoleteben-eletmod-es-szinhaz-az-okorban-ifjusagi-szakmai-tabor-tavasszal\/\" \/>\n<meta property=\"og:site_name\" content=\"Szabad Sz\u00ednh\u00e1z\" \/>\n<meta property=\"article:publisher\" content=\"https:\/\/www.facebook.com\/szabadszinhaz\" \/>\n<meta property=\"article:modified_time\" content=\"2022-02-08T19:03:13+00:00\" \/>\n<meta name=\"twitter:card\" content=\"summary_large_image\" \/>\n<meta name=\"twitter:label1\" content=\"Est. reading time\" \/>\n\t<meta name=\"twitter:data1\" content=\"4 minutes\" \/>\n<script type=\"application\/ld+json\" class=\"yoast-schema-graph\">{\"@context\":\"https:\/\/schema.org\",\"@graph\":[{\"@type\":\"WebPage\",\"@id\":\"https:\/\/www.szabadszinhaz.hu\/tabor\/az-okor-buvoleteben-eletmod-es-szinhaz-az-okorban-ifjusagi-szakmai-tabor-tavasszal\/\",\"url\":\"https:\/\/www.szabadszinhaz.hu\/tabor\/az-okor-buvoleteben-eletmod-es-szinhaz-az-okorban-ifjusagi-szakmai-tabor-tavasszal\/\",\"name\":\"Az \u00d3kor b\u0171v\u00f6let\u00e9ben \u2013 \u00e9letm\u00f3d \u00e9s sz\u00ednh\u00e1z az \u00f3korban , ifj\u00fas\u00e1gi szakmai t\u00e1bor tavasszal - Szabad Sz\u00ednh\u00e1z\",\"isPartOf\":{\"@id\":\"https:\/\/www.szabadszinhaz.hu\/#website\"},\"datePublished\":\"2022-02-08T18:56:24+00:00\",\"dateModified\":\"2022-02-08T19:03:13+00:00\",\"breadcrumb\":{\"@id\":\"https:\/\/www.szabadszinhaz.hu\/tabor\/az-okor-buvoleteben-eletmod-es-szinhaz-az-okorban-ifjusagi-szakmai-tabor-tavasszal\/#breadcrumb\"},\"inLanguage\":\"en-US\",\"potentialAction\":[{\"@type\":\"ReadAction\",\"target\":[\"https:\/\/www.szabadszinhaz.hu\/tabor\/az-okor-buvoleteben-eletmod-es-szinhaz-az-okorban-ifjusagi-szakmai-tabor-tavasszal\/\"]}]},{\"@type\":\"BreadcrumbList\",\"@id\":\"https:\/\/www.szabadszinhaz.hu\/tabor\/az-okor-buvoleteben-eletmod-es-szinhaz-az-okorban-ifjusagi-szakmai-tabor-tavasszal\/#breadcrumb\",\"itemListElement\":[{\"@type\":\"ListItem\",\"position\":1,\"name\":\"Kezd\u0151lap\",\"item\":\"https:\/\/www.szabadszinhaz.hu\/\"},{\"@type\":\"ListItem\",\"position\":2,\"name\":\"T\u00e1bor\",\"item\":\"https:\/\/www.szabadszinhaz.hu\/tabor\/\"},{\"@type\":\"ListItem\",\"position\":3,\"name\":\"Az \u00d3kor b\u0171v\u00f6let\u00e9ben \u2013 \u00e9letm\u00f3d \u00e9s sz\u00ednh\u00e1z az \u00f3korban , ifj\u00fas\u00e1gi szakmai t\u00e1bor tavasszal\"}]},{\"@type\":\"WebSite\",\"@id\":\"https:\/\/www.szabadszinhaz.hu\/#website\",\"url\":\"https:\/\/www.szabadszinhaz.hu\/\",\"name\":\"Szabad Sz\u00ednh\u00e1z\",\"description\":\"Szabad Sz\u00ednh\u00e1z\",\"publisher\":{\"@id\":\"https:\/\/www.szabadszinhaz.hu\/#organization\"},\"potentialAction\":[{\"@type\":\"SearchAction\",\"target\":{\"@type\":\"EntryPoint\",\"urlTemplate\":\"https:\/\/www.szabadszinhaz.hu\/?s={search_term_string}\"},\"query-input\":{\"@type\":\"PropertyValueSpecification\",\"valueRequired\":true,\"valueName\":\"search_term_string\"}}],\"inLanguage\":\"en-US\"},{\"@type\":\"Organization\",\"@id\":\"https:\/\/www.szabadszinhaz.hu\/#organization\",\"name\":\"Szabad Sz\u00ednh\u00e1z SZ\u00cdN-T\u00c9R Egyes\u00fclet\",\"url\":\"https:\/\/www.szabadszinhaz.hu\/\",\"logo\":{\"@type\":\"ImageObject\",\"inLanguage\":\"en-US\",\"@id\":\"https:\/\/www.szabadszinhaz.hu\/#\/schema\/logo\/image\/\",\"url\":\"https:\/\/www.szabadszinhaz.hu\/wp-content\/uploads\/2025\/01\/images.jpg\",\"contentUrl\":\"https:\/\/www.szabadszinhaz.hu\/wp-content\/uploads\/2025\/01\/images.jpg\",\"width\":178,\"height\":284,\"caption\":\"Szabad Sz\u00ednh\u00e1z SZ\u00cdN-T\u00c9R Egyes\u00fclet\"},\"image\":{\"@id\":\"https:\/\/www.szabadszinhaz.hu\/#\/schema\/logo\/image\/\"},\"sameAs\":[\"https:\/\/www.facebook.com\/szabadszinhaz\"]}]}<\/script>\n<!-- \/ Yoast SEO plugin. -->","yoast_head_json":{"title":"Az \u00d3kor b\u0171v\u00f6let\u00e9ben \u2013 \u00e9letm\u00f3d \u00e9s sz\u00ednh\u00e1z az \u00f3korban , ifj\u00fas\u00e1gi szakmai t\u00e1bor tavasszal - Szabad Sz\u00ednh\u00e1z","robots":{"index":"index","follow":"follow","max-snippet":"max-snippet:-1","max-image-preview":"max-image-preview:large","max-video-preview":"max-video-preview:-1"},"canonical":"https:\/\/www.szabadszinhaz.hu\/en\/tabor\/az-okor-buvoleteben-eletmod-es-szinhaz-az-okorban-ifjusagi-szakmai-tabor-tavasszal\/","og_locale":"en_US","og_type":"article","og_title":"Az \u00d3kor b\u0171v\u00f6let\u00e9ben \u2013 \u00e9letm\u00f3d \u00e9s sz\u00ednh\u00e1z az \u00f3korban , ifj\u00fas\u00e1gi szakmai t\u00e1bor tavasszal - Szabad Sz\u00ednh\u00e1z","og_description":"Az \u00d3kor b\u0171v\u00f6let\u00e9ben \u2013 \u00e9letm\u00f3d \u00e9s sz\u00ednh\u00e1z az \u00f3korban , ifj\u00fas\u00e1gi szakmai t\u00e1bor tavasszalAz \u00d3kor b\u0171v\u00f6let\u00e9ben c\u00edm\u0171 szakmai t\u00e1bor egy olyan m\u0171velts\u00e9get fejleszt\u0151, \u00e9s \u00f3kori sz\u00ednh\u00e1zat bemutat\u00f3, k\u00f6zm\u0171vel\u0151d\u00e9si tev\u00e9kenys\u00e9get t\u00e1mogat\u00f3 [&hellip;]","og_url":"https:\/\/www.szabadszinhaz.hu\/en\/tabor\/az-okor-buvoleteben-eletmod-es-szinhaz-az-okorban-ifjusagi-szakmai-tabor-tavasszal\/","og_site_name":"Szabad Sz\u00ednh\u00e1z","article_publisher":"https:\/\/www.facebook.com\/szabadszinhaz","article_modified_time":"2022-02-08T19:03:13+00:00","twitter_card":"summary_large_image","twitter_misc":{"Est. reading time":"4 minutes"},"schema":{"@context":"https:\/\/schema.org","@graph":[{"@type":"WebPage","@id":"https:\/\/www.szabadszinhaz.hu\/tabor\/az-okor-buvoleteben-eletmod-es-szinhaz-az-okorban-ifjusagi-szakmai-tabor-tavasszal\/","url":"https:\/\/www.szabadszinhaz.hu\/tabor\/az-okor-buvoleteben-eletmod-es-szinhaz-az-okorban-ifjusagi-szakmai-tabor-tavasszal\/","name":"Az \u00d3kor b\u0171v\u00f6let\u00e9ben \u2013 \u00e9letm\u00f3d \u00e9s sz\u00ednh\u00e1z az \u00f3korban , ifj\u00fas\u00e1gi szakmai t\u00e1bor tavasszal - Szabad Sz\u00ednh\u00e1z","isPartOf":{"@id":"https:\/\/www.szabadszinhaz.hu\/#website"},"datePublished":"2022-02-08T18:56:24+00:00","dateModified":"2022-02-08T19:03:13+00:00","breadcrumb":{"@id":"https:\/\/www.szabadszinhaz.hu\/tabor\/az-okor-buvoleteben-eletmod-es-szinhaz-az-okorban-ifjusagi-szakmai-tabor-tavasszal\/#breadcrumb"},"inLanguage":"en-US","potentialAction":[{"@type":"ReadAction","target":["https:\/\/www.szabadszinhaz.hu\/tabor\/az-okor-buvoleteben-eletmod-es-szinhaz-az-okorban-ifjusagi-szakmai-tabor-tavasszal\/"]}]},{"@type":"BreadcrumbList","@id":"https:\/\/www.szabadszinhaz.hu\/tabor\/az-okor-buvoleteben-eletmod-es-szinhaz-az-okorban-ifjusagi-szakmai-tabor-tavasszal\/#breadcrumb","itemListElement":[{"@type":"ListItem","position":1,"name":"Kezd\u0151lap","item":"https:\/\/www.szabadszinhaz.hu\/"},{"@type":"ListItem","position":2,"name":"T\u00e1bor","item":"https:\/\/www.szabadszinhaz.hu\/tabor\/"},{"@type":"ListItem","position":3,"name":"Az \u00d3kor b\u0171v\u00f6let\u00e9ben \u2013 \u00e9letm\u00f3d \u00e9s sz\u00ednh\u00e1z az \u00f3korban , ifj\u00fas\u00e1gi szakmai t\u00e1bor tavasszal"}]},{"@type":"WebSite","@id":"https:\/\/www.szabadszinhaz.hu\/#website","url":"https:\/\/www.szabadszinhaz.hu\/","name":"Free Theatre - Szabad Sz\u00ednh\u00e1z","description":"Free Theatre - Szabad Sz\u00ednh\u00e1z","publisher":{"@id":"https:\/\/www.szabadszinhaz.hu\/#organization"},"potentialAction":[{"@type":"SearchAction","target":{"@type":"EntryPoint","urlTemplate":"https:\/\/www.szabadszinhaz.hu\/?s={search_term_string}"},"query-input":{"@type":"PropertyValueSpecification","valueRequired":true,"valueName":"search_term_string"}}],"inLanguage":"en-US"},{"@type":"Organization","@id":"https:\/\/www.szabadszinhaz.hu\/#organization","name":"Szabad Sz\u00ednh\u00e1z SZ\u00cdN-T\u00c9R Egyes\u00fclet","url":"https:\/\/www.szabadszinhaz.hu\/","logo":{"@type":"ImageObject","inLanguage":"en-US","@id":"https:\/\/www.szabadszinhaz.hu\/#\/schema\/logo\/image\/","url":"https:\/\/www.szabadszinhaz.hu\/wp-content\/uploads\/2025\/01\/images.jpg","contentUrl":"https:\/\/www.szabadszinhaz.hu\/wp-content\/uploads\/2025\/01\/images.jpg","width":178,"height":284,"caption":"Szabad Sz\u00ednh\u00e1z SZ\u00cdN-T\u00c9R Egyes\u00fclet"},"image":{"@id":"https:\/\/www.szabadszinhaz.hu\/#\/schema\/logo\/image\/"},"sameAs":["https:\/\/www.facebook.com\/szabadszinhaz"]}]}},"ticketed":false,"_links":{"self":[{"href":"http:\/\/www.szabadszinhaz.hu\/en\/wp-json\/wp\/v2\/pages\/4052","targetHints":{"allow":["GET"]}}],"collection":[{"href":"http:\/\/www.szabadszinhaz.hu\/en\/wp-json\/wp\/v2\/pages"}],"about":[{"href":"http:\/\/www.szabadszinhaz.hu\/en\/wp-json\/wp\/v2\/types\/page"}],"author":[{"embeddable":true,"href":"http:\/\/www.szabadszinhaz.hu\/en\/wp-json\/wp\/v2\/users\/2"}],"replies":[{"embeddable":true,"href":"http:\/\/www.szabadszinhaz.hu\/en\/wp-json\/wp\/v2\/comments?post=4052"}],"version-history":[{"count":3,"href":"http:\/\/www.szabadszinhaz.hu\/en\/wp-json\/wp\/v2\/pages\/4052\/revisions"}],"predecessor-version":[{"id":4093,"href":"http:\/\/www.szabadszinhaz.hu\/en\/wp-json\/wp\/v2\/pages\/4052\/revisions\/4093"}],"up":[{"embeddable":true,"href":"http:\/\/www.szabadszinhaz.hu\/en\/wp-json\/wp\/v2\/pages\/127"}],"wp:attachment":[{"href":"http:\/\/www.szabadszinhaz.hu\/en\/wp-json\/wp\/v2\/media?parent=4052"}],"curies":[{"name":"wp","href":"https:\/\/api.w.org\/{rel}","templated":true}]}}