{"id":3998,"date":"2022-02-08T19:44:24","date_gmt":"2022-02-08T18:44:24","guid":{"rendered":"http:\/\/www.szabszinhaz.hu\/?page_id=3998"},"modified":"2022-02-08T20:05:17","modified_gmt":"2022-02-08T19:05:17","slug":"nyari-vandorszinjatszo-tabor","status":"publish","type":"page","link":"http:\/\/www.szabadszinhaz.hu\/en\/tabor\/nyari-vandorszinjatszo-tabor\/","title":{"rendered":"Summer touring theatre camp"},"content":{"rendered":"<p>[et_pb_section fb_built=&#8221;1&#8243; _builder_version=&#8221;4.14.1&#8243; _module_preset=&#8221;default&#8221; background_color=&#8221;#fff1d0&#8243; global_colors_info=&#8221;{}&#8221;][et_pb_row _builder_version=&#8221;4.14.1&#8243; _module_preset=&#8221;default&#8221; global_colors_info=&#8221;{}&#8221;][et_pb_column type=&#8221;4_4&#8243; _builder_version=&#8221;4.14.1&#8243; _module_preset=&#8221;default&#8221; global_colors_info=&#8221;{}&#8221;][et_pb_text _builder_version=&#8221;4.14.4&#8243; _module_preset=&#8221;default&#8221; text_text_color=&#8221;#000000&#8243; text_font_size=&#8221;28px&#8221; global_colors_info=&#8221;{}&#8221;]<\/p>\n<p><strong>Ny\u00e1ri v\u00e1ndorsz\u00ednj\u00e1tsz\u00f3 t\u00e1bor<\/strong><\/p>\n<p>[\/et_pb_text][\/et_pb_column][\/et_pb_row][et_pb_row _builder_version=&#8221;4.14.1&#8243; _module_preset=&#8221;default&#8221; custom_padding=&#8221;3px||0px|||&#8221; global_colors_info=&#8221;{}&#8221;][et_pb_column type=&#8221;4_4&#8243; _builder_version=&#8221;4.14.1&#8243; _module_preset=&#8221;default&#8221; global_colors_info=&#8221;{}&#8221;][et_pb_divider color=&#8221;#000000&#8243; divider_weight=&#8221;4px&#8221; _builder_version=&#8221;4.14.1&#8243; _module_preset=&#8221;default&#8221; custom_margin=&#8221;||-58px|||&#8221; global_colors_info=&#8221;{}&#8221;][\/et_pb_divider][\/et_pb_column][\/et_pb_row][et_pb_row _builder_version=&#8221;4.14.1&#8243; _module_preset=&#8221;default&#8221; custom_padding=&#8221;0px|||||&#8221; global_colors_info=&#8221;{}&#8221;][et_pb_column type=&#8221;4_4&#8243; _builder_version=&#8221;4.14.1&#8243; _module_preset=&#8221;default&#8221; global_colors_info=&#8221;{}&#8221;][et_pb_text _builder_version=&#8221;4.14.4&#8243; _module_preset=&#8221;default&#8221; text_text_color=&#8221;#000000&#8243; text_font_size=&#8221;17px&#8221; text_line_height=&#8221;1.6em&#8221; text_orientation=&#8221;center&#8221; custom_padding=&#8221;8px|||||&#8221; global_colors_info=&#8221;{}&#8221;]<\/p>\n<p style=\"text-align: left;\"><strong>Ny\u00e1ri v\u00e1ndorsz\u00ednj\u00e1tsz\u00f3 t\u00e1bor<\/strong><\/p>\n<p style=\"text-align: left;\">A ny\u00e1ri v\u00e1ndorsz\u00ednj\u00e1tsz\u00f3 t\u00e1bor olyan <strong>m\u0171v\u00e9szeti, ismeretterjeszt\u0151 \u00e9s k\u00f6rnyezeti kult\u00fara-fejleszt\u0151 szakmai t\u00e1bor<\/strong>, ahol a fiatalabb gener\u00e1ci\u00f3k sz\u00e1m\u00e1ra is \u2013 <strong>involv\u00e1l\u00f3, attrakt\u00edv m\u00f3dszerek seg\u00edts\u00e9g\u00e9vel<\/strong>\u2013 \u00e1tadhatjuk a term\u00e9szeti- \u00e9s kultur\u00e1lis k\u00f6rnyezeti \u00e9rt\u00e9kek meg\u0151rz\u00e9s\u00e9nek mahleri \u00e9rtelemben vett \u00e9rtelm\u00e9t, \u00e9s kult\u00far\u00e1j\u00e1t. ( \u201eA hagyom\u00e1ny\u0151rz\u00e9s nem a hamvak \u0151rz\u00e9se, hanem a t\u0171z tov\u00e1bbad\u00e1sa.\u201d). Hissz\u00fck, hogy ma a v\u00e1rosk\u00f6z\u00f6ss\u00e9gek \u00e9p\u00edt\u00e9s\u00e9nek alapja lakoss\u00e1g identit\u00e1sform\u00e1l\u00e1s\u00e1val \u00e9s k\u00f6z\u00f6ss\u00e9gfejleszt\u00e9s\u00e9n\u00e9l kezd\u0151dik. A k\u00f6z\u00f6ss\u00e9gfejleszt\u00e9s t\u00e1rsadalmi funkci\u00f3ja kett\u0151s: felszabad\u00edtja az emberek alkalmazkod\u00e1si k\u00e9pess\u00e9geit \u00e9s seg\u00edt nekik abban, hogy jav\u00edts\u00e1k, t\u00f6k\u00e9letes\u00edts\u00e9k, v\u00e1ltoztass\u00e1k k\u00f6rnyezet\u00fcket. Ez soha nem \u00e9rhet\u0151 el teljesen, mivel mind az emberek, mind a k\u00f6rnyezet v\u00e1ltozik, \u00e9s minden egyes v\u00e1ltoz\u00e1s tov\u00e1bbi alkalmazkod\u00e1st k\u00f6vetel az embert\u0151l. (Germain, 1985).<\/p>\n<p style=\"text-align: left;\">A m\u0171v\u00e9szet eszk\u00f6zeivel t\u00f6rt\u00e9n\u0151 k\u00f6z\u00f6ss\u00e9gfejleszt\u00e9s teh\u00e1t felfoghat\u00f3 prevenci\u00f3s munk\u00e1nak is, mert c\u00e9lja a lok\u00e1lis k\u00f6z\u00f6ss\u00e9gek megtart\u00f3 erej\u00e9nek n\u00f6vel\u00e9se is.[1] \u00dagy gondoljuk, Jean Monnet h\u00edress\u00e9 v\u00e1lt mond\u00e1s\u00e1ra, \u00e9s a p\u00e1ly\u00e1zatot ki\u00edr\u00f3 szakmai csoport sz\u00e1nd\u00e9kai szerint \u2013 mi is \u201ea kult\u00far\u00e1val kezdj\u00fck\u201d.<\/p>\n<p style=\"text-align: left;\">Ugyanakkor egy olyan k\u00f6z\u00f6s kultur\u00e1lis gy\u00f6kerekre, \u00e9s tev\u00e9kenys\u00e9gre \u00e9p\u00edt\u0151 programban gondolkodtunk, amelynek elemei ritu\u00e1lis elemekkel b\u00edrnak, az\u00e9rt, mert a r\u00edtusok jellemz\u0151i nagyon hasonl\u00f3ak a k\u00f6z\u00f6ss\u00e9gfejleszt\u00e9si c\u00e9ljainkhoz.<\/p>\n<p style=\"text-align: left;\">A ny\u00e1ri t\u00e1bor, \u00e9s a r\u00e1\u00e9p\u00fcl\u0151 szakmai programok az egyes\u00fcleti keretekben m\u00e1r tev\u00e9kenyked\u0151 fiataljaink, kisskol\u00e1sainak ( \u00e9s k\u00eds\u00e9r\u0151 sz\u00fcleik) sz\u00e1m\u00e1ra szervezett <strong>k\u00fcl\u00f6nleges, a v\u00e1ros t\u00f6rt\u00e9nelmi hagyom\u00e1nyaira \u00e9p\u00edt\u0151 nem form\u00e1lis tud\u00e1s\u00e1tad\u00f3 m\u00f3dszerekkel t\u00f6rt\u00e9n\u0151 \u201ek\u00e9pz\u00e9s\u201d<\/strong>, amelynek eredm\u00e9nyek\u00e9ppen t\u00f6bb fiatal, \u00e9s iskolai k\u00f6r\u00f6kben m\u0171k\u00f6d\u0151 m\u0171v\u00e9szeti csoport bevonhat\u00f3 lesz a megye k\u00fcl\u00f6nb\u00f6z\u0151 telep\u00fcl\u00e9s r\u00e9szeiben zajl\u00f3 szabadt\u00e9ri, hagyom\u00e1ny- \u00fcnnepekhez k\u00f6t\u0151d\u0151 rendezv\u00e9nyebe. ( Pl : Sz\u00fcret, farsang, h\u00fasv\u00e9t, kar\u00e1csonyi \u00fcnnepk\u00f6r, ny\u00e1ri fesztiv\u00e1lok.) Ehhez a munk\u00e1hoz seg\u00edts\u00e9g\u00fcl h\u00edvj\u00fck a r\u00e9g\u00e9szet, a kultur\u00e1lis antropol\u00f3gia, a n\u00e9prajz, sz\u00ednh\u00e1z-\u00e9s zene t\u00f6rt\u00e9net tudom\u00e1ny\u00e1t, valamint a sz\u00ednh\u00e1z \u00e9s zenem\u0171v\u00e9szet korokon \u00e1t\u00edvel\u0151 eszk\u00f6zt\u00e1r\u00e1t.<\/p>\n<p style=\"text-align: left;\">A t\u00e1borok \u00e9vr\u0151l \u00e9vre m\u0171v\u00e9szeti, hagyom\u00e1ny\u0151rz\u0151, t\u00f6rt\u00e9nelmi tematik\u00e1t k\u00f6vetnek, alkalmazkodva a v\u00e1rosi nagyrendezv\u00e9nyek, kultur\u00e1lis, \u00e9s turisztikai tematikus \u00e9vek programjaihoz.<\/p>\n<p style=\"text-align: left;\">Koroszt\u00e1liy aj\u00e1nl\u00e1s : 12 \u00e9ves kor felett.<\/p>\n<p style=\"text-align: left;\">Jelentkez\u00e9s az ut\u00e1np\u00f3tl\u00e1s csoportokban, illetve az igezo2014@gmail.com<\/p>\n<p>[\/et_pb_text][et_pb_gallery gallery_ids=&#8221;4004,4005,4006,4007,4008,4009,4010,4011,4012,4013,4014,4015,4016,4017,4018,4019,4020,4021,4022,4023,4048,4047,4046,4044,4043&#8243; posts_number=&#8221;20&#8243; show_title_and_caption=&#8221;off&#8221; _builder_version=&#8221;4.14.4&#8243; _module_preset=&#8221;default&#8221; global_colors_info=&#8221;{}&#8221;][\/et_pb_gallery][et_pb_text _builder_version=&#8221;4.14.4&#8243; _module_preset=&#8221;default&#8221; global_colors_info=&#8221;{}&#8221;]<\/p>\n<p>[1] <strong>Forr\u00e1s: K\u00f6z\u00f6ss\u00e9gfejleszt\u0151 leck\u00e9k kezd\u0151knek \u00e9s halad\u00f3knak- Parola f\u00fczetek http:\/\/www.kka.hu\/_Kozossegi_Adattar\/Azadatt.nsf\/0a84037251c6a630c1257075002e65aa\/c25665214fdbda8ec1256f1800529729?OpenDocument<\/strong><\/p>\n<p>[\/et_pb_text][\/et_pb_column][\/et_pb_row][\/et_pb_section]<\/p>\n","protected":false},"excerpt":{"rendered":"<p>Ny\u00e1ri v\u00e1ndorsz\u00ednj\u00e1tsz\u00f3 t\u00e1borNy\u00e1ri v\u00e1ndorsz\u00ednj\u00e1tsz\u00f3 t\u00e1bor A ny\u00e1ri v\u00e1ndorsz\u00ednj\u00e1tsz\u00f3 t\u00e1bor olyan m\u0171v\u00e9szeti, ismeretterjeszt\u0151 \u00e9s k\u00f6rnyezeti kult\u00fara-fejleszt\u0151 szakmai t\u00e1bor, ahol a fiatalabb gener\u00e1ci\u00f3k sz\u00e1m\u00e1ra is \u2013 involv\u00e1l\u00f3, attrakt\u00edv m\u00f3dszerek seg\u00edts\u00e9g\u00e9vel\u2013 \u00e1tadhatjuk a [&hellip;]<\/p>\n","protected":false},"author":2,"featured_media":0,"parent":127,"menu_order":0,"comment_status":"closed","ping_status":"closed","template":"","meta":{"_et_pb_use_builder":"on","_et_pb_old_content":"","_et_gb_content_width":"","_price":"","_stock":"","_tribe_ticket_header":"","_tribe_default_ticket_provider":"","_ticket_start_date":"","_ticket_end_date":"","_tribe_ticket_show_description":"","_tribe_ticket_show_not_going":false,"_tribe_ticket_use_global_stock":"","_tribe_ticket_global_stock_level":"","_global_stock_mode":"","_global_stock_cap":"","_tribe_rsvp_for_event":"","_tribe_ticket_going_count":"","_tribe_ticket_not_going_count":"","_tribe_tickets_list":"[]","_tribe_ticket_has_attendee_info_fields":false,"footnotes":"","_tec_slr_enabled":"","_tec_slr_layout":""},"class_list":["post-3998","page","type-page","status-publish","hentry"],"yoast_head":"<!-- This site is optimized with the Yoast SEO plugin v25.0 - https:\/\/yoast.com\/wordpress\/plugins\/seo\/ -->\n<title>Ny\u00e1ri v\u00e1ndorsz\u00ednj\u00e1tsz\u00f3 t\u00e1bor - Szabad Sz\u00ednh\u00e1z<\/title>\n<meta name=\"robots\" content=\"index, follow, max-snippet:-1, max-image-preview:large, max-video-preview:-1\" \/>\n<link rel=\"canonical\" href=\"https:\/\/www.szabadszinhaz.hu\/en\/tabor\/nyari-vandorszinjatszo-tabor\/\" \/>\n<meta property=\"og:locale\" content=\"en_US\" \/>\n<meta property=\"og:type\" content=\"article\" \/>\n<meta property=\"og:title\" content=\"Ny\u00e1ri v\u00e1ndorsz\u00ednj\u00e1tsz\u00f3 t\u00e1bor - Szabad Sz\u00ednh\u00e1z\" \/>\n<meta property=\"og:description\" content=\"Ny\u00e1ri v\u00e1ndorsz\u00ednj\u00e1tsz\u00f3 t\u00e1borNy\u00e1ri v\u00e1ndorsz\u00ednj\u00e1tsz\u00f3 t\u00e1bor A ny\u00e1ri v\u00e1ndorsz\u00ednj\u00e1tsz\u00f3 t\u00e1bor olyan m\u0171v\u00e9szeti, ismeretterjeszt\u0151 \u00e9s k\u00f6rnyezeti kult\u00fara-fejleszt\u0151 szakmai t\u00e1bor, ahol a fiatalabb gener\u00e1ci\u00f3k sz\u00e1m\u00e1ra is \u2013 involv\u00e1l\u00f3, attrakt\u00edv m\u00f3dszerek seg\u00edts\u00e9g\u00e9vel\u2013 \u00e1tadhatjuk a [&hellip;]\" \/>\n<meta property=\"og:url\" content=\"https:\/\/www.szabadszinhaz.hu\/en\/tabor\/nyari-vandorszinjatszo-tabor\/\" \/>\n<meta property=\"og:site_name\" content=\"Szabad Sz\u00ednh\u00e1z\" \/>\n<meta property=\"article:publisher\" content=\"https:\/\/www.facebook.com\/szabadszinhaz\" \/>\n<meta property=\"article:modified_time\" content=\"2022-02-08T19:05:17+00:00\" \/>\n<meta name=\"twitter:card\" content=\"summary_large_image\" \/>\n<meta name=\"twitter:label1\" content=\"Est. reading time\" \/>\n\t<meta name=\"twitter:data1\" content=\"4 minutes\" \/>\n<script type=\"application\/ld+json\" class=\"yoast-schema-graph\">{\"@context\":\"https:\/\/schema.org\",\"@graph\":[{\"@type\":\"WebPage\",\"@id\":\"https:\/\/www.szabadszinhaz.hu\/tabor\/nyari-vandorszinjatszo-tabor\/\",\"url\":\"https:\/\/www.szabadszinhaz.hu\/tabor\/nyari-vandorszinjatszo-tabor\/\",\"name\":\"Ny\u00e1ri v\u00e1ndorsz\u00ednj\u00e1tsz\u00f3 t\u00e1bor - Szabad Sz\u00ednh\u00e1z\",\"isPartOf\":{\"@id\":\"https:\/\/www.szabadszinhaz.hu\/#website\"},\"datePublished\":\"2022-02-08T18:44:24+00:00\",\"dateModified\":\"2022-02-08T19:05:17+00:00\",\"breadcrumb\":{\"@id\":\"https:\/\/www.szabadszinhaz.hu\/tabor\/nyari-vandorszinjatszo-tabor\/#breadcrumb\"},\"inLanguage\":\"en-US\",\"potentialAction\":[{\"@type\":\"ReadAction\",\"target\":[\"https:\/\/www.szabadszinhaz.hu\/tabor\/nyari-vandorszinjatszo-tabor\/\"]}]},{\"@type\":\"BreadcrumbList\",\"@id\":\"https:\/\/www.szabadszinhaz.hu\/tabor\/nyari-vandorszinjatszo-tabor\/#breadcrumb\",\"itemListElement\":[{\"@type\":\"ListItem\",\"position\":1,\"name\":\"Kezd\u0151lap\",\"item\":\"https:\/\/www.szabadszinhaz.hu\/\"},{\"@type\":\"ListItem\",\"position\":2,\"name\":\"T\u00e1bor\",\"item\":\"https:\/\/www.szabadszinhaz.hu\/tabor\/\"},{\"@type\":\"ListItem\",\"position\":3,\"name\":\"Ny\u00e1ri v\u00e1ndorsz\u00ednj\u00e1tsz\u00f3 t\u00e1bor\"}]},{\"@type\":\"WebSite\",\"@id\":\"https:\/\/www.szabadszinhaz.hu\/#website\",\"url\":\"https:\/\/www.szabadszinhaz.hu\/\",\"name\":\"Szabad Sz\u00ednh\u00e1z\",\"description\":\"Szabad Sz\u00ednh\u00e1z\",\"publisher\":{\"@id\":\"https:\/\/www.szabadszinhaz.hu\/#organization\"},\"potentialAction\":[{\"@type\":\"SearchAction\",\"target\":{\"@type\":\"EntryPoint\",\"urlTemplate\":\"https:\/\/www.szabadszinhaz.hu\/?s={search_term_string}\"},\"query-input\":{\"@type\":\"PropertyValueSpecification\",\"valueRequired\":true,\"valueName\":\"search_term_string\"}}],\"inLanguage\":\"en-US\"},{\"@type\":\"Organization\",\"@id\":\"https:\/\/www.szabadszinhaz.hu\/#organization\",\"name\":\"Szabad Sz\u00ednh\u00e1z SZ\u00cdN-T\u00c9R Egyes\u00fclet\",\"url\":\"https:\/\/www.szabadszinhaz.hu\/\",\"logo\":{\"@type\":\"ImageObject\",\"inLanguage\":\"en-US\",\"@id\":\"https:\/\/www.szabadszinhaz.hu\/#\/schema\/logo\/image\/\",\"url\":\"https:\/\/www.szabadszinhaz.hu\/wp-content\/uploads\/2025\/01\/images.jpg\",\"contentUrl\":\"https:\/\/www.szabadszinhaz.hu\/wp-content\/uploads\/2025\/01\/images.jpg\",\"width\":178,\"height\":284,\"caption\":\"Szabad Sz\u00ednh\u00e1z SZ\u00cdN-T\u00c9R Egyes\u00fclet\"},\"image\":{\"@id\":\"https:\/\/www.szabadszinhaz.hu\/#\/schema\/logo\/image\/\"},\"sameAs\":[\"https:\/\/www.facebook.com\/szabadszinhaz\"]}]}<\/script>\n<!-- \/ Yoast SEO plugin. -->","yoast_head_json":{"title":"Ny\u00e1ri v\u00e1ndorsz\u00ednj\u00e1tsz\u00f3 t\u00e1bor - Szabad Sz\u00ednh\u00e1z","robots":{"index":"index","follow":"follow","max-snippet":"max-snippet:-1","max-image-preview":"max-image-preview:large","max-video-preview":"max-video-preview:-1"},"canonical":"https:\/\/www.szabadszinhaz.hu\/en\/tabor\/nyari-vandorszinjatszo-tabor\/","og_locale":"en_US","og_type":"article","og_title":"Ny\u00e1ri v\u00e1ndorsz\u00ednj\u00e1tsz\u00f3 t\u00e1bor - Szabad Sz\u00ednh\u00e1z","og_description":"Ny\u00e1ri v\u00e1ndorsz\u00ednj\u00e1tsz\u00f3 t\u00e1borNy\u00e1ri v\u00e1ndorsz\u00ednj\u00e1tsz\u00f3 t\u00e1bor A ny\u00e1ri v\u00e1ndorsz\u00ednj\u00e1tsz\u00f3 t\u00e1bor olyan m\u0171v\u00e9szeti, ismeretterjeszt\u0151 \u00e9s k\u00f6rnyezeti kult\u00fara-fejleszt\u0151 szakmai t\u00e1bor, ahol a fiatalabb gener\u00e1ci\u00f3k sz\u00e1m\u00e1ra is \u2013 involv\u00e1l\u00f3, attrakt\u00edv m\u00f3dszerek seg\u00edts\u00e9g\u00e9vel\u2013 \u00e1tadhatjuk a [&hellip;]","og_url":"https:\/\/www.szabadszinhaz.hu\/en\/tabor\/nyari-vandorszinjatszo-tabor\/","og_site_name":"Szabad Sz\u00ednh\u00e1z","article_publisher":"https:\/\/www.facebook.com\/szabadszinhaz","article_modified_time":"2022-02-08T19:05:17+00:00","twitter_card":"summary_large_image","twitter_misc":{"Est. reading time":"4 minutes"},"schema":{"@context":"https:\/\/schema.org","@graph":[{"@type":"WebPage","@id":"https:\/\/www.szabadszinhaz.hu\/tabor\/nyari-vandorszinjatszo-tabor\/","url":"https:\/\/www.szabadszinhaz.hu\/tabor\/nyari-vandorszinjatszo-tabor\/","name":"Ny\u00e1ri v\u00e1ndorsz\u00ednj\u00e1tsz\u00f3 t\u00e1bor - Szabad Sz\u00ednh\u00e1z","isPartOf":{"@id":"https:\/\/www.szabadszinhaz.hu\/#website"},"datePublished":"2022-02-08T18:44:24+00:00","dateModified":"2022-02-08T19:05:17+00:00","breadcrumb":{"@id":"https:\/\/www.szabadszinhaz.hu\/tabor\/nyari-vandorszinjatszo-tabor\/#breadcrumb"},"inLanguage":"en-US","potentialAction":[{"@type":"ReadAction","target":["https:\/\/www.szabadszinhaz.hu\/tabor\/nyari-vandorszinjatszo-tabor\/"]}]},{"@type":"BreadcrumbList","@id":"https:\/\/www.szabadszinhaz.hu\/tabor\/nyari-vandorszinjatszo-tabor\/#breadcrumb","itemListElement":[{"@type":"ListItem","position":1,"name":"Kezd\u0151lap","item":"https:\/\/www.szabadszinhaz.hu\/"},{"@type":"ListItem","position":2,"name":"T\u00e1bor","item":"https:\/\/www.szabadszinhaz.hu\/tabor\/"},{"@type":"ListItem","position":3,"name":"Ny\u00e1ri v\u00e1ndorsz\u00ednj\u00e1tsz\u00f3 t\u00e1bor"}]},{"@type":"WebSite","@id":"https:\/\/www.szabadszinhaz.hu\/#website","url":"https:\/\/www.szabadszinhaz.hu\/","name":"Free Theatre - Szabad Sz\u00ednh\u00e1z","description":"Free Theatre - Szabad Sz\u00ednh\u00e1z","publisher":{"@id":"https:\/\/www.szabadszinhaz.hu\/#organization"},"potentialAction":[{"@type":"SearchAction","target":{"@type":"EntryPoint","urlTemplate":"https:\/\/www.szabadszinhaz.hu\/?s={search_term_string}"},"query-input":{"@type":"PropertyValueSpecification","valueRequired":true,"valueName":"search_term_string"}}],"inLanguage":"en-US"},{"@type":"Organization","@id":"https:\/\/www.szabadszinhaz.hu\/#organization","name":"Szabad Sz\u00ednh\u00e1z SZ\u00cdN-T\u00c9R Egyes\u00fclet","url":"https:\/\/www.szabadszinhaz.hu\/","logo":{"@type":"ImageObject","inLanguage":"en-US","@id":"https:\/\/www.szabadszinhaz.hu\/#\/schema\/logo\/image\/","url":"https:\/\/www.szabadszinhaz.hu\/wp-content\/uploads\/2025\/01\/images.jpg","contentUrl":"https:\/\/www.szabadszinhaz.hu\/wp-content\/uploads\/2025\/01\/images.jpg","width":178,"height":284,"caption":"Szabad Sz\u00ednh\u00e1z SZ\u00cdN-T\u00c9R Egyes\u00fclet"},"image":{"@id":"https:\/\/www.szabadszinhaz.hu\/#\/schema\/logo\/image\/"},"sameAs":["https:\/\/www.facebook.com\/szabadszinhaz"]}]}},"ticketed":false,"_links":{"self":[{"href":"http:\/\/www.szabadszinhaz.hu\/en\/wp-json\/wp\/v2\/pages\/3998","targetHints":{"allow":["GET"]}}],"collection":[{"href":"http:\/\/www.szabadszinhaz.hu\/en\/wp-json\/wp\/v2\/pages"}],"about":[{"href":"http:\/\/www.szabadszinhaz.hu\/en\/wp-json\/wp\/v2\/types\/page"}],"author":[{"embeddable":true,"href":"http:\/\/www.szabadszinhaz.hu\/en\/wp-json\/wp\/v2\/users\/2"}],"replies":[{"embeddable":true,"href":"http:\/\/www.szabadszinhaz.hu\/en\/wp-json\/wp\/v2\/comments?post=3998"}],"version-history":[{"count":5,"href":"http:\/\/www.szabadszinhaz.hu\/en\/wp-json\/wp\/v2\/pages\/3998\/revisions"}],"predecessor-version":[{"id":4095,"href":"http:\/\/www.szabadszinhaz.hu\/en\/wp-json\/wp\/v2\/pages\/3998\/revisions\/4095"}],"up":[{"embeddable":true,"href":"http:\/\/www.szabadszinhaz.hu\/en\/wp-json\/wp\/v2\/pages\/127"}],"wp:attachment":[{"href":"http:\/\/www.szabadszinhaz.hu\/en\/wp-json\/wp\/v2\/media?parent=3998"}],"curies":[{"name":"wp","href":"https:\/\/api.w.org\/{rel}","templated":true}]}}