{"id":127,"date":"2024-09-29T12:08:21","date_gmt":"2024-09-29T10:08:21","guid":{"rendered":"http:\/\/www.szabszinhaz.hu\/?page_id=127"},"modified":"2025-04-07T13:20:11","modified_gmt":"2025-04-07T11:20:11","slug":"tabor","status":"publish","type":"page","link":"http:\/\/www.szabadszinhaz.hu\/en\/tabor\/","title":{"rendered":"Summer Touring Drama Camp"},"content":{"rendered":"<p>[et_pb_section fb_built=&#8221;1&#8243; _builder_version=&#8221;4.16&#8243; _module_preset=&#8221;default&#8221; background_color=&#8221;#fff1d0&#8243; global_colors_info=&#8221;{}&#8221;][et_pb_row _builder_version=&#8221;4.16&#8243; _module_preset=&#8221;default&#8221; global_colors_info=&#8221;{}&#8221;][et_pb_column type=&#8221;4_4&#8243; _builder_version=&#8221;4.16&#8243; _module_preset=&#8221;default&#8221; global_colors_info=&#8221;{}&#8221;][et_pb_text _builder_version=&#8221;4.27.4&#8243; _module_preset=&#8221;default&#8221; text_text_color=&#8221;#000000&#8243; text_font_size=&#8221;31px&#8221; hover_enabled=&#8221;0&#8243; global_colors_info=&#8221;{}&#8221; sticky_enabled=&#8221;0&#8243;]<\/p>\n<p style=\"text-align: left;\"><strong>EGYES\u00dcLET T\u00e1bor<\/strong><\/p>\n<p>&nbsp;<\/p>\n<p><a href=\"https:\/\/www.facebook.com\/media\/set\/?set=a.951205050370171&amp;type=3\">Ag\u00e1rd t\u00e1bor 2024<\/a><\/p>\n<h5>Szakmai t\u00e1borok 2024-ben:<br \/>Tavaszi bentlak\u00e1sos \u00d3kor- antik sz\u00ednh\u00e1z t\u00e1bor 2024. m\u00e1jus 2-4.<br \/>Ny\u00e1ri bentlak\u00e1sos szakmai t\u00e1bor 2024. j\u00fanius\u00e1ban NKA t\u00e1mogat\u00e1s\u00e1nak seg\u00edts\u00e9g\u00e9vel val\u00f3sult meg. A szakmai t\u00e1bor h\u00e1rom csoportban Ag\u00e1rdon zajlott, Kov\u00e1cs Gerg\u0151, Kerekes \u00c1ron \u00e9s Nagy Judit vezet\u00e9s\u00e9vel. A t\u00e1borban az improviz\u00e1ci\u00f3s sz\u00ednh\u00e1z elemeivel ismerkedtek a fiatalok.<br \/>K\u00e9t csoport az \u0151szi \u00e9vadban k\u00e9sz\u00fcl\u0151 el\u0151ad\u00e1s el\u0151tanulm\u00e1nyait v\u00e9gezte, illetve m\u0171helybemutat\u00f3t, majd k\u00e9s\u0151bb m\u00e9g j\u00fanius val\u00f3di premiert is tartott.<br \/>Az augusztusi k\u00f6z\u00e9pkori j\u00e1t\u00e9kokat tan\u00edt\u00f3 t\u00e1bor az ad\u00f3 1%-os t\u00e1mogat\u00e1si forr\u00e1sb\u00f3l val\u00f3sult meg, Sz\u00e9kesfeh\u00e9rv\u00e1ron.<\/h5>\n<p>&nbsp;<\/p>\n<p style=\"text-align: left;\"><a href=\"https:\/\/www.facebook.com\/media\/set\/?set=a.749349017222443&amp;type=3\">Sz\u00edn\u00e9sz t\u00e1bor 2023<\/a><\/p>\n<p style=\"text-align: left;\"><a href=\"https:\/\/www.facebook.com\/media\/set\/?set=a.636133601877319&amp;type=3\">Prikulics t\u00e1bor 2023.<\/a><\/p>\n<p style=\"text-align: left;\"><a href=\"https:\/\/www.facebook.com\/media\/set\/?set=a.636133601877319&amp;type=3\">\u00a0 \u00a0 \u00a0 \u00a0 \u00a0 Ag\u00e1rd<\/a><\/p>\n<p style=\"text-align: left;\"><a href=\"https:\/\/www.facebook.com\/media\/set\/?set=a.5115485971832370&amp;type=3\">Sz\u00edn\u00e9sz t\u00e1bor 2022.<\/a><\/p>\n<p><a href=\"https:\/\/www.facebook.com\/media\/set\/?set=a.5115485971832370&amp;type=3\">\u00a0 \u00a0 \u00a0 \u00a0 Velence<\/a><\/p>\n<p>[\/et_pb_text][\/et_pb_column][\/et_pb_row][et_pb_row _builder_version=&#8221;4.16&#8243; _module_preset=&#8221;default&#8221; custom_padding=&#8221;3px|||||&#8221; global_colors_info=&#8221;{}&#8221;][et_pb_column type=&#8221;4_4&#8243; _builder_version=&#8221;4.16&#8243; _module_preset=&#8221;default&#8221; global_colors_info=&#8221;{}&#8221;][et_pb_divider color=&#8221;#000000&#8243; divider_weight=&#8221;4px&#8221; _builder_version=&#8221;4.16&#8243; _module_preset=&#8221;default&#8221; custom_margin=&#8221;||-18px|||&#8221; custom_padding=&#8221;||14px|||&#8221; global_colors_info=&#8221;{}&#8221;][\/et_pb_divider][\/et_pb_column][\/et_pb_row][et_pb_row column_structure=&#8221;1_2,1_2&#8243; _builder_version=&#8221;4.16&#8243; _module_preset=&#8221;default&#8221; global_colors_info=&#8221;{}&#8221;][et_pb_column type=&#8221;1_2&#8243; _builder_version=&#8221;4.16&#8243; _module_preset=&#8221;default&#8221; global_colors_info=&#8221;{}&#8221;][et_pb_blurb url=&#8221;\/tabor\/nyari-vandorszinjatszo-tabor\/&#8221; image=&#8221;http:\/\/www.szabszinhaz.hu\/wp-content\/uploads\/2022\/02\/36346007_911504778973805_2679222237290037248_n.jpg&#8221; _builder_version=&#8221;4.27.4&#8243; _module_preset=&#8221;default&#8221; body_text_color=&#8221;#000000&#8243; body_font_size=&#8221;24px&#8221; global_colors_info=&#8221;{}&#8221;]<\/p>\n<p style=\"text-align: center;\"><strong>Ny\u00e1ri v\u00e1ndorsz\u00ednj\u00e1tsz\u00f3 t\u00e1bor<\/strong><\/p>\n<p>[\/et_pb_blurb][\/et_pb_column][et_pb_column type=&#8221;1_2&#8243; _builder_version=&#8221;4.16&#8243; _module_preset=&#8221;default&#8221; global_colors_info=&#8221;{}&#8221;][et_pb_blurb url=&#8221;\/tabor\/az-okor-buvoleteben-eletmod-es-szinhaz-az-okorban-ifjusagi-szakmai-tabor-tavasszal\/&#8221; image=&#8221;http:\/\/www.szabszinhaz.hu\/wp-content\/uploads\/2022\/02\/img_6932.jpg&#8221; _builder_version=&#8221;4.16&#8243; _module_preset=&#8221;default&#8221; body_text_color=&#8221;#000000&#8243; body_font_size=&#8221;24px&#8221; global_colors_info=&#8221;{}&#8221;]<\/p>\n<p style=\"text-align: center;\"><strong>Az \u00d3kor b\u0171v\u00f6let\u00e9ben<\/strong><\/p>\n<p>[\/et_pb_blurb][\/et_pb_column][\/et_pb_row][\/et_pb_section]<\/p>\n","protected":false},"excerpt":{"rendered":"<p>EGYES\u00dcLET T\u00e1bor &nbsp; Ag\u00e1rd t\u00e1bor 2024 Szakmai t\u00e1borok 2024-ben:Tavaszi bentlak\u00e1sos \u00d3kor- antik sz\u00ednh\u00e1z t\u00e1bor 2024. m\u00e1jus 2-4.Ny\u00e1ri bentlak\u00e1sos szakmai t\u00e1bor 2024. j\u00fanius\u00e1ban NKA t\u00e1mogat\u00e1s\u00e1nak seg\u00edts\u00e9g\u00e9vel val\u00f3sult meg. A szakmai t\u00e1bor [&hellip;]<\/p>\n","protected":false},"author":2,"featured_media":0,"parent":0,"menu_order":0,"comment_status":"closed","ping_status":"closed","template":"","meta":{"_et_pb_use_builder":"on","_et_pb_old_content":"","_et_gb_content_width":"","_price":"","_stock":"","_tribe_ticket_header":"","_tribe_default_ticket_provider":"TEC\\Tickets\\Commerce\\Module","_ticket_start_date":"","_ticket_end_date":"","_tribe_ticket_show_description":"","_tribe_ticket_show_not_going":false,"_tribe_ticket_use_global_stock":"","_tribe_ticket_global_stock_level":"","_global_stock_mode":"","_global_stock_cap":"","_tribe_rsvp_for_event":"","_tribe_ticket_going_count":"","_tribe_ticket_not_going_count":"","_tribe_tickets_list":"[]","_tribe_ticket_has_attendee_info_fields":false,"footnotes":"","_tec_slr_enabled":"","_tec_slr_layout":""},"class_list":["post-127","page","type-page","status-publish","hentry"],"yoast_head":"<!-- This site is optimized with the Yoast SEO plugin v25.0 - https:\/\/yoast.com\/wordpress\/plugins\/seo\/ -->\n<title>T\u00e1bor - Szabad Sz\u00ednh\u00e1z<\/title>\n<meta name=\"robots\" content=\"index, follow, max-snippet:-1, max-image-preview:large, max-video-preview:-1\" \/>\n<link rel=\"canonical\" href=\"https:\/\/www.szabadszinhaz.hu\/en\/tabor\/\" \/>\n<meta property=\"og:locale\" content=\"en_US\" \/>\n<meta property=\"og:type\" content=\"article\" \/>\n<meta property=\"og:title\" content=\"T\u00e1bor - Szabad Sz\u00ednh\u00e1z\" \/>\n<meta property=\"og:description\" content=\"EGYES\u00dcLET T\u00e1bor &nbsp; Ag\u00e1rd t\u00e1bor 2024 Szakmai t\u00e1borok 2024-ben:Tavaszi bentlak\u00e1sos \u00d3kor- antik sz\u00ednh\u00e1z t\u00e1bor 2024. m\u00e1jus 2-4.Ny\u00e1ri bentlak\u00e1sos szakmai t\u00e1bor 2024. j\u00fanius\u00e1ban NKA t\u00e1mogat\u00e1s\u00e1nak seg\u00edts\u00e9g\u00e9vel val\u00f3sult meg. A szakmai t\u00e1bor [&hellip;]\" \/>\n<meta property=\"og:url\" content=\"https:\/\/www.szabadszinhaz.hu\/en\/tabor\/\" \/>\n<meta property=\"og:site_name\" content=\"Szabad Sz\u00ednh\u00e1z\" \/>\n<meta property=\"article:publisher\" content=\"https:\/\/www.facebook.com\/szabadszinhaz\" \/>\n<meta property=\"article:modified_time\" content=\"2025-04-07T11:20:11+00:00\" \/>\n<meta name=\"twitter:card\" content=\"summary_large_image\" \/>\n<meta name=\"twitter:label1\" content=\"Est. reading time\" \/>\n\t<meta name=\"twitter:data1\" content=\"1 minute\" \/>\n<script type=\"application\/ld+json\" class=\"yoast-schema-graph\">{\"@context\":\"https:\/\/schema.org\",\"@graph\":[{\"@type\":\"WebPage\",\"@id\":\"https:\/\/www.szabadszinhaz.hu\/tabor\/\",\"url\":\"https:\/\/www.szabadszinhaz.hu\/tabor\/\",\"name\":\"T\u00e1bor - Szabad Sz\u00ednh\u00e1z\",\"isPartOf\":{\"@id\":\"https:\/\/www.szabadszinhaz.hu\/#website\"},\"datePublished\":\"2024-09-29T10:08:21+00:00\",\"dateModified\":\"2025-04-07T11:20:11+00:00\",\"breadcrumb\":{\"@id\":\"https:\/\/www.szabadszinhaz.hu\/tabor\/#breadcrumb\"},\"inLanguage\":\"en-US\",\"potentialAction\":[{\"@type\":\"ReadAction\",\"target\":[\"https:\/\/www.szabadszinhaz.hu\/tabor\/\"]}]},{\"@type\":\"BreadcrumbList\",\"@id\":\"https:\/\/www.szabadszinhaz.hu\/tabor\/#breadcrumb\",\"itemListElement\":[{\"@type\":\"ListItem\",\"position\":1,\"name\":\"Kezd\u0151lap\",\"item\":\"https:\/\/www.szabadszinhaz.hu\/\"},{\"@type\":\"ListItem\",\"position\":2,\"name\":\"T\u00e1bor\"}]},{\"@type\":\"WebSite\",\"@id\":\"https:\/\/www.szabadszinhaz.hu\/#website\",\"url\":\"https:\/\/www.szabadszinhaz.hu\/\",\"name\":\"Szabad Sz\u00ednh\u00e1z\",\"description\":\"Szabad Sz\u00ednh\u00e1z\",\"publisher\":{\"@id\":\"https:\/\/www.szabadszinhaz.hu\/#organization\"},\"potentialAction\":[{\"@type\":\"SearchAction\",\"target\":{\"@type\":\"EntryPoint\",\"urlTemplate\":\"https:\/\/www.szabadszinhaz.hu\/?s={search_term_string}\"},\"query-input\":{\"@type\":\"PropertyValueSpecification\",\"valueRequired\":true,\"valueName\":\"search_term_string\"}}],\"inLanguage\":\"en-US\"},{\"@type\":\"Organization\",\"@id\":\"https:\/\/www.szabadszinhaz.hu\/#organization\",\"name\":\"Szabad Sz\u00ednh\u00e1z SZ\u00cdN-T\u00c9R Egyes\u00fclet\",\"url\":\"https:\/\/www.szabadszinhaz.hu\/\",\"logo\":{\"@type\":\"ImageObject\",\"inLanguage\":\"en-US\",\"@id\":\"https:\/\/www.szabadszinhaz.hu\/#\/schema\/logo\/image\/\",\"url\":\"https:\/\/www.szabadszinhaz.hu\/wp-content\/uploads\/2025\/01\/images.jpg\",\"contentUrl\":\"https:\/\/www.szabadszinhaz.hu\/wp-content\/uploads\/2025\/01\/images.jpg\",\"width\":178,\"height\":284,\"caption\":\"Szabad Sz\u00ednh\u00e1z SZ\u00cdN-T\u00c9R Egyes\u00fclet\"},\"image\":{\"@id\":\"https:\/\/www.szabadszinhaz.hu\/#\/schema\/logo\/image\/\"},\"sameAs\":[\"https:\/\/www.facebook.com\/szabadszinhaz\"]}]}<\/script>\n<!-- \/ Yoast SEO plugin. -->","yoast_head_json":{"title":"T\u00e1bor - Szabad Sz\u00ednh\u00e1z","robots":{"index":"index","follow":"follow","max-snippet":"max-snippet:-1","max-image-preview":"max-image-preview:large","max-video-preview":"max-video-preview:-1"},"canonical":"https:\/\/www.szabadszinhaz.hu\/en\/tabor\/","og_locale":"en_US","og_type":"article","og_title":"T\u00e1bor - Szabad Sz\u00ednh\u00e1z","og_description":"EGYES\u00dcLET T\u00e1bor &nbsp; Ag\u00e1rd t\u00e1bor 2024 Szakmai t\u00e1borok 2024-ben:Tavaszi bentlak\u00e1sos \u00d3kor- antik sz\u00ednh\u00e1z t\u00e1bor 2024. m\u00e1jus 2-4.Ny\u00e1ri bentlak\u00e1sos szakmai t\u00e1bor 2024. j\u00fanius\u00e1ban NKA t\u00e1mogat\u00e1s\u00e1nak seg\u00edts\u00e9g\u00e9vel val\u00f3sult meg. A szakmai t\u00e1bor [&hellip;]","og_url":"https:\/\/www.szabadszinhaz.hu\/en\/tabor\/","og_site_name":"Szabad Sz\u00ednh\u00e1z","article_publisher":"https:\/\/www.facebook.com\/szabadszinhaz","article_modified_time":"2025-04-07T11:20:11+00:00","twitter_card":"summary_large_image","twitter_misc":{"Est. reading time":"1 minute"},"schema":{"@context":"https:\/\/schema.org","@graph":[{"@type":"WebPage","@id":"https:\/\/www.szabadszinhaz.hu\/tabor\/","url":"https:\/\/www.szabadszinhaz.hu\/tabor\/","name":"T\u00e1bor - Szabad Sz\u00ednh\u00e1z","isPartOf":{"@id":"https:\/\/www.szabadszinhaz.hu\/#website"},"datePublished":"2024-09-29T10:08:21+00:00","dateModified":"2025-04-07T11:20:11+00:00","breadcrumb":{"@id":"https:\/\/www.szabadszinhaz.hu\/tabor\/#breadcrumb"},"inLanguage":"en-US","potentialAction":[{"@type":"ReadAction","target":["https:\/\/www.szabadszinhaz.hu\/tabor\/"]}]},{"@type":"BreadcrumbList","@id":"https:\/\/www.szabadszinhaz.hu\/tabor\/#breadcrumb","itemListElement":[{"@type":"ListItem","position":1,"name":"Kezd\u0151lap","item":"https:\/\/www.szabadszinhaz.hu\/"},{"@type":"ListItem","position":2,"name":"T\u00e1bor"}]},{"@type":"WebSite","@id":"https:\/\/www.szabadszinhaz.hu\/#website","url":"https:\/\/www.szabadszinhaz.hu\/","name":"Free Theatre - Szabad Sz\u00ednh\u00e1z","description":"Free Theatre - Szabad Sz\u00ednh\u00e1z","publisher":{"@id":"https:\/\/www.szabadszinhaz.hu\/#organization"},"potentialAction":[{"@type":"SearchAction","target":{"@type":"EntryPoint","urlTemplate":"https:\/\/www.szabadszinhaz.hu\/?s={search_term_string}"},"query-input":{"@type":"PropertyValueSpecification","valueRequired":true,"valueName":"search_term_string"}}],"inLanguage":"en-US"},{"@type":"Organization","@id":"https:\/\/www.szabadszinhaz.hu\/#organization","name":"Szabad Sz\u00ednh\u00e1z SZ\u00cdN-T\u00c9R Egyes\u00fclet","url":"https:\/\/www.szabadszinhaz.hu\/","logo":{"@type":"ImageObject","inLanguage":"en-US","@id":"https:\/\/www.szabadszinhaz.hu\/#\/schema\/logo\/image\/","url":"https:\/\/www.szabadszinhaz.hu\/wp-content\/uploads\/2025\/01\/images.jpg","contentUrl":"https:\/\/www.szabadszinhaz.hu\/wp-content\/uploads\/2025\/01\/images.jpg","width":178,"height":284,"caption":"Szabad Sz\u00ednh\u00e1z SZ\u00cdN-T\u00c9R Egyes\u00fclet"},"image":{"@id":"https:\/\/www.szabadszinhaz.hu\/#\/schema\/logo\/image\/"},"sameAs":["https:\/\/www.facebook.com\/szabadszinhaz"]}]}},"ticketed":false,"_links":{"self":[{"href":"http:\/\/www.szabadszinhaz.hu\/en\/wp-json\/wp\/v2\/pages\/127","targetHints":{"allow":["GET"]}}],"collection":[{"href":"http:\/\/www.szabadszinhaz.hu\/en\/wp-json\/wp\/v2\/pages"}],"about":[{"href":"http:\/\/www.szabadszinhaz.hu\/en\/wp-json\/wp\/v2\/types\/page"}],"author":[{"embeddable":true,"href":"http:\/\/www.szabadszinhaz.hu\/en\/wp-json\/wp\/v2\/users\/2"}],"replies":[{"embeddable":true,"href":"http:\/\/www.szabadszinhaz.hu\/en\/wp-json\/wp\/v2\/comments?post=127"}],"version-history":[{"count":21,"href":"http:\/\/www.szabadszinhaz.hu\/en\/wp-json\/wp\/v2\/pages\/127\/revisions"}],"predecessor-version":[{"id":9179,"href":"http:\/\/www.szabadszinhaz.hu\/en\/wp-json\/wp\/v2\/pages\/127\/revisions\/9179"}],"wp:attachment":[{"href":"http:\/\/www.szabadszinhaz.hu\/en\/wp-json\/wp\/v2\/media?parent=127"}],"curies":[{"name":"wp","href":"https:\/\/api.w.org\/{rel}","templated":true}]}}